{"id":11099,"date":"2024-07-30T10:48:48","date_gmt":"2024-07-30T10:48:48","guid":{"rendered":"https:\/\/www.deleurope.com\/veranstaltungen\/glueckliche-baby-duschen\/"},"modified":"2025-12-10T11:24:40","modified_gmt":"2025-12-10T11:24:40","slug":"glueckliche-baby-duschen","status":"publish","type":"page","link":"https:\/\/www.deleurope.com\/de\/veranstaltungen\/glueckliche-baby-duschen\/","title":{"rendered":"Gl\u00fcckliche Baby-Duschen"},"content":{"rendered":"\n<p class=\"has-text-align-center rooms-description-white-box has-large-font-size\">Veranstalten Sie Ihre Babyparty in unseren eleganten privaten Veranstaltungsr\u00e4umen, die f\u00fcr intime Zusammenk\u00fcnfte und unvergessliche Momente konzipiert sind. Ganz gleich, ob Sie einen Neuank\u00f6mmling feiern oder den Weg zur Elternschaft w\u00fcrdigen m\u00f6chten, unser Veranstaltungsort bietet das perfekte Ambiente f\u00fcr Ihren besonderen Tag. <\/p>\n\n<div class=\"wp-block-columns text-on-left wrap-2-columns eat-and-drink-cards top-border is-layout-flex wp-container-core-columns-is-layout-9d6595d7 wp-block-columns-is-layout-flex\" id=\"graziella\">\n<div class=\"wp-block-column is-vertically-aligned-center middle-align is-layout-flow wp-block-column-is-layout-flow\" style=\"flex-basis:50%\">\n<h2 class=\"wp-block-heading has-text-align-center has-extra-large-font-size\" style=\"text-transform:capitalize\">Gem\u00fctliche und elegante Athmosph\u00e4re<\/h2>\n\n\n\n<div class=\"wp-block-group\"><div class=\"wp-block-group__inner-container is-layout-constrained wp-block-group-is-layout-constrained\">\n<p class=\"has-text-align-center\">Unsere Veranstaltungsr\u00e4ume f\u00fcr private Events sind so gestaltet, dass sie eine warme und einladende Atmosph\u00e4re bieten, die perfekt f\u00fcr festliche Babypartys ist. Mit geschmackvollem Dekor, bequemen Sitzgelegenheiten und M\u00f6glichkeiten f\u00fcr Speisen und Getr\u00e4nke sorgen wir daf\u00fcr, dass Ihre Veranstaltung sowohl sch\u00f6n als auch pers\u00f6nlich ist. <\/p>\n\n\n\n<div class=\"wp-block-buttons is-horizontal is-content-justification-center is-layout-flex wp-container-core-buttons-is-layout-499968f5 wp-block-buttons-is-layout-flex\">\n<div class=\"wp-block-button is-style-outline is-style-outline--1\"><a class=\"wp-block-button__link has-central-palette-1-color has-text-color has-text-align-center wp-element-button\" href=\"#enquire\" style=\"border-radius:0px;text-transform:uppercase\">Mehr Informationen anfordern<\/a><\/div>\n<\/div>\n<\/div><\/div>\n<\/div>\n\n\n\n<div class=\"wp-block-column slider-wrap padding-left-md is-layout-flow wp-block-column-is-layout-flow\" style=\"flex-basis:50%\">\n<figure class=\"wp-block-image size-large\"><img loading=\"lazy\" decoding=\"async\" width=\"800\" height=\"600\" src=\"https:\/\/www.deleurope.com\/wp-content\/uploads\/2024\/07\/DLE_THUYS_362-LO-RES-NO-PHOTOSHOP-800x600.jpg\" alt=\"\" class=\"wp-image-5339\" style=\"aspect-ratio:4\/3;object-fit:cover\" srcset=\"https:\/\/www.deleurope.com\/wp-content\/uploads\/2024\/07\/DLE_THUYS_362-LO-RES-NO-PHOTOSHOP-800x600.jpg 800w, https:\/\/www.deleurope.com\/wp-content\/uploads\/2024\/07\/DLE_THUYS_362-LO-RES-NO-PHOTOSHOP-400x300.jpg 400w\" sizes=\"auto, (max-width: 800px) 100vw, 800px\" \/><\/figure>\n<\/div>\n<\/div>\n\n<div class=\"wp-block-columns columns_slider_text wrap-2-columns eat-and-drink-cards is-layout-flex wp-container-core-columns-is-layout-9d6595d7 wp-block-columns-is-layout-flex\" id=\"flore\">\n<div class=\"wp-block-column slider-wrap is-layout-flow wp-block-column-is-layout-flow\" style=\"flex-basis:50%\">\n<figure class=\"wp-block-image size-large\"><img loading=\"lazy\" decoding=\"async\" width=\"800\" height=\"600\" src=\"https:\/\/www.deleurope.com\/wp-content\/uploads\/2024\/07\/DLE_THUYS_354-LO-RES-NO-PHOTOSHOP-800x600.jpg\" alt=\"\" class=\"wp-image-5349\" style=\"aspect-ratio:4\/3;object-fit:cover\" srcset=\"https:\/\/www.deleurope.com\/wp-content\/uploads\/2024\/07\/DLE_THUYS_354-LO-RES-NO-PHOTOSHOP-800x600.jpg 800w, https:\/\/www.deleurope.com\/wp-content\/uploads\/2024\/07\/DLE_THUYS_354-LO-RES-NO-PHOTOSHOP-400x300.jpg 400w\" sizes=\"auto, (max-width: 800px) 100vw, 800px\" \/><\/figure>\n<\/div>\n\n\n\n<div class=\"wp-block-column is-vertically-aligned-center middle-align is-layout-flow wp-block-column-is-layout-flow\" style=\"flex-basis:50%\">\n<h2 class=\"wp-block-heading has-text-align-center has-extra-large-font-size\" style=\"text-transform:capitalize\">Personalisierte Erfahrung<\/h2>\n\n\n\n<div class=\"wp-block-group\"><div class=\"wp-block-group__inner-container is-layout-constrained wp-block-group-is-layout-constrained\">\n<p class=\"has-text-align-center\">Unser engagiertes Team steht Ihnen bei der Planung jedes Details zur Seite und sorgt daf\u00fcr, dass Ihre Babyparty so besonders und unvergesslich wird wie der Anlass selbst. Lassen Sie uns Ihnen helfen, ein magisches Erlebnis zu schaffen, das die Freude \u00fcber den Neuanfang ehrt. <\/p>\n\n\n\n<div class=\"wp-block-buttons is-horizontal is-content-justification-center is-layout-flex wp-container-core-buttons-is-layout-499968f5 wp-block-buttons-is-layout-flex\">\n<div class=\"wp-block-button is-style-outline is-style-outline--2\"><a class=\"wp-block-button__link has-central-palette-1-color has-text-color has-text-align-center wp-element-button\" href=\"#enquire\" style=\"border-radius:0px;text-transform:uppercase\">Veranstalten Sie Ihr EVENT<\/a><\/div>\n<\/div>\n<\/div><\/div>\n<\/div>\n<\/div>\n\n<div class=\"wp-block-columns special-request contact-form is-layout-flex wp-container-core-columns-is-layout-9d6595d7 wp-block-columns-is-layout-flex\" id=\"enquire\">\n<div class=\"wp-block-column has-central-palette-11-background-color has-background is-layout-flow wp-block-column-is-layout-flow\">\n<h2 class=\"wp-block-heading has-text-align-center has-extra-large-font-size\">Erkundigen Sie sich unter<\/h2>\n\n\n\n<p class=\"has-text-align-center\">Haben Sie bestimmte W\u00fcnsche oder sind Sie daran interessiert, unsere Veranstaltungsr\u00e4ume f\u00fcr Ihre Veranstaltung zu reservieren? Sprechen Sie uns an, denn wir lieben Kreativit\u00e4t und ma\u00dfgeschneiderte L\u00f6sungen, die perfekt zu Ihrer Veranstaltung passen. Wir freuen uns darauf, unser Angebot auf Ihre Bed\u00fcrfnisse zuzuschneiden.<br\/><br\/><\/p>\n\n\n\n<div class=\"wp-block-contact-form-7-contact-form-selector\">\n<div class=\"wpcf7 no-js\" id=\"wpcf7-f11070-o1\" lang=\"de-DE\" dir=\"ltr\" data-wpcf7-id=\"11070\">\n<div class=\"screen-reader-response\"><p role=\"status\" aria-live=\"polite\" aria-atomic=\"true\"><\/p> <ul><\/ul><\/div>\n<form action=\"\/de\/wp-json\/wp\/v2\/pages\/11099#wpcf7-f11070-o1\" method=\"post\" class=\"wpcf7-form init\" aria-label=\"Kontaktformular\" novalidate=\"novalidate\" data-status=\"init\">\n<fieldset class=\"hidden-fields-container\"><input type=\"hidden\" name=\"_wpcf7\" value=\"11070\" \/><input type=\"hidden\" name=\"_wpcf7_version\" value=\"6.1.5\" \/><input type=\"hidden\" name=\"_wpcf7_locale\" value=\"de_DE\" \/><input type=\"hidden\" name=\"_wpcf7_unit_tag\" value=\"wpcf7-f11070-o1\" \/><input type=\"hidden\" name=\"_wpcf7_container_post\" value=\"0\" \/><input type=\"hidden\" name=\"_wpcf7_posted_data_hash\" value=\"\" \/>\n<\/fieldset>\n<p><span class=\"wpcf7-form-control-wrap\" data-name=\"firstname\"><input size=\"40\" maxlength=\"400\" class=\"wpcf7-form-control wpcf7-text wpcf7-validates-as-required half\" aria-required=\"true\" aria-invalid=\"false\" placeholder=\"Vorname*\" value=\"\" type=\"text\" name=\"firstname\" \/><\/span><br \/>\n<span class=\"wpcf7-form-control-wrap\" data-name=\"lastname\"><input size=\"40\" maxlength=\"400\" class=\"wpcf7-form-control wpcf7-text wpcf7-validates-as-required half\" aria-required=\"true\" aria-invalid=\"false\" placeholder=\"Nachname*\" value=\"\" type=\"text\" name=\"lastname\" \/><\/span><br \/>\n<span class=\"wpcf7-form-control-wrap\" data-name=\"email\"><input size=\"40\" maxlength=\"400\" class=\"wpcf7-form-control wpcf7-email wpcf7-validates-as-required wpcf7-text wpcf7-validates-as-email half\" aria-required=\"true\" aria-invalid=\"false\" placeholder=\"Email*\" value=\"\" type=\"email\" name=\"email\" \/><\/span><br \/>\n<span class=\"wpcf7-form-control-wrap\" data-name=\"telephone\"><input size=\"40\" maxlength=\"400\" class=\"wpcf7-form-control wpcf7-tel wpcf7-validates-as-required wpcf7-text wpcf7-validates-as-tel half\" aria-required=\"true\" aria-invalid=\"false\" placeholder=\"Telefon*\" value=\"\" type=\"tel\" name=\"telephone\" \/><\/span><br \/>\n<span class=\"wpcf7-form-control-wrap\" data-name=\"company\"><input size=\"40\" maxlength=\"400\" class=\"wpcf7-form-control wpcf7-text wpcf7-validates-as-required half\" aria-required=\"true\" aria-invalid=\"false\" placeholder=\"Company name (optional)\" value=\"\" type=\"text\" name=\"company\" \/><\/span><br \/>\n<span class=\"wpcf7-form-control-wrap\" data-name=\"eventdate\"><input class=\"wpcf7-form-control wpcf7-date wpcf7-validates-as-required wpcf7-validates-as-date half\" aria-required=\"true\" aria-invalid=\"false\" placeholder=\"Bevorzugtes Veranstaltungsdatum*\" value=\"\" type=\"date\" name=\"eventdate\" \/><\/span><br \/>\n<span class=\"wpcf7-form-control-wrap\" data-name=\"eventtype\"><select class=\"wpcf7-form-control wpcf7-select wpcf7-validates-as-required half\" aria-required=\"true\" aria-invalid=\"false\" name=\"eventtype\"><option value=\"\">Veranstaltungstyp*<\/option><option value=\"Besprechung\">Besprechung<\/option><option value=\"Konferenz\">Konferenz<\/option><option value=\"Vorstandssitzung\">Vorstandssitzung<\/option><option value=\"Privates Mittag-\/Abendessen\">Privates Mittag-\/Abendessen<\/option><option value=\"Empfang\">Empfang<\/option><option value=\"Gesellschaftliches Ereignis\">Gesellschaftliches Ereignis<\/option><option value=\"Sonstiges\">Sonstiges<\/option><\/select><\/span><br \/>\n<span class=\"wpcf7-form-control-wrap\" data-name=\"numberofguests\"><select class=\"wpcf7-form-control wpcf7-select wpcf7-validates-as-required half\" aria-required=\"true\" aria-invalid=\"false\" name=\"numberofguests\"><option value=\"Anzahl der G\u00e4ste*\">Anzahl der G\u00e4ste*<\/option><option value=\"0-10\">0-10<\/option><option value=\"11\u201320\">11\u201320<\/option><option value=\"21\u201340\">21\u201340<\/option><option value=\"41\u201380\">41\u201380<\/option><option value=\"80+\">80+<\/option><\/select><\/span><br \/>\n<span class=\"wpcf7-form-control-wrap\" data-name=\"timeslot\"><select class=\"wpcf7-form-control wpcf7-select wpcf7-validates-as-required half\" aria-required=\"true\" aria-invalid=\"false\" name=\"timeslot\"><option value=\"\">Bevorzugtes Zeitfenster*<\/option><option value=\"Morgen\">Morgen<\/option><option value=\"Nachmittag\">Nachmittag<\/option><option value=\"Abend\">Abend<\/option><option value=\"Ganzer Tag\">Ganzer Tag<\/option><\/select><\/span><br \/>\n<span class=\"wpcf7-form-control-wrap\" data-name=\"setup\"><select class=\"wpcf7-form-control wpcf7-select half\" aria-invalid=\"false\" name=\"setup\"><option value=\"\">Raumeinrichtung (optional)<\/option><option value=\"Individuell\">Individuell<\/option><option value=\"Sitzungssaal\">Sitzungssaal<\/option><option value=\"Theater\">Theater<\/option><option value=\"Klassenzimmer\">Klassenzimmer<\/option><option value=\"U-Form\">U-Form<\/option><option value=\"Kabarett\">Kabarett<\/option><option value=\"Stehempfang\">Stehempfang<\/option><\/select><\/span><br \/>\n<span class=\"wpcf7-form-control-wrap\" data-name=\"accommodation\"><select class=\"wpcf7-form-control wpcf7-select half\" aria-invalid=\"false\" name=\"accommodation\"><option value=\"\">Unterkunft erforderlich? (optional)<\/option><option value=\"Ja\">Ja<\/option><option value=\"Nein\">Nein<\/option><option value=\"Noch zu best\u00e4tigen\">Noch zu best\u00e4tigen<\/option><\/select><\/span><br \/>\n<span class=\"wpcf7-form-control-wrap\" data-name=\"message\"><textarea cols=\"40\" rows=\"10\" maxlength=\"2000\" class=\"wpcf7-form-control wpcf7-textarea full\" aria-invalid=\"false\" placeholder=\"Erz\u00e4hlen Sie uns mehr \u00fcber Ihr Meeting oder Event, einschlie\u00dflich bevorzugter Zeiten, Agenda, technischen Anforderungen und weiteren besonderen W\u00fcnschen..\" name=\"message\"><\/textarea><\/span>\n<\/p>\n<p class=\"privacy-contact\">This site is protected by reCAPTCHA and the Google<br \/>\n<a href=\"\/privacy-policy-2\/\">PRIVACY POLICY<\/a> and<br \/>\n<a href=\"\/terms-conditions\/\">TERMS OF SERVICE<\/a> apply.\n<\/p>\n<p><input class=\"wpcf7-form-control wpcf7-submit has-spinner\" type=\"submit\" value=\"Anfrage senden\" \/>\n<\/p><noscript>\n\t\t\t<div class=\"wpcf7-response-output wpcf7-spam-blocked\">Your browser does not support JavaScript!. Please enable javascript in your browser in order to get form work properly.<\/div>\n\t<\/noscript><script type='text\/javascript'>\n\n\t\t\t\t\t\tif(contactform === undefined){\n\t\t\t\t\t\t\tvar contactform = [];\n\t\t\t\t\t\t}\n\t\t\t\t\t\tvar innerVal = [11070,'mail_sent_ok','Vielen Dank f&uuml;r Ihre Nachricht. Sie wurde abgeschickt.'];\n\t\t\t\t\t\tcontactform.push(innerVal);\n\t\t\t\t\t\tvar innerVal = [11070,'mail_sent_ng','Es ist ein Fehler beim Senden Ihrer Nachricht aufgetreten. Bitte versuchen Sie es sp&auml;ter noch einmal.'];\n\t\t\t\t\t\tcontactform.push(innerVal);\n\t\t\t\t\t\tvar innerVal = [11070,'validation_error','Ein oder mehrere Felder weisen einen Fehler auf. Bitte &uuml;berpr&uuml;fen Sie das und versuchen Sie es erneut.'];\n\t\t\t\t\t\tcontactform.push(innerVal);\n\t\t\t\t\t\tvar innerVal = [11070,'spam','Es ist ein Fehler beim Senden Ihrer Nachricht aufgetreten. Bitte versuchen Sie es sp&auml;ter noch einmal.'];\n\t\t\t\t\t\tcontactform.push(innerVal);\n\t\t\t\t\t\tvar innerVal = [11070,'accept_terms','Sie m&uuml;ssen die Bedingungen und Konditionen akzeptieren, bevor Sie Ihre Nachricht senden k&ouml;nnen.'];\n\t\t\t\t\t\tcontactform.push(innerVal);\n\t\t\t\t\t\tvar innerVal = [11070,'invalid_required','Bitte f&uuml;llen Sie dieses Feld aus.'];\n\t\t\t\t\t\tcontactform.push(innerVal);\n\t\t\t\t\t\tvar innerVal = [11070,'invalid_too_long','Dieses Feld hat eine zu lange Eingabe.'];\n\t\t\t\t\t\tcontactform.push(innerVal);\n\t\t\t\t\t\tvar innerVal = [11070,'invalid_too_short','Dieses Feld hat eine zu kurze Eingabe.'];\n\t\t\t\t\t\tcontactform.push(innerVal);\n\t\t\t\t\t\tvar innerVal = [11070,'upload_failed','Es ist ein unbekannter Fehler beim Hochladen der Datei aufgetreten.'];\n\t\t\t\t\t\tcontactform.push(innerVal);\n\t\t\t\t\t\tvar innerVal = [11070,'upload_file_type_invalid','Es ist nicht erlaubt, Dateien dieses Typs hochzuladen.'];\n\t\t\t\t\t\tcontactform.push(innerVal);\n\t\t\t\t\t\tvar innerVal = [11070,'upload_file_too_large','Die hochgeladene Datei ist zu gro&szlig;.'];\n\t\t\t\t\t\tcontactform.push(innerVal);\n\t\t\t\t\t\tvar innerVal = [11070,'upload_failed_php_error','Beim Hochladen der Datei ist ein Fehler aufgetreten.'];\n\t\t\t\t\t\tcontactform.push(innerVal);\n\t\t\t\t\t\tvar innerVal = [11070,'invalid_date','Bitte geben Sie ein Datum im Format JJJJ-MM-TT ein.'];\n\t\t\t\t\t\tcontactform.push(innerVal);\n\t\t\t\t\t\tvar innerVal = [11070,'date_too_early','Dieses Feld hat ein zu fr&uuml;hes Datum.'];\n\t\t\t\t\t\tcontactform.push(innerVal);\n\t\t\t\t\t\tvar innerVal = [11070,'date_too_late','Dieses Feld hat ein zu sp&auml;tes Datum.'];\n\t\t\t\t\t\tcontactform.push(innerVal);\n\t\t\t\t\t\tvar innerVal = [11070,'invalid_number','Bitte geben Sie eine Nummer ein.'];\n\t\t\t\t\t\tcontactform.push(innerVal);\n\t\t\t\t\t\tvar innerVal = [11070,'number_too_small','Dieses Feld hat eine zu kleine Zahl.'];\n\t\t\t\t\t\tcontactform.push(innerVal);\n\t\t\t\t\t\tvar innerVal = [11070,'number_too_large','Dieses Feld hat eine zu gro&szlig;e Zahl.'];\n\t\t\t\t\t\tcontactform.push(innerVal);\n\t\t\t\t\t\tvar innerVal = [11070,'quiz_answer_not_correct','Die Antwort auf das Quiz ist falsch.'];\n\t\t\t\t\t\tcontactform.push(innerVal);\n\t\t\t\t\t\tvar innerVal = [11070,'invalid_email','Bitte geben Sie eine E-Mail Adresse ein.'];\n\t\t\t\t\t\tcontactform.push(innerVal);\n\t\t\t\t\t\tvar innerVal = [11070,'invalid_url','Bitte geben Sie eine URL ein.'];\n\t\t\t\t\t\tcontactform.push(innerVal);\n\t\t\t\t\t\tvar innerVal = [11070,'invalid_tel','Bitte geben Sie eine Telefonnummer ein.'];\n\t\t\t\t\t\tcontactform.push(innerVal);\n\t\t\t\t\t\tvar innerVal = [11070,'gdpr',''];\n\t\t\t\t\t\tcontactform.push(innerVal);\n\t\t\t\t\t\t<\/script><div class=\"wpcf7-response-output\" aria-hidden=\"true\"><\/div>\n<\/form>\n<\/div>\n<\/div>\n<\/div>\n<\/div>\n\n<div class=\"wp-block-columns is-layout-flex wp-container-core-columns-is-layout-9d6595d7 wp-block-columns-is-layout-flex\">\n<div class=\"wp-block-column is-layout-flow wp-block-column-is-layout-flow\"><\/div>\n\n\n\n<div class=\"wp-block-column is-layout-flow wp-block-column-is-layout-flow\"><\/div>\n<\/div>\n","protected":false},"excerpt":{"rendered":"<p>Veranstalten Sie Ihre Babyparty in unseren eleganten privaten Veranstaltungsr\u00e4umen, die f\u00fcr intime Zusammenk\u00fcnfte und unvergessliche Momente konzipiert sind. Ganz gleich, ob Sie einen Neuank\u00f6mmling feiern oder den Weg zur Elternschaft w\u00fcrdigen m\u00f6chten, unser Veranstaltungsort bietet das perfekte Ambiente f\u00fcr Ihren besonderen Tag. Gem\u00fctliche und elegante Athmosph\u00e4re Unsere Veranstaltungsr\u00e4ume f\u00fcr private Events sind so gestaltet, dass [&hellip;]<\/p>\n","protected":false},"author":17,"featured_media":3497,"parent":3496,"menu_order":0,"comment_status":"closed","ping_status":"closed","template":"","meta":{"_acf_changed":false,"footnotes":""},"class_list":["post-11099","page","type-page","status-publish","has-post-thumbnail","hentry"],"acf":[],"yoast_head":"<!-- This site is optimized with the Yoast SEO plugin v27.3 - https:\/\/yoast.com\/product\/yoast-seo-wordpress\/ -->\n<title>Eleganter Veranstaltungsort f\u00fcr die Babyparty in Amsterdam | De L&#039;Europe<\/title>\n<meta name=\"description\" content=\"Feiern Sie Ihre Babyparty in den eleganten privaten Veranstaltungsr\u00e4umen des De L&#039;Europe Amsterdam, die f\u00fcr intime Zusammenk\u00fcnfte konzipiert sind. Fragen Sie noch heute an.\" \/>\n<meta name=\"robots\" content=\"index, follow, max-snippet:-1, max-image-preview:large, max-video-preview:-1\" \/>\n<link rel=\"canonical\" href=\"https:\/\/www.deleurope.com\/de\/veranstaltungen\/glueckliche-baby-duschen\/\" \/>\n<meta property=\"og:locale\" content=\"de_DE\" \/>\n<meta property=\"og:type\" content=\"article\" \/>\n<meta property=\"og:title\" content=\"Eleganter Veranstaltungsort f\u00fcr die Babyparty in Amsterdam | De L&#039;Europe\" \/>\n<meta property=\"og:description\" content=\"Feiern Sie Ihre Babyparty in den eleganten privaten Veranstaltungsr\u00e4umen des De L&#039;Europe Amsterdam, die f\u00fcr intime Zusammenk\u00fcnfte konzipiert sind. Fragen Sie noch heute an.\" \/>\n<meta property=\"og:url\" content=\"https:\/\/www.deleurope.com\/de\/veranstaltungen\/glueckliche-baby-duschen\/\" \/>\n<meta property=\"og:site_name\" content=\"De L&#039;Europe Amsterdam\" \/>\n<meta property=\"article:modified_time\" content=\"2025-12-10T11:24:40+00:00\" \/>\n<meta property=\"og:image\" content=\"https:\/\/www.deleurope.com\/wp-content\/uploads\/2023\/11\/Foyer-events.jpeg\" \/>\n\t<meta property=\"og:image:width\" content=\"1800\" \/>\n\t<meta property=\"og:image:height\" content=\"1200\" \/>\n\t<meta property=\"og:image:type\" content=\"image\/jpeg\" \/>\n<meta name=\"twitter:card\" content=\"summary_large_image\" \/>\n<meta name=\"twitter:label1\" content=\"Gesch\u00e4tzte Lesezeit\" \/>\n\t<meta name=\"twitter:data1\" content=\"1 Minute\" \/>\n<script type=\"application\/ld+json\" class=\"yoast-schema-graph\">{\"@context\":\"https:\\\/\\\/schema.org\",\"@graph\":[{\"@type\":\"WebPage\",\"@id\":\"https:\\\/\\\/www.deleurope.com\\\/de\\\/veranstaltungen\\\/glueckliche-baby-duschen\\\/\",\"url\":\"https:\\\/\\\/www.deleurope.com\\\/de\\\/veranstaltungen\\\/glueckliche-baby-duschen\\\/\",\"name\":\"Eleganter Veranstaltungsort f\u00fcr die Babyparty in Amsterdam | De L'Europe\",\"isPartOf\":{\"@id\":\"https:\\\/\\\/www.deleurope.com\\\/de\\\/#website\"},\"primaryImageOfPage\":{\"@id\":\"https:\\\/\\\/www.deleurope.com\\\/de\\\/veranstaltungen\\\/glueckliche-baby-duschen\\\/#primaryimage\"},\"image\":{\"@id\":\"https:\\\/\\\/www.deleurope.com\\\/de\\\/veranstaltungen\\\/glueckliche-baby-duschen\\\/#primaryimage\"},\"thumbnailUrl\":\"https:\\\/\\\/www.deleurope.com\\\/wp-content\\\/uploads\\\/2023\\\/11\\\/Foyer-events.jpeg\",\"datePublished\":\"2024-07-30T10:48:48+00:00\",\"dateModified\":\"2025-12-10T11:24:40+00:00\",\"description\":\"Feiern Sie Ihre Babyparty in den eleganten privaten Veranstaltungsr\u00e4umen des De L'Europe Amsterdam, die f\u00fcr intime Zusammenk\u00fcnfte konzipiert sind. Fragen Sie noch heute an.\",\"breadcrumb\":{\"@id\":\"https:\\\/\\\/www.deleurope.com\\\/de\\\/veranstaltungen\\\/glueckliche-baby-duschen\\\/#breadcrumb\"},\"inLanguage\":\"de-DE\",\"potentialAction\":[{\"@type\":\"ReadAction\",\"target\":[\"https:\\\/\\\/www.deleurope.com\\\/de\\\/veranstaltungen\\\/glueckliche-baby-duschen\\\/\"]}]},{\"@type\":\"ImageObject\",\"inLanguage\":\"de-DE\",\"@id\":\"https:\\\/\\\/www.deleurope.com\\\/de\\\/veranstaltungen\\\/glueckliche-baby-duschen\\\/#primaryimage\",\"url\":\"https:\\\/\\\/www.deleurope.com\\\/wp-content\\\/uploads\\\/2023\\\/11\\\/Foyer-events.jpeg\",\"contentUrl\":\"https:\\\/\\\/www.deleurope.com\\\/wp-content\\\/uploads\\\/2023\\\/11\\\/Foyer-events.jpeg\",\"width\":1800,\"height\":1200},{\"@type\":\"BreadcrumbList\",\"@id\":\"https:\\\/\\\/www.deleurope.com\\\/de\\\/veranstaltungen\\\/glueckliche-baby-duschen\\\/#breadcrumb\",\"itemListElement\":[{\"@type\":\"ListItem\",\"position\":1,\"name\":\"Home\",\"item\":\"https:\\\/\\\/www.deleurope.com\\\/de\\\/\"},{\"@type\":\"ListItem\",\"position\":2,\"name\":\"Private Veranstaltungsr\u00e4ume\",\"item\":\"https:\\\/\\\/www.deleurope.com\\\/de\\\/veranstaltungen\\\/\"},{\"@type\":\"ListItem\",\"position\":3,\"name\":\"Gl\u00fcckliche Baby-Duschen\"}]},{\"@type\":\"WebSite\",\"@id\":\"https:\\\/\\\/www.deleurope.com\\\/de\\\/#website\",\"url\":\"https:\\\/\\\/www.deleurope.com\\\/de\\\/\",\"name\":\"De L&#039;Europe Amsterdam\",\"description\":\"Home of original Amsterdam luxury.\",\"potentialAction\":[{\"@type\":\"SearchAction\",\"target\":{\"@type\":\"EntryPoint\",\"urlTemplate\":\"https:\\\/\\\/www.deleurope.com\\\/de\\\/?s={search_term_string}\"},\"query-input\":{\"@type\":\"PropertyValueSpecification\",\"valueRequired\":true,\"valueName\":\"search_term_string\"}}],\"inLanguage\":\"de-DE\"}]}<\/script>\n<!-- \/ Yoast SEO plugin. -->","yoast_head_json":{"title":"Eleganter Veranstaltungsort f\u00fcr die Babyparty in Amsterdam | De L'Europe","description":"Feiern Sie Ihre Babyparty in den eleganten privaten Veranstaltungsr\u00e4umen des De L'Europe Amsterdam, die f\u00fcr intime Zusammenk\u00fcnfte konzipiert sind. Fragen Sie noch heute an.","robots":{"index":"index","follow":"follow","max-snippet":"max-snippet:-1","max-image-preview":"max-image-preview:large","max-video-preview":"max-video-preview:-1"},"canonical":"https:\/\/www.deleurope.com\/de\/veranstaltungen\/glueckliche-baby-duschen\/","og_locale":"de_DE","og_type":"article","og_title":"Eleganter Veranstaltungsort f\u00fcr die Babyparty in Amsterdam | De L'Europe","og_description":"Feiern Sie Ihre Babyparty in den eleganten privaten Veranstaltungsr\u00e4umen des De L'Europe Amsterdam, die f\u00fcr intime Zusammenk\u00fcnfte konzipiert sind. Fragen Sie noch heute an.","og_url":"https:\/\/www.deleurope.com\/de\/veranstaltungen\/glueckliche-baby-duschen\/","og_site_name":"De L&#039;Europe Amsterdam","article_modified_time":"2025-12-10T11:24:40+00:00","og_image":[{"width":1800,"height":1200,"url":"https:\/\/www.deleurope.com\/wp-content\/uploads\/2023\/11\/Foyer-events.jpeg","type":"image\/jpeg"}],"twitter_card":"summary_large_image","twitter_misc":{"Gesch\u00e4tzte Lesezeit":"1 Minute"},"schema":{"@context":"https:\/\/schema.org","@graph":[{"@type":"WebPage","@id":"https:\/\/www.deleurope.com\/de\/veranstaltungen\/glueckliche-baby-duschen\/","url":"https:\/\/www.deleurope.com\/de\/veranstaltungen\/glueckliche-baby-duschen\/","name":"Eleganter Veranstaltungsort f\u00fcr die Babyparty in Amsterdam | De L'Europe","isPartOf":{"@id":"https:\/\/www.deleurope.com\/de\/#website"},"primaryImageOfPage":{"@id":"https:\/\/www.deleurope.com\/de\/veranstaltungen\/glueckliche-baby-duschen\/#primaryimage"},"image":{"@id":"https:\/\/www.deleurope.com\/de\/veranstaltungen\/glueckliche-baby-duschen\/#primaryimage"},"thumbnailUrl":"https:\/\/www.deleurope.com\/wp-content\/uploads\/2023\/11\/Foyer-events.jpeg","datePublished":"2024-07-30T10:48:48+00:00","dateModified":"2025-12-10T11:24:40+00:00","description":"Feiern Sie Ihre Babyparty in den eleganten privaten Veranstaltungsr\u00e4umen des De L'Europe Amsterdam, die f\u00fcr intime Zusammenk\u00fcnfte konzipiert sind. Fragen Sie noch heute an.","breadcrumb":{"@id":"https:\/\/www.deleurope.com\/de\/veranstaltungen\/glueckliche-baby-duschen\/#breadcrumb"},"inLanguage":"de-DE","potentialAction":[{"@type":"ReadAction","target":["https:\/\/www.deleurope.com\/de\/veranstaltungen\/glueckliche-baby-duschen\/"]}]},{"@type":"ImageObject","inLanguage":"de-DE","@id":"https:\/\/www.deleurope.com\/de\/veranstaltungen\/glueckliche-baby-duschen\/#primaryimage","url":"https:\/\/www.deleurope.com\/wp-content\/uploads\/2023\/11\/Foyer-events.jpeg","contentUrl":"https:\/\/www.deleurope.com\/wp-content\/uploads\/2023\/11\/Foyer-events.jpeg","width":1800,"height":1200},{"@type":"BreadcrumbList","@id":"https:\/\/www.deleurope.com\/de\/veranstaltungen\/glueckliche-baby-duschen\/#breadcrumb","itemListElement":[{"@type":"ListItem","position":1,"name":"Home","item":"https:\/\/www.deleurope.com\/de\/"},{"@type":"ListItem","position":2,"name":"Private Veranstaltungsr\u00e4ume","item":"https:\/\/www.deleurope.com\/de\/veranstaltungen\/"},{"@type":"ListItem","position":3,"name":"Gl\u00fcckliche Baby-Duschen"}]},{"@type":"WebSite","@id":"https:\/\/www.deleurope.com\/de\/#website","url":"https:\/\/www.deleurope.com\/de\/","name":"De L&#039;Europe Amsterdam","description":"Home of original Amsterdam luxury.","potentialAction":[{"@type":"SearchAction","target":{"@type":"EntryPoint","urlTemplate":"https:\/\/www.deleurope.com\/de\/?s={search_term_string}"},"query-input":{"@type":"PropertyValueSpecification","valueRequired":true,"valueName":"search_term_string"}}],"inLanguage":"de-DE"}]}},"featured_image_src":"https:\/\/www.deleurope.com\/wp-content\/uploads\/2023\/11\/Foyer-events-600x400.jpeg","featured_image_src_square":"https:\/\/www.deleurope.com\/wp-content\/uploads\/2023\/11\/Foyer-events-600x600.jpeg","_links":{"self":[{"href":"https:\/\/www.deleurope.com\/de\/wp-json\/wp\/v2\/pages\/11099","targetHints":{"allow":["GET"]}}],"collection":[{"href":"https:\/\/www.deleurope.com\/de\/wp-json\/wp\/v2\/pages"}],"about":[{"href":"https:\/\/www.deleurope.com\/de\/wp-json\/wp\/v2\/types\/page"}],"author":[{"embeddable":true,"href":"https:\/\/www.deleurope.com\/de\/wp-json\/wp\/v2\/users\/17"}],"replies":[{"embeddable":true,"href":"https:\/\/www.deleurope.com\/de\/wp-json\/wp\/v2\/comments?post=11099"}],"version-history":[{"count":0,"href":"https:\/\/www.deleurope.com\/de\/wp-json\/wp\/v2\/pages\/11099\/revisions"}],"up":[{"embeddable":true,"href":"https:\/\/www.deleurope.com\/de\/wp-json\/wp\/v2\/pages\/3496"}],"wp:featuredmedia":[{"embeddable":true,"href":"https:\/\/www.deleurope.com\/de\/wp-json\/wp\/v2\/media\/3497"}],"wp:attachment":[{"href":"https:\/\/www.deleurope.com\/de\/wp-json\/wp\/v2\/media?parent=11099"}],"curies":[{"name":"wp","href":"https:\/\/api.w.org\/{rel}","templated":true}]}}