{"id":2934,"date":"2024-01-19T16:10:30","date_gmt":"2024-01-19T16:10:30","guid":{"rendered":"https:\/\/deleurope.com\/verbinden-sie-zimmer-suiten\/"},"modified":"2026-01-02T10:56:52","modified_gmt":"2026-01-02T10:56:52","slug":"verbinden-sie-zimmer-suiten","status":"publish","type":"page","link":"https:\/\/www.deleurope.com\/de\/verbinden-sie-zimmer-suiten\/","title":{"rendered":"Suiten mit Verbindung"},"content":{"rendered":"\n<div class=\"wp-block-columns is-layout-flex wp-container-core-columns-is-layout-9d6595d7 wp-block-columns-is-layout-flex\">\n<div class=\"wp-block-column description-and-button is-layout-flow wp-block-column-is-layout-flow\">\n<p class=\"has-text-align-center rooms-description-white-box has-large-font-size\">Verbessern Sie Ihren Aufenthalt mit unseren Zimmern mit Verbindungst\u00fcr, die sorgf\u00e4ltig entworfen wurden, um Zweisamkeit und Komfort zu gew\u00e4hrleisten. Diese Zimmer sind ideal f\u00fcr Familien oder Gruppen, die gemeinsam reisen. Sie sind nah beieinander und bieten dennoch die Privatsph\u00e4re eines separaten Schlafbereichs. Unsere Zimmer mit Verbindungst\u00fcr sind ideal f\u00fcr Reisen mit Kindern oder gr\u00f6\u00dferen Familien und schaffen einen harmonischen Rahmen f\u00fcr gemeinsame Momente und den t\u00e4glichen Komfort.    <\/p>\n\n\n\n<p class=\"has-text-align-center rooms-description-white-box has-large-font-size\">Machen Sie Ihre gemeinsame Reise zu einem unvergesslichen Erlebnis mit unseren sorgf\u00e4ltig gestalteten Zimmern mit Verbindungst\u00fcr.<\/p>\n<\/div>\n<\/div>\n\n<h2 class=\"wp-block-heading has-text-align-center heading-ampersant big-space-bottom-top has-top-border has-padding has-extra-large-font-size\" id=\"rooms\" style=\"text-transform:uppercase\">ZIMMER MIT VERBINDUNGST\u00dcR &amp; SUITEN<\/h2>\n<div class=\"slider-wrapp-all-rows\"><div class=\"all-rows three-per-row wp-block-columns is-layout-flex  wp-block-columns-is-layout-flex\"><div class=\"wp-block-column is-layout-flow wp-block-column-is-layout-flow\"><div class=\"wrapper-1\"><div class=\"image-card\"><img loading=\"lazy\" decoding=\"async\" width=\"520\" height=\"420\" src=\"https:\/\/www.deleurope.com\/wp-content\/uploads\/2025\/12\/Junior-Family-Suite-City-View-De-LEurope-Amstedam-1_1920x1080-520x420.jpg\" class=\"attachment-rooms-cards-3-columns size-rooms-cards-3-columns wp-post-image\" alt=\"\" \/><\/div><h2 class=\"has-text-align-center\">Junior Family Suite - Stadtblick<\/h2><p class=\"measurement\">40 \u2013 50 square meters + 25 \u2013 35 square meters<\/p><\/div><div class=\"wp-block-buttons is-horizontal is-content-justification-center is-layout-flex  wp-block-buttons-is-layout-flex\">\r\n\r\n<div class=\"wp-block-button is-style-fill\" style=\"text-transform:uppercase\"><a class=\"wp-block-button__link has-central-palette-1-color has-text-color wp-element-button\" style=\"border-radius:0px\" href=\"https:\/\/www.deleurope.com\/de\/verbinden-sie-zimmer-suiten\/junior-suite-deluxe-zimmer\/\">Mehr lesen<\/a><\/div>\r\n<div class=\"wp-block-button is-style-outline\" style=\"text-transform:uppercase\"><a class=\"wp-block-button__link has-central-palette-1-color has-text-color has-text-align-center wp-element-button\" href=\"#\/booking\/step-1?room=JSD\" style=\"border-radius:0px\">Verf\u00fcgbarkeit pr\u00fcfen<\/a><\/div>\r\n<\/div><\/div><div class=\"wp-block-column is-layout-flow wp-block-column-is-layout-flow\"><div class=\"wrapper-1\"><div class=\"image-card\"><img loading=\"lazy\" decoding=\"async\" width=\"520\" height=\"420\" src=\"https:\/\/www.deleurope.com\/wp-content\/uploads\/2024\/01\/stay-7-520x420.jpg\" class=\"attachment-rooms-cards-3-columns size-rooms-cards-3-columns wp-post-image\" alt=\"\" \/><\/div><h2 class=\"has-text-align-center\">Junior Familiensuite - Flussblick<\/h2><p class=\"measurement\">40 \u2013 50 square metres + 25 \u2013 35 square metres<\/p><\/div><div class=\"wp-block-buttons is-horizontal is-content-justification-center is-layout-flex  wp-block-buttons-is-layout-flex\">\r\n\r\n<div class=\"wp-block-button is-style-fill\" style=\"text-transform:uppercase\"><a class=\"wp-block-button__link has-central-palette-1-color has-text-color wp-element-button\" style=\"border-radius:0px\" href=\"https:\/\/www.deleurope.com\/de\/verbinden-sie-zimmer-suiten\/junior-suite-with-river-view-deluxe-zimmer\/\">Mehr lesen<\/a><\/div>\r\n<div class=\"wp-block-button is-style-outline\" style=\"text-transform:uppercase\"><a class=\"wp-block-button__link has-central-palette-1-color has-text-color has-text-align-center wp-element-button\" href=\"#\/booking\/step-1?room=JRD\" style=\"border-radius:0px\">Verf\u00fcgbarkeit pr\u00fcfen<\/a><\/div>\r\n<\/div><\/div><div class=\"wp-block-column is-layout-flow wp-block-column-is-layout-flow\"><div class=\"wrapper-1\"><div class=\"image-card\"><img loading=\"lazy\" decoding=\"async\" width=\"520\" height=\"420\" src=\"https:\/\/www.deleurope.com\/wp-content\/uploads\/2024\/01\/Prmium-Deluxe-Room-DeLeurope-Amstedam-1-520x420.jpg\" class=\"attachment-rooms-cards-3-columns size-rooms-cards-3-columns wp-post-image\" alt=\"\" \/><\/div><h2 class=\"has-text-align-center\">Premium Familiensuite - Blick auf die Stadt<\/h2><p class=\"measurement\">40 \u2013 50 square metres + 30 \u2013 40 square metres<\/p><\/div><div class=\"wp-block-buttons is-horizontal is-content-justification-center is-layout-flex  wp-block-buttons-is-layout-flex\">\r\n\r\n<div class=\"wp-block-button is-style-fill\" style=\"text-transform:uppercase\"><a class=\"wp-block-button__link has-central-palette-1-color has-text-color wp-element-button\" style=\"border-radius:0px\" href=\"https:\/\/www.deleurope.com\/de\/verbinden-sie-zimmer-suiten\/junior-suite-premium-deluxe-zimmer\/\">Mehr lesen<\/a><\/div>\r\n<div class=\"wp-block-button is-style-outline\" style=\"text-transform:uppercase\"><a class=\"wp-block-button__link has-central-palette-1-color has-text-color has-text-align-center wp-element-button\" href=\"#\/booking\/step-1?room=JPD\" style=\"border-radius:0px\">Verf\u00fcgbarkeit pr\u00fcfen<\/a><\/div>\r\n<\/div><\/div><div class=\"wp-block-column is-layout-flow wp-block-column-is-layout-flow\"><div class=\"wrapper-1\"><div class=\"image-card\"><img loading=\"lazy\" decoding=\"async\" width=\"520\" height=\"420\" src=\"https:\/\/www.deleurope.com\/wp-content\/uploads\/2024\/01\/Premium-Deluxe-Room-De-LEurope-Amsterdam-520x420.jpg\" class=\"attachment-rooms-cards-3-columns size-rooms-cards-3-columns wp-post-image\" alt=\"\" \/><\/div><h2 class=\"has-text-align-center\">Standard Familiensuite<\/h2><p class=\"measurement\">30 - 40 square metres + 30 - 40 square metres<\/p><\/div><div class=\"wp-block-buttons is-horizontal is-content-justification-center is-layout-flex  wp-block-buttons-is-layout-flex\">\r\n\r\n<div class=\"wp-block-button is-style-fill\" style=\"text-transform:uppercase\"><a class=\"wp-block-button__link has-central-palette-1-color has-text-color wp-element-button\" style=\"border-radius:0px\" href=\"https:\/\/www.deleurope.com\/de\/verbinden-sie-zimmer-suiten\/premium-deluxe-room-premium-deluxe-zimmer\/\">Mehr lesen<\/a><\/div>\r\n<div class=\"wp-block-button is-style-outline\" style=\"text-transform:uppercase\"><a class=\"wp-block-button__link has-central-palette-1-color has-text-color has-text-align-center wp-element-button\" href=\"#\/booking\/step-1?room=PD2\" style=\"border-radius:0px\">Verf\u00fcgbarkeit pr\u00fcfen<\/a><\/div>\r\n<\/div><\/div><div class=\"wp-block-column is-layout-flow wp-block-column-is-layout-flow\"><div class=\"wrapper-1\"><div class=\"image-card\"><img loading=\"lazy\" decoding=\"async\" width=\"520\" height=\"420\" src=\"https:\/\/www.deleurope.com\/wp-content\/uploads\/2024\/01\/Prestige-Suite-De-Leurope-Amsterdam-520x420.jpg\" class=\"attachment-rooms-cards-3-columns size-rooms-cards-3-columns wp-post-image\" alt=\"\" \/><\/div><h2 class=\"has-text-align-center\">Prestige Familie Fluss-Suite<\/h2><p class=\"measurement\">65 \u2013 85 square metres + 40 \u2013 50 square metres<\/p><\/div><div class=\"wp-block-buttons is-horizontal is-content-justification-center is-layout-flex  wp-block-buttons-is-layout-flex\">\r\n\r\n<div class=\"wp-block-button is-style-fill\" style=\"text-transform:uppercase\"><a class=\"wp-block-button__link has-central-palette-1-color has-text-color wp-element-button\" style=\"border-radius:0px\" href=\"https:\/\/www.deleurope.com\/de\/verbinden-sie-zimmer-suiten\/prestige-suite-mit-flussblick-junior-suite-mit-zwei-einzelbetten\/\">Mehr lesen<\/a><\/div>\r\n<div class=\"wp-block-button is-style-outline\" style=\"text-transform:uppercase\"><a class=\"wp-block-button__link has-central-palette-1-color has-text-color has-text-align-center wp-element-button\" href=\"#\/booking\/step-1?room=A2S\" style=\"border-radius:0px\">Verf\u00fcgbarkeit pr\u00fcfen<\/a><\/div>\r\n<\/div><\/div><\/div><\/div>\n\n<div class=\"wp-block-columns header_and_loop_bg has-central-palette-3-background-color has-background is-layout-flex wp-container-core-columns-is-layout-9d6595d7 wp-block-columns-is-layout-flex\">\n<div class=\"wp-block-column is-layout-flow wp-block-column-is-layout-flow\">\n<h2 class=\"wp-block-heading has-text-align-center has-extra-large-font-size\" style=\"text-transform:uppercase\">Die Residenz der k\u00f6niglichen Familie<\/h2>\n\n\n<div class=\"slider-wrapp-all-rows\"><div class=\"all-rows one-per-row wp-block-columns is-layout-flex  wp-block-columns-is-layout-flex\"><div class=\"wp-block-column is-layout-flow wp-block-column-is-layout-flow\"><div class=\"wrapper-1\"><div class=\"image-card\"><img loading=\"lazy\" decoding=\"async\" width=\"1520\" height=\"640\" src=\"https:\/\/www.deleurope.com\/wp-content\/uploads\/2024\/01\/DLE_261121_42192-1520x640.jpg\" class=\"attachment-rooms-cards-1-column size-rooms-cards-1-column wp-post-image\" alt=\"\" \/><\/div><h2 class=\"has-text-align-center\">Die Residenz der k\u00f6niglichen Familie<\/h2><p class=\"measurement\">+\/- 220 square meters<\/p><div class=\"content\">\n<p class=\"has-text-align-center rooms-description-white-box has-large-font-size\">Unsere exklusivste und gro\u00dfz\u00fcgigste Unterkunft mit mehreren Zimmern, die Royal Family Residence, bietet ein au\u00dfergew\u00f6hnliches Gef\u00fchl von Raum, Privatsph\u00e4re und Erhabenheit. Diese vornehme Einrichtung umfasst 4 Suiten. Das Penthouse, ein Premium-Deluxe-Zimmer mit Blick auf den Fluss, ein Premium-Deluxe-Zimmer mit zwei Einzelbetten und ein Deluxe-Zimmer sind durchdacht als benachbarte Unterk\u00fcnfte angeordnet und \u00fcber einen gemeinsamen Privateingang zu erreichen.  <\/p>\n<\/div><\/div><div class=\"wp-block-buttons is-horizontal is-content-justification-center is-layout-flex wp-block-buttons-is-layout-flex\">\r\n<div class=\"wp-block-button is-style-fill\" style=\"text-transform:uppercase\"><a class=\"wp-block-button__link has-central-palette-1-color has-text-color wp-element-button\" style=\"border-radius:0px\" href=\"https:\/\/www.deleurope.com\/de\/verbinden-sie-zimmer-suiten\/4-schlafzimmer-penthouse-suite\/\">Mehr lesen<\/a><\/div>\r\n<!-- <div class=\"wp-block-button is-style-outline\" style=\"text-transform:uppercase\"><a class=\"wp-block-button__link has-central-palette-1-color has-text-color has-text-align-center wp-element-button\" href=\"mailto:reservations@deleurope.com\" style=\"border-radius:0px\">Verf\u00fcgbarkeit pr\u00fcfen<\/a><\/div> -->\r\n\r\n\r\n\r\n\r\n<\/div><\/div><\/div><\/div>\n<\/div>\n<\/div>\n\n<div class=\"wp-block-columns carousel-black-editable is-layout-flex wp-container-core-columns-is-layout-9d6595d7 wp-block-columns-is-layout-flex\" id=\"packages\">\n<div class=\"wp-block-column has-central-palette-1-background-color has-background is-layout-flow wp-block-column-is-layout-flow\">\n<h2 class=\"wp-block-heading has-text-align-center heading-ampersant big-space-bottom-top has-central-palette-7-color has-text-color has-extra-large-font-size\" style=\"text-transform:uppercase\">Pakete &amp; Angebote<\/h2>\n\n\n\n<div class=\"wp-block-carousel-slider-slider\"><div class=\"carousel-slider-outer carousel-slider-outer-hero-banner-slider carousel-slider-outer-2047\" style=\"--carousel-slider-nav-color:#f1f1f1;--carousel-slider-active-nav-color:#00d1b2;--carousel-slider-arrow-size:48px;--carousel-slider-bullet-size:10px\">\n<div id=\"&#039;id-2047\" class=\"carousel-slider carousel-slider-2047 arrows-visibility-hover dots-visibility-never arrows-outside dots-center dots-circle owl-carousel\" data-slide-type=\"hero-banner-slider\" data-owl-settings='{\"nav\":true,\"dots\":false,\"slideBy\":1,\"stagePadding\":0,\"margin\":80,\"loop\":false,\"lazyLoad\":false,\"autoplay\":true,\"autoplayTimeout\":5000,\"autoplaySpeed\":500,\"autoplayHoverPause\":true,\"autoWidth\":false,\"responsive\":{\"300\":{\"items\":1},\"576\":{\"items\":1},\"768\":{\"items\":1},\"1024\":{\"items\":1},\"1280\":{\"items\":2},\"1536\":{\"items\":2}}}' data-animation=\"\">\n<div class=\"carousel-slider-hero__cell hero__cell-1\" style=\"--cell-height: \"><div id=\"slide-item-2047-1\" class=\"carousel-slider-hero__cell__background\" style=\"background-position:center center;background-size:cover;background-image:url(https:\/\/www.deleurope.com\/wp-content\/uploads\/2024\/01\/Balcony-Penthouse-Suite-de-leurope.jpg);background-color:rgba(0,0,0,0.6)\"><\/div><div class=\"carousel-slider-hero__cell__inner carousel-slider--h-position-center carousel-slider--v-position-middle carousel-slider--text-center\" style=\"padding-top:1rem;padding-right:1rem;padding-bottom:1rem;padding-left:1rem\"><div class=\"carousel-slider-hero__cell__content hidden\" style=\"max-width:100%\" data-animation=\"\"><div class=\"carousel-slider-hero__cell__heading\" style=\"--cs-heading-font-size:40px;--cs-heading-gutter:30px;--cs-heading-color:#ffffff\">Stay 4, Pay 3<\/div><div class=\"carousel-slider-hero__cell__description\" style=\"--cs-description-font-size:20px;--cs-description-gutter:30px;--cs-description-color:#ffffff\">Book 4 consecutive nights and receive the 4th night on us.<\/div><div class=\"carousel-slider-hero__cell__buttons\"><span class=\"carousel-slider-hero__cell__button__one\" style=\"--cs-button-bg-color:#ffffff;--cs-button-color:#323232;--cs-button-border-width:3px;--cs-button-border-radius:0px\"><a class=\"button cs-hero-button cs-hero-button-1-1 cs-hero-button-stroke cs-hero-button-medium\" href=\"https:\/\/www.deleurope.com\/offers-packages\/stay-4-pay-3-2\/\" target=\"_self\">DISCOVER OFFER<\/a><\/span><\/div><\/div><\/div><\/div>\n<div class=\"carousel-slider-hero__cell hero__cell-2\" style=\"--cell-height: \"><div id=\"slide-item-2047-2\" class=\"carousel-slider-hero__cell__background\" style=\"background-position:center center;background-size:cover;background-image:url(https:\/\/www.deleurope.com\/wp-content\/uploads\/2024\/11\/20241007-menu-Brasserie-Marie-057-scaled.jpg);background-color:rgba(0,0,0,0.6)\"><\/div><div class=\"carousel-slider-hero__cell__inner carousel-slider--h-position-center carousel-slider--v-position-middle carousel-slider--text-center\" style=\"padding-top:1rem;padding-right:1rem;padding-bottom:1rem;padding-left:1rem\"><div class=\"carousel-slider-hero__cell__content hidden\" style=\"max-width:100%\" data-animation=\"\"><div class=\"carousel-slider-hero__cell__heading\" style=\"--cs-heading-font-size:40px;--cs-heading-gutter:30px;--cs-heading-color:#ffffff\">Culinary Journey<\/div><div class=\"carousel-slider-hero__cell__description\" style=\"--cs-description-font-size:20px;--cs-description-gutter:30px;--cs-description-color:#ffffff\">A culinary journey in the heart of Amsterdam awaits! Receive a \u20ac 100 Euros Food and Beverage Credit, Complimentary breakfast and a complimentary upgrade.<\/div><div class=\"carousel-slider-hero__cell__buttons\"><span class=\"carousel-slider-hero__cell__button__one\" style=\"--cs-button-bg-color:#ffffff;--cs-button-color:#323232;--cs-button-border-width:3px;--cs-button-border-radius:0px\"><a class=\"button cs-hero-button cs-hero-button-2-1 cs-hero-button-stroke cs-hero-button-medium\" href=\"https:\/\/www.deleurope.com\/offers-packages\/culinarycapitaldeleurope\/\" target=\"_self\">DISCOVER OFFER<\/a><\/span><\/div><\/div><\/div><\/div>\n<div class=\"carousel-slider-hero__cell hero__cell-3\" style=\"--cell-height: \"><div id=\"slide-item-2047-3\" class=\"carousel-slider-hero__cell__background\" style=\"background-position:center center;background-size:cover;background-image:url(https:\/\/www.deleurope.com\/wp-content\/uploads\/2024\/01\/Deluxe-suite-DeLeurope-Amsterdam.1.jpg);background-color:rgba(0,0,0,0.6)\"><\/div><div class=\"carousel-slider-hero__cell__inner carousel-slider--h-position-center carousel-slider--v-position-middle carousel-slider--text-center\" style=\"padding-top:1rem;padding-right:1rem;padding-bottom:1rem;padding-left:1rem\"><div class=\"carousel-slider-hero__cell__content hidden\" style=\"max-width:100%\" data-animation=\"\"><div class=\"carousel-slider-hero__cell__heading\" style=\"--cs-heading-font-size:40px;--cs-heading-gutter:30px;--cs-heading-color:#ffffff\">Stay 3, Get 20% off<\/div><div class=\"carousel-slider-hero__cell__description\" style=\"--cs-description-font-size:20px;--cs-description-gutter:30px;--cs-description-color:#ffffff\">Enjoy an exclusive 20% off your room or suite, with a 3-night stay.<\/div><div class=\"carousel-slider-hero__cell__buttons\"><span class=\"carousel-slider-hero__cell__button__one\" style=\"--cs-button-bg-color:#ffffff;--cs-button-color:#323232;--cs-button-border-width:3px;--cs-button-border-radius:0px\"><a class=\"button cs-hero-button cs-hero-button-3-1 cs-hero-button-stroke cs-hero-button-medium\" href=\"https:\/\/www.deleurope.com\/offers-packages\/3-nights-2025\/\" target=\"_self\">DISCOVER OFFER<\/a><\/span><\/div><\/div><\/div><\/div>\n<\/div><!-- .carousel-slider-2047 -->\n<\/div><!-- .carousel-slider-outer-2047 -->\n<\/div>\n<\/div>\n<\/div>\n\n<div class=\"wp-block-columns faq-section has-central-palette-9-background-color has-background is-layout-flex wp-container-core-columns-is-layout-9d6595d7 wp-block-columns-is-layout-flex\">\n<div class=\"wp-block-column is-layout-flow wp-block-column-is-layout-flow\">\n<div class=\"wp-block-columns is-layout-flex wp-container-core-columns-is-layout-9d6595d7 wp-block-columns-is-layout-flex\">\n<div class=\"wp-block-column is-layout-flow wp-block-column-is-layout-flow\" style=\"flex-basis:24%\">\n<h2 class=\"wp-block-heading has-text-align-center has-extra-large-font-size\">F.A.Q<\/h2>\n\n\n\n<ul class=\"wp-block-list tab-faq-menu\">\n<li class=\"active-li\" style=\"text-transform:uppercase\">Unterk\u00fcnfte<\/li>\n\n\n\n<li style=\"text-transform:uppercase\">Zahlungen<\/li>\n\n\n\n<li style=\"text-transform:uppercase\">Einchecken | Auschecken<\/li>\n\n\n\n<li style=\"text-transform:uppercase\">ankommend <\/li>\n\n\n\n<li style=\"text-transform:uppercase\">at de l&#8217;europe<\/li>\n<\/ul>\n<\/div>\n\n\n\n<div class=\"wp-block-column is-layout-flow wp-block-column-is-layout-flow\" style=\"flex-basis:76%\">\n<div class=\"schema-faq wp-block-yoast-faq-block\"><div class=\"schema-faq-section\" id=\"faq-question-1697826231715\"><strong class=\"schema-faq-question\">Haben Sie Zimmer mit Balkon, und welche Zimmerkategorien bieten einen Balkon?<\/strong> <p class=\"schema-faq-answer\">Die Junior Suite River View Balcony, die Deluxe Suite River View und die Prestige Suite River View bieten einen Balkon.<\/p> <\/div> <div class=\"schema-faq-section\" id=\"faq-question-1697827306389\"><strong class=\"schema-faq-question\">K\u00f6nnen in Standardzimmern 3 Personen untergebracht werden?<\/strong> <p class=\"schema-faq-answer\">Nein, ab unseren Suiten-Kategorien k\u00f6nnen drei Personen untergebracht werden.<\/p> <\/div> <div class=\"schema-faq-section\" id=\"faq-question-1697826245421\"><strong class=\"schema-faq-question\">Wenn ich ein Zimmer mit Balkon reserviere, ist dieser dann garantiert?<\/strong> <p class=\"schema-faq-answer\">Ja, wenn auf Ihrer Best\u00e4tigung ein Zimmertyp mit Flussblick und Balkon angegeben ist, ist dieser Vorteil garantiert.<\/p> <\/div> <div class=\"schema-faq-section\" id=\"faq-question-1706188440408\"><strong class=\"schema-faq-question\">Kann ich im Zimmer oder auf dem Balkon rauchen?<\/strong> <p class=\"schema-faq-answer\">Die Zimmer sind Nichtraucherzimmer; auf den Balkonen kann geraucht werden.<\/p> <\/div> <div class=\"schema-faq-section\" id=\"faq-question-1706188927586\"><strong class=\"schema-faq-question\">Haben alle Zimmer einen Blick auf den Fluss?<\/strong> <p class=\"schema-faq-answer\">Nicht alle Zimmer haben Flussblick, aber in allen Zimmerkategorien (mit Ausnahme der Superior-Kategorie) k\u00f6nnen Sie gegen einen Aufpreis und je nach Verf\u00fcgbarkeit Flussblick w\u00e4hlen.<\/p> <\/div> <div class=\"schema-faq-section\" id=\"faq-question-1706188983287\"><strong class=\"schema-faq-question\">Gibt es die M\u00f6glichkeit, Zimmer mit Verbindungst\u00fcr zu buchen?<\/strong> <p class=\"schema-faq-answer\">Ja, das Hotel verf\u00fcgt \u00fcber mehrere Zimmer, die miteinander verbunden werden k\u00f6nnen; bitte kontaktieren Sie unsere <a href=\"mailto:reservations@deleruope.com\" target=\"_blank\" rel=\"noreferrer noopener\">reservations@deleruope.com<\/a> Abteilung f\u00fcr Buchungen.<\/p> <\/div> <\/div>\n\n\n\n<div class=\"schema-faq wp-block-yoast-faq-block\"><div class=\"schema-faq-section\" id=\"faq-question-1697827306389\"><strong class=\"schema-faq-question\">Wie kann ich meine Reservierung \u00e4ndern oder stornieren?<\/strong> <p class=\"schema-faq-answer\">Um eine Reservierung zu stornieren oder zu \u00e4ndern, kontaktieren Sie uns bitte per E-Mail oder Telefon, oder besuchen Sie unsere Buchungsseite. Die Buchungsbedingungen k\u00f6nnen je nach gebuchtem Tarif variieren. <\/p> <\/div> <div class=\"schema-faq-section\" id=\"faq-question-1697826231715\"><strong class=\"schema-faq-question\">Warum muss ich meine Kreditkartendaten angeben?<\/strong> <p class=\"schema-faq-answer\">Die G\u00e4ste m\u00fcssen Kreditkarteninformationen eingeben, um ihre Reservierung zu garantieren. Eine vorherige Anzahlung ist nicht erforderlich; die Kreditkarte wird nur im Falle einer versp\u00e4teten Stornierung belastet.<\/p> <\/div> <\/div>\n\n\n\n<div class=\"schema-faq wp-block-yoast-faq-block\"><div class=\"schema-faq-section\" id=\"faq-question-1697827306389\"><strong class=\"schema-faq-question\">K\u00f6nnen wir fr\u00fcher einchecken oder sp\u00e4ter auschecken? Wenn ja, wie hoch sind die zus\u00e4tzlichen Kosten?<\/strong> <p class=\"schema-faq-answer\">Diese Anfrage h\u00e4ngt von der Verf\u00fcgbarkeit ab. Um ein fr\u00fches Einchecken zu garantieren, k\u00f6nnen wir die Nacht vor dem Anreisedatum buchen, um sicherzustellen, dass die G\u00e4ste ihr Zimmer fr\u00fch am Morgen betreten k\u00f6nnen.<\/p> <\/div> <div class=\"schema-faq-section\" id=\"faq-question-1697826231715\"><strong class=\"schema-faq-question\">Wie sind die Check-in und Check-out Zeiten im De L&#8217;Europe?<\/strong> <p class=\"schema-faq-answer\">Das Zimmer steht am Anreisetag ab 15.00 Uhr zur Verf\u00fcgung, und wir checken am Abreisetag bis 12.00 Uhr aus. Wenn Sie fr\u00fcher anreisen oder sp\u00e4ter abreisen m\u00f6chten, ist es m\u00f6glich, je nach Verf\u00fcgbarkeit einen fr\u00fchen Check-in oder sp\u00e4ten Check-out zu beantragen.<\/p> <\/div> <div class=\"schema-faq-section\" id=\"faq-question-1697827308476\"><strong class=\"schema-faq-question\">Kann ich mein Gep\u00e4ck w\u00e4hrend der Erkundung von Amsterdam hier lassen?<\/strong> <p class=\"schema-faq-answer\">Es ist uns ein Vergn\u00fcgen, das Gep\u00e4ck der Hotelg\u00e4ste vor und nach ihrem Aufenthalt in unserem verschlossenen Gep\u00e4ckraum aufzubewahren, damit sie Amsterdam in aller Ruhe erkunden k\u00f6nnen. Bitte beachten Sie, dass kein Geld, wertvolle Papiere, Wertpapiere, Wertgegenst\u00e4nde, zerbrechliche oder verderbliche Gegenst\u00e4nde in das eingelagerte Eigentum aufgenommen werden sollten. Bei der Ankunft erhalten die G\u00e4ste einen Gep\u00e4ckaufkleber, damit sie ihre Sachen leichter wiederfinden.<\/p> <\/div> <\/div>\n\n\n\n<div class=\"schema-faq wp-block-yoast-faq-block\"><div class=\"schema-faq-section\" id=\"faq-question-1697827306389\"><strong class=\"schema-faq-question\">Bieten Sie einen kostenlosen Shuttleservice vom Flughafen zum Hotel an?<\/strong> <p class=\"schema-faq-answer\">Wir bieten keinen kostenlosen Flughafen-Shuttle-Service an. Unsere Concierge-Abteilung kann den G\u00e4sten jedoch bei der Organisation eines privaten Transports behilflich sein.<\/p> <\/div> <div class=\"schema-faq-section\" id=\"faq-question-1697826231715\"><strong class=\"schema-faq-question\">Verf\u00fcgt De L&#8217;Europe \u00fcber einen Privattransfer?<\/strong> <p class=\"schema-faq-answer\">Lassen Sie uns Ihren Transfer stilvoll mit unserer luxuri\u00f6sen Limousine erledigen. Vereinbaren Sie Ihren privaten Transfer, indem Sie sich an unser Concierge-Team wenden unter <a href=\"mailto:Concierge@deleurope.com\" target=\"_blank\" rel=\"noreferrer noopener\">Concierge@deleurope.com<\/a>.<\/p> <\/div> <div class=\"schema-faq-section\" id=\"faq-question-1706191165865\"><strong class=\"schema-faq-question\">M\u00fcssen wir einen Parkplatz im Voraus reservieren?<\/strong> <p class=\"schema-faq-answer\">Parkplatzreservierungen sind nur f\u00fcr Hotelg\u00e4ste m\u00f6glich. Wir bitten um Voranmeldung, um einen Parkplatz zu sichern.<\/p> <\/div> <div class=\"schema-faq-section\" id=\"faq-question-1706191234984\"><strong class=\"schema-faq-question\">Wie kann ich das Hotel vom Flughafen aus mit \u00f6ffentlichen Verkehrsmitteln erreichen?<\/strong> <p class=\"schema-faq-answer\">Die Z\u00fcge verkehren alle 15 Minuten zwischen dem Flughafen und dem Amsterdamer Hauptbahnhof. Diese Fahrt dauert 17 Minuten. Zugfahrkarten k\u00f6nnen an den Fahrkartenautomaten in der Ankunftshalle des Flughafens gel\u00f6st werden. Vom Amsterdamer Hauptbahnhof aus nehmen Sie am besten die brandneue Nord-S\u00fcd-Metrolinie (Nr. 52, Haltestelle: Rokin) oder die Stra\u00dfenbahnlinien 4 und 24 (Haltestelle: Muntplein). Die Fahrt vom Amsterdamer Hauptbahnhof zum Hotel dauert 10 Minuten, einschlie\u00dflich eines 1-min\u00fctigen Spaziergangs.<\/p> <\/div> <\/div>\n\n\n\n<div class=\"schema-faq wp-block-yoast-faq-block\"><div class=\"schema-faq-section\" id=\"faq-question-1697827308476\"><strong class=\"schema-faq-question\">Gibt es einen Zugang f\u00fcr Behinderte?<\/strong> <p class=\"schema-faq-answer\">Das De L&#8217;Europe Amsterdam ist komplett rollstuhlgerecht, mit vier Aufz\u00fcgen im Hotel, einem rollstuhlgerechten Zugang zum Spa und barrierefreien Unterk\u00fcnften mit breiteren T\u00fcren, verstellbaren Waschbecken und Handl\u00e4ufen. Bitte geben Sie bei Ihrer Reservierung an, wenn Sie einen barrierefreien Zugang w\u00fcnschen.<\/p> <\/div> <\/div>\n<\/div>\n<\/div>\n<\/div>\n<\/div>\n","protected":false},"excerpt":{"rendered":"<p>Verbessern Sie Ihren Aufenthalt mit unseren Zimmern mit Verbindungst\u00fcr, die sorgf\u00e4ltig entworfen wurden, um Zweisamkeit und Komfort zu gew\u00e4hrleisten. Diese Zimmer sind ideal f\u00fcr Familien oder Gruppen, die gemeinsam reisen. Sie sind nah beieinander und bieten dennoch die Privatsph\u00e4re eines separaten Schlafbereichs. Unsere Zimmer mit Verbindungst\u00fcr sind ideal f\u00fcr Reisen mit Kindern oder gr\u00f6\u00dferen Familien [&hellip;]<\/p>\n","protected":false},"author":6,"featured_media":2935,"parent":0,"menu_order":0,"comment_status":"closed","ping_status":"closed","template":"rooms-template.php","meta":{"_acf_changed":false,"footnotes":""},"class_list":["post-2934","page","type-page","status-publish","has-post-thumbnail","hentry"],"acf":[],"yoast_head":"<!-- This site is optimized with the Yoast SEO plugin v27.3 - https:\/\/yoast.com\/product\/yoast-seo-wordpress\/ -->\n<title>Zimmer mit Verbindungst\u00fcr &amp; Familiensuiten in Amsterdam | De L&#039;Europe<\/title>\n<meta name=\"description\" content=\"Entdecken Sie die perfekte Unterkunft f\u00fcr Familien und Gruppen mit den Optionen f\u00fcr Zimmer mit Verbindungst\u00fcr und Suiten von De L&#039;Europe Amsterdam. Buchen Sie jetzt.\" \/>\n<meta name=\"robots\" content=\"index, follow, max-snippet:-1, max-image-preview:large, max-video-preview:-1\" \/>\n<link rel=\"canonical\" href=\"https:\/\/www.deleurope.com\/de\/verbinden-sie-zimmer-suiten\/\" \/>\n<meta property=\"og:locale\" content=\"de_DE\" \/>\n<meta property=\"og:type\" content=\"article\" \/>\n<meta property=\"og:title\" content=\"Zimmer mit Verbindungst\u00fcr &amp; Familiensuiten in Amsterdam | De L&#039;Europe\" \/>\n<meta property=\"og:description\" content=\"Entdecken Sie die perfekte Unterkunft f\u00fcr Familien und Gruppen mit den Optionen f\u00fcr Zimmer mit Verbindungst\u00fcr und Suiten von De L&#039;Europe Amsterdam. Buchen Sie jetzt.\" \/>\n<meta property=\"og:url\" content=\"https:\/\/www.deleurope.com\/de\/verbinden-sie-zimmer-suiten\/\" \/>\n<meta property=\"og:site_name\" content=\"De L&#039;Europe Amsterdam\" \/>\n<meta property=\"article:modified_time\" content=\"2026-01-02T10:56:52+00:00\" \/>\n<meta property=\"og:image\" content=\"https:\/\/www.deleurope.com\/wp-content\/uploads\/2024\/02\/homepage-hero-1.webp\" \/>\n\t<meta property=\"og:image:width\" content=\"1680\" \/>\n\t<meta property=\"og:image:height\" content=\"1119\" \/>\n\t<meta property=\"og:image:type\" content=\"image\/webp\" \/>\n<meta name=\"twitter:card\" content=\"summary_large_image\" \/>\n<meta name=\"twitter:label1\" content=\"Gesch\u00e4tzte Lesezeit\" \/>\n\t<meta name=\"twitter:data1\" content=\"6 Minuten\" \/>\n<script type=\"application\/ld+json\" class=\"yoast-schema-graph\">{\"@context\":\"https:\\\/\\\/schema.org\",\"@graph\":[{\"@type\":[\"WebPage\",\"FAQPage\"],\"@id\":\"https:\\\/\\\/www.deleurope.com\\\/de\\\/verbinden-sie-zimmer-suiten\\\/\",\"url\":\"https:\\\/\\\/www.deleurope.com\\\/de\\\/verbinden-sie-zimmer-suiten\\\/\",\"name\":\"Zimmer mit Verbindungst\u00fcr & Familiensuiten in Amsterdam | De L'Europe\",\"isPartOf\":{\"@id\":\"https:\\\/\\\/www.deleurope.com\\\/de\\\/#website\"},\"primaryImageOfPage\":{\"@id\":\"https:\\\/\\\/www.deleurope.com\\\/de\\\/verbinden-sie-zimmer-suiten\\\/#primaryimage\"},\"image\":{\"@id\":\"https:\\\/\\\/www.deleurope.com\\\/de\\\/verbinden-sie-zimmer-suiten\\\/#primaryimage\"},\"thumbnailUrl\":\"https:\\\/\\\/www.deleurope.com\\\/wp-content\\\/uploads\\\/2024\\\/02\\\/homepage-hero-1.webp\",\"datePublished\":\"2024-01-19T16:10:30+00:00\",\"dateModified\":\"2026-01-02T10:56:52+00:00\",\"description\":\"Entdecken Sie die perfekte Unterkunft f\u00fcr Familien und Gruppen mit den Optionen f\u00fcr Zimmer mit Verbindungst\u00fcr und Suiten von De L'Europe Amsterdam. Buchen Sie jetzt.\",\"breadcrumb\":{\"@id\":\"https:\\\/\\\/www.deleurope.com\\\/de\\\/verbinden-sie-zimmer-suiten\\\/#breadcrumb\"},\"mainEntity\":[{\"@id\":\"https:\\\/\\\/www.deleurope.com\\\/de\\\/verbinden-sie-zimmer-suiten\\\/#faq-question-1697826231715\"},{\"@id\":\"https:\\\/\\\/www.deleurope.com\\\/de\\\/verbinden-sie-zimmer-suiten\\\/#faq-question-1697827306389\"},{\"@id\":\"https:\\\/\\\/www.deleurope.com\\\/de\\\/verbinden-sie-zimmer-suiten\\\/#faq-question-1697826245421\"},{\"@id\":\"https:\\\/\\\/www.deleurope.com\\\/de\\\/verbinden-sie-zimmer-suiten\\\/#faq-question-1706188440408\"},{\"@id\":\"https:\\\/\\\/www.deleurope.com\\\/de\\\/verbinden-sie-zimmer-suiten\\\/#faq-question-1706188927586\"},{\"@id\":\"https:\\\/\\\/www.deleurope.com\\\/de\\\/verbinden-sie-zimmer-suiten\\\/#faq-question-1706188983287\"},{\"@id\":\"https:\\\/\\\/www.deleurope.com\\\/de\\\/verbinden-sie-zimmer-suiten\\\/#faq-question-1697827306389\"},{\"@id\":\"https:\\\/\\\/www.deleurope.com\\\/de\\\/verbinden-sie-zimmer-suiten\\\/#faq-question-1697826231715\"},{\"@id\":\"https:\\\/\\\/www.deleurope.com\\\/de\\\/verbinden-sie-zimmer-suiten\\\/#faq-question-1697827306389\"},{\"@id\":\"https:\\\/\\\/www.deleurope.com\\\/de\\\/verbinden-sie-zimmer-suiten\\\/#faq-question-1697826231715\"},{\"@id\":\"https:\\\/\\\/www.deleurope.com\\\/de\\\/verbinden-sie-zimmer-suiten\\\/#faq-question-1697827308476\"},{\"@id\":\"https:\\\/\\\/www.deleurope.com\\\/de\\\/verbinden-sie-zimmer-suiten\\\/#faq-question-1697827306389\"},{\"@id\":\"https:\\\/\\\/www.deleurope.com\\\/de\\\/verbinden-sie-zimmer-suiten\\\/#faq-question-1697826231715\"},{\"@id\":\"https:\\\/\\\/www.deleurope.com\\\/de\\\/verbinden-sie-zimmer-suiten\\\/#faq-question-1706191165865\"},{\"@id\":\"https:\\\/\\\/www.deleurope.com\\\/de\\\/verbinden-sie-zimmer-suiten\\\/#faq-question-1706191234984\"},{\"@id\":\"https:\\\/\\\/www.deleurope.com\\\/de\\\/verbinden-sie-zimmer-suiten\\\/#faq-question-1697827308476\"}],\"inLanguage\":\"de-DE\",\"potentialAction\":[{\"@type\":\"ReadAction\",\"target\":[\"https:\\\/\\\/www.deleurope.com\\\/de\\\/verbinden-sie-zimmer-suiten\\\/\"]}]},{\"@type\":\"ImageObject\",\"inLanguage\":\"de-DE\",\"@id\":\"https:\\\/\\\/www.deleurope.com\\\/de\\\/verbinden-sie-zimmer-suiten\\\/#primaryimage\",\"url\":\"https:\\\/\\\/www.deleurope.com\\\/wp-content\\\/uploads\\\/2024\\\/02\\\/homepage-hero-1.webp\",\"contentUrl\":\"https:\\\/\\\/www.deleurope.com\\\/wp-content\\\/uploads\\\/2024\\\/02\\\/homepage-hero-1.webp\",\"width\":1680,\"height\":1119},{\"@type\":\"BreadcrumbList\",\"@id\":\"https:\\\/\\\/www.deleurope.com\\\/de\\\/verbinden-sie-zimmer-suiten\\\/#breadcrumb\",\"itemListElement\":[{\"@type\":\"ListItem\",\"position\":1,\"name\":\"Home\",\"item\":\"https:\\\/\\\/www.deleurope.com\\\/de\\\/\"},{\"@type\":\"ListItem\",\"position\":2,\"name\":\"Suiten mit Verbindung\"}]},{\"@type\":\"WebSite\",\"@id\":\"https:\\\/\\\/www.deleurope.com\\\/de\\\/#website\",\"url\":\"https:\\\/\\\/www.deleurope.com\\\/de\\\/\",\"name\":\"De L&#039;Europe Amsterdam\",\"description\":\"Home of original Amsterdam luxury.\",\"potentialAction\":[{\"@type\":\"SearchAction\",\"target\":{\"@type\":\"EntryPoint\",\"urlTemplate\":\"https:\\\/\\\/www.deleurope.com\\\/de\\\/?s={search_term_string}\"},\"query-input\":{\"@type\":\"PropertyValueSpecification\",\"valueRequired\":true,\"valueName\":\"search_term_string\"}}],\"inLanguage\":\"de-DE\"},{\"@type\":\"Question\",\"@id\":\"https:\\\/\\\/www.deleurope.com\\\/de\\\/verbinden-sie-zimmer-suiten\\\/#faq-question-1697826231715\",\"position\":1,\"url\":\"https:\\\/\\\/www.deleurope.com\\\/de\\\/verbinden-sie-zimmer-suiten\\\/#faq-question-1697826231715\",\"name\":\"Haben Sie Zimmer mit Balkon, und welche Zimmerkategorien bieten einen Balkon?\",\"answerCount\":1,\"acceptedAnswer\":{\"@type\":\"Answer\",\"text\":\"Die Junior Suite River View Balcony, die Deluxe Suite River View und die Prestige Suite River View bieten einen Balkon.\",\"inLanguage\":\"de-DE\"},\"inLanguage\":\"de-DE\"},{\"@type\":\"Question\",\"@id\":\"https:\\\/\\\/www.deleurope.com\\\/de\\\/verbinden-sie-zimmer-suiten\\\/#faq-question-1697827306389\",\"position\":2,\"url\":\"https:\\\/\\\/www.deleurope.com\\\/de\\\/verbinden-sie-zimmer-suiten\\\/#faq-question-1697827306389\",\"name\":\"K\u00f6nnen in Standardzimmern 3 Personen untergebracht werden?\",\"answerCount\":1,\"acceptedAnswer\":{\"@type\":\"Answer\",\"text\":\"Nein, ab unseren Suiten-Kategorien k\u00f6nnen drei Personen untergebracht werden.\",\"inLanguage\":\"de-DE\"},\"inLanguage\":\"de-DE\"},{\"@type\":\"Question\",\"@id\":\"https:\\\/\\\/www.deleurope.com\\\/de\\\/verbinden-sie-zimmer-suiten\\\/#faq-question-1697826245421\",\"position\":3,\"url\":\"https:\\\/\\\/www.deleurope.com\\\/de\\\/verbinden-sie-zimmer-suiten\\\/#faq-question-1697826245421\",\"name\":\"Wenn ich ein Zimmer mit Balkon reserviere, ist dieser dann garantiert?\",\"answerCount\":1,\"acceptedAnswer\":{\"@type\":\"Answer\",\"text\":\"Ja, wenn auf Ihrer Best\u00e4tigung ein Zimmertyp mit Flussblick und Balkon angegeben ist, ist dieser Vorteil garantiert.\",\"inLanguage\":\"de-DE\"},\"inLanguage\":\"de-DE\"},{\"@type\":\"Question\",\"@id\":\"https:\\\/\\\/www.deleurope.com\\\/de\\\/verbinden-sie-zimmer-suiten\\\/#faq-question-1706188440408\",\"position\":4,\"url\":\"https:\\\/\\\/www.deleurope.com\\\/de\\\/verbinden-sie-zimmer-suiten\\\/#faq-question-1706188440408\",\"name\":\"Kann ich im Zimmer oder auf dem Balkon rauchen?\",\"answerCount\":1,\"acceptedAnswer\":{\"@type\":\"Answer\",\"text\":\"Die Zimmer sind Nichtraucherzimmer; auf den Balkonen kann geraucht werden.\",\"inLanguage\":\"de-DE\"},\"inLanguage\":\"de-DE\"},{\"@type\":\"Question\",\"@id\":\"https:\\\/\\\/www.deleurope.com\\\/de\\\/verbinden-sie-zimmer-suiten\\\/#faq-question-1706188927586\",\"position\":5,\"url\":\"https:\\\/\\\/www.deleurope.com\\\/de\\\/verbinden-sie-zimmer-suiten\\\/#faq-question-1706188927586\",\"name\":\"Haben alle Zimmer einen Blick auf den Fluss?\",\"answerCount\":1,\"acceptedAnswer\":{\"@type\":\"Answer\",\"text\":\"Nicht alle Zimmer haben Flussblick, aber in allen Zimmerkategorien (mit Ausnahme der Superior-Kategorie) k\u00f6nnen Sie gegen einen Aufpreis und je nach Verf\u00fcgbarkeit Flussblick w\u00e4hlen.\",\"inLanguage\":\"de-DE\"},\"inLanguage\":\"de-DE\"},{\"@type\":\"Question\",\"@id\":\"https:\\\/\\\/www.deleurope.com\\\/de\\\/verbinden-sie-zimmer-suiten\\\/#faq-question-1706188983287\",\"position\":6,\"url\":\"https:\\\/\\\/www.deleurope.com\\\/de\\\/verbinden-sie-zimmer-suiten\\\/#faq-question-1706188983287\",\"name\":\"Gibt es die M\u00f6glichkeit, Zimmer mit Verbindungst\u00fcr zu buchen?\",\"answerCount\":1,\"acceptedAnswer\":{\"@type\":\"Answer\",\"text\":\"Ja, das Hotel verf\u00fcgt \u00fcber mehrere Zimmer, die miteinander verbunden werden k\u00f6nnen; bitte kontaktieren Sie unsere <a href=\\\"mailto:reservations@deleruope.com\\\" target=\\\"_blank\\\" rel=\\\"noreferrer noopener\\\">reservations@deleruope.com<\\\/a> Abteilung f\u00fcr Buchungen.\",\"inLanguage\":\"de-DE\"},\"inLanguage\":\"de-DE\"},{\"@type\":\"Question\",\"@id\":\"https:\\\/\\\/www.deleurope.com\\\/de\\\/verbinden-sie-zimmer-suiten\\\/#faq-question-1697827306389\",\"position\":7,\"url\":\"https:\\\/\\\/www.deleurope.com\\\/de\\\/verbinden-sie-zimmer-suiten\\\/#faq-question-1697827306389\",\"name\":\"Wie kann ich meine Reservierung \u00e4ndern oder stornieren?\",\"answerCount\":1,\"acceptedAnswer\":{\"@type\":\"Answer\",\"text\":\"Um eine Reservierung zu stornieren oder zu \u00e4ndern, kontaktieren Sie uns bitte per E-Mail oder Telefon, oder besuchen Sie unsere Buchungsseite. Die Buchungsbedingungen k\u00f6nnen je nach gebuchtem Tarif variieren. \",\"inLanguage\":\"de-DE\"},\"inLanguage\":\"de-DE\"},{\"@type\":\"Question\",\"@id\":\"https:\\\/\\\/www.deleurope.com\\\/de\\\/verbinden-sie-zimmer-suiten\\\/#faq-question-1697826231715\",\"position\":8,\"url\":\"https:\\\/\\\/www.deleurope.com\\\/de\\\/verbinden-sie-zimmer-suiten\\\/#faq-question-1697826231715\",\"name\":\"Warum muss ich meine Kreditkartendaten angeben?\",\"answerCount\":1,\"acceptedAnswer\":{\"@type\":\"Answer\",\"text\":\"Die G\u00e4ste m\u00fcssen Kreditkarteninformationen eingeben, um ihre Reservierung zu garantieren. Eine vorherige Anzahlung ist nicht erforderlich; die Kreditkarte wird nur im Falle einer versp\u00e4teten Stornierung belastet.\",\"inLanguage\":\"de-DE\"},\"inLanguage\":\"de-DE\"},{\"@type\":\"Question\",\"@id\":\"https:\\\/\\\/www.deleurope.com\\\/de\\\/verbinden-sie-zimmer-suiten\\\/#faq-question-1697827306389\",\"position\":9,\"url\":\"https:\\\/\\\/www.deleurope.com\\\/de\\\/verbinden-sie-zimmer-suiten\\\/#faq-question-1697827306389\",\"name\":\"K\u00f6nnen wir fr\u00fcher einchecken oder sp\u00e4ter auschecken? Wenn ja, wie hoch sind die zus\u00e4tzlichen Kosten?\",\"answerCount\":1,\"acceptedAnswer\":{\"@type\":\"Answer\",\"text\":\"Diese Anfrage h\u00e4ngt von der Verf\u00fcgbarkeit ab. Um ein fr\u00fches Einchecken zu garantieren, k\u00f6nnen wir die Nacht vor dem Anreisedatum buchen, um sicherzustellen, dass die G\u00e4ste ihr Zimmer fr\u00fch am Morgen betreten k\u00f6nnen.\",\"inLanguage\":\"de-DE\"},\"inLanguage\":\"de-DE\"},{\"@type\":\"Question\",\"@id\":\"https:\\\/\\\/www.deleurope.com\\\/de\\\/verbinden-sie-zimmer-suiten\\\/#faq-question-1697826231715\",\"position\":10,\"url\":\"https:\\\/\\\/www.deleurope.com\\\/de\\\/verbinden-sie-zimmer-suiten\\\/#faq-question-1697826231715\",\"name\":\"Wie sind die Check-in und Check-out Zeiten im De L'Europe?\",\"answerCount\":1,\"acceptedAnswer\":{\"@type\":\"Answer\",\"text\":\"Das Zimmer steht am Anreisetag ab 15.00 Uhr zur Verf\u00fcgung, und wir checken am Abreisetag bis 12.00 Uhr aus. Wenn Sie fr\u00fcher anreisen oder sp\u00e4ter abreisen m\u00f6chten, ist es m\u00f6glich, je nach Verf\u00fcgbarkeit einen fr\u00fchen Check-in oder sp\u00e4ten Check-out zu beantragen.\",\"inLanguage\":\"de-DE\"},\"inLanguage\":\"de-DE\"},{\"@type\":\"Question\",\"@id\":\"https:\\\/\\\/www.deleurope.com\\\/de\\\/verbinden-sie-zimmer-suiten\\\/#faq-question-1697827308476\",\"position\":11,\"url\":\"https:\\\/\\\/www.deleurope.com\\\/de\\\/verbinden-sie-zimmer-suiten\\\/#faq-question-1697827308476\",\"name\":\"Kann ich mein Gep\u00e4ck w\u00e4hrend der Erkundung von Amsterdam hier lassen?\",\"answerCount\":1,\"acceptedAnswer\":{\"@type\":\"Answer\",\"text\":\"Es ist uns ein Vergn\u00fcgen, das Gep\u00e4ck der Hotelg\u00e4ste vor und nach ihrem Aufenthalt in unserem verschlossenen Gep\u00e4ckraum aufzubewahren, damit sie Amsterdam in aller Ruhe erkunden k\u00f6nnen. Bitte beachten Sie, dass kein Geld, wertvolle Papiere, Wertpapiere, Wertgegenst\u00e4nde, zerbrechliche oder verderbliche Gegenst\u00e4nde in das eingelagerte Eigentum aufgenommen werden sollten. Bei der Ankunft erhalten die G\u00e4ste einen Gep\u00e4ckaufkleber, damit sie ihre Sachen leichter wiederfinden.\",\"inLanguage\":\"de-DE\"},\"inLanguage\":\"de-DE\"},{\"@type\":\"Question\",\"@id\":\"https:\\\/\\\/www.deleurope.com\\\/de\\\/verbinden-sie-zimmer-suiten\\\/#faq-question-1697827306389\",\"position\":12,\"url\":\"https:\\\/\\\/www.deleurope.com\\\/de\\\/verbinden-sie-zimmer-suiten\\\/#faq-question-1697827306389\",\"name\":\"Bieten Sie einen kostenlosen Shuttleservice vom Flughafen zum Hotel an?\",\"answerCount\":1,\"acceptedAnswer\":{\"@type\":\"Answer\",\"text\":\"Wir bieten keinen kostenlosen Flughafen-Shuttle-Service an. Unsere Concierge-Abteilung kann den G\u00e4sten jedoch bei der Organisation eines privaten Transports behilflich sein.\",\"inLanguage\":\"de-DE\"},\"inLanguage\":\"de-DE\"},{\"@type\":\"Question\",\"@id\":\"https:\\\/\\\/www.deleurope.com\\\/de\\\/verbinden-sie-zimmer-suiten\\\/#faq-question-1697826231715\",\"position\":13,\"url\":\"https:\\\/\\\/www.deleurope.com\\\/de\\\/verbinden-sie-zimmer-suiten\\\/#faq-question-1697826231715\",\"name\":\"Verf\u00fcgt De L'Europe \u00fcber einen Privattransfer?\",\"answerCount\":1,\"acceptedAnswer\":{\"@type\":\"Answer\",\"text\":\"Lassen Sie uns Ihren Transfer stilvoll mit unserer luxuri\u00f6sen Limousine erledigen. Vereinbaren Sie Ihren privaten Transfer, indem Sie sich an unser Concierge-Team wenden unter <a href=\\\"mailto:Concierge@deleurope.com\\\" target=\\\"_blank\\\" rel=\\\"noreferrer noopener\\\">Concierge@deleurope.com<\\\/a>.\",\"inLanguage\":\"de-DE\"},\"inLanguage\":\"de-DE\"},{\"@type\":\"Question\",\"@id\":\"https:\\\/\\\/www.deleurope.com\\\/de\\\/verbinden-sie-zimmer-suiten\\\/#faq-question-1706191165865\",\"position\":14,\"url\":\"https:\\\/\\\/www.deleurope.com\\\/de\\\/verbinden-sie-zimmer-suiten\\\/#faq-question-1706191165865\",\"name\":\"M\u00fcssen wir einen Parkplatz im Voraus reservieren?\",\"answerCount\":1,\"acceptedAnswer\":{\"@type\":\"Answer\",\"text\":\"Parkplatzreservierungen sind nur f\u00fcr Hotelg\u00e4ste m\u00f6glich. Wir bitten um Voranmeldung, um einen Parkplatz zu sichern.\",\"inLanguage\":\"de-DE\"},\"inLanguage\":\"de-DE\"},{\"@type\":\"Question\",\"@id\":\"https:\\\/\\\/www.deleurope.com\\\/de\\\/verbinden-sie-zimmer-suiten\\\/#faq-question-1706191234984\",\"position\":15,\"url\":\"https:\\\/\\\/www.deleurope.com\\\/de\\\/verbinden-sie-zimmer-suiten\\\/#faq-question-1706191234984\",\"name\":\"Wie kann ich das Hotel vom Flughafen aus mit \u00f6ffentlichen Verkehrsmitteln erreichen?\",\"answerCount\":1,\"acceptedAnswer\":{\"@type\":\"Answer\",\"text\":\"Die Z\u00fcge verkehren alle 15 Minuten zwischen dem Flughafen und dem Amsterdamer Hauptbahnhof. Diese Fahrt dauert 17 Minuten. Zugfahrkarten k\u00f6nnen an den Fahrkartenautomaten in der Ankunftshalle des Flughafens gel\u00f6st werden. Vom Amsterdamer Hauptbahnhof aus nehmen Sie am besten die brandneue Nord-S\u00fcd-Metrolinie (Nr. 52, Haltestelle: Rokin) oder die Stra\u00dfenbahnlinien 4 und 24 (Haltestelle: Muntplein). Die Fahrt vom Amsterdamer Hauptbahnhof zum Hotel dauert 10 Minuten, einschlie\u00dflich eines 1-min\u00fctigen Spaziergangs.\",\"inLanguage\":\"de-DE\"},\"inLanguage\":\"de-DE\"},{\"@type\":\"Question\",\"@id\":\"https:\\\/\\\/www.deleurope.com\\\/de\\\/verbinden-sie-zimmer-suiten\\\/#faq-question-1697827308476\",\"position\":16,\"url\":\"https:\\\/\\\/www.deleurope.com\\\/de\\\/verbinden-sie-zimmer-suiten\\\/#faq-question-1697827308476\",\"name\":\"Gibt es einen Zugang f\u00fcr Behinderte?\",\"answerCount\":1,\"acceptedAnswer\":{\"@type\":\"Answer\",\"text\":\"Das De L'Europe Amsterdam ist komplett rollstuhlgerecht, mit vier Aufz\u00fcgen im Hotel, einem rollstuhlgerechten Zugang zum Spa und barrierefreien Unterk\u00fcnften mit breiteren T\u00fcren, verstellbaren Waschbecken und Handl\u00e4ufen. Bitte geben Sie bei Ihrer Reservierung an, wenn Sie einen barrierefreien Zugang w\u00fcnschen.\",\"inLanguage\":\"de-DE\"},\"inLanguage\":\"de-DE\"}]}<\/script>\n<!-- \/ Yoast SEO plugin. -->","yoast_head_json":{"title":"Zimmer mit Verbindungst\u00fcr & Familiensuiten in Amsterdam | De L'Europe","description":"Entdecken Sie die perfekte Unterkunft f\u00fcr Familien und Gruppen mit den Optionen f\u00fcr Zimmer mit Verbindungst\u00fcr und Suiten von De L'Europe Amsterdam. Buchen Sie jetzt.","robots":{"index":"index","follow":"follow","max-snippet":"max-snippet:-1","max-image-preview":"max-image-preview:large","max-video-preview":"max-video-preview:-1"},"canonical":"https:\/\/www.deleurope.com\/de\/verbinden-sie-zimmer-suiten\/","og_locale":"de_DE","og_type":"article","og_title":"Zimmer mit Verbindungst\u00fcr & Familiensuiten in Amsterdam | De L'Europe","og_description":"Entdecken Sie die perfekte Unterkunft f\u00fcr Familien und Gruppen mit den Optionen f\u00fcr Zimmer mit Verbindungst\u00fcr und Suiten von De L'Europe Amsterdam. Buchen Sie jetzt.","og_url":"https:\/\/www.deleurope.com\/de\/verbinden-sie-zimmer-suiten\/","og_site_name":"De L&#039;Europe Amsterdam","article_modified_time":"2026-01-02T10:56:52+00:00","og_image":[{"width":1680,"height":1119,"url":"https:\/\/www.deleurope.com\/wp-content\/uploads\/2024\/02\/homepage-hero-1.webp","type":"image\/webp"}],"twitter_card":"summary_large_image","twitter_misc":{"Gesch\u00e4tzte Lesezeit":"6 Minuten"},"schema":{"@context":"https:\/\/schema.org","@graph":[{"@type":["WebPage","FAQPage"],"@id":"https:\/\/www.deleurope.com\/de\/verbinden-sie-zimmer-suiten\/","url":"https:\/\/www.deleurope.com\/de\/verbinden-sie-zimmer-suiten\/","name":"Zimmer mit Verbindungst\u00fcr & Familiensuiten in Amsterdam | De L'Europe","isPartOf":{"@id":"https:\/\/www.deleurope.com\/de\/#website"},"primaryImageOfPage":{"@id":"https:\/\/www.deleurope.com\/de\/verbinden-sie-zimmer-suiten\/#primaryimage"},"image":{"@id":"https:\/\/www.deleurope.com\/de\/verbinden-sie-zimmer-suiten\/#primaryimage"},"thumbnailUrl":"https:\/\/www.deleurope.com\/wp-content\/uploads\/2024\/02\/homepage-hero-1.webp","datePublished":"2024-01-19T16:10:30+00:00","dateModified":"2026-01-02T10:56:52+00:00","description":"Entdecken Sie die perfekte Unterkunft f\u00fcr Familien und Gruppen mit den Optionen f\u00fcr Zimmer mit Verbindungst\u00fcr und Suiten von De L'Europe Amsterdam. Buchen Sie jetzt.","breadcrumb":{"@id":"https:\/\/www.deleurope.com\/de\/verbinden-sie-zimmer-suiten\/#breadcrumb"},"mainEntity":[{"@id":"https:\/\/www.deleurope.com\/de\/verbinden-sie-zimmer-suiten\/#faq-question-1697826231715"},{"@id":"https:\/\/www.deleurope.com\/de\/verbinden-sie-zimmer-suiten\/#faq-question-1697827306389"},{"@id":"https:\/\/www.deleurope.com\/de\/verbinden-sie-zimmer-suiten\/#faq-question-1697826245421"},{"@id":"https:\/\/www.deleurope.com\/de\/verbinden-sie-zimmer-suiten\/#faq-question-1706188440408"},{"@id":"https:\/\/www.deleurope.com\/de\/verbinden-sie-zimmer-suiten\/#faq-question-1706188927586"},{"@id":"https:\/\/www.deleurope.com\/de\/verbinden-sie-zimmer-suiten\/#faq-question-1706188983287"},{"@id":"https:\/\/www.deleurope.com\/de\/verbinden-sie-zimmer-suiten\/#faq-question-1697827306389"},{"@id":"https:\/\/www.deleurope.com\/de\/verbinden-sie-zimmer-suiten\/#faq-question-1697826231715"},{"@id":"https:\/\/www.deleurope.com\/de\/verbinden-sie-zimmer-suiten\/#faq-question-1697827306389"},{"@id":"https:\/\/www.deleurope.com\/de\/verbinden-sie-zimmer-suiten\/#faq-question-1697826231715"},{"@id":"https:\/\/www.deleurope.com\/de\/verbinden-sie-zimmer-suiten\/#faq-question-1697827308476"},{"@id":"https:\/\/www.deleurope.com\/de\/verbinden-sie-zimmer-suiten\/#faq-question-1697827306389"},{"@id":"https:\/\/www.deleurope.com\/de\/verbinden-sie-zimmer-suiten\/#faq-question-1697826231715"},{"@id":"https:\/\/www.deleurope.com\/de\/verbinden-sie-zimmer-suiten\/#faq-question-1706191165865"},{"@id":"https:\/\/www.deleurope.com\/de\/verbinden-sie-zimmer-suiten\/#faq-question-1706191234984"},{"@id":"https:\/\/www.deleurope.com\/de\/verbinden-sie-zimmer-suiten\/#faq-question-1697827308476"}],"inLanguage":"de-DE","potentialAction":[{"@type":"ReadAction","target":["https:\/\/www.deleurope.com\/de\/verbinden-sie-zimmer-suiten\/"]}]},{"@type":"ImageObject","inLanguage":"de-DE","@id":"https:\/\/www.deleurope.com\/de\/verbinden-sie-zimmer-suiten\/#primaryimage","url":"https:\/\/www.deleurope.com\/wp-content\/uploads\/2024\/02\/homepage-hero-1.webp","contentUrl":"https:\/\/www.deleurope.com\/wp-content\/uploads\/2024\/02\/homepage-hero-1.webp","width":1680,"height":1119},{"@type":"BreadcrumbList","@id":"https:\/\/www.deleurope.com\/de\/verbinden-sie-zimmer-suiten\/#breadcrumb","itemListElement":[{"@type":"ListItem","position":1,"name":"Home","item":"https:\/\/www.deleurope.com\/de\/"},{"@type":"ListItem","position":2,"name":"Suiten mit Verbindung"}]},{"@type":"WebSite","@id":"https:\/\/www.deleurope.com\/de\/#website","url":"https:\/\/www.deleurope.com\/de\/","name":"De L&#039;Europe Amsterdam","description":"Home of original Amsterdam luxury.","potentialAction":[{"@type":"SearchAction","target":{"@type":"EntryPoint","urlTemplate":"https:\/\/www.deleurope.com\/de\/?s={search_term_string}"},"query-input":{"@type":"PropertyValueSpecification","valueRequired":true,"valueName":"search_term_string"}}],"inLanguage":"de-DE"},{"@type":"Question","@id":"https:\/\/www.deleurope.com\/de\/verbinden-sie-zimmer-suiten\/#faq-question-1697826231715","position":1,"url":"https:\/\/www.deleurope.com\/de\/verbinden-sie-zimmer-suiten\/#faq-question-1697826231715","name":"Haben Sie Zimmer mit Balkon, und welche Zimmerkategorien bieten einen Balkon?","answerCount":1,"acceptedAnswer":{"@type":"Answer","text":"Die Junior Suite River View Balcony, die Deluxe Suite River View und die Prestige Suite River View bieten einen Balkon.","inLanguage":"de-DE"},"inLanguage":"de-DE"},{"@type":"Question","@id":"https:\/\/www.deleurope.com\/de\/verbinden-sie-zimmer-suiten\/#faq-question-1697827306389","position":2,"url":"https:\/\/www.deleurope.com\/de\/verbinden-sie-zimmer-suiten\/#faq-question-1697827306389","name":"K\u00f6nnen in Standardzimmern 3 Personen untergebracht werden?","answerCount":1,"acceptedAnswer":{"@type":"Answer","text":"Nein, ab unseren Suiten-Kategorien k\u00f6nnen drei Personen untergebracht werden.","inLanguage":"de-DE"},"inLanguage":"de-DE"},{"@type":"Question","@id":"https:\/\/www.deleurope.com\/de\/verbinden-sie-zimmer-suiten\/#faq-question-1697826245421","position":3,"url":"https:\/\/www.deleurope.com\/de\/verbinden-sie-zimmer-suiten\/#faq-question-1697826245421","name":"Wenn ich ein Zimmer mit Balkon reserviere, ist dieser dann garantiert?","answerCount":1,"acceptedAnswer":{"@type":"Answer","text":"Ja, wenn auf Ihrer Best\u00e4tigung ein Zimmertyp mit Flussblick und Balkon angegeben ist, ist dieser Vorteil garantiert.","inLanguage":"de-DE"},"inLanguage":"de-DE"},{"@type":"Question","@id":"https:\/\/www.deleurope.com\/de\/verbinden-sie-zimmer-suiten\/#faq-question-1706188440408","position":4,"url":"https:\/\/www.deleurope.com\/de\/verbinden-sie-zimmer-suiten\/#faq-question-1706188440408","name":"Kann ich im Zimmer oder auf dem Balkon rauchen?","answerCount":1,"acceptedAnswer":{"@type":"Answer","text":"Die Zimmer sind Nichtraucherzimmer; auf den Balkonen kann geraucht werden.","inLanguage":"de-DE"},"inLanguage":"de-DE"},{"@type":"Question","@id":"https:\/\/www.deleurope.com\/de\/verbinden-sie-zimmer-suiten\/#faq-question-1706188927586","position":5,"url":"https:\/\/www.deleurope.com\/de\/verbinden-sie-zimmer-suiten\/#faq-question-1706188927586","name":"Haben alle Zimmer einen Blick auf den Fluss?","answerCount":1,"acceptedAnswer":{"@type":"Answer","text":"Nicht alle Zimmer haben Flussblick, aber in allen Zimmerkategorien (mit Ausnahme der Superior-Kategorie) k\u00f6nnen Sie gegen einen Aufpreis und je nach Verf\u00fcgbarkeit Flussblick w\u00e4hlen.","inLanguage":"de-DE"},"inLanguage":"de-DE"},{"@type":"Question","@id":"https:\/\/www.deleurope.com\/de\/verbinden-sie-zimmer-suiten\/#faq-question-1706188983287","position":6,"url":"https:\/\/www.deleurope.com\/de\/verbinden-sie-zimmer-suiten\/#faq-question-1706188983287","name":"Gibt es die M\u00f6glichkeit, Zimmer mit Verbindungst\u00fcr zu buchen?","answerCount":1,"acceptedAnswer":{"@type":"Answer","text":"Ja, das Hotel verf\u00fcgt \u00fcber mehrere Zimmer, die miteinander verbunden werden k\u00f6nnen; bitte kontaktieren Sie unsere <a href=\"mailto:reservations@deleruope.com\" target=\"_blank\" rel=\"noreferrer noopener\">reservations@deleruope.com<\/a> Abteilung f\u00fcr Buchungen.","inLanguage":"de-DE"},"inLanguage":"de-DE"},{"@type":"Question","@id":"https:\/\/www.deleurope.com\/de\/verbinden-sie-zimmer-suiten\/#faq-question-1697827306389","position":7,"url":"https:\/\/www.deleurope.com\/de\/verbinden-sie-zimmer-suiten\/#faq-question-1697827306389","name":"Wie kann ich meine Reservierung \u00e4ndern oder stornieren?","answerCount":1,"acceptedAnswer":{"@type":"Answer","text":"Um eine Reservierung zu stornieren oder zu \u00e4ndern, kontaktieren Sie uns bitte per E-Mail oder Telefon, oder besuchen Sie unsere Buchungsseite. Die Buchungsbedingungen k\u00f6nnen je nach gebuchtem Tarif variieren. ","inLanguage":"de-DE"},"inLanguage":"de-DE"},{"@type":"Question","@id":"https:\/\/www.deleurope.com\/de\/verbinden-sie-zimmer-suiten\/#faq-question-1697826231715","position":8,"url":"https:\/\/www.deleurope.com\/de\/verbinden-sie-zimmer-suiten\/#faq-question-1697826231715","name":"Warum muss ich meine Kreditkartendaten angeben?","answerCount":1,"acceptedAnswer":{"@type":"Answer","text":"Die G\u00e4ste m\u00fcssen Kreditkarteninformationen eingeben, um ihre Reservierung zu garantieren. Eine vorherige Anzahlung ist nicht erforderlich; die Kreditkarte wird nur im Falle einer versp\u00e4teten Stornierung belastet.","inLanguage":"de-DE"},"inLanguage":"de-DE"},{"@type":"Question","@id":"https:\/\/www.deleurope.com\/de\/verbinden-sie-zimmer-suiten\/#faq-question-1697827306389","position":9,"url":"https:\/\/www.deleurope.com\/de\/verbinden-sie-zimmer-suiten\/#faq-question-1697827306389","name":"K\u00f6nnen wir fr\u00fcher einchecken oder sp\u00e4ter auschecken? Wenn ja, wie hoch sind die zus\u00e4tzlichen Kosten?","answerCount":1,"acceptedAnswer":{"@type":"Answer","text":"Diese Anfrage h\u00e4ngt von der Verf\u00fcgbarkeit ab. Um ein fr\u00fches Einchecken zu garantieren, k\u00f6nnen wir die Nacht vor dem Anreisedatum buchen, um sicherzustellen, dass die G\u00e4ste ihr Zimmer fr\u00fch am Morgen betreten k\u00f6nnen.","inLanguage":"de-DE"},"inLanguage":"de-DE"},{"@type":"Question","@id":"https:\/\/www.deleurope.com\/de\/verbinden-sie-zimmer-suiten\/#faq-question-1697826231715","position":10,"url":"https:\/\/www.deleurope.com\/de\/verbinden-sie-zimmer-suiten\/#faq-question-1697826231715","name":"Wie sind die Check-in und Check-out Zeiten im De L'Europe?","answerCount":1,"acceptedAnswer":{"@type":"Answer","text":"Das Zimmer steht am Anreisetag ab 15.00 Uhr zur Verf\u00fcgung, und wir checken am Abreisetag bis 12.00 Uhr aus. Wenn Sie fr\u00fcher anreisen oder sp\u00e4ter abreisen m\u00f6chten, ist es m\u00f6glich, je nach Verf\u00fcgbarkeit einen fr\u00fchen Check-in oder sp\u00e4ten Check-out zu beantragen.","inLanguage":"de-DE"},"inLanguage":"de-DE"},{"@type":"Question","@id":"https:\/\/www.deleurope.com\/de\/verbinden-sie-zimmer-suiten\/#faq-question-1697827308476","position":11,"url":"https:\/\/www.deleurope.com\/de\/verbinden-sie-zimmer-suiten\/#faq-question-1697827308476","name":"Kann ich mein Gep\u00e4ck w\u00e4hrend der Erkundung von Amsterdam hier lassen?","answerCount":1,"acceptedAnswer":{"@type":"Answer","text":"Es ist uns ein Vergn\u00fcgen, das Gep\u00e4ck der Hotelg\u00e4ste vor und nach ihrem Aufenthalt in unserem verschlossenen Gep\u00e4ckraum aufzubewahren, damit sie Amsterdam in aller Ruhe erkunden k\u00f6nnen. Bitte beachten Sie, dass kein Geld, wertvolle Papiere, Wertpapiere, Wertgegenst\u00e4nde, zerbrechliche oder verderbliche Gegenst\u00e4nde in das eingelagerte Eigentum aufgenommen werden sollten. Bei der Ankunft erhalten die G\u00e4ste einen Gep\u00e4ckaufkleber, damit sie ihre Sachen leichter wiederfinden.","inLanguage":"de-DE"},"inLanguage":"de-DE"},{"@type":"Question","@id":"https:\/\/www.deleurope.com\/de\/verbinden-sie-zimmer-suiten\/#faq-question-1697827306389","position":12,"url":"https:\/\/www.deleurope.com\/de\/verbinden-sie-zimmer-suiten\/#faq-question-1697827306389","name":"Bieten Sie einen kostenlosen Shuttleservice vom Flughafen zum Hotel an?","answerCount":1,"acceptedAnswer":{"@type":"Answer","text":"Wir bieten keinen kostenlosen Flughafen-Shuttle-Service an. Unsere Concierge-Abteilung kann den G\u00e4sten jedoch bei der Organisation eines privaten Transports behilflich sein.","inLanguage":"de-DE"},"inLanguage":"de-DE"},{"@type":"Question","@id":"https:\/\/www.deleurope.com\/de\/verbinden-sie-zimmer-suiten\/#faq-question-1697826231715","position":13,"url":"https:\/\/www.deleurope.com\/de\/verbinden-sie-zimmer-suiten\/#faq-question-1697826231715","name":"Verf\u00fcgt De L'Europe \u00fcber einen Privattransfer?","answerCount":1,"acceptedAnswer":{"@type":"Answer","text":"Lassen Sie uns Ihren Transfer stilvoll mit unserer luxuri\u00f6sen Limousine erledigen. Vereinbaren Sie Ihren privaten Transfer, indem Sie sich an unser Concierge-Team wenden unter <a href=\"mailto:Concierge@deleurope.com\" target=\"_blank\" rel=\"noreferrer noopener\">Concierge@deleurope.com<\/a>.","inLanguage":"de-DE"},"inLanguage":"de-DE"},{"@type":"Question","@id":"https:\/\/www.deleurope.com\/de\/verbinden-sie-zimmer-suiten\/#faq-question-1706191165865","position":14,"url":"https:\/\/www.deleurope.com\/de\/verbinden-sie-zimmer-suiten\/#faq-question-1706191165865","name":"M\u00fcssen wir einen Parkplatz im Voraus reservieren?","answerCount":1,"acceptedAnswer":{"@type":"Answer","text":"Parkplatzreservierungen sind nur f\u00fcr Hotelg\u00e4ste m\u00f6glich. Wir bitten um Voranmeldung, um einen Parkplatz zu sichern.","inLanguage":"de-DE"},"inLanguage":"de-DE"},{"@type":"Question","@id":"https:\/\/www.deleurope.com\/de\/verbinden-sie-zimmer-suiten\/#faq-question-1706191234984","position":15,"url":"https:\/\/www.deleurope.com\/de\/verbinden-sie-zimmer-suiten\/#faq-question-1706191234984","name":"Wie kann ich das Hotel vom Flughafen aus mit \u00f6ffentlichen Verkehrsmitteln erreichen?","answerCount":1,"acceptedAnswer":{"@type":"Answer","text":"Die Z\u00fcge verkehren alle 15 Minuten zwischen dem Flughafen und dem Amsterdamer Hauptbahnhof. Diese Fahrt dauert 17 Minuten. Zugfahrkarten k\u00f6nnen an den Fahrkartenautomaten in der Ankunftshalle des Flughafens gel\u00f6st werden. Vom Amsterdamer Hauptbahnhof aus nehmen Sie am besten die brandneue Nord-S\u00fcd-Metrolinie (Nr. 52, Haltestelle: Rokin) oder die Stra\u00dfenbahnlinien 4 und 24 (Haltestelle: Muntplein). Die Fahrt vom Amsterdamer Hauptbahnhof zum Hotel dauert 10 Minuten, einschlie\u00dflich eines 1-min\u00fctigen Spaziergangs.","inLanguage":"de-DE"},"inLanguage":"de-DE"},{"@type":"Question","@id":"https:\/\/www.deleurope.com\/de\/verbinden-sie-zimmer-suiten\/#faq-question-1697827308476","position":16,"url":"https:\/\/www.deleurope.com\/de\/verbinden-sie-zimmer-suiten\/#faq-question-1697827308476","name":"Gibt es einen Zugang f\u00fcr Behinderte?","answerCount":1,"acceptedAnswer":{"@type":"Answer","text":"Das De L'Europe Amsterdam ist komplett rollstuhlgerecht, mit vier Aufz\u00fcgen im Hotel, einem rollstuhlgerechten Zugang zum Spa und barrierefreien Unterk\u00fcnften mit breiteren T\u00fcren, verstellbaren Waschbecken und Handl\u00e4ufen. Bitte geben Sie bei Ihrer Reservierung an, wenn Sie einen barrierefreien Zugang w\u00fcnschen.","inLanguage":"de-DE"},"inLanguage":"de-DE"}]}},"featured_image_src":"https:\/\/www.deleurope.com\/wp-content\/uploads\/2024\/02\/homepage-hero-1-600x400.webp","featured_image_src_square":"https:\/\/www.deleurope.com\/wp-content\/uploads\/2024\/02\/homepage-hero-1-600x600.webp","_links":{"self":[{"href":"https:\/\/www.deleurope.com\/de\/wp-json\/wp\/v2\/pages\/2934","targetHints":{"allow":["GET"]}}],"collection":[{"href":"https:\/\/www.deleurope.com\/de\/wp-json\/wp\/v2\/pages"}],"about":[{"href":"https:\/\/www.deleurope.com\/de\/wp-json\/wp\/v2\/types\/page"}],"author":[{"embeddable":true,"href":"https:\/\/www.deleurope.com\/de\/wp-json\/wp\/v2\/users\/6"}],"replies":[{"embeddable":true,"href":"https:\/\/www.deleurope.com\/de\/wp-json\/wp\/v2\/comments?post=2934"}],"version-history":[{"count":0,"href":"https:\/\/www.deleurope.com\/de\/wp-json\/wp\/v2\/pages\/2934\/revisions"}],"wp:featuredmedia":[{"embeddable":true,"href":"https:\/\/www.deleurope.com\/de\/wp-json\/wp\/v2\/media\/2935"}],"wp:attachment":[{"href":"https:\/\/www.deleurope.com\/de\/wp-json\/wp\/v2\/media?parent=2934"}],"curies":[{"name":"wp","href":"https:\/\/api.w.org\/{rel}","templated":true}]}}