{"id":3170,"date":"2024-01-15T11:34:12","date_gmt":"2024-01-15T11:34:12","guid":{"rendered":"https:\/\/www.deleurope.com\/angebote\/fuer-alle-kunst-und-kulturliebhaber\/"},"modified":"2024-03-07T13:36:30","modified_gmt":"2024-03-07T13:36:30","slug":"fuer-alle-kunst-und-kulturliebhaber","status":"publish","type":"page","link":"https:\/\/www.deleurope.com\/de\/angebote\/fuer-alle-kunst-und-kulturliebhaber\/","title":{"rendered":"F\u00dcR ALLE KUNST- UND KULTURLIEBHABER"},"content":{"rendered":"\n<div class=\"wp-block-columns margin-bottom-none is-layout-flex wp-container-core-columns-is-layout-9d6595d7 wp-block-columns-is-layout-flex\">\n<div class=\"wp-block-column two-texts-intro with-cta is-layout-flow wp-block-column-is-layout-flow\">\n<h2 class=\"wp-block-heading has-text-align-center rooms-description-white-box two-texts-bigger header-bigger with-cta has-extra-large-font-size\">ENTDECKEN SIE UNSER KULTURPAKET<\/h2>\n\n\n\n<p class=\"has-text-align-center\">De L&#8217;Europe bietet das ganze Jahr \u00fcber ein Kulturpaket an, das die G\u00e4ste dazu einl\u00e4dt, in die reiche Vielfalt von Kunst, Fotografie und Design in Amsterdam einzutauchen. Dieses Paket l\u00e4dt Sie dazu ein, die Geheimnisse der Kunst zu l\u00fcften und in Luxus zu schwelgen, indem Sie bei jedem Aufenthalt eine Leinwand voller kultureller Wunder schaffen. Lassen Sie sich verzaubern, und die Reise kann beginnen. <\/p>\n\n\n\n<p class=\"has-text-align-center\"><strong>Vom 16. Februar bis 9. Juni 2024 beinhaltet unser Kulturpaket einen exklusiven Aufenthalt von 2 N\u00e4chten, Eintrittskarten f\u00fcr die Frans Hals-Ausstellung im Rijksmuseum und ein spezielles Frans Hals-Amenity.<\/strong><\/p>\n\n\n\n<div class=\"wp-block-buttons is-content-justification-center is-layout-flex wp-container-core-buttons-is-layout-16018d1d wp-block-buttons-is-layout-flex\">\n<div class=\"wp-block-button is-style-outline book-now is-style-outline--1\" style=\"text-transform:uppercase\"><a class=\"wp-block-button__link has-central-palette-7-color has-central-palette-1-background-color has-text-color has-background has-text-align-center wp-element-button\" href=\"#\/booking\/step-1?group=SV\" style=\"border-radius:0px\" target=\"_blank\" rel=\"noreferrer noopener\">BUCHEN SIE DIESES ZEITLICH BEGRENZTE ANGEBOT<\/a><\/div>\n<\/div>\n<\/div>\n<\/div>\n\n<div class=\"wp-block-columns top-border align-left-text text-on-left wrap-2-columns eat-and-drink-cards is-layout-flex wp-container-core-columns-is-layout-9d6595d7 wp-block-columns-is-layout-flex\" id=\"graziella\">\n<div class=\"wp-block-column is-vertically-aligned-center middle-align is-layout-flow wp-block-column-is-layout-flow\" style=\"flex-basis:40%\">\n<div class=\"wp-block-group\"><div class=\"wp-block-group__inner-container is-layout-constrained wp-block-group-is-layout-constrained\">\n<h1 class=\"wp-block-heading\">FRANS HALS, DER MALER<\/h1>\n\n\n\n<p>Die Frans Hals-Ausstellung ist vom 16. Februar bis zum 9. Juni 2024 im Rijksmuseum zu sehen.<\/p>\n\n\n\n<p>Zu seiner Zeit war Frans Hals ein innovativer K\u00fcnstler, der es mit Malern wie Rembrandt in den Niederlanden und Vel\u00e1zquez in Spanien aufnehmen konnte. Anerkannt f\u00fcr seinen einzigartigen Stil, war er ein gefragter Portr\u00e4tist, der nicht nur die wohlhabenden B\u00fcrger Haarlems, sondern auch Kunden aus anderen niederl\u00e4ndischen St\u00e4dten bediente. Trotz seiner anf\u00e4nglichen Bekanntheit geriet das Werk von Hals im Laufe des 18. Jahrhunderts allm\u00e4hlich in Vergessenheit. <\/p>\n\n\n\n<p>Mitte des 19. Jahrhunderts von dem franz\u00f6sischen Kunstkritiker Th\u00e9ophile Thor\u00e9-B\u00fcrger wiederentdeckt, wurde er bis in die 20er Jahre zusammen mit Vermeer und Rembrandt als Teil der &#8222;gro\u00dfen Drei&#8220; der niederl\u00e4ndischen Malerei des 17. Nach einer Periode geringer Aufmerksamkeit will das Rijksmuseum Hals einer neuen Generation wieder n\u00e4her bringen, indem es seine innovativen Beitr\u00e4ge hervorhebt.<\/p>\n<\/div><\/div>\n\n\n\n<div class=\"wp-block-buttons is-content-justification-center is-layout-flex wp-container-core-buttons-is-layout-16018d1d wp-block-buttons-is-layout-flex\">\n<div class=\"wp-block-button is-style-outline book-now is-style-outline--2\" style=\"text-transform:uppercase\"><a class=\"wp-block-button__link has-central-palette-7-color has-central-palette-1-background-color has-text-color has-background has-text-align-center wp-element-button\" href=\"https:\/\/www.rijksmuseum.nl\/en\/whats-on\/exhibitions\/frans-hals\" style=\"border-radius:0px\" target=\"_blank\" rel=\"noreferrer noopener\">MEHR LERNEN<\/a><\/div>\n<\/div>\n<\/div>\n\n\n\n<div class=\"wp-block-column slider-wrap padding-left-md is-layout-flow wp-block-column-is-layout-flow\" style=\"flex-basis:60%\">\n<figure class=\"wp-block-image size-large\"><img loading=\"lazy\" decoding=\"async\" width=\"800\" height=\"547\" src=\"https:\/\/deleurope.com\/wp-content\/uploads\/2024\/01\/FRAN-HALS-800x547.jpg\" alt=\"\" class=\"wp-image-1259\"\/><\/figure>\n<\/div>\n<\/div>\n\n<div class=\"wp-block-columns no-border-top with-subheader image_left_text_bg_right wrap-2-columns is-layout-flex wp-container-core-columns-is-layout-9d6595d7 wp-block-columns-is-layout-flex\">\n<div class=\"wp-block-column slider-wrap is-layout-flow wp-block-column-is-layout-flow\" style=\"flex-basis:50%\">\n<figure class=\"wp-block-image size-large\"><img loading=\"lazy\" decoding=\"async\" width=\"800\" height=\"600\" src=\"https:\/\/deleurope.com\/wp-content\/uploads\/2024\/01\/Fran-hals-exibition-amsterdam-800x600.jpg\" alt=\"\" class=\"wp-image-1255\" srcset=\"https:\/\/www.deleurope.com\/wp-content\/uploads\/2024\/01\/Fran-hals-exibition-amsterdam-800x600.jpg 800w, https:\/\/www.deleurope.com\/wp-content\/uploads\/2024\/01\/Fran-hals-exibition-amsterdam-400x300.jpg 400w\" sizes=\"auto, (max-width: 800px) 100vw, 800px\" \/><\/figure>\n<\/div>\n\n\n\n<div class=\"wp-block-column is-vertically-aligned-center middle-align is-layout-flow wp-block-column-is-layout-flow\" style=\"flex-basis:50%\">\n<div class=\"wp-block-columns is-layout-flex wp-container-core-columns-is-layout-9d6595d7 wp-block-columns-is-layout-flex\">\n<div class=\"wp-block-column has-central-palette-4-background-color has-background is-layout-flow wp-block-column-is-layout-flow\">\n<h2 class=\"wp-block-heading has-text-align-center has-extra-large-font-size\">Eingeschlossen<\/h2>\n\n\n\n<h4 class=\"wp-block-heading has-text-align-center\"> RIJKSMUSEUM FRANS HALS PAKET<\/h4>\n\n\n\n<ul class=\"wp-block-list\">\n<li>5-Sterne-Unterkunft<\/li>\n\n\n\n<li>Leckeres Fr\u00fchst\u00fcck<\/li>\n\n\n\n<li>Der Katalog von Frans Hals<\/li>\n\n\n\n<li>Rijksmuseum Vriendschap (Ticket) f\u00fcr den Besuch des Rijksmuseums und der faszinierenden Frans Hals-Ausstellung<\/li>\n<\/ul>\n\n\n\n<div class=\"wp-block-buttons is-content-justification-center is-layout-flex wp-container-core-buttons-is-layout-16018d1d wp-block-buttons-is-layout-flex\">\n<div class=\"wp-block-button is-style-outline not-italic is-style-outline--3\" style=\"text-transform:uppercase\"><a class=\"wp-block-button__link wp-element-button\" href=\"#\/booking\/step-1?group=SV\" style=\"border-radius:0px\" target=\"_blank\" rel=\"noreferrer noopener\">Verf\u00fcgbarkeit pr\u00fcfen<\/a><\/div>\n<\/div>\n<\/div>\n<\/div>\n<\/div>\n<\/div>\n\n<div class=\"wp-block-columns margin-bottom-none is-layout-flex wp-container-core-columns-is-layout-9d6595d7 wp-block-columns-is-layout-flex\">\n<div class=\"wp-block-column two-texts-intro is-layout-flow wp-block-column-is-layout-flow\">\n<h2 class=\"wp-block-heading has-text-align-center rooms-description-white-box two-texts-bigger header-bigger has-extra-large-font-size\">TERMS <strong>&amp;<\/strong> BEDINGUNGEN<\/h2>\n\n\n\n<p class=\"has-text-align-center two-texts-smaller\">Die Preise sind flexibel und basieren auf einer Belegung mit zwei Personen. Die Preise verstehen sich inklusive Mehrwertsteuer, exklusive City Tax. Dieses Angebot ist buchbar bis zum 9. Juni 2024 und je nach Verf\u00fcgbarkeit ist eine Stornierung bis 96 Stunden vor Anreise m\u00f6glich.<\/p>\n<\/div>\n<\/div>\n\n<div class=\"wp-block-columns block-with-centered-overlay no-margins is-layout-flex wp-container-core-columns-is-layout-9d6595d7 wp-block-columns-is-layout-flex\">\n<div class=\"wp-block-column is-layout-flow wp-block-column-is-layout-flow\">\n<div class=\"wp-block-cover\"><span aria-hidden=\"true\" class=\"wp-block-cover__background has-background-dim\"><\/span><img loading=\"lazy\" decoding=\"async\" width=\"1500\" height=\"1125\" class=\"wp-block-cover__image-background wp-image-1786\" alt=\"Het Rijksmuseum Amsterdam\" src=\"https:\/\/deleurope.com\/wp-content\/uploads\/2024\/01\/sten-rademaker-8VRl91VrExA-unsplash.jpg\" data-object-fit=\"cover\" srcset=\"https:\/\/www.deleurope.com\/wp-content\/uploads\/2024\/01\/sten-rademaker-8VRl91VrExA-unsplash.jpg 1500w, https:\/\/www.deleurope.com\/wp-content\/uploads\/2024\/01\/sten-rademaker-8VRl91VrExA-unsplash-400x300.jpg 400w, https:\/\/www.deleurope.com\/wp-content\/uploads\/2024\/01\/sten-rademaker-8VRl91VrExA-unsplash-800x600.jpg 800w, https:\/\/www.deleurope.com\/wp-content\/uploads\/2024\/01\/sten-rademaker-8VRl91VrExA-unsplash-768x576.jpg 768w\" sizes=\"auto, (max-width: 1500px) 100vw, 1500px\" \/><div class=\"wp-block-cover__inner-container is-layout-constrained wp-block-cover-is-layout-constrained\">\n<div class=\"wp-block-columns is-layout-flex wp-container-core-columns-is-layout-9d6595d7 wp-block-columns-is-layout-flex\">\n<div class=\"wp-block-column overlay-hero-middle has-central-palette-7-background-color has-background is-layout-flow wp-block-column-is-layout-flow\">\n<h2 class=\"wp-block-heading has-text-align-center has-central-palette-1-color has-text-color has-extra-large-font-size\">DIE RIJKS<wbr>MUSEUM <\/wbr> <\/h2>\n\n\n\n<p class=\"has-text-align-center has-central-palette-1-color has-text-color\">Das Rijksmuseum in Amsterdam ist eine kulturelle Schatzkammer, in der das reiche k\u00fcnstlerische Erbe der Niederlande gew\u00fcrdigt wird. Dieses ikonische Museum ist ein lebendiges Schaufenster der niederl\u00e4ndischen Kunst und Geschichte mit einer umfangreichen Sammlung, die sich \u00fcber Jahrhunderte erstreckt. Von Meisterwerken ber\u00fchmter niederl\u00e4ndischer Maler bis hin zu historischen Artefakten l\u00e4dt das Rijksmuseum seine Besucher auf eine fesselnde Reise durch die k\u00fcnstlerische und kulturelle Entwicklung des Landes ein. Tauchen Sie ein in die Sch\u00f6nheit und Bedeutung der niederl\u00e4ndischen Kunst im Rijksmuseum, einem Ort, der Kunstliebhaber und Neugierige gleicherma\u00dfen anlockt.<\/p>\n\n\n\n<div class=\"wp-block-buttons is-content-justification-center is-layout-flex wp-container-core-buttons-is-layout-16018d1d wp-block-buttons-is-layout-flex\">\n<div class=\"wp-block-button is-style-outline not-italic is-style-outline--4\" style=\"text-transform:uppercase\"><a class=\"wp-block-button__link has-central-palette-1-color has-text-color wp-element-button\" href=\"https:\/\/www.rijksmuseum.nl\/en\" style=\"border-radius:0px\" target=\"_blank\" rel=\"noreferrer noopener\">DIscover mehr<\/a><\/div>\n<\/div>\n<\/div>\n<\/div>\n<\/div><\/div>\n<\/div>\n<\/div>\n\n<div class=\"wp-block-columns special-request is-layout-flex wp-container-core-columns-is-layout-9d6595d7 wp-block-columns-is-layout-flex\">\n<div class=\"wp-block-column has-central-palette-11-background-color has-background is-layout-flow wp-block-column-is-layout-flow\">\n<h2 class=\"wp-block-heading has-text-align-center has-extra-large-font-size\">Besondere Anfrage<\/h2>\n\n\n\n<p class=\"has-text-align-center\">Wir freuen uns, Ihren besonderen Wunsch zu erf\u00fcllen. Ihr Komfort ist unsere Priorit\u00e4t, und wir freuen uns darauf, Ihnen ein angenehmes Erlebnis zu bieten.<\/p>\n\n\n\n<div class=\"wp-block-buttons is-content-justification-center is-layout-flex wp-container-core-buttons-is-layout-16018d1d wp-block-buttons-is-layout-flex\">\n<div class=\"wp-block-button is-style-outline not-italic is-style-outline--5\" style=\"text-transform:uppercase\"><a class=\"wp-block-button__link wp-element-button\" href=\"mailto:reservations@deleurope.com\" style=\"border-radius:0px\" target=\"_blank\" rel=\"noreferrer noopener\">ANFRAGE<\/a><\/div>\n<\/div>\n<\/div>\n<\/div>\n","protected":false},"excerpt":{"rendered":"<p>ENTDECKEN SIE UNSER KULTURPAKET De L&#8217;Europe bietet das ganze Jahr \u00fcber ein Kulturpaket an, das die G\u00e4ste dazu einl\u00e4dt, in die reiche Vielfalt von Kunst, Fotografie und Design in Amsterdam einzutauchen. Dieses Paket l\u00e4dt Sie dazu ein, die Geheimnisse der Kunst zu l\u00fcften und in Luxus zu schwelgen, indem Sie bei jedem Aufenthalt eine Leinwand [&hellip;]<\/p>\n","protected":false},"author":17,"featured_media":3173,"parent":3026,"menu_order":3,"comment_status":"closed","ping_status":"closed","template":"","meta":{"_acf_changed":false,"footnotes":""},"class_list":["post-3170","page","type-page","status-publish","has-post-thumbnail","hentry"],"acf":[],"yoast_head":"<!-- This site is optimized with the Yoast SEO plugin v27.3 - https:\/\/yoast.com\/product\/yoast-seo-wordpress\/ -->\n<title>F\u00dcR ALLE KUNST- UND KULTURLIEBHABER - De L&#039;Europe Amsterdam<\/title>\n<meta name=\"description\" content=\"G\u00f6nnen Sie sich unser kulturelles Frans Hals-Paket, das einen exklusiven Aufenthalt von 2 N\u00e4chten und Eintrittskarten f\u00fcr die Ausstellung im Rijksmuseum beinhaltet.\" \/>\n<meta name=\"robots\" content=\"index, follow, max-snippet:-1, max-image-preview:large, max-video-preview:-1\" \/>\n<link rel=\"canonical\" href=\"https:\/\/www.deleurope.com\/de\/angebote\/fuer-alle-kunst-und-kulturliebhaber\/\" \/>\n<meta property=\"og:locale\" content=\"de_DE\" \/>\n<meta property=\"og:type\" content=\"article\" \/>\n<meta property=\"og:title\" content=\"F\u00dcR ALLE KUNST- UND KULTURLIEBHABER - De L&#039;Europe Amsterdam\" \/>\n<meta property=\"og:description\" content=\"G\u00f6nnen Sie sich unser kulturelles Frans Hals-Paket, das einen exklusiven Aufenthalt von 2 N\u00e4chten und Eintrittskarten f\u00fcr die Ausstellung im Rijksmuseum beinhaltet.\" \/>\n<meta property=\"og:url\" content=\"https:\/\/www.deleurope.com\/de\/angebote\/fuer-alle-kunst-und-kulturliebhaber\/\" \/>\n<meta property=\"og:site_name\" content=\"De L&#039;Europe Amsterdam\" \/>\n<meta property=\"article:modified_time\" content=\"2024-03-07T13:36:30+00:00\" \/>\n<meta property=\"og:image\" content=\"https:\/\/www.deleurope.com\/wp-content\/uploads\/2024\/01\/Rijksmuseum-Frans-Hals-Exhibition-2.jpg\" \/>\n\t<meta property=\"og:image:width\" content=\"1680\" \/>\n\t<meta property=\"og:image:height\" content=\"730\" \/>\n\t<meta property=\"og:image:type\" content=\"image\/jpeg\" \/>\n<meta name=\"twitter:card\" content=\"summary_large_image\" \/>\n<meta name=\"twitter:label1\" content=\"Gesch\u00e4tzte Lesezeit\" \/>\n\t<meta name=\"twitter:data1\" content=\"2 Minuten\" \/>\n<script type=\"application\/ld+json\" class=\"yoast-schema-graph\">{\"@context\":\"https:\\\/\\\/schema.org\",\"@graph\":[{\"@type\":\"WebPage\",\"@id\":\"https:\\\/\\\/www.deleurope.com\\\/de\\\/angebote\\\/fuer-alle-kunst-und-kulturliebhaber\\\/\",\"url\":\"https:\\\/\\\/www.deleurope.com\\\/de\\\/angebote\\\/fuer-alle-kunst-und-kulturliebhaber\\\/\",\"name\":\"F\u00dcR ALLE KUNST- UND KULTURLIEBHABER - De L&#039;Europe Amsterdam\",\"isPartOf\":{\"@id\":\"https:\\\/\\\/www.deleurope.com\\\/de\\\/#website\"},\"primaryImageOfPage\":{\"@id\":\"https:\\\/\\\/www.deleurope.com\\\/de\\\/angebote\\\/fuer-alle-kunst-und-kulturliebhaber\\\/#primaryimage\"},\"image\":{\"@id\":\"https:\\\/\\\/www.deleurope.com\\\/de\\\/angebote\\\/fuer-alle-kunst-und-kulturliebhaber\\\/#primaryimage\"},\"thumbnailUrl\":\"https:\\\/\\\/www.deleurope.com\\\/wp-content\\\/uploads\\\/2024\\\/01\\\/Rijksmuseum-Frans-Hals-Exhibition-2.jpg\",\"datePublished\":\"2024-01-15T11:34:12+00:00\",\"dateModified\":\"2024-03-07T13:36:30+00:00\",\"description\":\"G\u00f6nnen Sie sich unser kulturelles Frans Hals-Paket, das einen exklusiven Aufenthalt von 2 N\u00e4chten und Eintrittskarten f\u00fcr die Ausstellung im Rijksmuseum beinhaltet.\",\"breadcrumb\":{\"@id\":\"https:\\\/\\\/www.deleurope.com\\\/de\\\/angebote\\\/fuer-alle-kunst-und-kulturliebhaber\\\/#breadcrumb\"},\"inLanguage\":\"de-DE\",\"potentialAction\":[{\"@type\":\"ReadAction\",\"target\":[\"https:\\\/\\\/www.deleurope.com\\\/de\\\/angebote\\\/fuer-alle-kunst-und-kulturliebhaber\\\/\"]}]},{\"@type\":\"ImageObject\",\"inLanguage\":\"de-DE\",\"@id\":\"https:\\\/\\\/www.deleurope.com\\\/de\\\/angebote\\\/fuer-alle-kunst-und-kulturliebhaber\\\/#primaryimage\",\"url\":\"https:\\\/\\\/www.deleurope.com\\\/wp-content\\\/uploads\\\/2024\\\/01\\\/Rijksmuseum-Frans-Hals-Exhibition-2.jpg\",\"contentUrl\":\"https:\\\/\\\/www.deleurope.com\\\/wp-content\\\/uploads\\\/2024\\\/01\\\/Rijksmuseum-Frans-Hals-Exhibition-2.jpg\",\"width\":1680,\"height\":730},{\"@type\":\"BreadcrumbList\",\"@id\":\"https:\\\/\\\/www.deleurope.com\\\/de\\\/angebote\\\/fuer-alle-kunst-und-kulturliebhaber\\\/#breadcrumb\",\"itemListElement\":[{\"@type\":\"ListItem\",\"position\":1,\"name\":\"Home\",\"item\":\"https:\\\/\\\/www.deleurope.com\\\/de\\\/\"},{\"@type\":\"ListItem\",\"position\":2,\"name\":\"Angebote\",\"item\":\"https:\\\/\\\/www.deleurope.com\\\/de\\\/angebote\\\/\"},{\"@type\":\"ListItem\",\"position\":3,\"name\":\"F\u00dcR ALLE KUNST- UND KULTURLIEBHABER\"}]},{\"@type\":\"WebSite\",\"@id\":\"https:\\\/\\\/www.deleurope.com\\\/de\\\/#website\",\"url\":\"https:\\\/\\\/www.deleurope.com\\\/de\\\/\",\"name\":\"De L&#039;Europe Amsterdam\",\"description\":\"Home of original Amsterdam luxury.\",\"potentialAction\":[{\"@type\":\"SearchAction\",\"target\":{\"@type\":\"EntryPoint\",\"urlTemplate\":\"https:\\\/\\\/www.deleurope.com\\\/de\\\/?s={search_term_string}\"},\"query-input\":{\"@type\":\"PropertyValueSpecification\",\"valueRequired\":true,\"valueName\":\"search_term_string\"}}],\"inLanguage\":\"de-DE\"}]}<\/script>\n<!-- \/ Yoast SEO plugin. -->","yoast_head_json":{"title":"F\u00dcR ALLE KUNST- UND KULTURLIEBHABER - De L&#039;Europe Amsterdam","description":"G\u00f6nnen Sie sich unser kulturelles Frans Hals-Paket, das einen exklusiven Aufenthalt von 2 N\u00e4chten und Eintrittskarten f\u00fcr die Ausstellung im Rijksmuseum beinhaltet.","robots":{"index":"index","follow":"follow","max-snippet":"max-snippet:-1","max-image-preview":"max-image-preview:large","max-video-preview":"max-video-preview:-1"},"canonical":"https:\/\/www.deleurope.com\/de\/angebote\/fuer-alle-kunst-und-kulturliebhaber\/","og_locale":"de_DE","og_type":"article","og_title":"F\u00dcR ALLE KUNST- UND KULTURLIEBHABER - De L&#039;Europe Amsterdam","og_description":"G\u00f6nnen Sie sich unser kulturelles Frans Hals-Paket, das einen exklusiven Aufenthalt von 2 N\u00e4chten und Eintrittskarten f\u00fcr die Ausstellung im Rijksmuseum beinhaltet.","og_url":"https:\/\/www.deleurope.com\/de\/angebote\/fuer-alle-kunst-und-kulturliebhaber\/","og_site_name":"De L&#039;Europe Amsterdam","article_modified_time":"2024-03-07T13:36:30+00:00","og_image":[{"width":1680,"height":730,"url":"https:\/\/www.deleurope.com\/wp-content\/uploads\/2024\/01\/Rijksmuseum-Frans-Hals-Exhibition-2.jpg","type":"image\/jpeg"}],"twitter_card":"summary_large_image","twitter_misc":{"Gesch\u00e4tzte Lesezeit":"2 Minuten"},"schema":{"@context":"https:\/\/schema.org","@graph":[{"@type":"WebPage","@id":"https:\/\/www.deleurope.com\/de\/angebote\/fuer-alle-kunst-und-kulturliebhaber\/","url":"https:\/\/www.deleurope.com\/de\/angebote\/fuer-alle-kunst-und-kulturliebhaber\/","name":"F\u00dcR ALLE KUNST- UND KULTURLIEBHABER - De L&#039;Europe Amsterdam","isPartOf":{"@id":"https:\/\/www.deleurope.com\/de\/#website"},"primaryImageOfPage":{"@id":"https:\/\/www.deleurope.com\/de\/angebote\/fuer-alle-kunst-und-kulturliebhaber\/#primaryimage"},"image":{"@id":"https:\/\/www.deleurope.com\/de\/angebote\/fuer-alle-kunst-und-kulturliebhaber\/#primaryimage"},"thumbnailUrl":"https:\/\/www.deleurope.com\/wp-content\/uploads\/2024\/01\/Rijksmuseum-Frans-Hals-Exhibition-2.jpg","datePublished":"2024-01-15T11:34:12+00:00","dateModified":"2024-03-07T13:36:30+00:00","description":"G\u00f6nnen Sie sich unser kulturelles Frans Hals-Paket, das einen exklusiven Aufenthalt von 2 N\u00e4chten und Eintrittskarten f\u00fcr die Ausstellung im Rijksmuseum beinhaltet.","breadcrumb":{"@id":"https:\/\/www.deleurope.com\/de\/angebote\/fuer-alle-kunst-und-kulturliebhaber\/#breadcrumb"},"inLanguage":"de-DE","potentialAction":[{"@type":"ReadAction","target":["https:\/\/www.deleurope.com\/de\/angebote\/fuer-alle-kunst-und-kulturliebhaber\/"]}]},{"@type":"ImageObject","inLanguage":"de-DE","@id":"https:\/\/www.deleurope.com\/de\/angebote\/fuer-alle-kunst-und-kulturliebhaber\/#primaryimage","url":"https:\/\/www.deleurope.com\/wp-content\/uploads\/2024\/01\/Rijksmuseum-Frans-Hals-Exhibition-2.jpg","contentUrl":"https:\/\/www.deleurope.com\/wp-content\/uploads\/2024\/01\/Rijksmuseum-Frans-Hals-Exhibition-2.jpg","width":1680,"height":730},{"@type":"BreadcrumbList","@id":"https:\/\/www.deleurope.com\/de\/angebote\/fuer-alle-kunst-und-kulturliebhaber\/#breadcrumb","itemListElement":[{"@type":"ListItem","position":1,"name":"Home","item":"https:\/\/www.deleurope.com\/de\/"},{"@type":"ListItem","position":2,"name":"Angebote","item":"https:\/\/www.deleurope.com\/de\/angebote\/"},{"@type":"ListItem","position":3,"name":"F\u00dcR ALLE KUNST- UND KULTURLIEBHABER"}]},{"@type":"WebSite","@id":"https:\/\/www.deleurope.com\/de\/#website","url":"https:\/\/www.deleurope.com\/de\/","name":"De L&#039;Europe Amsterdam","description":"Home of original Amsterdam luxury.","potentialAction":[{"@type":"SearchAction","target":{"@type":"EntryPoint","urlTemplate":"https:\/\/www.deleurope.com\/de\/?s={search_term_string}"},"query-input":{"@type":"PropertyValueSpecification","valueRequired":true,"valueName":"search_term_string"}}],"inLanguage":"de-DE"}]}},"featured_image_src":"https:\/\/www.deleurope.com\/wp-content\/uploads\/2024\/01\/Rijksmuseum-Frans-Hals-Exhibition-2-600x400.jpg","featured_image_src_square":"https:\/\/www.deleurope.com\/wp-content\/uploads\/2024\/01\/Rijksmuseum-Frans-Hals-Exhibition-2-600x600.jpg","_links":{"self":[{"href":"https:\/\/www.deleurope.com\/de\/wp-json\/wp\/v2\/pages\/3170","targetHints":{"allow":["GET"]}}],"collection":[{"href":"https:\/\/www.deleurope.com\/de\/wp-json\/wp\/v2\/pages"}],"about":[{"href":"https:\/\/www.deleurope.com\/de\/wp-json\/wp\/v2\/types\/page"}],"author":[{"embeddable":true,"href":"https:\/\/www.deleurope.com\/de\/wp-json\/wp\/v2\/users\/17"}],"replies":[{"embeddable":true,"href":"https:\/\/www.deleurope.com\/de\/wp-json\/wp\/v2\/comments?post=3170"}],"version-history":[{"count":0,"href":"https:\/\/www.deleurope.com\/de\/wp-json\/wp\/v2\/pages\/3170\/revisions"}],"up":[{"embeddable":true,"href":"https:\/\/www.deleurope.com\/de\/wp-json\/wp\/v2\/pages\/3026"}],"wp:featuredmedia":[{"embeddable":true,"href":"https:\/\/www.deleurope.com\/de\/wp-json\/wp\/v2\/media\/3173"}],"wp:attachment":[{"href":"https:\/\/www.deleurope.com\/de\/wp-json\/wp\/v2\/media?parent=3170"}],"curies":[{"name":"wp","href":"https:\/\/api.w.org\/{rel}","templated":true}]}}