{"id":3512,"date":"2024-01-15T14:21:28","date_gmt":"2024-01-15T14:21:28","guid":{"rendered":"https:\/\/www.deleurope.com\/zimmer-suiten\/harpers-bazaar-suite\/"},"modified":"2026-08-20T07:39:10","modified_gmt":"2026-08-20T07:39:10","slug":"harpers-bazaar-suite","status":"publish","type":"page","link":"https:\/\/www.deleurope.com\/de\/zimmer-suiten\/harpers-bazaar-suite\/","title":{"rendered":"Harper&#8217;s Bazaar Suite"},"content":{"rendered":"\n<div class=\"wp-block-columns is-layout-flex wp-container-core-columns-is-layout-8f761849 wp-block-columns-is-layout-flex\">\n<div class=\"wp-block-column description-and-button is-layout-flow wp-block-column-is-layout-flow\">\n<p class=\"has-text-align-center rooms-description-white-box has-large-font-size wp-block-paragraph\">Tauchen Sie ein in das gem\u00fctliche Ambiente der Pionierzeitschrift Harper&#8217;s Bazaar. Die von Chefredakteurin Miluska van &#8218;t Lam kuratierte Suite ist ein wahrer Pageturner, vollgepackt mit handverlesenen Artikeln und stilvollen Details. Alle verk\u00f6rpern den Elan des Magazins &#8211; eine Mischung aus Kunst, Mode und subtilem Retro-Touch. Entdecken Sie die Design-Geheimnisse von Bazaar und genie\u00dfen Sie dabei einen privaten Balkon mit Blick auf das Wasser und den Charme der niederl\u00e4ndischen Architektur. <\/p>\n\n\n\n<div class=\"wp-block-buttons is-content-justification-center is-layout-flex wp-container-core-buttons-is-layout-fe48e5de wp-block-buttons-is-layout-flex\">\n<div class=\"wp-block-button is-style-outline book-now is-style-outline--1\"><a class=\"wp-block-button__link has-central-palette-7-color has-central-palette-1-background-color has-text-color has-background has-text-align-center wp-element-button\" href=\"#\/booking\/step-1?room=AFS\" style=\"border-radius:0px;text-transform:uppercase\">Book now<\/a><\/div>\n<\/div>\n<\/div>\n<\/div>\n\n<div class=\"wp-block-columns gallery-with-caption is-layout-flex wp-container-core-columns-is-layout-8f761849 wp-block-columns-is-layout-flex\">\n<div class=\"wp-block-column is-layout-flow wp-block-column-is-layout-flow\">\n<div class=\"wp-block-columns text-on-left wrap-2-columns eat-and-drink-cards top-border is-layout-flex wp-container-core-columns-is-layout-8f761849 wp-block-columns-is-layout-flex\" id=\"graziella\">\n<div class=\"wp-block-column is-vertically-aligned-center middle-align is-layout-flow wp-block-column-is-layout-flow\" style=\"flex-basis:50%\">\n<h2 class=\"wp-block-heading has-text-align-center has-extra-large-font-size\" style=\"text-transform:capitalize\">In-Suite-Erlebnis<\/h2>\n\n\n\n<div class=\"wp-block-group\"><div class=\"wp-block-group__inner-container is-layout-constrained wp-block-group-is-layout-constrained\">\n<p class=\"has-text-align-center wp-block-paragraph\">Tauchen Sie ein in die fesselnde Welt der Mode, Sch\u00f6nheit und Kultur mit unserer Harper&#8217;s Bazaar Suite, einer Oase, die vom Erbe der angesehenen Publikation in den Niederlanden inspiriert ist. Von dem Moment an, in dem Sie ankommen, werden Sie in die schicke Eleganz und Raffinesse eintauchen, die die Marke Harper&#8217;s Bazaar ausmachen. Die Suite ist mit stilvollem Dekor und Kunstwerken geschm\u00fcckt und bietet einen Einblick in das glamour\u00f6se Reich der Haute Couture und der kulturellen Raffinesse. Lassen Sie sich von den Annehmlichkeiten verw\u00f6hnen, die das Wesen von Harper&#8217;s Bazaar widerspiegeln, von Designer-Toilettenartikeln bis hin zu exklusiven Modemagazinen, in denen die neuesten Trends und Insiderwissen vorgestellt werden. Ganz gleich, ob Sie Entspannung oder Inspiration suchen, die Harper&#8217;s Bazaar Suite verspricht ein unvergessliches Erlebnis, bei dem Luxus und die Faszination der Mode- und Kulturwelt nahtlos ineinander \u00fcbergehen.    <\/p>\n<\/div><\/div>\n<\/div>\n\n\n\n<div class=\"wp-block-column slider-wrap padding-left-md is-layout-flow wp-block-column-is-layout-flow\" style=\"flex-basis:50%\">\n<figure class=\"wp-block-image size-full\"><img decoding=\"async\" src=\"data:image\/gif;base64,R0lGODlhAQABAIAAAAAAAP\/\/\/ywAAAAAAQABAAACAUwAOw==\" fifu-lazy=\"1\" fifu-data-sizes=\"auto\" fifu-data-srcset=\"https:\/\/i0.wp.com\/www.deleurope.com\/wp-content\/uploads\/2024\/05\/Harpers-Bazaar-2.jpg?ssl=1&w=75&resize=75&ssl=1 75w, https:\/\/i0.wp.com\/www.deleurope.com\/wp-content\/uploads\/2024\/05\/Harpers-Bazaar-2.jpg?ssl=1&w=100&resize=100&ssl=1 100w, https:\/\/i0.wp.com\/www.deleurope.com\/wp-content\/uploads\/2024\/05\/Harpers-Bazaar-2.jpg?ssl=1&w=150&resize=150&ssl=1 150w, https:\/\/i0.wp.com\/www.deleurope.com\/wp-content\/uploads\/2024\/05\/Harpers-Bazaar-2.jpg?ssl=1&w=240&resize=240&ssl=1 240w, https:\/\/i0.wp.com\/www.deleurope.com\/wp-content\/uploads\/2024\/05\/Harpers-Bazaar-2.jpg?ssl=1&w=320&resize=320&ssl=1 320w, https:\/\/i0.wp.com\/www.deleurope.com\/wp-content\/uploads\/2024\/05\/Harpers-Bazaar-2.jpg?ssl=1&w=500&resize=500&ssl=1 500w, https:\/\/i0.wp.com\/www.deleurope.com\/wp-content\/uploads\/2024\/05\/Harpers-Bazaar-2.jpg?ssl=1&w=640&resize=640&ssl=1 640w, https:\/\/i0.wp.com\/www.deleurope.com\/wp-content\/uploads\/2024\/05\/Harpers-Bazaar-2.jpg?ssl=1&w=800&resize=800&ssl=1 800w, https:\/\/i0.wp.com\/www.deleurope.com\/wp-content\/uploads\/2024\/05\/Harpers-Bazaar-2.jpg?ssl=1&w=1024&resize=1024&ssl=1 1024w, https:\/\/i0.wp.com\/www.deleurope.com\/wp-content\/uploads\/2024\/05\/Harpers-Bazaar-2.jpg?ssl=1&w=1280&resize=1280&ssl=1 1280w, https:\/\/i0.wp.com\/www.deleurope.com\/wp-content\/uploads\/2024\/05\/Harpers-Bazaar-2.jpg?ssl=1&w=1600&resize=1600&ssl=1 1600w\" fifu-data-src=\"https:\/\/i0.wp.com\/www.deleurope.com\/wp-content\/uploads\/2024\/05\/Harpers-Bazaar-2.jpg?ssl=1\" alt=\"Harper's Bazaar Suite - De L'Europe Amsterdam\" class=\"wp-image-4860\" style=\"aspect-ratio:4\/3;object-fit:cover\"\/><\/figure>\n<\/div>\n<\/div>\n\n\n\n<div class=\"wp-block-columns columns_slider_text wrap-2-columns eat-and-drink-cards is-layout-flex wp-container-core-columns-is-layout-8f761849 wp-block-columns-is-layout-flex\" id=\"flore\">\n<div class=\"wp-block-column slider-wrap is-layout-flow wp-block-column-is-layout-flow\" style=\"flex-basis:50%\">\n<figure class=\"wp-block-image size-full\"><img decoding=\"async\" src=\"data:image\/gif;base64,R0lGODlhAQABAIAAAAAAAP\/\/\/ywAAAAAAQABAAACAUwAOw==\" fifu-lazy=\"1\" fifu-data-sizes=\"auto\" fifu-data-srcset=\"https:\/\/i0.wp.com\/www.deleurope.com\/wp-content\/uploads\/2024\/05\/Harpers-Bazaar-1.jpg?ssl=1&w=75&resize=75&ssl=1 75w, https:\/\/i0.wp.com\/www.deleurope.com\/wp-content\/uploads\/2024\/05\/Harpers-Bazaar-1.jpg?ssl=1&w=100&resize=100&ssl=1 100w, https:\/\/i0.wp.com\/www.deleurope.com\/wp-content\/uploads\/2024\/05\/Harpers-Bazaar-1.jpg?ssl=1&w=150&resize=150&ssl=1 150w, https:\/\/i0.wp.com\/www.deleurope.com\/wp-content\/uploads\/2024\/05\/Harpers-Bazaar-1.jpg?ssl=1&w=240&resize=240&ssl=1 240w, https:\/\/i0.wp.com\/www.deleurope.com\/wp-content\/uploads\/2024\/05\/Harpers-Bazaar-1.jpg?ssl=1&w=320&resize=320&ssl=1 320w, https:\/\/i0.wp.com\/www.deleurope.com\/wp-content\/uploads\/2024\/05\/Harpers-Bazaar-1.jpg?ssl=1&w=500&resize=500&ssl=1 500w, https:\/\/i0.wp.com\/www.deleurope.com\/wp-content\/uploads\/2024\/05\/Harpers-Bazaar-1.jpg?ssl=1&w=640&resize=640&ssl=1 640w, https:\/\/i0.wp.com\/www.deleurope.com\/wp-content\/uploads\/2024\/05\/Harpers-Bazaar-1.jpg?ssl=1&w=800&resize=800&ssl=1 800w, https:\/\/i0.wp.com\/www.deleurope.com\/wp-content\/uploads\/2024\/05\/Harpers-Bazaar-1.jpg?ssl=1&w=1024&resize=1024&ssl=1 1024w, https:\/\/i0.wp.com\/www.deleurope.com\/wp-content\/uploads\/2024\/05\/Harpers-Bazaar-1.jpg?ssl=1&w=1280&resize=1280&ssl=1 1280w, https:\/\/i0.wp.com\/www.deleurope.com\/wp-content\/uploads\/2024\/05\/Harpers-Bazaar-1.jpg?ssl=1&w=1600&resize=1600&ssl=1 1600w\" fifu-data-src=\"https:\/\/i0.wp.com\/www.deleurope.com\/wp-content\/uploads\/2024\/05\/Harpers-Bazaar-1.jpg?ssl=1\" alt=\"Harper's Bazaar Suite - De L'Europe Amsterdam\" class=\"wp-image-4870\" style=\"aspect-ratio:4\/3;object-fit:cover\"\/><\/figure>\n<\/div>\n\n\n\n<div class=\"wp-block-column is-vertically-aligned-center middle-align is-layout-flow wp-block-column-is-layout-flow\" style=\"flex-basis:50%\">\n<h2 class=\"wp-block-heading has-text-align-center has-extra-large-font-size\" style=\"text-transform:capitalize\">Out-Suite Erfahrung<\/h2>\n\n\n\n<div class=\"wp-block-group\"><div class=\"wp-block-group__inner-container is-layout-constrained wp-block-group-is-layout-constrained\">\n<p class=\"has-text-align-center wp-block-paragraph\">Harper\u2019s Bazaar pr\u00e4sentiert eine Reihe von Hotspots, die den Inbegriff von Stil und Raffinesse verk\u00f6rpern. Diese sorgf\u00e4ltig ausgew\u00e4hlten Orte \u2013 sei es in den Bereichen Mode, Kunst oder Lifestyle \u2013 spiegeln den anspruchsvollen Geschmack des Magazins wider. Von schicken Boutiquen bis hin zu avantgardistischen Galerien verk\u00f6rpert jeder dieser Hotspots die Essenz von Harper\u2019s Bazaar und gew\u00e4hrt einen Einblick in die sich st\u00e4ndig weiterentwickelnde Landschaft kultureller Raffinesse und zeitloser Eleganz. In der Welt von Harper\u2019s Bazaar werden diese Hotspots zu pulsierenden Schnittpunkten, an denen der Puls der Mode im Einklang mit dem Puls des zeitgen\u00f6ssischen Lebens schl\u00e4gt.   <\/p>\n<\/div><\/div>\n<\/div>\n<\/div>\n\n\n\n<div class=\"wp-block-carousel-slider-slider full-width-carousel\"><div class=\"carousel-slider-outer carousel-slider-outer-image-carousel carousel-slider-outer-1280\" style=\"--carousel-slider-nav-color:#f1f1f1;--carousel-slider-active-nav-color:#00d1b2;--carousel-slider-arrow-size:48px;--carousel-slider-bullet-size:10px\">\n<div id=\"&#039;id-1280\" class=\"carousel-slider carousel-slider-1280 arrows-visibility-hover dots-visibility-never arrows-outside dots-center dots-circle owl-carousel\" data-slide-type=\"image-carousel\" data-owl-settings='{\"nav\":true,\"dots\":false,\"slideBy\":1,\"stagePadding\":0,\"margin\":10,\"loop\":true,\"lazyLoad\":false,\"autoplay\":true,\"autoplayTimeout\":5000,\"autoplaySpeed\":500,\"autoplayHoverPause\":true,\"autoWidth\":false,\"items\":1}'>\n<div class=\"carousel-slider__item\">\n\t<img loading=\"lazy\" decoding=\"async\" width=\"1680\" height=\"820\" src=\"https:\/\/www.deleurope.com\/wp-content\/uploads\/2024\/01\/Harpers-Bazaar-Suite-De-LEurope-Amsterdam-1-1680x820.jpg\" class=\"attachment-gallery-single-room size-gallery-single-room\" alt=\"Harper&#039;s Bazaar Suite - De L&#039;Europe Amsterdam\" \/><\/a><\/div>\n\n<div class=\"carousel-slider__item\">\n\t<img loading=\"lazy\" decoding=\"async\" width=\"1680\" height=\"820\" src=\"https:\/\/www.deleurope.com\/wp-content\/uploads\/2024\/01\/Harpers-Bazaar-Suite-De-LEurope-Amsterdam-3-1680x820.jpg\" class=\"attachment-gallery-single-room size-gallery-single-room\" alt=\"Harper&#039;s Bazaar Suite - De L&#039;Europe Amsterdam\" \/><\/a><\/div>\n\n<div class=\"carousel-slider__item\">\n\t<img loading=\"lazy\" decoding=\"async\" width=\"1680\" height=\"820\" src=\"https:\/\/www.deleurope.com\/wp-content\/uploads\/2024\/01\/Harpers-Bazaar-Suite-De-LEurope-Amsterdam-4-1680x820.jpg\" class=\"attachment-gallery-single-room size-gallery-single-room\" alt=\"Harper&#039;s Bazaar Suite - De L&#039;Europe Amsterdam\" \/><\/a><\/div>\n\n<div class=\"carousel-slider__item\">\n\t<img loading=\"lazy\" decoding=\"async\" width=\"1680\" height=\"820\" src=\"https:\/\/www.deleurope.com\/wp-content\/uploads\/2024\/01\/Harpers-Bazaar-Suite-De-LEurope-Amsterdam-5-1680x820.jpg\" class=\"attachment-gallery-single-room size-gallery-single-room\" alt=\"Harper&#039;s Bazaar Suite - De L&#039;Europe Amsterdam\" \/><\/a><\/div>\n\n<div class=\"carousel-slider__item\">\n\t<img loading=\"lazy\" decoding=\"async\" width=\"1680\" height=\"820\" src=\"https:\/\/www.deleurope.com\/wp-content\/uploads\/2024\/01\/Harpers-Bazaar-Suite-De-LEurope-Amsterdam-6.jpg\" class=\"attachment-gallery-single-room size-gallery-single-room\" alt=\"Harper&#039;s Bazaar Suite - De L&#039;Europe Amsterdam\" srcset=\"https:\/\/www.deleurope.com\/wp-content\/uploads\/2024\/01\/Harpers-Bazaar-Suite-De-LEurope-Amsterdam-6.jpg 1680w, https:\/\/www.deleurope.com\/wp-content\/uploads\/2024\/01\/Harpers-Bazaar-Suite-De-LEurope-Amsterdam-6-768x375.jpg 768w, https:\/\/www.deleurope.com\/wp-content\/uploads\/2024\/01\/Harpers-Bazaar-Suite-De-LEurope-Amsterdam-6-1536x750.jpg 1536w\" sizes=\"auto, (max-width: 1680px) 100vw, 1680px\" \/><\/a><\/div>\n\n<div class=\"carousel-slider__item\">\n\t<img loading=\"lazy\" decoding=\"async\" width=\"1500\" height=\"820\" src=\"https:\/\/www.deleurope.com\/wp-content\/uploads\/2024\/05\/Sisters-Janssen-Suite-De-Leurope-Amsterdam-1-1500x820.jpg\" class=\"attachment-gallery-single-room size-gallery-single-room\" alt=\"\u2019t Huys bathroom featuring a luxurious bathtub and a double sink vanity with modern fixtures.\" \/><\/a><\/div>\n\n<\/div><!-- .carousel-slider-1280 -->\n<\/div><!-- .carousel-slider-outer-1280 -->\n<\/div>\n<\/div>\n<\/div>\n\n<div class=\"wp-block-columns image_left_text_bg_right wrap-2-columns is-layout-flex wp-container-core-columns-is-layout-8f761849 wp-block-columns-is-layout-flex\">\n<div class=\"wp-block-column slider-wrap is-layout-flow wp-block-column-is-layout-flow\" style=\"flex-basis:50%\">\n<figure class=\"wp-block-image size-full hide-on-mobile\"><img decoding=\"async\" src=\"data:image\/gif;base64,R0lGODlhAQABAIAAAAAAAP\/\/\/ywAAAAAAQABAAACAUwAOw==\" fifu-lazy=\"1\" fifu-data-sizes=\"auto\" fifu-data-srcset=\"https:\/\/i0.wp.com\/www.deleurope.com\/wp-content\/uploads\/2024\/05\/Harpers-Bazaar-3.jpg?ssl=1&w=75&resize=75&ssl=1 75w, https:\/\/i0.wp.com\/www.deleurope.com\/wp-content\/uploads\/2024\/05\/Harpers-Bazaar-3.jpg?ssl=1&w=100&resize=100&ssl=1 100w, https:\/\/i0.wp.com\/www.deleurope.com\/wp-content\/uploads\/2024\/05\/Harpers-Bazaar-3.jpg?ssl=1&w=150&resize=150&ssl=1 150w, https:\/\/i0.wp.com\/www.deleurope.com\/wp-content\/uploads\/2024\/05\/Harpers-Bazaar-3.jpg?ssl=1&w=240&resize=240&ssl=1 240w, https:\/\/i0.wp.com\/www.deleurope.com\/wp-content\/uploads\/2024\/05\/Harpers-Bazaar-3.jpg?ssl=1&w=320&resize=320&ssl=1 320w, https:\/\/i0.wp.com\/www.deleurope.com\/wp-content\/uploads\/2024\/05\/Harpers-Bazaar-3.jpg?ssl=1&w=500&resize=500&ssl=1 500w, https:\/\/i0.wp.com\/www.deleurope.com\/wp-content\/uploads\/2024\/05\/Harpers-Bazaar-3.jpg?ssl=1&w=640&resize=640&ssl=1 640w, https:\/\/i0.wp.com\/www.deleurope.com\/wp-content\/uploads\/2024\/05\/Harpers-Bazaar-3.jpg?ssl=1&w=800&resize=800&ssl=1 800w, https:\/\/i0.wp.com\/www.deleurope.com\/wp-content\/uploads\/2024\/05\/Harpers-Bazaar-3.jpg?ssl=1&w=1024&resize=1024&ssl=1 1024w, https:\/\/i0.wp.com\/www.deleurope.com\/wp-content\/uploads\/2024\/05\/Harpers-Bazaar-3.jpg?ssl=1&w=1280&resize=1280&ssl=1 1280w, https:\/\/i0.wp.com\/www.deleurope.com\/wp-content\/uploads\/2024\/05\/Harpers-Bazaar-3.jpg?ssl=1&w=1600&resize=1600&ssl=1 1600w\" fifu-data-src=\"https:\/\/i0.wp.com\/www.deleurope.com\/wp-content\/uploads\/2024\/05\/Harpers-Bazaar-3.jpg?ssl=1\" alt=\"Harper's Bazaar Suite - De L'Europe Amsterdam\" class=\"wp-image-4865\"\/><\/figure>\n<\/div>\n\n\n\n<div class=\"wp-block-column is-vertically-aligned-center middle-align is-layout-flow wp-block-column-is-layout-flow\" style=\"flex-basis:50%\">\n<div class=\"wp-block-columns is-layout-flex wp-container-core-columns-is-layout-8f761849 wp-block-columns-is-layout-flex\">\n<div class=\"wp-block-column has-central-palette-4-background-color has-background is-layout-flow wp-block-column-is-layout-flow\">\n<h2 class=\"wp-block-heading has-text-align-center has-extra-large-font-size\">Zimmer-Annehmlichkeiten<\/h2>\n\n\n\n<ul class=\"wp-block-list\">\n<li>50 &#8211; 60 square metres<\/li>\n\n\n\n<li>Privater Balkon<\/li>\n\n\n\n<li>Bio-Matratze COCO-MAT<\/li>\n\n\n\n<li>Luxuri\u00f6se Daunenbettw\u00e4sche mit verschiedenen Kopfkissen zur Auswahl<\/li>\n\n\n\n<li>Satin-Bettw\u00e4sche mit einer Fadenzahl von 400<\/li>\n\n\n\n<li>Pl\u00fcschfrotteehandt\u00fccher und Badem\u00e4ntel f\u00fcr zus\u00e4tzlichen Komfort<\/li>\n\n\n\n<li>Diptyque-Badartikel f\u00fcr einen Hauch von Verw\u00f6hnung<\/li>\n\n\n\n<li>Zweimal t\u00e4glicher Housekeeping-Service f\u00fcr eine makellose Umgebung<\/li>\n\n\n\n<li>Zu den Annehmlichkeiten im Zimmer geh\u00f6ren eine Nespresso\u00ae-Kaffeemaschine mit kostenlosen Kapseln und eine gut gef\u00fcllte K\u00fchlbar.<\/li>\n\n\n\n<li>T\u00e4gliche Bereitstellung einer kostenlosen Flasche Wasser<\/li>\n\n\n\n<li>Tresorfach mit Steckdose f\u00fcr Laptops<\/li>\n\n\n\n<li>Genie\u00dfen Sie die W\u00e4rme eines beheizten Badezimmerbodens<\/li>\n\n\n\n<li>Kostenloses Hochgeschwindigkeits-Wi-Fi f\u00fcr nahtlose Konnektivit\u00e4t<\/li>\n<\/ul>\n<\/div>\n<\/div>\n<\/div>\n<\/div>\n\n<div class=\"wp-block-columns gallery-with-caption is-layout-flex wp-container-core-columns-is-layout-8f761849 wp-block-columns-is-layout-flex\">\n<div class=\"wp-block-column is-layout-flow wp-block-column-is-layout-flow\">\n<div class=\"wp-block-columns text-on-left wrap-2-columns eat-and-drink-cards top-border is-layout-flex wp-container-core-columns-is-layout-8f761849 wp-block-columns-is-layout-flex\" id=\"graziella\">\n<div class=\"wp-block-column is-vertically-aligned-center middle-align is-layout-flow wp-block-column-is-layout-flow\" style=\"flex-basis:50%\">\n<h2 class=\"wp-block-heading has-text-align-center has-extra-large-font-size\" style=\"text-transform:capitalize\">Ausblicke auf den Fluss<\/h2>\n\n\n\n<div class=\"wp-block-group\"><div class=\"wp-block-group__inner-container is-layout-constrained wp-block-group-is-layout-constrained\">\n<p class=\"has-text-align-center wp-block-paragraph\">Betreten Sie Ihre private Terrasse und genie\u00dfen Sie von der Harper\u2019s Bazaar Suite im De L\u2019Europe Amsterdam aus einen atemberaubenden Blick \u00fcber die Amstel. Als ruhiger R\u00fcckzugsort im Herzen von Amsterdam l\u00e4dt dieser exklusive Au\u00dfenbereich dazu ein, bei einem Morgenkaffee die Seele baumeln zu lassen, den Blick auf die Stadt zu genie\u00dfen oder bei Sonnenuntergang \u00fcber dem Fluss das Glas zu erheben. <\/p>\n<\/div><\/div>\n<\/div>\n\n\n\n<div class=\"wp-block-column slider-wrap padding-left-md is-layout-flow wp-block-column-is-layout-flow\" style=\"flex-basis:50%\">\n<figure class=\"wp-block-image size-full\"><img decoding=\"async\" src=\"data:image\/gif;base64,R0lGODlhAQABAIAAAAAAAP\/\/\/ywAAAAAAQABAAACAUwAOw==\" fifu-lazy=\"1\" fifu-data-sizes=\"auto\" fifu-data-srcset=\"https:\/\/i2.wp.com\/www.deleurope.com\/wp-content\/uploads\/2025\/07\/Harpers-Bazaar-Suite-Balcony.png?ssl=1&w=75&resize=75&ssl=1 75w, https:\/\/i2.wp.com\/www.deleurope.com\/wp-content\/uploads\/2025\/07\/Harpers-Bazaar-Suite-Balcony.png?ssl=1&w=100&resize=100&ssl=1 100w, https:\/\/i2.wp.com\/www.deleurope.com\/wp-content\/uploads\/2025\/07\/Harpers-Bazaar-Suite-Balcony.png?ssl=1&w=150&resize=150&ssl=1 150w, https:\/\/i2.wp.com\/www.deleurope.com\/wp-content\/uploads\/2025\/07\/Harpers-Bazaar-Suite-Balcony.png?ssl=1&w=240&resize=240&ssl=1 240w, https:\/\/i2.wp.com\/www.deleurope.com\/wp-content\/uploads\/2025\/07\/Harpers-Bazaar-Suite-Balcony.png?ssl=1&w=320&resize=320&ssl=1 320w, https:\/\/i2.wp.com\/www.deleurope.com\/wp-content\/uploads\/2025\/07\/Harpers-Bazaar-Suite-Balcony.png?ssl=1&w=500&resize=500&ssl=1 500w, https:\/\/i2.wp.com\/www.deleurope.com\/wp-content\/uploads\/2025\/07\/Harpers-Bazaar-Suite-Balcony.png?ssl=1&w=640&resize=640&ssl=1 640w, https:\/\/i2.wp.com\/www.deleurope.com\/wp-content\/uploads\/2025\/07\/Harpers-Bazaar-Suite-Balcony.png?ssl=1&w=800&resize=800&ssl=1 800w, https:\/\/i2.wp.com\/www.deleurope.com\/wp-content\/uploads\/2025\/07\/Harpers-Bazaar-Suite-Balcony.png?ssl=1&w=1024&resize=1024&ssl=1 1024w, https:\/\/i2.wp.com\/www.deleurope.com\/wp-content\/uploads\/2025\/07\/Harpers-Bazaar-Suite-Balcony.png?ssl=1&w=1280&resize=1280&ssl=1 1280w, https:\/\/i2.wp.com\/www.deleurope.com\/wp-content\/uploads\/2025\/07\/Harpers-Bazaar-Suite-Balcony.png?ssl=1&w=1600&resize=1600&ssl=1 1600w\" fifu-data-src=\"https:\/\/i2.wp.com\/www.deleurope.com\/wp-content\/uploads\/2025\/07\/Harpers-Bazaar-Suite-Balcony.png?ssl=1\" alt=\"Balkon mit historischen Amsterdamer H\u00e4usern im Hintergrund\" class=\"wp-image-9052\" style=\"aspect-ratio:4\/3;object-fit:cover\"\/><\/figure>\n<\/div>\n<\/div>\n<\/div>\n<\/div>\n\n<div class=\"wp-block-columns carousel-black-editable is-layout-flex wp-container-core-columns-is-layout-8f761849 wp-block-columns-is-layout-flex\">\n<div class=\"wp-block-column has-central-palette-1-background-color has-background is-layout-flow wp-block-column-is-layout-flow\">\n<h2 class=\"wp-block-heading has-text-align-center heading-ampersant big-space-bottom-top has-central-palette-7-color has-text-color has-extra-large-font-size\" style=\"text-transform:capitalize\">Staying at De L\u2019Europe\u2026<\/h2>\n\n\n\n<div class=\"wp-block-carousel-slider-slider\"><div class=\"carousel-slider-outer carousel-slider-outer-hero-banner-slider carousel-slider-outer-777\" style=\"--carousel-slider-nav-color:#f1f1f1;--carousel-slider-active-nav-color:#00d1b2;--carousel-slider-arrow-size:48px;--carousel-slider-bullet-size:10px\">\n<div id=\"&#039;id-777\" class=\"carousel-slider carousel-slider-777 arrows-visibility-always dots-visibility-never arrows-outside dots-center dots-circle owl-carousel\" data-slide-type=\"hero-banner-slider\" data-owl-settings='{\"nav\":true,\"dots\":false,\"slideBy\":1,\"stagePadding\":0,\"margin\":80,\"loop\":false,\"lazyLoad\":false,\"autoplay\":false,\"autoplayTimeout\":5000,\"autoplaySpeed\":500,\"autoplayHoverPause\":false,\"autoWidth\":false,\"responsive\":{\"300\":{\"items\":1},\"576\":{\"items\":1},\"768\":{\"items\":1},\"1024\":{\"items\":1},\"1280\":{\"items\":2},\"1536\":{\"items\":2}}}' data-animation=\"\">\n<div class=\"carousel-slider-hero__cell hero__cell-1\" style=\"--cell-height: \"><div id=\"slide-item-777-1\" class=\"carousel-slider-hero__cell__background\" style=\"background-position:center center;background-size:cover;background-image:url(https:\/\/www.deleurope.com\/wp-content\/uploads\/2023\/10\/2.png);background-color:rgba(0,0,0,0.6)\"><\/div><div class=\"carousel-slider-hero__cell__inner carousel-slider--h-position-center carousel-slider--v-position-middle carousel-slider--text-center\" style=\"padding-top:1rem;padding-right:1rem;padding-bottom:1rem;padding-left:1rem\"><div class=\"carousel-slider-hero__cell__content hidden\" style=\"max-width:100%\" data-animation=\"\"><div class=\"carousel-slider-hero__cell__heading\" style=\"--cs-heading-font-size:40px;--cs-heading-gutter:30px;--cs-heading-color:#ffffff\">Your culinary hub<\/div><div class=\"carousel-slider-hero__cell__description\" style=\"--cs-description-font-size:20px;--cs-description-gutter:30px;--cs-description-color:#ffffff\">Three of the city's finest restaurants under one roof: Michelin-starred Restaurant Flore, Brasserie Marie, and Trattoria Graziella.<\/div><div class=\"carousel-slider-hero__cell__buttons\"><span class=\"carousel-slider-hero__cell__button__one\" style=\"--cs-button-bg-color:#ffffff;--cs-button-color:#323232;--cs-button-border-width:3px;--cs-button-border-radius:0px\"><a class=\"button cs-hero-button cs-hero-button-1-1 cs-hero-button-stroke cs-hero-button-medium\" href=\"https:\/\/www.deleurope.com\/restaurants\/\" target=\"_self\">Read more<\/a><\/span><\/div><\/div><\/div><\/div>\n<div class=\"carousel-slider-hero__cell hero__cell-2\" style=\"--cell-height: \"><div id=\"slide-item-777-2\" class=\"carousel-slider-hero__cell__background\" style=\"background-position:center center;background-size:cover;background-image:url(https:\/\/www.deleurope.com\/wp-content\/uploads\/2025\/11\/De-LEurope-Amsterdam-Biologique-Recherche-2-3-1.png);background-color:rgba(0,0,0,0.6)\"><\/div><div class=\"carousel-slider-hero__cell__inner carousel-slider--h-position-center carousel-slider--v-position-middle carousel-slider--text-center\" style=\"padding-top:1rem;padding-right:1rem;padding-bottom:1rem;padding-left:1rem\"><div class=\"carousel-slider-hero__cell__background_overlay\" style=\"background-color: rgba(0,0,0,0.35);\"><\/div><div class=\"carousel-slider-hero__cell__content hidden\" style=\"max-width:100%\" data-animation=\"\"><div class=\"carousel-slider-hero__cell__heading\" style=\"--cs-heading-font-size:40px;--cs-heading-gutter:30px;--cs-heading-color:#ffffff\">Mind &amp; Body<\/div><div class=\"carousel-slider-hero__cell__description\" style=\"--cs-description-font-size:20px;--cs-description-gutter:30px;--cs-description-color:#ffffff\">Indulge in pampering by our wellness team and experience a range of luxurious treatments and exquisite skincare services.<\/div><div class=\"carousel-slider-hero__cell__buttons\"><span class=\"carousel-slider-hero__cell__button__one\" style=\"--cs-button-bg-color:#ffffff;--cs-button-color:#323232;--cs-button-border-width:3px;--cs-button-border-radius:0px\"><a class=\"button cs-hero-button cs-hero-button-2-1 cs-hero-button-stroke cs-hero-button-medium\" href=\"https:\/\/www.deleurope.com\/spa-wellness\/\" target=\"_self\">Read more<\/a><\/span><\/div><\/div><\/div><\/div>\n<div class=\"carousel-slider-hero__cell hero__cell-3\" style=\"--cell-height: \"><div id=\"slide-item-777-3\" class=\"carousel-slider-hero__cell__background\" style=\"background-position:center center;background-size:cover;background-image:url(https:\/\/www.deleurope.com\/wp-content\/uploads\/2024\/11\/Wine-Cellar-1.jpg);background-color:rgba(0,0,0,0.6)\"><\/div><div class=\"carousel-slider-hero__cell__inner carousel-slider--h-position-center carousel-slider--v-position-middle carousel-slider--text-center\" style=\"padding-top:1rem;padding-right:1rem;padding-bottom:1rem;padding-left:1rem\"><div class=\"carousel-slider-hero__cell__content hidden\" style=\"max-width:100%\" data-animation=\"\"><div class=\"carousel-slider-hero__cell__heading\" style=\"--cs-heading-font-size:40px;--cs-heading-gutter:30px;--cs-heading-color:#ffffff\">Wine Tastings<\/div><div class=\"carousel-slider-hero__cell__description\" style=\"--cs-description-font-size:20px;--cs-description-gutter:30px;--cs-description-color:#ffffff\">Step into a world of refined luxury with our exclusive private wine tasting &amp; cellar experience.<\/div><div class=\"carousel-slider-hero__cell__buttons\"><span class=\"carousel-slider-hero__cell__button__one\" style=\"--cs-button-bg-color:#ffffff;--cs-button-color:#323232;--cs-button-border-width:3px;--cs-button-border-radius:0px\"><a class=\"button cs-hero-button cs-hero-button-3-1 cs-hero-button-stroke cs-hero-button-medium\" href=\"https:\/\/www.deleurope.com\/restaurants\/wine-experience\/\" target=\"_self\">SEE MORE<\/a><\/span><\/div><\/div><\/div><\/div>\n<div class=\"carousel-slider-hero__cell hero__cell-4\" style=\"--cell-height: \"><div id=\"slide-item-777-4\" class=\"carousel-slider-hero__cell__background\" style=\"background-position:center center;background-size:cover;background-image:url(https:\/\/www.deleurope.com\/wp-content\/uploads\/2025\/10\/Afternoon-Tea-De-LEurope.png);background-color:rgba(0,0,0,0.6)\"><\/div><div class=\"carousel-slider-hero__cell__inner carousel-slider--h-position-center carousel-slider--v-position-middle carousel-slider--text-center\" style=\"padding-top:1rem;padding-right:1rem;padding-bottom:1rem;padding-left:1rem\"><div class=\"carousel-slider-hero__cell__content hidden\" style=\"max-width:100%\" data-animation=\"\"><div class=\"carousel-slider-hero__cell__heading\" style=\"--cs-heading-font-size:40px;--cs-heading-gutter:30px;--cs-heading-color:#ffffff\">Afternoon Tea<\/div><div class=\"carousel-slider-hero__cell__description\" style=\"--cs-description-font-size:20px;--cs-description-gutter:30px;--cs-description-color:#ffffff\">Indulge in a refined selection of sandwiches, artisan pastries, and sweets, expertly crafted by our pastry chefs.<\/div><div class=\"carousel-slider-hero__cell__buttons\"><span class=\"carousel-slider-hero__cell__button__one\" style=\"--cs-button-bg-color:#ffffff;--cs-button-color:#323232;--cs-button-border-width:3px;--cs-button-border-radius:0px\"><a class=\"button cs-hero-button cs-hero-button-4-1 cs-hero-button-stroke cs-hero-button-medium\" href=\"https:\/\/www.deleurope.com\/restaurants\/high-tea\/\" target=\"_self\">SEE MORE<\/a><\/span><\/div><\/div><\/div><\/div>\n<\/div><!-- .carousel-slider-777 -->\n<\/div><!-- .carousel-slider-outer-777 -->\n<\/div>\n<\/div>\n<\/div>\n\n<div class=\"wp-block-columns special-request contact-form is-layout-flex wp-container-core-columns-is-layout-8f761849 wp-block-columns-is-layout-flex\" id=\"enquire\">\n<div class=\"wp-block-column has-central-palette-11-background-color has-background is-layout-flow wp-block-column-is-layout-flow\">\n<h2 class=\"wp-block-heading has-text-align-center has-extra-large-font-size\">Erkundigen Sie sich unter<\/h2>\n\n\n\n<p class=\"has-text-align-center wp-block-paragraph\">We are delighted to accommodate your special request. Your comfort is our priority, and we look forward to ensuring a pleasant experience for you. <\/p>\n\n\n\n<p class=\"wp-block-paragraph\"><\/p>\n\n\n\n<div class=\"wp-block-contact-form-7-contact-form-selector\">\n<div class=\"wpcf7 no-js\" id=\"wpcf7-f9407-o1\" lang=\"de-DE\" dir=\"ltr\" data-wpcf7-id=\"9407\">\n<div class=\"screen-reader-response\"><p role=\"status\" aria-live=\"polite\" aria-atomic=\"true\"><\/p> <ul><\/ul><\/div>\n<form action=\"\/de\/wp-json\/wp\/v2\/pages\/3512#wpcf7-f9407-o1\" method=\"post\" class=\"wpcf7-form init\" aria-label=\"Kontaktformular\" novalidate=\"novalidate\" data-status=\"init\">\n<fieldset class=\"hidden-fields-container\"><input type=\"hidden\" name=\"_wpcf7\" value=\"9407\" \/><input type=\"hidden\" name=\"_wpcf7_version\" value=\"6.1.6\" \/><input type=\"hidden\" name=\"_wpcf7_locale\" value=\"de_DE\" \/><input type=\"hidden\" name=\"_wpcf7_unit_tag\" value=\"wpcf7-f9407-o1\" \/><input type=\"hidden\" name=\"_wpcf7_container_post\" value=\"0\" \/><input type=\"hidden\" name=\"_wpcf7_posted_data_hash\" value=\"\" \/>\n<\/fieldset>\n<p><span class=\"wpcf7-form-control-wrap\" data-name=\"firstname\"><input size=\"40\" maxlength=\"400\" class=\"wpcf7-form-control wpcf7-text wpcf7-validates-as-required half\" aria-required=\"true\" aria-invalid=\"false\" placeholder=\"Vorname*\" value=\"\" type=\"text\" name=\"firstname\" \/><\/span><br \/>\n<span class=\"wpcf7-form-control-wrap\" data-name=\"lastname\"><input size=\"40\" maxlength=\"400\" class=\"wpcf7-form-control wpcf7-text wpcf7-validates-as-required half\" aria-required=\"true\" aria-invalid=\"false\" placeholder=\"Nachname*\" value=\"\" type=\"text\" name=\"lastname\" \/><\/span><br \/>\n<span class=\"wpcf7-form-control-wrap\" data-name=\"email\"><input size=\"40\" maxlength=\"400\" class=\"wpcf7-form-control wpcf7-email wpcf7-validates-as-required wpcf7-text wpcf7-validates-as-email half\" aria-required=\"true\" aria-invalid=\"false\" placeholder=\"Email*\" value=\"\" type=\"email\" name=\"email\" \/><\/span><br \/>\n<span class=\"wpcf7-form-control-wrap\" data-name=\"telephone\"><input size=\"40\" maxlength=\"400\" class=\"wpcf7-form-control wpcf7-tel wpcf7-validates-as-required wpcf7-text wpcf7-validates-as-tel half\" aria-required=\"true\" aria-invalid=\"false\" placeholder=\"Telefon*\" value=\"\" type=\"tel\" name=\"telephone\" \/><\/span><br \/>\n<span class=\"wpcf7-form-control-wrap\" data-name=\"country\"><input size=\"40\" maxlength=\"400\" class=\"wpcf7-form-control wpcf7-text half\" aria-invalid=\"false\" placeholder=\"Land\" value=\"\" type=\"text\" name=\"country\" \/><\/span><br \/>\n<span class=\"wpcf7-form-control-wrap\" data-name=\"hearfromus\"><select class=\"wpcf7-form-control wpcf7-select wpcf7-validates-as-required half\" aria-required=\"true\" aria-invalid=\"false\" name=\"hearfromus\"><option value=\"Art der Anfrage?*\">Art der Anfrage?*<\/option><option value=\"Reservierungen\">Reservierungen<\/option><option value=\"Informationen\">Informationen<\/option><option value=\"Concierge\">Concierge<\/option><option value=\"Spa &amp; Wellness\">Spa &amp; Wellness<\/option><option value=\"Concept Store IN-HUYS\">Concept Store IN-HUYS<\/option><option value=\"Sonstiges\">Sonstiges<\/option><\/select><\/span><br \/>\n<span class=\"wpcf7-form-control-wrap\" data-name=\"textarea-723\"><textarea cols=\"40\" rows=\"10\" maxlength=\"2000\" class=\"wpcf7-form-control wpcf7-textarea full\" aria-invalid=\"false\" placeholder=\"Nachricht\" name=\"textarea-723\"><\/textarea><\/span>\n<\/p>\n<p class=\"privacy-contact\">Diese Seite ist durch reCAPTCHA gesch\u00fctzt und es gelten die Google <a href=\"\/privacy-policy-2\/\">PRIVACY POLICY<\/a> und <a href=\"\/terms-conditions\/\">TERMS OF SERVICE<\/a>.\n<\/p>\n<p><br \/>\n<input class=\"wpcf7-form-control wpcf7-submit has-spinner\" type=\"submit\" value=\"Anfrage senden\" \/>\n<\/p><noscript>\n\t\t\t<div class=\"wpcf7-response-output wpcf7-spam-blocked\">Your browser does not support JavaScript!. Please enable javascript in your browser in order to get form work properly.<\/div>\n\t<\/noscript><script type='text\/javascript'>\n\n\t\t\t\t\t\tif(contactform === undefined){\n\t\t\t\t\t\t\tvar contactform = [];\n\t\t\t\t\t\t}\n\t\t\t\t\t\tvar innerVal = [9407,'mail_sent_ok','Vielen Dank f&uuml;r Ihre Nachricht. Sie wurde abgeschickt.'];\n\t\t\t\t\t\tcontactform.push(innerVal);\n\t\t\t\t\t\tvar innerVal = [9407,'mail_sent_ng','Es ist ein Fehler beim Senden Ihrer Nachricht aufgetreten. Bitte versuchen Sie es sp&auml;ter noch einmal.'];\n\t\t\t\t\t\tcontactform.push(innerVal);\n\t\t\t\t\t\tvar innerVal = [9407,'validation_error','Ein oder mehrere Felder weisen einen Fehler auf. Bitte &uuml;berpr&uuml;fen Sie das und versuchen Sie es erneut.'];\n\t\t\t\t\t\tcontactform.push(innerVal);\n\t\t\t\t\t\tvar innerVal = [9407,'spam','Es ist ein Fehler beim Senden Ihrer Nachricht aufgetreten. Bitte versuchen Sie es sp&auml;ter noch einmal.'];\n\t\t\t\t\t\tcontactform.push(innerVal);\n\t\t\t\t\t\tvar innerVal = [9407,'accept_terms','Sie m&uuml;ssen die Bedingungen und Konditionen akzeptieren, bevor Sie Ihre Nachricht senden k&ouml;nnen.'];\n\t\t\t\t\t\tcontactform.push(innerVal);\n\t\t\t\t\t\tvar innerVal = [9407,'invalid_required','Bitte f&uuml;llen Sie dieses Feld aus.'];\n\t\t\t\t\t\tcontactform.push(innerVal);\n\t\t\t\t\t\tvar innerVal = [9407,'invalid_too_long','Dieses Feld hat eine zu lange Eingabe.'];\n\t\t\t\t\t\tcontactform.push(innerVal);\n\t\t\t\t\t\tvar innerVal = [9407,'invalid_too_short','Dieses Feld hat eine zu kurze Eingabe.'];\n\t\t\t\t\t\tcontactform.push(innerVal);\n\t\t\t\t\t\tvar innerVal = [9407,'upload_failed','Es ist ein unbekannter Fehler beim Hochladen der Datei aufgetreten.'];\n\t\t\t\t\t\tcontactform.push(innerVal);\n\t\t\t\t\t\tvar innerVal = [9407,'upload_file_type_invalid','Es ist nicht erlaubt, Dateien dieses Typs hochzuladen.'];\n\t\t\t\t\t\tcontactform.push(innerVal);\n\t\t\t\t\t\tvar innerVal = [9407,'upload_file_too_large','Die hochgeladene Datei ist zu gro&szlig;.'];\n\t\t\t\t\t\tcontactform.push(innerVal);\n\t\t\t\t\t\tvar innerVal = [9407,'upload_failed_php_error','Beim Hochladen der Datei ist ein Fehler aufgetreten.'];\n\t\t\t\t\t\tcontactform.push(innerVal);\n\t\t\t\t\t\tvar innerVal = [9407,'invalid_date','Bitte geben Sie ein Datum im Format JJJJ-MM-TT ein.'];\n\t\t\t\t\t\tcontactform.push(innerVal);\n\t\t\t\t\t\tvar innerVal = [9407,'date_too_early','Dieses Feld hat ein zu fr&uuml;hes Datum.'];\n\t\t\t\t\t\tcontactform.push(innerVal);\n\t\t\t\t\t\tvar innerVal = [9407,'date_too_late','Dieses Feld hat ein zu sp&auml;tes Datum.'];\n\t\t\t\t\t\tcontactform.push(innerVal);\n\t\t\t\t\t\tvar innerVal = [9407,'invalid_number','Bitte geben Sie eine Nummer ein.'];\n\t\t\t\t\t\tcontactform.push(innerVal);\n\t\t\t\t\t\tvar innerVal = [9407,'number_too_small','Dieses Feld hat eine zu kleine Zahl.'];\n\t\t\t\t\t\tcontactform.push(innerVal);\n\t\t\t\t\t\tvar innerVal = [9407,'number_too_large','Dieses Feld hat eine zu gro&szlig;e Zahl.'];\n\t\t\t\t\t\tcontactform.push(innerVal);\n\t\t\t\t\t\tvar innerVal = [9407,'quiz_answer_not_correct','Die Antwort auf das Quiz ist falsch.'];\n\t\t\t\t\t\tcontactform.push(innerVal);\n\t\t\t\t\t\tvar innerVal = [9407,'invalid_email','Bitte geben Sie eine E-Mail Adresse ein.'];\n\t\t\t\t\t\tcontactform.push(innerVal);\n\t\t\t\t\t\tvar innerVal = [9407,'invalid_url','Bitte geben Sie eine URL ein.'];\n\t\t\t\t\t\tcontactform.push(innerVal);\n\t\t\t\t\t\tvar innerVal = [9407,'invalid_tel','Bitte geben Sie eine Telefonnummer ein.'];\n\t\t\t\t\t\tcontactform.push(innerVal);\n\t\t\t\t\t\tvar innerVal = [9407,'gdpr',''];\n\t\t\t\t\t\tcontactform.push(innerVal);\n\t\t\t\t\t\t<\/script><div class=\"wpcf7-response-output\" aria-hidden=\"true\"><\/div>\n<\/form>\n<\/div>\n<\/div>\n<\/div>\n<\/div>\n","protected":false},"excerpt":{"rendered":"<p>Tauchen Sie ein in das gem\u00fctliche Ambiente der Pionierzeitschrift Harper&#8217;s Bazaar. Die von Chefredakteurin Miluska van &#8218;t Lam kuratierte Suite ist ein wahrer Pageturner, vollgepackt mit handverlesenen Artikeln und stilvollen Details. Alle verk\u00f6rpern den Elan des Magazins &#8211; eine Mischung aus Kunst, Mode und subtilem Retro-Touch. Entdecken Sie die Design-Geheimnisse von Bazaar und genie\u00dfen Sie [&hellip;]<\/p>\n","protected":false},"author":6,"featured_media":3513,"parent":3498,"menu_order":1,"comment_status":"closed","ping_status":"closed","template":"","meta":{"_acf_changed":false,"footnotes":""},"class_list":["post-3512","page","type-page","status-publish","has-post-thumbnail","hentry"],"acf":[],"yoast_head":"<!-- This site is optimized with the Yoast SEO plugin v28.1 - https:\/\/yoast.com\/product\/yoast-seo-wordpress\/ -->\n<title>Harper&#039;s Bazaar Suite in Amsterdam | De L&#039;Europe<\/title>\n<meta name=\"description\" content=\"G\u00f6nnen Sie sich die stilvolle Eleganz der Harper&#039;s Bazaar Suite im De L&#039;Europe Amsterdam, die mit luxuri\u00f6sen Annehmlichkeiten und einer Coco-Mat Matratze aufwartet. Buchen Sie noch heute.\" \/>\n<meta name=\"robots\" content=\"index, follow, max-snippet:-1, max-image-preview:large, max-video-preview:-1\" \/>\n<link rel=\"canonical\" href=\"https:\/\/www.deleurope.com\/de\/zimmer-suiten\/harpers-bazaar-suite\/\" \/>\n<meta property=\"og:locale\" content=\"de_DE\" \/>\n<meta property=\"og:type\" content=\"article\" \/>\n<meta property=\"og:title\" content=\"Harper&#039;s Bazaar Suite in Amsterdam | De L&#039;Europe\" \/>\n<meta property=\"og:description\" content=\"G\u00f6nnen Sie sich die stilvolle Eleganz der Harper&#039;s Bazaar Suite im De L&#039;Europe Amsterdam, die mit luxuri\u00f6sen Annehmlichkeiten und einer Coco-Mat Matratze aufwartet. Buchen Sie noch heute.\" \/>\n<meta property=\"og:url\" content=\"https:\/\/www.deleurope.com\/de\/zimmer-suiten\/harpers-bazaar-suite\/\" \/>\n<meta property=\"og:site_name\" content=\"De L&#039;Europe Amsterdam\" \/>\n<meta property=\"article:publisher\" content=\"https:\/\/www.facebook.com\/DeLEuropeAms\/\" \/>\n<meta property=\"article:modified_time\" content=\"2026-08-20T07:39:10+00:00\" \/>\n<meta property=\"og:image\" content=\"https:\/\/www.deleurope.com\/wp-content\/uploads\/2024\/01\/Harpers-Bazaar-Suite-De-Leurope-Amsterdam.jpg\" \/>\n\t<meta property=\"og:image:width\" content=\"1680\" \/>\n\t<meta property=\"og:image:height\" content=\"730\" \/>\n\t<meta property=\"og:image:type\" content=\"image\/jpeg\" \/>\n<meta name=\"twitter:card\" content=\"summary_large_image\" \/>\n<meta name=\"twitter:label1\" content=\"Gesch\u00e4tzte Lesezeit\" \/>\n\t<meta name=\"twitter:data1\" content=\"7 Minuten\" \/>\n<script type=\"application\/ld+json\" class=\"yoast-schema-graph\">{\"@context\":\"https:\\\/\\\/schema.org\",\"@graph\":[{\"@type\":\"WebPage\",\"@id\":\"https:\\\/\\\/www.deleurope.com\\\/de\\\/zimmer-suiten\\\/harpers-bazaar-suite\\\/\",\"url\":\"https:\\\/\\\/www.deleurope.com\\\/de\\\/zimmer-suiten\\\/harpers-bazaar-suite\\\/\",\"name\":\"Harper's Bazaar Suite in Amsterdam | De L'Europe\",\"isPartOf\":{\"@id\":\"https:\\\/\\\/www.deleurope.com\\\/de\\\/#website\"},\"primaryImageOfPage\":{\"@id\":\"https:\\\/\\\/www.deleurope.com\\\/de\\\/zimmer-suiten\\\/harpers-bazaar-suite\\\/#primaryimage\"},\"image\":{\"@id\":\"https:\\\/\\\/www.deleurope.com\\\/de\\\/zimmer-suiten\\\/harpers-bazaar-suite\\\/#primaryimage\"},\"thumbnailUrl\":\"https:\\\/\\\/www.deleurope.com\\\/wp-content\\\/uploads\\\/2024\\\/01\\\/Harpers-Bazaar-Suite-De-Leurope-Amsterdam.jpg\",\"datePublished\":\"2024-01-15T14:21:28+00:00\",\"dateModified\":\"2026-08-20T07:39:10+00:00\",\"description\":\"G\u00f6nnen Sie sich die stilvolle Eleganz der Harper's Bazaar Suite im De L'Europe Amsterdam, die mit luxuri\u00f6sen Annehmlichkeiten und einer Coco-Mat Matratze aufwartet. Buchen Sie noch heute.\",\"breadcrumb\":{\"@id\":\"https:\\\/\\\/www.deleurope.com\\\/de\\\/zimmer-suiten\\\/harpers-bazaar-suite\\\/#breadcrumb\"},\"inLanguage\":\"de-DE\",\"potentialAction\":[{\"@type\":\"ReadAction\",\"target\":[\"https:\\\/\\\/www.deleurope.com\\\/de\\\/zimmer-suiten\\\/harpers-bazaar-suite\\\/\"]}]},{\"@type\":\"ImageObject\",\"inLanguage\":\"de-DE\",\"@id\":\"https:\\\/\\\/www.deleurope.com\\\/de\\\/zimmer-suiten\\\/harpers-bazaar-suite\\\/#primaryimage\",\"url\":\"https:\\\/\\\/www.deleurope.com\\\/wp-content\\\/uploads\\\/2024\\\/01\\\/Harpers-Bazaar-Suite-De-Leurope-Amsterdam.jpg\",\"contentUrl\":\"https:\\\/\\\/www.deleurope.com\\\/wp-content\\\/uploads\\\/2024\\\/01\\\/Harpers-Bazaar-Suite-De-Leurope-Amsterdam.jpg\",\"width\":1680,\"height\":730},{\"@type\":\"BreadcrumbList\",\"@id\":\"https:\\\/\\\/www.deleurope.com\\\/de\\\/zimmer-suiten\\\/harpers-bazaar-suite\\\/#breadcrumb\",\"itemListElement\":[{\"@type\":\"ListItem\",\"position\":1,\"name\":\"Home\",\"item\":\"https:\\\/\\\/www.deleurope.com\\\/de\\\/\"},{\"@type\":\"ListItem\",\"position\":2,\"name\":\"Zimmer &#038; Suiten\",\"item\":\"https:\\\/\\\/www.deleurope.com\\\/de\\\/zimmer-suiten\\\/\"},{\"@type\":\"ListItem\",\"position\":3,\"name\":\"Harper&#8217;s Bazaar Suite\"}]},{\"@type\":\"WebSite\",\"@id\":\"https:\\\/\\\/www.deleurope.com\\\/de\\\/#website\",\"url\":\"https:\\\/\\\/www.deleurope.com\\\/de\\\/\",\"name\":\"De L'Europe Amsterdam\",\"description\":\"Home of original Amsterdam luxury.\",\"publisher\":{\"@id\":\"https:\\\/\\\/www.deleurope.com\\\/de\\\/#organization\"},\"potentialAction\":[{\"@type\":\"SearchAction\",\"target\":{\"@type\":\"EntryPoint\",\"urlTemplate\":\"https:\\\/\\\/www.deleurope.com\\\/de\\\/?s={search_term_string}\"},\"query-input\":{\"@type\":\"PropertyValueSpecification\",\"valueRequired\":true,\"valueName\":\"search_term_string\"}}],\"inLanguage\":\"de-DE\"},{\"@type\":\"Organization\",\"@id\":\"https:\\\/\\\/www.deleurope.com\\\/de\\\/#organization\",\"name\":\"De L'Europe Amsterdam\",\"url\":\"https:\\\/\\\/www.deleurope.com\\\/de\\\/\",\"logo\":{\"@type\":\"ImageObject\",\"inLanguage\":\"de-DE\",\"@id\":\"https:\\\/\\\/www.deleurope.com\\\/de\\\/#\\\/schema\\\/logo\\\/image\\\/\",\"url\":\"https:\\\/\\\/www.deleurope.com\\\/wp-content\\\/uploads\\\/2026\\\/07\\\/deleurope_crest_black_scaled75.png\",\"contentUrl\":\"https:\\\/\\\/www.deleurope.com\\\/wp-content\\\/uploads\\\/2026\\\/07\\\/deleurope_crest_black_scaled75.png\",\"width\":250,\"height\":253,\"caption\":\"De L'Europe Amsterdam\"},\"image\":{\"@id\":\"https:\\\/\\\/www.deleurope.com\\\/de\\\/#\\\/schema\\\/logo\\\/image\\\/\"},\"sameAs\":[\"https:\\\/\\\/www.facebook.com\\\/DeLEuropeAms\\\/\",\"https:\\\/\\\/www.instagram.com\\\/deleuropeams\\\/\",\"https:\\\/\\\/www.linkedin.com\\\/company\\\/hotel-de-leurope\"]}]}<\/script>\n<!-- \/ Yoast SEO plugin. -->","yoast_head_json":{"title":"Harper's Bazaar Suite in Amsterdam | De L'Europe","description":"G\u00f6nnen Sie sich die stilvolle Eleganz der Harper's Bazaar Suite im De L'Europe Amsterdam, die mit luxuri\u00f6sen Annehmlichkeiten und einer Coco-Mat Matratze aufwartet. Buchen Sie noch heute.","robots":{"index":"index","follow":"follow","max-snippet":"max-snippet:-1","max-image-preview":"max-image-preview:large","max-video-preview":"max-video-preview:-1"},"canonical":"https:\/\/www.deleurope.com\/de\/zimmer-suiten\/harpers-bazaar-suite\/","og_locale":"de_DE","og_type":"article","og_title":"Harper's Bazaar Suite in Amsterdam | De L'Europe","og_description":"G\u00f6nnen Sie sich die stilvolle Eleganz der Harper's Bazaar Suite im De L'Europe Amsterdam, die mit luxuri\u00f6sen Annehmlichkeiten und einer Coco-Mat Matratze aufwartet. Buchen Sie noch heute.","og_url":"https:\/\/www.deleurope.com\/de\/zimmer-suiten\/harpers-bazaar-suite\/","og_site_name":"De L&#039;Europe Amsterdam","article_publisher":"https:\/\/www.facebook.com\/DeLEuropeAms\/","article_modified_time":"2026-08-20T07:39:10+00:00","og_image":[{"width":1680,"height":730,"url":"https:\/\/www.deleurope.com\/wp-content\/uploads\/2024\/01\/Harpers-Bazaar-Suite-De-Leurope-Amsterdam.jpg","type":"image\/jpeg"}],"twitter_card":"summary_large_image","twitter_misc":{"Gesch\u00e4tzte Lesezeit":"7 Minuten"},"schema":{"@context":"https:\/\/schema.org","@graph":[{"@type":"WebPage","@id":"https:\/\/www.deleurope.com\/de\/zimmer-suiten\/harpers-bazaar-suite\/","url":"https:\/\/www.deleurope.com\/de\/zimmer-suiten\/harpers-bazaar-suite\/","name":"Harper's Bazaar Suite in Amsterdam | De L'Europe","isPartOf":{"@id":"https:\/\/www.deleurope.com\/de\/#website"},"primaryImageOfPage":{"@id":"https:\/\/www.deleurope.com\/de\/zimmer-suiten\/harpers-bazaar-suite\/#primaryimage"},"image":{"@id":"https:\/\/www.deleurope.com\/de\/zimmer-suiten\/harpers-bazaar-suite\/#primaryimage"},"thumbnailUrl":"https:\/\/www.deleurope.com\/wp-content\/uploads\/2024\/01\/Harpers-Bazaar-Suite-De-Leurope-Amsterdam.jpg","datePublished":"2024-01-15T14:21:28+00:00","dateModified":"2026-08-20T07:39:10+00:00","description":"G\u00f6nnen Sie sich die stilvolle Eleganz der Harper's Bazaar Suite im De L'Europe Amsterdam, die mit luxuri\u00f6sen Annehmlichkeiten und einer Coco-Mat Matratze aufwartet. Buchen Sie noch heute.","breadcrumb":{"@id":"https:\/\/www.deleurope.com\/de\/zimmer-suiten\/harpers-bazaar-suite\/#breadcrumb"},"inLanguage":"de-DE","potentialAction":[{"@type":"ReadAction","target":["https:\/\/www.deleurope.com\/de\/zimmer-suiten\/harpers-bazaar-suite\/"]}]},{"@type":"ImageObject","inLanguage":"de-DE","@id":"https:\/\/www.deleurope.com\/de\/zimmer-suiten\/harpers-bazaar-suite\/#primaryimage","url":"https:\/\/www.deleurope.com\/wp-content\/uploads\/2024\/01\/Harpers-Bazaar-Suite-De-Leurope-Amsterdam.jpg","contentUrl":"https:\/\/www.deleurope.com\/wp-content\/uploads\/2024\/01\/Harpers-Bazaar-Suite-De-Leurope-Amsterdam.jpg","width":1680,"height":730},{"@type":"BreadcrumbList","@id":"https:\/\/www.deleurope.com\/de\/zimmer-suiten\/harpers-bazaar-suite\/#breadcrumb","itemListElement":[{"@type":"ListItem","position":1,"name":"Home","item":"https:\/\/www.deleurope.com\/de\/"},{"@type":"ListItem","position":2,"name":"Zimmer &#038; Suiten","item":"https:\/\/www.deleurope.com\/de\/zimmer-suiten\/"},{"@type":"ListItem","position":3,"name":"Harper&#8217;s Bazaar Suite"}]},{"@type":"WebSite","@id":"https:\/\/www.deleurope.com\/de\/#website","url":"https:\/\/www.deleurope.com\/de\/","name":"De L'Europe Amsterdam","description":"Home of original Amsterdam luxury.","publisher":{"@id":"https:\/\/www.deleurope.com\/de\/#organization"},"potentialAction":[{"@type":"SearchAction","target":{"@type":"EntryPoint","urlTemplate":"https:\/\/www.deleurope.com\/de\/?s={search_term_string}"},"query-input":{"@type":"PropertyValueSpecification","valueRequired":true,"valueName":"search_term_string"}}],"inLanguage":"de-DE"},{"@type":"Organization","@id":"https:\/\/www.deleurope.com\/de\/#organization","name":"De L'Europe Amsterdam","url":"https:\/\/www.deleurope.com\/de\/","logo":{"@type":"ImageObject","inLanguage":"de-DE","@id":"https:\/\/www.deleurope.com\/de\/#\/schema\/logo\/image\/","url":"https:\/\/www.deleurope.com\/wp-content\/uploads\/2026\/07\/deleurope_crest_black_scaled75.png","contentUrl":"https:\/\/www.deleurope.com\/wp-content\/uploads\/2026\/07\/deleurope_crest_black_scaled75.png","width":250,"height":253,"caption":"De L'Europe Amsterdam"},"image":{"@id":"https:\/\/www.deleurope.com\/de\/#\/schema\/logo\/image\/"},"sameAs":["https:\/\/www.facebook.com\/DeLEuropeAms\/","https:\/\/www.instagram.com\/deleuropeams\/","https:\/\/www.linkedin.com\/company\/hotel-de-leurope"]}]}},"featured_image_src":"https:\/\/www.deleurope.com\/wp-content\/uploads\/2024\/01\/Harpers-Bazaar-Suite-De-Leurope-Amsterdam-600x400.jpg","featured_image_src_square":"https:\/\/www.deleurope.com\/wp-content\/uploads\/2024\/01\/Harpers-Bazaar-Suite-De-Leurope-Amsterdam-600x600.jpg","_links":{"self":[{"href":"https:\/\/www.deleurope.com\/de\/wp-json\/wp\/v2\/pages\/3512","targetHints":{"allow":["GET"]}}],"collection":[{"href":"https:\/\/www.deleurope.com\/de\/wp-json\/wp\/v2\/pages"}],"about":[{"href":"https:\/\/www.deleurope.com\/de\/wp-json\/wp\/v2\/types\/page"}],"author":[{"embeddable":true,"href":"https:\/\/www.deleurope.com\/de\/wp-json\/wp\/v2\/users\/6"}],"replies":[{"embeddable":true,"href":"https:\/\/www.deleurope.com\/de\/wp-json\/wp\/v2\/comments?post=3512"}],"version-history":[{"count":2,"href":"https:\/\/www.deleurope.com\/de\/wp-json\/wp\/v2\/pages\/3512\/revisions"}],"predecessor-version":[{"id":14964,"href":"https:\/\/www.deleurope.com\/de\/wp-json\/wp\/v2\/pages\/3512\/revisions\/14964"}],"up":[{"embeddable":true,"href":"https:\/\/www.deleurope.com\/de\/wp-json\/wp\/v2\/pages\/3498"}],"wp:featuredmedia":[{"embeddable":true,"href":"https:\/\/www.deleurope.com\/de\/wp-json\/wp\/v2\/media\/3513"}],"wp:attachment":[{"href":"https:\/\/www.deleurope.com\/de\/wp-json\/wp\/v2\/media?parent=3512"}],"curies":[{"name":"wp","href":"https:\/\/api.w.org\/{rel}","templated":true}]}}