{"id":11103,"date":"2024-07-30T10:48:48","date_gmt":"2024-07-30T10:48:48","guid":{"rendered":"https:\/\/www.deleurope.com\/salones-privados\/dichosos-baby-showers\/"},"modified":"2025-12-10T11:25:15","modified_gmt":"2025-12-10T11:25:15","slug":"dichosos-baby-showers","status":"publish","type":"page","link":"https:\/\/www.deleurope.com\/es\/salones-privados\/dichosos-baby-showers\/","title":{"rendered":"Dichosos baby showers"},"content":{"rendered":"\n<p class=\"has-text-align-center rooms-description-white-box has-large-font-size\">Celebra tu baby shower en nuestros elegantes espacios privados para eventos, dise\u00f1ados para reuniones \u00edntimas y momentos inolvidables. Tanto si celebras la llegada de un nuevo beb\u00e9 como si celebras el camino hacia la paternidad, nuestro local ofrece el ambiente perfecto para tu d\u00eda especial. <\/p>\n\n<div class=\"wp-block-columns text-on-left wrap-2-columns eat-and-drink-cards top-border is-layout-flex wp-container-core-columns-is-layout-9d6595d7 wp-block-columns-is-layout-flex\" id=\"graziella\">\n<div class=\"wp-block-column is-vertically-aligned-center middle-align is-layout-flow wp-block-column-is-layout-flow\" style=\"flex-basis:50%\">\n<h2 class=\"wp-block-heading has-text-align-center has-extra-large-font-size\" style=\"text-transform:capitalize\">Ambiente acogedor y elegante<\/h2>\n\n\n\n<div class=\"wp-block-group\"><div class=\"wp-block-group__inner-container is-layout-constrained wp-block-group-is-layout-constrained\">\n<p class=\"has-text-align-center\">Nuestros espacios para eventos privados est\u00e1n dise\u00f1ados para ofrecer un ambiente c\u00e1lido y acogedor, perfecto para celebrar baby showers festivos. Con una decoraci\u00f3n de buen gusto, c\u00f3modos asientos y posibilidades de comida y bebida, nos aseguramos de que tu evento sea a la vez bonito y personal. <\/p>\n\n\n\n<div class=\"wp-block-buttons is-horizontal is-content-justification-center is-layout-flex wp-container-core-buttons-is-layout-499968f5 wp-block-buttons-is-layout-flex\">\n<div class=\"wp-block-button is-style-outline is-style-outline--1\"><a class=\"wp-block-button__link has-central-palette-1-color has-text-color has-text-align-center wp-element-button\" href=\"#enquire\" style=\"border-radius:0px;text-transform:uppercase\">Solicitar m\u00e1s informaci\u00f3n<\/a><\/div>\n<\/div>\n<\/div><\/div>\n<\/div>\n\n\n\n<div class=\"wp-block-column slider-wrap padding-left-md is-layout-flow wp-block-column-is-layout-flow\" style=\"flex-basis:50%\">\n<figure class=\"wp-block-image size-large\"><img loading=\"lazy\" decoding=\"async\" width=\"800\" height=\"600\" src=\"https:\/\/www.deleurope.com\/wp-content\/uploads\/2024\/07\/DLE_THUYS_362-LO-RES-NO-PHOTOSHOP-800x600.jpg\" alt=\"\" class=\"wp-image-5339\" style=\"aspect-ratio:4\/3;object-fit:cover\" srcset=\"https:\/\/www.deleurope.com\/wp-content\/uploads\/2024\/07\/DLE_THUYS_362-LO-RES-NO-PHOTOSHOP-800x600.jpg 800w, https:\/\/www.deleurope.com\/wp-content\/uploads\/2024\/07\/DLE_THUYS_362-LO-RES-NO-PHOTOSHOP-400x300.jpg 400w\" sizes=\"auto, (max-width: 800px) 100vw, 800px\" \/><\/figure>\n<\/div>\n<\/div>\n\n<div class=\"wp-block-columns columns_slider_text wrap-2-columns eat-and-drink-cards is-layout-flex wp-container-core-columns-is-layout-9d6595d7 wp-block-columns-is-layout-flex\" id=\"flore\">\n<div class=\"wp-block-column slider-wrap is-layout-flow wp-block-column-is-layout-flow\" style=\"flex-basis:50%\">\n<figure class=\"wp-block-image size-large\"><img loading=\"lazy\" decoding=\"async\" width=\"800\" height=\"600\" src=\"https:\/\/www.deleurope.com\/wp-content\/uploads\/2024\/07\/DLE_THUYS_354-LO-RES-NO-PHOTOSHOP-800x600.jpg\" alt=\"\" class=\"wp-image-5349\" style=\"aspect-ratio:4\/3;object-fit:cover\" srcset=\"https:\/\/www.deleurope.com\/wp-content\/uploads\/2024\/07\/DLE_THUYS_354-LO-RES-NO-PHOTOSHOP-800x600.jpg 800w, https:\/\/www.deleurope.com\/wp-content\/uploads\/2024\/07\/DLE_THUYS_354-LO-RES-NO-PHOTOSHOP-400x300.jpg 400w\" sizes=\"auto, (max-width: 800px) 100vw, 800px\" \/><\/figure>\n<\/div>\n\n\n\n<div class=\"wp-block-column is-vertically-aligned-center middle-align is-layout-flow wp-block-column-is-layout-flow\" style=\"flex-basis:50%\">\n<h2 class=\"wp-block-heading has-text-align-center has-extra-large-font-size\" style=\"text-transform:capitalize\">Experiencia personalizada<\/h2>\n\n\n\n<div class=\"wp-block-group\"><div class=\"wp-block-group__inner-container is-layout-constrained wp-block-group-is-layout-constrained\">\n<p class=\"has-text-align-center\">Nuestro entregado equipo est\u00e1 aqu\u00ed para ayudarte a planificar cada detalle, asegur\u00e1ndose de que tu baby shower sea tan especial y memorable como la propia ocasi\u00f3n. D\u00e9janos ayudarte a crear una experiencia m\u00e1gica que honre la alegr\u00eda de los nuevos comienzos. <\/p>\n\n\n\n<div class=\"wp-block-buttons is-horizontal is-content-justification-center is-layout-flex wp-container-core-buttons-is-layout-499968f5 wp-block-buttons-is-layout-flex\">\n<div class=\"wp-block-button is-style-outline is-style-outline--2\"><a class=\"wp-block-button__link has-central-palette-1-color has-text-color has-text-align-center wp-element-button\" href=\"#enquire\" style=\"border-radius:0px;text-transform:uppercase\">Organiza tu EVENTO<\/a><\/div>\n<\/div>\n<\/div><\/div>\n<\/div>\n<\/div>\n\n<div class=\"wp-block-columns special-request contact-form is-layout-flex wp-container-core-columns-is-layout-9d6595d7 wp-block-columns-is-layout-flex\" id=\"enquire\">\n<div class=\"wp-block-column has-central-palette-11-background-color has-background is-layout-flow wp-block-column-is-layout-flow\">\n<h2 class=\"wp-block-heading has-text-align-center has-extra-large-font-size\">Consulte<\/h2>\n\n\n\n<p class=\"has-text-align-center\">\u00bfTienes preferencias espec\u00edficas o est\u00e1s interesado en reservar nuestros espacios para tu evento? No dude en ponerse en contacto con nosotros, ya que nos encanta la creatividad y las soluciones a medida que se adaptan perfectamente a su evento. Estamos encantados de adaptar nuestra oferta a tus necesidades.<br\/><br\/><\/p>\n\n\n\n<div class=\"wp-block-contact-form-7-contact-form-selector\">\n<div class=\"wpcf7 no-js\" id=\"wpcf7-f11071-o1\" lang=\"es-ES\" dir=\"ltr\" data-wpcf7-id=\"11071\">\n<div class=\"screen-reader-response\"><p role=\"status\" aria-live=\"polite\" aria-atomic=\"true\"><\/p> <ul><\/ul><\/div>\n<form action=\"\/es\/wp-json\/wp\/v2\/pages\/11103#wpcf7-f11071-o1\" method=\"post\" class=\"wpcf7-form init\" aria-label=\"Formulario de contacto\" novalidate=\"novalidate\" data-status=\"init\">\n<fieldset class=\"hidden-fields-container\"><input type=\"hidden\" name=\"_wpcf7\" value=\"11071\" \/><input type=\"hidden\" name=\"_wpcf7_version\" value=\"6.1.5\" \/><input type=\"hidden\" name=\"_wpcf7_locale\" value=\"es_ES\" \/><input type=\"hidden\" name=\"_wpcf7_unit_tag\" value=\"wpcf7-f11071-o1\" \/><input type=\"hidden\" name=\"_wpcf7_container_post\" value=\"0\" \/><input type=\"hidden\" name=\"_wpcf7_posted_data_hash\" value=\"\" \/>\n<\/fieldset>\n<p><span class=\"wpcf7-form-control-wrap\" data-name=\"firstname\"><input size=\"40\" maxlength=\"400\" class=\"wpcf7-form-control wpcf7-text wpcf7-validates-as-required half\" aria-required=\"true\" aria-invalid=\"false\" placeholder=\"Nombre*\" value=\"\" type=\"text\" name=\"firstname\" \/><\/span><br \/>\n<span class=\"wpcf7-form-control-wrap\" data-name=\"lastname\"><input size=\"40\" maxlength=\"400\" class=\"wpcf7-form-control wpcf7-text wpcf7-validates-as-required half\" aria-required=\"true\" aria-invalid=\"false\" placeholder=\"Apellido*\" value=\"\" type=\"text\" name=\"lastname\" \/><\/span><br \/>\n<span class=\"wpcf7-form-control-wrap\" data-name=\"email\"><input size=\"40\" maxlength=\"400\" class=\"wpcf7-form-control wpcf7-email wpcf7-validates-as-required wpcf7-text wpcf7-validates-as-email half\" aria-required=\"true\" aria-invalid=\"false\" placeholder=\"Email*\" value=\"\" type=\"email\" name=\"email\" \/><\/span><br \/>\n<span class=\"wpcf7-form-control-wrap\" data-name=\"telephone\"><input size=\"40\" maxlength=\"400\" class=\"wpcf7-form-control wpcf7-tel wpcf7-validates-as-required wpcf7-text wpcf7-validates-as-tel half\" aria-required=\"true\" aria-invalid=\"false\" placeholder=\"Tel\u00e9fono*\" value=\"\" type=\"tel\" name=\"telephone\" \/><\/span><br \/>\n<span class=\"wpcf7-form-control-wrap\" data-name=\"company\"><input size=\"40\" maxlength=\"400\" class=\"wpcf7-form-control wpcf7-text wpcf7-validates-as-required half\" aria-required=\"true\" aria-invalid=\"false\" placeholder=\"Nombre de la empresa (opcional)\" value=\"\" type=\"text\" name=\"company\" \/><\/span><br \/>\n<span class=\"wpcf7-form-control-wrap\" data-name=\"eventdate\"><input class=\"wpcf7-form-control wpcf7-date wpcf7-validates-as-required wpcf7-validates-as-date half\" aria-required=\"true\" aria-invalid=\"false\" placeholder=\"Fecha preferida del evento*\" value=\"\" type=\"date\" name=\"eventdate\" \/><\/span><br \/>\n<span class=\"wpcf7-form-control-wrap\" data-name=\"eventtype\"><select class=\"wpcf7-form-control wpcf7-select wpcf7-validates-as-required half\" aria-required=\"true\" aria-invalid=\"false\" name=\"eventtype\"><option value=\"\">Tipo de evento*<\/option><option value=\"Reuni\u00f3n\">Reuni\u00f3n<\/option><option value=\"Conferencia\">Conferencia<\/option><option value=\"Reuni\u00f3n del consejo\">Reuni\u00f3n del consejo<\/option><option value=\"Almuerzo\/cena privada\">Almuerzo\/cena privada<\/option><option value=\"Recepci\u00f3n\">Recepci\u00f3n<\/option><option value=\"Evento social\">Evento social<\/option><option value=\"Otro\">Otro<\/option><\/select><\/span><br \/>\n<span class=\"wpcf7-form-control-wrap\" data-name=\"numberofguests\"><select class=\"wpcf7-form-control wpcf7-select wpcf7-validates-as-required half\" aria-required=\"true\" aria-invalid=\"false\" name=\"numberofguests\"><option value=\"N\u00famero de invitados*\">N\u00famero de invitados*<\/option><option value=\"0 - 10\">0 - 10<\/option><option value=\"11\u201320\">11\u201320<\/option><option value=\"21\u201340\">21\u201340<\/option><option value=\"41\u201380\">41\u201380<\/option><option value=\"80+\">80+<\/option><\/select><\/span><br \/>\n<span class=\"wpcf7-form-control-wrap\" data-name=\"timeslot\"><select class=\"wpcf7-form-control wpcf7-select wpcf7-validates-as-required half\" aria-required=\"true\" aria-invalid=\"false\" name=\"timeslot\"><option value=\"\">Franja horaria preferida*<\/option><option value=\"Ma\u00f1ana\">Ma\u00f1ana<\/option><option value=\"Tarde\">Tarde<\/option><option value=\"Noche\">Noche<\/option><option value=\"D\u00eda completo\">D\u00eda completo<\/option><\/select><\/span><br \/>\n<span class=\"wpcf7-form-control-wrap\" data-name=\"setup\"><select class=\"wpcf7-form-control wpcf7-select half\" aria-invalid=\"false\" name=\"setup\"><option value=\"\">Configuraci\u00f3n de la sala (opcional)<\/option><option value=\"Personalizada\">Personalizada<\/option><option value=\"Sala de juntas\">Sala de juntas<\/option><option value=\"Teatro\">Teatro<\/option><option value=\"Aula\">Aula<\/option><option value=\"En forma de U\">En forma de U<\/option><option value=\"Cabaret\">Cabaret<\/option><option value=\"Recepci\u00f3n de pie\">Recepci\u00f3n de pie<\/option><\/select><\/span><br \/>\n<span class=\"wpcf7-form-control-wrap\" data-name=\"accommodation\"><select class=\"wpcf7-form-control wpcf7-select half\" aria-invalid=\"false\" name=\"accommodation\"><option value=\"\">Accommodation required? (optional)<\/option><option value=\"Yes\">Yes<\/option><option value=\"No\">No<\/option><option value=\"To be confirmed\">To be confirmed<\/option><\/select><\/span><br \/>\n<span class=\"wpcf7-form-control-wrap\" data-name=\"message\"><textarea cols=\"40\" rows=\"10\" maxlength=\"2000\" class=\"wpcf7-form-control wpcf7-textarea full\" aria-invalid=\"false\" placeholder=\"Tell us more about your meeting or event, including preferred timings, agenda, technical needs, and other special requests\" name=\"message\"><\/textarea><\/span>\n<\/p>\n<p class=\"privacy-contact\">This site is protected by reCAPTCHA and the Google<br \/>\n<a href=\"\/privacy-policy-2\/\">PRIVACY POLICY<\/a> and<br \/>\n<a href=\"\/terms-conditions\/\">TERMS OF SERVICE<\/a> apply.\n<\/p>\n<p><input class=\"wpcf7-form-control wpcf7-submit has-spinner\" type=\"submit\" value=\"Enviar consulta\" \/>\n<\/p><noscript>\n\t\t\t<div class=\"wpcf7-response-output wpcf7-spam-blocked\">Your browser does not support JavaScript!. Please enable javascript in your browser in order to get form work properly.<\/div>\n\t<\/noscript><script type='text\/javascript'>\n\n\t\t\t\t\t\tif(contactform === undefined){\n\t\t\t\t\t\t\tvar contactform = [];\n\t\t\t\t\t\t}\n\t\t\t\t\t\tvar innerVal = [11071,'mail_sent_ok','Gracias por tu mensaje. Se ha enviado.'];\n\t\t\t\t\t\tcontactform.push(innerVal);\n\t\t\t\t\t\tvar innerVal = [11071,'mail_sent_ng','Se ha producido un error al intentar enviar tu mensaje. Vuelve a intentarlo m&aacute;s tarde.'];\n\t\t\t\t\t\tcontactform.push(innerVal);\n\t\t\t\t\t\tvar innerVal = [11071,'validation_error','Uno o m&aacute;s campos tienen un error. Por favor, compru&eacute;balo e int&eacute;ntalo de nuevo.'];\n\t\t\t\t\t\tcontactform.push(innerVal);\n\t\t\t\t\t\tvar innerVal = [11071,'spam','Se ha producido un error al intentar enviar tu mensaje. Vuelve a intentarlo m&aacute;s tarde.'];\n\t\t\t\t\t\tcontactform.push(innerVal);\n\t\t\t\t\t\tvar innerVal = [11071,'accept_terms','Debes aceptar los t&eacute;rminos y condiciones antes de enviar tu mensaje.'];\n\t\t\t\t\t\tcontactform.push(innerVal);\n\t\t\t\t\t\tvar innerVal = [11071,'invalid_required','Rellena este campo.'];\n\t\t\t\t\t\tcontactform.push(innerVal);\n\t\t\t\t\t\tvar innerVal = [11071,'invalid_too_long','Este campo tiene una entrada demasiado larga.'];\n\t\t\t\t\t\tcontactform.push(innerVal);\n\t\t\t\t\t\tvar innerVal = [11071,'invalid_too_short','Este campo tiene una entrada demasiado corta.'];\n\t\t\t\t\t\tcontactform.push(innerVal);\n\t\t\t\t\t\tvar innerVal = [11071,'upload_failed','Se ha producido un error desconocido al cargar el archivo.'];\n\t\t\t\t\t\tcontactform.push(innerVal);\n\t\t\t\t\t\tvar innerVal = [11071,'upload_file_type_invalid','No se te permite subir archivos de este tipo.'];\n\t\t\t\t\t\tcontactform.push(innerVal);\n\t\t\t\t\t\tvar innerVal = [11071,'upload_file_too_large','El archivo subido es demasiado grande.'];\n\t\t\t\t\t\tcontactform.push(innerVal);\n\t\t\t\t\t\tvar innerVal = [11071,'upload_failed_php_error','Se ha producido un error al cargar el archivo.'];\n\t\t\t\t\t\tcontactform.push(innerVal);\n\t\t\t\t\t\tvar innerVal = [11071,'invalid_date','Introduce una fecha en formato AAAA-MM-DD.'];\n\t\t\t\t\t\tcontactform.push(innerVal);\n\t\t\t\t\t\tvar innerVal = [11071,'date_too_early','Este campo tiene una fecha demasiado temprana.'];\n\t\t\t\t\t\tcontactform.push(innerVal);\n\t\t\t\t\t\tvar innerVal = [11071,'date_too_late','Este campo tiene una fecha demasiado tard&iacute;a.'];\n\t\t\t\t\t\tcontactform.push(innerVal);\n\t\t\t\t\t\tvar innerVal = [11071,'invalid_number','Por favor, introduce un n&uacute;mero.'];\n\t\t\t\t\t\tcontactform.push(innerVal);\n\t\t\t\t\t\tvar innerVal = [11071,'number_too_small','Este campo tiene un n&uacute;mero demasiado peque&ntilde;o.'];\n\t\t\t\t\t\tcontactform.push(innerVal);\n\t\t\t\t\t\tvar innerVal = [11071,'number_too_large','Este campo tiene un n&uacute;mero demasiado grande.'];\n\t\t\t\t\t\tcontactform.push(innerVal);\n\t\t\t\t\t\tvar innerVal = [11071,'quiz_answer_not_correct','La respuesta al cuestionario es incorrecta.'];\n\t\t\t\t\t\tcontactform.push(innerVal);\n\t\t\t\t\t\tvar innerVal = [11071,'invalid_email','Introduce una direcci&oacute;n de correo electr&oacute;nico.'];\n\t\t\t\t\t\tcontactform.push(innerVal);\n\t\t\t\t\t\tvar innerVal = [11071,'invalid_url','Por favor, introduce una URL.'];\n\t\t\t\t\t\tcontactform.push(innerVal);\n\t\t\t\t\t\tvar innerVal = [11071,'invalid_tel','Introduce un n&uacute;mero de tel&eacute;fono.'];\n\t\t\t\t\t\tcontactform.push(innerVal);\n\t\t\t\t\t\tvar innerVal = [11071,'gdpr',''];\n\t\t\t\t\t\tcontactform.push(innerVal);\n\t\t\t\t\t\t<\/script><div class=\"wpcf7-response-output\" aria-hidden=\"true\"><\/div>\n<\/form>\n<\/div>\n<\/div>\n<\/div>\n<\/div>\n\n<div class=\"wp-block-columns is-layout-flex wp-container-core-columns-is-layout-9d6595d7 wp-block-columns-is-layout-flex\">\n<div class=\"wp-block-column is-layout-flow wp-block-column-is-layout-flow\"><\/div>\n\n\n\n<div class=\"wp-block-column is-layout-flow wp-block-column-is-layout-flow\"><\/div>\n<\/div>\n","protected":false},"excerpt":{"rendered":"<p>Celebra tu baby shower en nuestros elegantes espacios privados para eventos, dise\u00f1ados para reuniones \u00edntimas y momentos inolvidables. Tanto si celebras la llegada de un nuevo beb\u00e9 como si celebras el camino hacia la paternidad, nuestro local ofrece el ambiente perfecto para tu d\u00eda especial. Ambiente acogedor y elegante Nuestros espacios para eventos privados est\u00e1n [&hellip;]<\/p>\n","protected":false},"author":17,"featured_media":3972,"parent":3971,"menu_order":0,"comment_status":"closed","ping_status":"closed","template":"","meta":{"_acf_changed":false,"footnotes":""},"class_list":["post-11103","page","type-page","status-publish","has-post-thumbnail","hentry"],"acf":[],"yoast_head":"<!-- This site is optimized with the Yoast SEO plugin v27.3 - https:\/\/yoast.com\/product\/yoast-seo-wordpress\/ -->\n<title>Elegante Baby Shower en \u00c1msterdam | De L&#039;Europe<\/title>\n<meta name=\"description\" content=\"Celebra tu baby shower en los elegantes espacios privados para eventos de De L&#039;Europe Amsterdam, dise\u00f1ados para reuniones \u00edntimas. Inf\u00f3rmate hoy mismo.\" \/>\n<meta name=\"robots\" content=\"index, follow, max-snippet:-1, max-image-preview:large, max-video-preview:-1\" \/>\n<link rel=\"canonical\" href=\"https:\/\/www.deleurope.com\/es\/salones-privados\/dichosos-baby-showers\/\" \/>\n<meta property=\"og:locale\" content=\"es_ES\" \/>\n<meta property=\"og:type\" content=\"article\" \/>\n<meta property=\"og:title\" content=\"Elegante Baby Shower en \u00c1msterdam | De L&#039;Europe\" \/>\n<meta property=\"og:description\" content=\"Celebra tu baby shower en los elegantes espacios privados para eventos de De L&#039;Europe Amsterdam, dise\u00f1ados para reuniones \u00edntimas. Inf\u00f3rmate hoy mismo.\" \/>\n<meta property=\"og:url\" content=\"https:\/\/www.deleurope.com\/es\/salones-privados\/dichosos-baby-showers\/\" \/>\n<meta property=\"og:site_name\" content=\"De L&#039;Europe Amsterdam\" \/>\n<meta property=\"article:modified_time\" content=\"2025-12-10T11:25:15+00:00\" \/>\n<meta property=\"og:image\" content=\"https:\/\/www.deleurope.com\/wp-content\/uploads\/2023\/11\/Foyer-events.jpeg\" \/>\n\t<meta property=\"og:image:width\" content=\"1800\" \/>\n\t<meta property=\"og:image:height\" content=\"1200\" \/>\n\t<meta property=\"og:image:type\" content=\"image\/jpeg\" \/>\n<meta name=\"twitter:card\" content=\"summary_large_image\" \/>\n<meta name=\"twitter:label1\" content=\"Tiempo de lectura\" \/>\n\t<meta name=\"twitter:data1\" content=\"1 minuto\" \/>\n<script type=\"application\/ld+json\" class=\"yoast-schema-graph\">{\"@context\":\"https:\\\/\\\/schema.org\",\"@graph\":[{\"@type\":\"WebPage\",\"@id\":\"https:\\\/\\\/www.deleurope.com\\\/es\\\/salones-privados\\\/dichosos-baby-showers\\\/\",\"url\":\"https:\\\/\\\/www.deleurope.com\\\/es\\\/salones-privados\\\/dichosos-baby-showers\\\/\",\"name\":\"Elegante Baby Shower en \u00c1msterdam | De L'Europe\",\"isPartOf\":{\"@id\":\"https:\\\/\\\/www.deleurope.com\\\/es\\\/#website\"},\"primaryImageOfPage\":{\"@id\":\"https:\\\/\\\/www.deleurope.com\\\/es\\\/salones-privados\\\/dichosos-baby-showers\\\/#primaryimage\"},\"image\":{\"@id\":\"https:\\\/\\\/www.deleurope.com\\\/es\\\/salones-privados\\\/dichosos-baby-showers\\\/#primaryimage\"},\"thumbnailUrl\":\"https:\\\/\\\/www.deleurope.com\\\/wp-content\\\/uploads\\\/2023\\\/11\\\/Foyer-events.jpeg\",\"datePublished\":\"2024-07-30T10:48:48+00:00\",\"dateModified\":\"2025-12-10T11:25:15+00:00\",\"description\":\"Celebra tu baby shower en los elegantes espacios privados para eventos de De L'Europe Amsterdam, dise\u00f1ados para reuniones \u00edntimas. Inf\u00f3rmate hoy mismo.\",\"breadcrumb\":{\"@id\":\"https:\\\/\\\/www.deleurope.com\\\/es\\\/salones-privados\\\/dichosos-baby-showers\\\/#breadcrumb\"},\"inLanguage\":\"es\",\"potentialAction\":[{\"@type\":\"ReadAction\",\"target\":[\"https:\\\/\\\/www.deleurope.com\\\/es\\\/salones-privados\\\/dichosos-baby-showers\\\/\"]}]},{\"@type\":\"ImageObject\",\"inLanguage\":\"es\",\"@id\":\"https:\\\/\\\/www.deleurope.com\\\/es\\\/salones-privados\\\/dichosos-baby-showers\\\/#primaryimage\",\"url\":\"https:\\\/\\\/www.deleurope.com\\\/wp-content\\\/uploads\\\/2023\\\/11\\\/Foyer-events.jpeg\",\"contentUrl\":\"https:\\\/\\\/www.deleurope.com\\\/wp-content\\\/uploads\\\/2023\\\/11\\\/Foyer-events.jpeg\",\"width\":1800,\"height\":1200},{\"@type\":\"BreadcrumbList\",\"@id\":\"https:\\\/\\\/www.deleurope.com\\\/es\\\/salones-privados\\\/dichosos-baby-showers\\\/#breadcrumb\",\"itemListElement\":[{\"@type\":\"ListItem\",\"position\":1,\"name\":\"Home\",\"item\":\"https:\\\/\\\/www.deleurope.com\\\/es\\\/\"},{\"@type\":\"ListItem\",\"position\":2,\"name\":\"Salones privados\",\"item\":\"https:\\\/\\\/www.deleurope.com\\\/es\\\/salones-privados\\\/\"},{\"@type\":\"ListItem\",\"position\":3,\"name\":\"Dichosos baby showers\"}]},{\"@type\":\"WebSite\",\"@id\":\"https:\\\/\\\/www.deleurope.com\\\/es\\\/#website\",\"url\":\"https:\\\/\\\/www.deleurope.com\\\/es\\\/\",\"name\":\"De L&#039;Europe Amsterdam\",\"description\":\"Home of original Amsterdam luxury.\",\"potentialAction\":[{\"@type\":\"SearchAction\",\"target\":{\"@type\":\"EntryPoint\",\"urlTemplate\":\"https:\\\/\\\/www.deleurope.com\\\/es\\\/?s={search_term_string}\"},\"query-input\":{\"@type\":\"PropertyValueSpecification\",\"valueRequired\":true,\"valueName\":\"search_term_string\"}}],\"inLanguage\":\"es\"}]}<\/script>\n<!-- \/ Yoast SEO plugin. -->","yoast_head_json":{"title":"Elegante Baby Shower en \u00c1msterdam | De L'Europe","description":"Celebra tu baby shower en los elegantes espacios privados para eventos de De L'Europe Amsterdam, dise\u00f1ados para reuniones \u00edntimas. Inf\u00f3rmate hoy mismo.","robots":{"index":"index","follow":"follow","max-snippet":"max-snippet:-1","max-image-preview":"max-image-preview:large","max-video-preview":"max-video-preview:-1"},"canonical":"https:\/\/www.deleurope.com\/es\/salones-privados\/dichosos-baby-showers\/","og_locale":"es_ES","og_type":"article","og_title":"Elegante Baby Shower en \u00c1msterdam | De L'Europe","og_description":"Celebra tu baby shower en los elegantes espacios privados para eventos de De L'Europe Amsterdam, dise\u00f1ados para reuniones \u00edntimas. Inf\u00f3rmate hoy mismo.","og_url":"https:\/\/www.deleurope.com\/es\/salones-privados\/dichosos-baby-showers\/","og_site_name":"De L&#039;Europe Amsterdam","article_modified_time":"2025-12-10T11:25:15+00:00","og_image":[{"width":1800,"height":1200,"url":"https:\/\/www.deleurope.com\/wp-content\/uploads\/2023\/11\/Foyer-events.jpeg","type":"image\/jpeg"}],"twitter_card":"summary_large_image","twitter_misc":{"Tiempo de lectura":"1 minuto"},"schema":{"@context":"https:\/\/schema.org","@graph":[{"@type":"WebPage","@id":"https:\/\/www.deleurope.com\/es\/salones-privados\/dichosos-baby-showers\/","url":"https:\/\/www.deleurope.com\/es\/salones-privados\/dichosos-baby-showers\/","name":"Elegante Baby Shower en \u00c1msterdam | De L'Europe","isPartOf":{"@id":"https:\/\/www.deleurope.com\/es\/#website"},"primaryImageOfPage":{"@id":"https:\/\/www.deleurope.com\/es\/salones-privados\/dichosos-baby-showers\/#primaryimage"},"image":{"@id":"https:\/\/www.deleurope.com\/es\/salones-privados\/dichosos-baby-showers\/#primaryimage"},"thumbnailUrl":"https:\/\/www.deleurope.com\/wp-content\/uploads\/2023\/11\/Foyer-events.jpeg","datePublished":"2024-07-30T10:48:48+00:00","dateModified":"2025-12-10T11:25:15+00:00","description":"Celebra tu baby shower en los elegantes espacios privados para eventos de De L'Europe Amsterdam, dise\u00f1ados para reuniones \u00edntimas. Inf\u00f3rmate hoy mismo.","breadcrumb":{"@id":"https:\/\/www.deleurope.com\/es\/salones-privados\/dichosos-baby-showers\/#breadcrumb"},"inLanguage":"es","potentialAction":[{"@type":"ReadAction","target":["https:\/\/www.deleurope.com\/es\/salones-privados\/dichosos-baby-showers\/"]}]},{"@type":"ImageObject","inLanguage":"es","@id":"https:\/\/www.deleurope.com\/es\/salones-privados\/dichosos-baby-showers\/#primaryimage","url":"https:\/\/www.deleurope.com\/wp-content\/uploads\/2023\/11\/Foyer-events.jpeg","contentUrl":"https:\/\/www.deleurope.com\/wp-content\/uploads\/2023\/11\/Foyer-events.jpeg","width":1800,"height":1200},{"@type":"BreadcrumbList","@id":"https:\/\/www.deleurope.com\/es\/salones-privados\/dichosos-baby-showers\/#breadcrumb","itemListElement":[{"@type":"ListItem","position":1,"name":"Home","item":"https:\/\/www.deleurope.com\/es\/"},{"@type":"ListItem","position":2,"name":"Salones privados","item":"https:\/\/www.deleurope.com\/es\/salones-privados\/"},{"@type":"ListItem","position":3,"name":"Dichosos baby showers"}]},{"@type":"WebSite","@id":"https:\/\/www.deleurope.com\/es\/#website","url":"https:\/\/www.deleurope.com\/es\/","name":"De L&#039;Europe Amsterdam","description":"Home of original Amsterdam luxury.","potentialAction":[{"@type":"SearchAction","target":{"@type":"EntryPoint","urlTemplate":"https:\/\/www.deleurope.com\/es\/?s={search_term_string}"},"query-input":{"@type":"PropertyValueSpecification","valueRequired":true,"valueName":"search_term_string"}}],"inLanguage":"es"}]}},"featured_image_src":"https:\/\/www.deleurope.com\/wp-content\/uploads\/2023\/11\/Foyer-events-600x400.jpeg","featured_image_src_square":"https:\/\/www.deleurope.com\/wp-content\/uploads\/2023\/11\/Foyer-events-600x600.jpeg","_links":{"self":[{"href":"https:\/\/www.deleurope.com\/es\/wp-json\/wp\/v2\/pages\/11103","targetHints":{"allow":["GET"]}}],"collection":[{"href":"https:\/\/www.deleurope.com\/es\/wp-json\/wp\/v2\/pages"}],"about":[{"href":"https:\/\/www.deleurope.com\/es\/wp-json\/wp\/v2\/types\/page"}],"author":[{"embeddable":true,"href":"https:\/\/www.deleurope.com\/es\/wp-json\/wp\/v2\/users\/17"}],"replies":[{"embeddable":true,"href":"https:\/\/www.deleurope.com\/es\/wp-json\/wp\/v2\/comments?post=11103"}],"version-history":[{"count":0,"href":"https:\/\/www.deleurope.com\/es\/wp-json\/wp\/v2\/pages\/11103\/revisions"}],"up":[{"embeddable":true,"href":"https:\/\/www.deleurope.com\/es\/wp-json\/wp\/v2\/pages\/3971"}],"wp:featuredmedia":[{"embeddable":true,"href":"https:\/\/www.deleurope.com\/es\/wp-json\/wp\/v2\/media\/3972"}],"wp:attachment":[{"href":"https:\/\/www.deleurope.com\/es\/wp-json\/wp\/v2\/media?parent=11103"}],"curies":[{"name":"wp","href":"https:\/\/api.w.org\/{rel}","templated":true}]}}