{"id":3750,"date":"2024-01-19T16:10:30","date_gmt":"2024-01-19T16:10:30","guid":{"rendered":"https:\/\/www.deleurope.com\/conexion-habitaciones-y-suites\/"},"modified":"2026-01-02T10:56:52","modified_gmt":"2026-01-02T10:56:52","slug":"conexion-habitaciones-y-suites","status":"publish","type":"page","link":"https:\/\/www.deleurope.com\/es\/conexion-habitaciones-y-suites\/","title":{"rendered":"Suites comunicadas"},"content":{"rendered":"\n<div class=\"wp-block-columns is-layout-flex wp-container-core-columns-is-layout-9d6595d7 wp-block-columns-is-layout-flex\">\n<div class=\"wp-block-column description-and-button is-layout-flow wp-block-column-is-layout-flow\">\n<p class=\"has-text-align-center rooms-description-white-box has-large-font-size\">Mejora tu estancia con nuestras habitaciones comunicadas, cuidadosamente dise\u00f1adas para ofrecer uni\u00f3n y comodidad. Perfectas para familias o grupos que viajan juntos, estas habitaciones mantienen a todos cerca sin dejar de ofrecer la intimidad de zonas para dormir separadas. Ideales para viajar con ni\u00f1os o con familias numerosas, nuestras habitaciones comunicadas crean un entorno armonioso para compartir momentos y disfrutar de la comodidad cotidiana.    <\/p>\n\n\n\n<p class=\"has-text-align-center rooms-description-white-box has-large-font-size\">Haz que tu viaje compartido sea realmente memorable con nuestras habitaciones comunicadas cuidadosamente dise\u00f1adas.<\/p>\n<\/div>\n<\/div>\n\n<h2 class=\"wp-block-heading has-text-align-center heading-ampersant big-space-bottom-top has-top-border has-padding has-extra-large-font-size\" id=\"rooms\" style=\"text-transform:uppercase\">HABITACIONES Y SUITES COMUNICADAS<\/h2>\n<div class=\"slider-wrapp-all-rows\"><div class=\"all-rows three-per-row wp-block-columns is-layout-flex  wp-block-columns-is-layout-flex\"><div class=\"wp-block-column is-layout-flow wp-block-column-is-layout-flow\"><div class=\"wrapper-1\"><div class=\"image-card\"><img loading=\"lazy\" decoding=\"async\" width=\"520\" height=\"420\" src=\"https:\/\/www.deleurope.com\/wp-content\/uploads\/2025\/12\/Junior-Family-Suite-City-View-De-LEurope-Amstedam-1_1920x1080-520x420.jpg\" class=\"attachment-rooms-cards-3-columns size-rooms-cards-3-columns wp-post-image\" alt=\"\" \/><\/div><h2 class=\"has-text-align-center\">Suite Familiar Junior - Vista a la ciudad<\/h2><p class=\"measurement\">40 \u2013 50 square meters + 25 \u2013 35 square meters<\/p><\/div><div class=\"wp-block-buttons is-horizontal is-content-justification-center is-layout-flex  wp-block-buttons-is-layout-flex\">\r\n\r\n<div class=\"wp-block-button is-style-fill\" style=\"text-transform:uppercase\"><a class=\"wp-block-button__link has-central-palette-1-color has-text-color wp-element-button\" style=\"border-radius:0px\" href=\"https:\/\/www.deleurope.com\/es\/conexion-habitaciones-y-suites\/junior-suite-y-habitacion-deluxe\/\">Leer m\u00e1s<\/a><\/div>\r\n<div class=\"wp-block-button is-style-outline\" style=\"text-transform:uppercase\"><a class=\"wp-block-button__link has-central-palette-1-color has-text-color has-text-align-center wp-element-button\" href=\"#\/booking\/step-1?room=JSD\" style=\"border-radius:0px\">Consultar disponibilidad<\/a><\/div>\r\n<\/div><\/div><div class=\"wp-block-column is-layout-flow wp-block-column-is-layout-flow\"><div class=\"wrapper-1\"><div class=\"image-card\"><img loading=\"lazy\" decoding=\"async\" width=\"520\" height=\"420\" src=\"https:\/\/www.deleurope.com\/wp-content\/uploads\/2024\/01\/stay-7-520x420.jpg\" class=\"attachment-rooms-cards-3-columns size-rooms-cards-3-columns wp-post-image\" alt=\"\" \/><\/div><h2 class=\"has-text-align-center\">Suite Familiar Junior - Vista al r\u00edo<\/h2><p class=\"measurement\">65-85 square meters + 40-50 square meters<\/p><\/div><div class=\"wp-block-buttons is-horizontal is-content-justification-center is-layout-flex  wp-block-buttons-is-layout-flex\">\r\n\r\n<div class=\"wp-block-button is-style-fill\" style=\"text-transform:uppercase\"><a class=\"wp-block-button__link has-central-palette-1-color has-text-color wp-element-button\" style=\"border-radius:0px\" href=\"https:\/\/www.deleurope.com\/es\/conexion-habitaciones-y-suites\/junior-suite-con-vistas-al-rio-y-habitacion-deluxe\/\">Leer m\u00e1s<\/a><\/div>\r\n<div class=\"wp-block-button is-style-outline\" style=\"text-transform:uppercase\"><a class=\"wp-block-button__link has-central-palette-1-color has-text-color has-text-align-center wp-element-button\" href=\"#\/booking\/step-1?room=JRD\" style=\"border-radius:0px\">Consultar disponibilidad<\/a><\/div>\r\n<\/div><\/div><div class=\"wp-block-column is-layout-flow wp-block-column-is-layout-flow\"><div class=\"wrapper-1\"><div class=\"image-card\"><img loading=\"lazy\" decoding=\"async\" width=\"520\" height=\"420\" src=\"https:\/\/www.deleurope.com\/wp-content\/uploads\/2024\/01\/Prmium-Deluxe-Room-DeLeurope-Amstedam-1-520x420.jpg\" class=\"attachment-rooms-cards-3-columns size-rooms-cards-3-columns wp-post-image\" alt=\"\" \/><\/div><h2 class=\"has-text-align-center\">Suite Familiar Premium - Vista a la ciudad<\/h2><p class=\"measurement\">40 \u2013 50 square meters + 30 \u2013 40 square meters<\/p><\/div><div class=\"wp-block-buttons is-horizontal is-content-justification-center is-layout-flex  wp-block-buttons-is-layout-flex\">\r\n\r\n<div class=\"wp-block-button is-style-fill\" style=\"text-transform:uppercase\"><a class=\"wp-block-button__link has-central-palette-1-color has-text-color wp-element-button\" style=\"border-radius:0px\" href=\"https:\/\/www.deleurope.com\/es\/conexion-habitaciones-y-suites\/junior-suite-y-habitacion-deluxe-premium\/\">Leer m\u00e1s<\/a><\/div>\r\n<div class=\"wp-block-button is-style-outline\" style=\"text-transform:uppercase\"><a class=\"wp-block-button__link has-central-palette-1-color has-text-color has-text-align-center wp-element-button\" href=\"#\/booking\/step-1?room=JPD\" style=\"border-radius:0px\">Consultar disponibilidad<\/a><\/div>\r\n<\/div><\/div><div class=\"wp-block-column is-layout-flow wp-block-column-is-layout-flow\"><div class=\"wrapper-1\"><div class=\"image-card\"><img loading=\"lazy\" decoding=\"async\" width=\"520\" height=\"420\" src=\"https:\/\/www.deleurope.com\/wp-content\/uploads\/2024\/01\/Premium-Deluxe-Room-De-LEurope-Amsterdam-520x420.jpg\" class=\"attachment-rooms-cards-3-columns size-rooms-cards-3-columns wp-post-image\" alt=\"\" \/><\/div><h2 class=\"has-text-align-center\">Suite Familiar Est\u00e1ndar<\/h2><p class=\"measurement\">30 - 40 square meters + 30 - 40 square meters<\/p><\/div><div class=\"wp-block-buttons is-horizontal is-content-justification-center is-layout-flex  wp-block-buttons-is-layout-flex\">\r\n\r\n<div class=\"wp-block-button is-style-fill\" style=\"text-transform:uppercase\"><a class=\"wp-block-button__link has-central-palette-1-color has-text-color wp-element-button\" style=\"border-radius:0px\" href=\"https:\/\/www.deleurope.com\/es\/conexion-habitaciones-y-suites\/habitacion-premium-deluxe-habitacion-premium-deluxe\/\">Leer m\u00e1s<\/a><\/div>\r\n<div class=\"wp-block-button is-style-outline\" style=\"text-transform:uppercase\"><a class=\"wp-block-button__link has-central-palette-1-color has-text-color has-text-align-center wp-element-button\" href=\"#\/booking\/step-1?room=PD2\" style=\"border-radius:0px\">Consultar disponibilidad<\/a><\/div>\r\n<\/div><\/div><div class=\"wp-block-column is-layout-flow wp-block-column-is-layout-flow\"><div class=\"wrapper-1\"><div class=\"image-card\"><img loading=\"lazy\" decoding=\"async\" width=\"520\" height=\"420\" src=\"https:\/\/www.deleurope.com\/wp-content\/uploads\/2024\/01\/Prestige-Suite-De-Leurope-Amsterdam-520x420.jpg\" class=\"attachment-rooms-cards-3-columns size-rooms-cards-3-columns wp-post-image\" alt=\"\" \/><\/div><h2 class=\"has-text-align-center\">Suite Familiar Prestige R\u00edo<\/h2><p class=\"measurement\">65 \u2013 85 square meters + 40 \u2013 50 square meters<\/p><\/div><div class=\"wp-block-buttons is-horizontal is-content-justification-center is-layout-flex  wp-block-buttons-is-layout-flex\">\r\n\r\n<div class=\"wp-block-button is-style-fill\" style=\"text-transform:uppercase\"><a class=\"wp-block-button__link has-central-palette-1-color has-text-color wp-element-button\" style=\"border-radius:0px\" href=\"https:\/\/www.deleurope.com\/es\/conexion-habitaciones-y-suites\/prestige-suite-con-vistas-al-rio-y-junior-suite-con-dos-camas-individuales\/\">Leer m\u00e1s<\/a><\/div>\r\n<div class=\"wp-block-button is-style-outline\" style=\"text-transform:uppercase\"><a class=\"wp-block-button__link has-central-palette-1-color has-text-color has-text-align-center wp-element-button\" href=\"#\/booking\/step-1?room=A2S\" style=\"border-radius:0px\">Consultar disponibilidad<\/a><\/div>\r\n<\/div><\/div><\/div><\/div>\n\n<div class=\"wp-block-columns header_and_loop_bg has-central-palette-3-background-color has-background is-layout-flex wp-container-core-columns-is-layout-9d6595d7 wp-block-columns-is-layout-flex\">\n<div class=\"wp-block-column is-layout-flow wp-block-column-is-layout-flow\">\n<h2 class=\"wp-block-heading has-text-align-center has-extra-large-font-size\" style=\"text-transform:uppercase\">Residencia de la Familia Real<\/h2>\n\n\n<div class=\"slider-wrapp-all-rows\"><div class=\"all-rows one-per-row wp-block-columns is-layout-flex  wp-block-columns-is-layout-flex\"><div class=\"wp-block-column is-layout-flow wp-block-column-is-layout-flow\"><div class=\"wrapper-1\"><div class=\"image-card\"><img loading=\"lazy\" decoding=\"async\" width=\"1520\" height=\"640\" src=\"https:\/\/www.deleurope.com\/wp-content\/uploads\/2024\/01\/DLE_261121_42192-1520x640.jpg\" class=\"attachment-rooms-cards-1-column size-rooms-cards-1-column wp-post-image\" alt=\"\" \/><\/div><h2 class=\"has-text-align-center\">Residencia de la Familia Real<\/h2><p class=\"measurement\">+\/- 220 square meters<\/p><div class=\"content\">\n<p class=\"has-text-align-center rooms-description-white-box has-large-font-size\">Nuestro alojamiento multihabitaci\u00f3n m\u00e1s exclusivo y amplio, la Residencia de la Familia Real, ofrece una excepcional sensaci\u00f3n de espacio, intimidad y grandeza. Este distinguido alojamiento incluye 4 suites. El \u00c1tico, una Habitaci\u00f3n Deluxe Premium con vistas al r\u00edo, una Habitaci\u00f3n Deluxe Premium con camas gemelas y una Habitaci\u00f3n Deluxe, est\u00e1n cuidadosamente dispuestas como alojamientos adyacentes y se accede a ellas a trav\u00e9s de una entrada privada compartida.  <\/p>\n<\/div><\/div><div class=\"wp-block-buttons is-horizontal is-content-justification-center is-layout-flex wp-block-buttons-is-layout-flex\">\r\n<div class=\"wp-block-button is-style-fill\" style=\"text-transform:uppercase\"><a class=\"wp-block-button__link has-central-palette-1-color has-text-color wp-element-button\" style=\"border-radius:0px\" href=\"https:\/\/www.deleurope.com\/es\/conexion-habitaciones-y-suites\/suite-penthouse-de-4-dormitorios\/\">Leer m\u00e1s<\/a><\/div>\r\n<!-- <div class=\"wp-block-button is-style-outline\" style=\"text-transform:uppercase\"><a class=\"wp-block-button__link has-central-palette-1-color has-text-color has-text-align-center wp-element-button\" href=\"mailto:reservations@deleurope.com\" style=\"border-radius:0px\">Consultar disponibilidad<\/a><\/div> -->\r\n\r\n\r\n\r\n\r\n<\/div><\/div><\/div><\/div>\n<\/div>\n<\/div>\n\n<div class=\"wp-block-columns carousel-black-editable is-layout-flex wp-container-core-columns-is-layout-9d6595d7 wp-block-columns-is-layout-flex\" id=\"packages\">\n<div class=\"wp-block-column has-central-palette-1-background-color has-background is-layout-flow wp-block-column-is-layout-flow\">\n<h2 class=\"wp-block-heading has-text-align-center heading-ampersant big-space-bottom-top has-central-palette-7-color has-text-color has-extra-large-font-size\" style=\"text-transform:uppercase\">Paquetes y ofertas<\/h2>\n\n\n\n<div class=\"wp-block-carousel-slider-slider\"><div class=\"carousel-slider-outer carousel-slider-outer-hero-banner-slider carousel-slider-outer-2047\" style=\"--carousel-slider-nav-color:#f1f1f1;--carousel-slider-active-nav-color:#00d1b2;--carousel-slider-arrow-size:48px;--carousel-slider-bullet-size:10px\">\n<div id=\"&#039;id-2047\" class=\"carousel-slider carousel-slider-2047 arrows-visibility-hover dots-visibility-never arrows-outside dots-center dots-circle owl-carousel\" data-slide-type=\"hero-banner-slider\" data-owl-settings='{\"nav\":true,\"dots\":false,\"slideBy\":1,\"stagePadding\":0,\"margin\":80,\"loop\":false,\"lazyLoad\":false,\"autoplay\":true,\"autoplayTimeout\":5000,\"autoplaySpeed\":500,\"autoplayHoverPause\":true,\"autoWidth\":false,\"responsive\":{\"300\":{\"items\":1},\"576\":{\"items\":1},\"768\":{\"items\":1},\"1024\":{\"items\":1},\"1280\":{\"items\":2},\"1536\":{\"items\":2}}}' data-animation=\"\">\n<div class=\"carousel-slider-hero__cell hero__cell-1\" style=\"--cell-height: \"><div id=\"slide-item-2047-1\" class=\"carousel-slider-hero__cell__background\" style=\"background-position:center center;background-size:cover;background-image:url(https:\/\/www.deleurope.com\/wp-content\/uploads\/2024\/01\/Balcony-Penthouse-Suite-de-leurope.jpg);background-color:rgba(0,0,0,0.6)\"><\/div><div class=\"carousel-slider-hero__cell__inner carousel-slider--h-position-center carousel-slider--v-position-middle carousel-slider--text-center\" style=\"padding-top:1rem;padding-right:1rem;padding-bottom:1rem;padding-left:1rem\"><div class=\"carousel-slider-hero__cell__content hidden\" style=\"max-width:100%\" data-animation=\"\"><div class=\"carousel-slider-hero__cell__heading\" style=\"--cs-heading-font-size:40px;--cs-heading-gutter:30px;--cs-heading-color:#ffffff\">Stay 4, Pay 3<\/div><div class=\"carousel-slider-hero__cell__description\" style=\"--cs-description-font-size:20px;--cs-description-gutter:30px;--cs-description-color:#ffffff\">Book 4 consecutive nights and receive the 4th night on us.<\/div><div class=\"carousel-slider-hero__cell__buttons\"><span class=\"carousel-slider-hero__cell__button__one\" style=\"--cs-button-bg-color:#ffffff;--cs-button-color:#323232;--cs-button-border-width:3px;--cs-button-border-radius:0px\"><a class=\"button cs-hero-button cs-hero-button-1-1 cs-hero-button-stroke cs-hero-button-medium\" href=\"https:\/\/www.deleurope.com\/offers-packages\/stay-4-pay-3-2\/\" target=\"_self\">DISCOVER OFFER<\/a><\/span><\/div><\/div><\/div><\/div>\n<div class=\"carousel-slider-hero__cell hero__cell-2\" style=\"--cell-height: \"><div id=\"slide-item-2047-2\" class=\"carousel-slider-hero__cell__background\" style=\"background-position:center center;background-size:cover;background-image:url(https:\/\/www.deleurope.com\/wp-content\/uploads\/2024\/11\/20241007-menu-Brasserie-Marie-057-scaled.jpg);background-color:rgba(0,0,0,0.6)\"><\/div><div class=\"carousel-slider-hero__cell__inner carousel-slider--h-position-center carousel-slider--v-position-middle carousel-slider--text-center\" style=\"padding-top:1rem;padding-right:1rem;padding-bottom:1rem;padding-left:1rem\"><div class=\"carousel-slider-hero__cell__content hidden\" style=\"max-width:100%\" data-animation=\"\"><div class=\"carousel-slider-hero__cell__heading\" style=\"--cs-heading-font-size:40px;--cs-heading-gutter:30px;--cs-heading-color:#ffffff\">Culinary Journey<\/div><div class=\"carousel-slider-hero__cell__description\" style=\"--cs-description-font-size:20px;--cs-description-gutter:30px;--cs-description-color:#ffffff\">A culinary journey in the heart of Amsterdam awaits! Receive a \u20ac 100 Euros Food and Beverage Credit, Complimentary breakfast and a complimentary upgrade.<\/div><div class=\"carousel-slider-hero__cell__buttons\"><span class=\"carousel-slider-hero__cell__button__one\" style=\"--cs-button-bg-color:#ffffff;--cs-button-color:#323232;--cs-button-border-width:3px;--cs-button-border-radius:0px\"><a class=\"button cs-hero-button cs-hero-button-2-1 cs-hero-button-stroke cs-hero-button-medium\" href=\"https:\/\/www.deleurope.com\/offers-packages\/culinarycapitaldeleurope\/\" target=\"_self\">DISCOVER OFFER<\/a><\/span><\/div><\/div><\/div><\/div>\n<div class=\"carousel-slider-hero__cell hero__cell-3\" style=\"--cell-height: \"><div id=\"slide-item-2047-3\" class=\"carousel-slider-hero__cell__background\" style=\"background-position:center center;background-size:cover;background-image:url(https:\/\/www.deleurope.com\/wp-content\/uploads\/2024\/01\/Deluxe-suite-DeLeurope-Amsterdam.1.jpg);background-color:rgba(0,0,0,0.6)\"><\/div><div class=\"carousel-slider-hero__cell__inner carousel-slider--h-position-center carousel-slider--v-position-middle carousel-slider--text-center\" style=\"padding-top:1rem;padding-right:1rem;padding-bottom:1rem;padding-left:1rem\"><div class=\"carousel-slider-hero__cell__content hidden\" style=\"max-width:100%\" data-animation=\"\"><div class=\"carousel-slider-hero__cell__heading\" style=\"--cs-heading-font-size:40px;--cs-heading-gutter:30px;--cs-heading-color:#ffffff\">Stay 3, Get 20% off<\/div><div class=\"carousel-slider-hero__cell__description\" style=\"--cs-description-font-size:20px;--cs-description-gutter:30px;--cs-description-color:#ffffff\">Enjoy an exclusive 20% off your room or suite, with a 3-night stay.<\/div><div class=\"carousel-slider-hero__cell__buttons\"><span class=\"carousel-slider-hero__cell__button__one\" style=\"--cs-button-bg-color:#ffffff;--cs-button-color:#323232;--cs-button-border-width:3px;--cs-button-border-radius:0px\"><a class=\"button cs-hero-button cs-hero-button-3-1 cs-hero-button-stroke cs-hero-button-medium\" href=\"https:\/\/www.deleurope.com\/offers-packages\/3-nights-2025\/\" target=\"_self\">DISCOVER OFFER<\/a><\/span><\/div><\/div><\/div><\/div>\n<\/div><!-- .carousel-slider-2047 -->\n<\/div><!-- .carousel-slider-outer-2047 -->\n<\/div>\n<\/div>\n<\/div>\n\n<div class=\"wp-block-columns faq-section has-central-palette-9-background-color has-background is-layout-flex wp-container-core-columns-is-layout-9d6595d7 wp-block-columns-is-layout-flex\">\n<div class=\"wp-block-column is-layout-flow wp-block-column-is-layout-flow\">\n<div class=\"wp-block-columns is-layout-flex wp-container-core-columns-is-layout-9d6595d7 wp-block-columns-is-layout-flex\">\n<div class=\"wp-block-column is-layout-flow wp-block-column-is-layout-flow\" style=\"flex-basis:24%\">\n<h2 class=\"wp-block-heading has-text-align-center has-extra-large-font-size\">F.A.Q<\/h2>\n\n\n\n<ul class=\"wp-block-list tab-faq-menu\">\n<li class=\"active-li\" style=\"text-transform:uppercase\">Alojamientos<\/li>\n\n\n\n<li style=\"text-transform:uppercase\">Pagos<\/li>\n\n\n\n<li style=\"text-transform:uppercase\">Check-in | Check-out<\/li>\n\n\n\n<li style=\"text-transform:uppercase\">llegando a  <\/li>\n\n\n\n<li style=\"text-transform:uppercase\">at de l&#8217;europe<\/li>\n<\/ul>\n<\/div>\n\n\n\n<div class=\"wp-block-column is-layout-flow wp-block-column-is-layout-flow\" style=\"flex-basis:76%\">\n<div class=\"schema-faq wp-block-yoast-faq-block\"><div class=\"schema-faq-section\" id=\"faq-question-1697826231715\"><strong class=\"schema-faq-question\">\u00bfTienen habitaciones con balc\u00f3n? \u00bfQu\u00e9 categor\u00edas de habitaciones disponen de balc\u00f3n?<\/strong> <p class=\"schema-faq-answer\">Las suites Junior Suite River View Balcony, Deluxe Suite River View y Prestige Suite River View disponen de balc\u00f3n.<\/p> <\/div> <div class=\"schema-faq-section\" id=\"faq-question-1697827306389\"><strong class=\"schema-faq-question\">\u00bfLas habitaciones est\u00e1ndar pueden alojar a 3 personas?<\/strong> <p class=\"schema-faq-answer\">No, se pueden alojar tres personas a partir de nuestras categor\u00edas de suite.<\/p> <\/div> <div class=\"schema-faq-section\" id=\"faq-question-1697826245421\"><strong class=\"schema-faq-question\">Si reservo una habitaci\u00f3n con balc\u00f3n, \u00bfest\u00e1 garantizado?<\/strong> <p class=\"schema-faq-answer\">S\u00ed, si su confirmaci\u00f3n indica un tipo de habitaci\u00f3n con vistas al r\u00edo y balc\u00f3n, esta ventaja est\u00e1 garantizada.<\/p> <\/div> <div class=\"schema-faq-section\" id=\"faq-question-1706188440408\"><strong class=\"schema-faq-question\">\u00bfPuedo fumar en la habitaci\u00f3n o en el balc\u00f3n?<\/strong> <p class=\"schema-faq-answer\">Las habitaciones son para no fumadores; en los balcones se puede fumar.<\/p> <\/div> <div class=\"schema-faq-section\" id=\"faq-question-1706188927586\"><strong class=\"schema-faq-question\">\u00bfTodas las habitaciones tienen vistas al r\u00edo?<\/strong> <p class=\"schema-faq-answer\">No todas las habitaciones tienen vistas al r\u00edo, pero dentro de todas las categor\u00edas de habitaciones (excepto la categor\u00eda superior), puede elegir \u00abvistas al r\u00edo\u00bb por un cargo adicional, sujeto a disponibilidad.<\/p> <\/div> <div class=\"schema-faq-section\" id=\"faq-question-1706188983287\"><strong class=\"schema-faq-question\">\u00bfExiste la posibilidad de reservar habitaciones comunicadas?<\/strong> <p class=\"schema-faq-answer\">S\u00ed, el hotel dispone de varias habitaciones que pueden conectarse; p\u00f3ngase en contacto con nuestro departamento <a href=\"mailto:reservations@deleruope.com\" target=\"_blank\" rel=\"noreferrer noopener\">reservations@deleruope.com<\/a> para realizar las reservas.<\/p> <\/div> <\/div>\n\n\n\n<div class=\"schema-faq wp-block-yoast-faq-block\"><div class=\"schema-faq-section\" id=\"faq-question-1697827306389\"><strong class=\"schema-faq-question\">\u00bfC\u00f3mo puedo modificar o anular mi reserva?<\/strong> <p class=\"schema-faq-answer\">Para cancelar o modificar una reserva, ponte en contacto con nosotros por correo electr\u00f3nico o por tel\u00e9fono, o visita nuestra p\u00e1gina de reservas. Las condiciones de reserva pueden variar en funci\u00f3n de la tarifa reservada. <\/p> <\/div> <div class=\"schema-faq-section\" id=\"faq-question-1697826231715\"><strong class=\"schema-faq-question\">\u00bfPor qu\u00e9 tengo que facilitar los datos de mi tarjeta de cr\u00e9dito?<\/strong> <p class=\"schema-faq-answer\">Los hu\u00e9spedes deben introducir los datos de su tarjeta de cr\u00e9dito para garantizar su reserva. No es necesario un dep\u00f3sito previo; s\u00f3lo se cargar\u00e1 en la tarjeta de cr\u00e9dito en caso de cancelaci\u00f3n tard\u00eda.<\/p> <\/div> <\/div>\n\n\n\n<div class=\"schema-faq wp-block-yoast-faq-block\"><div class=\"schema-faq-section\" id=\"faq-question-1697827306389\"><strong class=\"schema-faq-question\">\u00bfSe puede entrar antes o salir despu\u00e9s? En caso afirmativo, \u00bfcu\u00e1les son los costes adicionales?<\/strong> <p class=\"schema-faq-answer\">Esta solicitud est\u00e1 sujeta a disponibilidad. Para garantizar un check-in temprano, podemos reservar la noche anterior a la fecha de llegada para asegurar que los hu\u00e9spedes puedan acceder a su habitaci\u00f3n temprano por la ma\u00f1ana.<\/p> <\/div> <div class=\"schema-faq-section\" id=\"faq-question-1697826231715\"><strong class=\"schema-faq-question\">\u00bfCu\u00e1l es el horario de entrada y salida en De L&#8217;Europe?<\/strong> <p class=\"schema-faq-answer\">La habitaci\u00f3n est\u00e1 disponible a partir de las 15.00 horas del d\u00eda de llegada, y nuestra hora de salida es a las 12.00 horas del d\u00eda de salida. Si desea llegar antes o salir m\u00e1s tarde, puede solicitar una entrada anticipada o una salida tard\u00eda en funci\u00f3n de la disponibilidad.<\/p> <\/div> <div class=\"schema-faq-section\" id=\"faq-question-1697827308476\"><strong class=\"schema-faq-question\">\u00bfPuedo dejar mi equipaje mientras exploro \u00c1msterdam?<\/strong> <p class=\"schema-faq-answer\">Nos complace guardar el equipaje de los hu\u00e9spedes del hotel en nuestra consigna cerrada antes y despu\u00e9s de su estancia, para que puedan explorar \u00c1msterdam a fondo. Tenga en cuenta que no debe incluirse en los bienes almacenados dinero, papeles valiosos, valores, objetos de valor ni art\u00edculos fr\u00e1giles o perecederos. Proporcionamos a los hu\u00e9spedes una etiqueta de equipaje a su llegada para facilitar la recuperaci\u00f3n de sus pertenencias.<\/p> <\/div> <\/div>\n\n\n\n<div class=\"schema-faq wp-block-yoast-faq-block\"><div class=\"schema-faq-section\" id=\"faq-question-1697827306389\"><strong class=\"schema-faq-question\">\u00bfTienen servicio de transporte gratuito del aeropuerto al hotel?<\/strong> <p class=\"schema-faq-answer\">No ofrecemos servicio gratuito de enlace con el aeropuerto. No obstante, nuestro departamento de conserjer\u00eda puede ayudar a los hu\u00e9spedes a organizar el transporte privado.<\/p> <\/div> <div class=\"schema-faq-section\" id=\"faq-question-1697826231715\"><strong class=\"schema-faq-question\">\u00bfDispone De L&#8217;Europe de traslado privado?<\/strong> <p class=\"schema-faq-answer\">Deje que nos encarguemos de su traslado con estilo gracias a nuestro lujoso sed\u00e1n. Organice su traslado privado poni\u00e9ndose en contacto con nuestro equipo de conserjer\u00eda en <a href=\"mailto:Concierge@deleurope.com\" target=\"_blank\" rel=\"noreferrer noopener\">Concierge@deleurope.com.<\/a><\/p> <\/div> <div class=\"schema-faq-section\" id=\"faq-question-1706191165865\"><strong class=\"schema-faq-question\">\u00bfHay que reservar aparcamiento con antelaci\u00f3n?<\/strong> <p class=\"schema-faq-answer\">Las reservas de aparcamiento s\u00f3lo est\u00e1n disponibles para los hu\u00e9spedes del hotel. Se ruega avisar con antelaci\u00f3n para asegurarse una plaza de aparcamiento.<\/p> <\/div> <div class=\"schema-faq-section\" id=\"faq-question-1706191234984\"><strong class=\"schema-faq-question\">\u00bfC\u00f3mo puedo utilizar el transporte p\u00fablico para llegar al hotel desde el aeropuerto?<\/strong> <p class=\"schema-faq-answer\">Hay trenes cada 15 minutos entre el aeropuerto y la estaci\u00f3n central de \u00c1msterdam. Este trayecto dura 17 minutos. Los billetes de tren pueden adquirirse en las m\u00e1quinas expendedoras de billetes de la sala de llegadas del aeropuerto. Desde la Estaci\u00f3n Central de \u00c1msterdam, lo m\u00e1s c\u00f3modo es tomar la nueva l\u00ednea de metro Norte-Sur (n\u00ba 52, parada: Rokin) o los tranv\u00edas 4 y 24 (parada: Muntplein). El trayecto desde la estaci\u00f3n central de \u00c1msterdam hasta el hotel dura 10 minutos, incluido un paseo de 1 minuto.<\/p> <\/div> <\/div>\n\n\n\n<div class=\"schema-faq wp-block-yoast-faq-block\"><div class=\"schema-faq-section\" id=\"faq-question-1697827308476\"><strong class=\"schema-faq-question\">\u00bfHay acceso para discapacitados?<\/strong> <p class=\"schema-faq-answer\">De L&#8217;Europe Amsterdam est\u00e1 totalmente adaptado para sillas de ruedas, con cuatro ascensores en el hotel, acceso al spa en silla de ruedas y alojamientos accesibles con puertas m\u00e1s anchas, lavabos regulables en altura y pasamanos. Por favor, mencione cualquier solicitud de accesibilidad en su reserva.<\/p> <\/div> <\/div>\n<\/div>\n<\/div>\n<\/div>\n<\/div>\n","protected":false},"excerpt":{"rendered":"<p>Mejora tu estancia con nuestras habitaciones comunicadas, cuidadosamente dise\u00f1adas para ofrecer uni\u00f3n y comodidad. Perfectas para familias o grupos que viajan juntos, estas habitaciones mantienen a todos cerca sin dejar de ofrecer la intimidad de zonas para dormir separadas. Ideales para viajar con ni\u00f1os o con familias numerosas, nuestras habitaciones comunicadas crean un entorno armonioso [&hellip;]<\/p>\n","protected":false},"author":6,"featured_media":3751,"parent":0,"menu_order":0,"comment_status":"closed","ping_status":"closed","template":"rooms-template.php","meta":{"_acf_changed":false,"footnotes":""},"class_list":["post-3750","page","type-page","status-publish","has-post-thumbnail","hentry"],"acf":[],"yoast_head":"<!-- This site is optimized with the Yoast SEO plugin v27.3 - https:\/\/yoast.com\/product\/yoast-seo-wordpress\/ -->\n<title>Habitaciones comunicadas y suites familiares en \u00c1msterdam | De L&#039;Europe<\/title>\n<meta name=\"description\" content=\"Descubre el alojamiento perfecto para familias y grupos con las opciones de habitaciones comunicadas y suites de De L&#039;Europe Amsterdam. Reserva ahora.\" \/>\n<meta name=\"robots\" content=\"index, follow, max-snippet:-1, max-image-preview:large, max-video-preview:-1\" \/>\n<link rel=\"canonical\" href=\"https:\/\/www.deleurope.com\/es\/conexion-habitaciones-y-suites\/\" \/>\n<meta property=\"og:locale\" content=\"es_ES\" \/>\n<meta property=\"og:type\" content=\"article\" \/>\n<meta property=\"og:title\" content=\"Habitaciones comunicadas y suites familiares en \u00c1msterdam | De L&#039;Europe\" \/>\n<meta property=\"og:description\" content=\"Descubre el alojamiento perfecto para familias y grupos con las opciones de habitaciones comunicadas y suites de De L&#039;Europe Amsterdam. Reserva ahora.\" \/>\n<meta property=\"og:url\" content=\"https:\/\/www.deleurope.com\/es\/conexion-habitaciones-y-suites\/\" \/>\n<meta property=\"og:site_name\" content=\"De L&#039;Europe Amsterdam\" \/>\n<meta property=\"article:modified_time\" content=\"2026-01-02T10:56:52+00:00\" \/>\n<meta property=\"og:image\" content=\"https:\/\/www.deleurope.com\/wp-content\/uploads\/2024\/02\/homepage-hero-1.webp\" \/>\n\t<meta property=\"og:image:width\" content=\"1680\" \/>\n\t<meta property=\"og:image:height\" content=\"1119\" \/>\n\t<meta property=\"og:image:type\" content=\"image\/webp\" \/>\n<meta name=\"twitter:card\" content=\"summary_large_image\" \/>\n<meta name=\"twitter:label1\" content=\"Tiempo de lectura\" \/>\n\t<meta name=\"twitter:data1\" content=\"7 minutos\" \/>\n<script type=\"application\/ld+json\" class=\"yoast-schema-graph\">{\"@context\":\"https:\\\/\\\/schema.org\",\"@graph\":[{\"@type\":[\"WebPage\",\"FAQPage\"],\"@id\":\"https:\\\/\\\/www.deleurope.com\\\/es\\\/conexion-habitaciones-y-suites\\\/\",\"url\":\"https:\\\/\\\/www.deleurope.com\\\/es\\\/conexion-habitaciones-y-suites\\\/\",\"name\":\"Habitaciones comunicadas y suites familiares en \u00c1msterdam | De L'Europe\",\"isPartOf\":{\"@id\":\"https:\\\/\\\/www.deleurope.com\\\/es\\\/#website\"},\"primaryImageOfPage\":{\"@id\":\"https:\\\/\\\/www.deleurope.com\\\/es\\\/conexion-habitaciones-y-suites\\\/#primaryimage\"},\"image\":{\"@id\":\"https:\\\/\\\/www.deleurope.com\\\/es\\\/conexion-habitaciones-y-suites\\\/#primaryimage\"},\"thumbnailUrl\":\"https:\\\/\\\/www.deleurope.com\\\/wp-content\\\/uploads\\\/2024\\\/02\\\/homepage-hero-1.webp\",\"datePublished\":\"2024-01-19T16:10:30+00:00\",\"dateModified\":\"2026-01-02T10:56:52+00:00\",\"description\":\"Descubre el alojamiento perfecto para familias y grupos con las opciones de habitaciones comunicadas y suites de De L'Europe Amsterdam. Reserva ahora.\",\"breadcrumb\":{\"@id\":\"https:\\\/\\\/www.deleurope.com\\\/es\\\/conexion-habitaciones-y-suites\\\/#breadcrumb\"},\"mainEntity\":[{\"@id\":\"https:\\\/\\\/www.deleurope.com\\\/es\\\/conexion-habitaciones-y-suites\\\/#faq-question-1697826231715\"},{\"@id\":\"https:\\\/\\\/www.deleurope.com\\\/es\\\/conexion-habitaciones-y-suites\\\/#faq-question-1697827306389\"},{\"@id\":\"https:\\\/\\\/www.deleurope.com\\\/es\\\/conexion-habitaciones-y-suites\\\/#faq-question-1697826245421\"},{\"@id\":\"https:\\\/\\\/www.deleurope.com\\\/es\\\/conexion-habitaciones-y-suites\\\/#faq-question-1706188440408\"},{\"@id\":\"https:\\\/\\\/www.deleurope.com\\\/es\\\/conexion-habitaciones-y-suites\\\/#faq-question-1706188927586\"},{\"@id\":\"https:\\\/\\\/www.deleurope.com\\\/es\\\/conexion-habitaciones-y-suites\\\/#faq-question-1706188983287\"},{\"@id\":\"https:\\\/\\\/www.deleurope.com\\\/es\\\/conexion-habitaciones-y-suites\\\/#faq-question-1697827306389\"},{\"@id\":\"https:\\\/\\\/www.deleurope.com\\\/es\\\/conexion-habitaciones-y-suites\\\/#faq-question-1697826231715\"},{\"@id\":\"https:\\\/\\\/www.deleurope.com\\\/es\\\/conexion-habitaciones-y-suites\\\/#faq-question-1697827306389\"},{\"@id\":\"https:\\\/\\\/www.deleurope.com\\\/es\\\/conexion-habitaciones-y-suites\\\/#faq-question-1697826231715\"},{\"@id\":\"https:\\\/\\\/www.deleurope.com\\\/es\\\/conexion-habitaciones-y-suites\\\/#faq-question-1697827308476\"},{\"@id\":\"https:\\\/\\\/www.deleurope.com\\\/es\\\/conexion-habitaciones-y-suites\\\/#faq-question-1697827306389\"},{\"@id\":\"https:\\\/\\\/www.deleurope.com\\\/es\\\/conexion-habitaciones-y-suites\\\/#faq-question-1697826231715\"},{\"@id\":\"https:\\\/\\\/www.deleurope.com\\\/es\\\/conexion-habitaciones-y-suites\\\/#faq-question-1706191165865\"},{\"@id\":\"https:\\\/\\\/www.deleurope.com\\\/es\\\/conexion-habitaciones-y-suites\\\/#faq-question-1706191234984\"},{\"@id\":\"https:\\\/\\\/www.deleurope.com\\\/es\\\/conexion-habitaciones-y-suites\\\/#faq-question-1697827308476\"}],\"inLanguage\":\"es\",\"potentialAction\":[{\"@type\":\"ReadAction\",\"target\":[\"https:\\\/\\\/www.deleurope.com\\\/es\\\/conexion-habitaciones-y-suites\\\/\"]}]},{\"@type\":\"ImageObject\",\"inLanguage\":\"es\",\"@id\":\"https:\\\/\\\/www.deleurope.com\\\/es\\\/conexion-habitaciones-y-suites\\\/#primaryimage\",\"url\":\"https:\\\/\\\/www.deleurope.com\\\/wp-content\\\/uploads\\\/2024\\\/02\\\/homepage-hero-1.webp\",\"contentUrl\":\"https:\\\/\\\/www.deleurope.com\\\/wp-content\\\/uploads\\\/2024\\\/02\\\/homepage-hero-1.webp\",\"width\":1680,\"height\":1119},{\"@type\":\"BreadcrumbList\",\"@id\":\"https:\\\/\\\/www.deleurope.com\\\/es\\\/conexion-habitaciones-y-suites\\\/#breadcrumb\",\"itemListElement\":[{\"@type\":\"ListItem\",\"position\":1,\"name\":\"Home\",\"item\":\"https:\\\/\\\/www.deleurope.com\\\/es\\\/\"},{\"@type\":\"ListItem\",\"position\":2,\"name\":\"Suites comunicadas\"}]},{\"@type\":\"WebSite\",\"@id\":\"https:\\\/\\\/www.deleurope.com\\\/es\\\/#website\",\"url\":\"https:\\\/\\\/www.deleurope.com\\\/es\\\/\",\"name\":\"De L&#039;Europe Amsterdam\",\"description\":\"Home of original Amsterdam luxury.\",\"potentialAction\":[{\"@type\":\"SearchAction\",\"target\":{\"@type\":\"EntryPoint\",\"urlTemplate\":\"https:\\\/\\\/www.deleurope.com\\\/es\\\/?s={search_term_string}\"},\"query-input\":{\"@type\":\"PropertyValueSpecification\",\"valueRequired\":true,\"valueName\":\"search_term_string\"}}],\"inLanguage\":\"es\"},{\"@type\":\"Question\",\"@id\":\"https:\\\/\\\/www.deleurope.com\\\/es\\\/conexion-habitaciones-y-suites\\\/#faq-question-1697826231715\",\"position\":1,\"url\":\"https:\\\/\\\/www.deleurope.com\\\/es\\\/conexion-habitaciones-y-suites\\\/#faq-question-1697826231715\",\"name\":\"\u00bfTienen habitaciones con balc\u00f3n? \u00bfQu\u00e9 categor\u00edas de habitaciones disponen de balc\u00f3n?\",\"answerCount\":1,\"acceptedAnswer\":{\"@type\":\"Answer\",\"text\":\"Las suites Junior Suite River View Balcony, Deluxe Suite River View y Prestige Suite River View disponen de balc\u00f3n.\",\"inLanguage\":\"es\"},\"inLanguage\":\"es\"},{\"@type\":\"Question\",\"@id\":\"https:\\\/\\\/www.deleurope.com\\\/es\\\/conexion-habitaciones-y-suites\\\/#faq-question-1697827306389\",\"position\":2,\"url\":\"https:\\\/\\\/www.deleurope.com\\\/es\\\/conexion-habitaciones-y-suites\\\/#faq-question-1697827306389\",\"name\":\"\u00bfLas habitaciones est\u00e1ndar pueden alojar a 3 personas?\",\"answerCount\":1,\"acceptedAnswer\":{\"@type\":\"Answer\",\"text\":\"No, se pueden alojar tres personas a partir de nuestras categor\u00edas de suite.\",\"inLanguage\":\"es\"},\"inLanguage\":\"es\"},{\"@type\":\"Question\",\"@id\":\"https:\\\/\\\/www.deleurope.com\\\/es\\\/conexion-habitaciones-y-suites\\\/#faq-question-1697826245421\",\"position\":3,\"url\":\"https:\\\/\\\/www.deleurope.com\\\/es\\\/conexion-habitaciones-y-suites\\\/#faq-question-1697826245421\",\"name\":\"Si reservo una habitaci\u00f3n con balc\u00f3n, \u00bfest\u00e1 garantizado?\",\"answerCount\":1,\"acceptedAnswer\":{\"@type\":\"Answer\",\"text\":\"S\u00ed, si su confirmaci\u00f3n indica un tipo de habitaci\u00f3n con vistas al r\u00edo y balc\u00f3n, esta ventaja est\u00e1 garantizada.\",\"inLanguage\":\"es\"},\"inLanguage\":\"es\"},{\"@type\":\"Question\",\"@id\":\"https:\\\/\\\/www.deleurope.com\\\/es\\\/conexion-habitaciones-y-suites\\\/#faq-question-1706188440408\",\"position\":4,\"url\":\"https:\\\/\\\/www.deleurope.com\\\/es\\\/conexion-habitaciones-y-suites\\\/#faq-question-1706188440408\",\"name\":\"\u00bfPuedo fumar en la habitaci\u00f3n o en el balc\u00f3n?\",\"answerCount\":1,\"acceptedAnswer\":{\"@type\":\"Answer\",\"text\":\"Las habitaciones son para no fumadores; en los balcones se puede fumar.\",\"inLanguage\":\"es\"},\"inLanguage\":\"es\"},{\"@type\":\"Question\",\"@id\":\"https:\\\/\\\/www.deleurope.com\\\/es\\\/conexion-habitaciones-y-suites\\\/#faq-question-1706188927586\",\"position\":5,\"url\":\"https:\\\/\\\/www.deleurope.com\\\/es\\\/conexion-habitaciones-y-suites\\\/#faq-question-1706188927586\",\"name\":\"\u00bfTodas las habitaciones tienen vistas al r\u00edo?\",\"answerCount\":1,\"acceptedAnswer\":{\"@type\":\"Answer\",\"text\":\"No todas las habitaciones tienen vistas al r\u00edo, pero dentro de todas las categor\u00edas de habitaciones (excepto la categor\u00eda superior), puede elegir \\\"vistas al r\u00edo\\\" por un cargo adicional, sujeto a disponibilidad.\",\"inLanguage\":\"es\"},\"inLanguage\":\"es\"},{\"@type\":\"Question\",\"@id\":\"https:\\\/\\\/www.deleurope.com\\\/es\\\/conexion-habitaciones-y-suites\\\/#faq-question-1706188983287\",\"position\":6,\"url\":\"https:\\\/\\\/www.deleurope.com\\\/es\\\/conexion-habitaciones-y-suites\\\/#faq-question-1706188983287\",\"name\":\"\u00bfExiste la posibilidad de reservar habitaciones comunicadas?\",\"answerCount\":1,\"acceptedAnswer\":{\"@type\":\"Answer\",\"text\":\"S\u00ed, el hotel dispone de varias habitaciones que pueden conectarse; p\u00f3ngase en contacto con nuestro departamento <a href=\\\"mailto:reservations@deleruope.com\\\" target=\\\"_blank\\\" rel=\\\"noreferrer noopener\\\">reservations@deleruope.com<\\\/a> para realizar las reservas.\",\"inLanguage\":\"es\"},\"inLanguage\":\"es\"},{\"@type\":\"Question\",\"@id\":\"https:\\\/\\\/www.deleurope.com\\\/es\\\/conexion-habitaciones-y-suites\\\/#faq-question-1697827306389\",\"position\":7,\"url\":\"https:\\\/\\\/www.deleurope.com\\\/es\\\/conexion-habitaciones-y-suites\\\/#faq-question-1697827306389\",\"name\":\"\u00bfC\u00f3mo puedo modificar o anular mi reserva?\",\"answerCount\":1,\"acceptedAnswer\":{\"@type\":\"Answer\",\"text\":\"Para cancelar o modificar una reserva, ponte en contacto con nosotros por correo electr\u00f3nico o por tel\u00e9fono, o visita nuestra p\u00e1gina de reservas. Las condiciones de reserva pueden variar en funci\u00f3n de la tarifa reservada. \",\"inLanguage\":\"es\"},\"inLanguage\":\"es\"},{\"@type\":\"Question\",\"@id\":\"https:\\\/\\\/www.deleurope.com\\\/es\\\/conexion-habitaciones-y-suites\\\/#faq-question-1697826231715\",\"position\":8,\"url\":\"https:\\\/\\\/www.deleurope.com\\\/es\\\/conexion-habitaciones-y-suites\\\/#faq-question-1697826231715\",\"name\":\"\u00bfPor qu\u00e9 tengo que facilitar los datos de mi tarjeta de cr\u00e9dito?\",\"answerCount\":1,\"acceptedAnswer\":{\"@type\":\"Answer\",\"text\":\"Los hu\u00e9spedes deben introducir los datos de su tarjeta de cr\u00e9dito para garantizar su reserva. No es necesario un dep\u00f3sito previo; s\u00f3lo se cargar\u00e1 en la tarjeta de cr\u00e9dito en caso de cancelaci\u00f3n tard\u00eda.\",\"inLanguage\":\"es\"},\"inLanguage\":\"es\"},{\"@type\":\"Question\",\"@id\":\"https:\\\/\\\/www.deleurope.com\\\/es\\\/conexion-habitaciones-y-suites\\\/#faq-question-1697827306389\",\"position\":9,\"url\":\"https:\\\/\\\/www.deleurope.com\\\/es\\\/conexion-habitaciones-y-suites\\\/#faq-question-1697827306389\",\"name\":\"\u00bfSe puede entrar antes o salir despu\u00e9s? En caso afirmativo, \u00bfcu\u00e1les son los costes adicionales?\",\"answerCount\":1,\"acceptedAnswer\":{\"@type\":\"Answer\",\"text\":\"Esta solicitud est\u00e1 sujeta a disponibilidad. Para garantizar un check-in temprano, podemos reservar la noche anterior a la fecha de llegada para asegurar que los hu\u00e9spedes puedan acceder a su habitaci\u00f3n temprano por la ma\u00f1ana.\",\"inLanguage\":\"es\"},\"inLanguage\":\"es\"},{\"@type\":\"Question\",\"@id\":\"https:\\\/\\\/www.deleurope.com\\\/es\\\/conexion-habitaciones-y-suites\\\/#faq-question-1697826231715\",\"position\":10,\"url\":\"https:\\\/\\\/www.deleurope.com\\\/es\\\/conexion-habitaciones-y-suites\\\/#faq-question-1697826231715\",\"name\":\"\u00bfCu\u00e1l es el horario de entrada y salida en De L'Europe?\",\"answerCount\":1,\"acceptedAnswer\":{\"@type\":\"Answer\",\"text\":\"La habitaci\u00f3n est\u00e1 disponible a partir de las 15.00 horas del d\u00eda de llegada, y nuestra hora de salida es a las 12.00 horas del d\u00eda de salida. Si desea llegar antes o salir m\u00e1s tarde, puede solicitar una entrada anticipada o una salida tard\u00eda en funci\u00f3n de la disponibilidad.\",\"inLanguage\":\"es\"},\"inLanguage\":\"es\"},{\"@type\":\"Question\",\"@id\":\"https:\\\/\\\/www.deleurope.com\\\/es\\\/conexion-habitaciones-y-suites\\\/#faq-question-1697827308476\",\"position\":11,\"url\":\"https:\\\/\\\/www.deleurope.com\\\/es\\\/conexion-habitaciones-y-suites\\\/#faq-question-1697827308476\",\"name\":\"\u00bfPuedo dejar mi equipaje mientras exploro \u00c1msterdam?\",\"answerCount\":1,\"acceptedAnswer\":{\"@type\":\"Answer\",\"text\":\"Nos complace guardar el equipaje de los hu\u00e9spedes del hotel en nuestra consigna cerrada antes y despu\u00e9s de su estancia, para que puedan explorar \u00c1msterdam a fondo. Tenga en cuenta que no debe incluirse en los bienes almacenados dinero, papeles valiosos, valores, objetos de valor ni art\u00edculos fr\u00e1giles o perecederos. Proporcionamos a los hu\u00e9spedes una etiqueta de equipaje a su llegada para facilitar la recuperaci\u00f3n de sus pertenencias.\",\"inLanguage\":\"es\"},\"inLanguage\":\"es\"},{\"@type\":\"Question\",\"@id\":\"https:\\\/\\\/www.deleurope.com\\\/es\\\/conexion-habitaciones-y-suites\\\/#faq-question-1697827306389\",\"position\":12,\"url\":\"https:\\\/\\\/www.deleurope.com\\\/es\\\/conexion-habitaciones-y-suites\\\/#faq-question-1697827306389\",\"name\":\"\u00bfTienen servicio de transporte gratuito del aeropuerto al hotel?\",\"answerCount\":1,\"acceptedAnswer\":{\"@type\":\"Answer\",\"text\":\"No ofrecemos servicio gratuito de enlace con el aeropuerto. No obstante, nuestro departamento de conserjer\u00eda puede ayudar a los hu\u00e9spedes a organizar el transporte privado.\",\"inLanguage\":\"es\"},\"inLanguage\":\"es\"},{\"@type\":\"Question\",\"@id\":\"https:\\\/\\\/www.deleurope.com\\\/es\\\/conexion-habitaciones-y-suites\\\/#faq-question-1697826231715\",\"position\":13,\"url\":\"https:\\\/\\\/www.deleurope.com\\\/es\\\/conexion-habitaciones-y-suites\\\/#faq-question-1697826231715\",\"name\":\"\u00bfDispone De L'Europe de traslado privado?\",\"answerCount\":1,\"acceptedAnswer\":{\"@type\":\"Answer\",\"text\":\"Deje que nos encarguemos de su traslado con estilo gracias a nuestro lujoso sed\u00e1n. Organice su traslado privado poni\u00e9ndose en contacto con nuestro equipo de conserjer\u00eda en <a href=\\\"mailto:Concierge@deleurope.com\\\" target=\\\"_blank\\\" rel=\\\"noreferrer noopener\\\">Concierge@deleurope.com.<\\\/a>\",\"inLanguage\":\"es\"},\"inLanguage\":\"es\"},{\"@type\":\"Question\",\"@id\":\"https:\\\/\\\/www.deleurope.com\\\/es\\\/conexion-habitaciones-y-suites\\\/#faq-question-1706191165865\",\"position\":14,\"url\":\"https:\\\/\\\/www.deleurope.com\\\/es\\\/conexion-habitaciones-y-suites\\\/#faq-question-1706191165865\",\"name\":\"\u00bfHay que reservar aparcamiento con antelaci\u00f3n?\",\"answerCount\":1,\"acceptedAnswer\":{\"@type\":\"Answer\",\"text\":\"Las reservas de aparcamiento s\u00f3lo est\u00e1n disponibles para los hu\u00e9spedes del hotel. Se ruega avisar con antelaci\u00f3n para asegurarse una plaza de aparcamiento.\",\"inLanguage\":\"es\"},\"inLanguage\":\"es\"},{\"@type\":\"Question\",\"@id\":\"https:\\\/\\\/www.deleurope.com\\\/es\\\/conexion-habitaciones-y-suites\\\/#faq-question-1706191234984\",\"position\":15,\"url\":\"https:\\\/\\\/www.deleurope.com\\\/es\\\/conexion-habitaciones-y-suites\\\/#faq-question-1706191234984\",\"name\":\"\u00bfC\u00f3mo puedo utilizar el transporte p\u00fablico para llegar al hotel desde el aeropuerto?\",\"answerCount\":1,\"acceptedAnswer\":{\"@type\":\"Answer\",\"text\":\"Hay trenes cada 15 minutos entre el aeropuerto y la estaci\u00f3n central de \u00c1msterdam. Este trayecto dura 17 minutos. Los billetes de tren pueden adquirirse en las m\u00e1quinas expendedoras de billetes de la sala de llegadas del aeropuerto. Desde la Estaci\u00f3n Central de \u00c1msterdam, lo m\u00e1s c\u00f3modo es tomar la nueva l\u00ednea de metro Norte-Sur (n\u00ba 52, parada: Rokin) o los tranv\u00edas 4 y 24 (parada: Muntplein). El trayecto desde la estaci\u00f3n central de \u00c1msterdam hasta el hotel dura 10 minutos, incluido un paseo de 1 minuto.\",\"inLanguage\":\"es\"},\"inLanguage\":\"es\"},{\"@type\":\"Question\",\"@id\":\"https:\\\/\\\/www.deleurope.com\\\/es\\\/conexion-habitaciones-y-suites\\\/#faq-question-1697827308476\",\"position\":16,\"url\":\"https:\\\/\\\/www.deleurope.com\\\/es\\\/conexion-habitaciones-y-suites\\\/#faq-question-1697827308476\",\"name\":\"\u00bfHay acceso para discapacitados?\",\"answerCount\":1,\"acceptedAnswer\":{\"@type\":\"Answer\",\"text\":\"De L'Europe Amsterdam est\u00e1 totalmente adaptado para sillas de ruedas, con cuatro ascensores en el hotel, acceso al spa en silla de ruedas y alojamientos accesibles con puertas m\u00e1s anchas, lavabos regulables en altura y pasamanos. Por favor, mencione cualquier solicitud de accesibilidad en su reserva.\",\"inLanguage\":\"es\"},\"inLanguage\":\"es\"}]}<\/script>\n<!-- \/ Yoast SEO plugin. -->","yoast_head_json":{"title":"Habitaciones comunicadas y suites familiares en \u00c1msterdam | De L'Europe","description":"Descubre el alojamiento perfecto para familias y grupos con las opciones de habitaciones comunicadas y suites de De L'Europe Amsterdam. Reserva ahora.","robots":{"index":"index","follow":"follow","max-snippet":"max-snippet:-1","max-image-preview":"max-image-preview:large","max-video-preview":"max-video-preview:-1"},"canonical":"https:\/\/www.deleurope.com\/es\/conexion-habitaciones-y-suites\/","og_locale":"es_ES","og_type":"article","og_title":"Habitaciones comunicadas y suites familiares en \u00c1msterdam | De L'Europe","og_description":"Descubre el alojamiento perfecto para familias y grupos con las opciones de habitaciones comunicadas y suites de De L'Europe Amsterdam. Reserva ahora.","og_url":"https:\/\/www.deleurope.com\/es\/conexion-habitaciones-y-suites\/","og_site_name":"De L&#039;Europe Amsterdam","article_modified_time":"2026-01-02T10:56:52+00:00","og_image":[{"width":1680,"height":1119,"url":"https:\/\/www.deleurope.com\/wp-content\/uploads\/2024\/02\/homepage-hero-1.webp","type":"image\/webp"}],"twitter_card":"summary_large_image","twitter_misc":{"Tiempo de lectura":"7 minutos"},"schema":{"@context":"https:\/\/schema.org","@graph":[{"@type":["WebPage","FAQPage"],"@id":"https:\/\/www.deleurope.com\/es\/conexion-habitaciones-y-suites\/","url":"https:\/\/www.deleurope.com\/es\/conexion-habitaciones-y-suites\/","name":"Habitaciones comunicadas y suites familiares en \u00c1msterdam | De L'Europe","isPartOf":{"@id":"https:\/\/www.deleurope.com\/es\/#website"},"primaryImageOfPage":{"@id":"https:\/\/www.deleurope.com\/es\/conexion-habitaciones-y-suites\/#primaryimage"},"image":{"@id":"https:\/\/www.deleurope.com\/es\/conexion-habitaciones-y-suites\/#primaryimage"},"thumbnailUrl":"https:\/\/www.deleurope.com\/wp-content\/uploads\/2024\/02\/homepage-hero-1.webp","datePublished":"2024-01-19T16:10:30+00:00","dateModified":"2026-01-02T10:56:52+00:00","description":"Descubre el alojamiento perfecto para familias y grupos con las opciones de habitaciones comunicadas y suites de De L'Europe Amsterdam. Reserva ahora.","breadcrumb":{"@id":"https:\/\/www.deleurope.com\/es\/conexion-habitaciones-y-suites\/#breadcrumb"},"mainEntity":[{"@id":"https:\/\/www.deleurope.com\/es\/conexion-habitaciones-y-suites\/#faq-question-1697826231715"},{"@id":"https:\/\/www.deleurope.com\/es\/conexion-habitaciones-y-suites\/#faq-question-1697827306389"},{"@id":"https:\/\/www.deleurope.com\/es\/conexion-habitaciones-y-suites\/#faq-question-1697826245421"},{"@id":"https:\/\/www.deleurope.com\/es\/conexion-habitaciones-y-suites\/#faq-question-1706188440408"},{"@id":"https:\/\/www.deleurope.com\/es\/conexion-habitaciones-y-suites\/#faq-question-1706188927586"},{"@id":"https:\/\/www.deleurope.com\/es\/conexion-habitaciones-y-suites\/#faq-question-1706188983287"},{"@id":"https:\/\/www.deleurope.com\/es\/conexion-habitaciones-y-suites\/#faq-question-1697827306389"},{"@id":"https:\/\/www.deleurope.com\/es\/conexion-habitaciones-y-suites\/#faq-question-1697826231715"},{"@id":"https:\/\/www.deleurope.com\/es\/conexion-habitaciones-y-suites\/#faq-question-1697827306389"},{"@id":"https:\/\/www.deleurope.com\/es\/conexion-habitaciones-y-suites\/#faq-question-1697826231715"},{"@id":"https:\/\/www.deleurope.com\/es\/conexion-habitaciones-y-suites\/#faq-question-1697827308476"},{"@id":"https:\/\/www.deleurope.com\/es\/conexion-habitaciones-y-suites\/#faq-question-1697827306389"},{"@id":"https:\/\/www.deleurope.com\/es\/conexion-habitaciones-y-suites\/#faq-question-1697826231715"},{"@id":"https:\/\/www.deleurope.com\/es\/conexion-habitaciones-y-suites\/#faq-question-1706191165865"},{"@id":"https:\/\/www.deleurope.com\/es\/conexion-habitaciones-y-suites\/#faq-question-1706191234984"},{"@id":"https:\/\/www.deleurope.com\/es\/conexion-habitaciones-y-suites\/#faq-question-1697827308476"}],"inLanguage":"es","potentialAction":[{"@type":"ReadAction","target":["https:\/\/www.deleurope.com\/es\/conexion-habitaciones-y-suites\/"]}]},{"@type":"ImageObject","inLanguage":"es","@id":"https:\/\/www.deleurope.com\/es\/conexion-habitaciones-y-suites\/#primaryimage","url":"https:\/\/www.deleurope.com\/wp-content\/uploads\/2024\/02\/homepage-hero-1.webp","contentUrl":"https:\/\/www.deleurope.com\/wp-content\/uploads\/2024\/02\/homepage-hero-1.webp","width":1680,"height":1119},{"@type":"BreadcrumbList","@id":"https:\/\/www.deleurope.com\/es\/conexion-habitaciones-y-suites\/#breadcrumb","itemListElement":[{"@type":"ListItem","position":1,"name":"Home","item":"https:\/\/www.deleurope.com\/es\/"},{"@type":"ListItem","position":2,"name":"Suites comunicadas"}]},{"@type":"WebSite","@id":"https:\/\/www.deleurope.com\/es\/#website","url":"https:\/\/www.deleurope.com\/es\/","name":"De L&#039;Europe Amsterdam","description":"Home of original Amsterdam luxury.","potentialAction":[{"@type":"SearchAction","target":{"@type":"EntryPoint","urlTemplate":"https:\/\/www.deleurope.com\/es\/?s={search_term_string}"},"query-input":{"@type":"PropertyValueSpecification","valueRequired":true,"valueName":"search_term_string"}}],"inLanguage":"es"},{"@type":"Question","@id":"https:\/\/www.deleurope.com\/es\/conexion-habitaciones-y-suites\/#faq-question-1697826231715","position":1,"url":"https:\/\/www.deleurope.com\/es\/conexion-habitaciones-y-suites\/#faq-question-1697826231715","name":"\u00bfTienen habitaciones con balc\u00f3n? \u00bfQu\u00e9 categor\u00edas de habitaciones disponen de balc\u00f3n?","answerCount":1,"acceptedAnswer":{"@type":"Answer","text":"Las suites Junior Suite River View Balcony, Deluxe Suite River View y Prestige Suite River View disponen de balc\u00f3n.","inLanguage":"es"},"inLanguage":"es"},{"@type":"Question","@id":"https:\/\/www.deleurope.com\/es\/conexion-habitaciones-y-suites\/#faq-question-1697827306389","position":2,"url":"https:\/\/www.deleurope.com\/es\/conexion-habitaciones-y-suites\/#faq-question-1697827306389","name":"\u00bfLas habitaciones est\u00e1ndar pueden alojar a 3 personas?","answerCount":1,"acceptedAnswer":{"@type":"Answer","text":"No, se pueden alojar tres personas a partir de nuestras categor\u00edas de suite.","inLanguage":"es"},"inLanguage":"es"},{"@type":"Question","@id":"https:\/\/www.deleurope.com\/es\/conexion-habitaciones-y-suites\/#faq-question-1697826245421","position":3,"url":"https:\/\/www.deleurope.com\/es\/conexion-habitaciones-y-suites\/#faq-question-1697826245421","name":"Si reservo una habitaci\u00f3n con balc\u00f3n, \u00bfest\u00e1 garantizado?","answerCount":1,"acceptedAnswer":{"@type":"Answer","text":"S\u00ed, si su confirmaci\u00f3n indica un tipo de habitaci\u00f3n con vistas al r\u00edo y balc\u00f3n, esta ventaja est\u00e1 garantizada.","inLanguage":"es"},"inLanguage":"es"},{"@type":"Question","@id":"https:\/\/www.deleurope.com\/es\/conexion-habitaciones-y-suites\/#faq-question-1706188440408","position":4,"url":"https:\/\/www.deleurope.com\/es\/conexion-habitaciones-y-suites\/#faq-question-1706188440408","name":"\u00bfPuedo fumar en la habitaci\u00f3n o en el balc\u00f3n?","answerCount":1,"acceptedAnswer":{"@type":"Answer","text":"Las habitaciones son para no fumadores; en los balcones se puede fumar.","inLanguage":"es"},"inLanguage":"es"},{"@type":"Question","@id":"https:\/\/www.deleurope.com\/es\/conexion-habitaciones-y-suites\/#faq-question-1706188927586","position":5,"url":"https:\/\/www.deleurope.com\/es\/conexion-habitaciones-y-suites\/#faq-question-1706188927586","name":"\u00bfTodas las habitaciones tienen vistas al r\u00edo?","answerCount":1,"acceptedAnswer":{"@type":"Answer","text":"No todas las habitaciones tienen vistas al r\u00edo, pero dentro de todas las categor\u00edas de habitaciones (excepto la categor\u00eda superior), puede elegir \"vistas al r\u00edo\" por un cargo adicional, sujeto a disponibilidad.","inLanguage":"es"},"inLanguage":"es"},{"@type":"Question","@id":"https:\/\/www.deleurope.com\/es\/conexion-habitaciones-y-suites\/#faq-question-1706188983287","position":6,"url":"https:\/\/www.deleurope.com\/es\/conexion-habitaciones-y-suites\/#faq-question-1706188983287","name":"\u00bfExiste la posibilidad de reservar habitaciones comunicadas?","answerCount":1,"acceptedAnswer":{"@type":"Answer","text":"S\u00ed, el hotel dispone de varias habitaciones que pueden conectarse; p\u00f3ngase en contacto con nuestro departamento <a href=\"mailto:reservations@deleruope.com\" target=\"_blank\" rel=\"noreferrer noopener\">reservations@deleruope.com<\/a> para realizar las reservas.","inLanguage":"es"},"inLanguage":"es"},{"@type":"Question","@id":"https:\/\/www.deleurope.com\/es\/conexion-habitaciones-y-suites\/#faq-question-1697827306389","position":7,"url":"https:\/\/www.deleurope.com\/es\/conexion-habitaciones-y-suites\/#faq-question-1697827306389","name":"\u00bfC\u00f3mo puedo modificar o anular mi reserva?","answerCount":1,"acceptedAnswer":{"@type":"Answer","text":"Para cancelar o modificar una reserva, ponte en contacto con nosotros por correo electr\u00f3nico o por tel\u00e9fono, o visita nuestra p\u00e1gina de reservas. Las condiciones de reserva pueden variar en funci\u00f3n de la tarifa reservada. ","inLanguage":"es"},"inLanguage":"es"},{"@type":"Question","@id":"https:\/\/www.deleurope.com\/es\/conexion-habitaciones-y-suites\/#faq-question-1697826231715","position":8,"url":"https:\/\/www.deleurope.com\/es\/conexion-habitaciones-y-suites\/#faq-question-1697826231715","name":"\u00bfPor qu\u00e9 tengo que facilitar los datos de mi tarjeta de cr\u00e9dito?","answerCount":1,"acceptedAnswer":{"@type":"Answer","text":"Los hu\u00e9spedes deben introducir los datos de su tarjeta de cr\u00e9dito para garantizar su reserva. No es necesario un dep\u00f3sito previo; s\u00f3lo se cargar\u00e1 en la tarjeta de cr\u00e9dito en caso de cancelaci\u00f3n tard\u00eda.","inLanguage":"es"},"inLanguage":"es"},{"@type":"Question","@id":"https:\/\/www.deleurope.com\/es\/conexion-habitaciones-y-suites\/#faq-question-1697827306389","position":9,"url":"https:\/\/www.deleurope.com\/es\/conexion-habitaciones-y-suites\/#faq-question-1697827306389","name":"\u00bfSe puede entrar antes o salir despu\u00e9s? En caso afirmativo, \u00bfcu\u00e1les son los costes adicionales?","answerCount":1,"acceptedAnswer":{"@type":"Answer","text":"Esta solicitud est\u00e1 sujeta a disponibilidad. Para garantizar un check-in temprano, podemos reservar la noche anterior a la fecha de llegada para asegurar que los hu\u00e9spedes puedan acceder a su habitaci\u00f3n temprano por la ma\u00f1ana.","inLanguage":"es"},"inLanguage":"es"},{"@type":"Question","@id":"https:\/\/www.deleurope.com\/es\/conexion-habitaciones-y-suites\/#faq-question-1697826231715","position":10,"url":"https:\/\/www.deleurope.com\/es\/conexion-habitaciones-y-suites\/#faq-question-1697826231715","name":"\u00bfCu\u00e1l es el horario de entrada y salida en De L'Europe?","answerCount":1,"acceptedAnswer":{"@type":"Answer","text":"La habitaci\u00f3n est\u00e1 disponible a partir de las 15.00 horas del d\u00eda de llegada, y nuestra hora de salida es a las 12.00 horas del d\u00eda de salida. Si desea llegar antes o salir m\u00e1s tarde, puede solicitar una entrada anticipada o una salida tard\u00eda en funci\u00f3n de la disponibilidad.","inLanguage":"es"},"inLanguage":"es"},{"@type":"Question","@id":"https:\/\/www.deleurope.com\/es\/conexion-habitaciones-y-suites\/#faq-question-1697827308476","position":11,"url":"https:\/\/www.deleurope.com\/es\/conexion-habitaciones-y-suites\/#faq-question-1697827308476","name":"\u00bfPuedo dejar mi equipaje mientras exploro \u00c1msterdam?","answerCount":1,"acceptedAnswer":{"@type":"Answer","text":"Nos complace guardar el equipaje de los hu\u00e9spedes del hotel en nuestra consigna cerrada antes y despu\u00e9s de su estancia, para que puedan explorar \u00c1msterdam a fondo. Tenga en cuenta que no debe incluirse en los bienes almacenados dinero, papeles valiosos, valores, objetos de valor ni art\u00edculos fr\u00e1giles o perecederos. Proporcionamos a los hu\u00e9spedes una etiqueta de equipaje a su llegada para facilitar la recuperaci\u00f3n de sus pertenencias.","inLanguage":"es"},"inLanguage":"es"},{"@type":"Question","@id":"https:\/\/www.deleurope.com\/es\/conexion-habitaciones-y-suites\/#faq-question-1697827306389","position":12,"url":"https:\/\/www.deleurope.com\/es\/conexion-habitaciones-y-suites\/#faq-question-1697827306389","name":"\u00bfTienen servicio de transporte gratuito del aeropuerto al hotel?","answerCount":1,"acceptedAnswer":{"@type":"Answer","text":"No ofrecemos servicio gratuito de enlace con el aeropuerto. No obstante, nuestro departamento de conserjer\u00eda puede ayudar a los hu\u00e9spedes a organizar el transporte privado.","inLanguage":"es"},"inLanguage":"es"},{"@type":"Question","@id":"https:\/\/www.deleurope.com\/es\/conexion-habitaciones-y-suites\/#faq-question-1697826231715","position":13,"url":"https:\/\/www.deleurope.com\/es\/conexion-habitaciones-y-suites\/#faq-question-1697826231715","name":"\u00bfDispone De L'Europe de traslado privado?","answerCount":1,"acceptedAnswer":{"@type":"Answer","text":"Deje que nos encarguemos de su traslado con estilo gracias a nuestro lujoso sed\u00e1n. Organice su traslado privado poni\u00e9ndose en contacto con nuestro equipo de conserjer\u00eda en <a href=\"mailto:Concierge@deleurope.com\" target=\"_blank\" rel=\"noreferrer noopener\">Concierge@deleurope.com.<\/a>","inLanguage":"es"},"inLanguage":"es"},{"@type":"Question","@id":"https:\/\/www.deleurope.com\/es\/conexion-habitaciones-y-suites\/#faq-question-1706191165865","position":14,"url":"https:\/\/www.deleurope.com\/es\/conexion-habitaciones-y-suites\/#faq-question-1706191165865","name":"\u00bfHay que reservar aparcamiento con antelaci\u00f3n?","answerCount":1,"acceptedAnswer":{"@type":"Answer","text":"Las reservas de aparcamiento s\u00f3lo est\u00e1n disponibles para los hu\u00e9spedes del hotel. Se ruega avisar con antelaci\u00f3n para asegurarse una plaza de aparcamiento.","inLanguage":"es"},"inLanguage":"es"},{"@type":"Question","@id":"https:\/\/www.deleurope.com\/es\/conexion-habitaciones-y-suites\/#faq-question-1706191234984","position":15,"url":"https:\/\/www.deleurope.com\/es\/conexion-habitaciones-y-suites\/#faq-question-1706191234984","name":"\u00bfC\u00f3mo puedo utilizar el transporte p\u00fablico para llegar al hotel desde el aeropuerto?","answerCount":1,"acceptedAnswer":{"@type":"Answer","text":"Hay trenes cada 15 minutos entre el aeropuerto y la estaci\u00f3n central de \u00c1msterdam. Este trayecto dura 17 minutos. Los billetes de tren pueden adquirirse en las m\u00e1quinas expendedoras de billetes de la sala de llegadas del aeropuerto. Desde la Estaci\u00f3n Central de \u00c1msterdam, lo m\u00e1s c\u00f3modo es tomar la nueva l\u00ednea de metro Norte-Sur (n\u00ba 52, parada: Rokin) o los tranv\u00edas 4 y 24 (parada: Muntplein). El trayecto desde la estaci\u00f3n central de \u00c1msterdam hasta el hotel dura 10 minutos, incluido un paseo de 1 minuto.","inLanguage":"es"},"inLanguage":"es"},{"@type":"Question","@id":"https:\/\/www.deleurope.com\/es\/conexion-habitaciones-y-suites\/#faq-question-1697827308476","position":16,"url":"https:\/\/www.deleurope.com\/es\/conexion-habitaciones-y-suites\/#faq-question-1697827308476","name":"\u00bfHay acceso para discapacitados?","answerCount":1,"acceptedAnswer":{"@type":"Answer","text":"De L'Europe Amsterdam est\u00e1 totalmente adaptado para sillas de ruedas, con cuatro ascensores en el hotel, acceso al spa en silla de ruedas y alojamientos accesibles con puertas m\u00e1s anchas, lavabos regulables en altura y pasamanos. Por favor, mencione cualquier solicitud de accesibilidad en su reserva.","inLanguage":"es"},"inLanguage":"es"}]}},"featured_image_src":"https:\/\/www.deleurope.com\/wp-content\/uploads\/2024\/02\/homepage-hero-1-600x400.webp","featured_image_src_square":"https:\/\/www.deleurope.com\/wp-content\/uploads\/2024\/02\/homepage-hero-1-600x600.webp","_links":{"self":[{"href":"https:\/\/www.deleurope.com\/es\/wp-json\/wp\/v2\/pages\/3750","targetHints":{"allow":["GET"]}}],"collection":[{"href":"https:\/\/www.deleurope.com\/es\/wp-json\/wp\/v2\/pages"}],"about":[{"href":"https:\/\/www.deleurope.com\/es\/wp-json\/wp\/v2\/types\/page"}],"author":[{"embeddable":true,"href":"https:\/\/www.deleurope.com\/es\/wp-json\/wp\/v2\/users\/6"}],"replies":[{"embeddable":true,"href":"https:\/\/www.deleurope.com\/es\/wp-json\/wp\/v2\/comments?post=3750"}],"version-history":[{"count":0,"href":"https:\/\/www.deleurope.com\/es\/wp-json\/wp\/v2\/pages\/3750\/revisions"}],"wp:featuredmedia":[{"embeddable":true,"href":"https:\/\/www.deleurope.com\/es\/wp-json\/wp\/v2\/media\/3751"}],"wp:attachment":[{"href":"https:\/\/www.deleurope.com\/es\/wp-json\/wp\/v2\/media?parent=3750"}],"curies":[{"name":"wp","href":"https:\/\/api.w.org\/{rel}","templated":true}]}}