{"id":3961,"date":"2023-11-27T13:55:36","date_gmt":"2023-11-27T13:55:36","guid":{"rendered":"https:\/\/www.deleurope.com\/pulse\/"},"modified":"2026-02-10T11:49:58","modified_gmt":"2026-02-10T11:49:58","slug":"nota-de-prensa","status":"publish","type":"page","link":"https:\/\/www.deleurope.com\/es\/nota-de-prensa\/","title":{"rendered":"Pulse"},"content":{"rendered":"\n<div class=\"wp-block-columns margin-bottom-none is-layout-flex wp-container-core-columns-is-layout-9d6595d7 wp-block-columns-is-layout-flex\">\n<div class=\"wp-block-column two-texts-intro with-cta is-layout-flow wp-block-column-is-layout-flow\">\n<h2 class=\"wp-block-heading has-text-align-center rooms-description-white-box two-texts-bigger header-bigger with-cta has-extra-large-font-size\">DISCOVER DE L&#8217;EUROPE<\/h2>\n\n\n\n<p class=\"has-text-align-center two-texts-smaller\">Bienvenido al latido de nuestro viaje, donde cada hito es un cap\u00edtulo de nuestra historia. <br\/>Explora la cobertura de prensa m\u00e1s reciente para descubrir c\u00f3mo estamos dando forma a la narrativa y haciendo olas en nuestra industria.<br\/>Para consultas de los medios de comunicaci\u00f3n o solicitudes especiales, no dudes en ponerte en contacto con nosotros: estamos aqu\u00ed para dar vida a las historias de nuestra elegancia atemporal para ti.<\/p>\n\n\n\n<div class=\"wp-block-buttons is-content-justification-center is-layout-flex wp-container-core-buttons-is-layout-16018d1d wp-block-buttons-is-layout-flex\">\n<div class=\"wp-block-button is-style-outline book-now is-style-outline--1\"><a class=\"wp-block-button__link has-central-palette-7-color has-central-palette-1-background-color has-text-color has-background has-text-align-center wp-element-button\" href=\"mailto:pr@deleurope.com\" style=\"border-radius:0px;text-transform:uppercase\">contacte con nosotros<\/a><\/div>\n<\/div>\n<\/div>\n<\/div>\n\n<div class=\"wp-block-columns text-on-left wrap-2-columns eat-and-drink-cards top-border is-layout-flex wp-container-core-columns-is-layout-9d6595d7 wp-block-columns-is-layout-flex\" id=\"graziella\">\n<div class=\"wp-block-column is-vertically-aligned-center middle-align is-layout-flow wp-block-column-is-layout-flow\" style=\"flex-basis:50%\">\n<h2 class=\"wp-block-heading has-text-align-center has-extra-large-font-size\" style=\"text-transform:capitalize\">Nuestra historia<\/h2>\n\n\n\n<div class=\"wp-block-group\"><div class=\"wp-block-group__inner-container is-layout-constrained wp-block-group-is-layout-constrained\">\n<p class=\"has-text-align-center\">La historia de De L&#8217;Europe Amsterdam parece la de su libro favorito. Este monumental establecimiento entrelaz\u00f3 sus ra\u00edces con la fundaci\u00f3n de la ciudad. De L&#8217;Europe es conocido como uno de los hoteles familiares m\u00e1s antiguos del coraz\u00f3n de \u00c1msterdam y, con todos los monumentos culturales famosos a tiro de piedra, es el lugar perfecto para volver a casa despu\u00e9s de un d\u00eda entero de exploraci\u00f3n. Junto al lujoso oasis de confort, tambi\u00e9n alberga un centro de bienestar de \u00faltima generaci\u00f3n, gimnasio, concept store IN-HUYS y una amplia oferta culinaria. El restaurante de alta cocina Flore, galardonado con dos estrellas MICHELIN, la cl\u00e1sica Brasserie Marie francesa, la aut\u00e9ntica Trattoria Graziella italiana, el bar clandestino Chapter 1896 y el emblem\u00e1tico Freddy&#8217;s Bar se encuentran bajo el mismo techo.<\/p>\n\n\n\n<div class=\"wp-block-buttons is-horizontal is-content-justification-center is-layout-flex wp-container-core-buttons-is-layout-499968f5 wp-block-buttons-is-layout-flex\">\n<div class=\"wp-block-button is-style-outline is-style-outline--2\"><a class=\"wp-block-button__link has-central-palette-1-color has-text-color has-text-align-center wp-element-button\" href=\"https:\/\/deleurope.com\/our-story\/\" style=\"border-radius:0px;text-transform:uppercase\">EXPLORAR EL PATRIMONIO<\/a><\/div>\n<\/div>\n<\/div><\/div>\n<\/div>\n\n\n\n<div class=\"wp-block-column slider-wrap padding-left-md is-layout-flow wp-block-column-is-layout-flow\" style=\"flex-basis:50%\">\n<figure class=\"wp-block-image size-large\"><img loading=\"lazy\" decoding=\"async\" width=\"800\" height=\"600\" src=\"https:\/\/deleurope.com\/wp-content\/uploads\/2023\/11\/De-LEurope-Amsterdam-Press-Page-Images-2-Copy-800x600.jpg\" alt=\"\" class=\"wp-image-985\" style=\"aspect-ratio:4\/3;object-fit:cover\" srcset=\"https:\/\/www.deleurope.com\/wp-content\/uploads\/2023\/11\/De-LEurope-Amsterdam-Press-Page-Images-2-Copy-800x600.jpg 800w, https:\/\/www.deleurope.com\/wp-content\/uploads\/2023\/11\/De-LEurope-Amsterdam-Press-Page-Images-2-Copy-400x300.jpg 400w, https:\/\/www.deleurope.com\/wp-content\/uploads\/2023\/11\/De-LEurope-Amsterdam-Press-Page-Images-2-Copy-1680x1260.jpg 1680w\" sizes=\"auto, (max-width: 800px) 100vw, 800px\" \/><\/figure>\n<\/div>\n<\/div>\n\n<div class=\"wp-block-columns columns_slider_text wrap-2-columns eat-and-drink-cards is-layout-flex wp-container-core-columns-is-layout-9d6595d7 wp-block-columns-is-layout-flex\" id=\"flore\">\n<div class=\"wp-block-column slider-wrap is-layout-flow wp-block-column-is-layout-flow\" style=\"flex-basis:50%\">\n<figure class=\"wp-block-image size-large\"><img loading=\"lazy\" decoding=\"async\" width=\"800\" height=\"600\" src=\"https:\/\/deleurope.com\/wp-content\/uploads\/2023\/11\/De-LEurope-Amsterdam-Press-Page-Images-4-800x600.jpg\" alt=\"\" class=\"wp-image-989\" style=\"aspect-ratio:4\/3;object-fit:cover\" srcset=\"https:\/\/www.deleurope.com\/wp-content\/uploads\/2023\/11\/De-LEurope-Amsterdam-Press-Page-Images-4-800x600.jpg 800w, https:\/\/www.deleurope.com\/wp-content\/uploads\/2023\/11\/De-LEurope-Amsterdam-Press-Page-Images-4-400x300.jpg 400w\" sizes=\"auto, (max-width: 800px) 100vw, 800px\" \/><\/figure>\n<\/div>\n\n\n\n<div class=\"wp-block-column is-vertically-aligned-center middle-align is-layout-flow wp-block-column-is-layout-flow\" style=\"flex-basis:50%\">\n<h2 class=\"wp-block-heading has-text-align-center has-extra-large-font-size\" style=\"text-transform:capitalize\">Comunicados de prensa<\/h2>\n\n\n\n<div class=\"wp-block-group\"><div class=\"wp-block-group__inner-container is-layout-constrained wp-block-group-is-layout-constrained\">\n<p class=\"has-text-align-center\">Ad\u00e9ntrese en el latido de nuestros \u00faltimos proyectos.<br\/>Explore nuestros comunicados de prensa para seguir el ritmo de la innovaci\u00f3n y las actualizaciones, narradas directamente desde el pulso de nuestra empresa.<\/p>\n\n\n\n<div class=\"wp-block-buttons is-horizontal is-content-justification-center is-layout-flex wp-container-core-buttons-is-layout-499968f5 wp-block-buttons-is-layout-flex\">\n<div class=\"wp-block-button is-style-outline is-style-outline--3\"><a class=\"wp-block-button__link has-central-palette-1-color has-text-color has-text-align-center wp-element-button\" href=\"https:\/\/www.deleurope.com\/es\/nota-de-prensa\/comunicados-de-prensa\/\" style=\"border-radius:0px;text-transform:uppercase\">LEER M\u00c1S<\/a><\/div>\n<\/div>\n<\/div><\/div>\n<\/div>\n<\/div>\n\n<div class=\"wp-block-columns text-on-left wrap-2-columns eat-and-drink-cards is-layout-flex wp-container-core-columns-is-layout-9d6595d7 wp-block-columns-is-layout-flex\" id=\"graziella\">\n<div class=\"wp-block-column is-vertically-aligned-center middle-align is-layout-flow wp-block-column-is-layout-flow\" style=\"flex-basis:50%\">\n<h2 class=\"wp-block-heading has-text-align-center has-extra-large-font-size\" style=\"text-transform:capitalize\">Art\u00edculos<\/h2>\n\n\n\n<div class=\"wp-block-group\"><div class=\"wp-block-group__inner-container is-layout-constrained wp-block-group-is-layout-constrained\">\n<p class=\"has-text-align-center\">Descubra los ecos de nuestro impacto en todo el panorama medi\u00e1tico. Navegue por una colecci\u00f3n de art\u00edculos que destacan nuestros esfuerzos y ofrecen una perspectiva externa de las historias que nos definen.<\/p>\n\n\n\n<div class=\"wp-block-buttons is-horizontal is-content-justification-center is-layout-flex wp-container-core-buttons-is-layout-499968f5 wp-block-buttons-is-layout-flex\">\n<div class=\"wp-block-button is-style-outline is-style-outline--4\"><a class=\"wp-block-button__link has-central-palette-1-color has-text-color has-text-align-center wp-element-button\" href=\"#\" style=\"border-radius:0px;text-transform:uppercase\">pr\u00f3ximamente<\/a><\/div>\n<\/div>\n<\/div><\/div>\n<\/div>\n\n\n\n<div class=\"wp-block-column slider-wrap padding-left-md is-layout-flow wp-block-column-is-layout-flow\" style=\"flex-basis:50%\">\n<figure class=\"wp-block-image size-large\"><img loading=\"lazy\" decoding=\"async\" width=\"800\" height=\"600\" src=\"https:\/\/deleurope.com\/wp-content\/uploads\/2023\/11\/Single-t-Huys-Page-Images-3-800x600.jpg\" alt=\"\" class=\"wp-image-967\" style=\"aspect-ratio:4\/3;object-fit:cover\" srcset=\"https:\/\/www.deleurope.com\/wp-content\/uploads\/2023\/11\/Single-t-Huys-Page-Images-3-800x600.jpg 800w, https:\/\/www.deleurope.com\/wp-content\/uploads\/2023\/11\/Single-t-Huys-Page-Images-3-400x300.jpg 400w, https:\/\/www.deleurope.com\/wp-content\/uploads\/2023\/11\/Single-t-Huys-Page-Images-3-1680x1260.jpg 1680w\" sizes=\"auto, (max-width: 800px) 100vw, 800px\" \/><\/figure>\n<\/div>\n<\/div>\n\n<div class=\"wp-block-columns block-with-centered-overlay is-layout-flex wp-container-core-columns-is-layout-9d6595d7 wp-block-columns-is-layout-flex\">\n<div class=\"wp-block-column is-layout-flow wp-block-column-is-layout-flow\">\n<div class=\"wp-block-cover\"><img loading=\"lazy\" decoding=\"async\" width=\"2500\" height=\"1667\" class=\"wp-block-cover__image-background wp-image-990\" alt=\"\" src=\"https:\/\/deleurope.com\/wp-content\/uploads\/2023\/11\/De-LEurope-Amsterdam-Press-Page-Images-5-Copy.jpg\" style=\"object-position:54% 43%\" data-object-fit=\"cover\" data-object-position=\"54% 43%\" srcset=\"https:\/\/www.deleurope.com\/wp-content\/uploads\/2023\/11\/De-LEurope-Amsterdam-Press-Page-Images-5-Copy.jpg 2500w, https:\/\/www.deleurope.com\/wp-content\/uploads\/2023\/11\/De-LEurope-Amsterdam-Press-Page-Images-5-Copy-768x512.jpg 768w, https:\/\/www.deleurope.com\/wp-content\/uploads\/2023\/11\/De-LEurope-Amsterdam-Press-Page-Images-5-Copy-1536x1024.jpg 1536w, https:\/\/www.deleurope.com\/wp-content\/uploads\/2023\/11\/De-LEurope-Amsterdam-Press-Page-Images-5-Copy-2048x1366.jpg 2048w, https:\/\/www.deleurope.com\/wp-content\/uploads\/2023\/11\/De-LEurope-Amsterdam-Press-Page-Images-5-Copy-600x400.jpg 600w\" sizes=\"auto, (max-width: 2500px) 100vw, 2500px\" \/><span aria-hidden=\"true\" class=\"wp-block-cover__background has-background-dim\"><\/span><div class=\"wp-block-cover__inner-container is-layout-constrained wp-block-cover-is-layout-constrained\">\n<div class=\"wp-block-columns is-layout-flex wp-container-core-columns-is-layout-9d6595d7 wp-block-columns-is-layout-flex\">\n<div class=\"wp-block-column overlay-hero-middle has-central-palette-1-background-color has-background is-layout-flow wp-block-column-is-layout-flow\">\n<h2 class=\"wp-block-heading has-text-align-center has-central-palette-7-color has-text-color has-extra-large-font-size\">GALER\u00cdA<\/h2>\n\n\n\n<p class=\"has-text-align-center has-central-palette-7-color has-text-color\">Sum\u00e9rgete en el tapiz visual de nuestro viaje a trav\u00e9s de momentos congelados en el tiempo.<br\/>Nuestra galer\u00eda es una mirada cautivadora a las historias que hay detr\u00e1s de los titulares,<br\/>una sinfon\u00eda visual que a\u00f1ade profundidad a las narraciones que se encuentran en nuestros comunicados de prensa.<\/p>\n\n\n\n<div class=\"wp-block-buttons is-content-justification-center is-layout-flex wp-container-core-buttons-is-layout-16018d1d wp-block-buttons-is-layout-flex\">\n<div class=\"wp-block-button is-style-outline not-italic is-style-outline--5\"><a class=\"wp-block-button__link has-central-palette-7-color has-text-color wp-element-button\" href=\"https:\/\/deleurope.com\/gallery\/\" style=\"border-radius:0px;text-transform:uppercase\" rel=\"\">ECHA UN VISTAZO<\/a><\/div>\n<\/div>\n<\/div>\n<\/div>\n<\/div><\/div>\n<\/div>\n<\/div>\n\n<div class=\"wp-block-columns badges-section is-layout-flex wp-container-core-columns-is-layout-9d6595d7 wp-block-columns-is-layout-flex\">\n<div class=\"wp-block-column is-layout-flow wp-block-column-is-layout-flow\">\n<h2 class=\"wp-block-heading has-text-align-center has-extra-large-font-size\">DISCOVER DE L&#8217;EUROPE<\/h2>\n\n\n\n<p class=\"has-text-align-center\">\u00danete a la celebraci\u00f3n mientras mostramos los premios que destacan nuestra trayectoria.<br\/>Sum\u00e9rgete en los reconocimientos que hemos obtenido, un gui\u00f1o a la dedicaci\u00f3n y la innovaci\u00f3n que constituyen el n\u00facleo de lo que hacemos.<\/p>\n\n\n\n<div class=\"wp-block-columns is-not-stacked-on-mobile badges is-layout-flex wp-container-core-columns-is-layout-9d6595d7 wp-block-columns-is-layout-flex\">\n<div class=\"wp-block-column is-layout-flow wp-block-column-is-layout-flow\"><div class=\"wp-block-image\">\n<figure class=\"aligncenter size-full is-resized\"><a href=\"https:\/\/www.cntraveler.com\/hotels\/netherlands\/amsterdam\/de-l-europe-amsterdam\" target=\"_blank\" rel=\"noopener\"><img loading=\"lazy\" decoding=\"async\" width=\"344\" height=\"344\" src=\"https:\/\/deleurope.com\/wp-content\/uploads\/2023\/11\/De-LEurope-Amsterdam-Press-Page-Images-3-Copy.png\" alt=\"\" class=\"wp-image-988\" style=\"width:225px\" srcset=\"https:\/\/www.deleurope.com\/wp-content\/uploads\/2023\/11\/De-LEurope-Amsterdam-Press-Page-Images-3-Copy.png 344w, https:\/\/www.deleurope.com\/wp-content\/uploads\/2023\/11\/De-LEurope-Amsterdam-Press-Page-Images-3-Copy-150x150.png 150w\" sizes=\"auto, (max-width: 344px) 100vw, 344px\" \/><\/a><\/figure>\n<\/div><\/div>\n\n\n\n<div class=\"wp-block-column is-layout-flow wp-block-column-is-layout-flow\"><div class=\"wp-block-image\">\n<figure class=\"aligncenter size-full is-resized\"><a href=\"https:\/\/hautegrandeur.com\/hotels\/hotel\/de-l-europe-amsterdam\/\" target=\"_blank\" rel=\"noopener\"><img loading=\"lazy\" decoding=\"async\" width=\"895\" height=\"895\" src=\"https:\/\/deleurope.com\/wp-content\/uploads\/2023\/11\/bf0aece57206a9266073236d7caded4f.png\" alt=\"\" class=\"wp-image-1033\" style=\"width:225px\" srcset=\"https:\/\/www.deleurope.com\/wp-content\/uploads\/2023\/11\/bf0aece57206a9266073236d7caded4f.png 895w, https:\/\/www.deleurope.com\/wp-content\/uploads\/2023\/11\/bf0aece57206a9266073236d7caded4f-150x150.png 150w, https:\/\/www.deleurope.com\/wp-content\/uploads\/2023\/11\/bf0aece57206a9266073236d7caded4f-768x768.png 768w, https:\/\/www.deleurope.com\/wp-content\/uploads\/2023\/11\/bf0aece57206a9266073236d7caded4f-600x600.png 600w\" sizes=\"auto, (max-width: 895px) 100vw, 895px\" \/><\/a><\/figure>\n<\/div><\/div>\n<\/div>\n<\/div>\n<\/div>\n\n<div class=\"wp-block-columns special-request is-layout-flex wp-container-core-columns-is-layout-9d6595d7 wp-block-columns-is-layout-flex\">\n<div class=\"wp-block-column has-central-palette-11-background-color has-background is-layout-flow wp-block-column-is-layout-flow\">\n<h2 class=\"wp-block-heading has-text-align-center has-extra-large-font-size\">Solicitud de prensa<\/h2>\n\n\n\n<p class=\"has-text-align-center\">Estamos encantados de recibir solicitudes de prensa, deseosos de ayudar y explorar las posibilidades de colaboraci\u00f3n, garantizando un compromiso fluido y mutuamente beneficioso.<\/p>\n\n\n\n<div class=\"wp-block-buttons is-content-justification-center is-layout-flex wp-container-core-buttons-is-layout-16018d1d wp-block-buttons-is-layout-flex\">\n<div class=\"wp-block-button is-style-outline not-italic is-style-outline--6\"><a class=\"wp-block-button__link wp-element-button\" href=\"mailto:pr@deleurope.com\" style=\"border-radius:0px;text-transform:uppercase\">ENQUIRE<\/a><\/div>\n<\/div>\n<\/div>\n<\/div>\n","protected":false},"excerpt":{"rendered":"<p>DISCOVER DE L&#8217;EUROPE Bienvenido al latido de nuestro viaje, donde cada hito es un cap\u00edtulo de nuestra historia. Explora la cobertura de prensa m\u00e1s reciente para descubrir c\u00f3mo estamos dando forma a la narrativa y haciendo olas en nuestra industria.Para consultas de los medios de comunicaci\u00f3n o solicitudes especiales, no dudes en ponerte en contacto [&hellip;]<\/p>\n","protected":false},"author":2,"featured_media":3962,"parent":0,"menu_order":0,"comment_status":"closed","ping_status":"closed","template":"","meta":{"_acf_changed":false,"footnotes":""},"class_list":["post-3961","page","type-page","status-publish","has-post-thumbnail","hentry"],"acf":[],"yoast_head":"<!-- This site is optimized with the Yoast SEO plugin v27.3 - https:\/\/yoast.com\/product\/yoast-seo-wordpress\/ -->\n<title>Recursos para prensa y medios de comunicaci\u00f3n | De L&#039;Europe Amsterdam<\/title>\n<meta name=\"description\" content=\"Mantente al d\u00eda de las \u00faltimas noticias y comunicados de prensa de De L&#039;Europe \u00c1msterdam, mostrando nuestros eventos y lujosos alojamientos. M\u00e1s informaci\u00f3n.\" \/>\n<meta name=\"robots\" content=\"index, follow, max-snippet:-1, max-image-preview:large, max-video-preview:-1\" \/>\n<link rel=\"canonical\" href=\"https:\/\/www.deleurope.com\/es\/nota-de-prensa\/\" \/>\n<meta property=\"og:locale\" content=\"es_ES\" \/>\n<meta property=\"og:type\" content=\"article\" \/>\n<meta property=\"og:title\" content=\"Recursos para prensa y medios de comunicaci\u00f3n | De L&#039;Europe Amsterdam\" \/>\n<meta property=\"og:description\" content=\"Mantente al d\u00eda de las \u00faltimas noticias y comunicados de prensa de De L&#039;Europe \u00c1msterdam, mostrando nuestros eventos y lujosos alojamientos. M\u00e1s informaci\u00f3n.\" \/>\n<meta property=\"og:url\" content=\"https:\/\/www.deleurope.com\/es\/nota-de-prensa\/\" \/>\n<meta property=\"og:site_name\" content=\"De L&#039;Europe Amsterdam\" \/>\n<meta property=\"article:modified_time\" content=\"2026-02-10T11:49:58+00:00\" \/>\n<meta property=\"og:image\" content=\"https:\/\/www.deleurope.com\/wp-content\/uploads\/2023\/11\/De-LEurope-Amsterdam-Press-Page-Images-1-Copy.jpg\" \/>\n\t<meta property=\"og:image:width\" content=\"1820\" \/>\n\t<meta property=\"og:image:height\" content=\"1300\" \/>\n\t<meta property=\"og:image:type\" content=\"image\/jpeg\" \/>\n<meta name=\"twitter:card\" content=\"summary_large_image\" \/>\n<meta name=\"twitter:label1\" content=\"Tiempo de lectura\" \/>\n\t<meta name=\"twitter:data1\" content=\"2 minutos\" \/>\n<script type=\"application\/ld+json\" class=\"yoast-schema-graph\">{\"@context\":\"https:\\\/\\\/schema.org\",\"@graph\":[{\"@type\":\"WebPage\",\"@id\":\"https:\\\/\\\/www.deleurope.com\\\/es\\\/nota-de-prensa\\\/\",\"url\":\"https:\\\/\\\/www.deleurope.com\\\/es\\\/nota-de-prensa\\\/\",\"name\":\"Recursos para prensa y medios de comunicaci\u00f3n | De L'Europe Amsterdam\",\"isPartOf\":{\"@id\":\"https:\\\/\\\/www.deleurope.com\\\/es\\\/#website\"},\"primaryImageOfPage\":{\"@id\":\"https:\\\/\\\/www.deleurope.com\\\/es\\\/nota-de-prensa\\\/#primaryimage\"},\"image\":{\"@id\":\"https:\\\/\\\/www.deleurope.com\\\/es\\\/nota-de-prensa\\\/#primaryimage\"},\"thumbnailUrl\":\"https:\\\/\\\/www.deleurope.com\\\/wp-content\\\/uploads\\\/2023\\\/11\\\/De-LEurope-Amsterdam-Press-Page-Images-1-Copy.jpg\",\"datePublished\":\"2023-11-27T13:55:36+00:00\",\"dateModified\":\"2026-02-10T11:49:58+00:00\",\"description\":\"Mantente al d\u00eda de las \u00faltimas noticias y comunicados de prensa de De L'Europe \u00c1msterdam, mostrando nuestros eventos y lujosos alojamientos. M\u00e1s informaci\u00f3n.\",\"breadcrumb\":{\"@id\":\"https:\\\/\\\/www.deleurope.com\\\/es\\\/nota-de-prensa\\\/#breadcrumb\"},\"inLanguage\":\"es\",\"potentialAction\":[{\"@type\":\"ReadAction\",\"target\":[\"https:\\\/\\\/www.deleurope.com\\\/es\\\/nota-de-prensa\\\/\"]}]},{\"@type\":\"ImageObject\",\"inLanguage\":\"es\",\"@id\":\"https:\\\/\\\/www.deleurope.com\\\/es\\\/nota-de-prensa\\\/#primaryimage\",\"url\":\"https:\\\/\\\/www.deleurope.com\\\/wp-content\\\/uploads\\\/2023\\\/11\\\/De-LEurope-Amsterdam-Press-Page-Images-1-Copy.jpg\",\"contentUrl\":\"https:\\\/\\\/www.deleurope.com\\\/wp-content\\\/uploads\\\/2023\\\/11\\\/De-LEurope-Amsterdam-Press-Page-Images-1-Copy.jpg\",\"width\":1820,\"height\":1300,\"caption\":\"De L'Europe Amsterdam - Amstel River\"},{\"@type\":\"BreadcrumbList\",\"@id\":\"https:\\\/\\\/www.deleurope.com\\\/es\\\/nota-de-prensa\\\/#breadcrumb\",\"itemListElement\":[{\"@type\":\"ListItem\",\"position\":1,\"name\":\"Home\",\"item\":\"https:\\\/\\\/www.deleurope.com\\\/es\\\/\"},{\"@type\":\"ListItem\",\"position\":2,\"name\":\"Pulse\"}]},{\"@type\":\"WebSite\",\"@id\":\"https:\\\/\\\/www.deleurope.com\\\/es\\\/#website\",\"url\":\"https:\\\/\\\/www.deleurope.com\\\/es\\\/\",\"name\":\"De L&#039;Europe Amsterdam\",\"description\":\"Home of original Amsterdam luxury.\",\"potentialAction\":[{\"@type\":\"SearchAction\",\"target\":{\"@type\":\"EntryPoint\",\"urlTemplate\":\"https:\\\/\\\/www.deleurope.com\\\/es\\\/?s={search_term_string}\"},\"query-input\":{\"@type\":\"PropertyValueSpecification\",\"valueRequired\":true,\"valueName\":\"search_term_string\"}}],\"inLanguage\":\"es\"}]}<\/script>\n<!-- \/ Yoast SEO plugin. -->","yoast_head_json":{"title":"Recursos para prensa y medios de comunicaci\u00f3n | De L'Europe Amsterdam","description":"Mantente al d\u00eda de las \u00faltimas noticias y comunicados de prensa de De L'Europe \u00c1msterdam, mostrando nuestros eventos y lujosos alojamientos. M\u00e1s informaci\u00f3n.","robots":{"index":"index","follow":"follow","max-snippet":"max-snippet:-1","max-image-preview":"max-image-preview:large","max-video-preview":"max-video-preview:-1"},"canonical":"https:\/\/www.deleurope.com\/es\/nota-de-prensa\/","og_locale":"es_ES","og_type":"article","og_title":"Recursos para prensa y medios de comunicaci\u00f3n | De L'Europe Amsterdam","og_description":"Mantente al d\u00eda de las \u00faltimas noticias y comunicados de prensa de De L'Europe \u00c1msterdam, mostrando nuestros eventos y lujosos alojamientos. M\u00e1s informaci\u00f3n.","og_url":"https:\/\/www.deleurope.com\/es\/nota-de-prensa\/","og_site_name":"De L&#039;Europe Amsterdam","article_modified_time":"2026-02-10T11:49:58+00:00","og_image":[{"width":1820,"height":1300,"url":"https:\/\/www.deleurope.com\/wp-content\/uploads\/2023\/11\/De-LEurope-Amsterdam-Press-Page-Images-1-Copy.jpg","type":"image\/jpeg"}],"twitter_card":"summary_large_image","twitter_misc":{"Tiempo de lectura":"2 minutos"},"schema":{"@context":"https:\/\/schema.org","@graph":[{"@type":"WebPage","@id":"https:\/\/www.deleurope.com\/es\/nota-de-prensa\/","url":"https:\/\/www.deleurope.com\/es\/nota-de-prensa\/","name":"Recursos para prensa y medios de comunicaci\u00f3n | De L'Europe Amsterdam","isPartOf":{"@id":"https:\/\/www.deleurope.com\/es\/#website"},"primaryImageOfPage":{"@id":"https:\/\/www.deleurope.com\/es\/nota-de-prensa\/#primaryimage"},"image":{"@id":"https:\/\/www.deleurope.com\/es\/nota-de-prensa\/#primaryimage"},"thumbnailUrl":"https:\/\/www.deleurope.com\/wp-content\/uploads\/2023\/11\/De-LEurope-Amsterdam-Press-Page-Images-1-Copy.jpg","datePublished":"2023-11-27T13:55:36+00:00","dateModified":"2026-02-10T11:49:58+00:00","description":"Mantente al d\u00eda de las \u00faltimas noticias y comunicados de prensa de De L'Europe \u00c1msterdam, mostrando nuestros eventos y lujosos alojamientos. M\u00e1s informaci\u00f3n.","breadcrumb":{"@id":"https:\/\/www.deleurope.com\/es\/nota-de-prensa\/#breadcrumb"},"inLanguage":"es","potentialAction":[{"@type":"ReadAction","target":["https:\/\/www.deleurope.com\/es\/nota-de-prensa\/"]}]},{"@type":"ImageObject","inLanguage":"es","@id":"https:\/\/www.deleurope.com\/es\/nota-de-prensa\/#primaryimage","url":"https:\/\/www.deleurope.com\/wp-content\/uploads\/2023\/11\/De-LEurope-Amsterdam-Press-Page-Images-1-Copy.jpg","contentUrl":"https:\/\/www.deleurope.com\/wp-content\/uploads\/2023\/11\/De-LEurope-Amsterdam-Press-Page-Images-1-Copy.jpg","width":1820,"height":1300,"caption":"De L'Europe Amsterdam - Amstel River"},{"@type":"BreadcrumbList","@id":"https:\/\/www.deleurope.com\/es\/nota-de-prensa\/#breadcrumb","itemListElement":[{"@type":"ListItem","position":1,"name":"Home","item":"https:\/\/www.deleurope.com\/es\/"},{"@type":"ListItem","position":2,"name":"Pulse"}]},{"@type":"WebSite","@id":"https:\/\/www.deleurope.com\/es\/#website","url":"https:\/\/www.deleurope.com\/es\/","name":"De L&#039;Europe Amsterdam","description":"Home of original Amsterdam luxury.","potentialAction":[{"@type":"SearchAction","target":{"@type":"EntryPoint","urlTemplate":"https:\/\/www.deleurope.com\/es\/?s={search_term_string}"},"query-input":{"@type":"PropertyValueSpecification","valueRequired":true,"valueName":"search_term_string"}}],"inLanguage":"es"}]}},"featured_image_src":"https:\/\/www.deleurope.com\/wp-content\/uploads\/2023\/11\/De-LEurope-Amsterdam-Press-Page-Images-1-Copy-600x400.jpg","featured_image_src_square":"https:\/\/www.deleurope.com\/wp-content\/uploads\/2023\/11\/De-LEurope-Amsterdam-Press-Page-Images-1-Copy-600x600.jpg","_links":{"self":[{"href":"https:\/\/www.deleurope.com\/es\/wp-json\/wp\/v2\/pages\/3961","targetHints":{"allow":["GET"]}}],"collection":[{"href":"https:\/\/www.deleurope.com\/es\/wp-json\/wp\/v2\/pages"}],"about":[{"href":"https:\/\/www.deleurope.com\/es\/wp-json\/wp\/v2\/types\/page"}],"author":[{"embeddable":true,"href":"https:\/\/www.deleurope.com\/es\/wp-json\/wp\/v2\/users\/2"}],"replies":[{"embeddable":true,"href":"https:\/\/www.deleurope.com\/es\/wp-json\/wp\/v2\/comments?post=3961"}],"version-history":[{"count":0,"href":"https:\/\/www.deleurope.com\/es\/wp-json\/wp\/v2\/pages\/3961\/revisions"}],"wp:featuredmedia":[{"embeddable":true,"href":"https:\/\/www.deleurope.com\/es\/wp-json\/wp\/v2\/media\/3962"}],"wp:attachment":[{"href":"https:\/\/www.deleurope.com\/es\/wp-json\/wp\/v2\/media?parent=3961"}],"curies":[{"name":"wp","href":"https:\/\/api.w.org\/{rel}","templated":true}]}}