{"id":3971,"date":"2023-11-19T10:42:47","date_gmt":"2023-11-19T10:42:47","guid":{"rendered":"https:\/\/www.deleurope.com\/salones-privados\/"},"modified":"2026-01-23T13:56:30","modified_gmt":"2026-01-23T13:56:30","slug":"salones-privados","status":"publish","type":"page","link":"https:\/\/www.deleurope.com\/es\/salones-privados\/","title":{"rendered":"Salones privados"},"content":{"rendered":"\n<p class=\"has-text-align-center rooms-description-white-box has-large-font-size\">Todas nuestras salas privadas para eventos est\u00e1n exquisitamente dise\u00f1adas para albergar acontecimientos elegantes y memorables, desde lujosas cenas hasta fiestas de empresa o reuniones familiares \u00edntimas en el centro de \u00c1msterdam.<\/p>\n\n<div class=\"wp-block-columns text-on-left wrap-2-columns eat-and-drink-cards top-border is-layout-flex wp-container-core-columns-is-layout-9d6595d7 wp-block-columns-is-layout-flex\" id=\"setting\">\n<div class=\"wp-block-column is-vertically-aligned-center middle-align is-layout-flow wp-block-column-is-layout-flow\" style=\"flex-basis:50%\">\n<h2 class=\"wp-block-heading has-text-align-center has-extra-large-font-size\" style=\"text-transform:capitalize\">Adaptado a tu visi\u00f3n<\/h2>\n\n\n\n<div class=\"wp-block-group\"><div class=\"wp-block-group__inner-container is-layout-constrained wp-block-group-is-layout-constrained\">\n<p class=\"has-text-align-center\">En De L&#8217;Europe \u00c1msterdam, creemos que cada ocasi\u00f3n debe ser tan \u00fanica como los invitados que la acogen. Tanto si imaginas una velada elegante, una celebraci\u00f3n sentida o una reuni\u00f3n de negocios convincente, nuestros espacios y servicios se adaptan sin esfuerzo a tu visi\u00f3n \u00fanica. <\/p>\n\n\n\n<p class=\"has-text-align-center\">Desde recepciones frente al r\u00edo hasta \u00edntimas cenas privadas y momentos de inmersi\u00f3n en &#8216;t Huys, cada experiencia se elabora con el cuidado, el car\u00e1cter y la elegancia atemporal que definen a De L&#8217;Europe \u00c1msterdam. Perm\u00edtenos ocuparnos de todos los detalles para que puedas centrarte en crear recuerdos que perduren. <\/p>\n\n\n\n<p class=\"has-text-align-center\">Deja que nos ocupemos de todos los detalles para que puedas centrarte en crear recuerdos que perduren.<\/p>\n\n\n\n<div class=\"wp-block-buttons is-horizontal is-content-justification-center is-layout-flex wp-container-core-buttons-is-layout-499968f5 wp-block-buttons-is-layout-flex\">\n<div class=\"wp-block-button is-style-outline is-style-outline--1\"><a class=\"wp-block-button__link has-central-palette-1-color has-text-color has-text-align-center wp-element-button\" href=\"https:\/\/online.flippingbook.com\/view\/436326528\/\" style=\"border-radius:0px;text-transform:uppercase\" target=\"_blank\" rel=\"noreferrer noopener\">EXPLORA LOS ESPACIOS PARA EVENTOS<\/a><\/div>\n<\/div>\n<\/div><\/div>\n<\/div>\n\n\n\n<div class=\"wp-block-column slider-wrap padding-left-md is-layout-flow wp-block-column-is-layout-flow\" style=\"flex-basis:50%\">\n<figure class=\"wp-block-image size-large\"><img loading=\"lazy\" decoding=\"async\" width=\"800\" height=\"503\" src=\"https:\/\/www.deleurope.com\/wp-content\/uploads\/2023\/11\/DLE_Interior_Events-_2020_091-1a-800x503.jpg\" alt=\"\" class=\"wp-image-854\"\/><\/figure>\n<\/div>\n<\/div>\n\n<h2 class=\"wp-block-heading has-text-align-center heading-ampersant single-line-header big-space-bottom-top mobile-top-border has-extra-large-font-size\" id=\"eventrooms\" style=\"text-transform:uppercase\">salas de eventos<\/h2>\n\n<div class=\"wp-block-columns text-on-left wrap-2-columns eat-and-drink-cards top-border is-layout-flex wp-container-core-columns-is-layout-9d6595d7 wp-block-columns-is-layout-flex\" id=\"graziella\">\n<div class=\"wp-block-column is-vertically-aligned-center middle-align is-layout-flow wp-block-column-is-layout-flow\" style=\"flex-basis:50%\">\n<h2 class=\"wp-block-heading has-text-align-center has-extra-large-font-size\" style=\"text-transform:capitalize\">Spiegelkamer<\/h2>\n\n\n\n<p class=\"has-text-align-center measurement\">Anch. 7,6 m x Prof. 11,9 m x Alt. 3,63 m | 90m2 | M\u00e1x. 90 comensales <\/p>\n\n\n\n<div class=\"wp-block-group\"><div class=\"wp-block-group__inner-container is-layout-constrained wp-block-group-is-layout-constrained\">\n<p class=\"has-text-align-center\">El amor por la artesan\u00eda y el car\u00e1cter se\u00f1orial que definen a De L&#8217;Europe tienen su m\u00e1xima expresi\u00f3n en la Spiegelkamer. La habitaci\u00f3n cuenta con un papel pintado a medida hecho con materiales naturales y metal en un tono verde claro, que combina a la perfecci\u00f3n con los tonos c\u00e1lidos de la decoraci\u00f3n, inspirada a su vez en el r\u00edo Amstel adyacente.<\/p>\n<\/div><\/div>\n\n\n\n<div class=\"wp-block-buttons is-content-justification-center is-layout-flex wp-container-core-buttons-is-layout-16018d1d wp-block-buttons-is-layout-flex\">\n<div class=\"wp-block-button is-style-outline book-now is-style-outline--6\"><a class=\"wp-block-button__link has-central-palette-7-color has-central-palette-1-background-color has-text-color has-background has-text-align-center wp-element-button\" href=\"https:\/\/online.flippingbook.com\/view\/436326528\/8-9\" style=\"border-radius:0px;text-transform:uppercase\" target=\"_blank\" rel=\"noreferrer noopener\">Descubre los montajes<\/a><\/div>\n<\/div>\n<\/div>\n\n\n\n<div class=\"wp-block-column slider-wrap padding-left-md is-layout-flow wp-block-column-is-layout-flow\" style=\"flex-basis:50%\">\n<div class=\"wp-block-carousel-slider-slider\"><div class=\"carousel-slider-outer carousel-slider-outer-image-carousel carousel-slider-outer-851\" style=\"--carousel-slider-nav-color:#f1f1f1;--carousel-slider-active-nav-color:#00d1b2;--carousel-slider-arrow-size:48px;--carousel-slider-bullet-size:10px\">\n<div id=\"&#039;id-851\" class=\"carousel-slider carousel-slider-851 arrows-visibility-always dots-visibility-never arrows-outside dots-center dots-circle owl-carousel\" data-slide-type=\"image-carousel\" data-owl-settings='{\"nav\":true,\"dots\":false,\"slideBy\":1,\"stagePadding\":0,\"margin\":10,\"loop\":false,\"lazyLoad\":false,\"autoplay\":false,\"autoplayTimeout\":5000,\"autoplaySpeed\":500,\"autoplayHoverPause\":false,\"autoWidth\":false,\"items\":1}'>\n<div class=\"carousel-slider__item\">\n\t<img loading=\"lazy\" decoding=\"async\" width=\"800\" height=\"640\" src=\"https:\/\/www.deleurope.com\/wp-content\/uploads\/2024\/01\/Meetings-Events-6-800x640.jpg\" class=\"attachment-two-columns-50-percent size-two-columns-50-percent\" alt=\"\" \/><\/a><\/div>\n\n<div class=\"carousel-slider__item\">\n\t<img loading=\"lazy\" decoding=\"async\" width=\"800\" height=\"640\" src=\"https:\/\/www.deleurope.com\/wp-content\/uploads\/2023\/11\/2-800x640.jpg\" class=\"attachment-two-columns-50-percent size-two-columns-50-percent\" alt=\"\" \/><\/a><\/div>\n\n<\/div><!-- .carousel-slider-851 -->\n<\/div><!-- .carousel-slider-outer-851 -->\n<\/div>\n<\/div>\n<\/div>\n\n<div class=\"wp-block-columns columns_slider_text wrap-2-columns eat-and-drink-cards is-layout-flex wp-container-core-columns-is-layout-9d6595d7 wp-block-columns-is-layout-flex\" id=\"flore\">\n<div class=\"wp-block-column slider-wrap is-layout-flow wp-block-column-is-layout-flow\" style=\"flex-basis:50%\">\n<div class=\"wp-block-carousel-slider-slider\"><div class=\"carousel-slider-outer carousel-slider-outer-image-carousel carousel-slider-outer-860\" style=\"--carousel-slider-nav-color:#f1f1f1;--carousel-slider-active-nav-color:#00d1b2;--carousel-slider-arrow-size:48px;--carousel-slider-bullet-size:10px\">\n<div id=\"&#039;id-860\" class=\"carousel-slider carousel-slider-860 arrows-visibility-hover dots-visibility-never arrows-outside dots-center dots-circle owl-carousel\" data-slide-type=\"image-carousel\" data-owl-settings='{\"nav\":true,\"dots\":false,\"slideBy\":1,\"stagePadding\":0,\"margin\":10,\"loop\":false,\"lazyLoad\":false,\"autoplay\":false,\"autoplayTimeout\":5000,\"autoplaySpeed\":500,\"autoplayHoverPause\":false,\"autoWidth\":false,\"items\":1}'>\n<div class=\"carousel-slider__item\">\n\t<img loading=\"lazy\" decoding=\"async\" width=\"800\" height=\"640\" src=\"https:\/\/www.deleurope.com\/wp-content\/uploads\/2023\/12\/5ed878e1351607676968bacba1e0d777-800x640.jpeg\" class=\"attachment-two-columns-50-percent size-two-columns-50-percent\" alt=\"\" \/><\/a><\/div>\n\n<div class=\"carousel-slider__item\">\n\t<img loading=\"lazy\" decoding=\"async\" width=\"800\" height=\"640\" src=\"https:\/\/www.deleurope.com\/wp-content\/uploads\/2023\/11\/4-800x640.jpg\" class=\"attachment-two-columns-50-percent size-two-columns-50-percent\" alt=\"\" \/><\/a><\/div>\n\n<\/div><!-- .carousel-slider-860 -->\n<\/div><!-- .carousel-slider-outer-860 -->\n<\/div>\n<\/div>\n\n\n\n<div class=\"wp-block-column is-vertically-aligned-center middle-align is-layout-flow wp-block-column-is-layout-flow\" style=\"flex-basis:50%\">\n<h2 class=\"wp-block-heading has-text-align-center has-extra-large-font-size\" style=\"text-transform:capitalize\">Heinekenkamer<\/h2>\n\n\n\n<p class=\"has-text-align-center measurement\">  Anch. 7,3 m x Prof. 11,6 m x Alt. 4,21 m | 85m2 | Max. 60 comensales   <\/p>\n\n\n\n<div class=\"wp-block-group\"><div class=\"wp-block-group__inner-container is-layout-constrained wp-block-group-is-layout-constrained\">\n<p class=\"has-text-align-center\">La grandeza monumental y las influencias contempor\u00e1neas se unen en la sala Heineken. El interior es una traducci\u00f3n contempor\u00e1nea de las tradicionales casas de los canales de \u00c1msterdam, que combina detalles de dise\u00f1o moderno con elementos cl\u00e1sicos.<\/p>\n<\/div><\/div>\n\n\n\n<div class=\"wp-block-buttons is-content-justification-center is-layout-flex wp-container-core-buttons-is-layout-16018d1d wp-block-buttons-is-layout-flex\">\n<div class=\"wp-block-button is-style-outline book-now is-style-outline--7\"><a class=\"wp-block-button__link has-central-palette-7-color has-central-palette-1-background-color has-text-color has-background has-text-align-center wp-element-button\" href=\"https:\/\/online.flippingbook.com\/view\/436326528\/10-11\" style=\"border-radius:0px;text-transform:uppercase\" target=\"_blank\" rel=\"noreferrer noopener\">Descubre los montajes<\/a><\/div>\n<\/div>\n<\/div>\n<\/div>\n\n<div class=\"wp-block-columns text-on-left wrap-2-columns eat-and-drink-cards is-layout-flex wp-container-core-columns-is-layout-9d6595d7 wp-block-columns-is-layout-flex\" id=\"graziella\">\n<div class=\"wp-block-column is-vertically-aligned-center middle-align is-layout-flow wp-block-column-is-layout-flow\" style=\"flex-basis:50%\">\n<h2 class=\"wp-block-heading has-text-align-center has-extra-large-font-size\" style=\"text-transform:capitalize\">Brouwerskamer<\/h2>\n\n\n\n<p class=\"has-text-align-center measurement\">  Anch. 5,3 m x Prof. 7,5 m x Alt. 4,17 m | 40m2 | Max. 12 comensales   <\/p>\n\n\n\n<div class=\"wp-block-group\"><div class=\"wp-block-group__inner-container is-layout-constrained wp-block-group-is-layout-constrained\">\n<p class=\"has-text-align-center\">El comedor privado m\u00e1s \u00edntimo es una versi\u00f3n contempor\u00e1nea de los grandes comedores de las casas de los canales de \u00c1msterdam del siglo XIX, con sus muebles antiguos a juego y sus lujosas telas. Una experiencia especial perfecta para un grupo reducido.<\/p>\n<\/div><\/div>\n\n\n\n<div class=\"wp-block-buttons is-content-justification-center is-layout-flex wp-container-core-buttons-is-layout-16018d1d wp-block-buttons-is-layout-flex\">\n<div class=\"wp-block-button is-style-outline book-now is-style-outline--8\"><a class=\"wp-block-button__link has-central-palette-7-color has-central-palette-1-background-color has-text-color has-background has-text-align-center wp-element-button\" href=\"https:\/\/online.flippingbook.com\/view\/436326528\/12-13\" style=\"border-radius:0px;text-transform:uppercase\" target=\"_blank\" rel=\"noreferrer noopener\">Descubre los montajes<\/a><\/div>\n<\/div>\n<\/div>\n\n\n\n<div class=\"wp-block-column slider-wrap padding-left-md is-layout-flow wp-block-column-is-layout-flow\" style=\"flex-basis:50%\">\n<div class=\"wp-block-carousel-slider-slider\"><div class=\"carousel-slider-outer carousel-slider-outer-image-carousel carousel-slider-outer-862\" style=\"--carousel-slider-nav-color:#f1f1f1;--carousel-slider-active-nav-color:#00d1b2;--carousel-slider-arrow-size:48px;--carousel-slider-bullet-size:10px\">\n<div id=\"&#039;id-862\" class=\"carousel-slider carousel-slider-862 arrows-visibility-always dots-visibility-never arrows-outside dots-center dots-circle owl-carousel\" data-slide-type=\"image-carousel\" data-owl-settings='{\"nav\":true,\"dots\":false,\"slideBy\":1,\"stagePadding\":0,\"margin\":10,\"loop\":false,\"lazyLoad\":false,\"autoplay\":false,\"autoplayTimeout\":5000,\"autoplaySpeed\":500,\"autoplayHoverPause\":false,\"autoWidth\":false,\"items\":1}'>\n<div class=\"carousel-slider__item\">\n\t<img loading=\"lazy\" decoding=\"async\" width=\"800\" height=\"640\" src=\"https:\/\/www.deleurope.com\/wp-content\/uploads\/2023\/08\/20-800x640.jpg\" class=\"attachment-two-columns-50-percent size-two-columns-50-percent\" alt=\"\" \/><\/a><\/div>\n\n<div class=\"carousel-slider__item\">\n\t<img loading=\"lazy\" decoding=\"async\" width=\"800\" height=\"640\" src=\"https:\/\/www.deleurope.com\/wp-content\/uploads\/2023\/11\/6-800x640.jpg\" class=\"attachment-two-columns-50-percent size-two-columns-50-percent\" alt=\"\" \/><\/a><\/div>\n\n<\/div><!-- .carousel-slider-862 -->\n<\/div><!-- .carousel-slider-outer-862 -->\n<\/div>\n<\/div>\n<\/div>\n\n<div class=\"wp-block-columns columns_slider_text wrap-2-columns eat-and-drink-cards is-layout-flex wp-container-core-columns-is-layout-9d6595d7 wp-block-columns-is-layout-flex\" id=\"flore\">\n<div class=\"wp-block-column slider-wrap is-layout-flow wp-block-column-is-layout-flow\" style=\"flex-basis:50%\">\n<div class=\"wp-block-carousel-slider-slider\"><div class=\"carousel-slider-outer carousel-slider-outer-image-carousel carousel-slider-outer-865\" style=\"--carousel-slider-nav-color:#f1f1f1;--carousel-slider-active-nav-color:#00d1b2;--carousel-slider-arrow-size:48px;--carousel-slider-bullet-size:10px\">\n<div id=\"&#039;id-865\" class=\"carousel-slider carousel-slider-865 arrows-visibility-always dots-visibility-never arrows-outside dots-center dots-circle owl-carousel\" data-slide-type=\"image-carousel\" data-owl-settings='{\"nav\":true,\"dots\":false,\"slideBy\":1,\"stagePadding\":0,\"margin\":10,\"loop\":false,\"lazyLoad\":false,\"autoplay\":false,\"autoplayTimeout\":5000,\"autoplaySpeed\":500,\"autoplayHoverPause\":false,\"autoWidth\":false,\"items\":1}'>\n<div class=\"carousel-slider__item\">\n\t<img loading=\"lazy\" decoding=\"async\" width=\"800\" height=\"640\" src=\"https:\/\/www.deleurope.com\/wp-content\/uploads\/2024\/01\/Meetings-Events-7-800x640.jpg\" class=\"attachment-two-columns-50-percent size-two-columns-50-percent\" alt=\"\" \/><\/a><\/div>\n\n<div class=\"carousel-slider__item\">\n\t<img loading=\"lazy\" decoding=\"async\" width=\"800\" height=\"640\" src=\"https:\/\/www.deleurope.com\/wp-content\/uploads\/2023\/11\/8-800x640.jpg\" class=\"attachment-two-columns-50-percent size-two-columns-50-percent\" alt=\"\" \/><\/a><\/div>\n\n<\/div><!-- .carousel-slider-865 -->\n<\/div><!-- .carousel-slider-outer-865 -->\n<\/div>\n<\/div>\n\n\n\n<div class=\"wp-block-column is-vertically-aligned-center middle-align is-layout-flow wp-block-column-is-layout-flow\" style=\"flex-basis:50%\">\n<h2 class=\"wp-block-heading has-text-align-center has-extra-large-font-size\" style=\"text-transform:capitalize\">Prinsenkamer<\/h2>\n\n\n\n<p class=\"has-text-align-center measurement\">  Anch. 5,9 m x Prof. 14,4 m x Alt. 4,64 m | 85m2 | Max. 24 hu\u00e9spedes   <\/p>\n\n\n\n<div class=\"wp-block-group\"><div class=\"wp-block-group__inner-container is-layout-constrained wp-block-group-is-layout-constrained\">\n<p class=\"has-text-align-center\">Una habitaci\u00f3n digna de la realeza. Con sus techos altos, sus elementos decorativos originales y su interior impregnado de pan de oro, el Sal\u00f3n del Pr\u00edncipe es precisamente eso. Ya sea para una cena \u00edntima o una ceremonia nupcial, esta sala transforma f\u00e1cilmente cualquier evento en algo especial.<\/p>\n<\/div><\/div>\n\n\n\n<div class=\"wp-block-buttons is-content-justification-center is-layout-flex wp-container-core-buttons-is-layout-16018d1d wp-block-buttons-is-layout-flex\">\n<div class=\"wp-block-button is-style-outline book-now is-style-outline--9\"><a class=\"wp-block-button__link has-central-palette-7-color has-central-palette-1-background-color has-text-color has-background has-text-align-center wp-element-button\" href=\"https:\/\/online.flippingbook.com\/view\/436326528\/14-15\/\" style=\"border-radius:0px;text-transform:uppercase\" target=\"_blank\" rel=\"noreferrer noopener\">Descubre los montajes<\/a><\/div>\n<\/div>\n<\/div>\n<\/div>\n\n<div class=\"wp-block-columns text-on-left wrap-2-columns eat-and-drink-cards is-layout-flex wp-container-core-columns-is-layout-9d6595d7 wp-block-columns-is-layout-flex\" id=\"graziella\">\n<div class=\"wp-block-column is-vertically-aligned-center middle-align is-layout-flow wp-block-column-is-layout-flow\" style=\"flex-basis:50%\">\n<h2 class=\"wp-block-heading has-text-align-center has-extra-large-font-size\" style=\"text-transform:capitalize\">Tienda conceptual<br\/>In-Huys<\/h2>\n\n\n\n<p class=\"has-text-align-center measurement\">  Anch. 5,7 m x Prof. 14 m x Alt. 3,63 m | 80m2 | Max. 60 invitados   <\/p>\n\n\n\n<div class=\"wp-block-group\"><div class=\"wp-block-group__inner-container is-layout-constrained wp-block-group-is-layout-constrained\">\n<p class=\"has-text-align-center\">El concept store In-Huys, un refugio literario que combina a la perfecci\u00f3n nostalgia y sofisticaci\u00f3n moderna, es una cautivadora cita de refinada elegancia. Con su encanto intemporal y su encanto contempor\u00e1neo, esta encantadora sala le transporta a un mundo de tesoros literarios y riqueza cultural. Es el lugar perfecto para sus reuniones.<\/p>\n<\/div><\/div>\n\n\n\n<div class=\"wp-block-buttons is-content-justification-center is-layout-flex wp-container-core-buttons-is-layout-16018d1d wp-block-buttons-is-layout-flex\">\n<div class=\"wp-block-button is-style-outline book-now is-style-outline--10\"><a class=\"wp-block-button__link has-central-palette-7-color has-central-palette-1-background-color has-text-color has-background has-text-align-center wp-element-button\" href=\"https:\/\/online.flippingbook.com\/view\/436326528\/16-17\" style=\"border-radius:0px;text-transform:uppercase\" target=\"_blank\" rel=\"noreferrer noopener\">Descubre los montajes<\/a><\/div>\n<\/div>\n<\/div>\n\n\n\n<div class=\"wp-block-column slider-wrap padding-left-md is-layout-flow wp-block-column-is-layout-flow\" style=\"flex-basis:50%\">\n<div class=\"wp-block-carousel-slider-slider\"><div class=\"carousel-slider-outer carousel-slider-outer-image-carousel carousel-slider-outer-1998\" style=\"--carousel-slider-nav-color:#f1f1f1;--carousel-slider-active-nav-color:#00d1b2;--carousel-slider-arrow-size:48px;--carousel-slider-bullet-size:10px\">\n<div id=\"&#039;id-1998\" class=\"carousel-slider carousel-slider-1998 arrows-visibility-always dots-visibility-never arrows-outside dots-center dots-circle owl-carousel\" data-slide-type=\"image-carousel\" data-owl-settings='{\"nav\":true,\"dots\":false,\"slideBy\":1,\"stagePadding\":0,\"margin\":10,\"loop\":false,\"lazyLoad\":false,\"autoplay\":false,\"autoplayTimeout\":5000,\"autoplaySpeed\":500,\"autoplayHoverPause\":false,\"autoWidth\":false,\"items\":1}'>\n<div class=\"carousel-slider__item\">\n\t<img loading=\"lazy\" decoding=\"async\" width=\"800\" height=\"640\" src=\"https:\/\/www.deleurope.com\/wp-content\/uploads\/2024\/01\/t-Huys-4-800x640.jpg\" class=\"attachment-two-columns-50-percent size-two-columns-50-percent\" alt=\"\" \/><\/a><\/div>\n\n<div class=\"carousel-slider__item\">\n\t<img loading=\"lazy\" decoding=\"async\" width=\"800\" height=\"640\" src=\"https:\/\/www.deleurope.com\/wp-content\/uploads\/2024\/02\/Concept-Store-In-Huys-Amsterdam-2-800x640.jpg\" class=\"attachment-two-columns-50-percent size-two-columns-50-percent\" alt=\"Concept Store In-Huys Amsterdam - Items displayed\" \/><\/a><\/div>\n\n<div class=\"carousel-slider__item\">\n\t<img loading=\"lazy\" decoding=\"async\" width=\"800\" height=\"640\" src=\"https:\/\/www.deleurope.com\/wp-content\/uploads\/2024\/02\/Concept-Store-In-Huys-Amsterdam-3-800x640.jpg\" class=\"attachment-two-columns-50-percent size-two-columns-50-percent\" alt=\"Concept Store In-Huys Amsterdam - books displayed on table\" \/><\/a><\/div>\n\n<div class=\"carousel-slider__item\">\n\t<img loading=\"lazy\" decoding=\"async\" width=\"800\" height=\"640\" src=\"https:\/\/www.deleurope.com\/wp-content\/uploads\/2024\/02\/Concept-Store-In-Huys-Amsterdam-1-800x640.jpg\" class=\"attachment-two-columns-50-percent size-two-columns-50-percent\" alt=\"In Huys Concept Store - variety of products displayed\" \/><\/a><\/div>\n\n<\/div><!-- .carousel-slider-1998 -->\n<\/div><!-- .carousel-slider-outer-1998 -->\n<\/div>\n<\/div>\n<\/div>\n\n<div class=\"wp-block-columns columns_slider_text wrap-2-columns eat-and-drink-cards is-layout-flex wp-container-core-columns-is-layout-9d6595d7 wp-block-columns-is-layout-flex\" id=\"flore\">\n<div class=\"wp-block-column slider-wrap is-layout-flow wp-block-column-is-layout-flow\" style=\"flex-basis:50%\">\n<div class=\"wp-block-carousel-slider-slider\"><div class=\"carousel-slider-outer carousel-slider-outer-image-carousel carousel-slider-outer-2002\" style=\"--carousel-slider-nav-color:#f1f1f1;--carousel-slider-active-nav-color:#00d1b2;--carousel-slider-arrow-size:48px;--carousel-slider-bullet-size:10px\">\n<div id=\"&#039;id-2002\" class=\"carousel-slider carousel-slider-2002 arrows-visibility-always dots-visibility-never arrows-outside dots-center dots-circle owl-carousel\" data-slide-type=\"image-carousel\" data-owl-settings='{\"nav\":true,\"dots\":false,\"slideBy\":1,\"stagePadding\":0,\"margin\":10,\"loop\":false,\"lazyLoad\":false,\"autoplay\":false,\"autoplayTimeout\":5000,\"autoplaySpeed\":500,\"autoplayHoverPause\":false,\"autoWidth\":false,\"items\":1}'>\n<div class=\"carousel-slider__item\">\n\t<img loading=\"lazy\" decoding=\"async\" width=\"800\" height=\"640\" src=\"https:\/\/www.deleurope.com\/wp-content\/uploads\/2024\/02\/10-800x640.jpg\" class=\"attachment-two-columns-50-percent size-two-columns-50-percent\" alt=\"\" \/><\/a><\/div>\n\n<div class=\"carousel-slider__item\">\n\t<img loading=\"lazy\" decoding=\"async\" width=\"800\" height=\"640\" src=\"https:\/\/www.deleurope.com\/wp-content\/uploads\/2024\/02\/11-800x640.jpg\" class=\"attachment-two-columns-50-percent size-two-columns-50-percent\" alt=\"\" \/><\/a><\/div>\n\n<\/div><!-- .carousel-slider-2002 -->\n<\/div><!-- .carousel-slider-outer-2002 -->\n<\/div>\n<\/div>\n\n\n\n<div class=\"wp-block-column is-vertically-aligned-center middle-align is-layout-flow wp-block-column-is-layout-flow\" style=\"flex-basis:50%\">\n<h2 class=\"wp-block-heading has-text-align-center has-extra-large-font-size\" style=\"text-transform:capitalize\">Terraza de Marie<\/h2>\n\n\n\n<p class=\"has-text-align-center measurement\">  A 4m x P 8m | 50m2<sup>| <\/sup> Max. 35 comensales   <\/p>\n\n\n\n<div class=\"wp-block-group\"><div class=\"wp-block-group__inner-container is-layout-constrained wp-block-group-is-layout-constrained\">\n<p class=\"has-text-align-center\">Entre en Marie&#8217;s Sundeck y descubra la prestigiosa y privada extensi\u00f3n de nuestra emblem\u00e1tica terraza. Esta hermosa y apartada zona es perfecta para cenas privadas al aire libre y recepciones \u00edntimas. Descubra una amplia gama de exclusivas embarcaciones de alquiler, perfectas para disfrutar de las copas de verano o de acogedoras reuniones en invierno. Nuestra terraza en Marie ofrece un f\u00e1cil acceso al muelle, donde le daremos una calurosa bienvenida y le guiaremos hasta su sala de eventos privada. Experimente el aut\u00e9ntico encanto de los canales de \u00c1msterdam, con la oportunidad de explorar los lugares m\u00e1s destacados de la ciudad desde el agua. Adem\u00e1s, nuestro sol\u00e1rium cuenta con su propia zona de atraque, lo que permite a nuestros hu\u00e9spedes disfrutar de una experiencia perfecta entre el barco y la terraza.<\/p>\n<\/div><\/div>\n\n\n\n<div class=\"wp-block-buttons is-content-justification-center is-layout-flex wp-container-core-buttons-is-layout-16018d1d wp-block-buttons-is-layout-flex\">\n<div class=\"wp-block-button is-style-outline book-now is-style-outline--11\"><a class=\"wp-block-button__link has-central-palette-7-color has-central-palette-1-background-color has-text-color has-background has-text-align-center wp-element-button\" href=\"https:\/\/online.flippingbook.com\/view\/436326528\/18-19\" style=\"border-radius:0px;text-transform:uppercase\" target=\"_blank\" rel=\"noreferrer noopener\">Descubre los montajes<\/a><\/div>\n<\/div>\n<\/div>\n<\/div>\n\n<div class=\"wp-block-columns carousel-black-editable carousel-white-editable is-layout-flex wp-container-core-columns-is-layout-9d6595d7 wp-block-columns-is-layout-flex\" id=\"social\">\n<div class=\"wp-block-column has-central-palette-7-background-color has-background is-layout-flow wp-block-column-is-layout-flow\">\n<h2 class=\"wp-block-heading has-text-align-center heading-ampersant big-space-bottom-top has-central-palette-1-color has-text-color has-extra-large-font-size\" style=\"text-transform:capitalize\">SU REUNI\u00d3N SOCIAL<\/h2>\n\n\n\n<div class=\"wp-block-carousel-slider-slider\"><div class=\"carousel-slider-outer carousel-slider-outer-hero-banner-slider carousel-slider-outer-1057\" style=\"--carousel-slider-nav-color:#f1f1f1;--carousel-slider-active-nav-color:#00d1b2;--carousel-slider-arrow-size:48px;--carousel-slider-bullet-size:10px\">\n<div id=\"&#039;id-1057\" class=\"carousel-slider carousel-slider-1057 arrows-visibility-always dots-visibility-never arrows-outside dots-center dots-circle owl-carousel\" data-slide-type=\"hero-banner-slider\" data-owl-settings='{\"nav\":true,\"dots\":false,\"slideBy\":1,\"stagePadding\":0,\"margin\":80,\"loop\":false,\"lazyLoad\":false,\"autoplay\":false,\"autoplayTimeout\":5000,\"autoplaySpeed\":500,\"autoplayHoverPause\":false,\"autoWidth\":false,\"responsive\":{\"300\":{\"items\":1},\"576\":{\"items\":1},\"768\":{\"items\":1},\"1024\":{\"items\":1},\"1280\":{\"items\":2},\"1536\":{\"items\":2}}}' data-animation=\"\">\n<div class=\"carousel-slider-hero__cell hero__cell-1\" style=\"--cell-height: \"><div id=\"slide-item-1057-1\" class=\"carousel-slider-hero__cell__background\" style=\"background-position:center center;background-size:cover;background-image:url(https:\/\/www.deleurope.com\/wp-content\/uploads\/2024\/07\/DLE_Interior_Events-_2020_067-1.jpg)\"><\/div><div class=\"carousel-slider-hero__cell__inner carousel-slider--h-position-center carousel-slider--v-position-middle carousel-slider--text-center\" style=\"padding-top:1rem;padding-right:1rem;padding-bottom:1rem;padding-left:1rem\"><div class=\"carousel-slider-hero__cell__content hidden\" style=\"max-width:850px\" data-animation=\"\"><div class=\"carousel-slider-hero__cell__heading\" style=\"--cs-heading-font-size:40px;--cs-heading-gutter:30px;--cs-heading-color:#ffffff\">Private Dinners<\/div><div class=\"carousel-slider-hero__cell__description\" style=\"--cs-description-font-size:20px;--cs-description-gutter:30px;--cs-description-color:#ffffff\">Immerse yourself in the essence of fine dining and impeccable service at De L'Europe Amsterdam. <\/div><div class=\"carousel-slider-hero__cell__buttons\"><span class=\"carousel-slider-hero__cell__button__two\" style=\"--cs-button-bg-color:#ffffff;--cs-button-color:#323232;--cs-button-border-width:3px;--cs-button-border-radius:0px\"><a class=\"button cs-hero-button cs-hero-button-1-2 cs-hero-button-stroke cs-hero-button-medium\" href=\"https:\/\/www.deleurope.com\/private-events-room\/private-dining\/\" target=\"_self\">Read More<\/a><\/span><\/div><\/div><\/div><\/div>\n<div class=\"carousel-slider-hero__cell hero__cell-2\" style=\"--cell-height: \"><div id=\"slide-item-1057-2\" class=\"carousel-slider-hero__cell__background\" style=\"background-position:center center;background-size:cover;background-image:url(https:\/\/www.deleurope.com\/wp-content\/uploads\/2023\/12\/Wedding-DeLeurope.jpg);background-color:rgba(0,0,0,0.16)\"><\/div><div class=\"carousel-slider-hero__cell__inner carousel-slider--h-position-center carousel-slider--v-position-middle carousel-slider--text-center\" style=\"padding-top:1rem;padding-right:1rem;padding-bottom:1rem;padding-left:1rem\"><div class=\"carousel-slider-hero__cell__content hidden\" style=\"max-width:850px\" data-animation=\"\"><div class=\"carousel-slider-hero__cell__heading\" style=\"--cs-heading-font-size:40px;--cs-heading-gutter:30px;--cs-heading-color:#ffffff\">Intimate Weddings<\/div><div class=\"carousel-slider-hero__cell__description\" style=\"--cs-description-font-size:20px;--cs-description-gutter:30px;--cs-description-color:#ffffff\">Discover the epitome of enchantment at De L'Europe Amsterdam, the perfect venue for unforgettable weddings.<\/div><div class=\"carousel-slider-hero__cell__buttons\"><span class=\"carousel-slider-hero__cell__button__two\" style=\"--cs-button-bg-color:#ffffff;--cs-button-color:#323232;--cs-button-border-width:3px;--cs-button-border-radius:0px\"><a class=\"button cs-hero-button cs-hero-button-2-2 cs-hero-button-stroke cs-hero-button-medium\" href=\"https:\/\/www.deleurope.com\/private-events-room\/weddings\/\" target=\"_self\">Read More<\/a><\/span><\/div><\/div><\/div><\/div>\n<div class=\"carousel-slider-hero__cell hero__cell-3\" style=\"--cell-height: \"><div id=\"slide-item-1057-3\" class=\"carousel-slider-hero__cell__background\" style=\"background-position:center center;background-size:cover;background-image:url(https:\/\/www.deleurope.com\/wp-content\/uploads\/2023\/12\/De-LEurope-Prinsenkamer-1500x1000-1.png);background-color:rgba(0,0,0,0.6)\"><\/div><div class=\"carousel-slider-hero__cell__inner carousel-slider--h-position-center carousel-slider--v-position-middle carousel-slider--text-center\" style=\"padding-top:1rem;padding-right:1rem;padding-bottom:1rem;padding-left:1rem\"><div class=\"carousel-slider-hero__cell__content hidden\" style=\"max-width:850px\" data-animation=\"\"><div class=\"carousel-slider-hero__cell__heading\" style=\"--cs-heading-font-size:40px;--cs-heading-gutter:30px;--cs-heading-color:#ffffff\">Private Meetings<\/div><div class=\"carousel-slider-hero__cell__description\" style=\"--cs-description-font-size:20px;--cs-description-gutter:30px;--cs-description-color:#ffffff\">Experience the perfect setting for your meetings in our elegant private spaces. We offer a tailored experience to suit your unique needs.<\/div><div class=\"carousel-slider-hero__cell__buttons\"><span class=\"carousel-slider-hero__cell__button__two\" style=\"--cs-button-bg-color:#ffffff;--cs-button-color:#323232;--cs-button-border-width:3px;--cs-button-border-radius:0px\"><a class=\"button cs-hero-button cs-hero-button-3-2 cs-hero-button-stroke cs-hero-button-medium\" href=\"https:\/\/www.deleurope.com\/private-events-room\/private-meeting-2\/\" target=\"_self\">Read More<\/a><\/span><\/div><\/div><\/div><\/div>\n<div class=\"carousel-slider-hero__cell hero__cell-4\" style=\"--cell-height: \"><div id=\"slide-item-1057-4\" class=\"carousel-slider-hero__cell__background\" style=\"background-position:center center;background-size:cover;background-image:url(https:\/\/www.deleurope.com\/wp-content\/uploads\/2023\/12\/DeLeurope-Events.2.jpg);background-color:rgba(0,0,0,0.10)\"><\/div><div class=\"carousel-slider-hero__cell__inner carousel-slider--h-position-center carousel-slider--v-position-middle carousel-slider--text-center\" style=\"padding-top:1rem;padding-right:1rem;padding-bottom:1rem;padding-left:1rem\"><div class=\"carousel-slider-hero__cell__content hidden\" style=\"max-width:850px\" data-animation=\"\"><div class=\"carousel-slider-hero__cell__heading\" style=\"--cs-heading-font-size:40px;--cs-heading-gutter:30px;--cs-heading-color:#ffffff\">Blissful Baby Showers <\/div><div class=\"carousel-slider-hero__cell__description\" style=\"--cs-description-font-size:20px;--cs-description-gutter:30px;--cs-description-color:#ffffff\">Step into a haven of joy at De L'Europe Amsterdam, where the perfect setting awaits for your joyous baby shower.<\/div><div class=\"carousel-slider-hero__cell__buttons\"><span class=\"carousel-slider-hero__cell__button__two\" style=\"--cs-button-bg-color:#ffffff;--cs-button-color:#323232;--cs-button-border-width:3\"><a class=\"button cs-hero-button cs-hero-button-4-2 cs-hero-button-stroke cs-hero-button-medium\" href=\"https:\/\/www.deleurope.com\/private-events-room\/baby-showers\/\" target=\"_self\">Read More<\/a><\/span><\/div><\/div><\/div><\/div>\n<\/div><!-- .carousel-slider-1057 -->\n<\/div><!-- .carousel-slider-outer-1057 -->\n<\/div>\n<\/div>\n<\/div>\n\n<div class=\"wp-block-columns special-request contact-form is-layout-flex wp-container-core-columns-is-layout-9d6595d7 wp-block-columns-is-layout-flex\" id=\"enquire\">\n<div class=\"wp-block-column has-central-palette-11-background-color has-background is-layout-flow wp-block-column-is-layout-flow\">\n<h2 class=\"wp-block-heading has-text-align-center has-extra-large-font-size\">Consulte<\/h2>\n\n\n\n<p class=\"has-text-align-center\">Proporciona los detalles de tu evento para iniciar una consulta refinada con nuestro equipo. Estamos deseando dar forma a tus ideas creativas para convertirlas en una experiencia excepcional. <\/p>\n\n\n\n<div class=\"wp-block-contact-form-7-contact-form-selector\">\n<div class=\"wpcf7 no-js\" id=\"wpcf7-f11071-o1\" lang=\"es-ES\" dir=\"ltr\" data-wpcf7-id=\"11071\">\n<div class=\"screen-reader-response\"><p role=\"status\" aria-live=\"polite\" aria-atomic=\"true\"><\/p> <ul><\/ul><\/div>\n<form action=\"\/es\/wp-json\/wp\/v2\/pages\/3971#wpcf7-f11071-o1\" method=\"post\" class=\"wpcf7-form init\" aria-label=\"Formulario de contacto\" novalidate=\"novalidate\" data-status=\"init\">\n<fieldset class=\"hidden-fields-container\"><input type=\"hidden\" name=\"_wpcf7\" value=\"11071\" \/><input type=\"hidden\" name=\"_wpcf7_version\" value=\"6.1.5\" \/><input type=\"hidden\" name=\"_wpcf7_locale\" value=\"es_ES\" \/><input type=\"hidden\" name=\"_wpcf7_unit_tag\" value=\"wpcf7-f11071-o1\" \/><input type=\"hidden\" name=\"_wpcf7_container_post\" value=\"0\" \/><input type=\"hidden\" name=\"_wpcf7_posted_data_hash\" value=\"\" \/>\n<\/fieldset>\n<p><span class=\"wpcf7-form-control-wrap\" data-name=\"firstname\"><input size=\"40\" maxlength=\"400\" class=\"wpcf7-form-control wpcf7-text wpcf7-validates-as-required half\" aria-required=\"true\" aria-invalid=\"false\" placeholder=\"Nombre*\" value=\"\" type=\"text\" name=\"firstname\" \/><\/span><br \/>\n<span class=\"wpcf7-form-control-wrap\" data-name=\"lastname\"><input size=\"40\" maxlength=\"400\" class=\"wpcf7-form-control wpcf7-text wpcf7-validates-as-required half\" aria-required=\"true\" aria-invalid=\"false\" placeholder=\"Apellido*\" value=\"\" type=\"text\" name=\"lastname\" \/><\/span><br \/>\n<span class=\"wpcf7-form-control-wrap\" data-name=\"email\"><input size=\"40\" maxlength=\"400\" class=\"wpcf7-form-control wpcf7-email wpcf7-validates-as-required wpcf7-text wpcf7-validates-as-email half\" aria-required=\"true\" aria-invalid=\"false\" placeholder=\"Email*\" value=\"\" type=\"email\" name=\"email\" \/><\/span><br \/>\n<span class=\"wpcf7-form-control-wrap\" data-name=\"telephone\"><input size=\"40\" maxlength=\"400\" class=\"wpcf7-form-control wpcf7-tel wpcf7-validates-as-required wpcf7-text wpcf7-validates-as-tel half\" aria-required=\"true\" aria-invalid=\"false\" placeholder=\"Tel\u00e9fono*\" value=\"\" type=\"tel\" name=\"telephone\" \/><\/span><br \/>\n<span class=\"wpcf7-form-control-wrap\" data-name=\"company\"><input size=\"40\" maxlength=\"400\" class=\"wpcf7-form-control wpcf7-text wpcf7-validates-as-required half\" aria-required=\"true\" aria-invalid=\"false\" placeholder=\"Nombre de la empresa (opcional)\" value=\"\" type=\"text\" name=\"company\" \/><\/span><br \/>\n<span class=\"wpcf7-form-control-wrap\" data-name=\"eventdate\"><input class=\"wpcf7-form-control wpcf7-date wpcf7-validates-as-required wpcf7-validates-as-date half\" aria-required=\"true\" aria-invalid=\"false\" placeholder=\"Fecha preferida del evento*\" value=\"\" type=\"date\" name=\"eventdate\" \/><\/span><br \/>\n<span class=\"wpcf7-form-control-wrap\" data-name=\"eventtype\"><select class=\"wpcf7-form-control wpcf7-select wpcf7-validates-as-required half\" aria-required=\"true\" aria-invalid=\"false\" name=\"eventtype\"><option value=\"\">Tipo de evento*<\/option><option value=\"Reuni\u00f3n\">Reuni\u00f3n<\/option><option value=\"Conferencia\">Conferencia<\/option><option value=\"Reuni\u00f3n del consejo\">Reuni\u00f3n del consejo<\/option><option value=\"Almuerzo\/cena privada\">Almuerzo\/cena privada<\/option><option value=\"Recepci\u00f3n\">Recepci\u00f3n<\/option><option value=\"Evento social\">Evento social<\/option><option value=\"Otro\">Otro<\/option><\/select><\/span><br \/>\n<span class=\"wpcf7-form-control-wrap\" data-name=\"numberofguests\"><select class=\"wpcf7-form-control wpcf7-select wpcf7-validates-as-required half\" aria-required=\"true\" aria-invalid=\"false\" name=\"numberofguests\"><option value=\"N\u00famero de invitados*\">N\u00famero de invitados*<\/option><option value=\"0 - 10\">0 - 10<\/option><option value=\"11\u201320\">11\u201320<\/option><option value=\"21\u201340\">21\u201340<\/option><option value=\"41\u201380\">41\u201380<\/option><option value=\"80+\">80+<\/option><\/select><\/span><br \/>\n<span class=\"wpcf7-form-control-wrap\" data-name=\"timeslot\"><select class=\"wpcf7-form-control wpcf7-select wpcf7-validates-as-required half\" aria-required=\"true\" aria-invalid=\"false\" name=\"timeslot\"><option value=\"\">Franja horaria preferida*<\/option><option value=\"Ma\u00f1ana\">Ma\u00f1ana<\/option><option value=\"Tarde\">Tarde<\/option><option value=\"Noche\">Noche<\/option><option value=\"D\u00eda completo\">D\u00eda completo<\/option><\/select><\/span><br \/>\n<span class=\"wpcf7-form-control-wrap\" data-name=\"setup\"><select class=\"wpcf7-form-control wpcf7-select half\" aria-invalid=\"false\" name=\"setup\"><option value=\"\">Configuraci\u00f3n de la sala (opcional)<\/option><option value=\"Personalizada\">Personalizada<\/option><option value=\"Sala de juntas\">Sala de juntas<\/option><option value=\"Teatro\">Teatro<\/option><option value=\"Aula\">Aula<\/option><option value=\"En forma de U\">En forma de U<\/option><option value=\"Cabaret\">Cabaret<\/option><option value=\"Recepci\u00f3n de pie\">Recepci\u00f3n de pie<\/option><\/select><\/span><br \/>\n<span class=\"wpcf7-form-control-wrap\" data-name=\"accommodation\"><select class=\"wpcf7-form-control wpcf7-select half\" aria-invalid=\"false\" name=\"accommodation\"><option value=\"\">Accommodation required? (optional)<\/option><option value=\"Yes\">Yes<\/option><option value=\"No\">No<\/option><option value=\"To be confirmed\">To be confirmed<\/option><\/select><\/span><br \/>\n<span class=\"wpcf7-form-control-wrap\" data-name=\"message\"><textarea cols=\"40\" rows=\"10\" maxlength=\"2000\" class=\"wpcf7-form-control wpcf7-textarea full\" aria-invalid=\"false\" placeholder=\"Tell us more about your meeting or event, including preferred timings, agenda, technical needs, and other special requests\" name=\"message\"><\/textarea><\/span>\n<\/p>\n<p class=\"privacy-contact\">This site is protected by reCAPTCHA and the Google<br \/>\n<a href=\"\/privacy-policy-2\/\">PRIVACY POLICY<\/a> and<br \/>\n<a href=\"\/terms-conditions\/\">TERMS OF SERVICE<\/a> apply.\n<\/p>\n<p><input class=\"wpcf7-form-control wpcf7-submit has-spinner\" type=\"submit\" value=\"Enviar consulta\" \/>\n<\/p><noscript>\n\t\t\t<div class=\"wpcf7-response-output wpcf7-spam-blocked\">Your browser does not support JavaScript!. Please enable javascript in your browser in order to get form work properly.<\/div>\n\t<\/noscript><script type='text\/javascript'>\n\n\t\t\t\t\t\tif(contactform === undefined){\n\t\t\t\t\t\t\tvar contactform = [];\n\t\t\t\t\t\t}\n\t\t\t\t\t\tvar innerVal = [11071,'mail_sent_ok','Gracias por tu mensaje. Se ha enviado.'];\n\t\t\t\t\t\tcontactform.push(innerVal);\n\t\t\t\t\t\tvar innerVal = [11071,'mail_sent_ng','Se ha producido un error al intentar enviar tu mensaje. Vuelve a intentarlo m&aacute;s tarde.'];\n\t\t\t\t\t\tcontactform.push(innerVal);\n\t\t\t\t\t\tvar innerVal = [11071,'validation_error','Uno o m&aacute;s campos tienen un error. Por favor, compru&eacute;balo e int&eacute;ntalo de nuevo.'];\n\t\t\t\t\t\tcontactform.push(innerVal);\n\t\t\t\t\t\tvar innerVal = [11071,'spam','Se ha producido un error al intentar enviar tu mensaje. Vuelve a intentarlo m&aacute;s tarde.'];\n\t\t\t\t\t\tcontactform.push(innerVal);\n\t\t\t\t\t\tvar innerVal = [11071,'accept_terms','Debes aceptar los t&eacute;rminos y condiciones antes de enviar tu mensaje.'];\n\t\t\t\t\t\tcontactform.push(innerVal);\n\t\t\t\t\t\tvar innerVal = [11071,'invalid_required','Rellena este campo.'];\n\t\t\t\t\t\tcontactform.push(innerVal);\n\t\t\t\t\t\tvar innerVal = [11071,'invalid_too_long','Este campo tiene una entrada demasiado larga.'];\n\t\t\t\t\t\tcontactform.push(innerVal);\n\t\t\t\t\t\tvar innerVal = [11071,'invalid_too_short','Este campo tiene una entrada demasiado corta.'];\n\t\t\t\t\t\tcontactform.push(innerVal);\n\t\t\t\t\t\tvar innerVal = [11071,'upload_failed','Se ha producido un error desconocido al cargar el archivo.'];\n\t\t\t\t\t\tcontactform.push(innerVal);\n\t\t\t\t\t\tvar innerVal = [11071,'upload_file_type_invalid','No se te permite subir archivos de este tipo.'];\n\t\t\t\t\t\tcontactform.push(innerVal);\n\t\t\t\t\t\tvar innerVal = [11071,'upload_file_too_large','El archivo subido es demasiado grande.'];\n\t\t\t\t\t\tcontactform.push(innerVal);\n\t\t\t\t\t\tvar innerVal = [11071,'upload_failed_php_error','Se ha producido un error al cargar el archivo.'];\n\t\t\t\t\t\tcontactform.push(innerVal);\n\t\t\t\t\t\tvar innerVal = [11071,'invalid_date','Introduce una fecha en formato AAAA-MM-DD.'];\n\t\t\t\t\t\tcontactform.push(innerVal);\n\t\t\t\t\t\tvar innerVal = [11071,'date_too_early','Este campo tiene una fecha demasiado temprana.'];\n\t\t\t\t\t\tcontactform.push(innerVal);\n\t\t\t\t\t\tvar innerVal = [11071,'date_too_late','Este campo tiene una fecha demasiado tard&iacute;a.'];\n\t\t\t\t\t\tcontactform.push(innerVal);\n\t\t\t\t\t\tvar innerVal = [11071,'invalid_number','Por favor, introduce un n&uacute;mero.'];\n\t\t\t\t\t\tcontactform.push(innerVal);\n\t\t\t\t\t\tvar innerVal = [11071,'number_too_small','Este campo tiene un n&uacute;mero demasiado peque&ntilde;o.'];\n\t\t\t\t\t\tcontactform.push(innerVal);\n\t\t\t\t\t\tvar innerVal = [11071,'number_too_large','Este campo tiene un n&uacute;mero demasiado grande.'];\n\t\t\t\t\t\tcontactform.push(innerVal);\n\t\t\t\t\t\tvar innerVal = [11071,'quiz_answer_not_correct','La respuesta al cuestionario es incorrecta.'];\n\t\t\t\t\t\tcontactform.push(innerVal);\n\t\t\t\t\t\tvar innerVal = [11071,'invalid_email','Introduce una direcci&oacute;n de correo electr&oacute;nico.'];\n\t\t\t\t\t\tcontactform.push(innerVal);\n\t\t\t\t\t\tvar innerVal = [11071,'invalid_url','Por favor, introduce una URL.'];\n\t\t\t\t\t\tcontactform.push(innerVal);\n\t\t\t\t\t\tvar innerVal = [11071,'invalid_tel','Introduce un n&uacute;mero de tel&eacute;fono.'];\n\t\t\t\t\t\tcontactform.push(innerVal);\n\t\t\t\t\t\tvar innerVal = [11071,'gdpr',''];\n\t\t\t\t\t\tcontactform.push(innerVal);\n\t\t\t\t\t\t<\/script><div class=\"wpcf7-response-output\" aria-hidden=\"true\"><\/div>\n<\/form>\n<\/div>\n<\/div>\n<\/div>\n<\/div>\n\n<div class=\"wp-block-columns faq-section has-central-palette-9-background-color has-background is-layout-flex wp-container-core-columns-is-layout-9d6595d7 wp-block-columns-is-layout-flex\" id=\"faq\">\n<div class=\"wp-block-column is-layout-flow wp-block-column-is-layout-flow\">\n<div class=\"wp-block-columns is-layout-flex wp-container-core-columns-is-layout-9d6595d7 wp-block-columns-is-layout-flex\">\n<div class=\"wp-block-column is-layout-flow wp-block-column-is-layout-flow\" style=\"flex-basis:24%\">\n<h2 class=\"wp-block-heading has-text-align-center has-extra-large-font-size\">F.A.Q<\/h2>\n\n\n\n<ul class=\"wp-block-list tab-faq-menu\">\n<li class=\"active-li\" style=\"text-transform:uppercase\">Reuniones y eventos<\/li>\n\n\n\n<li class=\"active-li\" style=\"text-transform:uppercase\">Alimentaci\u00f3n y bebidas<\/li>\n<\/ul>\n<\/div>\n\n\n\n<div class=\"wp-block-column is-layout-flow wp-block-column-is-layout-flow\" style=\"flex-basis:76%\">\n<div class=\"schema-faq wp-block-yoast-faq-block\"><div class=\"schema-faq-section\" id=\"faq-question-1697826231715\"><strong class=\"schema-faq-question\">\u00bfD\u00f3nde se encuentran las salas de actos?<\/strong> <p class=\"schema-faq-answer\">Todas las salas de actos est\u00e1n situadas en la planta baja y son f\u00e1cilmente accesibles.<\/p> <\/div> <div class=\"schema-faq-section\" id=\"faq-question-1697827306389\"><strong class=\"schema-faq-question\">\u00bfExisten posibilidades de celebrar un acto en una de las habitaciones de tu hotel?<\/strong> <p class=\"schema-faq-answer\">Hay varias posibilidades de celebrar un evento en una de nuestras hermosas habitaciones de hotel, como una cena privada, una recepci\u00f3n, etc.<\/p> <\/div> <div class=\"schema-faq-section\" id=\"faq-question-1706111099737\"><strong class=\"schema-faq-question\">\u00bfQu\u00e9 tipo de medios audiovisuales hay disponibles en los espacios para eventos?<\/strong> <p class=\"schema-faq-answer\">Proporcionamos gratuitamente un proyector con pantalla, un micr\u00f3fono, un tel\u00e9fono de conferencia sin c\u00e1mara y una pantalla de televisi\u00f3n. Si tiene otras preferencias espec\u00edficas, tambi\u00e9n podemos organizarlas para usted, con un suplemento.<\/p> <\/div> <div class=\"schema-faq-section\" id=\"faq-question-1706111173824\"><strong class=\"schema-faq-question\">\u00bfEs posible tocar nuestra propia m\u00fasica?<\/strong> <p class=\"schema-faq-answer\">Es posible reproducir tu propia m\u00fasica a trav\u00e9s de una conexi\u00f3n Bluetooth. <\/p> <\/div> <div class=\"schema-faq-section\" id=\"faq-question-1706111284697\"><strong class=\"schema-faq-question\">\u00bfOfrecen servicios de decoraci\u00f3n?<\/strong> <p class=\"schema-faq-answer\">Ofrecemos servicios de decoraci\u00f3n a trav\u00e9s de nuestro socio The Wunderkammer.<\/p> <\/div> <div class=\"schema-faq-section\" id=\"faq-question-1706111319661\"><strong class=\"schema-faq-question\">\u00bfHasta qu\u00e9 hora pod\u00edamos tocar m\u00fasica?<\/strong> <p class=\"schema-faq-answer\">Puedes poner m\u00fasica hasta las 23:00h en los espacios para eventos. Si prefiere disfrutar de la m\u00fasica durante m\u00e1s tiempo, puede hacerlo siempre que reserve tambi\u00e9n las habitaciones de hotel situadas encima del espacio del evento.<\/p> <\/div> <div class=\"schema-faq-section\" id=\"faq-question-1706111365239\"><strong class=\"schema-faq-question\">\u00bfPodr\u00eda organizarnos una excursi\u00f3n en barco?<\/strong> <p class=\"schema-faq-answer\">Podemos organizar una excursi\u00f3n en barco para que su evento sea a\u00fan m\u00e1s especial.<\/p> <\/div> <\/div>\n\n\n\n<div class=\"schema-faq wp-block-yoast-faq-block\"><div class=\"schema-faq-section\" id=\"faq-question-1706111220667\"><strong class=\"schema-faq-question\">\u00bfQu\u00e9 tipo de men\u00fa ofrecen?<\/strong> <p class=\"schema-faq-answer\">Ofrecemos un men\u00fa basado en la cocina francesa.<\/p> <\/div> <div class=\"schema-faq-section\" id=\"faq-question-1697827306389\"><strong class=\"schema-faq-question\">\u00bfOfrecen buf\u00e9?<\/strong> <p class=\"schema-faq-answer\">Podr\u00edamos ofrecer un almuerzo de trabajo, que incluye s\u00e1ndwiches de lujo y una ensalada. Adem\u00e1s, tambi\u00e9n podemos organizar un desayuno buf\u00e9 privado en los espacios para eventos.<\/p> <\/div> <div class=\"schema-faq-section\" id=\"faq-question-1706111200630\"><strong class=\"schema-faq-question\">\u00bfHay alguna opci\u00f3n vegetariana o vegana?<\/strong> <p class=\"schema-faq-answer\">Tenemos en cuenta cualquier restricci\u00f3n diet\u00e9tica a la hora de preparar el men\u00fa.<\/p> <\/div> <div class=\"schema-faq-section\" id=\"faq-question-1697826231715\"><strong class=\"schema-faq-question\">\u00bfPodemos organizar nuestro propio catering?<\/strong> <p class=\"schema-faq-answer\">No es posible organizar su propio catering en nuestros espacios para eventos.<\/p> <\/div> <\/div>\n<\/div>\n<\/div>\n<\/div>\n<\/div>\n\n<div class=\"wp-block-columns is-layout-flex wp-container-core-columns-is-layout-9d6595d7 wp-block-columns-is-layout-flex\"><\/div>\n","protected":false},"excerpt":{"rendered":"<p>Todas nuestras salas privadas para eventos est\u00e1n exquisitamente dise\u00f1adas para albergar acontecimientos elegantes y memorables, desde lujosas cenas hasta fiestas de empresa o reuniones familiares \u00edntimas en el centro de \u00c1msterdam. Adaptado a tu visi\u00f3n En De L&#8217;Europe \u00c1msterdam, creemos que cada ocasi\u00f3n debe ser tan \u00fanica como los invitados que la acogen. Tanto si [&hellip;]<\/p>\n","protected":false},"author":2,"featured_media":3972,"parent":0,"menu_order":0,"comment_status":"closed","ping_status":"closed","template":"","meta":{"_acf_changed":false,"footnotes":""},"class_list":["post-3971","page","type-page","status-publish","has-post-thumbnail","hentry"],"acf":[],"yoast_head":"<!-- This site is optimized with the Yoast SEO plugin v27.3 - https:\/\/yoast.com\/product\/yoast-seo-wordpress\/ -->\n<title>Salones para Eventos Privados y Celebraciones en \u00c1msterdam | De L&#039;Europe<\/title>\n<meta name=\"description\" content=\"Organiza eventos elegantes y memorables en las salas de eventos privadas de De L&#039;Europe Amsterdam, perfectas para lujosas reuniones de empresa o familiares. Inf\u00f3rmate hoy mismo.\" \/>\n<meta name=\"robots\" content=\"index, follow, max-snippet:-1, max-image-preview:large, max-video-preview:-1\" \/>\n<link rel=\"canonical\" href=\"https:\/\/www.deleurope.com\/es\/salones-privados\/\" \/>\n<meta property=\"og:locale\" content=\"es_ES\" \/>\n<meta property=\"og:type\" content=\"article\" \/>\n<meta property=\"og:title\" content=\"Salones para Eventos Privados y Celebraciones en \u00c1msterdam | De L&#039;Europe\" \/>\n<meta property=\"og:description\" content=\"Organiza eventos elegantes y memorables en las salas de eventos privadas de De L&#039;Europe Amsterdam, perfectas para lujosas reuniones de empresa o familiares. Inf\u00f3rmate hoy mismo.\" \/>\n<meta property=\"og:url\" content=\"https:\/\/www.deleurope.com\/es\/salones-privados\/\" \/>\n<meta property=\"og:site_name\" content=\"De L&#039;Europe Amsterdam\" \/>\n<meta property=\"article:modified_time\" content=\"2026-01-23T13:56:30+00:00\" \/>\n<meta property=\"og:image\" content=\"https:\/\/www.deleurope.com\/wp-content\/uploads\/2023\/11\/Foyer-events.jpeg\" \/>\n\t<meta property=\"og:image:width\" content=\"1800\" \/>\n\t<meta property=\"og:image:height\" content=\"1200\" \/>\n\t<meta property=\"og:image:type\" content=\"image\/jpeg\" \/>\n<meta name=\"twitter:card\" content=\"summary_large_image\" \/>\n<meta name=\"twitter:label1\" content=\"Tiempo de lectura\" \/>\n\t<meta name=\"twitter:data1\" content=\"7 minutos\" \/>\n<script type=\"application\/ld+json\" class=\"yoast-schema-graph\">{\"@context\":\"https:\\\/\\\/schema.org\",\"@graph\":[{\"@type\":[\"WebPage\",\"FAQPage\"],\"@id\":\"https:\\\/\\\/www.deleurope.com\\\/es\\\/salones-privados\\\/\",\"url\":\"https:\\\/\\\/www.deleurope.com\\\/es\\\/salones-privados\\\/\",\"name\":\"Salones para Eventos Privados y Celebraciones en \u00c1msterdam | De L'Europe\",\"isPartOf\":{\"@id\":\"https:\\\/\\\/www.deleurope.com\\\/es\\\/#website\"},\"primaryImageOfPage\":{\"@id\":\"https:\\\/\\\/www.deleurope.com\\\/es\\\/salones-privados\\\/#primaryimage\"},\"image\":{\"@id\":\"https:\\\/\\\/www.deleurope.com\\\/es\\\/salones-privados\\\/#primaryimage\"},\"thumbnailUrl\":\"https:\\\/\\\/www.deleurope.com\\\/wp-content\\\/uploads\\\/2023\\\/11\\\/Foyer-events.jpeg\",\"datePublished\":\"2023-11-19T10:42:47+00:00\",\"dateModified\":\"2026-01-23T13:56:30+00:00\",\"description\":\"Organiza eventos elegantes y memorables en las salas de eventos privadas de De L'Europe Amsterdam, perfectas para lujosas reuniones de empresa o familiares. Inf\u00f3rmate hoy mismo.\",\"breadcrumb\":{\"@id\":\"https:\\\/\\\/www.deleurope.com\\\/es\\\/salones-privados\\\/#breadcrumb\"},\"mainEntity\":[{\"@id\":\"https:\\\/\\\/www.deleurope.com\\\/es\\\/salones-privados\\\/#faq-question-1697826231715\"},{\"@id\":\"https:\\\/\\\/www.deleurope.com\\\/es\\\/salones-privados\\\/#faq-question-1697827306389\"},{\"@id\":\"https:\\\/\\\/www.deleurope.com\\\/es\\\/salones-privados\\\/#faq-question-1706111099737\"},{\"@id\":\"https:\\\/\\\/www.deleurope.com\\\/es\\\/salones-privados\\\/#faq-question-1706111173824\"},{\"@id\":\"https:\\\/\\\/www.deleurope.com\\\/es\\\/salones-privados\\\/#faq-question-1706111284697\"},{\"@id\":\"https:\\\/\\\/www.deleurope.com\\\/es\\\/salones-privados\\\/#faq-question-1706111319661\"},{\"@id\":\"https:\\\/\\\/www.deleurope.com\\\/es\\\/salones-privados\\\/#faq-question-1706111365239\"},{\"@id\":\"https:\\\/\\\/www.deleurope.com\\\/es\\\/salones-privados\\\/#faq-question-1706111220667\"},{\"@id\":\"https:\\\/\\\/www.deleurope.com\\\/es\\\/salones-privados\\\/#faq-question-1697827306389\"},{\"@id\":\"https:\\\/\\\/www.deleurope.com\\\/es\\\/salones-privados\\\/#faq-question-1706111200630\"},{\"@id\":\"https:\\\/\\\/www.deleurope.com\\\/es\\\/salones-privados\\\/#faq-question-1697826231715\"}],\"inLanguage\":\"es\",\"potentialAction\":[{\"@type\":\"ReadAction\",\"target\":[\"https:\\\/\\\/www.deleurope.com\\\/es\\\/salones-privados\\\/\"]}]},{\"@type\":\"ImageObject\",\"inLanguage\":\"es\",\"@id\":\"https:\\\/\\\/www.deleurope.com\\\/es\\\/salones-privados\\\/#primaryimage\",\"url\":\"https:\\\/\\\/www.deleurope.com\\\/wp-content\\\/uploads\\\/2023\\\/11\\\/Foyer-events.jpeg\",\"contentUrl\":\"https:\\\/\\\/www.deleurope.com\\\/wp-content\\\/uploads\\\/2023\\\/11\\\/Foyer-events.jpeg\",\"width\":1800,\"height\":1200},{\"@type\":\"BreadcrumbList\",\"@id\":\"https:\\\/\\\/www.deleurope.com\\\/es\\\/salones-privados\\\/#breadcrumb\",\"itemListElement\":[{\"@type\":\"ListItem\",\"position\":1,\"name\":\"Home\",\"item\":\"https:\\\/\\\/www.deleurope.com\\\/es\\\/\"},{\"@type\":\"ListItem\",\"position\":2,\"name\":\"Salones privados\"}]},{\"@type\":\"WebSite\",\"@id\":\"https:\\\/\\\/www.deleurope.com\\\/es\\\/#website\",\"url\":\"https:\\\/\\\/www.deleurope.com\\\/es\\\/\",\"name\":\"De L&#039;Europe Amsterdam\",\"description\":\"Home of original Amsterdam luxury.\",\"potentialAction\":[{\"@type\":\"SearchAction\",\"target\":{\"@type\":\"EntryPoint\",\"urlTemplate\":\"https:\\\/\\\/www.deleurope.com\\\/es\\\/?s={search_term_string}\"},\"query-input\":{\"@type\":\"PropertyValueSpecification\",\"valueRequired\":true,\"valueName\":\"search_term_string\"}}],\"inLanguage\":\"es\"},{\"@type\":\"Question\",\"@id\":\"https:\\\/\\\/www.deleurope.com\\\/es\\\/salones-privados\\\/#faq-question-1697826231715\",\"position\":1,\"url\":\"https:\\\/\\\/www.deleurope.com\\\/es\\\/salones-privados\\\/#faq-question-1697826231715\",\"name\":\"\u00bfD\u00f3nde se encuentran las salas de actos?\",\"answerCount\":1,\"acceptedAnswer\":{\"@type\":\"Answer\",\"text\":\"Todas las salas de actos est\u00e1n situadas en la planta baja y son f\u00e1cilmente accesibles.\",\"inLanguage\":\"es\"},\"inLanguage\":\"es\"},{\"@type\":\"Question\",\"@id\":\"https:\\\/\\\/www.deleurope.com\\\/es\\\/salones-privados\\\/#faq-question-1697827306389\",\"position\":2,\"url\":\"https:\\\/\\\/www.deleurope.com\\\/es\\\/salones-privados\\\/#faq-question-1697827306389\",\"name\":\"\u00bfExisten posibilidades de celebrar un acto en una de las habitaciones de tu hotel?\",\"answerCount\":1,\"acceptedAnswer\":{\"@type\":\"Answer\",\"text\":\"Hay varias posibilidades de celebrar un evento en una de nuestras hermosas habitaciones de hotel, como una cena privada, una recepci\u00f3n, etc.\",\"inLanguage\":\"es\"},\"inLanguage\":\"es\"},{\"@type\":\"Question\",\"@id\":\"https:\\\/\\\/www.deleurope.com\\\/es\\\/salones-privados\\\/#faq-question-1706111099737\",\"position\":3,\"url\":\"https:\\\/\\\/www.deleurope.com\\\/es\\\/salones-privados\\\/#faq-question-1706111099737\",\"name\":\"\u00bfQu\u00e9 tipo de medios audiovisuales hay disponibles en los espacios para eventos?\",\"answerCount\":1,\"acceptedAnswer\":{\"@type\":\"Answer\",\"text\":\"Proporcionamos gratuitamente un proyector con pantalla, un micr\u00f3fono, un tel\u00e9fono de conferencia sin c\u00e1mara y una pantalla de televisi\u00f3n. Si tiene otras preferencias espec\u00edficas, tambi\u00e9n podemos organizarlas para usted, con un suplemento.\",\"inLanguage\":\"es\"},\"inLanguage\":\"es\"},{\"@type\":\"Question\",\"@id\":\"https:\\\/\\\/www.deleurope.com\\\/es\\\/salones-privados\\\/#faq-question-1706111173824\",\"position\":4,\"url\":\"https:\\\/\\\/www.deleurope.com\\\/es\\\/salones-privados\\\/#faq-question-1706111173824\",\"name\":\"\u00bfEs posible tocar nuestra propia m\u00fasica?\",\"answerCount\":1,\"acceptedAnswer\":{\"@type\":\"Answer\",\"text\":\"Es posible reproducir tu propia m\u00fasica a trav\u00e9s de una conexi\u00f3n Bluetooth. \",\"inLanguage\":\"es\"},\"inLanguage\":\"es\"},{\"@type\":\"Question\",\"@id\":\"https:\\\/\\\/www.deleurope.com\\\/es\\\/salones-privados\\\/#faq-question-1706111284697\",\"position\":5,\"url\":\"https:\\\/\\\/www.deleurope.com\\\/es\\\/salones-privados\\\/#faq-question-1706111284697\",\"name\":\"\u00bfOfrecen servicios de decoraci\u00f3n?\",\"answerCount\":1,\"acceptedAnswer\":{\"@type\":\"Answer\",\"text\":\"Ofrecemos servicios de decoraci\u00f3n a trav\u00e9s de nuestro socio The Wunderkammer.\",\"inLanguage\":\"es\"},\"inLanguage\":\"es\"},{\"@type\":\"Question\",\"@id\":\"https:\\\/\\\/www.deleurope.com\\\/es\\\/salones-privados\\\/#faq-question-1706111319661\",\"position\":6,\"url\":\"https:\\\/\\\/www.deleurope.com\\\/es\\\/salones-privados\\\/#faq-question-1706111319661\",\"name\":\"\u00bfHasta qu\u00e9 hora pod\u00edamos tocar m\u00fasica?\",\"answerCount\":1,\"acceptedAnswer\":{\"@type\":\"Answer\",\"text\":\"Puedes poner m\u00fasica hasta las 23:00h en los espacios para eventos. Si prefiere disfrutar de la m\u00fasica durante m\u00e1s tiempo, puede hacerlo siempre que reserve tambi\u00e9n las habitaciones de hotel situadas encima del espacio del evento.\",\"inLanguage\":\"es\"},\"inLanguage\":\"es\"},{\"@type\":\"Question\",\"@id\":\"https:\\\/\\\/www.deleurope.com\\\/es\\\/salones-privados\\\/#faq-question-1706111365239\",\"position\":7,\"url\":\"https:\\\/\\\/www.deleurope.com\\\/es\\\/salones-privados\\\/#faq-question-1706111365239\",\"name\":\"\u00bfPodr\u00eda organizarnos una excursi\u00f3n en barco?\",\"answerCount\":1,\"acceptedAnswer\":{\"@type\":\"Answer\",\"text\":\"Podemos organizar una excursi\u00f3n en barco para que su evento sea a\u00fan m\u00e1s especial.\",\"inLanguage\":\"es\"},\"inLanguage\":\"es\"},{\"@type\":\"Question\",\"@id\":\"https:\\\/\\\/www.deleurope.com\\\/es\\\/salones-privados\\\/#faq-question-1706111220667\",\"position\":8,\"url\":\"https:\\\/\\\/www.deleurope.com\\\/es\\\/salones-privados\\\/#faq-question-1706111220667\",\"name\":\"\u00bfQu\u00e9 tipo de men\u00fa ofrecen?\",\"answerCount\":1,\"acceptedAnswer\":{\"@type\":\"Answer\",\"text\":\"Ofrecemos un men\u00fa basado en la cocina francesa.\",\"inLanguage\":\"es\"},\"inLanguage\":\"es\"},{\"@type\":\"Question\",\"@id\":\"https:\\\/\\\/www.deleurope.com\\\/es\\\/salones-privados\\\/#faq-question-1697827306389\",\"position\":9,\"url\":\"https:\\\/\\\/www.deleurope.com\\\/es\\\/salones-privados\\\/#faq-question-1697827306389\",\"name\":\"\u00bfOfrecen buf\u00e9?\",\"answerCount\":1,\"acceptedAnswer\":{\"@type\":\"Answer\",\"text\":\"Podr\u00edamos ofrecer un almuerzo de trabajo, que incluye s\u00e1ndwiches de lujo y una ensalada. Adem\u00e1s, tambi\u00e9n podemos organizar un desayuno buf\u00e9 privado en los espacios para eventos.\",\"inLanguage\":\"es\"},\"inLanguage\":\"es\"},{\"@type\":\"Question\",\"@id\":\"https:\\\/\\\/www.deleurope.com\\\/es\\\/salones-privados\\\/#faq-question-1706111200630\",\"position\":10,\"url\":\"https:\\\/\\\/www.deleurope.com\\\/es\\\/salones-privados\\\/#faq-question-1706111200630\",\"name\":\"\u00bfHay alguna opci\u00f3n vegetariana o vegana?\",\"answerCount\":1,\"acceptedAnswer\":{\"@type\":\"Answer\",\"text\":\"Tenemos en cuenta cualquier restricci\u00f3n diet\u00e9tica a la hora de preparar el men\u00fa.\",\"inLanguage\":\"es\"},\"inLanguage\":\"es\"},{\"@type\":\"Question\",\"@id\":\"https:\\\/\\\/www.deleurope.com\\\/es\\\/salones-privados\\\/#faq-question-1697826231715\",\"position\":11,\"url\":\"https:\\\/\\\/www.deleurope.com\\\/es\\\/salones-privados\\\/#faq-question-1697826231715\",\"name\":\"\u00bfPodemos organizar nuestro propio catering?\",\"answerCount\":1,\"acceptedAnswer\":{\"@type\":\"Answer\",\"text\":\"No es posible organizar su propio catering en nuestros espacios para eventos.\",\"inLanguage\":\"es\"},\"inLanguage\":\"es\"}]}<\/script>\n<!-- \/ Yoast SEO plugin. -->","yoast_head_json":{"title":"Salones para Eventos Privados y Celebraciones en \u00c1msterdam | De L'Europe","description":"Organiza eventos elegantes y memorables en las salas de eventos privadas de De L'Europe Amsterdam, perfectas para lujosas reuniones de empresa o familiares. Inf\u00f3rmate hoy mismo.","robots":{"index":"index","follow":"follow","max-snippet":"max-snippet:-1","max-image-preview":"max-image-preview:large","max-video-preview":"max-video-preview:-1"},"canonical":"https:\/\/www.deleurope.com\/es\/salones-privados\/","og_locale":"es_ES","og_type":"article","og_title":"Salones para Eventos Privados y Celebraciones en \u00c1msterdam | De L'Europe","og_description":"Organiza eventos elegantes y memorables en las salas de eventos privadas de De L'Europe Amsterdam, perfectas para lujosas reuniones de empresa o familiares. Inf\u00f3rmate hoy mismo.","og_url":"https:\/\/www.deleurope.com\/es\/salones-privados\/","og_site_name":"De L&#039;Europe Amsterdam","article_modified_time":"2026-01-23T13:56:30+00:00","og_image":[{"width":1800,"height":1200,"url":"https:\/\/www.deleurope.com\/wp-content\/uploads\/2023\/11\/Foyer-events.jpeg","type":"image\/jpeg"}],"twitter_card":"summary_large_image","twitter_misc":{"Tiempo de lectura":"7 minutos"},"schema":{"@context":"https:\/\/schema.org","@graph":[{"@type":["WebPage","FAQPage"],"@id":"https:\/\/www.deleurope.com\/es\/salones-privados\/","url":"https:\/\/www.deleurope.com\/es\/salones-privados\/","name":"Salones para Eventos Privados y Celebraciones en \u00c1msterdam | De L'Europe","isPartOf":{"@id":"https:\/\/www.deleurope.com\/es\/#website"},"primaryImageOfPage":{"@id":"https:\/\/www.deleurope.com\/es\/salones-privados\/#primaryimage"},"image":{"@id":"https:\/\/www.deleurope.com\/es\/salones-privados\/#primaryimage"},"thumbnailUrl":"https:\/\/www.deleurope.com\/wp-content\/uploads\/2023\/11\/Foyer-events.jpeg","datePublished":"2023-11-19T10:42:47+00:00","dateModified":"2026-01-23T13:56:30+00:00","description":"Organiza eventos elegantes y memorables en las salas de eventos privadas de De L'Europe Amsterdam, perfectas para lujosas reuniones de empresa o familiares. Inf\u00f3rmate hoy mismo.","breadcrumb":{"@id":"https:\/\/www.deleurope.com\/es\/salones-privados\/#breadcrumb"},"mainEntity":[{"@id":"https:\/\/www.deleurope.com\/es\/salones-privados\/#faq-question-1697826231715"},{"@id":"https:\/\/www.deleurope.com\/es\/salones-privados\/#faq-question-1697827306389"},{"@id":"https:\/\/www.deleurope.com\/es\/salones-privados\/#faq-question-1706111099737"},{"@id":"https:\/\/www.deleurope.com\/es\/salones-privados\/#faq-question-1706111173824"},{"@id":"https:\/\/www.deleurope.com\/es\/salones-privados\/#faq-question-1706111284697"},{"@id":"https:\/\/www.deleurope.com\/es\/salones-privados\/#faq-question-1706111319661"},{"@id":"https:\/\/www.deleurope.com\/es\/salones-privados\/#faq-question-1706111365239"},{"@id":"https:\/\/www.deleurope.com\/es\/salones-privados\/#faq-question-1706111220667"},{"@id":"https:\/\/www.deleurope.com\/es\/salones-privados\/#faq-question-1697827306389"},{"@id":"https:\/\/www.deleurope.com\/es\/salones-privados\/#faq-question-1706111200630"},{"@id":"https:\/\/www.deleurope.com\/es\/salones-privados\/#faq-question-1697826231715"}],"inLanguage":"es","potentialAction":[{"@type":"ReadAction","target":["https:\/\/www.deleurope.com\/es\/salones-privados\/"]}]},{"@type":"ImageObject","inLanguage":"es","@id":"https:\/\/www.deleurope.com\/es\/salones-privados\/#primaryimage","url":"https:\/\/www.deleurope.com\/wp-content\/uploads\/2023\/11\/Foyer-events.jpeg","contentUrl":"https:\/\/www.deleurope.com\/wp-content\/uploads\/2023\/11\/Foyer-events.jpeg","width":1800,"height":1200},{"@type":"BreadcrumbList","@id":"https:\/\/www.deleurope.com\/es\/salones-privados\/#breadcrumb","itemListElement":[{"@type":"ListItem","position":1,"name":"Home","item":"https:\/\/www.deleurope.com\/es\/"},{"@type":"ListItem","position":2,"name":"Salones privados"}]},{"@type":"WebSite","@id":"https:\/\/www.deleurope.com\/es\/#website","url":"https:\/\/www.deleurope.com\/es\/","name":"De L&#039;Europe Amsterdam","description":"Home of original Amsterdam luxury.","potentialAction":[{"@type":"SearchAction","target":{"@type":"EntryPoint","urlTemplate":"https:\/\/www.deleurope.com\/es\/?s={search_term_string}"},"query-input":{"@type":"PropertyValueSpecification","valueRequired":true,"valueName":"search_term_string"}}],"inLanguage":"es"},{"@type":"Question","@id":"https:\/\/www.deleurope.com\/es\/salones-privados\/#faq-question-1697826231715","position":1,"url":"https:\/\/www.deleurope.com\/es\/salones-privados\/#faq-question-1697826231715","name":"\u00bfD\u00f3nde se encuentran las salas de actos?","answerCount":1,"acceptedAnswer":{"@type":"Answer","text":"Todas las salas de actos est\u00e1n situadas en la planta baja y son f\u00e1cilmente accesibles.","inLanguage":"es"},"inLanguage":"es"},{"@type":"Question","@id":"https:\/\/www.deleurope.com\/es\/salones-privados\/#faq-question-1697827306389","position":2,"url":"https:\/\/www.deleurope.com\/es\/salones-privados\/#faq-question-1697827306389","name":"\u00bfExisten posibilidades de celebrar un acto en una de las habitaciones de tu hotel?","answerCount":1,"acceptedAnswer":{"@type":"Answer","text":"Hay varias posibilidades de celebrar un evento en una de nuestras hermosas habitaciones de hotel, como una cena privada, una recepci\u00f3n, etc.","inLanguage":"es"},"inLanguage":"es"},{"@type":"Question","@id":"https:\/\/www.deleurope.com\/es\/salones-privados\/#faq-question-1706111099737","position":3,"url":"https:\/\/www.deleurope.com\/es\/salones-privados\/#faq-question-1706111099737","name":"\u00bfQu\u00e9 tipo de medios audiovisuales hay disponibles en los espacios para eventos?","answerCount":1,"acceptedAnswer":{"@type":"Answer","text":"Proporcionamos gratuitamente un proyector con pantalla, un micr\u00f3fono, un tel\u00e9fono de conferencia sin c\u00e1mara y una pantalla de televisi\u00f3n. Si tiene otras preferencias espec\u00edficas, tambi\u00e9n podemos organizarlas para usted, con un suplemento.","inLanguage":"es"},"inLanguage":"es"},{"@type":"Question","@id":"https:\/\/www.deleurope.com\/es\/salones-privados\/#faq-question-1706111173824","position":4,"url":"https:\/\/www.deleurope.com\/es\/salones-privados\/#faq-question-1706111173824","name":"\u00bfEs posible tocar nuestra propia m\u00fasica?","answerCount":1,"acceptedAnswer":{"@type":"Answer","text":"Es posible reproducir tu propia m\u00fasica a trav\u00e9s de una conexi\u00f3n Bluetooth. ","inLanguage":"es"},"inLanguage":"es"},{"@type":"Question","@id":"https:\/\/www.deleurope.com\/es\/salones-privados\/#faq-question-1706111284697","position":5,"url":"https:\/\/www.deleurope.com\/es\/salones-privados\/#faq-question-1706111284697","name":"\u00bfOfrecen servicios de decoraci\u00f3n?","answerCount":1,"acceptedAnswer":{"@type":"Answer","text":"Ofrecemos servicios de decoraci\u00f3n a trav\u00e9s de nuestro socio The Wunderkammer.","inLanguage":"es"},"inLanguage":"es"},{"@type":"Question","@id":"https:\/\/www.deleurope.com\/es\/salones-privados\/#faq-question-1706111319661","position":6,"url":"https:\/\/www.deleurope.com\/es\/salones-privados\/#faq-question-1706111319661","name":"\u00bfHasta qu\u00e9 hora pod\u00edamos tocar m\u00fasica?","answerCount":1,"acceptedAnswer":{"@type":"Answer","text":"Puedes poner m\u00fasica hasta las 23:00h en los espacios para eventos. Si prefiere disfrutar de la m\u00fasica durante m\u00e1s tiempo, puede hacerlo siempre que reserve tambi\u00e9n las habitaciones de hotel situadas encima del espacio del evento.","inLanguage":"es"},"inLanguage":"es"},{"@type":"Question","@id":"https:\/\/www.deleurope.com\/es\/salones-privados\/#faq-question-1706111365239","position":7,"url":"https:\/\/www.deleurope.com\/es\/salones-privados\/#faq-question-1706111365239","name":"\u00bfPodr\u00eda organizarnos una excursi\u00f3n en barco?","answerCount":1,"acceptedAnswer":{"@type":"Answer","text":"Podemos organizar una excursi\u00f3n en barco para que su evento sea a\u00fan m\u00e1s especial.","inLanguage":"es"},"inLanguage":"es"},{"@type":"Question","@id":"https:\/\/www.deleurope.com\/es\/salones-privados\/#faq-question-1706111220667","position":8,"url":"https:\/\/www.deleurope.com\/es\/salones-privados\/#faq-question-1706111220667","name":"\u00bfQu\u00e9 tipo de men\u00fa ofrecen?","answerCount":1,"acceptedAnswer":{"@type":"Answer","text":"Ofrecemos un men\u00fa basado en la cocina francesa.","inLanguage":"es"},"inLanguage":"es"},{"@type":"Question","@id":"https:\/\/www.deleurope.com\/es\/salones-privados\/#faq-question-1697827306389","position":9,"url":"https:\/\/www.deleurope.com\/es\/salones-privados\/#faq-question-1697827306389","name":"\u00bfOfrecen buf\u00e9?","answerCount":1,"acceptedAnswer":{"@type":"Answer","text":"Podr\u00edamos ofrecer un almuerzo de trabajo, que incluye s\u00e1ndwiches de lujo y una ensalada. Adem\u00e1s, tambi\u00e9n podemos organizar un desayuno buf\u00e9 privado en los espacios para eventos.","inLanguage":"es"},"inLanguage":"es"},{"@type":"Question","@id":"https:\/\/www.deleurope.com\/es\/salones-privados\/#faq-question-1706111200630","position":10,"url":"https:\/\/www.deleurope.com\/es\/salones-privados\/#faq-question-1706111200630","name":"\u00bfHay alguna opci\u00f3n vegetariana o vegana?","answerCount":1,"acceptedAnswer":{"@type":"Answer","text":"Tenemos en cuenta cualquier restricci\u00f3n diet\u00e9tica a la hora de preparar el men\u00fa.","inLanguage":"es"},"inLanguage":"es"},{"@type":"Question","@id":"https:\/\/www.deleurope.com\/es\/salones-privados\/#faq-question-1697826231715","position":11,"url":"https:\/\/www.deleurope.com\/es\/salones-privados\/#faq-question-1697826231715","name":"\u00bfPodemos organizar nuestro propio catering?","answerCount":1,"acceptedAnswer":{"@type":"Answer","text":"No es posible organizar su propio catering en nuestros espacios para eventos.","inLanguage":"es"},"inLanguage":"es"}]}},"featured_image_src":"https:\/\/www.deleurope.com\/wp-content\/uploads\/2023\/11\/Foyer-events-600x400.jpeg","featured_image_src_square":"https:\/\/www.deleurope.com\/wp-content\/uploads\/2023\/11\/Foyer-events-600x600.jpeg","_links":{"self":[{"href":"https:\/\/www.deleurope.com\/es\/wp-json\/wp\/v2\/pages\/3971","targetHints":{"allow":["GET"]}}],"collection":[{"href":"https:\/\/www.deleurope.com\/es\/wp-json\/wp\/v2\/pages"}],"about":[{"href":"https:\/\/www.deleurope.com\/es\/wp-json\/wp\/v2\/types\/page"}],"author":[{"embeddable":true,"href":"https:\/\/www.deleurope.com\/es\/wp-json\/wp\/v2\/users\/2"}],"replies":[{"embeddable":true,"href":"https:\/\/www.deleurope.com\/es\/wp-json\/wp\/v2\/comments?post=3971"}],"version-history":[{"count":0,"href":"https:\/\/www.deleurope.com\/es\/wp-json\/wp\/v2\/pages\/3971\/revisions"}],"wp:featuredmedia":[{"embeddable":true,"href":"https:\/\/www.deleurope.com\/es\/wp-json\/wp\/v2\/media\/3972"}],"wp:attachment":[{"href":"https:\/\/www.deleurope.com\/es\/wp-json\/wp\/v2\/media?parent=3971"}],"curies":[{"name":"wp","href":"https:\/\/api.w.org\/{rel}","templated":true}]}}