{"id":4025,"date":"2024-01-15T15:37:53","date_gmt":"2024-01-15T15:37:53","guid":{"rendered":"https:\/\/www.deleurope.com\/habitaciones-y-suites\/suite-de-la-semana-de-la-moda-de-amsterdam\/"},"modified":"2026-01-26T09:31:39","modified_gmt":"2026-01-26T09:31:39","slug":"suite-de-la-semana-de-la-moda-de-amsterdam","status":"publish","type":"page","link":"https:\/\/www.deleurope.com\/es\/habitaciones-y-suites\/suite-de-la-semana-de-la-moda-de-amsterdam\/","title":{"rendered":"Semana de la Moda de \u00c1msterdam Suite x Sal\u00f3n Heleen H\u00fclsmann"},"content":{"rendered":"\n<div class=\"wp-block-columns is-layout-flex wp-container-core-columns-is-layout-9d6595d7 wp-block-columns-is-layout-flex\">\n<div class=\"wp-block-column description-and-button is-layout-flow wp-block-column-is-layout-flow\">\n<p class=\"has-text-align-center rooms-description-white-box has-large-font-size\">Esta temporada, la Suite de la Semana de la Moda de \u00c1msterdam cobra vida a trav\u00e9s de una toma de posesi\u00f3n \u00fanica por parte de la pionera comisaria de moda holandesa Heleen H\u00fclsmann y sus marcas Salon Heleen H\u00fclsmann y DYO. Reflejando su visi\u00f3n, la suite te invita a experimentar la moda refinada, donde cada prenda y cada detalle encarnan el lujo, el estilo sin esfuerzo y una elegancia ecl\u00e9ctica \u00fanica. <\/p>\n\n\n\n<div class=\"wp-block-buttons is-content-justification-center is-layout-flex wp-container-core-buttons-is-layout-16018d1d wp-block-buttons-is-layout-flex\">\n<div class=\"wp-block-button is-style-outline book-now is-style-outline--1\"><a class=\"wp-block-button__link has-central-palette-7-color has-central-palette-1-background-color has-text-color has-background has-text-align-center wp-element-button\" href=\"#\/booking\/step-1?room=ADS\" style=\"border-radius:0px;text-transform:uppercase\">Book now<\/a><\/div>\n<\/div>\n<\/div>\n<\/div>\n\n<div class=\"wp-block-columns text-on-left wrap-2-columns eat-and-drink-cards top-border is-layout-flex wp-container-core-columns-is-layout-9d6595d7 wp-block-columns-is-layout-flex\" id=\"graziella\">\n<div class=\"wp-block-column is-vertically-aligned-center middle-align is-layout-flow wp-block-column-is-layout-flow\" style=\"flex-basis:50%\">\n<h2 class=\"wp-block-heading has-text-align-center has-extra-large-font-size\" style=\"text-transform:capitalize\">Experiencia In-Suite<\/h2>\n\n\n\n<div class=\"wp-block-group\"><div class=\"wp-block-group__inner-container is-layout-constrained wp-block-group-is-layout-constrained\">\n<p class=\"has-text-align-center\">La Suite Amsterdam Fashion Week x Salon Heleen H\u00fclsmann se convierte en un refugio personal de la moda durante tu estancia. Se te invita a explorar y vestir una selecci\u00f3n de piezas de dise\u00f1ador pre-amadas de Salon Heleen H\u00fclsmann y elementos esenciales contempor\u00e1neos de DYO, ofreciendo una inmersi\u00f3n total en la elegancia de la escena de la moda de \u00c1msterdam. Cada prenda y accesorio del conjunto ha sido cuidadosamente elegido por Heleen H\u00fclsmann para reflejar su gusto y artesan\u00eda. Desde zapatos llamativos a americanas esenciales, la suite ofrece una oportunidad \u00fanica de vivir y respirar la moda.   <\/p>\n\n\n\n<div class=\"wp-block-buttons is-horizontal is-content-justification-center is-layout-flex wp-container-core-buttons-is-layout-499968f5 wp-block-buttons-is-layout-flex\">\n<div class=\"wp-block-button is-style-outline is-style-outline--2\"><a class=\"wp-block-button__link has-central-palette-1-color has-text-color has-text-align-center wp-element-button\" href=\"#\/booking\/step-1?room=ADS\" style=\"border-radius:0px;text-transform:uppercase\">Book now<\/a><\/div>\n<\/div>\n<\/div><\/div>\n<\/div>\n\n\n\n<div class=\"wp-block-column slider-wrap padding-left-md is-layout-flow wp-block-column-is-layout-flow\" style=\"flex-basis:50%\">\n<figure class=\"wp-block-image size-full\"><img loading=\"lazy\" decoding=\"async\" width=\"1000\" height=\"1500\" src=\"https:\/\/www.deleurope.com\/wp-content\/uploads\/2024\/05\/Table-14.jpg\" alt=\"Suite de la Semana de la Moda de &#xC1;msterdam Vivir con objetos de dise&#xF1;o de Heleen Hulsmann\" class=\"wp-image-11507\" style=\"aspect-ratio:4\/3;object-fit:cover\" srcset=\"https:\/\/www.deleurope.com\/wp-content\/uploads\/2024\/05\/Table-14.jpg 1000w, https:\/\/www.deleurope.com\/wp-content\/uploads\/2024\/05\/Table-14-768x1152.jpg 768w\" sizes=\"auto, (max-width: 1000px) 100vw, 1000px\" \/><\/figure>\n<\/div>\n<\/div>\n\n<div class=\"wp-block-columns columns_slider_text wrap-2-columns eat-and-drink-cards is-layout-flex wp-container-core-columns-is-layout-9d6595d7 wp-block-columns-is-layout-flex\" id=\"flore\">\n<div class=\"wp-block-column slider-wrap is-layout-flow wp-block-column-is-layout-flow\" style=\"flex-basis:50%\">\n<figure class=\"wp-block-image size-full\"><img loading=\"lazy\" decoding=\"async\" width=\"1000\" height=\"1500\" src=\"https:\/\/www.deleurope.com\/wp-content\/uploads\/2025\/12\/Shoes-2.jpg\" alt=\"Amsterdam Fashion Week Suite x Heleen Hulsmann\" class=\"wp-image-11439\" style=\"aspect-ratio:4\/3;object-fit:cover\" srcset=\"https:\/\/www.deleurope.com\/wp-content\/uploads\/2025\/12\/Shoes-2.jpg 1000w, https:\/\/www.deleurope.com\/wp-content\/uploads\/2025\/12\/Shoes-2-768x1152.jpg 768w\" sizes=\"auto, (max-width: 1000px) 100vw, 1000px\" \/><\/figure>\n<\/div>\n\n\n\n<div class=\"wp-block-column is-vertically-aligned-center middle-align is-layout-flow wp-block-column-is-layout-flow\" style=\"flex-basis:50%\">\n<h2 class=\"wp-block-heading has-text-align-center has-extra-large-font-size\" style=\"text-transform:capitalize\">Experiencia en \u00c1msterdam<\/h2>\n\n\n\n<div class=\"wp-block-group\"><div class=\"wp-block-group__inner-container is-layout-constrained wp-block-group-is-layout-constrained\">\n<p class=\"has-text-align-center\">M\u00e1s all\u00e1 de la suite, la ciudad de \u00c1msterdam ofrece un vibrante patio de recreo para los entusiastas de la moda. Si te alojas en la suite, puedes disfrutar de una sesi\u00f3n de estilismo personal en el Sal\u00f3n Heleen H\u00fclsmann, en la que descubrir\u00e1s piezas de dise\u00f1adores atemporales junto a b\u00e1sicos contempor\u00e1neos de DYO. Esta experiencia te permite explorar y definir tu propio estilo personal, guiado por la experta mirada del equipo de Heleen e inspirado por la energ\u00eda creativa de la ciudad.  <\/p>\n<\/div><\/div>\n<\/div>\n<\/div>\n\n<div class=\"wp-block-carousel-slider-slider full-width-carousel\"><div class=\"carousel-slider-outer carousel-slider-outer-image-carousel carousel-slider-outer-4477\" style=\"--carousel-slider-nav-color:#f1f1f1;--carousel-slider-active-nav-color:#00d1b2;--carousel-slider-arrow-size:48px;--carousel-slider-bullet-size:10px\">\n<div id=\"&#039;id-4477\" class=\"carousel-slider carousel-slider-4477 arrows-visibility-hover dots-visibility-never arrows-outside dots-center dots-circle owl-carousel\" data-slide-type=\"image-carousel\" data-owl-settings='{\"nav\":true,\"dots\":false,\"slideBy\":1,\"stagePadding\":0,\"margin\":10,\"loop\":true,\"lazyLoad\":false,\"autoplay\":true,\"autoplayTimeout\":5000,\"autoplaySpeed\":500,\"autoplayHoverPause\":true,\"autoWidth\":false,\"items\":1}'>\n<div class=\"carousel-slider__item\">\n\t<a class=\"magnific-popup\" href=\"https:\/\/www.deleurope.com\/wp-content\/uploads\/2024\/05\/AFW_Suite_Bedroom.jpg\" data-width=\"1986\" data-height=\"1363\"><img loading=\"lazy\" decoding=\"async\" width=\"1680\" height=\"820\" src=\"https:\/\/www.deleurope.com\/wp-content\/uploads\/2024\/05\/AFW_Suite_Bedroom-1680x820.jpg\" class=\"attachment-gallery-single-room size-gallery-single-room\" alt=\"\" \/><\/a><\/div>\n\n<div class=\"carousel-slider__item\">\n\t<a class=\"magnific-popup\" href=\"https:\/\/www.deleurope.com\/wp-content\/uploads\/2024\/05\/Table-13.jpg\" data-width=\"1000\" data-height=\"1500\"><img loading=\"lazy\" decoding=\"async\" width=\"1000\" height=\"820\" src=\"https:\/\/www.deleurope.com\/wp-content\/uploads\/2024\/05\/Table-13-1000x820.jpg\" class=\"attachment-gallery-single-room size-gallery-single-room\" alt=\"Amsterdam Fashion Week Suite Living with Design items by Heleen Hulsmann\" \/><\/a><\/div>\n\n<div class=\"carousel-slider__item\">\n\t<a class=\"magnific-popup\" href=\"https:\/\/www.deleurope.com\/wp-content\/uploads\/2024\/05\/Living-Room-4.jpg\" data-width=\"1018\" data-height=\"1500\"><img loading=\"lazy\" decoding=\"async\" width=\"1018\" height=\"820\" src=\"https:\/\/www.deleurope.com\/wp-content\/uploads\/2024\/05\/Living-Room-4-1018x820.jpg\" class=\"attachment-gallery-single-room size-gallery-single-room\" alt=\"\" srcset=\"https:\/\/www.deleurope.com\/wp-content\/uploads\/2024\/05\/Living-Room-4-1018x820.jpg 1018w, https:\/\/www.deleurope.com\/wp-content\/uploads\/2024\/05\/Living-Room-4-520x420.jpg 520w\" sizes=\"auto, (max-width: 1018px) 100vw, 1018px\" \/><\/a><\/div>\n\n<div class=\"carousel-slider__item\">\n\t<a class=\"magnific-popup\" href=\"https:\/\/www.deleurope.com\/wp-content\/uploads\/2024\/05\/Shelfs-13.jpg\" data-width=\"1500\" data-height=\"1000\"><img loading=\"lazy\" decoding=\"async\" width=\"1500\" height=\"820\" src=\"https:\/\/www.deleurope.com\/wp-content\/uploads\/2024\/05\/Shelfs-13-1500x820.jpg\" class=\"attachment-gallery-single-room size-gallery-single-room\" alt=\"\" \/><\/a><\/div>\n\n<div class=\"carousel-slider__item\">\n\t<a class=\"magnific-popup\" href=\"https:\/\/www.deleurope.com\/wp-content\/uploads\/2024\/05\/DDOCK-Suite-De-LEurope-Amsterdam-5.jpg\" data-width=\"1500\" data-height=\"1000\"><img loading=\"lazy\" decoding=\"async\" width=\"1500\" height=\"820\" src=\"https:\/\/www.deleurope.com\/wp-content\/uploads\/2024\/05\/DDOCK-Suite-De-LEurope-Amsterdam-5-1500x820.jpg\" class=\"attachment-gallery-single-room size-gallery-single-room\" alt=\"\u2019t Huys bathroom featuring a bath and double sink\" \/><\/a><\/div>\n\n<\/div><!-- .carousel-slider-4477 -->\n<\/div><!-- .carousel-slider-outer-4477 -->\n<\/div>\n\n<div class=\"wp-block-columns image_left_text_bg_right wrap-2-columns no-border-top is-layout-flex wp-container-core-columns-is-layout-9d6595d7 wp-block-columns-is-layout-flex\">\n<div class=\"wp-block-column slider-wrap is-layout-flow wp-block-column-is-layout-flow\" style=\"flex-basis:50%\">\n<figure class=\"wp-block-image size-full hide-on-mobile\"><img loading=\"lazy\" decoding=\"async\" width=\"999\" height=\"1500\" src=\"https:\/\/www.deleurope.com\/wp-content\/uploads\/2025\/12\/Bathroom-4.jpg\" alt=\"Suite de la Semana de la Moda de &#xC1;msterdam Vivir con objetos de dise&#xF1;o de Heleen Hulsmann\" class=\"wp-image-11428\" srcset=\"https:\/\/www.deleurope.com\/wp-content\/uploads\/2025\/12\/Bathroom-4.jpg 999w, https:\/\/www.deleurope.com\/wp-content\/uploads\/2025\/12\/Bathroom-4-768x1153.jpg 768w\" sizes=\"auto, (max-width: 999px) 100vw, 999px\" \/><\/figure>\n<\/div>\n\n\n\n<div class=\"wp-block-column is-vertically-aligned-center middle-align is-layout-flow wp-block-column-is-layout-flow\" style=\"flex-basis:50%\">\n<div class=\"wp-block-columns is-layout-flex wp-container-core-columns-is-layout-9d6595d7 wp-block-columns-is-layout-flex\">\n<div class=\"wp-block-column has-central-palette-4-background-color has-background is-layout-flow wp-block-column-is-layout-flow\">\n<h2 class=\"wp-block-heading has-text-align-center has-extra-large-font-size\">Room Amenities<\/h2>\n\n\n\n<ul class=\"wp-block-list\">\n<li>50 &#8211; 60 square metres<\/li>\n\n\n\n<li>Cama COCO-MAT fabricada con materiales totalmente naturales<\/li>\n\n\n\n<li>Lujosa ropa de cama de plum\u00f3n con una selecci\u00f3n de almohadas<\/li>\n\n\n\n<li>Ropa de cama satinada de 400 hilos<\/li>\n\n\n\n<li>Plush terry towels and bathrobes for added comfort<\/li>\n\n\n\n<li>Diptyque bathroom amenities for a touch of indulgence<\/li>\n\n\n\n<li>Servicio de limpieza dos veces al d\u00eda<\/li>\n\n\n\n<li>Cafetera Nespresso\u00ae con pastillas de cortes\u00eda y bar en la habitaci\u00f3n<\/li>\n\n\n\n<li>Suministro diario de agua embotellada de cortes\u00eda<\/li>\n\n\n\n<li>Safety deposit box equipped with an electric outlet for laptops<\/li>\n\n\n\n<li>Suelo de ba\u00f1o calefactado<\/li>\n\n\n\n<li>WiFi de alta velocidad gratuito para su comodidad<\/li>\n<\/ul>\n<\/div>\n<\/div>\n<\/div>\n<\/div>\n\n<div class=\"wp-block-columns text-on-left wrap-2-columns eat-and-drink-cards is-layout-flex wp-container-core-columns-is-layout-9d6595d7 wp-block-columns-is-layout-flex\" id=\"graziella\">\n<div class=\"wp-block-column is-vertically-aligned-center middle-align is-layout-flow wp-block-column-is-layout-flow\" style=\"flex-basis:50%\">\n<h2 class=\"wp-block-heading has-text-align-center has-extra-large-font-size\" style=\"text-transform:capitalize\">Sal\u00f3n Heleen H\u00fclsmann &amp; DYO  <\/h2>\n\n\n\n<p class=\"has-text-align-center\">Heleen H\u00fclsmann es una empresaria holandesa y fundadora del Sal\u00f3n Heleen H\u00fclsmann, una tienda de moda de dise\u00f1o de segunda mano. Se la considera pionera del mercado de la moda de segunda mano de gama alta en Holanda. <\/p>\n\n\n\n<p class=\"has-text-align-center\">El Sal\u00f3n Heleen H\u00fclsmann, fundado por Heleen H\u00fclsmann, es una boutique donde la elegancia atemporal se une al estilo sin esfuerzo. La cuidada selecci\u00f3n de piezas de dise\u00f1o, zapatos y accesorios procede de colecciones recientes, lo que garantiza un vestuario \u00fanico y contempor\u00e1neo para cada visitante. DYO, que significa \u00abdos\u00bb en griego, es la segunda marca de Heleen H\u00fclsmann, creada con Eva Lagos Meritzos en el probador del Sal\u00f3n. Nacida del deseo de tener prendas esenciales perfectas que faltan en las colecciones de segunda mano, DYO ofrece piezas atemporales y sin temporada, como camisetas de cuerpo y blazers que completan cualquier look, de d\u00eda o de noche..   <\/p>\n\n\n\n<div class=\"wp-block-buttons is-horizontal is-content-justification-center is-layout-flex wp-container-core-buttons-is-layout-499968f5 wp-block-buttons-is-layout-flex\">\n<div class=\"wp-block-button is-style-outline is-style-outline--3\"><a class=\"wp-block-button__link has-central-palette-1-color has-text-color has-text-align-center wp-element-button\" href=\"https:\/\/www.instagram.com\/salonheleenhulsmann\/\" style=\"border-radius:0px;text-transform:uppercase\">Sigue al Sal\u00f3n Heleen H\u00fclsmann<\/a><\/div>\n<\/div>\n<\/div>\n\n\n\n<div class=\"wp-block-column slider-wrap padding-left-md is-layout-flow wp-block-column-is-layout-flow\" style=\"flex-basis:50%\">\n<figure class=\"wp-block-image size-full\"><img loading=\"lazy\" decoding=\"async\" width=\"1000\" height=\"1500\" src=\"https:\/\/www.deleurope.com\/wp-content\/uploads\/2025\/12\/Bedroom-11.jpg\" alt=\"Suite de la Semana de la Moda de &#xC1;msterdam Vivir con objetos de dise&#xF1;o de Heleen Hulsmann\" class=\"wp-image-11458\" style=\"aspect-ratio:4\/3;object-fit:cover\" srcset=\"https:\/\/www.deleurope.com\/wp-content\/uploads\/2025\/12\/Bedroom-11.jpg 1000w, https:\/\/www.deleurope.com\/wp-content\/uploads\/2025\/12\/Bedroom-11-768x1152.jpg 768w\" sizes=\"auto, (max-width: 1000px) 100vw, 1000px\" \/><\/figure>\n<\/div>\n<\/div>\n\n<div class=\"wp-block-columns columns_slider_text wrap-2-columns eat-and-drink-cards is-layout-flex wp-container-core-columns-is-layout-9d6595d7 wp-block-columns-is-layout-flex\" id=\"flore\">\n<div class=\"wp-block-column slider-wrap is-layout-flow wp-block-column-is-layout-flow\" style=\"flex-basis:50%\">\n<figure class=\"wp-block-image size-full\"><img loading=\"lazy\" decoding=\"async\" width=\"999\" height=\"1500\" src=\"https:\/\/www.deleurope.com\/wp-content\/uploads\/2025\/12\/Dressoir-4.jpg\" alt=\"Amsterdam Fashion Week Suite x Heleen Hulsmann\" class=\"wp-image-11444\" style=\"aspect-ratio:4\/3;object-fit:cover\" srcset=\"https:\/\/www.deleurope.com\/wp-content\/uploads\/2025\/12\/Dressoir-4.jpg 999w, https:\/\/www.deleurope.com\/wp-content\/uploads\/2025\/12\/Dressoir-4-768x1153.jpg 768w\" sizes=\"auto, (max-width: 999px) 100vw, 999px\" \/><\/figure>\n<\/div>\n\n\n\n<div class=\"wp-block-column is-vertically-aligned-center middle-align is-layout-flow wp-block-column-is-layout-flow\" style=\"flex-basis:50%\">\n<h2 class=\"wp-block-heading has-text-align-center has-extra-large-font-size\" style=\"text-transform:capitalize\">Semana de la Moda de \u00c1msterdam y Danie Bles<\/h2>\n\n\n\n<div class=\"wp-block-group\"><div class=\"wp-block-group__inner-container is-layout-constrained wp-block-group-is-layout-constrained\">\n<p class=\"has-text-align-center\">La Semana de la Moda de \u00c1msterdam es una piedra angular del calendario de la moda holandesa, que re\u00fane a dise\u00f1adores, profesionales del sector y entusiastas de la moda de todo el mundo. Bajo la direcci\u00f3n de Danie Bles, el evento presenta una mezcla diversa de dise\u00f1adores consagrados y emergentes, desfiles, presentaciones y experiencias exclusivas de moda. Cada a\u00f1o, esta celebraci\u00f3n de una semana de duraci\u00f3n refuerza la reputaci\u00f3n de \u00c1msterdam como centro de creatividad, innovaci\u00f3n y excelencia sartorial.  <\/p>\n\n\n\n<p class=\"has-text-align-center\"><strong>DANIE BLES<\/strong><\/p>\n\n\n\n<p class=\"has-text-align-center\">Danie Bles es una figura destacada de la moda holandesa, c\u00e9lebre por su trabajo como estilista, directora creativa y empresaria. Ha creado looks distintivos para numerosas celebridades y personas influyentes, demostrando un agudo ojo para las tendencias y la innovaci\u00f3n. Como fundadora de 8 The Agency y, desde 2024, de 8 Private, Danie y su equipo crean eventos a medida y experiencias de moda de alta gama, lo que la convierte en una presencia influyente y din\u00e1mica en la escena internacional del estilo.  <\/p>\n<\/div><\/div>\n<\/div>\n<\/div>\n\n<div class=\"wp-block-columns special-request contact-form is-layout-flex wp-container-core-columns-is-layout-9d6595d7 wp-block-columns-is-layout-flex\" id=\"enquire\">\n<div class=\"wp-block-column has-central-palette-11-background-color has-background is-layout-flow wp-block-column-is-layout-flow\">\n<h2 class=\"wp-block-heading has-text-align-center has-extra-large-font-size\">Consulte<\/h2>\n\n\n\n<div class=\"wp-block-contact-form-7-contact-form-selector\">\n<div class=\"wpcf7 no-js\" id=\"wpcf7-f9408-o1\" lang=\"es-ES\" dir=\"ltr\" data-wpcf7-id=\"9408\">\n<div class=\"screen-reader-response\"><p role=\"status\" aria-live=\"polite\" aria-atomic=\"true\"><\/p> <ul><\/ul><\/div>\n<form action=\"\/es\/wp-json\/wp\/v2\/pages\/4025#wpcf7-f9408-o1\" method=\"post\" class=\"wpcf7-form init\" aria-label=\"Formulario de contacto\" novalidate=\"novalidate\" data-status=\"init\">\n<fieldset class=\"hidden-fields-container\"><input type=\"hidden\" name=\"_wpcf7\" value=\"9408\" \/><input type=\"hidden\" name=\"_wpcf7_version\" value=\"6.1.5\" \/><input type=\"hidden\" name=\"_wpcf7_locale\" value=\"es_ES\" \/><input type=\"hidden\" name=\"_wpcf7_unit_tag\" value=\"wpcf7-f9408-o1\" \/><input type=\"hidden\" name=\"_wpcf7_container_post\" value=\"0\" \/><input type=\"hidden\" name=\"_wpcf7_posted_data_hash\" value=\"\" \/>\n<\/fieldset>\n<p><span class=\"wpcf7-form-control-wrap\" data-name=\"firstname\"><input size=\"40\" maxlength=\"400\" class=\"wpcf7-form-control wpcf7-text wpcf7-validates-as-required half\" aria-required=\"true\" aria-invalid=\"false\" placeholder=\"Nombre*\" value=\"\" type=\"text\" name=\"firstname\" \/><\/span><br \/>\n<span class=\"wpcf7-form-control-wrap\" data-name=\"lastname\"><input size=\"40\" maxlength=\"400\" class=\"wpcf7-form-control wpcf7-text wpcf7-validates-as-required half\" aria-required=\"true\" aria-invalid=\"false\" placeholder=\"Apellido*\" value=\"\" type=\"text\" name=\"lastname\" \/><\/span><br \/>\n<span class=\"wpcf7-form-control-wrap\" data-name=\"email\"><input size=\"40\" maxlength=\"400\" class=\"wpcf7-form-control wpcf7-email wpcf7-validates-as-required wpcf7-text wpcf7-validates-as-email half\" aria-required=\"true\" aria-invalid=\"false\" placeholder=\"Email*\" value=\"\" type=\"email\" name=\"email\" \/><\/span><br \/>\n<span class=\"wpcf7-form-control-wrap\" data-name=\"telephone\"><input size=\"40\" maxlength=\"400\" class=\"wpcf7-form-control wpcf7-tel wpcf7-validates-as-required wpcf7-text wpcf7-validates-as-tel half\" aria-required=\"true\" aria-invalid=\"false\" placeholder=\"Tel\u00e9fono*\" value=\"\" type=\"tel\" name=\"telephone\" \/><\/span><br \/>\n<span class=\"wpcf7-form-control-wrap\" data-name=\"country\"><input size=\"40\" maxlength=\"400\" class=\"wpcf7-form-control wpcf7-text half\" aria-invalid=\"false\" placeholder=\"Pa\u00eds\" value=\"\" type=\"text\" name=\"country\" \/><\/span><br \/>\n<span class=\"wpcf7-form-control-wrap\" data-name=\"hearfromus\"><select class=\"wpcf7-form-control wpcf7-select wpcf7-validates-as-required half\" aria-required=\"true\" aria-invalid=\"false\" name=\"hearfromus\"><option value=\"\u00bfNaturaleza de la consulta?*\">\u00bfNaturaleza de la consulta?*<\/option><option value=\"Reservas\">Reservas<\/option><option value=\"Informaci\u00f3n\">Informaci\u00f3n<\/option><option value=\"Conserjer\u00eda\">Conserjer\u00eda<\/option><option value=\"Spa y Bienestar\">Spa y Bienestar<\/option><option value=\"Concept Store IN-HUYS\">Concept Store IN-HUYS<\/option><option value=\"Otros\">Otros<\/option><\/select><\/span><br \/>\n<span class=\"wpcf7-form-control-wrap\" data-name=\"textarea-723\"><textarea cols=\"40\" rows=\"10\" maxlength=\"2000\" class=\"wpcf7-form-control wpcf7-textarea full\" aria-invalid=\"false\" placeholder=\"Mensaje\" name=\"textarea-723\"><\/textarea><\/span>\n<\/p>\n<p class=\"privacy-contact\">Este sitio est\u00e1 protegido por reCAPTCHA y se aplican la <a href=\"\/privacy-policy-2\/\">POL\u00cdTICA DE PRIVACIDAD<\/a> y los <a href=\"\/terms-conditions\/\">T\u00c9RMINOS DE SERVICIO<\/a> de Google.\n<\/p>\n<p><br \/>\n<input class=\"wpcf7-form-control wpcf7-submit has-spinner\" type=\"submit\" value=\"Enviar consulta\" \/>\n<\/p><noscript>\n\t\t\t<div class=\"wpcf7-response-output wpcf7-spam-blocked\">Your browser does not support JavaScript!. Please enable javascript in your browser in order to get form work properly.<\/div>\n\t<\/noscript><script type='text\/javascript'>\n\n\t\t\t\t\t\tif(contactform === undefined){\n\t\t\t\t\t\t\tvar contactform = [];\n\t\t\t\t\t\t}\n\t\t\t\t\t\tvar innerVal = [9408,'mail_sent_ok','Gracias por tu mensaje. Se ha enviado.'];\n\t\t\t\t\t\tcontactform.push(innerVal);\n\t\t\t\t\t\tvar innerVal = [9408,'mail_sent_ng','Se ha producido un error al intentar enviar tu mensaje. Vuelve a intentarlo m&aacute;s tarde.'];\n\t\t\t\t\t\tcontactform.push(innerVal);\n\t\t\t\t\t\tvar innerVal = [9408,'validation_error','Uno o m&aacute;s campos tienen un error. Por favor, compru&eacute;balo e int&eacute;ntalo de nuevo.'];\n\t\t\t\t\t\tcontactform.push(innerVal);\n\t\t\t\t\t\tvar innerVal = [9408,'spam','Se ha producido un error al intentar enviar tu mensaje. Vuelve a intentarlo m&aacute;s tarde.'];\n\t\t\t\t\t\tcontactform.push(innerVal);\n\t\t\t\t\t\tvar innerVal = [9408,'accept_terms','Debes aceptar los t&eacute;rminos y condiciones antes de enviar tu mensaje.'];\n\t\t\t\t\t\tcontactform.push(innerVal);\n\t\t\t\t\t\tvar innerVal = [9408,'invalid_required','Rellena este campo.'];\n\t\t\t\t\t\tcontactform.push(innerVal);\n\t\t\t\t\t\tvar innerVal = [9408,'invalid_too_long','Este campo tiene una entrada demasiado larga.'];\n\t\t\t\t\t\tcontactform.push(innerVal);\n\t\t\t\t\t\tvar innerVal = [9408,'invalid_too_short','Este campo tiene una entrada demasiado corta.'];\n\t\t\t\t\t\tcontactform.push(innerVal);\n\t\t\t\t\t\tvar innerVal = [9408,'upload_failed','Se ha producido un error desconocido al cargar el archivo.'];\n\t\t\t\t\t\tcontactform.push(innerVal);\n\t\t\t\t\t\tvar innerVal = [9408,'upload_file_type_invalid','No se te permite subir archivos de este tipo.'];\n\t\t\t\t\t\tcontactform.push(innerVal);\n\t\t\t\t\t\tvar innerVal = [9408,'upload_file_too_large','El archivo subido es demasiado grande.'];\n\t\t\t\t\t\tcontactform.push(innerVal);\n\t\t\t\t\t\tvar innerVal = [9408,'upload_failed_php_error','Se ha producido un error al cargar el archivo.'];\n\t\t\t\t\t\tcontactform.push(innerVal);\n\t\t\t\t\t\tvar innerVal = [9408,'invalid_date','Introduce una fecha en formato AAAA-MM-DD.'];\n\t\t\t\t\t\tcontactform.push(innerVal);\n\t\t\t\t\t\tvar innerVal = [9408,'date_too_early','Este campo tiene una fecha demasiado temprana.'];\n\t\t\t\t\t\tcontactform.push(innerVal);\n\t\t\t\t\t\tvar innerVal = [9408,'date_too_late','Este campo tiene una fecha demasiado tard&iacute;a.'];\n\t\t\t\t\t\tcontactform.push(innerVal);\n\t\t\t\t\t\tvar innerVal = [9408,'invalid_number','Por favor, introduce un n&uacute;mero.'];\n\t\t\t\t\t\tcontactform.push(innerVal);\n\t\t\t\t\t\tvar innerVal = [9408,'number_too_small','Este campo tiene un n&uacute;mero demasiado peque&ntilde;o.'];\n\t\t\t\t\t\tcontactform.push(innerVal);\n\t\t\t\t\t\tvar innerVal = [9408,'number_too_large','Este campo tiene un n&uacute;mero demasiado grande.'];\n\t\t\t\t\t\tcontactform.push(innerVal);\n\t\t\t\t\t\tvar innerVal = [9408,'quiz_answer_not_correct','La respuesta al cuestionario es incorrecta.'];\n\t\t\t\t\t\tcontactform.push(innerVal);\n\t\t\t\t\t\tvar innerVal = [9408,'invalid_email','Introduce una direcci&oacute;n de correo electr&oacute;nico.'];\n\t\t\t\t\t\tcontactform.push(innerVal);\n\t\t\t\t\t\tvar innerVal = [9408,'invalid_url','Por favor, introduce una URL.'];\n\t\t\t\t\t\tcontactform.push(innerVal);\n\t\t\t\t\t\tvar innerVal = [9408,'invalid_tel','Introduce un n&uacute;mero de tel&eacute;fono.'];\n\t\t\t\t\t\tcontactform.push(innerVal);\n\t\t\t\t\t\tvar innerVal = [9408,'gdpr',''];\n\t\t\t\t\t\tcontactform.push(innerVal);\n\t\t\t\t\t\t<\/script><div class=\"wpcf7-response-output\" aria-hidden=\"true\"><\/div>\n<\/form>\n<\/div>\n<\/div>\n<\/div>\n<\/div>\n\n<div class=\"wp-block-columns carousel-black-editable is-layout-flex wp-container-core-columns-is-layout-9d6595d7 wp-block-columns-is-layout-flex\">\n<div class=\"wp-block-column has-central-palette-1-background-color has-background is-layout-flow wp-block-column-is-layout-flow\">\n<h2 class=\"wp-block-heading has-text-align-center heading-ampersant big-space-bottom-top has-central-palette-7-color has-text-color has-extra-large-font-size\" style=\"text-transform:capitalize\">Staying at De L\u2019Europe\u2026<\/h2>\n\n\n\n<div class=\"wp-block-carousel-slider-slider\"><div class=\"carousel-slider-outer carousel-slider-outer-hero-banner-slider carousel-slider-outer-777\" style=\"--carousel-slider-nav-color:#f1f1f1;--carousel-slider-active-nav-color:#00d1b2;--carousel-slider-arrow-size:48px;--carousel-slider-bullet-size:10px\">\n<div id=\"&#039;id-777\" class=\"carousel-slider carousel-slider-777 arrows-visibility-always dots-visibility-never arrows-outside dots-center dots-circle owl-carousel\" data-slide-type=\"hero-banner-slider\" data-owl-settings='{\"nav\":true,\"dots\":false,\"slideBy\":1,\"stagePadding\":0,\"margin\":80,\"loop\":false,\"lazyLoad\":false,\"autoplay\":false,\"autoplayTimeout\":5000,\"autoplaySpeed\":500,\"autoplayHoverPause\":false,\"autoWidth\":false,\"responsive\":{\"300\":{\"items\":1},\"576\":{\"items\":1},\"768\":{\"items\":1},\"1024\":{\"items\":1},\"1280\":{\"items\":2},\"1536\":{\"items\":2}}}' data-animation=\"\">\n<div class=\"carousel-slider-hero__cell hero__cell-1\" style=\"--cell-height: \"><div id=\"slide-item-777-1\" class=\"carousel-slider-hero__cell__background\" style=\"background-position:center center;background-size:cover;background-image:url(https:\/\/www.deleurope.com\/wp-content\/uploads\/2023\/10\/2.png);background-color:rgba(0,0,0,0.6)\"><\/div><div class=\"carousel-slider-hero__cell__inner carousel-slider--h-position-center carousel-slider--v-position-middle carousel-slider--text-center\" style=\"padding-top:1rem;padding-right:1rem;padding-bottom:1rem;padding-left:1rem\"><div class=\"carousel-slider-hero__cell__content hidden\" style=\"max-width:100%\" data-animation=\"\"><div class=\"carousel-slider-hero__cell__heading\" style=\"--cs-heading-font-size:40px;--cs-heading-gutter:30px;--cs-heading-color:#ffffff\">Your culinary hub<\/div><div class=\"carousel-slider-hero__cell__description\" style=\"--cs-description-font-size:20px;--cs-description-gutter:30px;--cs-description-color:#ffffff\">Three of the city's finest restaurants under one roof: Michelin-starred restaurant Flore, brasserie Marie, and trattoria Graziella.<\/div><div class=\"carousel-slider-hero__cell__buttons\"><span class=\"carousel-slider-hero__cell__button__one\" style=\"--cs-button-bg-color:#ffffff;--cs-button-color:#323232;--cs-button-border-width:3px;--cs-button-border-radius:0px\"><a class=\"button cs-hero-button cs-hero-button-1-1 cs-hero-button-stroke cs-hero-button-medium\" href=\"https:\/\/www.deleurope.com\/restaurants\/\" target=\"_self\">Read more<\/a><\/span><\/div><\/div><\/div><\/div>\n<div class=\"carousel-slider-hero__cell hero__cell-2\" style=\"--cell-height: \"><div id=\"slide-item-777-2\" class=\"carousel-slider-hero__cell__background\" style=\"background-position:center center;background-size:cover;background-image:url(https:\/\/www.deleurope.com\/wp-content\/uploads\/2025\/11\/De-LEurope-Amsterdam-Biologique-Recherche-2-3-1.png);background-color:rgba(0,0,0,0.6)\"><\/div><div class=\"carousel-slider-hero__cell__inner carousel-slider--h-position-center carousel-slider--v-position-middle carousel-slider--text-center\" style=\"padding-top:1rem;padding-right:1rem;padding-bottom:1rem;padding-left:1rem\"><div class=\"carousel-slider-hero__cell__background_overlay\" style=\"background-color: rgba(0,0,0,0.35);\"><\/div><div class=\"carousel-slider-hero__cell__content hidden\" style=\"max-width:100%\" data-animation=\"\"><div class=\"carousel-slider-hero__cell__heading\" style=\"--cs-heading-font-size:40px;--cs-heading-gutter:30px;--cs-heading-color:#ffffff\">Mind &amp; Body<\/div><div class=\"carousel-slider-hero__cell__description\" style=\"--cs-description-font-size:20px;--cs-description-gutter:30px;--cs-description-color:#ffffff\">Indulge in pampering by our wellness team and experience a range of luxurious treatments and exquisite skincare services.<\/div><div class=\"carousel-slider-hero__cell__buttons\"><span class=\"carousel-slider-hero__cell__button__one\" style=\"--cs-button-bg-color:#ffffff;--cs-button-color:#323232;--cs-button-border-width:3px;--cs-button-border-radius:0px\"><a class=\"button cs-hero-button cs-hero-button-2-1 cs-hero-button-stroke cs-hero-button-medium\" href=\"https:\/\/www.deleurope.com\/spa-wellness\/\" target=\"_self\">Read more<\/a><\/span><\/div><\/div><\/div><\/div>\n<div class=\"carousel-slider-hero__cell hero__cell-3\" style=\"--cell-height: \"><div id=\"slide-item-777-3\" class=\"carousel-slider-hero__cell__background\" style=\"background-position:center center;background-size:cover;background-image:url(https:\/\/www.deleurope.com\/wp-content\/uploads\/2024\/11\/Wine-Cellar-1.jpg);background-color:rgba(0,0,0,0.6)\"><\/div><div class=\"carousel-slider-hero__cell__inner carousel-slider--h-position-center carousel-slider--v-position-middle carousel-slider--text-center\" style=\"padding-top:1rem;padding-right:1rem;padding-bottom:1rem;padding-left:1rem\"><div class=\"carousel-slider-hero__cell__content hidden\" style=\"max-width:100%\" data-animation=\"\"><div class=\"carousel-slider-hero__cell__heading\" style=\"--cs-heading-font-size:40px;--cs-heading-gutter:30px;--cs-heading-color:#ffffff\">Wine Tastings<\/div><div class=\"carousel-slider-hero__cell__description\" style=\"--cs-description-font-size:20px;--cs-description-gutter:30px;--cs-description-color:#ffffff\">Step into a world of refined luxury with our exclusive private wine tasting &amp; cellar experience.<\/div><div class=\"carousel-slider-hero__cell__buttons\"><span class=\"carousel-slider-hero__cell__button__one\" style=\"--cs-button-bg-color:#ffffff;--cs-button-color:#323232;--cs-button-border-width:3px;--cs-button-border-radius:0px\"><a class=\"button cs-hero-button cs-hero-button-3-1 cs-hero-button-stroke cs-hero-button-medium\" href=\"https:\/\/www.deleurope.com\/restaurants\/wine-experience\/\" target=\"_self\">SEE MORE<\/a><\/span><\/div><\/div><\/div><\/div>\n<div class=\"carousel-slider-hero__cell hero__cell-4\" style=\"--cell-height: \"><div id=\"slide-item-777-4\" class=\"carousel-slider-hero__cell__background\" style=\"background-position:center center;background-size:cover;background-image:url(https:\/\/www.deleurope.com\/wp-content\/uploads\/2025\/10\/Afternoon-Tea-De-LEurope.png);background-color:rgba(0,0,0,0.6)\"><\/div><div class=\"carousel-slider-hero__cell__inner carousel-slider--h-position-center carousel-slider--v-position-middle carousel-slider--text-center\" style=\"padding-top:1rem;padding-right:1rem;padding-bottom:1rem;padding-left:1rem\"><div class=\"carousel-slider-hero__cell__content hidden\" style=\"max-width:100%\" data-animation=\"\"><div class=\"carousel-slider-hero__cell__heading\" style=\"--cs-heading-font-size:40px;--cs-heading-gutter:30px;--cs-heading-color:#ffffff\">Afternoon Tea<\/div><div class=\"carousel-slider-hero__cell__description\" style=\"--cs-description-font-size:20px;--cs-description-gutter:30px;--cs-description-color:#ffffff\">Indulge in a refined selection of sandwiches, artisan pastries, and sweets, expertly crafted by our pastry chefs.<\/div><div class=\"carousel-slider-hero__cell__buttons\"><span class=\"carousel-slider-hero__cell__button__one\" style=\"--cs-button-bg-color:#ffffff;--cs-button-color:#323232;--cs-button-border-width:3px;--cs-button-border-radius:0px\"><a class=\"button cs-hero-button cs-hero-button-4-1 cs-hero-button-stroke cs-hero-button-medium\" href=\"https:\/\/www.deleurope.com\/restaurants\/high-tea\/\" target=\"_self\">SEE MORE<\/a><\/span><\/div><\/div><\/div><\/div>\n<\/div><!-- .carousel-slider-777 -->\n<\/div><!-- .carousel-slider-outer-777 -->\n<\/div>\n<\/div>\n<\/div>\n","protected":false},"excerpt":{"rendered":"<p>Esta temporada, la Suite de la Semana de la Moda de \u00c1msterdam cobra vida a trav\u00e9s de una toma de posesi\u00f3n \u00fanica por parte de la pionera comisaria de moda holandesa Heleen H\u00fclsmann y sus marcas Salon Heleen H\u00fclsmann y DYO. Reflejando su visi\u00f3n, la suite te invita a experimentar la moda refinada, donde cada [&hellip;]<\/p>\n","protected":false},"author":17,"featured_media":11427,"parent":3973,"menu_order":6,"comment_status":"closed","ping_status":"closed","template":"","meta":{"_acf_changed":false,"footnotes":""},"class_list":["post-4025","page","type-page","status-publish","has-post-thumbnail","hentry"],"acf":[],"yoast_head":"<!-- This site is optimized with the Yoast SEO plugin v27.3 - https:\/\/yoast.com\/product\/yoast-seo-wordpress\/ -->\n<title>Amsterdam Fashion Week Suite | De L&#039;Europe Amsterdam<\/title>\n<meta name=\"description\" content=\"Ad\u00e9ntrate en el mundo de la moda de la Suite de la Semana de la Moda de \u00c1msterdam en De L&#039;Europe \u00c1msterdam, con una decoraci\u00f3n chic y lujosas comodidades. Reserva ahora.\" \/>\n<meta name=\"robots\" content=\"index, follow, max-snippet:-1, max-image-preview:large, max-video-preview:-1\" \/>\n<link rel=\"canonical\" href=\"https:\/\/www.deleurope.com\/es\/habitaciones-y-suites\/suite-de-la-semana-de-la-moda-de-amsterdam\/\" \/>\n<meta property=\"og:locale\" content=\"es_ES\" \/>\n<meta property=\"og:type\" content=\"article\" \/>\n<meta property=\"og:title\" content=\"Amsterdam Fashion Week Suite | De L&#039;Europe Amsterdam\" \/>\n<meta property=\"og:description\" content=\"Ad\u00e9ntrate en el mundo de la moda de la Suite de la Semana de la Moda de \u00c1msterdam en De L&#039;Europe \u00c1msterdam, con una decoraci\u00f3n chic y lujosas comodidades. Reserva ahora.\" \/>\n<meta property=\"og:url\" content=\"https:\/\/www.deleurope.com\/es\/habitaciones-y-suites\/suite-de-la-semana-de-la-moda-de-amsterdam\/\" \/>\n<meta property=\"og:site_name\" content=\"De L&#039;Europe Amsterdam\" \/>\n<meta property=\"article:modified_time\" content=\"2026-01-26T09:31:39+00:00\" \/>\n<meta property=\"og:image\" content=\"https:\/\/www.deleurope.com\/wp-content\/uploads\/2025\/12\/Table-4.jpg\" \/>\n\t<meta property=\"og:image:width\" content=\"1500\" \/>\n\t<meta property=\"og:image:height\" content=\"999\" \/>\n\t<meta property=\"og:image:type\" content=\"image\/jpeg\" \/>\n<meta name=\"twitter:card\" content=\"summary_large_image\" \/>\n<meta name=\"twitter:label1\" content=\"Tiempo de lectura\" \/>\n\t<meta name=\"twitter:data1\" content=\"9 minutos\" \/>\n<script type=\"application\/ld+json\" class=\"yoast-schema-graph\">{\"@context\":\"https:\\\/\\\/schema.org\",\"@graph\":[{\"@type\":\"WebPage\",\"@id\":\"https:\\\/\\\/www.deleurope.com\\\/es\\\/habitaciones-y-suites\\\/suite-de-la-semana-de-la-moda-de-amsterdam\\\/\",\"url\":\"https:\\\/\\\/www.deleurope.com\\\/es\\\/habitaciones-y-suites\\\/suite-de-la-semana-de-la-moda-de-amsterdam\\\/\",\"name\":\"Amsterdam Fashion Week Suite | De L'Europe Amsterdam\",\"isPartOf\":{\"@id\":\"https:\\\/\\\/www.deleurope.com\\\/es\\\/#website\"},\"primaryImageOfPage\":{\"@id\":\"https:\\\/\\\/www.deleurope.com\\\/es\\\/habitaciones-y-suites\\\/suite-de-la-semana-de-la-moda-de-amsterdam\\\/#primaryimage\"},\"image\":{\"@id\":\"https:\\\/\\\/www.deleurope.com\\\/es\\\/habitaciones-y-suites\\\/suite-de-la-semana-de-la-moda-de-amsterdam\\\/#primaryimage\"},\"thumbnailUrl\":\"https:\\\/\\\/www.deleurope.com\\\/wp-content\\\/uploads\\\/2025\\\/12\\\/Table-4.jpg\",\"datePublished\":\"2024-01-15T15:37:53+00:00\",\"dateModified\":\"2026-01-26T09:31:39+00:00\",\"description\":\"Ad\u00e9ntrate en el mundo de la moda de la Suite de la Semana de la Moda de \u00c1msterdam en De L'Europe \u00c1msterdam, con una decoraci\u00f3n chic y lujosas comodidades. Reserva ahora.\",\"breadcrumb\":{\"@id\":\"https:\\\/\\\/www.deleurope.com\\\/es\\\/habitaciones-y-suites\\\/suite-de-la-semana-de-la-moda-de-amsterdam\\\/#breadcrumb\"},\"inLanguage\":\"es\",\"potentialAction\":[{\"@type\":\"ReadAction\",\"target\":[\"https:\\\/\\\/www.deleurope.com\\\/es\\\/habitaciones-y-suites\\\/suite-de-la-semana-de-la-moda-de-amsterdam\\\/\"]}]},{\"@type\":\"ImageObject\",\"inLanguage\":\"es\",\"@id\":\"https:\\\/\\\/www.deleurope.com\\\/es\\\/habitaciones-y-suites\\\/suite-de-la-semana-de-la-moda-de-amsterdam\\\/#primaryimage\",\"url\":\"https:\\\/\\\/www.deleurope.com\\\/wp-content\\\/uploads\\\/2025\\\/12\\\/Table-4.jpg\",\"contentUrl\":\"https:\\\/\\\/www.deleurope.com\\\/wp-content\\\/uploads\\\/2025\\\/12\\\/Table-4.jpg\",\"width\":1500,\"height\":999,\"caption\":\"Amsterdam Fashion Week Suite Living with Design items by Heleen Hulsmann\"},{\"@type\":\"BreadcrumbList\",\"@id\":\"https:\\\/\\\/www.deleurope.com\\\/es\\\/habitaciones-y-suites\\\/suite-de-la-semana-de-la-moda-de-amsterdam\\\/#breadcrumb\",\"itemListElement\":[{\"@type\":\"ListItem\",\"position\":1,\"name\":\"Home\",\"item\":\"https:\\\/\\\/www.deleurope.com\\\/es\\\/\"},{\"@type\":\"ListItem\",\"position\":2,\"name\":\"Habitaciones y suites\",\"item\":\"https:\\\/\\\/www.deleurope.com\\\/es\\\/habitaciones-y-suites\\\/\"},{\"@type\":\"ListItem\",\"position\":3,\"name\":\"Semana de la Moda de \u00c1msterdam Suite x Sal\u00f3n Heleen H\u00fclsmann\"}]},{\"@type\":\"WebSite\",\"@id\":\"https:\\\/\\\/www.deleurope.com\\\/es\\\/#website\",\"url\":\"https:\\\/\\\/www.deleurope.com\\\/es\\\/\",\"name\":\"De L&#039;Europe Amsterdam\",\"description\":\"Home of original Amsterdam luxury.\",\"potentialAction\":[{\"@type\":\"SearchAction\",\"target\":{\"@type\":\"EntryPoint\",\"urlTemplate\":\"https:\\\/\\\/www.deleurope.com\\\/es\\\/?s={search_term_string}\"},\"query-input\":{\"@type\":\"PropertyValueSpecification\",\"valueRequired\":true,\"valueName\":\"search_term_string\"}}],\"inLanguage\":\"es\"}]}<\/script>\n<!-- \/ Yoast SEO plugin. -->","yoast_head_json":{"title":"Amsterdam Fashion Week Suite | De L'Europe Amsterdam","description":"Ad\u00e9ntrate en el mundo de la moda de la Suite de la Semana de la Moda de \u00c1msterdam en De L'Europe \u00c1msterdam, con una decoraci\u00f3n chic y lujosas comodidades. Reserva ahora.","robots":{"index":"index","follow":"follow","max-snippet":"max-snippet:-1","max-image-preview":"max-image-preview:large","max-video-preview":"max-video-preview:-1"},"canonical":"https:\/\/www.deleurope.com\/es\/habitaciones-y-suites\/suite-de-la-semana-de-la-moda-de-amsterdam\/","og_locale":"es_ES","og_type":"article","og_title":"Amsterdam Fashion Week Suite | De L'Europe Amsterdam","og_description":"Ad\u00e9ntrate en el mundo de la moda de la Suite de la Semana de la Moda de \u00c1msterdam en De L'Europe \u00c1msterdam, con una decoraci\u00f3n chic y lujosas comodidades. Reserva ahora.","og_url":"https:\/\/www.deleurope.com\/es\/habitaciones-y-suites\/suite-de-la-semana-de-la-moda-de-amsterdam\/","og_site_name":"De L&#039;Europe Amsterdam","article_modified_time":"2026-01-26T09:31:39+00:00","og_image":[{"width":1500,"height":999,"url":"https:\/\/www.deleurope.com\/wp-content\/uploads\/2025\/12\/Table-4.jpg","type":"image\/jpeg"}],"twitter_card":"summary_large_image","twitter_misc":{"Tiempo de lectura":"9 minutos"},"schema":{"@context":"https:\/\/schema.org","@graph":[{"@type":"WebPage","@id":"https:\/\/www.deleurope.com\/es\/habitaciones-y-suites\/suite-de-la-semana-de-la-moda-de-amsterdam\/","url":"https:\/\/www.deleurope.com\/es\/habitaciones-y-suites\/suite-de-la-semana-de-la-moda-de-amsterdam\/","name":"Amsterdam Fashion Week Suite | De L'Europe Amsterdam","isPartOf":{"@id":"https:\/\/www.deleurope.com\/es\/#website"},"primaryImageOfPage":{"@id":"https:\/\/www.deleurope.com\/es\/habitaciones-y-suites\/suite-de-la-semana-de-la-moda-de-amsterdam\/#primaryimage"},"image":{"@id":"https:\/\/www.deleurope.com\/es\/habitaciones-y-suites\/suite-de-la-semana-de-la-moda-de-amsterdam\/#primaryimage"},"thumbnailUrl":"https:\/\/www.deleurope.com\/wp-content\/uploads\/2025\/12\/Table-4.jpg","datePublished":"2024-01-15T15:37:53+00:00","dateModified":"2026-01-26T09:31:39+00:00","description":"Ad\u00e9ntrate en el mundo de la moda de la Suite de la Semana de la Moda de \u00c1msterdam en De L'Europe \u00c1msterdam, con una decoraci\u00f3n chic y lujosas comodidades. Reserva ahora.","breadcrumb":{"@id":"https:\/\/www.deleurope.com\/es\/habitaciones-y-suites\/suite-de-la-semana-de-la-moda-de-amsterdam\/#breadcrumb"},"inLanguage":"es","potentialAction":[{"@type":"ReadAction","target":["https:\/\/www.deleurope.com\/es\/habitaciones-y-suites\/suite-de-la-semana-de-la-moda-de-amsterdam\/"]}]},{"@type":"ImageObject","inLanguage":"es","@id":"https:\/\/www.deleurope.com\/es\/habitaciones-y-suites\/suite-de-la-semana-de-la-moda-de-amsterdam\/#primaryimage","url":"https:\/\/www.deleurope.com\/wp-content\/uploads\/2025\/12\/Table-4.jpg","contentUrl":"https:\/\/www.deleurope.com\/wp-content\/uploads\/2025\/12\/Table-4.jpg","width":1500,"height":999,"caption":"Amsterdam Fashion Week Suite Living with Design items by Heleen Hulsmann"},{"@type":"BreadcrumbList","@id":"https:\/\/www.deleurope.com\/es\/habitaciones-y-suites\/suite-de-la-semana-de-la-moda-de-amsterdam\/#breadcrumb","itemListElement":[{"@type":"ListItem","position":1,"name":"Home","item":"https:\/\/www.deleurope.com\/es\/"},{"@type":"ListItem","position":2,"name":"Habitaciones y suites","item":"https:\/\/www.deleurope.com\/es\/habitaciones-y-suites\/"},{"@type":"ListItem","position":3,"name":"Semana de la Moda de \u00c1msterdam Suite x Sal\u00f3n Heleen H\u00fclsmann"}]},{"@type":"WebSite","@id":"https:\/\/www.deleurope.com\/es\/#website","url":"https:\/\/www.deleurope.com\/es\/","name":"De L&#039;Europe Amsterdam","description":"Home of original Amsterdam luxury.","potentialAction":[{"@type":"SearchAction","target":{"@type":"EntryPoint","urlTemplate":"https:\/\/www.deleurope.com\/es\/?s={search_term_string}"},"query-input":{"@type":"PropertyValueSpecification","valueRequired":true,"valueName":"search_term_string"}}],"inLanguage":"es"}]}},"featured_image_src":"https:\/\/www.deleurope.com\/wp-content\/uploads\/2025\/12\/Table-4-600x400.jpg","featured_image_src_square":"https:\/\/www.deleurope.com\/wp-content\/uploads\/2025\/12\/Table-4-600x600.jpg","_links":{"self":[{"href":"https:\/\/www.deleurope.com\/es\/wp-json\/wp\/v2\/pages\/4025","targetHints":{"allow":["GET"]}}],"collection":[{"href":"https:\/\/www.deleurope.com\/es\/wp-json\/wp\/v2\/pages"}],"about":[{"href":"https:\/\/www.deleurope.com\/es\/wp-json\/wp\/v2\/types\/page"}],"author":[{"embeddable":true,"href":"https:\/\/www.deleurope.com\/es\/wp-json\/wp\/v2\/users\/17"}],"replies":[{"embeddable":true,"href":"https:\/\/www.deleurope.com\/es\/wp-json\/wp\/v2\/comments?post=4025"}],"version-history":[{"count":0,"href":"https:\/\/www.deleurope.com\/es\/wp-json\/wp\/v2\/pages\/4025\/revisions"}],"up":[{"embeddable":true,"href":"https:\/\/www.deleurope.com\/es\/wp-json\/wp\/v2\/pages\/3973"}],"wp:featuredmedia":[{"embeddable":true,"href":"https:\/\/www.deleurope.com\/es\/wp-json\/wp\/v2\/media\/11427"}],"wp:attachment":[{"href":"https:\/\/www.deleurope.com\/es\/wp-json\/wp\/v2\/media?parent=4025"}],"curies":[{"name":"wp","href":"https:\/\/api.w.org\/{rel}","templated":true}]}}