{"id":5023,"date":"2024-05-06T13:06:27","date_gmt":"2024-05-06T13:06:27","guid":{"rendered":"https:\/\/www.deleurope.com\/habitaciones-y-suites\/valerie-van-der-werff-suite\/"},"modified":"2026-04-24T12:52:54","modified_gmt":"2026-04-24T12:52:54","slug":"valerie-van-der-werff-suite","status":"publish","type":"page","link":"https:\/\/www.deleurope.com\/es\/habitaciones-y-suites\/valerie-van-der-werff-suite\/","title":{"rendered":"Valerie Creative Agency Suite"},"content":{"rendered":"\n<div class=\"wp-block-columns is-layout-flex wp-container-core-columns-is-layout-9d6595d7 wp-block-columns-is-layout-flex\">\n<div class=\"wp-block-column description-and-button is-layout-flow wp-block-column-is-layout-flow\">\n\n\n\n\n<p class=\"has-text-align-center rooms-description-white-box has-large-font-size\">Amber tones, lush Linteloo bed linens and endless inspiration\u2014 enter the creative domain of Valerie van der Werff, magazine maven, image maker and designer. Bringing to life the dream interiors you\u2019ve admired in print, the space acts as a walk-through vision board. From a vintage Pastoe wall system by Cees Braakman to modern lighting by HK Living, its aesthetic nods to Dutch design across the ages. A place where cosiness meets style, stirring the imagination\u2014and doubling as a creative salon. Solo or in company, the generous convertible sofa bed ensures spacious comfort. In this inspiring suite, you\u2019re the cover story.<\/p>\n\n\n\n<div class=\"wp-block-buttons is-content-justification-center is-layout-flex wp-container-core-buttons-is-layout-16018d1d wp-block-buttons-is-layout-flex\">\n<div class=\"wp-block-button is-style-outline book-now is-style-outline--1\"><a class=\"wp-block-button__link has-central-palette-7-color has-central-palette-1-background-color has-text-color has-background has-text-align-center wp-element-button\" href=\"#\/booking\/step-1?room=J1S\" style=\"border-radius:0px;text-transform:uppercase\">Reserva ahora<\/a><\/div>\n<\/div>\n<\/div>\n<\/div>\n\n<div class=\"wp-block-columns text-on-left wrap-2-columns eat-and-drink-cards top-border is-layout-flex wp-container-core-columns-is-layout-9d6595d7 wp-block-columns-is-layout-flex\" id=\"VCA-GENERAL-INSUITE\">\n<div class=\"wp-block-column is-vertically-aligned-center middle-align is-layout-flow wp-block-column-is-layout-flow\" style=\"flex-basis:50%\">\n<h2 class=\"wp-block-heading has-text-align-center has-extra-large-font-size\" style=\"text-transform:capitalize\">Experiencia en la empresa<\/h2>\n\n\n\n<div class=\"wp-block-group\"><div class=\"wp-block-group__inner-container is-layout-constrained wp-block-group-is-layout-constrained\">\n<p class=\"has-text-align-center\">Decorated with tasteful furnishings and inspired by Valerie&#8217;s discerning eye, the suite beckons you to explore the elegance and refinement associated with her brand. Whether you&#8217;re browsing through carefully selected lifestyle magazines or immersing yourself in literature chosen by Valerie, each moment in the suite offers a window into her captivating world of publishing. Relax and unwind in the suite, experiencing first-hand the allure of both publishing and lifestyle, where every detail reflects Valerie van der Werff&#8217;s impeccable taste and influence.<\/p>\n<\/div><\/div>\n<\/div>\n\n\n\n<div class=\"wp-block-column slider-wrap padding-left-md is-layout-flow wp-block-column-is-layout-flow\" style=\"flex-basis:50%\">\n<figure class=\"wp-block-image size-full\"><img loading=\"lazy\" decoding=\"async\" width=\"1500\" height=\"1943\" src=\"https:\/\/www.deleurope.com\/wp-content\/uploads\/2024\/05\/Valerie-Creative-Agency-Suite-De-LEurope-Amsterdam-5.jpg\" alt=\"Valerie Creative Agency Suite - De L'Europe Amsterdam \" class=\"wp-image-4705\" style=\"aspect-ratio:4\/3;object-fit:cover\" srcset=\"https:\/\/www.deleurope.com\/wp-content\/uploads\/2024\/05\/Valerie-Creative-Agency-Suite-De-LEurope-Amsterdam-5.jpg 1500w, https:\/\/www.deleurope.com\/wp-content\/uploads\/2024\/05\/Valerie-Creative-Agency-Suite-De-LEurope-Amsterdam-5-768x995.jpg 768w, https:\/\/www.deleurope.com\/wp-content\/uploads\/2024\/05\/Valerie-Creative-Agency-Suite-De-LEurope-Amsterdam-5-1186x1536.jpg 1186w\" sizes=\"auto, (max-width: 1500px) 100vw, 1500px\" \/><\/figure>\n<\/div>\n<\/div>\n\n<div class=\"wp-block-columns columns_slider_text wrap-2-columns eat-and-drink-cards is-layout-flex wp-container-core-columns-is-layout-9d6595d7 wp-block-columns-is-layout-flex\" id=\"VCAGENERAL-OUTSUITE\">\n<div class=\"wp-block-column slider-wrap is-layout-flow wp-block-column-is-layout-flow\" style=\"flex-basis:50%\">\n<figure class=\"wp-block-image size-full\"><img loading=\"lazy\" decoding=\"async\" width=\"500\" height=\"700\" src=\"https:\/\/www.deleurope.com\/wp-content\/uploads\/2026\/04\/De-LEurope-Amsterdam-Valerie-van-der-Werff-Suite-.jpg\" alt=\"Elementos de dise&#xF1;o en la Suite Valerie van der Werff\" class=\"wp-image-13027\" style=\"aspect-ratio:4\/3;object-fit:cover\"\/><\/figure>\n<\/div>\n\n\n\n<div class=\"wp-block-column is-vertically-aligned-center middle-align is-layout-flow wp-block-column-is-layout-flow\" style=\"flex-basis:50%\">\n<h2 class=\"wp-block-heading has-text-align-center has-extra-large-font-size\" style=\"text-transform:capitalize\">Out-suite experience<\/h2>\n\n\n\n<div class=\"wp-block-group\"><div class=\"wp-block-group__inner-container is-layout-constrained wp-block-group-is-layout-constrained\">\n<p class=\"has-text-align-center\">Embark on a bespoke exploration of Amsterdam&#8217;s lifestyle gems with Valerie van der Werff. Delve into the city&#8217;s vibrant scene with a personalized &#8216;Lifestyle Gems Tour&#8217;, curated exclusively for those seeking unique experiences beyond the ordinary. Follow Valerie&#8217;s expert guidance as she unveils secret hotspots nestled in charming alleys and corners, showcasing boutique shops, artisanal cafes, and serene retreats. With Valerie&#8217;s insider knowledge and keen eye for extraordinary finds, this immersive journey promises to reveal the soul of Amsterdam&#8217;s lifestyle, leaving you with unforgettable memories of delights discovered along the way.<\/p>\n<\/div><\/div>\n<\/div>\n<\/div>\n\n<div class=\"wp-block-columns gallery-with-caption is-layout-flex wp-container-core-columns-is-layout-9d6595d7 wp-block-columns-is-layout-flex\">\n<div class=\"wp-block-column is-layout-flow wp-block-column-is-layout-flow\">\n<div class=\"wp-block-carousel-slider-slider full-width-carousel\"><div class=\"carousel-slider-outer carousel-slider-outer-image-carousel carousel-slider-outer-4406\" style=\"--carousel-slider-nav-color:#f1f1f1;--carousel-slider-active-nav-color:#00d1b2;--carousel-slider-arrow-size:48px;--carousel-slider-bullet-size:10px\">\n<div id=\"&#039;id-4406\" class=\"carousel-slider carousel-slider-4406 arrows-visibility-hover dots-visibility-never arrows-outside dots-center dots-circle owl-carousel\" data-slide-type=\"image-carousel\" data-owl-settings='{\"nav\":true,\"dots\":false,\"slideBy\":1,\"stagePadding\":0,\"margin\":10,\"loop\":true,\"lazyLoad\":false,\"autoplay\":true,\"autoplayTimeout\":5000,\"autoplaySpeed\":500,\"autoplayHoverPause\":true,\"autoWidth\":false,\"items\":1}'>\n<div class=\"carousel-slider__item\">\n\t<img loading=\"lazy\" decoding=\"async\" width=\"1500\" height=\"820\" src=\"https:\/\/www.deleurope.com\/wp-content\/uploads\/2024\/05\/Sisters-Janssen-Suite-De-Leurope-Amsterdam-1-1500x820.jpg\" class=\"attachment-gallery-single-room size-gallery-single-room\" alt=\"\u2019t Huys bathroom featuring a luxurious bathtub and a double sink vanity with modern fixtures.\" \/><\/a><\/div>\n\n<div class=\"carousel-slider__item\">\n\t<img loading=\"lazy\" decoding=\"async\" width=\"1500\" height=\"820\" src=\"https:\/\/www.deleurope.com\/wp-content\/uploads\/2024\/05\/Valerie-Creative-Agency-Suite-De-LEurope-Amsterdam-1-1500x820.jpg\" class=\"attachment-gallery-single-room size-gallery-single-room\" alt=\"Office and desk set-up in the Valerie Creative Agency Suite at De L\u2019Europe Amsterdam, combining functionality\" \/><\/a><\/div>\n\n<div class=\"carousel-slider__item\">\n\t<img loading=\"lazy\" decoding=\"async\" width=\"1500\" height=\"820\" src=\"https:\/\/www.deleurope.com\/wp-content\/uploads\/2024\/05\/Valerie-Creative-Agency-Suite-De-LEurope-Amsterdam-6-1500x820.jpg\" class=\"attachment-gallery-single-room size-gallery-single-room\" alt=\"Valerie Creative Agency Suite at De L&#039;Europe Amsterdam, interior shot.\" \/><\/a><\/div>\n\n<\/div><!-- .carousel-slider-4406 -->\n<\/div><!-- .carousel-slider-outer-4406 -->\n<\/div>\n<\/div>\n<\/div>\n\n<div class=\"wp-block-columns image_left_text_bg_right wrap-2-columns is-layout-flex wp-container-core-columns-is-layout-9d6595d7 wp-block-columns-is-layout-flex\" id=\"amenities\">\n<div class=\"wp-block-column slider-wrap is-layout-flow wp-block-column-is-layout-flow\" style=\"flex-basis:50%\">\n<figure class=\"wp-block-image size-full hide-on-mobile\"><img loading=\"lazy\" decoding=\"async\" width=\"1500\" height=\"1943\" src=\"https:\/\/www.deleurope.com\/wp-content\/uploads\/2024\/05\/Valerie-Creative-Agency-Suite-De-LEurope-Amsterdam-8-1.jpg\" alt=\"Valerie Creative Agency Suite - De L'Europe Amsterdam \" class=\"wp-image-4715\" srcset=\"https:\/\/www.deleurope.com\/wp-content\/uploads\/2024\/05\/Valerie-Creative-Agency-Suite-De-LEurope-Amsterdam-8-1.jpg 1500w, https:\/\/www.deleurope.com\/wp-content\/uploads\/2024\/05\/Valerie-Creative-Agency-Suite-De-LEurope-Amsterdam-8-1-768x995.jpg 768w, https:\/\/www.deleurope.com\/wp-content\/uploads\/2024\/05\/Valerie-Creative-Agency-Suite-De-LEurope-Amsterdam-8-1-1186x1536.jpg 1186w\" sizes=\"auto, (max-width: 1500px) 100vw, 1500px\" \/><\/figure>\n<\/div>\n\n\n\n<div class=\"wp-block-column is-vertically-aligned-center middle-align is-layout-flow wp-block-column-is-layout-flow\" style=\"flex-basis:50%\">\n<div class=\"wp-block-columns is-layout-flex wp-container-core-columns-is-layout-9d6595d7 wp-block-columns-is-layout-flex\">\n<div class=\"wp-block-column has-central-palette-4-background-color has-background is-layout-flow wp-block-column-is-layout-flow\">\n<h2 class=\"wp-block-heading has-text-align-center has-extra-large-font-size\">Room Amenities<\/h2>\n\n\n\n<ul class=\"wp-block-list\">\n<li>30 &#8211; 40 square metres<\/li>\n\n\n\n<li>Organic COCO-MAT mattress<\/li>\n\n\n\n<li>Luxurious down bedding featuring various pillow choices<\/li>\n\n\n\n<li>Satin bed linens boasting a 400 thread count<\/li>\n\n\n\n<li>Plush terry towels and bathrobes for added comfort<\/li>\n\n\n\n<li>Diptyque bathroom amenities for a touch of indulgence<\/li>\n\n\n\n<li>Twice-daily housekeeping service to ensure a pristine environment<\/li>\n\n\n\n<li>In-room amenities include a Nespresso\u00ae coffee maker with complimentary pods and a stocked refrigerated bar<\/li>\n\n\n\n<li>Daily provision of complimentary bottle of water<\/li>\n\n\n\n<li>Safety deposit box equipped with an electric outlet for laptops<\/li>\n\n\n\n<li>Enjoy the warmth of a heated bathroom floor<\/li>\n\n\n\n<li>Complimentary high-speed Wi-Fi for seamless connectivity<\/li>\n<\/ul>\n<\/div>\n<\/div>\n<\/div>\n<\/div>\n\n<div class=\"wp-block-columns columns_slider_text wrap-2-columns eat-and-drink-cards is-layout-flex wp-container-core-columns-is-layout-9d6595d7 wp-block-columns-is-layout-flex\" id=\"VCAGENERAL-OUTSUITE\">\n<div class=\"wp-block-column slider-wrap is-layout-flow wp-block-column-is-layout-flow\" style=\"flex-basis:50%\">\n<figure class=\"wp-block-image size-full\"><img loading=\"lazy\" decoding=\"async\" width=\"500\" height=\"700\" src=\"https:\/\/www.deleurope.com\/wp-content\/uploads\/2026\/04\/De-LEurope-Amsterdam-Valerie-van-der-Werff-Suite-4.jpg\" alt=\"Foto de la Suite Valerie van der Werff\" class=\"wp-image-13051\"\/><\/figure>\n<\/div>\n\n\n\n<div class=\"wp-block-column is-vertically-aligned-center middle-align is-layout-flow wp-block-column-is-layout-flow\" style=\"flex-basis:50%\">\n<h2 class=\"wp-block-heading has-text-align-center has-extra-large-font-size\" style=\"text-transform:capitalize\">Sobre Valerie<\/h2>\n\n\n\n<div class=\"wp-block-group\"><div class=\"wp-block-group__inner-container is-layout-constrained wp-block-group-is-layout-constrained\">\n<p class=\"has-text-align-center\">La Suite Valerie Creative Agency est\u00e1 inspirada en el imaginativo mundo de la creativa holandesa Valerie van der Werff.<\/p>\n\n\n\n<p class=\"has-text-align-center\">Como fundadora de Valerie Creative Agency, Valerie es conocida por su refinada est\u00e9tica y su enfoque intuitivo de la narraci\u00f3n. Su trabajo se mueve sin esfuerzo entre la moda, el branding y la direcci\u00f3n art\u00edstica, siempre guiado por un fuerte sentido de la atm\u00f3sfera y la emoci\u00f3n. Crea mundos m\u00e1s que conceptos, creando espacios que se sienten estratificados, expresivos y profundamente personales.  <\/p>\n<\/div><\/div>\n<\/div>\n<\/div>\n\n<p class=\"has-text-align-center rooms-description-white-box has-large-font-size\">Al\u00f3jate en una suite donde la creatividad fluye libremente, donde se da espacio a las ideas para que evolucionen y donde colaboraciones como esta toma de posesi\u00f3n se sienten como en casa.<\/p>\n\n<div class=\"wp-block-buttons is-content-justification-center is-layout-flex wp-container-core-buttons-is-layout-16018d1d wp-block-buttons-is-layout-flex\">\n<div class=\"wp-block-button is-style-outline book-now is-style-outline--3\"><a class=\"wp-block-button__link has-central-palette-7-color has-central-palette-1-background-color has-text-color has-background has-text-align-center wp-element-button\" href=\"#\/booking\/step-1?room=J1S\" style=\"border-radius:0px;text-transform:uppercase\">Reserva ahora<\/a><\/div>\n<\/div>\n\n<div class=\"wp-block-columns special-request contact-form is-layout-flex wp-container-core-columns-is-layout-9d6595d7 wp-block-columns-is-layout-flex\" id=\"enquire\">\n<div class=\"wp-block-column has-central-palette-11-background-color has-background is-layout-flow wp-block-column-is-layout-flow\">\n<h2 class=\"wp-block-heading has-text-align-center has-extra-large-font-size\">Consulte<\/h2>\n\n\n\n<p class=\"has-text-align-center\">\u00bfEst\u00e1s planeando una visita o tienes una petici\u00f3n especial? Env\u00edanos tu consulta y nuestro equipo de reservas estar\u00e1 encantado de ayudarte. <\/p>\n\n\n\n<div class=\"wp-block-contact-form-7-contact-form-selector\">\n<div class=\"wpcf7 no-js\" id=\"wpcf7-f9408-o1\" lang=\"es-ES\" dir=\"ltr\" data-wpcf7-id=\"9408\">\n<div class=\"screen-reader-response\"><p role=\"status\" aria-live=\"polite\" aria-atomic=\"true\"><\/p> <ul><\/ul><\/div>\n<form action=\"\/es\/wp-json\/wp\/v2\/pages\/5023#wpcf7-f9408-o1\" method=\"post\" class=\"wpcf7-form init\" aria-label=\"Formulario de contacto\" novalidate=\"novalidate\" data-status=\"init\">\n<fieldset class=\"hidden-fields-container\"><input type=\"hidden\" name=\"_wpcf7\" value=\"9408\" \/><input type=\"hidden\" name=\"_wpcf7_version\" value=\"6.1.5\" \/><input type=\"hidden\" name=\"_wpcf7_locale\" value=\"es_ES\" \/><input type=\"hidden\" name=\"_wpcf7_unit_tag\" value=\"wpcf7-f9408-o1\" \/><input type=\"hidden\" name=\"_wpcf7_container_post\" value=\"0\" \/><input type=\"hidden\" name=\"_wpcf7_posted_data_hash\" value=\"\" \/>\n<\/fieldset>\n<p><span class=\"wpcf7-form-control-wrap\" data-name=\"firstname\"><input size=\"40\" maxlength=\"400\" class=\"wpcf7-form-control wpcf7-text wpcf7-validates-as-required half\" aria-required=\"true\" aria-invalid=\"false\" placeholder=\"Nombre*\" value=\"\" type=\"text\" name=\"firstname\" \/><\/span><br \/>\n<span class=\"wpcf7-form-control-wrap\" data-name=\"lastname\"><input size=\"40\" maxlength=\"400\" class=\"wpcf7-form-control wpcf7-text wpcf7-validates-as-required half\" aria-required=\"true\" aria-invalid=\"false\" placeholder=\"Apellido*\" value=\"\" type=\"text\" name=\"lastname\" \/><\/span><br \/>\n<span class=\"wpcf7-form-control-wrap\" data-name=\"email\"><input size=\"40\" maxlength=\"400\" class=\"wpcf7-form-control wpcf7-email wpcf7-validates-as-required wpcf7-text wpcf7-validates-as-email half\" aria-required=\"true\" aria-invalid=\"false\" placeholder=\"Email*\" value=\"\" type=\"email\" name=\"email\" \/><\/span><br \/>\n<span class=\"wpcf7-form-control-wrap\" data-name=\"telephone\"><input size=\"40\" maxlength=\"400\" class=\"wpcf7-form-control wpcf7-tel wpcf7-validates-as-required wpcf7-text wpcf7-validates-as-tel half\" aria-required=\"true\" aria-invalid=\"false\" placeholder=\"Tel\u00e9fono*\" value=\"\" type=\"tel\" name=\"telephone\" \/><\/span><br \/>\n<span class=\"wpcf7-form-control-wrap\" data-name=\"country\"><input size=\"40\" maxlength=\"400\" class=\"wpcf7-form-control wpcf7-text half\" aria-invalid=\"false\" placeholder=\"Pa\u00eds\" value=\"\" type=\"text\" name=\"country\" \/><\/span><br \/>\n<span class=\"wpcf7-form-control-wrap\" data-name=\"hearfromus\"><select class=\"wpcf7-form-control wpcf7-select wpcf7-validates-as-required half\" aria-required=\"true\" aria-invalid=\"false\" name=\"hearfromus\"><option value=\"\u00bfNaturaleza de la consulta?*\">\u00bfNaturaleza de la consulta?*<\/option><option value=\"Reservas\">Reservas<\/option><option value=\"Informaci\u00f3n\">Informaci\u00f3n<\/option><option value=\"Conserjer\u00eda\">Conserjer\u00eda<\/option><option value=\"Spa y Bienestar\">Spa y Bienestar<\/option><option value=\"Concept Store IN-HUYS\">Concept Store IN-HUYS<\/option><option value=\"Otros\">Otros<\/option><\/select><\/span><br \/>\n<span class=\"wpcf7-form-control-wrap\" data-name=\"textarea-723\"><textarea cols=\"40\" rows=\"10\" maxlength=\"2000\" class=\"wpcf7-form-control wpcf7-textarea full\" aria-invalid=\"false\" placeholder=\"Mensaje\" name=\"textarea-723\"><\/textarea><\/span>\n<\/p>\n<p class=\"privacy-contact\">Este sitio est\u00e1 protegido por reCAPTCHA y se aplican la <a href=\"\/privacy-policy-2\/\">POL\u00cdTICA DE PRIVACIDAD<\/a> y los <a href=\"\/terms-conditions\/\">T\u00c9RMINOS DE SERVICIO<\/a> de Google.\n<\/p>\n<p><br \/>\n<input class=\"wpcf7-form-control wpcf7-submit has-spinner\" type=\"submit\" value=\"Enviar consulta\" \/>\n<\/p><noscript>\n\t\t\t<div class=\"wpcf7-response-output wpcf7-spam-blocked\">Your browser does not support JavaScript!. Please enable javascript in your browser in order to get form work properly.<\/div>\n\t<\/noscript><script type='text\/javascript'>\n\n\t\t\t\t\t\tif(contactform === undefined){\n\t\t\t\t\t\t\tvar contactform = [];\n\t\t\t\t\t\t}\n\t\t\t\t\t\tvar innerVal = [9408,'mail_sent_ok','Gracias por tu mensaje. Se ha enviado.'];\n\t\t\t\t\t\tcontactform.push(innerVal);\n\t\t\t\t\t\tvar innerVal = [9408,'mail_sent_ng','Se ha producido un error al intentar enviar tu mensaje. Vuelve a intentarlo m&aacute;s tarde.'];\n\t\t\t\t\t\tcontactform.push(innerVal);\n\t\t\t\t\t\tvar innerVal = [9408,'validation_error','Uno o m&aacute;s campos tienen un error. Por favor, compru&eacute;balo e int&eacute;ntalo de nuevo.'];\n\t\t\t\t\t\tcontactform.push(innerVal);\n\t\t\t\t\t\tvar innerVal = [9408,'spam','Se ha producido un error al intentar enviar tu mensaje. Vuelve a intentarlo m&aacute;s tarde.'];\n\t\t\t\t\t\tcontactform.push(innerVal);\n\t\t\t\t\t\tvar innerVal = [9408,'accept_terms','Debes aceptar los t&eacute;rminos y condiciones antes de enviar tu mensaje.'];\n\t\t\t\t\t\tcontactform.push(innerVal);\n\t\t\t\t\t\tvar innerVal = [9408,'invalid_required','Rellena este campo.'];\n\t\t\t\t\t\tcontactform.push(innerVal);\n\t\t\t\t\t\tvar innerVal = [9408,'invalid_too_long','Este campo tiene una entrada demasiado larga.'];\n\t\t\t\t\t\tcontactform.push(innerVal);\n\t\t\t\t\t\tvar innerVal = [9408,'invalid_too_short','Este campo tiene una entrada demasiado corta.'];\n\t\t\t\t\t\tcontactform.push(innerVal);\n\t\t\t\t\t\tvar innerVal = [9408,'upload_failed','Se ha producido un error desconocido al cargar el archivo.'];\n\t\t\t\t\t\tcontactform.push(innerVal);\n\t\t\t\t\t\tvar innerVal = [9408,'upload_file_type_invalid','No se te permite subir archivos de este tipo.'];\n\t\t\t\t\t\tcontactform.push(innerVal);\n\t\t\t\t\t\tvar innerVal = [9408,'upload_file_too_large','El archivo subido es demasiado grande.'];\n\t\t\t\t\t\tcontactform.push(innerVal);\n\t\t\t\t\t\tvar innerVal = [9408,'upload_failed_php_error','Se ha producido un error al cargar el archivo.'];\n\t\t\t\t\t\tcontactform.push(innerVal);\n\t\t\t\t\t\tvar innerVal = [9408,'invalid_date','Introduce una fecha en formato AAAA-MM-DD.'];\n\t\t\t\t\t\tcontactform.push(innerVal);\n\t\t\t\t\t\tvar innerVal = [9408,'date_too_early','Este campo tiene una fecha demasiado temprana.'];\n\t\t\t\t\t\tcontactform.push(innerVal);\n\t\t\t\t\t\tvar innerVal = [9408,'date_too_late','Este campo tiene una fecha demasiado tard&iacute;a.'];\n\t\t\t\t\t\tcontactform.push(innerVal);\n\t\t\t\t\t\tvar innerVal = [9408,'invalid_number','Por favor, introduce un n&uacute;mero.'];\n\t\t\t\t\t\tcontactform.push(innerVal);\n\t\t\t\t\t\tvar innerVal = [9408,'number_too_small','Este campo tiene un n&uacute;mero demasiado peque&ntilde;o.'];\n\t\t\t\t\t\tcontactform.push(innerVal);\n\t\t\t\t\t\tvar innerVal = [9408,'number_too_large','Este campo tiene un n&uacute;mero demasiado grande.'];\n\t\t\t\t\t\tcontactform.push(innerVal);\n\t\t\t\t\t\tvar innerVal = [9408,'quiz_answer_not_correct','La respuesta al cuestionario es incorrecta.'];\n\t\t\t\t\t\tcontactform.push(innerVal);\n\t\t\t\t\t\tvar innerVal = [9408,'invalid_email','Introduce una direcci&oacute;n de correo electr&oacute;nico.'];\n\t\t\t\t\t\tcontactform.push(innerVal);\n\t\t\t\t\t\tvar innerVal = [9408,'invalid_url','Por favor, introduce una URL.'];\n\t\t\t\t\t\tcontactform.push(innerVal);\n\t\t\t\t\t\tvar innerVal = [9408,'invalid_tel','Introduce un n&uacute;mero de tel&eacute;fono.'];\n\t\t\t\t\t\tcontactform.push(innerVal);\n\t\t\t\t\t\tvar innerVal = [9408,'gdpr',''];\n\t\t\t\t\t\tcontactform.push(innerVal);\n\t\t\t\t\t\t<\/script><div class=\"wpcf7-response-output\" aria-hidden=\"true\"><\/div>\n<\/form>\n<\/div>\n<\/div>\n<\/div>\n<\/div>\n","protected":false},"excerpt":{"rendered":"<p>Amber tones, lush Linteloo bed linens and endless inspiration\u2014 enter the creative domain of Valerie van der Werff, magazine maven, image maker and designer. Bringing to life the dream interiors you\u2019ve admired in print, the space acts as a walk-through vision board. From a vintage Pastoe wall system by Cees Braakman to modern lighting by [&hellip;]<\/p>\n","protected":false},"author":6,"featured_media":13036,"parent":3973,"menu_order":11,"comment_status":"closed","ping_status":"closed","template":"","meta":{"_acf_changed":false,"footnotes":""},"class_list":["post-5023","page","type-page","status-publish","has-post-thumbnail","hentry"],"acf":[],"yoast_head":"<!-- This site is optimized with the Yoast SEO plugin v27.3 - https:\/\/yoast.com\/product\/yoast-seo-wordpress\/ -->\n<title>Suite Valerie van der Werff en \u00c1msterdam | De L&#039;Europe<\/title>\n<meta name=\"description\" content=\"Rel\u00e1jate en la Suite Valerie van der Werff de De L&#039;Europe \u00c1msterdam, donde la lujosa estancia se inspira en el arte editorial. Reserva hoy..\" \/>\n<meta name=\"robots\" content=\"index, follow, max-snippet:-1, max-image-preview:large, max-video-preview:-1\" \/>\n<link rel=\"canonical\" href=\"https:\/\/www.deleurope.com\/es\/habitaciones-y-suites\/valerie-van-der-werff-suite\/\" \/>\n<meta property=\"og:locale\" content=\"es_ES\" \/>\n<meta property=\"og:type\" content=\"article\" \/>\n<meta property=\"og:title\" content=\"Suite Valerie van der Werff en \u00c1msterdam | De L&#039;Europe\" \/>\n<meta property=\"og:description\" content=\"Rel\u00e1jate en la Suite Valerie van der Werff de De L&#039;Europe \u00c1msterdam, donde la lujosa estancia se inspira en el arte editorial. Reserva hoy..\" \/>\n<meta property=\"og:url\" content=\"https:\/\/www.deleurope.com\/es\/habitaciones-y-suites\/valerie-van-der-werff-suite\/\" \/>\n<meta property=\"og:site_name\" content=\"De L&#039;Europe Amsterdam\" \/>\n<meta property=\"article:modified_time\" content=\"2026-04-24T12:52:54+00:00\" \/>\n<meta property=\"og:image\" content=\"https:\/\/www.deleurope.com\/wp-content\/uploads\/2026\/04\/Ontwerp-zonder-titel-6.jpg\" \/>\n\t<meta property=\"og:image:width\" content=\"1024\" \/>\n\t<meta property=\"og:image:height\" content=\"384\" \/>\n\t<meta property=\"og:image:type\" content=\"image\/jpeg\" \/>\n<meta name=\"twitter:card\" content=\"summary_large_image\" \/>\n<meta name=\"twitter:label1\" content=\"Tiempo de lectura\" \/>\n\t<meta name=\"twitter:data1\" content=\"3 minutos\" \/>\n<script type=\"application\/ld+json\" class=\"yoast-schema-graph\">{\"@context\":\"https:\\\/\\\/schema.org\",\"@graph\":[{\"@type\":\"WebPage\",\"@id\":\"https:\\\/\\\/www.deleurope.com\\\/es\\\/habitaciones-y-suites\\\/valerie-van-der-werff-suite\\\/\",\"url\":\"https:\\\/\\\/www.deleurope.com\\\/es\\\/habitaciones-y-suites\\\/valerie-van-der-werff-suite\\\/\",\"name\":\"Suite Valerie van der Werff en \u00c1msterdam | De L'Europe\",\"isPartOf\":{\"@id\":\"https:\\\/\\\/www.deleurope.com\\\/es\\\/#website\"},\"primaryImageOfPage\":{\"@id\":\"https:\\\/\\\/www.deleurope.com\\\/es\\\/habitaciones-y-suites\\\/valerie-van-der-werff-suite\\\/#primaryimage\"},\"image\":{\"@id\":\"https:\\\/\\\/www.deleurope.com\\\/es\\\/habitaciones-y-suites\\\/valerie-van-der-werff-suite\\\/#primaryimage\"},\"thumbnailUrl\":\"https:\\\/\\\/www.deleurope.com\\\/wp-content\\\/uploads\\\/2026\\\/04\\\/Ontwerp-zonder-titel-6.jpg\",\"datePublished\":\"2024-05-06T13:06:27+00:00\",\"dateModified\":\"2026-04-24T12:52:54+00:00\",\"description\":\"Rel\u00e1jate en la Suite Valerie van der Werff de De L'Europe \u00c1msterdam, donde la lujosa estancia se inspira en el arte editorial. Reserva hoy..\",\"breadcrumb\":{\"@id\":\"https:\\\/\\\/www.deleurope.com\\\/es\\\/habitaciones-y-suites\\\/valerie-van-der-werff-suite\\\/#breadcrumb\"},\"inLanguage\":\"es\",\"potentialAction\":[{\"@type\":\"ReadAction\",\"target\":[\"https:\\\/\\\/www.deleurope.com\\\/es\\\/habitaciones-y-suites\\\/valerie-van-der-werff-suite\\\/\"]}]},{\"@type\":\"ImageObject\",\"inLanguage\":\"es\",\"@id\":\"https:\\\/\\\/www.deleurope.com\\\/es\\\/habitaciones-y-suites\\\/valerie-van-der-werff-suite\\\/#primaryimage\",\"url\":\"https:\\\/\\\/www.deleurope.com\\\/wp-content\\\/uploads\\\/2026\\\/04\\\/Ontwerp-zonder-titel-6.jpg\",\"contentUrl\":\"https:\\\/\\\/www.deleurope.com\\\/wp-content\\\/uploads\\\/2026\\\/04\\\/Ontwerp-zonder-titel-6.jpg\",\"width\":1024,\"height\":384,\"caption\":\"Bed in Valerie van der Werff Suite\"},{\"@type\":\"BreadcrumbList\",\"@id\":\"https:\\\/\\\/www.deleurope.com\\\/es\\\/habitaciones-y-suites\\\/valerie-van-der-werff-suite\\\/#breadcrumb\",\"itemListElement\":[{\"@type\":\"ListItem\",\"position\":1,\"name\":\"Home\",\"item\":\"https:\\\/\\\/www.deleurope.com\\\/es\\\/\"},{\"@type\":\"ListItem\",\"position\":2,\"name\":\"Habitaciones y suites\",\"item\":\"https:\\\/\\\/www.deleurope.com\\\/es\\\/habitaciones-y-suites\\\/\"},{\"@type\":\"ListItem\",\"position\":3,\"name\":\"Valerie Creative Agency Suite\"}]},{\"@type\":\"WebSite\",\"@id\":\"https:\\\/\\\/www.deleurope.com\\\/es\\\/#website\",\"url\":\"https:\\\/\\\/www.deleurope.com\\\/es\\\/\",\"name\":\"De L&#039;Europe Amsterdam\",\"description\":\"Home of original Amsterdam luxury.\",\"potentialAction\":[{\"@type\":\"SearchAction\",\"target\":{\"@type\":\"EntryPoint\",\"urlTemplate\":\"https:\\\/\\\/www.deleurope.com\\\/es\\\/?s={search_term_string}\"},\"query-input\":{\"@type\":\"PropertyValueSpecification\",\"valueRequired\":true,\"valueName\":\"search_term_string\"}}],\"inLanguage\":\"es\"}]}<\/script>\n<!-- \/ Yoast SEO plugin. -->","yoast_head_json":{"title":"Suite Valerie van der Werff en \u00c1msterdam | De L'Europe","description":"Rel\u00e1jate en la Suite Valerie van der Werff de De L'Europe \u00c1msterdam, donde la lujosa estancia se inspira en el arte editorial. Reserva hoy..","robots":{"index":"index","follow":"follow","max-snippet":"max-snippet:-1","max-image-preview":"max-image-preview:large","max-video-preview":"max-video-preview:-1"},"canonical":"https:\/\/www.deleurope.com\/es\/habitaciones-y-suites\/valerie-van-der-werff-suite\/","og_locale":"es_ES","og_type":"article","og_title":"Suite Valerie van der Werff en \u00c1msterdam | De L'Europe","og_description":"Rel\u00e1jate en la Suite Valerie van der Werff de De L'Europe \u00c1msterdam, donde la lujosa estancia se inspira en el arte editorial. Reserva hoy..","og_url":"https:\/\/www.deleurope.com\/es\/habitaciones-y-suites\/valerie-van-der-werff-suite\/","og_site_name":"De L&#039;Europe Amsterdam","article_modified_time":"2026-04-24T12:52:54+00:00","og_image":[{"width":1024,"height":384,"url":"https:\/\/www.deleurope.com\/wp-content\/uploads\/2026\/04\/Ontwerp-zonder-titel-6.jpg","type":"image\/jpeg"}],"twitter_card":"summary_large_image","twitter_misc":{"Tiempo de lectura":"3 minutos"},"schema":{"@context":"https:\/\/schema.org","@graph":[{"@type":"WebPage","@id":"https:\/\/www.deleurope.com\/es\/habitaciones-y-suites\/valerie-van-der-werff-suite\/","url":"https:\/\/www.deleurope.com\/es\/habitaciones-y-suites\/valerie-van-der-werff-suite\/","name":"Suite Valerie van der Werff en \u00c1msterdam | De L'Europe","isPartOf":{"@id":"https:\/\/www.deleurope.com\/es\/#website"},"primaryImageOfPage":{"@id":"https:\/\/www.deleurope.com\/es\/habitaciones-y-suites\/valerie-van-der-werff-suite\/#primaryimage"},"image":{"@id":"https:\/\/www.deleurope.com\/es\/habitaciones-y-suites\/valerie-van-der-werff-suite\/#primaryimage"},"thumbnailUrl":"https:\/\/www.deleurope.com\/wp-content\/uploads\/2026\/04\/Ontwerp-zonder-titel-6.jpg","datePublished":"2024-05-06T13:06:27+00:00","dateModified":"2026-04-24T12:52:54+00:00","description":"Rel\u00e1jate en la Suite Valerie van der Werff de De L'Europe \u00c1msterdam, donde la lujosa estancia se inspira en el arte editorial. Reserva hoy..","breadcrumb":{"@id":"https:\/\/www.deleurope.com\/es\/habitaciones-y-suites\/valerie-van-der-werff-suite\/#breadcrumb"},"inLanguage":"es","potentialAction":[{"@type":"ReadAction","target":["https:\/\/www.deleurope.com\/es\/habitaciones-y-suites\/valerie-van-der-werff-suite\/"]}]},{"@type":"ImageObject","inLanguage":"es","@id":"https:\/\/www.deleurope.com\/es\/habitaciones-y-suites\/valerie-van-der-werff-suite\/#primaryimage","url":"https:\/\/www.deleurope.com\/wp-content\/uploads\/2026\/04\/Ontwerp-zonder-titel-6.jpg","contentUrl":"https:\/\/www.deleurope.com\/wp-content\/uploads\/2026\/04\/Ontwerp-zonder-titel-6.jpg","width":1024,"height":384,"caption":"Bed in Valerie van der Werff Suite"},{"@type":"BreadcrumbList","@id":"https:\/\/www.deleurope.com\/es\/habitaciones-y-suites\/valerie-van-der-werff-suite\/#breadcrumb","itemListElement":[{"@type":"ListItem","position":1,"name":"Home","item":"https:\/\/www.deleurope.com\/es\/"},{"@type":"ListItem","position":2,"name":"Habitaciones y suites","item":"https:\/\/www.deleurope.com\/es\/habitaciones-y-suites\/"},{"@type":"ListItem","position":3,"name":"Valerie Creative Agency Suite"}]},{"@type":"WebSite","@id":"https:\/\/www.deleurope.com\/es\/#website","url":"https:\/\/www.deleurope.com\/es\/","name":"De L&#039;Europe Amsterdam","description":"Home of original Amsterdam luxury.","potentialAction":[{"@type":"SearchAction","target":{"@type":"EntryPoint","urlTemplate":"https:\/\/www.deleurope.com\/es\/?s={search_term_string}"},"query-input":{"@type":"PropertyValueSpecification","valueRequired":true,"valueName":"search_term_string"}}],"inLanguage":"es"}]}},"featured_image_src":"https:\/\/www.deleurope.com\/wp-content\/uploads\/2026\/04\/Ontwerp-zonder-titel-6-600x384.jpg","featured_image_src_square":"https:\/\/www.deleurope.com\/wp-content\/uploads\/2026\/04\/Ontwerp-zonder-titel-6-600x384.jpg","_links":{"self":[{"href":"https:\/\/www.deleurope.com\/es\/wp-json\/wp\/v2\/pages\/5023","targetHints":{"allow":["GET"]}}],"collection":[{"href":"https:\/\/www.deleurope.com\/es\/wp-json\/wp\/v2\/pages"}],"about":[{"href":"https:\/\/www.deleurope.com\/es\/wp-json\/wp\/v2\/types\/page"}],"author":[{"embeddable":true,"href":"https:\/\/www.deleurope.com\/es\/wp-json\/wp\/v2\/users\/6"}],"replies":[{"embeddable":true,"href":"https:\/\/www.deleurope.com\/es\/wp-json\/wp\/v2\/comments?post=5023"}],"version-history":[{"count":2,"href":"https:\/\/www.deleurope.com\/es\/wp-json\/wp\/v2\/pages\/5023\/revisions"}],"predecessor-version":[{"id":13065,"href":"https:\/\/www.deleurope.com\/es\/wp-json\/wp\/v2\/pages\/5023\/revisions\/13065"}],"up":[{"embeddable":true,"href":"https:\/\/www.deleurope.com\/es\/wp-json\/wp\/v2\/pages\/3973"}],"wp:featuredmedia":[{"embeddable":true,"href":"https:\/\/www.deleurope.com\/es\/wp-json\/wp\/v2\/media\/13036"}],"wp:attachment":[{"href":"https:\/\/www.deleurope.com\/es\/wp-json\/wp\/v2\/media?parent=5023"}],"curies":[{"name":"wp","href":"https:\/\/api.w.org\/{rel}","templated":true}]}}