{"id":8771,"date":"2025-03-25T12:24:08","date_gmt":"2025-03-25T12:24:08","guid":{"rendered":"https:\/\/www.deleurope.com\/ofertas-y-paquetes\/estancia-con-20-de-descuento\/"},"modified":"2026-02-27T13:06:14","modified_gmt":"2026-02-27T13:06:14","slug":"estancia-con-20-de-descuento","status":"publish","type":"page","link":"https:\/\/www.deleurope.com\/es\/ofertas-y-paquetes\/estancia-con-20-de-descuento\/","title":{"rendered":"3 noches en \u00c1msterdam"},"content":{"rendered":"\n<div class=\"wp-block-columns margin-bottom-none is-layout-flex wp-container-core-columns-is-layout-9d6595d7 wp-block-columns-is-layout-flex\">\n<div class=\"wp-block-column two-texts-intro with-cta is-layout-flow wp-block-column-is-layout-flow\">\n<h2 class=\"wp-block-heading has-text-align-center rooms-description-white-box two-texts-bigger header-bigger with-cta has-extra-large-font-size\">Una escapada de lujo<\/h2>\n\n\n\n<p class=\"has-text-align-center two-texts-smaller\">Vive \u00c1msterdam en su versi\u00f3n m\u00e1s refinada con una estancia de tres noches en De L&#8217;Europe \u00c1msterdam, donde el patrimonio, la alta cocina y el servicio a medida se dan cita junto al r\u00edo Amstel.<\/p>\n\n\n\n<p class=\"has-text-align-center two-texts-smaller\">Tres noches no es simplemente una escapada prolongada a la ciudad. Es una invitaci\u00f3n a instalarse, a explorar m\u00e1s all\u00e1 de lo obvio y a experimentar \u00c1msterdam a trav\u00e9s de una lente de lujo tranquilo. <\/p>\n\n\n\n<div class=\"wp-block-buttons is-content-justification-center is-layout-flex wp-container-core-buttons-is-layout-16018d1d wp-block-buttons-is-layout-flex\">\n<div class=\"wp-block-button is-style-outline book-now is-style-outline--1\"><a class=\"wp-block-button__link has-central-palette-7-color has-central-palette-1-background-color has-text-color has-background has-text-align-center wp-element-button\" href=\"\/3-nights-amsterdam\/#\/booking\/step-1\" style=\"border-radius:0px;text-transform:uppercase\">RESERVA TU ESTANCIA<\/a><\/div>\n<\/div>\n<\/div>\n<\/div>\n\n<div class=\"wp-block-columns text-on-left wrap-2-columns eat-and-drink-cards top-border is-layout-flex wp-container-core-columns-is-layout-9d6595d7 wp-block-columns-is-layout-flex\" id=\"Three-nights-amsterdam\">\n<div class=\"wp-block-column is-vertically-aligned-center middle-align is-layout-flow wp-block-column-is-layout-flow\" style=\"flex-basis:50%\">\n<h2 class=\"wp-block-heading has-text-align-center has-extra-large-font-size\" style=\"text-transform:capitalize\">Una ciudad que recompensa el tiempo<\/h2>\n\n\n\n<div class=\"wp-block-group\"><div class=\"wp-block-group__inner-container is-layout-constrained wp-block-group-is-layout-constrained\">\n<p class=\"has-text-align-center\">\u00c1msterdam se revela poco a poco. El ritmo de los canales, la intimidad de sus museos y el car\u00e1cter de sus calles hist\u00f3ricas se aprecian mejor cuando se dispone de tiempo para deambular sin agendas. <\/p>\n\n\n\n<p class=\"has-text-align-center\">Desde la c\u00e9ntrica posici\u00f3n del hotel, los lugares de inter\u00e9s cultural de la ciudad est\u00e1n al alcance de la mano. Las obras maestras del Rijksmuseum y el brillo expresivo que alberga el Museo Van Gogh ofrecen encuentros profundos.   <br\/><br\/>Nuestro conserje organiza gu\u00edas privados y acceso prioritario, garantizando que cada visita sea personal y no multitudinaria.<\/p>\n\n\n\n<div class=\"wp-block-buttons is-horizontal is-content-justification-center is-layout-flex wp-container-core-buttons-is-layout-499968f5 wp-block-buttons-is-layout-flex\">\n<div class=\"wp-block-button is-style-outline is-style-outline--2\"><a class=\"wp-block-button__link has-central-palette-1-color has-text-color has-text-align-center wp-element-button\" href=\"\/3-nights-amsterdam\/#\/booking\/step-1\" style=\"border-radius:0px;text-transform:uppercase\">RESERVA TU ESTANCIA<\/a><\/div>\n<\/div>\n<\/div><\/div>\n<\/div>\n\n\n\n<div class=\"wp-block-column slider-wrap padding-left-md is-layout-flow wp-block-column-is-layout-flow\" style=\"flex-basis:50%\">\n<figure class=\"wp-block-image size-full\"><img loading=\"lazy\" decoding=\"async\" width=\"700\" height=\"500\" src=\"https:\/\/www.deleurope.com\/wp-content\/uploads\/2026\/02\/SEO-PAGE-SPRING.png\" alt=\"\" class=\"wp-image-12533\" style=\"aspect-ratio:4\/3;object-fit:cover\"\/><\/figure>\n<\/div>\n<\/div>\n\n<div class=\"wp-block-columns columns_slider_text wrap-2-columns eat-and-drink-cards is-layout-flex wp-container-core-columns-is-layout-9d6595d7 wp-block-columns-is-layout-flex\" id=\"tulip-season-amsterdam\">\n<div class=\"wp-block-column slider-wrap is-layout-flow wp-block-column-is-layout-flow\" style=\"flex-basis:50%\">\n<figure class=\"wp-block-image size-full\"><img loading=\"lazy\" decoding=\"async\" width=\"700\" height=\"500\" src=\"https:\/\/www.deleurope.com\/wp-content\/uploads\/2026\/02\/Ontwerp-zonder-titel.jpg\" alt=\"Picknick de primavera Backet en los campos de tulipanes\" class=\"wp-image-12515\" style=\"aspect-ratio:4\/3;object-fit:cover\"\/><\/figure>\n<\/div>\n\n\n\n<div class=\"wp-block-column is-vertically-aligned-center middle-align is-layout-flow wp-block-column-is-layout-flow\" style=\"flex-basis:50%\">\n<h2 class=\"wp-block-heading has-text-align-center has-extra-large-font-size\" style=\"text-transform:none\">Temporada de tulipanes<\/h2>\n\n\n\n<p class=\"has-text-align-center\"><strong>THE NETHERLANDS IN BLOOM<\/strong><\/p>\n\n\n\n<div class=\"wp-block-group\"><div class=\"wp-block-group__inner-container is-layout-constrained wp-block-group-is-layout-constrained\">\n<p class=\"has-text-align-center\">La primavera transforma Holanda en un lienzo viviente. Desde finales de marzo hasta mayo, la campi\u00f1a estalla en vibrantes cintas de color a medida que los campos de tulipanes florecen. <\/p>\n\n\n\n<p class=\"has-text-align-center\">Una visita a Keukenhof ofrece una introducci\u00f3n espectacular, pero la verdadera magia se encuentra m\u00e1s all\u00e1 de los senderos principales.  <br\/><br\/>Nuestro conserje organiza viajes privados, organizando traslados con ch\u00f3fer por paisajes rurales donde los molinos de viento punt\u00faan el horizonte y las flores se extienden sin fin por la tierra.<\/p>\n\n\n\n<div class=\"wp-block-buttons is-horizontal is-content-justification-center is-layout-flex wp-container-core-buttons-is-layout-499968f5 wp-block-buttons-is-layout-flex\">\n<div class=\"wp-block-button is-style-outline is-style-outline--3\"><a class=\"wp-block-button__link has-central-palette-1-color has-text-color has-text-align-center wp-element-button\" href=\"\/3-nights-amsterdam\/#\/booking\/step-1\" style=\"border-radius:0px;text-transform:uppercase\">VER DISPONIBILIDAD<\/a><\/div>\n<\/div>\n<\/div><\/div>\n<\/div>\n<\/div>\n\n<div class=\"wp-block-columns text-on-left wrap-2-columns eat-and-drink-cards is-layout-flex wp-container-core-columns-is-layout-9d6595d7 wp-block-columns-is-layout-flex\" id=\"bespoke-concierge-service\">\n<div class=\"wp-block-column is-vertically-aligned-center middle-align is-layout-flow wp-block-column-is-layout-flow\" style=\"flex-basis:50%\">\n<h2 class=\"wp-block-heading has-text-align-center has-extra-large-font-size\" style=\"text-transform:capitalize\">Servicio de conserjer\u00eda a medida<\/h2>\n\n\n\n<div class=\"wp-block-group\"><div class=\"wp-block-group__inner-container is-layout-constrained wp-block-group-is-layout-constrained\">\n<p class=\"has-text-align-center\">En De L&#8217;Europe, nuestro equipo de conserjes Clefs d&#8217;Or da forma a cada escapada de tres noches con precisi\u00f3n y creatividad: las visitas a museos y excursiones se convierten en encuentros privados, las reservas en restaurantes se convierten en viajes culinarios y las excursiones de compras se desarrollan a puerta cerrada.  <\/p>\n\n\n\n<p class=\"has-text-align-center\">Las ocasiones especiales se elevan con gestos sutiles e inolvidables.<\/p>\n<\/div><\/div>\n<\/div>\n\n\n\n<div class=\"wp-block-column slider-wrap padding-left-md is-layout-flow wp-block-column-is-layout-flow\" style=\"flex-basis:50%\">\n<figure class=\"wp-block-image size-full\"><img loading=\"lazy\" decoding=\"async\" width=\"1500\" height=\"1943\" src=\"https:\/\/www.deleurope.com\/wp-content\/uploads\/2024\/05\/gloobles-10.jpg\" alt=\"Detalle de un mapa expuesto en la pared de la Suite Gloobles de De L'Europe &#xC1;msterdam, que destaca la geograf&#xED;a local y la integraci&#xF3;n del dise&#xF1;o.\" class=\"wp-image-4385\" style=\"aspect-ratio:4\/3;object-fit:cover\" srcset=\"https:\/\/www.deleurope.com\/wp-content\/uploads\/2024\/05\/gloobles-10.jpg 1500w, https:\/\/www.deleurope.com\/wp-content\/uploads\/2024\/05\/gloobles-10-768x995.jpg 768w, https:\/\/www.deleurope.com\/wp-content\/uploads\/2024\/05\/gloobles-10-1186x1536.jpg 1186w\" sizes=\"auto, (max-width: 1500px) 100vw, 1500px\" \/><\/figure>\n<\/div>\n<\/div>\n\n<div class=\"wp-block-columns columns_slider_text wrap-2-columns eat-and-drink-cards is-layout-flex wp-container-core-columns-is-layout-9d6595d7 wp-block-columns-is-layout-flex\" id=\"restaurants\">\n<div class=\"wp-block-column slider-wrap is-layout-flow wp-block-column-is-layout-flow\" style=\"flex-basis:50%\">\n<div class=\"wp-block-carousel-slider-slider\"><div class=\"carousel-slider-outer carousel-slider-outer-image-carousel carousel-slider-outer-281\" style=\"--carousel-slider-nav-color:#f1f1f1;--carousel-slider-active-nav-color:#00d1b2;--carousel-slider-arrow-size:48px;--carousel-slider-bullet-size:10px\">\n<div id=\"&#039;id-281\" class=\"carousel-slider carousel-slider-281 arrows-visibility-always dots-visibility-never arrows-outside dots-center dots-circle owl-carousel\" data-slide-type=\"image-carousel\" data-owl-settings='{\"nav\":true,\"dots\":false,\"slideBy\":1,\"stagePadding\":0,\"margin\":10,\"loop\":false,\"lazyLoad\":true,\"autoplay\":false,\"autoplayTimeout\":5000,\"autoplaySpeed\":500,\"autoplayHoverPause\":false,\"autoWidth\":false,\"items\":1}'>\n<div class=\"carousel-slider__item\">\n\t<img class=\"owl-lazy\" data-src=\"https:\/\/www.deleurope.com\/wp-content\/uploads\/2023\/09\/Flore-Restaurant-1-800x566.png\" alt=\"Overview of Restaurant Flore\u2019s interior, highlighting the refined decor, intimate table settings, and warm ambiance, with the restaurant\u2019s logo as overlay\"><\/a><\/div>\n\n<div class=\"carousel-slider__item\">\n\t<img class=\"owl-lazy\" data-src=\"https:\/\/www.deleurope.com\/wp-content\/uploads\/2024\/02\/marie-brasserie-sur-leau-800x600.webp\" alt=\"marie\"><\/a><\/div>\n\n<div class=\"carousel-slider__item\">\n\t<img class=\"owl-lazy\" data-src=\"https:\/\/www.deleurope.com\/wp-content\/uploads\/2024\/02\/fredys-bar-800x600.webp\" alt=\"freddy\"><\/a><\/div>\n\n<div class=\"carousel-slider__item\">\n\t<img class=\"owl-lazy\" data-src=\"https:\/\/www.deleurope.com\/wp-content\/uploads\/2024\/02\/graziella-trattoria-800x600.webp\" alt=\"trattoria graziella\"><\/a><\/div>\n\n<div class=\"carousel-slider__item\">\n\t<img class=\"owl-lazy\" data-src=\"https:\/\/www.deleurope.com\/wp-content\/uploads\/2025\/01\/Chapter1896-800x640.png\" alt=\"Chapter 1896 Bar interior featuring stylish design and ambiance, with the bar\u2019s logo overlaid on the image.\"><\/a><\/div>\n\n<div class=\"carousel-slider__item\">\n\t<img class=\"owl-lazy\" data-src=\"https:\/\/www.deleurope.com\/wp-content\/uploads\/2023\/09\/De-LEurope-Amsterdam-High-Tea.png\" alt=\"De L&#039;Europe - Amsterdam High Tea - Selection of Sweets\"><\/a><\/div>\n\n<\/div><!-- .carousel-slider-281 -->\n<\/div><!-- .carousel-slider-outer-281 -->\n<\/div>\n<\/div>\n\n\n\n<div class=\"wp-block-column is-vertically-aligned-center middle-align is-layout-flow wp-block-column-is-layout-flow\" style=\"flex-basis:50%\">\n<h2 class=\"wp-block-heading has-text-align-center has-extra-large-font-size\" style=\"text-transform:none\">Restaurantes<\/h2>\n\n\n\n<div class=\"wp-block-group\"><div class=\"wp-block-group__inner-container is-layout-constrained wp-block-group-is-layout-constrained\">\n<p class=\"has-text-align-center\">A lo largo del a\u00f1o, nuestros restaurantes reflejan los cambios de estaci\u00f3n tanto en el ambiente como en el sabor.  <\/p>\n\n\n\n<p class=\"has-text-align-center\">En el Restaurante Flore, los men\u00fas evolucionan al ritmo de la naturaleza, resaltando los ingredientes en su punto \u00e1lgido y traduci\u00e9ndolos en expresiones refinadas y contempor\u00e1neas.  <\/p>\n\n\n\n<p class=\"has-text-align-center\">Junto al Amstel, la Brasserie Marie abraza la estaci\u00f3n con elegantes platos cl\u00e1sicos de inspiraci\u00f3n francesa que pasan de ser ligeros y vibrantes en los meses m\u00e1s c\u00e1lidos a ricos y reconfortantes a medida que el a\u00f1o se adentra. Para los hu\u00e9spedes que se alojan tres noches, esta progresi\u00f3n estacional se convierte en parte del viaje: cada noche ofrece un sabor diferente de \u00c1msterdam en ese momento concreto. <\/p>\n\n\n\n<div class=\"wp-block-buttons is-horizontal is-content-justification-center is-layout-flex wp-container-core-buttons-is-layout-499968f5 wp-block-buttons-is-layout-flex\">\n<div class=\"wp-block-button is-style-outline is-style-outline--4\"><a class=\"wp-block-button__link has-central-palette-1-color has-text-color has-text-align-center wp-element-button\" href=\"https:\/\/www.deleurope.com\/es\/comer-y-beber\/\" style=\"border-radius:0px;text-transform:uppercase\">EXPLORA LOS RESTAURANTES<\/a><\/div>\n<\/div>\n<\/div><\/div>\n<\/div>\n<\/div>\n\n<div class=\"wp-block-columns text-on-left wrap-2-columns eat-and-drink-cards is-layout-flex wp-container-core-columns-is-layout-9d6595d7 wp-block-columns-is-layout-flex\" id=\"Amsterdam-three-night-stay\">\n<div class=\"wp-block-column is-vertically-aligned-center middle-align is-layout-flow wp-block-column-is-layout-flow\" style=\"flex-basis:50%\">\n<h2 class=\"wp-block-heading has-text-align-center has-extra-large-font-size\" style=\"text-transform:capitalize\">Amsterdam: una estancia de tres noches<\/h2>\n\n\n\n<div class=\"wp-block-group\"><div class=\"wp-block-group__inner-container is-layout-constrained wp-block-group-is-layout-constrained\">\n<p class=\"has-text-align-center\">\u00c1msterdam tiene su propia cadencia. El primer d\u00eda invita al descubrimiento, el segundo lo profundiza y, al tercero, la ciudad te resulta familiar, casi personal. <\/p>\n\n\n\n<p class=\"has-text-align-center\">Una estancia de tres noches crea un ritmo natural: cultura equilibrada con relajaci\u00f3n, exploraci\u00f3n combinada con indulgencia. Es tiempo suficiente para experimentar los iconos y dejar espacio para lo inesperado. <\/p>\n\n\n\n<div class=\"wp-block-buttons is-horizontal is-content-justification-center is-layout-flex wp-container-core-buttons-is-layout-499968f5 wp-block-buttons-is-layout-flex\">\n<div class=\"wp-block-button is-style-outline is-style-outline--5\"><a class=\"wp-block-button__link has-central-palette-1-color has-text-color has-text-align-center wp-element-button\" href=\"https:\/\/www.deleurope.com\/es\/habitaciones-y-suites\/\" style=\"border-radius:0px;text-transform:uppercase\">HABITACIONES Y SUITES<\/a><\/div>\n<\/div>\n<\/div><\/div>\n<\/div>\n\n\n\n<div class=\"wp-block-column slider-wrap padding-left-md is-layout-flow wp-block-column-is-layout-flow\" style=\"flex-basis:50%\">\n<figure class=\"wp-block-image size-full\"><img loading=\"lazy\" decoding=\"async\" width=\"1500\" height=\"1500\" src=\"https:\/\/www.deleurope.com\/wp-content\/uploads\/2024\/08\/Prestige-Suite.png\" alt=\"Cama situada cerca de las puertas del balc&#xF3;n que ofrecen una vista despejada de la Torre Munt.\" class=\"wp-image-5686\" style=\"aspect-ratio:4\/3;object-fit:cover\" srcset=\"https:\/\/www.deleurope.com\/wp-content\/uploads\/2024\/08\/Prestige-Suite.png 1500w, https:\/\/www.deleurope.com\/wp-content\/uploads\/2024\/08\/Prestige-Suite-150x150.png 150w, https:\/\/www.deleurope.com\/wp-content\/uploads\/2024\/08\/Prestige-Suite-768x768.png 768w, https:\/\/www.deleurope.com\/wp-content\/uploads\/2024\/08\/Prestige-Suite-600x600.png 600w\" sizes=\"auto, (max-width: 1500px) 100vw, 1500px\" \/><\/figure>\n<\/div>\n<\/div>\n\n<div class=\"wp-block-columns special-request contact-form is-layout-flex wp-container-core-columns-is-layout-9d6595d7 wp-block-columns-is-layout-flex\" id=\"enquire\">\n<div class=\"wp-block-column has-central-palette-11-background-color has-background is-layout-flow wp-block-column-is-layout-flow\">\n<h2 class=\"wp-block-heading has-text-align-center has-extra-large-font-size\">Consulte<\/h2>\n\n\n\n<p class=\"has-text-align-center\">Deja que nuestro equipo se encargue de todos los detalles de tu visita, dise\u00f1ando una experiencia en \u00c1msterdam fluida y profundamente personal, hecha totalmente a tu medida.<\/p>\n\n\n\n<div class=\"wp-block-contact-form-7-contact-form-selector\">\n<div class=\"wpcf7 no-js\" id=\"wpcf7-f9408-o1\" lang=\"es-ES\" dir=\"ltr\" data-wpcf7-id=\"9408\">\n<div class=\"screen-reader-response\"><p role=\"status\" aria-live=\"polite\" aria-atomic=\"true\"><\/p> <ul><\/ul><\/div>\n<form action=\"\/es\/wp-json\/wp\/v2\/pages\/8771#wpcf7-f9408-o1\" method=\"post\" class=\"wpcf7-form init\" aria-label=\"Formulario de contacto\" novalidate=\"novalidate\" data-status=\"init\">\n<fieldset class=\"hidden-fields-container\"><input type=\"hidden\" name=\"_wpcf7\" value=\"9408\" \/><input type=\"hidden\" name=\"_wpcf7_version\" value=\"6.1.5\" \/><input type=\"hidden\" name=\"_wpcf7_locale\" value=\"es_ES\" \/><input type=\"hidden\" name=\"_wpcf7_unit_tag\" value=\"wpcf7-f9408-o1\" \/><input type=\"hidden\" name=\"_wpcf7_container_post\" value=\"0\" \/><input type=\"hidden\" name=\"_wpcf7_posted_data_hash\" value=\"\" \/>\n<\/fieldset>\n<p><span class=\"wpcf7-form-control-wrap\" data-name=\"firstname\"><input size=\"40\" maxlength=\"400\" class=\"wpcf7-form-control wpcf7-text wpcf7-validates-as-required half\" aria-required=\"true\" aria-invalid=\"false\" placeholder=\"Nombre*\" value=\"\" type=\"text\" name=\"firstname\" \/><\/span><br \/>\n<span class=\"wpcf7-form-control-wrap\" data-name=\"lastname\"><input size=\"40\" maxlength=\"400\" class=\"wpcf7-form-control wpcf7-text wpcf7-validates-as-required half\" aria-required=\"true\" aria-invalid=\"false\" placeholder=\"Apellido*\" value=\"\" type=\"text\" name=\"lastname\" \/><\/span><br \/>\n<span class=\"wpcf7-form-control-wrap\" data-name=\"email\"><input size=\"40\" maxlength=\"400\" class=\"wpcf7-form-control wpcf7-email wpcf7-validates-as-required wpcf7-text wpcf7-validates-as-email half\" aria-required=\"true\" aria-invalid=\"false\" placeholder=\"Email*\" value=\"\" type=\"email\" name=\"email\" \/><\/span><br \/>\n<span class=\"wpcf7-form-control-wrap\" data-name=\"telephone\"><input size=\"40\" maxlength=\"400\" class=\"wpcf7-form-control wpcf7-tel wpcf7-validates-as-required wpcf7-text wpcf7-validates-as-tel half\" aria-required=\"true\" aria-invalid=\"false\" placeholder=\"Tel\u00e9fono*\" value=\"\" type=\"tel\" name=\"telephone\" \/><\/span><br \/>\n<span class=\"wpcf7-form-control-wrap\" data-name=\"country\"><input size=\"40\" maxlength=\"400\" class=\"wpcf7-form-control wpcf7-text half\" aria-invalid=\"false\" placeholder=\"Pa\u00eds\" value=\"\" type=\"text\" name=\"country\" \/><\/span><br \/>\n<span class=\"wpcf7-form-control-wrap\" data-name=\"hearfromus\"><select class=\"wpcf7-form-control wpcf7-select wpcf7-validates-as-required half\" aria-required=\"true\" aria-invalid=\"false\" name=\"hearfromus\"><option value=\"\u00bfNaturaleza de la consulta?*\">\u00bfNaturaleza de la consulta?*<\/option><option value=\"Reservas\">Reservas<\/option><option value=\"Informaci\u00f3n\">Informaci\u00f3n<\/option><option value=\"Conserjer\u00eda\">Conserjer\u00eda<\/option><option value=\"Spa y Bienestar\">Spa y Bienestar<\/option><option value=\"Concept Store IN-HUYS\">Concept Store IN-HUYS<\/option><option value=\"Otros\">Otros<\/option><\/select><\/span><br \/>\n<span class=\"wpcf7-form-control-wrap\" data-name=\"textarea-723\"><textarea cols=\"40\" rows=\"10\" maxlength=\"2000\" class=\"wpcf7-form-control wpcf7-textarea full\" aria-invalid=\"false\" placeholder=\"Mensaje\" name=\"textarea-723\"><\/textarea><\/span>\n<\/p>\n<p class=\"privacy-contact\">Este sitio est\u00e1 protegido por reCAPTCHA y se aplican la <a href=\"\/privacy-policy-2\/\">POL\u00cdTICA DE PRIVACIDAD<\/a> y los <a href=\"\/terms-conditions\/\">T\u00c9RMINOS DE SERVICIO<\/a> de Google.\n<\/p>\n<p><br \/>\n<input class=\"wpcf7-form-control wpcf7-submit has-spinner\" type=\"submit\" value=\"Enviar consulta\" \/>\n<\/p><noscript>\n\t\t\t<div class=\"wpcf7-response-output wpcf7-spam-blocked\">Your browser does not support JavaScript!. Please enable javascript in your browser in order to get form work properly.<\/div>\n\t<\/noscript><script type='text\/javascript'>\n\n\t\t\t\t\t\tif(contactform === undefined){\n\t\t\t\t\t\t\tvar contactform = [];\n\t\t\t\t\t\t}\n\t\t\t\t\t\tvar innerVal = [9408,'mail_sent_ok','Gracias por tu mensaje. Se ha enviado.'];\n\t\t\t\t\t\tcontactform.push(innerVal);\n\t\t\t\t\t\tvar innerVal = [9408,'mail_sent_ng','Se ha producido un error al intentar enviar tu mensaje. Vuelve a intentarlo m&aacute;s tarde.'];\n\t\t\t\t\t\tcontactform.push(innerVal);\n\t\t\t\t\t\tvar innerVal = [9408,'validation_error','Uno o m&aacute;s campos tienen un error. Por favor, compru&eacute;balo e int&eacute;ntalo de nuevo.'];\n\t\t\t\t\t\tcontactform.push(innerVal);\n\t\t\t\t\t\tvar innerVal = [9408,'spam','Se ha producido un error al intentar enviar tu mensaje. Vuelve a intentarlo m&aacute;s tarde.'];\n\t\t\t\t\t\tcontactform.push(innerVal);\n\t\t\t\t\t\tvar innerVal = [9408,'accept_terms','Debes aceptar los t&eacute;rminos y condiciones antes de enviar tu mensaje.'];\n\t\t\t\t\t\tcontactform.push(innerVal);\n\t\t\t\t\t\tvar innerVal = [9408,'invalid_required','Rellena este campo.'];\n\t\t\t\t\t\tcontactform.push(innerVal);\n\t\t\t\t\t\tvar innerVal = [9408,'invalid_too_long','Este campo tiene una entrada demasiado larga.'];\n\t\t\t\t\t\tcontactform.push(innerVal);\n\t\t\t\t\t\tvar innerVal = [9408,'invalid_too_short','Este campo tiene una entrada demasiado corta.'];\n\t\t\t\t\t\tcontactform.push(innerVal);\n\t\t\t\t\t\tvar innerVal = [9408,'upload_failed','Se ha producido un error desconocido al cargar el archivo.'];\n\t\t\t\t\t\tcontactform.push(innerVal);\n\t\t\t\t\t\tvar innerVal = [9408,'upload_file_type_invalid','No se te permite subir archivos de este tipo.'];\n\t\t\t\t\t\tcontactform.push(innerVal);\n\t\t\t\t\t\tvar innerVal = [9408,'upload_file_too_large','El archivo subido es demasiado grande.'];\n\t\t\t\t\t\tcontactform.push(innerVal);\n\t\t\t\t\t\tvar innerVal = [9408,'upload_failed_php_error','Se ha producido un error al cargar el archivo.'];\n\t\t\t\t\t\tcontactform.push(innerVal);\n\t\t\t\t\t\tvar innerVal = [9408,'invalid_date','Introduce una fecha en formato AAAA-MM-DD.'];\n\t\t\t\t\t\tcontactform.push(innerVal);\n\t\t\t\t\t\tvar innerVal = [9408,'date_too_early','Este campo tiene una fecha demasiado temprana.'];\n\t\t\t\t\t\tcontactform.push(innerVal);\n\t\t\t\t\t\tvar innerVal = [9408,'date_too_late','Este campo tiene una fecha demasiado tard&iacute;a.'];\n\t\t\t\t\t\tcontactform.push(innerVal);\n\t\t\t\t\t\tvar innerVal = [9408,'invalid_number','Por favor, introduce un n&uacute;mero.'];\n\t\t\t\t\t\tcontactform.push(innerVal);\n\t\t\t\t\t\tvar innerVal = [9408,'number_too_small','Este campo tiene un n&uacute;mero demasiado peque&ntilde;o.'];\n\t\t\t\t\t\tcontactform.push(innerVal);\n\t\t\t\t\t\tvar innerVal = [9408,'number_too_large','Este campo tiene un n&uacute;mero demasiado grande.'];\n\t\t\t\t\t\tcontactform.push(innerVal);\n\t\t\t\t\t\tvar innerVal = [9408,'quiz_answer_not_correct','La respuesta al cuestionario es incorrecta.'];\n\t\t\t\t\t\tcontactform.push(innerVal);\n\t\t\t\t\t\tvar innerVal = [9408,'invalid_email','Introduce una direcci&oacute;n de correo electr&oacute;nico.'];\n\t\t\t\t\t\tcontactform.push(innerVal);\n\t\t\t\t\t\tvar innerVal = [9408,'invalid_url','Por favor, introduce una URL.'];\n\t\t\t\t\t\tcontactform.push(innerVal);\n\t\t\t\t\t\tvar innerVal = [9408,'invalid_tel','Introduce un n&uacute;mero de tel&eacute;fono.'];\n\t\t\t\t\t\tcontactform.push(innerVal);\n\t\t\t\t\t\tvar innerVal = [9408,'gdpr',''];\n\t\t\t\t\t\tcontactform.push(innerVal);\n\t\t\t\t\t\t<\/script><div class=\"wpcf7-response-output\" aria-hidden=\"true\"><\/div>\n<\/form>\n<\/div>\n<\/div>\n<\/div>\n<\/div>\n\n<div class=\"wp-block-columns special-request no-margins-mobile is-layout-flex wp-container-core-columns-is-layout-9d6595d7 wp-block-columns-is-layout-flex\" id=\"special\">\n<div class=\"wp-block-column has-central-palette-11-background-color has-background is-layout-flow wp-block-column-is-layout-flow\">\n<p class=\"has-text-align-center\"><strong>CONDICIONES GENERALES<\/strong><\/p>\n\n\n\n<ul class=\"wp-block-list\">\n<li>Las tarifas son flexibles e incluyen el IVA, pero excluyen el impuesto municipal.  <\/li>\n\n\n\n<li>Adem\u00e1s, los hu\u00e9spedes pueden disfrutar de un desayuno continental gratuito para dos personas en la Brasserie Marie.  <\/li>\n\n\n\n<li>Esta oferta est\u00e1 sujeta a disponibilidad y es v\u00e1lida para estancias hasta el 31 de diciembre de 2026.  <\/li>\n\n\n\n<li>Esta oferta no es acumulable y no puede combinarse con otras promociones, descuentos o tarifas especiales. Pueden aplicarse fechas de restricci\u00f3n. <\/li>\n\n\n\n<li>Los servicios adicionales de conserje o mayordomo pueden tener un coste adicional.<\/li>\n<\/ul>\n<\/div>\n<\/div>\n","protected":false},"excerpt":{"rendered":"<p>Una escapada de lujo Vive \u00c1msterdam en su versi\u00f3n m\u00e1s refinada con una estancia de tres noches en De L&#8217;Europe \u00c1msterdam, donde el patrimonio, la alta cocina y el servicio a medida se dan cita junto al r\u00edo Amstel. Tres noches no es simplemente una escapada prolongada a la ciudad. Es una invitaci\u00f3n a instalarse, [&hellip;]<\/p>\n","protected":false},"author":17,"featured_media":3893,"parent":3883,"menu_order":1,"comment_status":"closed","ping_status":"closed","template":"","meta":{"_acf_changed":false,"footnotes":""},"class_list":["post-8771","page","type-page","status-publish","has-post-thumbnail","hentry"],"acf":[],"yoast_head":"<!-- This site is optimized with the Yoast SEO plugin v27.3 - https:\/\/yoast.com\/product\/yoast-seo-wordpress\/ -->\n<title>20% de tu Estancia | De L&#039;Europe Amsterdam | Ofertas y Paquetes<\/title>\n<meta name=\"description\" content=\"Disfruta de un descuento exclusivo del 20% en tu habitaci\u00f3n en De L&#039;Europe Amsterdam. Del\u00e9itate con la mezcla perfecta de lujo en el centro de \u00c1msterdam.\" \/>\n<meta name=\"robots\" content=\"index, follow, max-snippet:-1, max-image-preview:large, max-video-preview:-1\" \/>\n<link rel=\"canonical\" href=\"https:\/\/www.deleurope.com\/es\/ofertas-y-paquetes\/estancia-con-20-de-descuento\/\" \/>\n<meta property=\"og:locale\" content=\"es_ES\" \/>\n<meta property=\"og:type\" content=\"article\" \/>\n<meta property=\"og:title\" content=\"20% de tu Estancia | De L&#039;Europe Amsterdam | Ofertas y Paquetes\" \/>\n<meta property=\"og:description\" content=\"Disfruta de un descuento exclusivo del 20% en tu habitaci\u00f3n en De L&#039;Europe Amsterdam. Del\u00e9itate con la mezcla perfecta de lujo en el centro de \u00c1msterdam.\" \/>\n<meta property=\"og:url\" content=\"https:\/\/www.deleurope.com\/es\/ofertas-y-paquetes\/estancia-con-20-de-descuento\/\" \/>\n<meta property=\"og:site_name\" content=\"De L&#039;Europe Amsterdam\" \/>\n<meta property=\"article:modified_time\" content=\"2026-02-27T13:06:14+00:00\" \/>\n<meta property=\"og:image\" content=\"https:\/\/www.deleurope.com\/wp-content\/uploads\/2024\/02\/KEUKENHOF.webp\" \/>\n\t<meta property=\"og:image:width\" content=\"1000\" \/>\n\t<meta property=\"og:image:height\" content=\"1500\" \/>\n\t<meta property=\"og:image:type\" content=\"image\/webp\" \/>\n<meta name=\"twitter:card\" content=\"summary_large_image\" \/>\n<meta name=\"twitter:label1\" content=\"Tiempo de lectura\" \/>\n\t<meta name=\"twitter:data1\" content=\"3 minutos\" \/>\n<script type=\"application\/ld+json\" class=\"yoast-schema-graph\">{\"@context\":\"https:\\\/\\\/schema.org\",\"@graph\":[{\"@type\":\"WebPage\",\"@id\":\"https:\\\/\\\/www.deleurope.com\\\/es\\\/ofertas-y-paquetes\\\/estancia-con-20-de-descuento\\\/\",\"url\":\"https:\\\/\\\/www.deleurope.com\\\/es\\\/ofertas-y-paquetes\\\/estancia-con-20-de-descuento\\\/\",\"name\":\"20% de tu Estancia | De L'Europe Amsterdam | Ofertas y Paquetes\",\"isPartOf\":{\"@id\":\"https:\\\/\\\/www.deleurope.com\\\/es\\\/#website\"},\"primaryImageOfPage\":{\"@id\":\"https:\\\/\\\/www.deleurope.com\\\/es\\\/ofertas-y-paquetes\\\/estancia-con-20-de-descuento\\\/#primaryimage\"},\"image\":{\"@id\":\"https:\\\/\\\/www.deleurope.com\\\/es\\\/ofertas-y-paquetes\\\/estancia-con-20-de-descuento\\\/#primaryimage\"},\"thumbnailUrl\":\"https:\\\/\\\/www.deleurope.com\\\/wp-content\\\/uploads\\\/2024\\\/02\\\/KEUKENHOF.webp\",\"datePublished\":\"2025-03-25T12:24:08+00:00\",\"dateModified\":\"2026-02-27T13:06:14+00:00\",\"description\":\"Disfruta de un descuento exclusivo del 20% en tu habitaci\u00f3n en De L'Europe Amsterdam. Del\u00e9itate con la mezcla perfecta de lujo en el centro de \u00c1msterdam.\",\"breadcrumb\":{\"@id\":\"https:\\\/\\\/www.deleurope.com\\\/es\\\/ofertas-y-paquetes\\\/estancia-con-20-de-descuento\\\/#breadcrumb\"},\"inLanguage\":\"es\",\"potentialAction\":[{\"@type\":\"ReadAction\",\"target\":[\"https:\\\/\\\/www.deleurope.com\\\/es\\\/ofertas-y-paquetes\\\/estancia-con-20-de-descuento\\\/\"]}]},{\"@type\":\"ImageObject\",\"inLanguage\":\"es\",\"@id\":\"https:\\\/\\\/www.deleurope.com\\\/es\\\/ofertas-y-paquetes\\\/estancia-con-20-de-descuento\\\/#primaryimage\",\"url\":\"https:\\\/\\\/www.deleurope.com\\\/wp-content\\\/uploads\\\/2024\\\/02\\\/KEUKENHOF.webp\",\"contentUrl\":\"https:\\\/\\\/www.deleurope.com\\\/wp-content\\\/uploads\\\/2024\\\/02\\\/KEUKENHOF.webp\",\"width\":1000,\"height\":1500,\"caption\":\"Yellow and White Tulips\"},{\"@type\":\"BreadcrumbList\",\"@id\":\"https:\\\/\\\/www.deleurope.com\\\/es\\\/ofertas-y-paquetes\\\/estancia-con-20-de-descuento\\\/#breadcrumb\",\"itemListElement\":[{\"@type\":\"ListItem\",\"position\":1,\"name\":\"Home\",\"item\":\"https:\\\/\\\/www.deleurope.com\\\/es\\\/\"},{\"@type\":\"ListItem\",\"position\":2,\"name\":\"Ofertas y paquetes\",\"item\":\"https:\\\/\\\/www.deleurope.com\\\/es\\\/ofertas-y-paquetes\\\/\"},{\"@type\":\"ListItem\",\"position\":3,\"name\":\"3 noches en \u00c1msterdam\"}]},{\"@type\":\"WebSite\",\"@id\":\"https:\\\/\\\/www.deleurope.com\\\/es\\\/#website\",\"url\":\"https:\\\/\\\/www.deleurope.com\\\/es\\\/\",\"name\":\"De L&#039;Europe Amsterdam\",\"description\":\"Home of original Amsterdam luxury.\",\"potentialAction\":[{\"@type\":\"SearchAction\",\"target\":{\"@type\":\"EntryPoint\",\"urlTemplate\":\"https:\\\/\\\/www.deleurope.com\\\/es\\\/?s={search_term_string}\"},\"query-input\":{\"@type\":\"PropertyValueSpecification\",\"valueRequired\":true,\"valueName\":\"search_term_string\"}}],\"inLanguage\":\"es\"}]}<\/script>\n<!-- \/ Yoast SEO plugin. -->","yoast_head_json":{"title":"20% de tu Estancia | De L'Europe Amsterdam | Ofertas y Paquetes","description":"Disfruta de un descuento exclusivo del 20% en tu habitaci\u00f3n en De L'Europe Amsterdam. Del\u00e9itate con la mezcla perfecta de lujo en el centro de \u00c1msterdam.","robots":{"index":"index","follow":"follow","max-snippet":"max-snippet:-1","max-image-preview":"max-image-preview:large","max-video-preview":"max-video-preview:-1"},"canonical":"https:\/\/www.deleurope.com\/es\/ofertas-y-paquetes\/estancia-con-20-de-descuento\/","og_locale":"es_ES","og_type":"article","og_title":"20% de tu Estancia | De L'Europe Amsterdam | Ofertas y Paquetes","og_description":"Disfruta de un descuento exclusivo del 20% en tu habitaci\u00f3n en De L'Europe Amsterdam. Del\u00e9itate con la mezcla perfecta de lujo en el centro de \u00c1msterdam.","og_url":"https:\/\/www.deleurope.com\/es\/ofertas-y-paquetes\/estancia-con-20-de-descuento\/","og_site_name":"De L&#039;Europe Amsterdam","article_modified_time":"2026-02-27T13:06:14+00:00","og_image":[{"width":1000,"height":1500,"url":"https:\/\/www.deleurope.com\/wp-content\/uploads\/2024\/02\/KEUKENHOF.webp","type":"image\/webp"}],"twitter_card":"summary_large_image","twitter_misc":{"Tiempo de lectura":"3 minutos"},"schema":{"@context":"https:\/\/schema.org","@graph":[{"@type":"WebPage","@id":"https:\/\/www.deleurope.com\/es\/ofertas-y-paquetes\/estancia-con-20-de-descuento\/","url":"https:\/\/www.deleurope.com\/es\/ofertas-y-paquetes\/estancia-con-20-de-descuento\/","name":"20% de tu Estancia | De L'Europe Amsterdam | Ofertas y Paquetes","isPartOf":{"@id":"https:\/\/www.deleurope.com\/es\/#website"},"primaryImageOfPage":{"@id":"https:\/\/www.deleurope.com\/es\/ofertas-y-paquetes\/estancia-con-20-de-descuento\/#primaryimage"},"image":{"@id":"https:\/\/www.deleurope.com\/es\/ofertas-y-paquetes\/estancia-con-20-de-descuento\/#primaryimage"},"thumbnailUrl":"https:\/\/www.deleurope.com\/wp-content\/uploads\/2024\/02\/KEUKENHOF.webp","datePublished":"2025-03-25T12:24:08+00:00","dateModified":"2026-02-27T13:06:14+00:00","description":"Disfruta de un descuento exclusivo del 20% en tu habitaci\u00f3n en De L'Europe Amsterdam. Del\u00e9itate con la mezcla perfecta de lujo en el centro de \u00c1msterdam.","breadcrumb":{"@id":"https:\/\/www.deleurope.com\/es\/ofertas-y-paquetes\/estancia-con-20-de-descuento\/#breadcrumb"},"inLanguage":"es","potentialAction":[{"@type":"ReadAction","target":["https:\/\/www.deleurope.com\/es\/ofertas-y-paquetes\/estancia-con-20-de-descuento\/"]}]},{"@type":"ImageObject","inLanguage":"es","@id":"https:\/\/www.deleurope.com\/es\/ofertas-y-paquetes\/estancia-con-20-de-descuento\/#primaryimage","url":"https:\/\/www.deleurope.com\/wp-content\/uploads\/2024\/02\/KEUKENHOF.webp","contentUrl":"https:\/\/www.deleurope.com\/wp-content\/uploads\/2024\/02\/KEUKENHOF.webp","width":1000,"height":1500,"caption":"Yellow and White Tulips"},{"@type":"BreadcrumbList","@id":"https:\/\/www.deleurope.com\/es\/ofertas-y-paquetes\/estancia-con-20-de-descuento\/#breadcrumb","itemListElement":[{"@type":"ListItem","position":1,"name":"Home","item":"https:\/\/www.deleurope.com\/es\/"},{"@type":"ListItem","position":2,"name":"Ofertas y paquetes","item":"https:\/\/www.deleurope.com\/es\/ofertas-y-paquetes\/"},{"@type":"ListItem","position":3,"name":"3 noches en \u00c1msterdam"}]},{"@type":"WebSite","@id":"https:\/\/www.deleurope.com\/es\/#website","url":"https:\/\/www.deleurope.com\/es\/","name":"De L&#039;Europe Amsterdam","description":"Home of original Amsterdam luxury.","potentialAction":[{"@type":"SearchAction","target":{"@type":"EntryPoint","urlTemplate":"https:\/\/www.deleurope.com\/es\/?s={search_term_string}"},"query-input":{"@type":"PropertyValueSpecification","valueRequired":true,"valueName":"search_term_string"}}],"inLanguage":"es"}]}},"featured_image_src":"https:\/\/www.deleurope.com\/wp-content\/uploads\/2024\/02\/KEUKENHOF-600x400.webp","featured_image_src_square":"https:\/\/www.deleurope.com\/wp-content\/uploads\/2024\/02\/KEUKENHOF-600x600.webp","_links":{"self":[{"href":"https:\/\/www.deleurope.com\/es\/wp-json\/wp\/v2\/pages\/8771","targetHints":{"allow":["GET"]}}],"collection":[{"href":"https:\/\/www.deleurope.com\/es\/wp-json\/wp\/v2\/pages"}],"about":[{"href":"https:\/\/www.deleurope.com\/es\/wp-json\/wp\/v2\/types\/page"}],"author":[{"embeddable":true,"href":"https:\/\/www.deleurope.com\/es\/wp-json\/wp\/v2\/users\/17"}],"replies":[{"embeddable":true,"href":"https:\/\/www.deleurope.com\/es\/wp-json\/wp\/v2\/comments?post=8771"}],"version-history":[{"count":5,"href":"https:\/\/www.deleurope.com\/es\/wp-json\/wp\/v2\/pages\/8771\/revisions"}],"predecessor-version":[{"id":12566,"href":"https:\/\/www.deleurope.com\/es\/wp-json\/wp\/v2\/pages\/8771\/revisions\/12566"}],"up":[{"embeddable":true,"href":"https:\/\/www.deleurope.com\/es\/wp-json\/wp\/v2\/pages\/3883"}],"wp:featuredmedia":[{"embeddable":true,"href":"https:\/\/www.deleurope.com\/es\/wp-json\/wp\/v2\/media\/3893"}],"wp:attachment":[{"href":"https:\/\/www.deleurope.com\/es\/wp-json\/wp\/v2\/media?parent=8771"}],"curies":[{"name":"wp","href":"https:\/\/api.w.org\/{rel}","templated":true}]}}