{"id":11095,"date":"2024-07-30T10:48:48","date_gmt":"2024-07-30T10:48:48","guid":{"rendered":"https:\/\/www.deleurope.com\/evenements\/des-fetes-de-bebe-reussies\/"},"modified":"2025-12-10T11:24:21","modified_gmt":"2025-12-10T11:24:21","slug":"des-fetes-de-bebe-reussies","status":"publish","type":"page","link":"https:\/\/www.deleurope.com\/fr\/evenements\/des-fetes-de-bebe-reussies\/","title":{"rendered":"Des f\u00eates de b\u00e9b\u00e9 r\u00e9ussies"},"content":{"rendered":"\n<p class=\"has-text-align-center rooms-description-white-box has-large-font-size\">Organisez votre baby shower dans nos \u00e9l\u00e9gants espaces priv\u00e9s, con\u00e7us pour des rassemblements intimes et des moments inoubliables. Que vous c\u00e9l\u00e9briez un nouvel arrivant ou que vous fassiez l&rsquo;\u00e9loge de la parentalit\u00e9, notre \u00e9tablissement offre l&rsquo;ambiance parfaite pour votre journ\u00e9e sp\u00e9ciale. <\/p>\n\n<div class=\"wp-block-columns text-on-left wrap-2-columns eat-and-drink-cards top-border is-layout-flex wp-container-core-columns-is-layout-9d6595d7 wp-block-columns-is-layout-flex\" id=\"graziella\">\n<div class=\"wp-block-column is-vertically-aligned-center middle-align is-layout-flow wp-block-column-is-layout-flow\" style=\"flex-basis:50%\">\n<h2 class=\"wp-block-heading has-text-align-center has-extra-large-font-size\" style=\"text-transform:capitalize\">Ambiance chaleureuse et \u00e9l\u00e9gante<\/h2>\n\n\n\n<div class=\"wp-block-group\"><div class=\"wp-block-group__inner-container is-layout-constrained wp-block-group-is-layout-constrained\">\n<p class=\"has-text-align-center\">Nos espaces d&rsquo;\u00e9v\u00e9nements priv\u00e9s sont con\u00e7us pour offrir une atmosph\u00e8re chaleureuse et accueillante, parfaite pour les f\u00eates de naissance. Avec un d\u00e9cor de bon go\u00fbt, des si\u00e8ges confortables et des possibilit\u00e9s de restauration, nous veillons \u00e0 ce que votre \u00e9v\u00e9nement soit \u00e0 la fois beau et personnel. <\/p>\n\n\n\n<div class=\"wp-block-buttons is-horizontal is-content-justification-center is-layout-flex wp-container-core-buttons-is-layout-499968f5 wp-block-buttons-is-layout-flex\">\n<div class=\"wp-block-button is-style-outline is-style-outline--1\"><a class=\"wp-block-button__link has-central-palette-1-color has-text-color has-text-align-center wp-element-button\" href=\"#enquire\" style=\"border-radius:0px;text-transform:uppercase\">Demandez plus d&rsquo;informations<\/a><\/div>\n<\/div>\n<\/div><\/div>\n<\/div>\n\n\n\n<div class=\"wp-block-column slider-wrap padding-left-md is-layout-flow wp-block-column-is-layout-flow\" style=\"flex-basis:50%\">\n<figure class=\"wp-block-image size-large\"><img loading=\"lazy\" decoding=\"async\" width=\"800\" height=\"600\" src=\"https:\/\/www.deleurope.com\/wp-content\/uploads\/2024\/07\/DLE_THUYS_362-LO-RES-NO-PHOTOSHOP-800x600.jpg\" alt=\"\" class=\"wp-image-5339\" style=\"aspect-ratio:4\/3;object-fit:cover\" srcset=\"https:\/\/www.deleurope.com\/wp-content\/uploads\/2024\/07\/DLE_THUYS_362-LO-RES-NO-PHOTOSHOP-800x600.jpg 800w, https:\/\/www.deleurope.com\/wp-content\/uploads\/2024\/07\/DLE_THUYS_362-LO-RES-NO-PHOTOSHOP-400x300.jpg 400w\" sizes=\"auto, (max-width: 800px) 100vw, 800px\" \/><\/figure>\n<\/div>\n<\/div>\n\n<div class=\"wp-block-columns columns_slider_text wrap-2-columns eat-and-drink-cards is-layout-flex wp-container-core-columns-is-layout-9d6595d7 wp-block-columns-is-layout-flex\" id=\"flore\">\n<div class=\"wp-block-column slider-wrap is-layout-flow wp-block-column-is-layout-flow\" style=\"flex-basis:50%\">\n<figure class=\"wp-block-image size-large\"><img loading=\"lazy\" decoding=\"async\" width=\"800\" height=\"600\" src=\"https:\/\/www.deleurope.com\/wp-content\/uploads\/2024\/07\/DLE_THUYS_354-LO-RES-NO-PHOTOSHOP-800x600.jpg\" alt=\"\" class=\"wp-image-5349\" style=\"aspect-ratio:4\/3;object-fit:cover\" srcset=\"https:\/\/www.deleurope.com\/wp-content\/uploads\/2024\/07\/DLE_THUYS_354-LO-RES-NO-PHOTOSHOP-800x600.jpg 800w, https:\/\/www.deleurope.com\/wp-content\/uploads\/2024\/07\/DLE_THUYS_354-LO-RES-NO-PHOTOSHOP-400x300.jpg 400w\" sizes=\"auto, (max-width: 800px) 100vw, 800px\" \/><\/figure>\n<\/div>\n\n\n\n<div class=\"wp-block-column is-vertically-aligned-center middle-align is-layout-flow wp-block-column-is-layout-flow\" style=\"flex-basis:50%\">\n<h2 class=\"wp-block-heading has-text-align-center has-extra-large-font-size\" style=\"text-transform:capitalize\">Exp\u00e9rience personnalis\u00e9e<\/h2>\n\n\n\n<div class=\"wp-block-group\"><div class=\"wp-block-group__inner-container is-layout-constrained wp-block-group-is-layout-constrained\">\n<p class=\"has-text-align-center\">Notre \u00e9quipe d\u00e9vou\u00e9e est l\u00e0 pour vous aider \u00e0 planifier chaque d\u00e9tail, afin que votre baby shower soit aussi sp\u00e9ciale et m\u00e9morable que l&rsquo;occasion elle-m\u00eame. Laissez-nous vous aider \u00e0 cr\u00e9er une exp\u00e9rience magique qui honore la joie des nouveaux d\u00e9parts. <\/p>\n\n\n\n<div class=\"wp-block-buttons is-horizontal is-content-justification-center is-layout-flex wp-container-core-buttons-is-layout-499968f5 wp-block-buttons-is-layout-flex\">\n<div class=\"wp-block-button is-style-outline is-style-outline--2\"><a class=\"wp-block-button__link has-central-palette-1-color has-text-color has-text-align-center wp-element-button\" href=\"#enquire\" style=\"border-radius:0px;text-transform:uppercase\">Accueillez votre \u00e9v\u00e9nement<\/a><\/div>\n<\/div>\n<\/div><\/div>\n<\/div>\n<\/div>\n\n<div class=\"wp-block-columns special-request contact-form is-layout-flex wp-container-core-columns-is-layout-9d6595d7 wp-block-columns-is-layout-flex\" id=\"enquire\">\n<div class=\"wp-block-column has-central-palette-11-background-color has-background is-layout-flow wp-block-column-is-layout-flow\">\n<h2 class=\"wp-block-heading has-text-align-center has-extra-large-font-size\">Plus d&rsquo;informations<\/h2>\n\n\n\n<p class=\"has-text-align-center\">Avez-vous des pr\u00e9f\u00e9rences particuli\u00e8res ou souhaitez-vous r\u00e9server nos espaces pour votre \u00e9v\u00e9nement ? N&rsquo;h\u00e9sitez pas \u00e0 nous contacter, car nous aimons la cr\u00e9ativit\u00e9 et les solutions sur mesure qui conviennent parfaitement \u00e0 votre \u00e9v\u00e9nement. Nous sommes ravis de pouvoir adapter notre offre \u00e0 vos besoins.<br\/><br\/><\/p>\n\n\n\n<div class=\"wp-block-contact-form-7-contact-form-selector\">\n<div class=\"wpcf7 no-js\" id=\"wpcf7-f11069-o1\" lang=\"fr-FR\" dir=\"ltr\" data-wpcf7-id=\"11069\">\n<div class=\"screen-reader-response\"><p role=\"status\" aria-live=\"polite\" aria-atomic=\"true\"><\/p> <ul><\/ul><\/div>\n<form action=\"\/fr\/wp-json\/wp\/v2\/pages\/11095#wpcf7-f11069-o1\" method=\"post\" class=\"wpcf7-form init\" aria-label=\"Formulaire de contact\" novalidate=\"novalidate\" data-status=\"init\">\n<fieldset class=\"hidden-fields-container\"><input type=\"hidden\" name=\"_wpcf7\" value=\"11069\" \/><input type=\"hidden\" name=\"_wpcf7_version\" value=\"6.1.5\" \/><input type=\"hidden\" name=\"_wpcf7_locale\" value=\"fr_FR\" \/><input type=\"hidden\" name=\"_wpcf7_unit_tag\" value=\"wpcf7-f11069-o1\" \/><input type=\"hidden\" name=\"_wpcf7_container_post\" value=\"0\" \/><input type=\"hidden\" name=\"_wpcf7_posted_data_hash\" value=\"\" \/>\n<\/fieldset>\n<p><span class=\"wpcf7-form-control-wrap\" data-name=\"firstname\"><input size=\"40\" maxlength=\"400\" class=\"wpcf7-form-control wpcf7-text wpcf7-validates-as-required half\" aria-required=\"true\" aria-invalid=\"false\" placeholder=\"Pr\u00e9nom*\" value=\"\" type=\"text\" name=\"firstname\" \/><\/span><br \/>\n<span class=\"wpcf7-form-control-wrap\" data-name=\"lastname\"><input size=\"40\" maxlength=\"400\" class=\"wpcf7-form-control wpcf7-text wpcf7-validates-as-required half\" aria-required=\"true\" aria-invalid=\"false\" placeholder=\"Nom de famille*\" value=\"\" type=\"text\" name=\"lastname\" \/><\/span><br \/>\n<span class=\"wpcf7-form-control-wrap\" data-name=\"email\"><input size=\"40\" maxlength=\"400\" class=\"wpcf7-form-control wpcf7-email wpcf7-validates-as-required wpcf7-text wpcf7-validates-as-email half\" aria-required=\"true\" aria-invalid=\"false\" placeholder=\"Email*\" value=\"\" type=\"email\" name=\"email\" \/><\/span><br \/>\n<span class=\"wpcf7-form-control-wrap\" data-name=\"telephone\"><input size=\"40\" maxlength=\"400\" class=\"wpcf7-form-control wpcf7-tel wpcf7-validates-as-required wpcf7-text wpcf7-validates-as-tel half\" aria-required=\"true\" aria-invalid=\"false\" placeholder=\"T\u00e9l\u00e9phone*\" value=\"\" type=\"tel\" name=\"telephone\" \/><\/span><br \/>\n<span class=\"wpcf7-form-control-wrap\" data-name=\"company\"><input size=\"40\" maxlength=\"400\" class=\"wpcf7-form-control wpcf7-text wpcf7-validates-as-required half\" aria-required=\"true\" aria-invalid=\"false\" placeholder=\"Nom de l&#039;entreprise (optional)\" value=\"\" type=\"text\" name=\"company\" \/><\/span><br \/>\n<span class=\"wpcf7-form-control-wrap\" data-name=\"eventdate\"><input class=\"wpcf7-form-control wpcf7-date wpcf7-validates-as-required wpcf7-validates-as-date half\" aria-required=\"true\" aria-invalid=\"false\" placeholder=\"Date pr\u00e9f\u00e9r\u00e9e de l\u2019\u00e9v\u00e9nement*\" value=\"\" type=\"date\" name=\"eventdate\" \/><\/span><br \/>\n<span class=\"wpcf7-form-control-wrap\" data-name=\"eventtype\"><select class=\"wpcf7-form-control wpcf7-select wpcf7-validates-as-required half\" aria-required=\"true\" aria-invalid=\"false\" name=\"eventtype\"><option value=\"\">Type d\u2019\u00e9v\u00e9nement*<\/option><option value=\"R\u00e9union\">R\u00e9union<\/option><option value=\"Conf\u00e9rence\">Conf\u00e9rence<\/option><option value=\"R\u00e9union du conseil\">R\u00e9union du conseil<\/option><option value=\"D\u00e9jeuner\/d\u00eener priv\u00e9\">D\u00e9jeuner\/d\u00eener priv\u00e9<\/option><option value=\"R\u00e9ception\">R\u00e9ception<\/option><option value=\"\u00c9v\u00e9nement social\">\u00c9v\u00e9nement social<\/option><option value=\"Autre\">Autre<\/option><\/select><\/span><br \/>\n<span class=\"wpcf7-form-control-wrap\" data-name=\"numberofguests\"><select class=\"wpcf7-form-control wpcf7-select wpcf7-validates-as-required half\" aria-required=\"true\" aria-invalid=\"false\" name=\"numberofguests\"><option value=\"Nombre de participants*\">Nombre de participants*<\/option><option value=\"0-10\">0-10<\/option><option value=\"11\u201320\">11\u201320<\/option><option value=\"21\u201340\">21\u201340<\/option><option value=\"41\u201380\">41\u201380<\/option><option value=\"80+\">80+<\/option><\/select><\/span><br \/>\n<span class=\"wpcf7-form-control-wrap\" data-name=\"timeslot\"><select class=\"wpcf7-form-control wpcf7-select wpcf7-validates-as-required half\" aria-required=\"true\" aria-invalid=\"false\" name=\"timeslot\"><option value=\"\">Cr\u00e9neau horaire pr\u00e9f\u00e9r\u00e9*<\/option><option value=\"Matin\">Matin<\/option><option value=\"Apr\u00e8s-midi\">Apr\u00e8s-midi<\/option><option value=\"Soir\u00e9e\">Soir\u00e9e<\/option><option value=\"Journ\u00e9e enti\u00e8re\">Journ\u00e9e enti\u00e8re<\/option><\/select><\/span><br \/>\n<span class=\"wpcf7-form-control-wrap\" data-name=\"setup\"><select class=\"wpcf7-form-control wpcf7-select half\" aria-invalid=\"false\" name=\"setup\"><option value=\"\">Configuration de la salle (en option)<\/option><option value=\"Personnalis\u00e9e\">Personnalis\u00e9e<\/option><option value=\"Salle de conf\u00e9rence\">Salle de conf\u00e9rence<\/option><option value=\"Th\u00e9\u00e2tre\">Th\u00e9\u00e2tre<\/option><option value=\"Salle de classe\">Salle de classe<\/option><option value=\"Forme en U\">Forme en U<\/option><option value=\"Cabaret\">Cabaret<\/option><option value=\"R\u00e9ception\">R\u00e9ception<\/option><\/select><\/span><br \/>\n<span class=\"wpcf7-form-control-wrap\" data-name=\"accommodation\"><select class=\"wpcf7-form-control wpcf7-select half\" aria-invalid=\"false\" name=\"accommodation\"><option value=\"\">H\u00e9bergement requis? (optionnel)<\/option><option value=\"Oui\">Oui<\/option><option value=\"Non\">Non<\/option><option value=\"\u00c0 confirmer\">\u00c0 confirmer<\/option><\/select><\/span><br \/>\n<span class=\"wpcf7-form-control-wrap\" data-name=\"message\"><textarea cols=\"40\" rows=\"10\" maxlength=\"2000\" class=\"wpcf7-form-control wpcf7-textarea full\" aria-invalid=\"false\" placeholder=\"Dites-nous en plus sur votre r\u00e9union ou \u00e9v\u00e9nement, y compris les horaires pr\u00e9f\u00e9r\u00e9s, l\u2019ordre du jour, les besoins techniques et autres demandes particuli\u00e8res..\" name=\"message\"><\/textarea><\/span>\n<\/p>\n<p class=\"privacy-contact\">This site is protected by reCAPTCHA and the Google<br \/>\n<a href=\"\/privacy-policy-2\/\">PRIVACY POLICY<\/a> and<br \/>\n<a href=\"\/terms-conditions\/\">TERMS OF SERVICE<\/a> apply.\n<\/p>\n<p><input class=\"wpcf7-form-control wpcf7-submit has-spinner\" type=\"submit\" value=\"Envoyer la demande\" \/>\n<\/p><noscript>\n\t\t\t<div class=\"wpcf7-response-output wpcf7-spam-blocked\">Your browser does not support JavaScript!. Please enable javascript in your browser in order to get form work properly.<\/div>\n\t<\/noscript><script type='text\/javascript'>\n\n\t\t\t\t\t\tif(contactform === undefined){\n\t\t\t\t\t\t\tvar contactform = [];\n\t\t\t\t\t\t}\n\t\t\t\t\t\tvar innerVal = [11069,'mail_sent_ok','Merci pour votre message. Il a &eacute;t&eacute; envoy&eacute;.'];\n\t\t\t\t\t\tcontactform.push(innerVal);\n\t\t\t\t\t\tvar innerVal = [11069,'mail_sent_ng','Une erreur s\\&#039;est produite lors de l\\&#039;envoi de votre message. Veuillez r&eacute;essayer plus tard.'];\n\t\t\t\t\t\tcontactform.push(innerVal);\n\t\t\t\t\t\tvar innerVal = [11069,'validation_error','Un ou plusieurs champs comportent une erreur. Veuillez v&eacute;rifier et r&eacute;essayer.'];\n\t\t\t\t\t\tcontactform.push(innerVal);\n\t\t\t\t\t\tvar innerVal = [11069,'spam','Une erreur s\\&#039;est produite lors de l\\&#039;envoi de votre message. Veuillez r&eacute;essayer plus tard.'];\n\t\t\t\t\t\tcontactform.push(innerVal);\n\t\t\t\t\t\tvar innerVal = [11069,'accept_terms','Vous devez accepter les termes et conditions avant d\\&#039;envoyer votre message.'];\n\t\t\t\t\t\tcontactform.push(innerVal);\n\t\t\t\t\t\tvar innerVal = [11069,'invalid_required','Veuillez remplir ce champ.'];\n\t\t\t\t\t\tcontactform.push(innerVal);\n\t\t\t\t\t\tvar innerVal = [11069,'invalid_too_long','Ce champ a une entr&eacute;e trop longue.'];\n\t\t\t\t\t\tcontactform.push(innerVal);\n\t\t\t\t\t\tvar innerVal = [11069,'invalid_too_short','Ce champ a une entr&eacute;e trop courte.'];\n\t\t\t\t\t\tcontactform.push(innerVal);\n\t\t\t\t\t\tvar innerVal = [11069,'upload_failed','Une erreur inconnue s\\&#039;est produite lors du t&eacute;l&eacute;chargement du fichier.'];\n\t\t\t\t\t\tcontactform.push(innerVal);\n\t\t\t\t\t\tvar innerVal = [11069,'upload_file_type_invalid','Vous n\\&#039;&ecirc;tes pas autoris&eacute; &agrave; t&eacute;l&eacute;charger des fichiers de ce type.'];\n\t\t\t\t\t\tcontactform.push(innerVal);\n\t\t\t\t\t\tvar innerVal = [11069,'upload_file_too_large','Le fichier t&eacute;l&eacute;charg&eacute; est trop volumineux.'];\n\t\t\t\t\t\tcontactform.push(innerVal);\n\t\t\t\t\t\tvar innerVal = [11069,'upload_failed_php_error','Une erreur s\\&#039;est produite lors du t&eacute;l&eacute;chargement du fichier.'];\n\t\t\t\t\t\tcontactform.push(innerVal);\n\t\t\t\t\t\tvar innerVal = [11069,'invalid_date','Veuillez saisir une date au format AAAA-MM-JJ.'];\n\t\t\t\t\t\tcontactform.push(innerVal);\n\t\t\t\t\t\tvar innerVal = [11069,'date_too_early','Ce champ a une date trop pr&eacute;coce.'];\n\t\t\t\t\t\tcontactform.push(innerVal);\n\t\t\t\t\t\tvar innerVal = [11069,'date_too_late','Ce champ a une date trop tardive.'];\n\t\t\t\t\t\tcontactform.push(innerVal);\n\t\t\t\t\t\tvar innerVal = [11069,'invalid_number','Veuillez saisir un num&eacute;ro.'];\n\t\t\t\t\t\tcontactform.push(innerVal);\n\t\t\t\t\t\tvar innerVal = [11069,'number_too_small','Ce champ a un nombre trop petit.'];\n\t\t\t\t\t\tcontactform.push(innerVal);\n\t\t\t\t\t\tvar innerVal = [11069,'number_too_large','Ce champ a un nombre trop &eacute;lev&eacute;.'];\n\t\t\t\t\t\tcontactform.push(innerVal);\n\t\t\t\t\t\tvar innerVal = [11069,'quiz_answer_not_correct','La r&eacute;ponse au quiz est incorrecte.'];\n\t\t\t\t\t\tcontactform.push(innerVal);\n\t\t\t\t\t\tvar innerVal = [11069,'invalid_email','Veuillez saisir une adresse &eacute;lectronique.'];\n\t\t\t\t\t\tcontactform.push(innerVal);\n\t\t\t\t\t\tvar innerVal = [11069,'invalid_url','Veuillez saisir une URL.'];\n\t\t\t\t\t\tcontactform.push(innerVal);\n\t\t\t\t\t\tvar innerVal = [11069,'invalid_tel','Veuillez saisir un num&eacute;ro de t&eacute;l&eacute;phone.'];\n\t\t\t\t\t\tcontactform.push(innerVal);\n\t\t\t\t\t\tvar innerVal = [11069,'gdpr',''];\n\t\t\t\t\t\tcontactform.push(innerVal);\n\t\t\t\t\t\t<\/script><div class=\"wpcf7-response-output\" aria-hidden=\"true\"><\/div>\n<\/form>\n<\/div>\n<\/div>\n<\/div>\n<\/div>\n\n<div class=\"wp-block-columns is-layout-flex wp-container-core-columns-is-layout-9d6595d7 wp-block-columns-is-layout-flex\">\n<div class=\"wp-block-column is-layout-flow wp-block-column-is-layout-flow\"><\/div>\n\n\n\n<div class=\"wp-block-column is-layout-flow wp-block-column-is-layout-flow\"><\/div>\n<\/div>\n","protected":false},"excerpt":{"rendered":"<p>Organisez votre baby shower dans nos \u00e9l\u00e9gants espaces priv\u00e9s, con\u00e7us pour des rassemblements intimes et des moments inoubliables. Que vous c\u00e9l\u00e9briez un nouvel arrivant ou que vous fassiez l&rsquo;\u00e9loge de la parentalit\u00e9, notre \u00e9tablissement offre l&rsquo;ambiance parfaite pour votre journ\u00e9e sp\u00e9ciale. Ambiance chaleureuse et \u00e9l\u00e9gante Nos espaces d&rsquo;\u00e9v\u00e9nements priv\u00e9s sont con\u00e7us pour offrir une atmosph\u00e8re [&hellip;]<\/p>\n","protected":false},"author":17,"featured_media":3177,"parent":3176,"menu_order":0,"comment_status":"closed","ping_status":"closed","template":"","meta":{"_acf_changed":false,"footnotes":""},"class_list":["post-11095","page","type-page","status-publish","has-post-thumbnail","hentry"],"acf":[],"yoast_head":"<!-- This site is optimized with the Yoast SEO plugin v27.3 - https:\/\/yoast.com\/product\/yoast-seo-wordpress\/ -->\n<title>Lieu \u00e9l\u00e9gant pour une f\u00eate de b\u00e9b\u00e9 \u00e0 Amsterdam | De L&#039;Europe<\/title>\n<meta name=\"description\" content=\"C\u00e9l\u00e9brez votre baby shower dans les \u00e9l\u00e9gants espaces priv\u00e9s du De L&#039;Europe Amsterdam, con\u00e7us pour des rassemblements intimes. Renseignez-vous d\u00e8s aujourd&#039;hui.\" \/>\n<meta name=\"robots\" content=\"index, follow, max-snippet:-1, max-image-preview:large, max-video-preview:-1\" \/>\n<link rel=\"canonical\" href=\"https:\/\/www.deleurope.com\/fr\/evenements\/des-fetes-de-bebe-reussies\/\" \/>\n<meta property=\"og:locale\" content=\"fr_FR\" \/>\n<meta property=\"og:type\" content=\"article\" \/>\n<meta property=\"og:title\" content=\"Lieu \u00e9l\u00e9gant pour une f\u00eate de b\u00e9b\u00e9 \u00e0 Amsterdam | De L&#039;Europe\" \/>\n<meta property=\"og:description\" content=\"C\u00e9l\u00e9brez votre baby shower dans les \u00e9l\u00e9gants espaces priv\u00e9s du De L&#039;Europe Amsterdam, con\u00e7us pour des rassemblements intimes. Renseignez-vous d\u00e8s aujourd&#039;hui.\" \/>\n<meta property=\"og:url\" content=\"https:\/\/www.deleurope.com\/fr\/evenements\/des-fetes-de-bebe-reussies\/\" \/>\n<meta property=\"og:site_name\" content=\"De L&#039;Europe Amsterdam\" \/>\n<meta property=\"article:modified_time\" content=\"2025-12-10T11:24:21+00:00\" \/>\n<meta property=\"og:image\" content=\"https:\/\/www.deleurope.com\/wp-content\/uploads\/2023\/11\/Foyer-events.jpeg\" \/>\n\t<meta property=\"og:image:width\" content=\"1800\" \/>\n\t<meta property=\"og:image:height\" content=\"1200\" \/>\n\t<meta property=\"og:image:type\" content=\"image\/jpeg\" \/>\n<meta name=\"twitter:card\" content=\"summary_large_image\" \/>\n<meta name=\"twitter:label1\" content=\"Dur\u00e9e de lecture estim\u00e9e\" \/>\n\t<meta name=\"twitter:data1\" content=\"1 minute\" \/>\n<script type=\"application\/ld+json\" class=\"yoast-schema-graph\">{\"@context\":\"https:\\\/\\\/schema.org\",\"@graph\":[{\"@type\":\"WebPage\",\"@id\":\"https:\\\/\\\/www.deleurope.com\\\/fr\\\/evenements\\\/des-fetes-de-bebe-reussies\\\/\",\"url\":\"https:\\\/\\\/www.deleurope.com\\\/fr\\\/evenements\\\/des-fetes-de-bebe-reussies\\\/\",\"name\":\"Lieu \u00e9l\u00e9gant pour une f\u00eate de b\u00e9b\u00e9 \u00e0 Amsterdam | De L'Europe\",\"isPartOf\":{\"@id\":\"https:\\\/\\\/www.deleurope.com\\\/fr\\\/#website\"},\"primaryImageOfPage\":{\"@id\":\"https:\\\/\\\/www.deleurope.com\\\/fr\\\/evenements\\\/des-fetes-de-bebe-reussies\\\/#primaryimage\"},\"image\":{\"@id\":\"https:\\\/\\\/www.deleurope.com\\\/fr\\\/evenements\\\/des-fetes-de-bebe-reussies\\\/#primaryimage\"},\"thumbnailUrl\":\"https:\\\/\\\/www.deleurope.com\\\/wp-content\\\/uploads\\\/2023\\\/11\\\/Foyer-events.jpeg\",\"datePublished\":\"2024-07-30T10:48:48+00:00\",\"dateModified\":\"2025-12-10T11:24:21+00:00\",\"description\":\"C\u00e9l\u00e9brez votre baby shower dans les \u00e9l\u00e9gants espaces priv\u00e9s du De L'Europe Amsterdam, con\u00e7us pour des rassemblements intimes. Renseignez-vous d\u00e8s aujourd'hui.\",\"breadcrumb\":{\"@id\":\"https:\\\/\\\/www.deleurope.com\\\/fr\\\/evenements\\\/des-fetes-de-bebe-reussies\\\/#breadcrumb\"},\"inLanguage\":\"fr-FR\",\"potentialAction\":[{\"@type\":\"ReadAction\",\"target\":[\"https:\\\/\\\/www.deleurope.com\\\/fr\\\/evenements\\\/des-fetes-de-bebe-reussies\\\/\"]}]},{\"@type\":\"ImageObject\",\"inLanguage\":\"fr-FR\",\"@id\":\"https:\\\/\\\/www.deleurope.com\\\/fr\\\/evenements\\\/des-fetes-de-bebe-reussies\\\/#primaryimage\",\"url\":\"https:\\\/\\\/www.deleurope.com\\\/wp-content\\\/uploads\\\/2023\\\/11\\\/Foyer-events.jpeg\",\"contentUrl\":\"https:\\\/\\\/www.deleurope.com\\\/wp-content\\\/uploads\\\/2023\\\/11\\\/Foyer-events.jpeg\",\"width\":1800,\"height\":1200},{\"@type\":\"BreadcrumbList\",\"@id\":\"https:\\\/\\\/www.deleurope.com\\\/fr\\\/evenements\\\/des-fetes-de-bebe-reussies\\\/#breadcrumb\",\"itemListElement\":[{\"@type\":\"ListItem\",\"position\":1,\"name\":\"Home\",\"item\":\"https:\\\/\\\/www.deleurope.com\\\/fr\\\/\"},{\"@type\":\"ListItem\",\"position\":2,\"name\":\"Salles d&#8217;\u00e9v\u00e9nements priv\u00e9s\",\"item\":\"https:\\\/\\\/www.deleurope.com\\\/fr\\\/evenements\\\/\"},{\"@type\":\"ListItem\",\"position\":3,\"name\":\"Des f\u00eates de b\u00e9b\u00e9 r\u00e9ussies\"}]},{\"@type\":\"WebSite\",\"@id\":\"https:\\\/\\\/www.deleurope.com\\\/fr\\\/#website\",\"url\":\"https:\\\/\\\/www.deleurope.com\\\/fr\\\/\",\"name\":\"De L&#039;Europe Amsterdam\",\"description\":\"Home of original Amsterdam luxury.\",\"potentialAction\":[{\"@type\":\"SearchAction\",\"target\":{\"@type\":\"EntryPoint\",\"urlTemplate\":\"https:\\\/\\\/www.deleurope.com\\\/fr\\\/?s={search_term_string}\"},\"query-input\":{\"@type\":\"PropertyValueSpecification\",\"valueRequired\":true,\"valueName\":\"search_term_string\"}}],\"inLanguage\":\"fr-FR\"}]}<\/script>\n<!-- \/ Yoast SEO plugin. -->","yoast_head_json":{"title":"Lieu \u00e9l\u00e9gant pour une f\u00eate de b\u00e9b\u00e9 \u00e0 Amsterdam | De L'Europe","description":"C\u00e9l\u00e9brez votre baby shower dans les \u00e9l\u00e9gants espaces priv\u00e9s du De L'Europe Amsterdam, con\u00e7us pour des rassemblements intimes. Renseignez-vous d\u00e8s aujourd'hui.","robots":{"index":"index","follow":"follow","max-snippet":"max-snippet:-1","max-image-preview":"max-image-preview:large","max-video-preview":"max-video-preview:-1"},"canonical":"https:\/\/www.deleurope.com\/fr\/evenements\/des-fetes-de-bebe-reussies\/","og_locale":"fr_FR","og_type":"article","og_title":"Lieu \u00e9l\u00e9gant pour une f\u00eate de b\u00e9b\u00e9 \u00e0 Amsterdam | De L'Europe","og_description":"C\u00e9l\u00e9brez votre baby shower dans les \u00e9l\u00e9gants espaces priv\u00e9s du De L'Europe Amsterdam, con\u00e7us pour des rassemblements intimes. Renseignez-vous d\u00e8s aujourd'hui.","og_url":"https:\/\/www.deleurope.com\/fr\/evenements\/des-fetes-de-bebe-reussies\/","og_site_name":"De L&#039;Europe Amsterdam","article_modified_time":"2025-12-10T11:24:21+00:00","og_image":[{"width":1800,"height":1200,"url":"https:\/\/www.deleurope.com\/wp-content\/uploads\/2023\/11\/Foyer-events.jpeg","type":"image\/jpeg"}],"twitter_card":"summary_large_image","twitter_misc":{"Dur\u00e9e de lecture estim\u00e9e":"1 minute"},"schema":{"@context":"https:\/\/schema.org","@graph":[{"@type":"WebPage","@id":"https:\/\/www.deleurope.com\/fr\/evenements\/des-fetes-de-bebe-reussies\/","url":"https:\/\/www.deleurope.com\/fr\/evenements\/des-fetes-de-bebe-reussies\/","name":"Lieu \u00e9l\u00e9gant pour une f\u00eate de b\u00e9b\u00e9 \u00e0 Amsterdam | De L'Europe","isPartOf":{"@id":"https:\/\/www.deleurope.com\/fr\/#website"},"primaryImageOfPage":{"@id":"https:\/\/www.deleurope.com\/fr\/evenements\/des-fetes-de-bebe-reussies\/#primaryimage"},"image":{"@id":"https:\/\/www.deleurope.com\/fr\/evenements\/des-fetes-de-bebe-reussies\/#primaryimage"},"thumbnailUrl":"https:\/\/www.deleurope.com\/wp-content\/uploads\/2023\/11\/Foyer-events.jpeg","datePublished":"2024-07-30T10:48:48+00:00","dateModified":"2025-12-10T11:24:21+00:00","description":"C\u00e9l\u00e9brez votre baby shower dans les \u00e9l\u00e9gants espaces priv\u00e9s du De L'Europe Amsterdam, con\u00e7us pour des rassemblements intimes. Renseignez-vous d\u00e8s aujourd'hui.","breadcrumb":{"@id":"https:\/\/www.deleurope.com\/fr\/evenements\/des-fetes-de-bebe-reussies\/#breadcrumb"},"inLanguage":"fr-FR","potentialAction":[{"@type":"ReadAction","target":["https:\/\/www.deleurope.com\/fr\/evenements\/des-fetes-de-bebe-reussies\/"]}]},{"@type":"ImageObject","inLanguage":"fr-FR","@id":"https:\/\/www.deleurope.com\/fr\/evenements\/des-fetes-de-bebe-reussies\/#primaryimage","url":"https:\/\/www.deleurope.com\/wp-content\/uploads\/2023\/11\/Foyer-events.jpeg","contentUrl":"https:\/\/www.deleurope.com\/wp-content\/uploads\/2023\/11\/Foyer-events.jpeg","width":1800,"height":1200},{"@type":"BreadcrumbList","@id":"https:\/\/www.deleurope.com\/fr\/evenements\/des-fetes-de-bebe-reussies\/#breadcrumb","itemListElement":[{"@type":"ListItem","position":1,"name":"Home","item":"https:\/\/www.deleurope.com\/fr\/"},{"@type":"ListItem","position":2,"name":"Salles d&#8217;\u00e9v\u00e9nements priv\u00e9s","item":"https:\/\/www.deleurope.com\/fr\/evenements\/"},{"@type":"ListItem","position":3,"name":"Des f\u00eates de b\u00e9b\u00e9 r\u00e9ussies"}]},{"@type":"WebSite","@id":"https:\/\/www.deleurope.com\/fr\/#website","url":"https:\/\/www.deleurope.com\/fr\/","name":"De L&#039;Europe Amsterdam","description":"Home of original Amsterdam luxury.","potentialAction":[{"@type":"SearchAction","target":{"@type":"EntryPoint","urlTemplate":"https:\/\/www.deleurope.com\/fr\/?s={search_term_string}"},"query-input":{"@type":"PropertyValueSpecification","valueRequired":true,"valueName":"search_term_string"}}],"inLanguage":"fr-FR"}]}},"featured_image_src":"https:\/\/www.deleurope.com\/wp-content\/uploads\/2023\/11\/Foyer-events-600x400.jpeg","featured_image_src_square":"https:\/\/www.deleurope.com\/wp-content\/uploads\/2023\/11\/Foyer-events-600x600.jpeg","_links":{"self":[{"href":"https:\/\/www.deleurope.com\/fr\/wp-json\/wp\/v2\/pages\/11095","targetHints":{"allow":["GET"]}}],"collection":[{"href":"https:\/\/www.deleurope.com\/fr\/wp-json\/wp\/v2\/pages"}],"about":[{"href":"https:\/\/www.deleurope.com\/fr\/wp-json\/wp\/v2\/types\/page"}],"author":[{"embeddable":true,"href":"https:\/\/www.deleurope.com\/fr\/wp-json\/wp\/v2\/users\/17"}],"replies":[{"embeddable":true,"href":"https:\/\/www.deleurope.com\/fr\/wp-json\/wp\/v2\/comments?post=11095"}],"version-history":[{"count":0,"href":"https:\/\/www.deleurope.com\/fr\/wp-json\/wp\/v2\/pages\/11095\/revisions"}],"up":[{"embeddable":true,"href":"https:\/\/www.deleurope.com\/fr\/wp-json\/wp\/v2\/pages\/3176"}],"wp:featuredmedia":[{"embeddable":true,"href":"https:\/\/www.deleurope.com\/fr\/wp-json\/wp\/v2\/media\/3177"}],"wp:attachment":[{"href":"https:\/\/www.deleurope.com\/fr\/wp-json\/wp\/v2\/media?parent=11095"}],"curies":[{"name":"wp","href":"https:\/\/api.w.org\/{rel}","templated":true}]}}