{"id":2890,"date":"2024-01-19T16:10:30","date_gmt":"2024-01-19T16:10:30","guid":{"rendered":"https:\/\/deleurope.com\/connexion-chambres-et-suites\/"},"modified":"2026-01-02T10:56:52","modified_gmt":"2026-01-02T10:56:52","slug":"connexion-chambres-et-suites","status":"publish","type":"page","link":"https:\/\/www.deleurope.com\/fr\/connexion-chambres-et-suites\/","title":{"rendered":"Suites communicantes"},"content":{"rendered":"\n<div class=\"wp-block-columns is-layout-flex wp-container-core-columns-is-layout-9d6595d7 wp-block-columns-is-layout-flex\">\n<div class=\"wp-block-column description-and-button is-layout-flow wp-block-column-is-layout-flow\">\n<p class=\"has-text-align-center rooms-description-white-box has-large-font-size\">Am\u00e9liorez votre s\u00e9jour gr\u00e2ce \u00e0 nos chambres communicantes, con\u00e7ues avec soin pour apporter convivialit\u00e9 et confort. Parfaites pour les familles ou les groupes voyageant ensemble, ces chambres gardent tout le monde \u00e0 proximit\u00e9 tout en offrant l&rsquo;intimit\u00e9 de chambres s\u00e9par\u00e9es. Id\u00e9ales pour voyager avec des enfants ou des familles nombreuses, nos chambres communicantes cr\u00e9ent un cadre harmonieux pour les moments partag\u00e9s et la commodit\u00e9 de tous les jours.    <\/p>\n\n\n\n<p class=\"has-text-align-center rooms-description-white-box has-large-font-size\">Rendez votre voyage en commun vraiment m\u00e9morable gr\u00e2ce \u00e0 nos chambres communicantes soigneusement con\u00e7ues.<\/p>\n<\/div>\n<\/div>\n\n<h2 class=\"wp-block-heading has-text-align-center heading-ampersant big-space-bottom-top has-top-border has-padding has-extra-large-font-size\" id=\"rooms\" style=\"text-transform:uppercase\">CHAMBRES ET SUITES COMMUNICANTES<\/h2>\n<div class=\"slider-wrapp-all-rows\"><div class=\"all-rows three-per-row wp-block-columns is-layout-flex  wp-block-columns-is-layout-flex\"><div class=\"wp-block-column is-layout-flow wp-block-column-is-layout-flow\"><div class=\"wrapper-1\"><div class=\"image-card\"><img loading=\"lazy\" decoding=\"async\" width=\"520\" height=\"420\" src=\"https:\/\/www.deleurope.com\/wp-content\/uploads\/2025\/12\/Junior-Family-Suite-City-View-De-LEurope-Amstedam-1_1920x1080-520x420.jpg\" class=\"attachment-rooms-cards-3-columns size-rooms-cards-3-columns wp-post-image\" alt=\"\" \/><\/div><h2 class=\"has-text-align-center\">Suite familiale junior - Vue sur la ville<\/h2><p class=\"measurement\">40 \u2013 50 square meters + 25 \u2013 35 square meters<\/p><\/div><div class=\"wp-block-buttons is-horizontal is-content-justification-center is-layout-flex  wp-block-buttons-is-layout-flex\">\r\n\r\n<div class=\"wp-block-button is-style-fill\" style=\"text-transform:uppercase\"><a class=\"wp-block-button__link has-central-palette-1-color has-text-color wp-element-button\" style=\"border-radius:0px\" href=\"https:\/\/www.deleurope.com\/fr\/connexion-chambres-et-suites\/junior-suite-chambre-de-luxe\/\">En savoir plus<\/a><\/div>\r\n<div class=\"wp-block-button is-style-outline\" style=\"text-transform:uppercase\"><a class=\"wp-block-button__link has-central-palette-1-color has-text-color has-text-align-center wp-element-button\" href=\"#\/booking\/step-1?room=JSD\" style=\"border-radius:0px\">V\u00e9rifier la disponibilit\u00e9<\/a><\/div>\r\n<\/div><\/div><div class=\"wp-block-column is-layout-flow wp-block-column-is-layout-flow\"><div class=\"wrapper-1\"><div class=\"image-card\"><img loading=\"lazy\" decoding=\"async\" width=\"520\" height=\"420\" src=\"https:\/\/www.deleurope.com\/wp-content\/uploads\/2024\/01\/stay-7-520x420.jpg\" class=\"attachment-rooms-cards-3-columns size-rooms-cards-3-columns wp-post-image\" alt=\"\" \/><\/div><h2 class=\"has-text-align-center\">Suite familiale junior - Vue sur la rivi\u00e8re<\/h2><p class=\"measurement\">40 \u2013 50 square metres + 25 \u2013 35 square metres<\/p><\/div><div class=\"wp-block-buttons is-horizontal is-content-justification-center is-layout-flex  wp-block-buttons-is-layout-flex\">\r\n\r\n<div class=\"wp-block-button is-style-fill\" style=\"text-transform:uppercase\"><a class=\"wp-block-button__link has-central-palette-1-color has-text-color wp-element-button\" style=\"border-radius:0px\" href=\"https:\/\/www.deleurope.com\/fr\/connexion-chambres-et-suites\/junior-suite-with-river-view-deluxe-room\/\">En savoir plus<\/a><\/div>\r\n<div class=\"wp-block-button is-style-outline\" style=\"text-transform:uppercase\"><a class=\"wp-block-button__link has-central-palette-1-color has-text-color has-text-align-center wp-element-button\" href=\"#\/booking\/step-1?room=JRD\" style=\"border-radius:0px\">V\u00e9rifier la disponibilit\u00e9<\/a><\/div>\r\n<\/div><\/div><div class=\"wp-block-column is-layout-flow wp-block-column-is-layout-flow\"><div class=\"wrapper-1\"><div class=\"image-card\"><img loading=\"lazy\" decoding=\"async\" width=\"520\" height=\"420\" src=\"https:\/\/www.deleurope.com\/wp-content\/uploads\/2024\/01\/Prmium-Deluxe-Room-DeLeurope-Amstedam-1-520x420.jpg\" class=\"attachment-rooms-cards-3-columns size-rooms-cards-3-columns wp-post-image\" alt=\"\" \/><\/div><h2 class=\"has-text-align-center\">Suite familiale Premium - Vue sur la ville<\/h2><p class=\"measurement\">40 \u2013 50 square metres + 30 \u2013 40 square metres<\/p><\/div><div class=\"wp-block-buttons is-horizontal is-content-justification-center is-layout-flex  wp-block-buttons-is-layout-flex\">\r\n\r\n<div class=\"wp-block-button is-style-fill\" style=\"text-transform:uppercase\"><a class=\"wp-block-button__link has-central-palette-1-color has-text-color wp-element-button\" style=\"border-radius:0px\" href=\"https:\/\/www.deleurope.com\/fr\/connexion-chambres-et-suites\/junior-suite-premium-chambre-de-luxe\/\">En savoir plus<\/a><\/div>\r\n<div class=\"wp-block-button is-style-outline\" style=\"text-transform:uppercase\"><a class=\"wp-block-button__link has-central-palette-1-color has-text-color has-text-align-center wp-element-button\" href=\"#\/booking\/step-1?room=JPD\" style=\"border-radius:0px\">V\u00e9rifier la disponibilit\u00e9<\/a><\/div>\r\n<\/div><\/div><div class=\"wp-block-column is-layout-flow wp-block-column-is-layout-flow\"><div class=\"wrapper-1\"><div class=\"image-card\"><img loading=\"lazy\" decoding=\"async\" width=\"520\" height=\"420\" src=\"https:\/\/www.deleurope.com\/wp-content\/uploads\/2024\/01\/Premium-Deluxe-Room-De-LEurope-Amsterdam-520x420.jpg\" class=\"attachment-rooms-cards-3-columns size-rooms-cards-3-columns wp-post-image\" alt=\"\" \/><\/div><h2 class=\"has-text-align-center\">Suite familiale standard<\/h2><p class=\"measurement\">30 - 40 square metres + 30 - 40 square metres<\/p><\/div><div class=\"wp-block-buttons is-horizontal is-content-justification-center is-layout-flex  wp-block-buttons-is-layout-flex\">\r\n\r\n<div class=\"wp-block-button is-style-fill\" style=\"text-transform:uppercase\"><a class=\"wp-block-button__link has-central-palette-1-color has-text-color wp-element-button\" style=\"border-radius:0px\" href=\"https:\/\/www.deleurope.com\/fr\/connexion-chambres-et-suites\/chambre-premium-deluxe-chambre-premium-deluxe\/\">En savoir plus<\/a><\/div>\r\n<div class=\"wp-block-button is-style-outline\" style=\"text-transform:uppercase\"><a class=\"wp-block-button__link has-central-palette-1-color has-text-color has-text-align-center wp-element-button\" href=\"#\/booking\/step-1?room=PD2\" style=\"border-radius:0px\">V\u00e9rifier la disponibilit\u00e9<\/a><\/div>\r\n<\/div><\/div><div class=\"wp-block-column is-layout-flow wp-block-column-is-layout-flow\"><div class=\"wrapper-1\"><div class=\"image-card\"><img loading=\"lazy\" decoding=\"async\" width=\"520\" height=\"420\" src=\"https:\/\/www.deleurope.com\/wp-content\/uploads\/2024\/01\/Prestige-Suite-De-Leurope-Amsterdam-520x420.jpg\" class=\"attachment-rooms-cards-3-columns size-rooms-cards-3-columns wp-post-image\" alt=\"\" \/><\/div><h2 class=\"has-text-align-center\">Suite familiale Prestige River<\/h2><p class=\"measurement\"> 65 \u2013 85 square metres + 40 \u2013 50 square metres<\/p><\/div><div class=\"wp-block-buttons is-horizontal is-content-justification-center is-layout-flex  wp-block-buttons-is-layout-flex\">\r\n\r\n<div class=\"wp-block-button is-style-fill\" style=\"text-transform:uppercase\"><a class=\"wp-block-button__link has-central-palette-1-color has-text-color wp-element-button\" style=\"border-radius:0px\" href=\"https:\/\/www.deleurope.com\/fr\/connexion-chambres-et-suites\/prestige-suite-with-river-view-junior-suite-with-twin-beds\/\">En savoir plus<\/a><\/div>\r\n<div class=\"wp-block-button is-style-outline\" style=\"text-transform:uppercase\"><a class=\"wp-block-button__link has-central-palette-1-color has-text-color has-text-align-center wp-element-button\" href=\"#\/booking\/step-1?room=A2S\" style=\"border-radius:0px\">V\u00e9rifier la disponibilit\u00e9<\/a><\/div>\r\n<\/div><\/div><\/div><\/div>\n\n<div class=\"wp-block-columns header_and_loop_bg has-central-palette-3-background-color has-background is-layout-flex wp-container-core-columns-is-layout-9d6595d7 wp-block-columns-is-layout-flex\">\n<div class=\"wp-block-column is-layout-flow wp-block-column-is-layout-flow\">\n<h2 class=\"wp-block-heading has-text-align-center has-extra-large-font-size\" style=\"text-transform:uppercase\">La r\u00e9sidence de la famille royale<\/h2>\n\n\n<div class=\"slider-wrapp-all-rows\"><div class=\"all-rows one-per-row wp-block-columns is-layout-flex  wp-block-columns-is-layout-flex\"><div class=\"wp-block-column is-layout-flow wp-block-column-is-layout-flow\"><div class=\"wrapper-1\"><div class=\"image-card\"><img loading=\"lazy\" decoding=\"async\" width=\"1520\" height=\"640\" src=\"https:\/\/www.deleurope.com\/wp-content\/uploads\/2024\/01\/DLE_261121_42192-1520x640.jpg\" class=\"attachment-rooms-cards-1-column size-rooms-cards-1-column wp-post-image\" alt=\"\" \/><\/div><h2 class=\"has-text-align-center\">La r\u00e9sidence de la famille royale<\/h2><p class=\"measurement\">+\/- 220 square meters<\/p><div class=\"content\">\n<p class=\"has-text-align-center rooms-description-white-box has-large-font-size\">La r\u00e9sidence de la famille royale, notre h\u00e9bergement multi-pi\u00e8ces le plus exclusif et le plus vaste, offre une sensation exceptionnelle d&rsquo;espace, d&rsquo;intimit\u00e9 et de grandeur. Cet arrangement distingu\u00e9 comprend 4 suites. Le Penthouse, une chambre Premium Deluxe avec vue sur la rivi\u00e8re, une chambre Premium Deluxe avec lits jumeaux, et une chambre Deluxe, sont dispos\u00e9s de fa\u00e7on judicieuse comme des logements adjacents et accessibles par une entr\u00e9e priv\u00e9e commune.  <\/p>\n<\/div><\/div><div class=\"wp-block-buttons is-horizontal is-content-justification-center is-layout-flex wp-block-buttons-is-layout-flex\">\r\n<div class=\"wp-block-button is-style-fill\" style=\"text-transform:uppercase\"><a class=\"wp-block-button__link has-central-palette-1-color has-text-color wp-element-button\" style=\"border-radius:0px\" href=\"https:\/\/www.deleurope.com\/fr\/connexion-chambres-et-suites\/suite-penthouse-a-4-chambres\/\">En savoir plus<\/a><\/div>\r\n<!-- <div class=\"wp-block-button is-style-outline\" style=\"text-transform:uppercase\"><a class=\"wp-block-button__link has-central-palette-1-color has-text-color has-text-align-center wp-element-button\" href=\"mailto:reservations@deleurope.com\" style=\"border-radius:0px\">V\u00e9rifier la disponibilit\u00e9<\/a><\/div> -->\r\n\r\n\r\n\r\n\r\n<\/div><\/div><\/div><\/div>\n<\/div>\n<\/div>\n\n<div class=\"wp-block-columns carousel-black-editable is-layout-flex wp-container-core-columns-is-layout-9d6595d7 wp-block-columns-is-layout-flex\" id=\"packages\">\n<div class=\"wp-block-column has-central-palette-1-background-color has-background is-layout-flow wp-block-column-is-layout-flow\">\n<h2 class=\"wp-block-heading has-text-align-center heading-ampersant big-space-bottom-top has-central-palette-7-color has-text-color has-extra-large-font-size\" style=\"text-transform:uppercase\">Packages et Offres<\/h2>\n\n\n\n<div class=\"wp-block-carousel-slider-slider\"><div class=\"carousel-slider-outer carousel-slider-outer-hero-banner-slider carousel-slider-outer-2047\" style=\"--carousel-slider-nav-color:#f1f1f1;--carousel-slider-active-nav-color:#00d1b2;--carousel-slider-arrow-size:48px;--carousel-slider-bullet-size:10px\">\n<div id=\"&#039;id-2047\" class=\"carousel-slider carousel-slider-2047 arrows-visibility-hover dots-visibility-never arrows-outside dots-center dots-circle owl-carousel\" data-slide-type=\"hero-banner-slider\" data-owl-settings='{\"nav\":true,\"dots\":false,\"slideBy\":1,\"stagePadding\":0,\"margin\":80,\"loop\":false,\"lazyLoad\":false,\"autoplay\":true,\"autoplayTimeout\":5000,\"autoplaySpeed\":500,\"autoplayHoverPause\":true,\"autoWidth\":false,\"responsive\":{\"300\":{\"items\":1},\"576\":{\"items\":1},\"768\":{\"items\":1},\"1024\":{\"items\":1},\"1280\":{\"items\":2},\"1536\":{\"items\":2}}}' data-animation=\"\">\n<div class=\"carousel-slider-hero__cell hero__cell-1\" style=\"--cell-height: \"><div id=\"slide-item-2047-1\" class=\"carousel-slider-hero__cell__background\" style=\"background-position:center center;background-size:cover;background-image:url(https:\/\/www.deleurope.com\/wp-content\/uploads\/2024\/01\/Balcony-Penthouse-Suite-de-leurope.jpg);background-color:rgba(0,0,0,0.6)\"><\/div><div class=\"carousel-slider-hero__cell__inner carousel-slider--h-position-center carousel-slider--v-position-middle carousel-slider--text-center\" style=\"padding-top:1rem;padding-right:1rem;padding-bottom:1rem;padding-left:1rem\"><div class=\"carousel-slider-hero__cell__content hidden\" style=\"max-width:100%\" data-animation=\"\"><div class=\"carousel-slider-hero__cell__heading\" style=\"--cs-heading-font-size:40px;--cs-heading-gutter:30px;--cs-heading-color:#ffffff\">Stay 4, Pay 3<\/div><div class=\"carousel-slider-hero__cell__description\" style=\"--cs-description-font-size:20px;--cs-description-gutter:30px;--cs-description-color:#ffffff\">Book 4 consecutive nights and receive the 4th night on us.<\/div><div class=\"carousel-slider-hero__cell__buttons\"><span class=\"carousel-slider-hero__cell__button__one\" style=\"--cs-button-bg-color:#ffffff;--cs-button-color:#323232;--cs-button-border-width:3px;--cs-button-border-radius:0px\"><a class=\"button cs-hero-button cs-hero-button-1-1 cs-hero-button-stroke cs-hero-button-medium\" href=\"https:\/\/www.deleurope.com\/offers-packages\/stay-4-pay-3-2\/\" target=\"_self\">DISCOVER OFFER<\/a><\/span><\/div><\/div><\/div><\/div>\n<div class=\"carousel-slider-hero__cell hero__cell-2\" style=\"--cell-height: \"><div id=\"slide-item-2047-2\" class=\"carousel-slider-hero__cell__background\" style=\"background-position:center center;background-size:cover;background-image:url(https:\/\/www.deleurope.com\/wp-content\/uploads\/2024\/11\/20241007-menu-Brasserie-Marie-057-scaled.jpg);background-color:rgba(0,0,0,0.6)\"><\/div><div class=\"carousel-slider-hero__cell__inner carousel-slider--h-position-center carousel-slider--v-position-middle carousel-slider--text-center\" style=\"padding-top:1rem;padding-right:1rem;padding-bottom:1rem;padding-left:1rem\"><div class=\"carousel-slider-hero__cell__content hidden\" style=\"max-width:100%\" data-animation=\"\"><div class=\"carousel-slider-hero__cell__heading\" style=\"--cs-heading-font-size:40px;--cs-heading-gutter:30px;--cs-heading-color:#ffffff\">Culinary Journey<\/div><div class=\"carousel-slider-hero__cell__description\" style=\"--cs-description-font-size:20px;--cs-description-gutter:30px;--cs-description-color:#ffffff\">A culinary journey in the heart of Amsterdam awaits! Receive a \u20ac 100 Euros Food and Beverage Credit, Complimentary breakfast and a complimentary upgrade.<\/div><div class=\"carousel-slider-hero__cell__buttons\"><span class=\"carousel-slider-hero__cell__button__one\" style=\"--cs-button-bg-color:#ffffff;--cs-button-color:#323232;--cs-button-border-width:3px;--cs-button-border-radius:0px\"><a class=\"button cs-hero-button cs-hero-button-2-1 cs-hero-button-stroke cs-hero-button-medium\" href=\"https:\/\/www.deleurope.com\/offers-packages\/culinarycapitaldeleurope\/\" target=\"_self\">DISCOVER OFFER<\/a><\/span><\/div><\/div><\/div><\/div>\n<div class=\"carousel-slider-hero__cell hero__cell-3\" style=\"--cell-height: \"><div id=\"slide-item-2047-3\" class=\"carousel-slider-hero__cell__background\" style=\"background-position:center center;background-size:cover;background-image:url(https:\/\/www.deleurope.com\/wp-content\/uploads\/2024\/01\/Deluxe-suite-DeLeurope-Amsterdam.1.jpg);background-color:rgba(0,0,0,0.6)\"><\/div><div class=\"carousel-slider-hero__cell__inner carousel-slider--h-position-center carousel-slider--v-position-middle carousel-slider--text-center\" style=\"padding-top:1rem;padding-right:1rem;padding-bottom:1rem;padding-left:1rem\"><div class=\"carousel-slider-hero__cell__content hidden\" style=\"max-width:100%\" data-animation=\"\"><div class=\"carousel-slider-hero__cell__heading\" style=\"--cs-heading-font-size:40px;--cs-heading-gutter:30px;--cs-heading-color:#ffffff\">Stay 3, Get 20% off<\/div><div class=\"carousel-slider-hero__cell__description\" style=\"--cs-description-font-size:20px;--cs-description-gutter:30px;--cs-description-color:#ffffff\">Enjoy an exclusive 20% off your room or suite, with a 3-night stay.<\/div><div class=\"carousel-slider-hero__cell__buttons\"><span class=\"carousel-slider-hero__cell__button__one\" style=\"--cs-button-bg-color:#ffffff;--cs-button-color:#323232;--cs-button-border-width:3px;--cs-button-border-radius:0px\"><a class=\"button cs-hero-button cs-hero-button-3-1 cs-hero-button-stroke cs-hero-button-medium\" href=\"https:\/\/www.deleurope.com\/offers-packages\/3-nights-2025\/\" target=\"_self\">DISCOVER OFFER<\/a><\/span><\/div><\/div><\/div><\/div>\n<\/div><!-- .carousel-slider-2047 -->\n<\/div><!-- .carousel-slider-outer-2047 -->\n<\/div>\n<\/div>\n<\/div>\n\n<div class=\"wp-block-columns faq-section has-central-palette-9-background-color has-background is-layout-flex wp-container-core-columns-is-layout-9d6595d7 wp-block-columns-is-layout-flex\">\n<div class=\"wp-block-column is-layout-flow wp-block-column-is-layout-flow\">\n<div class=\"wp-block-columns is-layout-flex wp-container-core-columns-is-layout-9d6595d7 wp-block-columns-is-layout-flex\">\n<div class=\"wp-block-column is-layout-flow wp-block-column-is-layout-flow\" style=\"flex-basis:24%\">\n<h2 class=\"wp-block-heading has-text-align-center has-extra-large-font-size\">F.A.Q<\/h2>\n\n\n\n<ul class=\"wp-block-list tab-faq-menu\">\n<li class=\"active-li\" style=\"text-transform:uppercase\">Logements<\/li>\n\n\n\n<li style=\"text-transform:uppercase\">Paiements<\/li>\n\n\n\n<li style=\"text-transform:uppercase\">Check-in | Check-out<\/li>\n\n\n\n<li style=\"text-transform:uppercase\">arriver <\/li>\n\n\n\n<li style=\"text-transform:uppercase\">at de l&rsquo;europe<\/li>\n<\/ul>\n<\/div>\n\n\n\n<div class=\"wp-block-column is-layout-flow wp-block-column-is-layout-flow\" style=\"flex-basis:76%\">\n<div class=\"schema-faq wp-block-yoast-faq-block\"><div class=\"schema-faq-section\" id=\"faq-question-1697826231715\"><strong class=\"schema-faq-question\">Disposez-vous de chambres avec balcon et quelles sont les cat\u00e9gories de chambres qui disposent d&rsquo;un balcon?<\/strong> <p class=\"schema-faq-answer\">Les Junior Suite River View Balcony, Deluxe Suite River View et Prestige Suite River View disposent d&rsquo;un balcon.<\/p> <\/div> <div class=\"schema-faq-section\" id=\"faq-question-1697827306389\"><strong class=\"schema-faq-question\">Les chambres standard peuvent-elles accueillir 3 personnes?<\/strong> <p class=\"schema-faq-answer\">Non, trois personnes peuvent \u00eatre h\u00e9berg\u00e9es \u00e0 partir de nos cat\u00e9gories de suites.<\/p> <\/div> <div class=\"schema-faq-section\" id=\"faq-question-1697826245421\"><strong class=\"schema-faq-question\">Si je r\u00e9serve une chambre avec balcon, celui-ci est-il garanti?<\/strong> <p class=\"schema-faq-answer\">Oui, si votre confirmation indique un type de chambre avec vue sur la rivi\u00e8re et balcon, cet avantage est garanti.<\/p> <\/div> <div class=\"schema-faq-section\" id=\"faq-question-1706188440408\"><strong class=\"schema-faq-question\">Puis-je fumer dans la chambre ou sur le balcon?<\/strong> <p class=\"schema-faq-answer\">Les chambres sont non-fumeurs ; les balcons sont fumeurs.<\/p> <\/div> <div class=\"schema-faq-section\" id=\"faq-question-1706188927586\"><strong class=\"schema-faq-question\">Toutes les chambres ont-elles une vue sur la rivi\u00e8re?<\/strong> <p class=\"schema-faq-answer\">Toutes les chambres n&rsquo;ont pas une vue sur la rivi\u00e8re, mais dans toutes les cat\u00e9gories de chambres (\u00e0 l&rsquo;exception de la cat\u00e9gorie sup\u00e9rieure), vous pouvez choisir une vue sur la rivi\u00e8re moyennant un suppl\u00e9ment, sous r\u00e9serve de disponibilit\u00e9.<\/p> <\/div> <div class=\"schema-faq-section\" id=\"faq-question-1706188983287\"><strong class=\"schema-faq-question\">Peut-on r\u00e9server des chambres communicantes?<\/strong> <p class=\"schema-faq-answer\">Oui, l&rsquo;h\u00f4tel dispose de plusieurs chambres qui peuvent \u00eatre connect\u00e9es ; veuillez contacter notre d\u00e9partement <a href=\"mailto:reservations@deleruope.com\" target=\"_blank\" rel=\"noreferrer noopener\">reservations@deleurope.com<\/a> pour les r\u00e9servations.<\/p> <\/div> <\/div>\n\n\n\n<div class=\"schema-faq wp-block-yoast-faq-block\"><div class=\"schema-faq-section\" id=\"faq-question-1697827306389\"><strong class=\"schema-faq-question\">Comment puis-je modifier ou annuler ma r\u00e9servation?<\/strong> <p class=\"schema-faq-answer\">Pour annuler ou modifier une r\u00e9servation, veuillez nous contacter par courriel ou par t\u00e9l\u00e9phone, ou consulter notre page de r\u00e9servation. Les conditions de r\u00e9servation peuvent varier en fonction du tarif r\u00e9serv\u00e9. <\/p> <\/div> <div class=\"schema-faq-section\" id=\"faq-question-1697826231715\"><strong class=\"schema-faq-question\">Pourquoi dois-je fournir les d\u00e9tails de ma carte de cr\u00e9dit?<\/strong> <p class=\"schema-faq-answer\">Les clients doivent saisir les informations relatives \u00e0 leur carte de cr\u00e9dit pour garantir leur r\u00e9servation. Un d\u00e9p\u00f4t pr\u00e9alable n&rsquo;est pas n\u00e9cessaire ; la carte de cr\u00e9dit ne sera d\u00e9bit\u00e9e qu&rsquo;en cas d&rsquo;annulation tardive.<\/p> <\/div> <\/div>\n\n\n\n<div class=\"schema-faq wp-block-yoast-faq-block\"><div class=\"schema-faq-section\" id=\"faq-question-1697827306389\"><strong class=\"schema-faq-question\">Est-il possible d&rsquo;arriver plus t\u00f4t ou de partir plus tard? Si oui, quels sont les co\u00fbts suppl\u00e9mentaires?<\/strong> <p class=\"schema-faq-answer\">Cette demande est bas\u00e9e sur la disponibilit\u00e9. Pour garantir un enregistrement anticip\u00e9, nous pouvons r\u00e9server la nuit pr\u00e9c\u00e9dant la date d&rsquo;arriv\u00e9e afin que les clients puissent acc\u00e9der \u00e0 leur chambre t\u00f4t le matin.<\/p> <\/div> <div class=\"schema-faq-section\" id=\"faq-question-1697826231715\"><strong class=\"schema-faq-question\">Quelles sont les heures d&rsquo;arriv\u00e9e et de d\u00e9part \u00e0 De L&rsquo;Europe?<\/strong> <p class=\"schema-faq-answer\">La chambre est disponible \u00e0 partir de 15 heures le jour de l&rsquo;arriv\u00e9e, et l&rsquo;heure de d\u00e9part est 12 heures le jour du d\u00e9part. Si vous souhaitez arriver plus t\u00f4t ou partir plus tard, il est possible de demander un enregistrement anticip\u00e9 ou un d\u00e9part tardif en fonction des disponibilit\u00e9s.<\/p> <\/div> <div class=\"schema-faq-section\" id=\"faq-question-1697827308476\"><strong class=\"schema-faq-question\">Puis-je laisser mes bagages pendant que je d\u00e9couvre Amsterdam ?<\/strong> <p class=\"schema-faq-answer\">Nous avons le plaisir d&rsquo;entreposer les bagages des clients de l&rsquo;h\u00f4tel dans notre salle \u00e0 bagages ferm\u00e9e \u00e0 cl\u00e9 avant et apr\u00e8s leur s\u00e9jour, ce qui leur permet d&rsquo;explorer pleinement Amsterdam. Veuillez noter qu&rsquo;aucune somme d&rsquo;argent, aucun document de valeur, aucun titre, aucun objet de valeur, aucun objet fragile ou p\u00e9rissable ne doit \u00eatre inclus dans les biens stock\u00e9s. Nous fournissons aux clients une \u00e9tiquette de bagage \u00e0 leur arriv\u00e9e afin de faciliter la r\u00e9cup\u00e9ration de leurs effets personnels.<\/p> <\/div> <\/div>\n\n\n\n<div class=\"schema-faq wp-block-yoast-faq-block\"><div class=\"schema-faq-section\" id=\"faq-question-1697827306389\"><strong class=\"schema-faq-question\">Existe-t-il un service de navette gratuit entre l&rsquo;a\u00e9roport et l&rsquo;h\u00f4tel?<\/strong> <p class=\"schema-faq-answer\">Nous n&rsquo;offrons pas de service de navette a\u00e9roport gratuit. Cependant, notre service de conciergerie peut aider les clients \u00e0 organiser un transport priv\u00e9.<\/p> <\/div> <div class=\"schema-faq-section\" id=\"faq-question-1697826231715\"><strong class=\"schema-faq-question\">De L&rsquo;Europe dispose-t-il d&rsquo;un service de transfert priv\u00e9?<\/strong> <p class=\"schema-faq-answer\">Laissez-nous nous occuper de votre transfert avec style gr\u00e2ce \u00e0 notre luxueuse berline. Organisez votre transfert priv\u00e9 en contactant notre \u00e9quipe de concierges \u00e0 l&rsquo;adresse <a href=\"mailto:Concierge@deleurope.com\" target=\"_blank\" rel=\"noreferrer noopener\">Concierge@deleurope.com<\/a>.<\/p> <\/div> <div class=\"schema-faq-section\" id=\"faq-question-1706191165865\"><strong class=\"schema-faq-question\">Doit-on r\u00e9server un parking \u00e0 l&rsquo;avance?<\/strong> <p class=\"schema-faq-answer\">Les r\u00e9servations de parking ne sont disponibles que pour les clients de l&rsquo;h\u00f4tel. Il est pr\u00e9f\u00e9rable de pr\u00e9venir \u00e0 l&rsquo;avance pour obtenir une place de parking.<\/p> <\/div> <div class=\"schema-faq-section\" id=\"faq-question-1706191234984\"><strong class=\"schema-faq-question\">Comment puis-je utiliser les transports publics pour me rendre \u00e0 l&rsquo;h\u00f4tel depuis l&rsquo;a\u00e9roport?<\/strong> <p class=\"schema-faq-answer\">Des trains circulent toutes les 15 minutes entre l&rsquo;a\u00e9roport et la gare centrale d&rsquo;Amsterdam. Ce trajet dure 17 minutes. Les billets de train peuvent \u00eatre obtenus aux distributeurs de billets situ\u00e9s dans le hall d&rsquo;arriv\u00e9e de l&rsquo;a\u00e9roport. Depuis la gare centrale d&rsquo;Amsterdam, le moyen le plus pratique est de prendre la toute nouvelle ligne de m\u00e9tro Nord-Sud (n\u00b0 52, arr\u00eat : Rokin) ou les tramways 4 et 24 (arr\u00eat : Muntplein). Le trajet de la gare centrale d&rsquo;Amsterdam \u00e0 l&rsquo;h\u00f4tel dure 10 minutes, dont 1 minute de marche.<\/p> <\/div> <\/div>\n\n\n\n<div class=\"schema-faq wp-block-yoast-faq-block\"><div class=\"schema-faq-section\" id=\"faq-question-1697827308476\"><strong class=\"schema-faq-question\">Y a-t-il un acc\u00e8s pour les personnes handicap\u00e9es?<\/strong> <p class=\"schema-faq-answer\">De L&rsquo;Europe Amsterdam est enti\u00e8rement adapt\u00e9 aux fauteuils roulants, avec quatre ascenseurs dans l&rsquo;h\u00f4tel, un acc\u00e8s au spa pour les fauteuils roulants et des logements accessibles avec des portes plus larges, des lavabos r\u00e9glables en hauteur et des mains courantes. Veuillez mentionner toute demande d&rsquo;accessibilit\u00e9 lors de votre r\u00e9servation.<\/p> <\/div> <\/div>\n<\/div>\n<\/div>\n<\/div>\n<\/div>\n","protected":false},"excerpt":{"rendered":"<p>Am\u00e9liorez votre s\u00e9jour gr\u00e2ce \u00e0 nos chambres communicantes, con\u00e7ues avec soin pour apporter convivialit\u00e9 et confort. Parfaites pour les familles ou les groupes voyageant ensemble, ces chambres gardent tout le monde \u00e0 proximit\u00e9 tout en offrant l&rsquo;intimit\u00e9 de chambres s\u00e9par\u00e9es. Id\u00e9ales pour voyager avec des enfants ou des familles nombreuses, nos chambres communicantes cr\u00e9ent un [&hellip;]<\/p>\n","protected":false},"author":6,"featured_media":2891,"parent":0,"menu_order":0,"comment_status":"closed","ping_status":"closed","template":"rooms-template.php","meta":{"_acf_changed":false,"footnotes":""},"class_list":["post-2890","page","type-page","status-publish","has-post-thumbnail","hentry"],"acf":[],"yoast_head":"<!-- This site is optimized with the Yoast SEO plugin v27.3 - https:\/\/yoast.com\/product\/yoast-seo-wordpress\/ -->\n<title>Chambres communicantes et suites familiales \u00e0 Amsterdam - De L&#039;Europe<\/title>\n<meta name=\"description\" content=\"D\u00e9couvrez l&#039;h\u00e9bergement id\u00e9al pour les familles et les groupes gr\u00e2ce aux options de chambres communicantes et de suites propos\u00e9es par De L&#039;Europe Amsterdam. R\u00e9servez d\u00e8s maintenant.\" \/>\n<meta name=\"robots\" content=\"index, follow, max-snippet:-1, max-image-preview:large, max-video-preview:-1\" \/>\n<link rel=\"canonical\" href=\"https:\/\/www.deleurope.com\/fr\/connexion-chambres-et-suites\/\" \/>\n<meta property=\"og:locale\" content=\"fr_FR\" \/>\n<meta property=\"og:type\" content=\"article\" \/>\n<meta property=\"og:title\" content=\"Chambres communicantes et suites familiales \u00e0 Amsterdam - De L&#039;Europe\" \/>\n<meta property=\"og:description\" content=\"D\u00e9couvrez l&#039;h\u00e9bergement id\u00e9al pour les familles et les groupes gr\u00e2ce aux options de chambres communicantes et de suites propos\u00e9es par De L&#039;Europe Amsterdam. R\u00e9servez d\u00e8s maintenant.\" \/>\n<meta property=\"og:url\" content=\"https:\/\/www.deleurope.com\/fr\/connexion-chambres-et-suites\/\" \/>\n<meta property=\"og:site_name\" content=\"De L&#039;Europe Amsterdam\" \/>\n<meta property=\"article:modified_time\" content=\"2026-01-02T10:56:52+00:00\" \/>\n<meta property=\"og:image\" content=\"https:\/\/www.deleurope.com\/wp-content\/uploads\/2024\/02\/homepage-hero-1.webp\" \/>\n\t<meta property=\"og:image:width\" content=\"1680\" \/>\n\t<meta property=\"og:image:height\" content=\"1119\" \/>\n\t<meta property=\"og:image:type\" content=\"image\/webp\" \/>\n<meta name=\"twitter:card\" content=\"summary_large_image\" \/>\n<meta name=\"twitter:label1\" content=\"Dur\u00e9e de lecture estim\u00e9e\" \/>\n\t<meta name=\"twitter:data1\" content=\"7 minutes\" \/>\n<script type=\"application\/ld+json\" class=\"yoast-schema-graph\">{\"@context\":\"https:\\\/\\\/schema.org\",\"@graph\":[{\"@type\":[\"WebPage\",\"FAQPage\"],\"@id\":\"https:\\\/\\\/www.deleurope.com\\\/fr\\\/connexion-chambres-et-suites\\\/\",\"url\":\"https:\\\/\\\/www.deleurope.com\\\/fr\\\/connexion-chambres-et-suites\\\/\",\"name\":\"Chambres communicantes et suites familiales \u00e0 Amsterdam - De L'Europe\",\"isPartOf\":{\"@id\":\"https:\\\/\\\/www.deleurope.com\\\/fr\\\/#website\"},\"primaryImageOfPage\":{\"@id\":\"https:\\\/\\\/www.deleurope.com\\\/fr\\\/connexion-chambres-et-suites\\\/#primaryimage\"},\"image\":{\"@id\":\"https:\\\/\\\/www.deleurope.com\\\/fr\\\/connexion-chambres-et-suites\\\/#primaryimage\"},\"thumbnailUrl\":\"https:\\\/\\\/www.deleurope.com\\\/wp-content\\\/uploads\\\/2024\\\/02\\\/homepage-hero-1.webp\",\"datePublished\":\"2024-01-19T16:10:30+00:00\",\"dateModified\":\"2026-01-02T10:56:52+00:00\",\"description\":\"D\u00e9couvrez l'h\u00e9bergement id\u00e9al pour les familles et les groupes gr\u00e2ce aux options de chambres communicantes et de suites propos\u00e9es par De L'Europe Amsterdam. R\u00e9servez d\u00e8s maintenant.\",\"breadcrumb\":{\"@id\":\"https:\\\/\\\/www.deleurope.com\\\/fr\\\/connexion-chambres-et-suites\\\/#breadcrumb\"},\"mainEntity\":[{\"@id\":\"https:\\\/\\\/www.deleurope.com\\\/fr\\\/connexion-chambres-et-suites\\\/#faq-question-1697826231715\"},{\"@id\":\"https:\\\/\\\/www.deleurope.com\\\/fr\\\/connexion-chambres-et-suites\\\/#faq-question-1697827306389\"},{\"@id\":\"https:\\\/\\\/www.deleurope.com\\\/fr\\\/connexion-chambres-et-suites\\\/#faq-question-1697826245421\"},{\"@id\":\"https:\\\/\\\/www.deleurope.com\\\/fr\\\/connexion-chambres-et-suites\\\/#faq-question-1706188440408\"},{\"@id\":\"https:\\\/\\\/www.deleurope.com\\\/fr\\\/connexion-chambres-et-suites\\\/#faq-question-1706188927586\"},{\"@id\":\"https:\\\/\\\/www.deleurope.com\\\/fr\\\/connexion-chambres-et-suites\\\/#faq-question-1706188983287\"},{\"@id\":\"https:\\\/\\\/www.deleurope.com\\\/fr\\\/connexion-chambres-et-suites\\\/#faq-question-1697827306389\"},{\"@id\":\"https:\\\/\\\/www.deleurope.com\\\/fr\\\/connexion-chambres-et-suites\\\/#faq-question-1697826231715\"},{\"@id\":\"https:\\\/\\\/www.deleurope.com\\\/fr\\\/connexion-chambres-et-suites\\\/#faq-question-1697827306389\"},{\"@id\":\"https:\\\/\\\/www.deleurope.com\\\/fr\\\/connexion-chambres-et-suites\\\/#faq-question-1697826231715\"},{\"@id\":\"https:\\\/\\\/www.deleurope.com\\\/fr\\\/connexion-chambres-et-suites\\\/#faq-question-1697827308476\"},{\"@id\":\"https:\\\/\\\/www.deleurope.com\\\/fr\\\/connexion-chambres-et-suites\\\/#faq-question-1697827306389\"},{\"@id\":\"https:\\\/\\\/www.deleurope.com\\\/fr\\\/connexion-chambres-et-suites\\\/#faq-question-1697826231715\"},{\"@id\":\"https:\\\/\\\/www.deleurope.com\\\/fr\\\/connexion-chambres-et-suites\\\/#faq-question-1706191165865\"},{\"@id\":\"https:\\\/\\\/www.deleurope.com\\\/fr\\\/connexion-chambres-et-suites\\\/#faq-question-1706191234984\"},{\"@id\":\"https:\\\/\\\/www.deleurope.com\\\/fr\\\/connexion-chambres-et-suites\\\/#faq-question-1697827308476\"}],\"inLanguage\":\"fr-FR\",\"potentialAction\":[{\"@type\":\"ReadAction\",\"target\":[\"https:\\\/\\\/www.deleurope.com\\\/fr\\\/connexion-chambres-et-suites\\\/\"]}]},{\"@type\":\"ImageObject\",\"inLanguage\":\"fr-FR\",\"@id\":\"https:\\\/\\\/www.deleurope.com\\\/fr\\\/connexion-chambres-et-suites\\\/#primaryimage\",\"url\":\"https:\\\/\\\/www.deleurope.com\\\/wp-content\\\/uploads\\\/2024\\\/02\\\/homepage-hero-1.webp\",\"contentUrl\":\"https:\\\/\\\/www.deleurope.com\\\/wp-content\\\/uploads\\\/2024\\\/02\\\/homepage-hero-1.webp\",\"width\":1680,\"height\":1119},{\"@type\":\"BreadcrumbList\",\"@id\":\"https:\\\/\\\/www.deleurope.com\\\/fr\\\/connexion-chambres-et-suites\\\/#breadcrumb\",\"itemListElement\":[{\"@type\":\"ListItem\",\"position\":1,\"name\":\"Home\",\"item\":\"https:\\\/\\\/www.deleurope.com\\\/fr\\\/\"},{\"@type\":\"ListItem\",\"position\":2,\"name\":\"Suites communicantes\"}]},{\"@type\":\"WebSite\",\"@id\":\"https:\\\/\\\/www.deleurope.com\\\/fr\\\/#website\",\"url\":\"https:\\\/\\\/www.deleurope.com\\\/fr\\\/\",\"name\":\"De L&#039;Europe Amsterdam\",\"description\":\"Home of original Amsterdam luxury.\",\"potentialAction\":[{\"@type\":\"SearchAction\",\"target\":{\"@type\":\"EntryPoint\",\"urlTemplate\":\"https:\\\/\\\/www.deleurope.com\\\/fr\\\/?s={search_term_string}\"},\"query-input\":{\"@type\":\"PropertyValueSpecification\",\"valueRequired\":true,\"valueName\":\"search_term_string\"}}],\"inLanguage\":\"fr-FR\"},{\"@type\":\"Question\",\"@id\":\"https:\\\/\\\/www.deleurope.com\\\/fr\\\/connexion-chambres-et-suites\\\/#faq-question-1697826231715\",\"position\":1,\"url\":\"https:\\\/\\\/www.deleurope.com\\\/fr\\\/connexion-chambres-et-suites\\\/#faq-question-1697826231715\",\"name\":\"Disposez-vous de chambres avec balcon et quelles sont les cat\u00e9gories de chambres qui disposent d'un balcon?\",\"answerCount\":1,\"acceptedAnswer\":{\"@type\":\"Answer\",\"text\":\"Les Junior Suite River View Balcony, Deluxe Suite River View et Prestige Suite River View disposent d'un balcon.\",\"inLanguage\":\"fr-FR\"},\"inLanguage\":\"fr-FR\"},{\"@type\":\"Question\",\"@id\":\"https:\\\/\\\/www.deleurope.com\\\/fr\\\/connexion-chambres-et-suites\\\/#faq-question-1697827306389\",\"position\":2,\"url\":\"https:\\\/\\\/www.deleurope.com\\\/fr\\\/connexion-chambres-et-suites\\\/#faq-question-1697827306389\",\"name\":\"Les chambres standard peuvent-elles accueillir 3 personnes?\",\"answerCount\":1,\"acceptedAnswer\":{\"@type\":\"Answer\",\"text\":\"Non, trois personnes peuvent \u00eatre h\u00e9berg\u00e9es \u00e0 partir de nos cat\u00e9gories de suites.\",\"inLanguage\":\"fr-FR\"},\"inLanguage\":\"fr-FR\"},{\"@type\":\"Question\",\"@id\":\"https:\\\/\\\/www.deleurope.com\\\/fr\\\/connexion-chambres-et-suites\\\/#faq-question-1697826245421\",\"position\":3,\"url\":\"https:\\\/\\\/www.deleurope.com\\\/fr\\\/connexion-chambres-et-suites\\\/#faq-question-1697826245421\",\"name\":\"Si je r\u00e9serve une chambre avec balcon, celui-ci est-il garanti?\",\"answerCount\":1,\"acceptedAnswer\":{\"@type\":\"Answer\",\"text\":\"Oui, si votre confirmation indique un type de chambre avec vue sur la rivi\u00e8re et balcon, cet avantage est garanti.\",\"inLanguage\":\"fr-FR\"},\"inLanguage\":\"fr-FR\"},{\"@type\":\"Question\",\"@id\":\"https:\\\/\\\/www.deleurope.com\\\/fr\\\/connexion-chambres-et-suites\\\/#faq-question-1706188440408\",\"position\":4,\"url\":\"https:\\\/\\\/www.deleurope.com\\\/fr\\\/connexion-chambres-et-suites\\\/#faq-question-1706188440408\",\"name\":\"Puis-je fumer dans la chambre ou sur le balcon?\",\"answerCount\":1,\"acceptedAnswer\":{\"@type\":\"Answer\",\"text\":\"Les chambres sont non-fumeurs ; les balcons sont fumeurs.\",\"inLanguage\":\"fr-FR\"},\"inLanguage\":\"fr-FR\"},{\"@type\":\"Question\",\"@id\":\"https:\\\/\\\/www.deleurope.com\\\/fr\\\/connexion-chambres-et-suites\\\/#faq-question-1706188927586\",\"position\":5,\"url\":\"https:\\\/\\\/www.deleurope.com\\\/fr\\\/connexion-chambres-et-suites\\\/#faq-question-1706188927586\",\"name\":\"Toutes les chambres ont-elles une vue sur la rivi\u00e8re?\",\"answerCount\":1,\"acceptedAnswer\":{\"@type\":\"Answer\",\"text\":\"Toutes les chambres n'ont pas une vue sur la rivi\u00e8re, mais dans toutes les cat\u00e9gories de chambres (\u00e0 l'exception de la cat\u00e9gorie sup\u00e9rieure), vous pouvez choisir une vue sur la rivi\u00e8re moyennant un suppl\u00e9ment, sous r\u00e9serve de disponibilit\u00e9.\",\"inLanguage\":\"fr-FR\"},\"inLanguage\":\"fr-FR\"},{\"@type\":\"Question\",\"@id\":\"https:\\\/\\\/www.deleurope.com\\\/fr\\\/connexion-chambres-et-suites\\\/#faq-question-1706188983287\",\"position\":6,\"url\":\"https:\\\/\\\/www.deleurope.com\\\/fr\\\/connexion-chambres-et-suites\\\/#faq-question-1706188983287\",\"name\":\"Peut-on r\u00e9server des chambres communicantes?\",\"answerCount\":1,\"acceptedAnswer\":{\"@type\":\"Answer\",\"text\":\"Oui, l'h\u00f4tel dispose de plusieurs chambres qui peuvent \u00eatre connect\u00e9es ; veuillez contacter notre d\u00e9partement <a href=\\\"mailto:reservations@deleruope.com\\\" target=\\\"_blank\\\" rel=\\\"noreferrer noopener\\\">reservations@deleurope.com<\\\/a> pour les r\u00e9servations.\",\"inLanguage\":\"fr-FR\"},\"inLanguage\":\"fr-FR\"},{\"@type\":\"Question\",\"@id\":\"https:\\\/\\\/www.deleurope.com\\\/fr\\\/connexion-chambres-et-suites\\\/#faq-question-1697827306389\",\"position\":7,\"url\":\"https:\\\/\\\/www.deleurope.com\\\/fr\\\/connexion-chambres-et-suites\\\/#faq-question-1697827306389\",\"name\":\"Comment puis-je modifier ou annuler ma r\u00e9servation?\",\"answerCount\":1,\"acceptedAnswer\":{\"@type\":\"Answer\",\"text\":\"Pour annuler ou modifier une r\u00e9servation, veuillez nous contacter par courriel ou par t\u00e9l\u00e9phone, ou consulter notre page de r\u00e9servation. Les conditions de r\u00e9servation peuvent varier en fonction du tarif r\u00e9serv\u00e9. \",\"inLanguage\":\"fr-FR\"},\"inLanguage\":\"fr-FR\"},{\"@type\":\"Question\",\"@id\":\"https:\\\/\\\/www.deleurope.com\\\/fr\\\/connexion-chambres-et-suites\\\/#faq-question-1697826231715\",\"position\":8,\"url\":\"https:\\\/\\\/www.deleurope.com\\\/fr\\\/connexion-chambres-et-suites\\\/#faq-question-1697826231715\",\"name\":\"Pourquoi dois-je fournir les d\u00e9tails de ma carte de cr\u00e9dit?\",\"answerCount\":1,\"acceptedAnswer\":{\"@type\":\"Answer\",\"text\":\"Les clients doivent saisir les informations relatives \u00e0 leur carte de cr\u00e9dit pour garantir leur r\u00e9servation. Un d\u00e9p\u00f4t pr\u00e9alable n'est pas n\u00e9cessaire ; la carte de cr\u00e9dit ne sera d\u00e9bit\u00e9e qu'en cas d'annulation tardive.\",\"inLanguage\":\"fr-FR\"},\"inLanguage\":\"fr-FR\"},{\"@type\":\"Question\",\"@id\":\"https:\\\/\\\/www.deleurope.com\\\/fr\\\/connexion-chambres-et-suites\\\/#faq-question-1697827306389\",\"position\":9,\"url\":\"https:\\\/\\\/www.deleurope.com\\\/fr\\\/connexion-chambres-et-suites\\\/#faq-question-1697827306389\",\"name\":\"Est-il possible d'arriver plus t\u00f4t ou de partir plus tard? Si oui, quels sont les co\u00fbts suppl\u00e9mentaires?\",\"answerCount\":1,\"acceptedAnswer\":{\"@type\":\"Answer\",\"text\":\"Cette demande est bas\u00e9e sur la disponibilit\u00e9. Pour garantir un enregistrement anticip\u00e9, nous pouvons r\u00e9server la nuit pr\u00e9c\u00e9dant la date d'arriv\u00e9e afin que les clients puissent acc\u00e9der \u00e0 leur chambre t\u00f4t le matin.\",\"inLanguage\":\"fr-FR\"},\"inLanguage\":\"fr-FR\"},{\"@type\":\"Question\",\"@id\":\"https:\\\/\\\/www.deleurope.com\\\/fr\\\/connexion-chambres-et-suites\\\/#faq-question-1697826231715\",\"position\":10,\"url\":\"https:\\\/\\\/www.deleurope.com\\\/fr\\\/connexion-chambres-et-suites\\\/#faq-question-1697826231715\",\"name\":\"Quelles sont les heures d'arriv\u00e9e et de d\u00e9part \u00e0 De L'Europe?\",\"answerCount\":1,\"acceptedAnswer\":{\"@type\":\"Answer\",\"text\":\"La chambre est disponible \u00e0 partir de 15 heures le jour de l'arriv\u00e9e, et l'heure de d\u00e9part est 12 heures le jour du d\u00e9part. Si vous souhaitez arriver plus t\u00f4t ou partir plus tard, il est possible de demander un enregistrement anticip\u00e9 ou un d\u00e9part tardif en fonction des disponibilit\u00e9s.\",\"inLanguage\":\"fr-FR\"},\"inLanguage\":\"fr-FR\"},{\"@type\":\"Question\",\"@id\":\"https:\\\/\\\/www.deleurope.com\\\/fr\\\/connexion-chambres-et-suites\\\/#faq-question-1697827308476\",\"position\":11,\"url\":\"https:\\\/\\\/www.deleurope.com\\\/fr\\\/connexion-chambres-et-suites\\\/#faq-question-1697827308476\",\"name\":\"Puis-je laisser mes bagages pendant que je d\u00e9couvre Amsterdam ?\",\"answerCount\":1,\"acceptedAnswer\":{\"@type\":\"Answer\",\"text\":\"Nous avons le plaisir d'entreposer les bagages des clients de l'h\u00f4tel dans notre salle \u00e0 bagages ferm\u00e9e \u00e0 cl\u00e9 avant et apr\u00e8s leur s\u00e9jour, ce qui leur permet d'explorer pleinement Amsterdam. Veuillez noter qu'aucune somme d'argent, aucun document de valeur, aucun titre, aucun objet de valeur, aucun objet fragile ou p\u00e9rissable ne doit \u00eatre inclus dans les biens stock\u00e9s. Nous fournissons aux clients une \u00e9tiquette de bagage \u00e0 leur arriv\u00e9e afin de faciliter la r\u00e9cup\u00e9ration de leurs effets personnels.\",\"inLanguage\":\"fr-FR\"},\"inLanguage\":\"fr-FR\"},{\"@type\":\"Question\",\"@id\":\"https:\\\/\\\/www.deleurope.com\\\/fr\\\/connexion-chambres-et-suites\\\/#faq-question-1697827306389\",\"position\":12,\"url\":\"https:\\\/\\\/www.deleurope.com\\\/fr\\\/connexion-chambres-et-suites\\\/#faq-question-1697827306389\",\"name\":\"Existe-t-il un service de navette gratuit entre l'a\u00e9roport et l'h\u00f4tel?\",\"answerCount\":1,\"acceptedAnswer\":{\"@type\":\"Answer\",\"text\":\"Nous n'offrons pas de service de navette a\u00e9roport gratuit. Cependant, notre service de conciergerie peut aider les clients \u00e0 organiser un transport priv\u00e9.\",\"inLanguage\":\"fr-FR\"},\"inLanguage\":\"fr-FR\"},{\"@type\":\"Question\",\"@id\":\"https:\\\/\\\/www.deleurope.com\\\/fr\\\/connexion-chambres-et-suites\\\/#faq-question-1697826231715\",\"position\":13,\"url\":\"https:\\\/\\\/www.deleurope.com\\\/fr\\\/connexion-chambres-et-suites\\\/#faq-question-1697826231715\",\"name\":\"De L'Europe dispose-t-il d'un service de transfert priv\u00e9?\",\"answerCount\":1,\"acceptedAnswer\":{\"@type\":\"Answer\",\"text\":\"Laissez-nous nous occuper de votre transfert avec style gr\u00e2ce \u00e0 notre luxueuse berline. Organisez votre transfert priv\u00e9 en contactant notre \u00e9quipe de concierges \u00e0 l'adresse <a href=\\\"mailto:Concierge@deleurope.com\\\" target=\\\"_blank\\\" rel=\\\"noreferrer noopener\\\">Concierge@deleurope.com<\\\/a>.\",\"inLanguage\":\"fr-FR\"},\"inLanguage\":\"fr-FR\"},{\"@type\":\"Question\",\"@id\":\"https:\\\/\\\/www.deleurope.com\\\/fr\\\/connexion-chambres-et-suites\\\/#faq-question-1706191165865\",\"position\":14,\"url\":\"https:\\\/\\\/www.deleurope.com\\\/fr\\\/connexion-chambres-et-suites\\\/#faq-question-1706191165865\",\"name\":\"Doit-on r\u00e9server un parking \u00e0 l'avance?\",\"answerCount\":1,\"acceptedAnswer\":{\"@type\":\"Answer\",\"text\":\"Les r\u00e9servations de parking ne sont disponibles que pour les clients de l'h\u00f4tel. Il est pr\u00e9f\u00e9rable de pr\u00e9venir \u00e0 l'avance pour obtenir une place de parking.\",\"inLanguage\":\"fr-FR\"},\"inLanguage\":\"fr-FR\"},{\"@type\":\"Question\",\"@id\":\"https:\\\/\\\/www.deleurope.com\\\/fr\\\/connexion-chambres-et-suites\\\/#faq-question-1706191234984\",\"position\":15,\"url\":\"https:\\\/\\\/www.deleurope.com\\\/fr\\\/connexion-chambres-et-suites\\\/#faq-question-1706191234984\",\"name\":\"Comment puis-je utiliser les transports publics pour me rendre \u00e0 l'h\u00f4tel depuis l'a\u00e9roport?\",\"answerCount\":1,\"acceptedAnswer\":{\"@type\":\"Answer\",\"text\":\"Des trains circulent toutes les 15 minutes entre l'a\u00e9roport et la gare centrale d'Amsterdam. Ce trajet dure 17 minutes. Les billets de train peuvent \u00eatre obtenus aux distributeurs de billets situ\u00e9s dans le hall d'arriv\u00e9e de l'a\u00e9roport. Depuis la gare centrale d'Amsterdam, le moyen le plus pratique est de prendre la toute nouvelle ligne de m\u00e9tro Nord-Sud (n\u00b0 52, arr\u00eat : Rokin) ou les tramways 4 et 24 (arr\u00eat : Muntplein). Le trajet de la gare centrale d'Amsterdam \u00e0 l'h\u00f4tel dure 10 minutes, dont 1 minute de marche.\",\"inLanguage\":\"fr-FR\"},\"inLanguage\":\"fr-FR\"},{\"@type\":\"Question\",\"@id\":\"https:\\\/\\\/www.deleurope.com\\\/fr\\\/connexion-chambres-et-suites\\\/#faq-question-1697827308476\",\"position\":16,\"url\":\"https:\\\/\\\/www.deleurope.com\\\/fr\\\/connexion-chambres-et-suites\\\/#faq-question-1697827308476\",\"name\":\"Y a-t-il un acc\u00e8s pour les personnes handicap\u00e9es?\",\"answerCount\":1,\"acceptedAnswer\":{\"@type\":\"Answer\",\"text\":\"De L'Europe Amsterdam est enti\u00e8rement adapt\u00e9 aux fauteuils roulants, avec quatre ascenseurs dans l'h\u00f4tel, un acc\u00e8s au spa pour les fauteuils roulants et des logements accessibles avec des portes plus larges, des lavabos r\u00e9glables en hauteur et des mains courantes. Veuillez mentionner toute demande d'accessibilit\u00e9 lors de votre r\u00e9servation.\",\"inLanguage\":\"fr-FR\"},\"inLanguage\":\"fr-FR\"}]}<\/script>\n<!-- \/ Yoast SEO plugin. -->","yoast_head_json":{"title":"Chambres communicantes et suites familiales \u00e0 Amsterdam - De L'Europe","description":"D\u00e9couvrez l'h\u00e9bergement id\u00e9al pour les familles et les groupes gr\u00e2ce aux options de chambres communicantes et de suites propos\u00e9es par De L'Europe Amsterdam. R\u00e9servez d\u00e8s maintenant.","robots":{"index":"index","follow":"follow","max-snippet":"max-snippet:-1","max-image-preview":"max-image-preview:large","max-video-preview":"max-video-preview:-1"},"canonical":"https:\/\/www.deleurope.com\/fr\/connexion-chambres-et-suites\/","og_locale":"fr_FR","og_type":"article","og_title":"Chambres communicantes et suites familiales \u00e0 Amsterdam - De L'Europe","og_description":"D\u00e9couvrez l'h\u00e9bergement id\u00e9al pour les familles et les groupes gr\u00e2ce aux options de chambres communicantes et de suites propos\u00e9es par De L'Europe Amsterdam. R\u00e9servez d\u00e8s maintenant.","og_url":"https:\/\/www.deleurope.com\/fr\/connexion-chambres-et-suites\/","og_site_name":"De L&#039;Europe Amsterdam","article_modified_time":"2026-01-02T10:56:52+00:00","og_image":[{"width":1680,"height":1119,"url":"https:\/\/www.deleurope.com\/wp-content\/uploads\/2024\/02\/homepage-hero-1.webp","type":"image\/webp"}],"twitter_card":"summary_large_image","twitter_misc":{"Dur\u00e9e de lecture estim\u00e9e":"7 minutes"},"schema":{"@context":"https:\/\/schema.org","@graph":[{"@type":["WebPage","FAQPage"],"@id":"https:\/\/www.deleurope.com\/fr\/connexion-chambres-et-suites\/","url":"https:\/\/www.deleurope.com\/fr\/connexion-chambres-et-suites\/","name":"Chambres communicantes et suites familiales \u00e0 Amsterdam - De L'Europe","isPartOf":{"@id":"https:\/\/www.deleurope.com\/fr\/#website"},"primaryImageOfPage":{"@id":"https:\/\/www.deleurope.com\/fr\/connexion-chambres-et-suites\/#primaryimage"},"image":{"@id":"https:\/\/www.deleurope.com\/fr\/connexion-chambres-et-suites\/#primaryimage"},"thumbnailUrl":"https:\/\/www.deleurope.com\/wp-content\/uploads\/2024\/02\/homepage-hero-1.webp","datePublished":"2024-01-19T16:10:30+00:00","dateModified":"2026-01-02T10:56:52+00:00","description":"D\u00e9couvrez l'h\u00e9bergement id\u00e9al pour les familles et les groupes gr\u00e2ce aux options de chambres communicantes et de suites propos\u00e9es par De L'Europe Amsterdam. R\u00e9servez d\u00e8s maintenant.","breadcrumb":{"@id":"https:\/\/www.deleurope.com\/fr\/connexion-chambres-et-suites\/#breadcrumb"},"mainEntity":[{"@id":"https:\/\/www.deleurope.com\/fr\/connexion-chambres-et-suites\/#faq-question-1697826231715"},{"@id":"https:\/\/www.deleurope.com\/fr\/connexion-chambres-et-suites\/#faq-question-1697827306389"},{"@id":"https:\/\/www.deleurope.com\/fr\/connexion-chambres-et-suites\/#faq-question-1697826245421"},{"@id":"https:\/\/www.deleurope.com\/fr\/connexion-chambres-et-suites\/#faq-question-1706188440408"},{"@id":"https:\/\/www.deleurope.com\/fr\/connexion-chambres-et-suites\/#faq-question-1706188927586"},{"@id":"https:\/\/www.deleurope.com\/fr\/connexion-chambres-et-suites\/#faq-question-1706188983287"},{"@id":"https:\/\/www.deleurope.com\/fr\/connexion-chambres-et-suites\/#faq-question-1697827306389"},{"@id":"https:\/\/www.deleurope.com\/fr\/connexion-chambres-et-suites\/#faq-question-1697826231715"},{"@id":"https:\/\/www.deleurope.com\/fr\/connexion-chambres-et-suites\/#faq-question-1697827306389"},{"@id":"https:\/\/www.deleurope.com\/fr\/connexion-chambres-et-suites\/#faq-question-1697826231715"},{"@id":"https:\/\/www.deleurope.com\/fr\/connexion-chambres-et-suites\/#faq-question-1697827308476"},{"@id":"https:\/\/www.deleurope.com\/fr\/connexion-chambres-et-suites\/#faq-question-1697827306389"},{"@id":"https:\/\/www.deleurope.com\/fr\/connexion-chambres-et-suites\/#faq-question-1697826231715"},{"@id":"https:\/\/www.deleurope.com\/fr\/connexion-chambres-et-suites\/#faq-question-1706191165865"},{"@id":"https:\/\/www.deleurope.com\/fr\/connexion-chambres-et-suites\/#faq-question-1706191234984"},{"@id":"https:\/\/www.deleurope.com\/fr\/connexion-chambres-et-suites\/#faq-question-1697827308476"}],"inLanguage":"fr-FR","potentialAction":[{"@type":"ReadAction","target":["https:\/\/www.deleurope.com\/fr\/connexion-chambres-et-suites\/"]}]},{"@type":"ImageObject","inLanguage":"fr-FR","@id":"https:\/\/www.deleurope.com\/fr\/connexion-chambres-et-suites\/#primaryimage","url":"https:\/\/www.deleurope.com\/wp-content\/uploads\/2024\/02\/homepage-hero-1.webp","contentUrl":"https:\/\/www.deleurope.com\/wp-content\/uploads\/2024\/02\/homepage-hero-1.webp","width":1680,"height":1119},{"@type":"BreadcrumbList","@id":"https:\/\/www.deleurope.com\/fr\/connexion-chambres-et-suites\/#breadcrumb","itemListElement":[{"@type":"ListItem","position":1,"name":"Home","item":"https:\/\/www.deleurope.com\/fr\/"},{"@type":"ListItem","position":2,"name":"Suites communicantes"}]},{"@type":"WebSite","@id":"https:\/\/www.deleurope.com\/fr\/#website","url":"https:\/\/www.deleurope.com\/fr\/","name":"De L&#039;Europe Amsterdam","description":"Home of original Amsterdam luxury.","potentialAction":[{"@type":"SearchAction","target":{"@type":"EntryPoint","urlTemplate":"https:\/\/www.deleurope.com\/fr\/?s={search_term_string}"},"query-input":{"@type":"PropertyValueSpecification","valueRequired":true,"valueName":"search_term_string"}}],"inLanguage":"fr-FR"},{"@type":"Question","@id":"https:\/\/www.deleurope.com\/fr\/connexion-chambres-et-suites\/#faq-question-1697826231715","position":1,"url":"https:\/\/www.deleurope.com\/fr\/connexion-chambres-et-suites\/#faq-question-1697826231715","name":"Disposez-vous de chambres avec balcon et quelles sont les cat\u00e9gories de chambres qui disposent d'un balcon?","answerCount":1,"acceptedAnswer":{"@type":"Answer","text":"Les Junior Suite River View Balcony, Deluxe Suite River View et Prestige Suite River View disposent d'un balcon.","inLanguage":"fr-FR"},"inLanguage":"fr-FR"},{"@type":"Question","@id":"https:\/\/www.deleurope.com\/fr\/connexion-chambres-et-suites\/#faq-question-1697827306389","position":2,"url":"https:\/\/www.deleurope.com\/fr\/connexion-chambres-et-suites\/#faq-question-1697827306389","name":"Les chambres standard peuvent-elles accueillir 3 personnes?","answerCount":1,"acceptedAnswer":{"@type":"Answer","text":"Non, trois personnes peuvent \u00eatre h\u00e9berg\u00e9es \u00e0 partir de nos cat\u00e9gories de suites.","inLanguage":"fr-FR"},"inLanguage":"fr-FR"},{"@type":"Question","@id":"https:\/\/www.deleurope.com\/fr\/connexion-chambres-et-suites\/#faq-question-1697826245421","position":3,"url":"https:\/\/www.deleurope.com\/fr\/connexion-chambres-et-suites\/#faq-question-1697826245421","name":"Si je r\u00e9serve une chambre avec balcon, celui-ci est-il garanti?","answerCount":1,"acceptedAnswer":{"@type":"Answer","text":"Oui, si votre confirmation indique un type de chambre avec vue sur la rivi\u00e8re et balcon, cet avantage est garanti.","inLanguage":"fr-FR"},"inLanguage":"fr-FR"},{"@type":"Question","@id":"https:\/\/www.deleurope.com\/fr\/connexion-chambres-et-suites\/#faq-question-1706188440408","position":4,"url":"https:\/\/www.deleurope.com\/fr\/connexion-chambres-et-suites\/#faq-question-1706188440408","name":"Puis-je fumer dans la chambre ou sur le balcon?","answerCount":1,"acceptedAnswer":{"@type":"Answer","text":"Les chambres sont non-fumeurs ; les balcons sont fumeurs.","inLanguage":"fr-FR"},"inLanguage":"fr-FR"},{"@type":"Question","@id":"https:\/\/www.deleurope.com\/fr\/connexion-chambres-et-suites\/#faq-question-1706188927586","position":5,"url":"https:\/\/www.deleurope.com\/fr\/connexion-chambres-et-suites\/#faq-question-1706188927586","name":"Toutes les chambres ont-elles une vue sur la rivi\u00e8re?","answerCount":1,"acceptedAnswer":{"@type":"Answer","text":"Toutes les chambres n'ont pas une vue sur la rivi\u00e8re, mais dans toutes les cat\u00e9gories de chambres (\u00e0 l'exception de la cat\u00e9gorie sup\u00e9rieure), vous pouvez choisir une vue sur la rivi\u00e8re moyennant un suppl\u00e9ment, sous r\u00e9serve de disponibilit\u00e9.","inLanguage":"fr-FR"},"inLanguage":"fr-FR"},{"@type":"Question","@id":"https:\/\/www.deleurope.com\/fr\/connexion-chambres-et-suites\/#faq-question-1706188983287","position":6,"url":"https:\/\/www.deleurope.com\/fr\/connexion-chambres-et-suites\/#faq-question-1706188983287","name":"Peut-on r\u00e9server des chambres communicantes?","answerCount":1,"acceptedAnswer":{"@type":"Answer","text":"Oui, l'h\u00f4tel dispose de plusieurs chambres qui peuvent \u00eatre connect\u00e9es ; veuillez contacter notre d\u00e9partement <a href=\"mailto:reservations@deleruope.com\" target=\"_blank\" rel=\"noreferrer noopener\">reservations@deleurope.com<\/a> pour les r\u00e9servations.","inLanguage":"fr-FR"},"inLanguage":"fr-FR"},{"@type":"Question","@id":"https:\/\/www.deleurope.com\/fr\/connexion-chambres-et-suites\/#faq-question-1697827306389","position":7,"url":"https:\/\/www.deleurope.com\/fr\/connexion-chambres-et-suites\/#faq-question-1697827306389","name":"Comment puis-je modifier ou annuler ma r\u00e9servation?","answerCount":1,"acceptedAnswer":{"@type":"Answer","text":"Pour annuler ou modifier une r\u00e9servation, veuillez nous contacter par courriel ou par t\u00e9l\u00e9phone, ou consulter notre page de r\u00e9servation. Les conditions de r\u00e9servation peuvent varier en fonction du tarif r\u00e9serv\u00e9. ","inLanguage":"fr-FR"},"inLanguage":"fr-FR"},{"@type":"Question","@id":"https:\/\/www.deleurope.com\/fr\/connexion-chambres-et-suites\/#faq-question-1697826231715","position":8,"url":"https:\/\/www.deleurope.com\/fr\/connexion-chambres-et-suites\/#faq-question-1697826231715","name":"Pourquoi dois-je fournir les d\u00e9tails de ma carte de cr\u00e9dit?","answerCount":1,"acceptedAnswer":{"@type":"Answer","text":"Les clients doivent saisir les informations relatives \u00e0 leur carte de cr\u00e9dit pour garantir leur r\u00e9servation. Un d\u00e9p\u00f4t pr\u00e9alable n'est pas n\u00e9cessaire ; la carte de cr\u00e9dit ne sera d\u00e9bit\u00e9e qu'en cas d'annulation tardive.","inLanguage":"fr-FR"},"inLanguage":"fr-FR"},{"@type":"Question","@id":"https:\/\/www.deleurope.com\/fr\/connexion-chambres-et-suites\/#faq-question-1697827306389","position":9,"url":"https:\/\/www.deleurope.com\/fr\/connexion-chambres-et-suites\/#faq-question-1697827306389","name":"Est-il possible d'arriver plus t\u00f4t ou de partir plus tard? Si oui, quels sont les co\u00fbts suppl\u00e9mentaires?","answerCount":1,"acceptedAnswer":{"@type":"Answer","text":"Cette demande est bas\u00e9e sur la disponibilit\u00e9. Pour garantir un enregistrement anticip\u00e9, nous pouvons r\u00e9server la nuit pr\u00e9c\u00e9dant la date d'arriv\u00e9e afin que les clients puissent acc\u00e9der \u00e0 leur chambre t\u00f4t le matin.","inLanguage":"fr-FR"},"inLanguage":"fr-FR"},{"@type":"Question","@id":"https:\/\/www.deleurope.com\/fr\/connexion-chambres-et-suites\/#faq-question-1697826231715","position":10,"url":"https:\/\/www.deleurope.com\/fr\/connexion-chambres-et-suites\/#faq-question-1697826231715","name":"Quelles sont les heures d'arriv\u00e9e et de d\u00e9part \u00e0 De L'Europe?","answerCount":1,"acceptedAnswer":{"@type":"Answer","text":"La chambre est disponible \u00e0 partir de 15 heures le jour de l'arriv\u00e9e, et l'heure de d\u00e9part est 12 heures le jour du d\u00e9part. Si vous souhaitez arriver plus t\u00f4t ou partir plus tard, il est possible de demander un enregistrement anticip\u00e9 ou un d\u00e9part tardif en fonction des disponibilit\u00e9s.","inLanguage":"fr-FR"},"inLanguage":"fr-FR"},{"@type":"Question","@id":"https:\/\/www.deleurope.com\/fr\/connexion-chambres-et-suites\/#faq-question-1697827308476","position":11,"url":"https:\/\/www.deleurope.com\/fr\/connexion-chambres-et-suites\/#faq-question-1697827308476","name":"Puis-je laisser mes bagages pendant que je d\u00e9couvre Amsterdam ?","answerCount":1,"acceptedAnswer":{"@type":"Answer","text":"Nous avons le plaisir d'entreposer les bagages des clients de l'h\u00f4tel dans notre salle \u00e0 bagages ferm\u00e9e \u00e0 cl\u00e9 avant et apr\u00e8s leur s\u00e9jour, ce qui leur permet d'explorer pleinement Amsterdam. Veuillez noter qu'aucune somme d'argent, aucun document de valeur, aucun titre, aucun objet de valeur, aucun objet fragile ou p\u00e9rissable ne doit \u00eatre inclus dans les biens stock\u00e9s. Nous fournissons aux clients une \u00e9tiquette de bagage \u00e0 leur arriv\u00e9e afin de faciliter la r\u00e9cup\u00e9ration de leurs effets personnels.","inLanguage":"fr-FR"},"inLanguage":"fr-FR"},{"@type":"Question","@id":"https:\/\/www.deleurope.com\/fr\/connexion-chambres-et-suites\/#faq-question-1697827306389","position":12,"url":"https:\/\/www.deleurope.com\/fr\/connexion-chambres-et-suites\/#faq-question-1697827306389","name":"Existe-t-il un service de navette gratuit entre l'a\u00e9roport et l'h\u00f4tel?","answerCount":1,"acceptedAnswer":{"@type":"Answer","text":"Nous n'offrons pas de service de navette a\u00e9roport gratuit. Cependant, notre service de conciergerie peut aider les clients \u00e0 organiser un transport priv\u00e9.","inLanguage":"fr-FR"},"inLanguage":"fr-FR"},{"@type":"Question","@id":"https:\/\/www.deleurope.com\/fr\/connexion-chambres-et-suites\/#faq-question-1697826231715","position":13,"url":"https:\/\/www.deleurope.com\/fr\/connexion-chambres-et-suites\/#faq-question-1697826231715","name":"De L'Europe dispose-t-il d'un service de transfert priv\u00e9?","answerCount":1,"acceptedAnswer":{"@type":"Answer","text":"Laissez-nous nous occuper de votre transfert avec style gr\u00e2ce \u00e0 notre luxueuse berline. Organisez votre transfert priv\u00e9 en contactant notre \u00e9quipe de concierges \u00e0 l'adresse <a href=\"mailto:Concierge@deleurope.com\" target=\"_blank\" rel=\"noreferrer noopener\">Concierge@deleurope.com<\/a>.","inLanguage":"fr-FR"},"inLanguage":"fr-FR"},{"@type":"Question","@id":"https:\/\/www.deleurope.com\/fr\/connexion-chambres-et-suites\/#faq-question-1706191165865","position":14,"url":"https:\/\/www.deleurope.com\/fr\/connexion-chambres-et-suites\/#faq-question-1706191165865","name":"Doit-on r\u00e9server un parking \u00e0 l'avance?","answerCount":1,"acceptedAnswer":{"@type":"Answer","text":"Les r\u00e9servations de parking ne sont disponibles que pour les clients de l'h\u00f4tel. Il est pr\u00e9f\u00e9rable de pr\u00e9venir \u00e0 l'avance pour obtenir une place de parking.","inLanguage":"fr-FR"},"inLanguage":"fr-FR"},{"@type":"Question","@id":"https:\/\/www.deleurope.com\/fr\/connexion-chambres-et-suites\/#faq-question-1706191234984","position":15,"url":"https:\/\/www.deleurope.com\/fr\/connexion-chambres-et-suites\/#faq-question-1706191234984","name":"Comment puis-je utiliser les transports publics pour me rendre \u00e0 l'h\u00f4tel depuis l'a\u00e9roport?","answerCount":1,"acceptedAnswer":{"@type":"Answer","text":"Des trains circulent toutes les 15 minutes entre l'a\u00e9roport et la gare centrale d'Amsterdam. Ce trajet dure 17 minutes. Les billets de train peuvent \u00eatre obtenus aux distributeurs de billets situ\u00e9s dans le hall d'arriv\u00e9e de l'a\u00e9roport. Depuis la gare centrale d'Amsterdam, le moyen le plus pratique est de prendre la toute nouvelle ligne de m\u00e9tro Nord-Sud (n\u00b0 52, arr\u00eat : Rokin) ou les tramways 4 et 24 (arr\u00eat : Muntplein). Le trajet de la gare centrale d'Amsterdam \u00e0 l'h\u00f4tel dure 10 minutes, dont 1 minute de marche.","inLanguage":"fr-FR"},"inLanguage":"fr-FR"},{"@type":"Question","@id":"https:\/\/www.deleurope.com\/fr\/connexion-chambres-et-suites\/#faq-question-1697827308476","position":16,"url":"https:\/\/www.deleurope.com\/fr\/connexion-chambres-et-suites\/#faq-question-1697827308476","name":"Y a-t-il un acc\u00e8s pour les personnes handicap\u00e9es?","answerCount":1,"acceptedAnswer":{"@type":"Answer","text":"De L'Europe Amsterdam est enti\u00e8rement adapt\u00e9 aux fauteuils roulants, avec quatre ascenseurs dans l'h\u00f4tel, un acc\u00e8s au spa pour les fauteuils roulants et des logements accessibles avec des portes plus larges, des lavabos r\u00e9glables en hauteur et des mains courantes. Veuillez mentionner toute demande d'accessibilit\u00e9 lors de votre r\u00e9servation.","inLanguage":"fr-FR"},"inLanguage":"fr-FR"}]}},"featured_image_src":"https:\/\/www.deleurope.com\/wp-content\/uploads\/2024\/02\/homepage-hero-1-600x400.webp","featured_image_src_square":"https:\/\/www.deleurope.com\/wp-content\/uploads\/2024\/02\/homepage-hero-1-600x600.webp","_links":{"self":[{"href":"https:\/\/www.deleurope.com\/fr\/wp-json\/wp\/v2\/pages\/2890","targetHints":{"allow":["GET"]}}],"collection":[{"href":"https:\/\/www.deleurope.com\/fr\/wp-json\/wp\/v2\/pages"}],"about":[{"href":"https:\/\/www.deleurope.com\/fr\/wp-json\/wp\/v2\/types\/page"}],"author":[{"embeddable":true,"href":"https:\/\/www.deleurope.com\/fr\/wp-json\/wp\/v2\/users\/6"}],"replies":[{"embeddable":true,"href":"https:\/\/www.deleurope.com\/fr\/wp-json\/wp\/v2\/comments?post=2890"}],"version-history":[{"count":0,"href":"https:\/\/www.deleurope.com\/fr\/wp-json\/wp\/v2\/pages\/2890\/revisions"}],"wp:featuredmedia":[{"embeddable":true,"href":"https:\/\/www.deleurope.com\/fr\/wp-json\/wp\/v2\/media\/2891"}],"wp:attachment":[{"href":"https:\/\/www.deleurope.com\/fr\/wp-json\/wp\/v2\/media?parent=2890"}],"curies":[{"name":"wp","href":"https:\/\/api.w.org\/{rel}","templated":true}]}}