{"id":2900,"date":"2024-01-21T15:42:26","date_gmt":"2024-01-21T15:42:26","guid":{"rendered":"https:\/\/deleurope.com\/connexion-chambres-et-suites\/suite-penthouse-a-4-chambres\/"},"modified":"2026-02-02T12:33:10","modified_gmt":"2026-02-02T12:33:10","slug":"suite-penthouse-a-4-chambres","status":"publish","type":"page","link":"https:\/\/www.deleurope.com\/fr\/connexion-chambres-et-suites\/suite-penthouse-a-4-chambres\/","title":{"rendered":"La r\u00e9sidence de la famille royale"},"content":{"rendered":"\n<div class=\"wp-block-columns is-layout-flex wp-container-core-columns-is-layout-9d6595d7 wp-block-columns-is-layout-flex\" id=\"header\">\n<div class=\"wp-block-column description-and-button is-layout-flow wp-block-column-is-layout-flow\">\n<p class=\"has-text-align-center rooms-description-white-box has-large-font-size\">La r\u00e9sidence de la famille royale, notre h\u00e9bergement multi-pi\u00e8ces le plus exclusif et le plus vaste, offre une sensation exceptionnelle d&rsquo;espace, d&rsquo;intimit\u00e9 et de grandeur. Cet arrangement distingu\u00e9 comprend 4 suites. Le Penthouse, une chambre Premium Deluxe avec vue sur la rivi\u00e8re, une chambre Premium Deluxe avec lits jumeaux, et une chambre Deluxe, sont dispos\u00e9s de fa\u00e7on judicieuse comme des logements adjacents et accessibles par une entr\u00e9e priv\u00e9e commune.  <br\/><\/p>\n\n\n\n<p class=\"has-text-align-center rooms-description-white-box has-large-font-size\">Au c\u0153ur de la r\u00e9sidence, le Penthouse dispose de la plus grande terrasse priv\u00e9e de l&rsquo;h\u00f4tel, offrant une vue panoramique sur la rivi\u00e8re Amstel et la ville d&rsquo;Amsterdam, un cadre extraordinaire pour se d\u00e9tendre, se divertir ou simplement profiter ensemble du front de mer embl\u00e9matique d&rsquo;Amsterdam.<\/p>\n\n\n\n<div class=\"wp-block-buttons is-content-justification-center is-layout-flex wp-container-core-buttons-is-layout-16018d1d wp-block-buttons-is-layout-flex\">\n<div class=\"wp-block-button is-style-outline book-now is-style-outline--1\"><a class=\"wp-block-button__link has-central-palette-7-color has-central-palette-1-background-color has-text-color has-background has-text-align-center wp-element-button\" href=\"#enquire\" style=\"border-radius:0px;text-transform:uppercase\">ENQUIRE<\/a><\/div>\n<\/div>\n<\/div>\n<\/div>\n\n<div class=\"wp-block-columns gallery-with-caption is-layout-flex wp-container-core-columns-is-layout-9d6595d7 wp-block-columns-is-layout-flex\" id=\"Photo\">\n<div class=\"wp-block-column is-layout-flow wp-block-column-is-layout-flow\">\n<div class=\"wp-block-carousel-slider-slider full-width-carousel\"><div class=\"carousel-slider-outer carousel-slider-outer-image-carousel carousel-slider-outer-1638\" style=\"--carousel-slider-nav-color:#f1f1f1;--carousel-slider-active-nav-color:#00d1b2;--carousel-slider-arrow-size:48px;--carousel-slider-bullet-size:10px\">\n<div id=\"&#039;id-1638\" class=\"carousel-slider carousel-slider-1638 arrows-visibility-hover dots-visibility-never arrows-outside dots-center dots-circle owl-carousel\" data-slide-type=\"image-carousel\" data-owl-settings='{\"nav\":true,\"dots\":false,\"slideBy\":1,\"stagePadding\":0,\"margin\":10,\"loop\":false,\"lazyLoad\":false,\"autoplay\":true,\"autoplayTimeout\":5000,\"autoplaySpeed\":500,\"autoplayHoverPause\":true,\"autoWidth\":false,\"items\":1}'>\n<div class=\"carousel-slider__item\">\n\t<img loading=\"lazy\" decoding=\"async\" width=\"1680\" height=\"820\" src=\"https:\/\/www.deleurope.com\/wp-content\/uploads\/2024\/01\/DLE_261121_42108.jpg\" class=\"attachment-gallery-single-room size-gallery-single-room\" alt=\"\" srcset=\"https:\/\/www.deleurope.com\/wp-content\/uploads\/2024\/01\/DLE_261121_42108.jpg 1680w, https:\/\/www.deleurope.com\/wp-content\/uploads\/2024\/01\/DLE_261121_42108-768x375.jpg 768w, https:\/\/www.deleurope.com\/wp-content\/uploads\/2024\/01\/DLE_261121_42108-1536x750.jpg 1536w\" sizes=\"auto, (max-width: 1680px) 100vw, 1680px\" \/><\/a><\/div>\n\n<div class=\"carousel-slider__item\">\n\t<img loading=\"lazy\" decoding=\"async\" width=\"1680\" height=\"820\" src=\"https:\/\/www.deleurope.com\/wp-content\/uploads\/2024\/01\/DLE_261121_42192.jpg\" class=\"attachment-gallery-single-room size-gallery-single-room\" alt=\"Penthouse Suite - De L&#039;Europe Amsterdam\" srcset=\"https:\/\/www.deleurope.com\/wp-content\/uploads\/2024\/01\/DLE_261121_42192.jpg 1680w, https:\/\/www.deleurope.com\/wp-content\/uploads\/2024\/01\/DLE_261121_42192-768x375.jpg 768w, https:\/\/www.deleurope.com\/wp-content\/uploads\/2024\/01\/DLE_261121_42192-1536x750.jpg 1536w\" sizes=\"auto, (max-width: 1680px) 100vw, 1680px\" \/><\/a><\/div>\n\n<div class=\"carousel-slider__item\">\n\t<img loading=\"lazy\" decoding=\"async\" width=\"1680\" height=\"820\" src=\"https:\/\/www.deleurope.com\/wp-content\/uploads\/2024\/01\/DLE_261121_42073.jpg\" class=\"attachment-gallery-single-room size-gallery-single-room\" alt=\"\" srcset=\"https:\/\/www.deleurope.com\/wp-content\/uploads\/2024\/01\/DLE_261121_42073.jpg 1680w, https:\/\/www.deleurope.com\/wp-content\/uploads\/2024\/01\/DLE_261121_42073-768x375.jpg 768w, https:\/\/www.deleurope.com\/wp-content\/uploads\/2024\/01\/DLE_261121_42073-1536x750.jpg 1536w\" sizes=\"auto, (max-width: 1680px) 100vw, 1680px\" \/><\/a><\/div>\n\n<div class=\"carousel-slider__item\">\n\t<img loading=\"lazy\" decoding=\"async\" width=\"1680\" height=\"820\" src=\"https:\/\/www.deleurope.com\/wp-content\/uploads\/2024\/01\/Royal_Penthouse_Suite_De_LEurope_Amsterdam_05.jpg\" class=\"attachment-gallery-single-room size-gallery-single-room\" alt=\"\" srcset=\"https:\/\/www.deleurope.com\/wp-content\/uploads\/2024\/01\/Royal_Penthouse_Suite_De_LEurope_Amsterdam_05.jpg 1680w, https:\/\/www.deleurope.com\/wp-content\/uploads\/2024\/01\/Royal_Penthouse_Suite_De_LEurope_Amsterdam_05-768x375.jpg 768w, https:\/\/www.deleurope.com\/wp-content\/uploads\/2024\/01\/Royal_Penthouse_Suite_De_LEurope_Amsterdam_05-1536x750.jpg 1536w\" sizes=\"auto, (max-width: 1680px) 100vw, 1680px\" \/><\/a><\/div>\n\n<div class=\"carousel-slider__item\">\n\t<img loading=\"lazy\" decoding=\"async\" width=\"1680\" height=\"820\" src=\"https:\/\/www.deleurope.com\/wp-content\/uploads\/2024\/01\/Balcony-Penthouse-Suite-1680x820.jpg\" class=\"attachment-gallery-single-room size-gallery-single-room\" alt=\"Penthouse Suite - Balcony\" \/><\/a><\/div>\n\n<div class=\"carousel-slider__item\">\n\t<img loading=\"lazy\" decoding=\"async\" width=\"1680\" height=\"820\" src=\"https:\/\/www.deleurope.com\/wp-content\/uploads\/2024\/01\/07.Royal_Penthouse_Suite_De_LEurope_Amsterdam.jpg\" class=\"attachment-gallery-single-room size-gallery-single-room\" alt=\"\" srcset=\"https:\/\/www.deleurope.com\/wp-content\/uploads\/2024\/01\/07.Royal_Penthouse_Suite_De_LEurope_Amsterdam.jpg 1680w, https:\/\/www.deleurope.com\/wp-content\/uploads\/2024\/01\/07.Royal_Penthouse_Suite_De_LEurope_Amsterdam-768x375.jpg 768w, https:\/\/www.deleurope.com\/wp-content\/uploads\/2024\/01\/07.Royal_Penthouse_Suite_De_LEurope_Amsterdam-1536x750.jpg 1536w\" sizes=\"auto, (max-width: 1680px) 100vw, 1680px\" \/><\/a><\/div>\n\n<div class=\"carousel-slider__item\">\n\t<img loading=\"lazy\" decoding=\"async\" width=\"1680\" height=\"820\" src=\"https:\/\/www.deleurope.com\/wp-content\/uploads\/2024\/01\/DLE-Premium_Deluxe_room-2-1.jpg\" class=\"attachment-gallery-single-room size-gallery-single-room\" alt=\"\" srcset=\"https:\/\/www.deleurope.com\/wp-content\/uploads\/2024\/01\/DLE-Premium_Deluxe_room-2-1.jpg 1680w, https:\/\/www.deleurope.com\/wp-content\/uploads\/2024\/01\/DLE-Premium_Deluxe_room-2-1-768x375.jpg 768w, https:\/\/www.deleurope.com\/wp-content\/uploads\/2024\/01\/DLE-Premium_Deluxe_room-2-1-1536x750.jpg 1536w\" sizes=\"auto, (max-width: 1680px) 100vw, 1680px\" \/><\/a><\/div>\n\n<div class=\"carousel-slider__item\">\n\t<img loading=\"lazy\" decoding=\"async\" width=\"1680\" height=\"820\" src=\"https:\/\/www.deleurope.com\/wp-content\/uploads\/2024\/01\/DLE-Premium_Deluxe_room.3.jpg\" class=\"attachment-gallery-single-room size-gallery-single-room\" alt=\"\" srcset=\"https:\/\/www.deleurope.com\/wp-content\/uploads\/2024\/01\/DLE-Premium_Deluxe_room.3.jpg 1680w, https:\/\/www.deleurope.com\/wp-content\/uploads\/2024\/01\/DLE-Premium_Deluxe_room.3-768x375.jpg 768w, https:\/\/www.deleurope.com\/wp-content\/uploads\/2024\/01\/DLE-Premium_Deluxe_room.3-1536x750.jpg 1536w\" sizes=\"auto, (max-width: 1680px) 100vw, 1680px\" \/><\/a><\/div>\n\n<div class=\"carousel-slider__item\">\n\t<img loading=\"lazy\" decoding=\"async\" width=\"1680\" height=\"820\" src=\"https:\/\/www.deleurope.com\/wp-content\/uploads\/2024\/01\/DLE_Dec23_27443.jpg\" class=\"attachment-gallery-single-room size-gallery-single-room\" alt=\"\" srcset=\"https:\/\/www.deleurope.com\/wp-content\/uploads\/2024\/01\/DLE_Dec23_27443.jpg 1680w, https:\/\/www.deleurope.com\/wp-content\/uploads\/2024\/01\/DLE_Dec23_27443-768x375.jpg 768w, https:\/\/www.deleurope.com\/wp-content\/uploads\/2024\/01\/DLE_Dec23_27443-1536x750.jpg 1536w\" sizes=\"auto, (max-width: 1680px) 100vw, 1680px\" \/><\/a><\/div>\n\n<div class=\"carousel-slider__item\">\n\t<img loading=\"lazy\" decoding=\"async\" width=\"1680\" height=\"820\" src=\"https:\/\/www.deleurope.com\/wp-content\/uploads\/2024\/01\/Deluxe_room-1.jpg\" class=\"attachment-gallery-single-room size-gallery-single-room\" alt=\"\" srcset=\"https:\/\/www.deleurope.com\/wp-content\/uploads\/2024\/01\/Deluxe_room-1.jpg 1680w, https:\/\/www.deleurope.com\/wp-content\/uploads\/2024\/01\/Deluxe_room-1-768x375.jpg 768w, https:\/\/www.deleurope.com\/wp-content\/uploads\/2024\/01\/Deluxe_room-1-1536x750.jpg 1536w\" sizes=\"auto, (max-width: 1680px) 100vw, 1680px\" \/><\/a><\/div>\n\n<\/div><!-- .carousel-slider-1638 -->\n<\/div><!-- .carousel-slider-outer-1638 -->\n<\/div>\n\n\n\n<p class=\"caption-gallery\">Veuillez noter que les images ci-dessus refl\u00e8tent le style g\u00e9n\u00e9ral, le d\u00e9cor et l&rsquo;agencement du type de chambre ; de l\u00e9g\u00e8res variations peuvent exister dans les chambres r\u00e9elles de l&rsquo;h\u00f4tel.<\/p>\n<\/div>\n<\/div>\n\n<div class=\"wp-block-columns with-subheader image_left_text_bg_right wrap-2-columns is-layout-flex wp-container-core-columns-is-layout-9d6595d7 wp-block-columns-is-layout-flex\">\n<div class=\"wp-block-column slider-wrap is-layout-flow wp-block-column-is-layout-flow\" style=\"flex-basis:50%\">\n<figure class=\"wp-block-image size-full hide-on-mobile\"><img loading=\"lazy\" decoding=\"async\" width=\"1550\" height=\"1680\" src=\"https:\/\/deleurope.com\/wp-content\/uploads\/2024\/01\/Superior-room-bed-02.jpg\" alt=\"\" class=\"wp-image-1190\" srcset=\"https:\/\/www.deleurope.com\/wp-content\/uploads\/2024\/01\/Superior-room-bed-02.jpg 1550w, https:\/\/www.deleurope.com\/wp-content\/uploads\/2024\/01\/Superior-room-bed-02-768x832.jpg 768w, https:\/\/www.deleurope.com\/wp-content\/uploads\/2024\/01\/Superior-room-bed-02-1417x1536.jpg 1417w\" sizes=\"auto, (max-width: 1550px) 100vw, 1550px\" \/><\/figure>\n<\/div>\n\n\n\n<div class=\"wp-block-column is-vertically-aligned-center middle-align is-layout-flow wp-block-column-is-layout-flow\" style=\"flex-basis:50%\">\n<div class=\"wp-block-columns is-layout-flex wp-container-core-columns-is-layout-9d6595d7 wp-block-columns-is-layout-flex\">\n<div class=\"wp-block-column has-central-palette-4-background-color has-background is-layout-flow wp-block-column-is-layout-flow\">\n<h2 class=\"wp-block-heading has-text-align-center has-extra-large-font-size\">Caract\u00e9ristiques de la pi\u00e8ce <\/h2>\n\n\n\n<ul class=\"wp-block-list\">\n<li><strong>1x Royal Penthouse Suite<\/strong><br\/>&#8211; Grande terrasse avec vue sur la rivi\u00e8re Amstel<br\/>&#8211; Lit King<\/li>\n\n\n\n<li><strong>1x Premium Deluxe Room with River View<\/strong><br\/>&#8211; King Bed<\/li>\n\n\n\n<li><strong>1x Premium Deluxe Room<br\/><\/strong>&#8211; Twin Beds<\/li>\n\n\n\n<li><strong>1x Chambre Deluxe<br\/><\/strong>&#8211; Lit King<\/li>\n\n\n\n<li>Avec vue sur la rivi\u00e8re Amstel, la ville et la cour.<\/li>\n\n\n\n<li>Quatre salles de bains priv\u00e9es<\/li>\n\n\n\n<li>Lit COCO-MAT enti\u00e8rement naturel<\/li>\n\n\n\n<li>Literie en duvet de qualit\u00e9 sup\u00e9rieure avec options d&rsquo;oreiller<\/li>\n\n\n\n<li>Linge de lit en satin 400 fils au pouce carr\u00e9<\/li>\n\n\n\n<li>Serviettes et peignoirs \u00e9pais en \u00e9ponge<\/li>\n\n\n\n<li>Produits de toilette Diptyque<\/li>\n\n\n\n<li>Dyson Supersonic s\u00e8che-cheveux<\/li>\n\n\n\n<li>Service de m\u00e9nage deux fois par jour<\/li>\n\n\n\n<li>Cafeti\u00e8re Nespresso\u00ae avec dosettes gratuites et bar r\u00e9frig\u00e9r\u00e9 dans la chambre<\/li>\n\n\n\n<li>Bouteille d&rsquo;eau gratuite par jour<\/li>\n\n\n\n<li>Coffre-fort avec prise \u00e9lectrique pour les ordinateurs portables<\/li>\n\n\n\n<li>Plancher de salle de bains chauffant<\/li>\n\n\n\n<li>Wifi gratuit \u00e0 haut d\u00e9bit<\/li>\n<\/ul>\n\n\n\n<div class=\"wp-block-buttons is-horizontal is-content-justification-center is-layout-flex wp-container-core-buttons-is-layout-499968f5 wp-block-buttons-is-layout-flex\">\n<div class=\"wp-block-button is-style-outline is-style-outline--2\"><a class=\"wp-block-button__link has-central-palette-1-color has-text-color has-text-align-center wp-element-button\" href=\"#\/booking\/step-1?room=A4S\" style=\"border-radius:0px;text-transform:uppercase\">R\u00c9SERVER<\/a><\/div>\n<\/div>\n<\/div>\n<\/div>\n<\/div>\n<\/div>\n\n<div class=\"wp-block-columns text-on-left wrap-2-columns eat-and-drink-cards is-layout-flex wp-container-core-columns-is-layout-9d6595d7 wp-block-columns-is-layout-flex\" id=\"lifestyle-liasons\">\n<div class=\"wp-block-column is-vertically-aligned-center middle-align is-layout-flow wp-block-column-is-layout-flow\" style=\"flex-basis:50%\">\n<h2 class=\"wp-block-heading has-text-align-center has-extra-large-font-size\" style=\"text-transform:capitalize\">Lifestyle Liaisons<\/h2>\n\n\n\n<div class=\"wp-block-group\"><div class=\"wp-block-group__inner-container is-layout-constrained wp-block-group-is-layout-constrained\">\n<p class=\"has-text-align-center\">Vos liaisons de style de vie, le service de majordome original d&rsquo;Amsterdam, sont ravis de vous accueillir \u00e0 De L&rsquo;Europe Amsterdam, et nous sommes impatients de cr\u00e9er une exp\u00e9rience inoubliable pour vous. En tant qu&rsquo;amoureux du vrai et du beau, ils comprennent que le temps est essentiel &#8211; du temps pour vous, du temps avec vos proches et du temps pour explorer. Vos agents de liaison sont l\u00e0 pour s&rsquo;assurer que votre s\u00e9jour dans la r\u00e9sidence de la famille royale soit encore plus m\u00e9morable.  <\/p>\n<\/div><\/div>\n<\/div>\n\n\n\n<div class=\"wp-block-column slider-wrap padding-left-md is-layout-flow wp-block-column-is-layout-flow\" style=\"flex-basis:50%\">\n<figure class=\"wp-block-image size-large\"><img loading=\"lazy\" decoding=\"async\" width=\"800\" height=\"600\" src=\"https:\/\/www.deleurope.com\/wp-content\/uploads\/2024\/11\/HR_Final_leurope-butlers-322-800x600.jpg\" alt=\"Sc&#xE8;ne ludique d'un porteur g&#xE9;rant une surcharge de bagages, empil&#xE9;s avec humour et vacillant au fur et &#xE0; mesure qu'il navigue dans l'espace.\" class=\"wp-image-6213\" style=\"aspect-ratio:4\/3;object-fit:cover\" srcset=\"https:\/\/www.deleurope.com\/wp-content\/uploads\/2024\/11\/HR_Final_leurope-butlers-322-800x600.jpg 800w, https:\/\/www.deleurope.com\/wp-content\/uploads\/2024\/11\/HR_Final_leurope-butlers-322-400x300.jpg 400w\" sizes=\"auto, (max-width: 800px) 100vw, 800px\" \/><\/figure>\n<\/div>\n<\/div>\n\n<div class=\"wp-block-columns columns_slider_text wrap-2-columns eat-and-drink-cards is-layout-flex wp-container-core-columns-is-layout-9d6595d7 wp-block-columns-is-layout-flex\" id=\"flore\">\n<div class=\"wp-block-column slider-wrap is-layout-flow wp-block-column-is-layout-flow\" style=\"flex-basis:50%\">\n<figure class=\"wp-block-image size-large\"><img loading=\"lazy\" decoding=\"async\" width=\"800\" height=\"600\" src=\"https:\/\/www.deleurope.com\/wp-content\/uploads\/2024\/02\/De-LEurope-Exterior-800x600.webp\" alt=\"\" class=\"wp-image-2674\" style=\"aspect-ratio:4\/3;object-fit:cover\" srcset=\"https:\/\/www.deleurope.com\/wp-content\/uploads\/2024\/02\/De-LEurope-Exterior-800x600.webp 800w, https:\/\/www.deleurope.com\/wp-content\/uploads\/2024\/02\/De-LEurope-Exterior-400x300.webp 400w\" sizes=\"auto, (max-width: 800px) 100vw, 800px\" \/><\/figure>\n<\/div>\n\n\n\n<div class=\"wp-block-column is-vertically-aligned-center middle-align is-layout-flow wp-block-column-is-layout-flow\" style=\"flex-basis:50%\">\n<h2 class=\"wp-block-heading has-text-align-center has-extra-large-font-size\" style=\"text-transform:capitalize\">Multi level Suite<\/h2>\n\n\n\n<div class=\"wp-block-group\"><div class=\"wp-block-group__inner-container is-layout-constrained wp-block-group-is-layout-constrained\">\n<p class=\"has-text-align-center\">La r\u00e9sidence de la famille royale peut \u00eatre agrandie par l&rsquo;ajout d&rsquo;une cinqui\u00e8me chambre, transformant ainsi l&rsquo;agencement existant de quatre chambres en une suite plus spacieuse, sur plusieurs niveaux, pouvant accueillir jusqu&rsquo;\u00e0 10 invit\u00e9s.<\/p>\n\n\n\n<p class=\"has-text-align-center\">Cette pi\u00e8ce suppl\u00e9mentaire est accessible par un escalier interne priv\u00e9 menant \u00e0 l&rsquo;\u00e9tage inf\u00e9rieur, ce qui garantit la discr\u00e9tion et une extension transparente de la r\u00e9sidence principale. La chambre du niveau inf\u00e9rieur peut fonctionner de mani\u00e8re ind\u00e9pendante tout en restant enti\u00e8rement connect\u00e9e \u00e0 la r\u00e9sidence du dessus. <\/p>\n\n\n\n<p class=\"has-text-align-center\">Cette configuration de suite \u00e9largie n&rsquo;est disponible qu&rsquo;en contactant directement notre \u00e9quipe de r\u00e9servation ou de vente, ce qui nous permet d&rsquo;adapter l&rsquo;exp\u00e9rience aux besoins sp\u00e9cifiques des clients et de garantir le plus haut niveau de service.<\/p>\n\n\n\n<div class=\"wp-block-buttons is-horizontal is-content-justification-center is-layout-flex wp-container-core-buttons-is-layout-499968f5 wp-block-buttons-is-layout-flex\">\n<div class=\"wp-block-button is-style-outline is-style-outline--3\"><a class=\"wp-block-button__link has-central-palette-1-color has-text-color has-text-align-center wp-element-button\" href=\"#enquire\" style=\"border-radius:0px;text-transform:uppercase\">Demande<\/a><\/div>\n<\/div>\n<\/div><\/div>\n<\/div>\n<\/div>\n\n<div style=\"height:100px\" aria-hidden=\"true\" class=\"wp-block-spacer\"><\/div>\n\n<div class=\"wp-block-columns carousel-black-editable is-layout-flex wp-container-core-columns-is-layout-9d6595d7 wp-block-columns-is-layout-flex\" id=\"staying-at-de-leurope\">\n<div class=\"wp-block-column has-central-palette-1-background-color has-background is-layout-flow wp-block-column-is-layout-flow\">\n<h2 class=\"wp-block-heading has-text-align-center heading-ampersant big-space-bottom-top has-central-palette-7-color has-text-color has-extra-large-font-size\" style=\"text-transform:capitalize\">Staying at De L\u2019Europe\u2026<\/h2>\n\n\n\n<div class=\"wp-block-carousel-slider-slider\"><div class=\"carousel-slider-outer carousel-slider-outer-hero-banner-slider carousel-slider-outer-777\" style=\"--carousel-slider-nav-color:#f1f1f1;--carousel-slider-active-nav-color:#00d1b2;--carousel-slider-arrow-size:48px;--carousel-slider-bullet-size:10px\">\n<div id=\"&#039;id-777\" class=\"carousel-slider carousel-slider-777 arrows-visibility-always dots-visibility-never arrows-outside dots-center dots-circle owl-carousel\" data-slide-type=\"hero-banner-slider\" data-owl-settings='{\"nav\":true,\"dots\":false,\"slideBy\":1,\"stagePadding\":0,\"margin\":80,\"loop\":false,\"lazyLoad\":false,\"autoplay\":false,\"autoplayTimeout\":5000,\"autoplaySpeed\":500,\"autoplayHoverPause\":false,\"autoWidth\":false,\"responsive\":{\"300\":{\"items\":1},\"576\":{\"items\":1},\"768\":{\"items\":1},\"1024\":{\"items\":1},\"1280\":{\"items\":2},\"1536\":{\"items\":2}}}' data-animation=\"\">\n<div class=\"carousel-slider-hero__cell hero__cell-1\" style=\"--cell-height: \"><div id=\"slide-item-777-1\" class=\"carousel-slider-hero__cell__background\" style=\"background-position:center center;background-size:cover;background-image:url(https:\/\/www.deleurope.com\/wp-content\/uploads\/2023\/10\/2.png);background-color:rgba(0,0,0,0.6)\"><\/div><div class=\"carousel-slider-hero__cell__inner carousel-slider--h-position-center carousel-slider--v-position-middle carousel-slider--text-center\" style=\"padding-top:1rem;padding-right:1rem;padding-bottom:1rem;padding-left:1rem\"><div class=\"carousel-slider-hero__cell__content hidden\" style=\"max-width:100%\" data-animation=\"\"><div class=\"carousel-slider-hero__cell__heading\" style=\"--cs-heading-font-size:40px;--cs-heading-gutter:30px;--cs-heading-color:#ffffff\">Your culinary hub<\/div><div class=\"carousel-slider-hero__cell__description\" style=\"--cs-description-font-size:20px;--cs-description-gutter:30px;--cs-description-color:#ffffff\">Three of the city's finest restaurants under one roof: Michelin-starred restaurant Flore, brasserie Marie, and trattoria Graziella.<\/div><div class=\"carousel-slider-hero__cell__buttons\"><span class=\"carousel-slider-hero__cell__button__one\" style=\"--cs-button-bg-color:#ffffff;--cs-button-color:#323232;--cs-button-border-width:3px;--cs-button-border-radius:0px\"><a class=\"button cs-hero-button cs-hero-button-1-1 cs-hero-button-stroke cs-hero-button-medium\" href=\"https:\/\/www.deleurope.com\/restaurants\/\" target=\"_self\">Read more<\/a><\/span><\/div><\/div><\/div><\/div>\n<div class=\"carousel-slider-hero__cell hero__cell-2\" style=\"--cell-height: \"><div id=\"slide-item-777-2\" class=\"carousel-slider-hero__cell__background\" style=\"background-position:center center;background-size:cover;background-image:url(https:\/\/www.deleurope.com\/wp-content\/uploads\/2025\/11\/De-LEurope-Amsterdam-Biologique-Recherche-2-3-1.png);background-color:rgba(0,0,0,0.6)\"><\/div><div class=\"carousel-slider-hero__cell__inner carousel-slider--h-position-center carousel-slider--v-position-middle carousel-slider--text-center\" style=\"padding-top:1rem;padding-right:1rem;padding-bottom:1rem;padding-left:1rem\"><div class=\"carousel-slider-hero__cell__background_overlay\" style=\"background-color: rgba(0,0,0,0.35);\"><\/div><div class=\"carousel-slider-hero__cell__content hidden\" style=\"max-width:100%\" data-animation=\"\"><div class=\"carousel-slider-hero__cell__heading\" style=\"--cs-heading-font-size:40px;--cs-heading-gutter:30px;--cs-heading-color:#ffffff\">Mind &amp; Body<\/div><div class=\"carousel-slider-hero__cell__description\" style=\"--cs-description-font-size:20px;--cs-description-gutter:30px;--cs-description-color:#ffffff\">Indulge in pampering by our wellness team and experience a range of luxurious treatments and exquisite skincare services.<\/div><div class=\"carousel-slider-hero__cell__buttons\"><span class=\"carousel-slider-hero__cell__button__one\" style=\"--cs-button-bg-color:#ffffff;--cs-button-color:#323232;--cs-button-border-width:3px;--cs-button-border-radius:0px\"><a class=\"button cs-hero-button cs-hero-button-2-1 cs-hero-button-stroke cs-hero-button-medium\" href=\"https:\/\/www.deleurope.com\/spa-wellness\/\" target=\"_self\">Read more<\/a><\/span><\/div><\/div><\/div><\/div>\n<div class=\"carousel-slider-hero__cell hero__cell-3\" style=\"--cell-height: \"><div id=\"slide-item-777-3\" class=\"carousel-slider-hero__cell__background\" style=\"background-position:center center;background-size:cover;background-image:url(https:\/\/www.deleurope.com\/wp-content\/uploads\/2024\/11\/Wine-Cellar-1.jpg);background-color:rgba(0,0,0,0.6)\"><\/div><div class=\"carousel-slider-hero__cell__inner carousel-slider--h-position-center carousel-slider--v-position-middle carousel-slider--text-center\" style=\"padding-top:1rem;padding-right:1rem;padding-bottom:1rem;padding-left:1rem\"><div class=\"carousel-slider-hero__cell__content hidden\" style=\"max-width:100%\" data-animation=\"\"><div class=\"carousel-slider-hero__cell__heading\" style=\"--cs-heading-font-size:40px;--cs-heading-gutter:30px;--cs-heading-color:#ffffff\">Wine Tastings<\/div><div class=\"carousel-slider-hero__cell__description\" style=\"--cs-description-font-size:20px;--cs-description-gutter:30px;--cs-description-color:#ffffff\">Step into a world of refined luxury with our exclusive private wine tasting &amp; cellar experience.<\/div><div class=\"carousel-slider-hero__cell__buttons\"><span class=\"carousel-slider-hero__cell__button__one\" style=\"--cs-button-bg-color:#ffffff;--cs-button-color:#323232;--cs-button-border-width:3px;--cs-button-border-radius:0px\"><a class=\"button cs-hero-button cs-hero-button-3-1 cs-hero-button-stroke cs-hero-button-medium\" href=\"https:\/\/www.deleurope.com\/restaurants\/wine-experience\/\" target=\"_self\">SEE MORE<\/a><\/span><\/div><\/div><\/div><\/div>\n<div class=\"carousel-slider-hero__cell hero__cell-4\" style=\"--cell-height: \"><div id=\"slide-item-777-4\" class=\"carousel-slider-hero__cell__background\" style=\"background-position:center center;background-size:cover;background-image:url(https:\/\/www.deleurope.com\/wp-content\/uploads\/2025\/10\/Afternoon-Tea-De-LEurope.png);background-color:rgba(0,0,0,0.6)\"><\/div><div class=\"carousel-slider-hero__cell__inner carousel-slider--h-position-center carousel-slider--v-position-middle carousel-slider--text-center\" style=\"padding-top:1rem;padding-right:1rem;padding-bottom:1rem;padding-left:1rem\"><div class=\"carousel-slider-hero__cell__content hidden\" style=\"max-width:100%\" data-animation=\"\"><div class=\"carousel-slider-hero__cell__heading\" style=\"--cs-heading-font-size:40px;--cs-heading-gutter:30px;--cs-heading-color:#ffffff\">Afternoon Tea<\/div><div class=\"carousel-slider-hero__cell__description\" style=\"--cs-description-font-size:20px;--cs-description-gutter:30px;--cs-description-color:#ffffff\">Indulge in a refined selection of sandwiches, artisan pastries, and sweets, expertly crafted by our pastry chefs.<\/div><div class=\"carousel-slider-hero__cell__buttons\"><span class=\"carousel-slider-hero__cell__button__one\" style=\"--cs-button-bg-color:#ffffff;--cs-button-color:#323232;--cs-button-border-width:3px;--cs-button-border-radius:0px\"><a class=\"button cs-hero-button cs-hero-button-4-1 cs-hero-button-stroke cs-hero-button-medium\" href=\"https:\/\/www.deleurope.com\/restaurants\/high-tea\/\" target=\"_self\">SEE MORE<\/a><\/span><\/div><\/div><\/div><\/div>\n<\/div><!-- .carousel-slider-777 -->\n<\/div><!-- .carousel-slider-outer-777 -->\n<\/div>\n<\/div>\n<\/div>\n\n<div class=\"wp-block-columns special-request contact-form is-layout-flex wp-container-core-columns-is-layout-9d6595d7 wp-block-columns-is-layout-flex\" id=\"enquire\">\n<div class=\"wp-block-column enquire has-central-palette-11-background-color has-background is-layout-flow wp-block-column-is-layout-flow\">\n<h2 class=\"wp-block-heading has-text-align-center has-extra-large-font-size\">Plus d&rsquo;informations<\/h2>\n\n\n\n<p class=\"has-text-align-center\">Nous sommes ravis de r\u00e9pondre \u00e0 votre demande sp\u00e9ciale et de vous aider \u00e0 effectuer votre r\u00e9servation.<\/p>\n\n\n\n<p class=\"has-text-align-center\">Faites-nous part de vos pr\u00e9f\u00e9rences en mati\u00e8re de chambres ou de suites, et nous organiserons votre exp\u00e9rience de luxe sur mesure.<br\/><br\/><\/p>\n\n\n\n<div class=\"wp-block-contact-form-7-contact-form-selector\">\n<div class=\"wpcf7 no-js\" id=\"wpcf7-f9406-o1\" lang=\"fr-FR\" dir=\"ltr\" data-wpcf7-id=\"9406\">\n<div class=\"screen-reader-response\"><p role=\"status\" aria-live=\"polite\" aria-atomic=\"true\"><\/p> <ul><\/ul><\/div>\n<form action=\"\/fr\/wp-json\/wp\/v2\/pages\/2900#wpcf7-f9406-o1\" method=\"post\" class=\"wpcf7-form init\" aria-label=\"Formulaire de contact\" novalidate=\"novalidate\" data-status=\"init\">\n<fieldset class=\"hidden-fields-container\"><input type=\"hidden\" name=\"_wpcf7\" value=\"9406\" \/><input type=\"hidden\" name=\"_wpcf7_version\" value=\"6.1.5\" \/><input type=\"hidden\" name=\"_wpcf7_locale\" value=\"fr_FR\" \/><input type=\"hidden\" name=\"_wpcf7_unit_tag\" value=\"wpcf7-f9406-o1\" \/><input type=\"hidden\" name=\"_wpcf7_container_post\" value=\"0\" \/><input type=\"hidden\" name=\"_wpcf7_posted_data_hash\" value=\"\" \/>\n<\/fieldset>\n<p><span class=\"wpcf7-form-control-wrap\" data-name=\"firstname\"><input size=\"40\" maxlength=\"400\" class=\"wpcf7-form-control wpcf7-text wpcf7-validates-as-required half\" aria-required=\"true\" aria-invalid=\"false\" placeholder=\"Pr\u00e9nom*\" value=\"\" type=\"text\" name=\"firstname\" \/><\/span><br \/>\n<span class=\"wpcf7-form-control-wrap\" data-name=\"lastname\"><input size=\"40\" maxlength=\"400\" class=\"wpcf7-form-control wpcf7-text wpcf7-validates-as-required half\" aria-required=\"true\" aria-invalid=\"false\" placeholder=\"Nom de famille*\" value=\"\" type=\"text\" name=\"lastname\" \/><\/span><br \/>\n<span class=\"wpcf7-form-control-wrap\" data-name=\"email\"><input size=\"40\" maxlength=\"400\" class=\"wpcf7-form-control wpcf7-email wpcf7-validates-as-required wpcf7-text wpcf7-validates-as-email half\" aria-required=\"true\" aria-invalid=\"false\" placeholder=\"Email*\" value=\"\" type=\"email\" name=\"email\" \/><\/span><br \/>\n<span class=\"wpcf7-form-control-wrap\" data-name=\"telephone\"><input size=\"40\" maxlength=\"400\" class=\"wpcf7-form-control wpcf7-tel wpcf7-validates-as-required wpcf7-text wpcf7-validates-as-tel half\" aria-required=\"true\" aria-invalid=\"false\" placeholder=\"T\u00e9l\u00e9phone*\" value=\"\" type=\"tel\" name=\"telephone\" \/><\/span><br \/>\n<span class=\"wpcf7-form-control-wrap\" data-name=\"country\"><input size=\"40\" maxlength=\"400\" class=\"wpcf7-form-control wpcf7-text half\" aria-invalid=\"false\" placeholder=\"Pays\" value=\"\" type=\"text\" name=\"country\" \/><\/span><br \/>\n<span class=\"wpcf7-form-control-wrap\" data-name=\"hearfromus\"><select class=\"wpcf7-form-control wpcf7-select wpcf7-validates-as-required half\" aria-required=\"true\" aria-invalid=\"false\" name=\"hearfromus\"><option value=\"Nature de la demande?*\">Nature de la demande?*<\/option><option value=\"R\u00e9servations\">R\u00e9servations<\/option><option value=\"Informations\">Informations<\/option><option value=\"Concierge\">Concierge<\/option><option value=\"Spa &amp; Wellness\">Spa &amp; Wellness<\/option><option value=\"Concept Store IN-HUYS\">Concept Store IN-HUYS<\/option><option value=\"Autres\">Autres<\/option><\/select><\/span><br \/>\n<span class=\"wpcf7-form-control-wrap\" data-name=\"textarea-723\"><textarea cols=\"40\" rows=\"10\" maxlength=\"2000\" class=\"wpcf7-form-control wpcf7-textarea full\" aria-invalid=\"false\" placeholder=\"Message\" name=\"textarea-723\"><\/textarea><\/span>\n<\/p>\n<p class=\"privacy-contact\">Ce site est prot\u00e9g\u00e9 par reCAPTCHA et la <a href=\"\/privacy-policy-2\/\">politique de confidentialit\u00e9<\/a> et les <a href=\"\/terms-conditions\/\">conditions de service de<\/a> Google s'appliquent.\n<\/p>\n<p><br \/>\n<input class=\"wpcf7-form-control wpcf7-submit has-spinner\" type=\"submit\" value=\"Envoyer la demande\" \/>\n<\/p><noscript>\n\t\t\t<div class=\"wpcf7-response-output wpcf7-spam-blocked\">Your browser does not support JavaScript!. Please enable javascript in your browser in order to get form work properly.<\/div>\n\t<\/noscript><script type='text\/javascript'>\n\n\t\t\t\t\t\tif(contactform === undefined){\n\t\t\t\t\t\t\tvar contactform = [];\n\t\t\t\t\t\t}\n\t\t\t\t\t\tvar innerVal = [9406,'mail_sent_ok','Merci pour votre message. Il a &eacute;t&eacute; envoy&eacute;.'];\n\t\t\t\t\t\tcontactform.push(innerVal);\n\t\t\t\t\t\tvar innerVal = [9406,'mail_sent_ng','Une erreur s\\&#039;est produite lors de l\\&#039;envoi de votre message. Veuillez r&eacute;essayer plus tard.'];\n\t\t\t\t\t\tcontactform.push(innerVal);\n\t\t\t\t\t\tvar innerVal = [9406,'validation_error','Un ou plusieurs champs comportent une erreur. Veuillez v&eacute;rifier et r&eacute;essayer.'];\n\t\t\t\t\t\tcontactform.push(innerVal);\n\t\t\t\t\t\tvar innerVal = [9406,'spam','Une erreur s\\&#039;est produite lors de l\\&#039;envoi de votre message. Veuillez r&eacute;essayer plus tard.'];\n\t\t\t\t\t\tcontactform.push(innerVal);\n\t\t\t\t\t\tvar innerVal = [9406,'accept_terms','Vous devez accepter les termes et conditions avant d\\&#039;envoyer votre message.'];\n\t\t\t\t\t\tcontactform.push(innerVal);\n\t\t\t\t\t\tvar innerVal = [9406,'invalid_required','Veuillez remplir ce champ.'];\n\t\t\t\t\t\tcontactform.push(innerVal);\n\t\t\t\t\t\tvar innerVal = [9406,'invalid_too_long','Ce champ a une entr&eacute;e trop longue.'];\n\t\t\t\t\t\tcontactform.push(innerVal);\n\t\t\t\t\t\tvar innerVal = [9406,'invalid_too_short','Ce champ a une entr&eacute;e trop courte.'];\n\t\t\t\t\t\tcontactform.push(innerVal);\n\t\t\t\t\t\tvar innerVal = [9406,'upload_failed','Une erreur inconnue s\\&#039;est produite lors du t&eacute;l&eacute;chargement du fichier.'];\n\t\t\t\t\t\tcontactform.push(innerVal);\n\t\t\t\t\t\tvar innerVal = [9406,'upload_file_type_invalid','Vous n\\&#039;&ecirc;tes pas autoris&eacute; &agrave; t&eacute;l&eacute;charger des fichiers de ce type.'];\n\t\t\t\t\t\tcontactform.push(innerVal);\n\t\t\t\t\t\tvar innerVal = [9406,'upload_file_too_large','Le fichier t&eacute;l&eacute;charg&eacute; est trop volumineux.'];\n\t\t\t\t\t\tcontactform.push(innerVal);\n\t\t\t\t\t\tvar innerVal = [9406,'upload_failed_php_error','Une erreur s\\&#039;est produite lors du t&eacute;l&eacute;chargement du fichier.'];\n\t\t\t\t\t\tcontactform.push(innerVal);\n\t\t\t\t\t\tvar innerVal = [9406,'invalid_date','Veuillez saisir une date au format AAAA-MM-JJ.'];\n\t\t\t\t\t\tcontactform.push(innerVal);\n\t\t\t\t\t\tvar innerVal = [9406,'date_too_early','Ce champ a une date trop pr&eacute;coce.'];\n\t\t\t\t\t\tcontactform.push(innerVal);\n\t\t\t\t\t\tvar innerVal = [9406,'date_too_late','Ce champ a une date trop tardive.'];\n\t\t\t\t\t\tcontactform.push(innerVal);\n\t\t\t\t\t\tvar innerVal = [9406,'invalid_number','Veuillez saisir un num&eacute;ro.'];\n\t\t\t\t\t\tcontactform.push(innerVal);\n\t\t\t\t\t\tvar innerVal = [9406,'number_too_small','Ce champ a un nombre trop petit.'];\n\t\t\t\t\t\tcontactform.push(innerVal);\n\t\t\t\t\t\tvar innerVal = [9406,'number_too_large','Ce champ a un nombre trop &eacute;lev&eacute;.'];\n\t\t\t\t\t\tcontactform.push(innerVal);\n\t\t\t\t\t\tvar innerVal = [9406,'quiz_answer_not_correct','La r&eacute;ponse au quiz est incorrecte.'];\n\t\t\t\t\t\tcontactform.push(innerVal);\n\t\t\t\t\t\tvar innerVal = [9406,'invalid_email','Veuillez saisir une adresse &eacute;lectronique.'];\n\t\t\t\t\t\tcontactform.push(innerVal);\n\t\t\t\t\t\tvar innerVal = [9406,'invalid_url','Veuillez saisir une URL.'];\n\t\t\t\t\t\tcontactform.push(innerVal);\n\t\t\t\t\t\tvar innerVal = [9406,'invalid_tel','Veuillez saisir un num&eacute;ro de t&eacute;l&eacute;phone.'];\n\t\t\t\t\t\tcontactform.push(innerVal);\n\t\t\t\t\t\tvar innerVal = [9406,'gdpr',''];\n\t\t\t\t\t\tcontactform.push(innerVal);\n\t\t\t\t\t\t<\/script><div class=\"wpcf7-response-output\" aria-hidden=\"true\"><\/div>\n<\/form>\n<\/div>\n<\/div>\n<\/div>\n<\/div>\n\n<div class=\"wp-block-columns faq-section has-central-palette-9-background-color has-background is-layout-flex wp-container-core-columns-is-layout-9d6595d7 wp-block-columns-is-layout-flex\" id=\"faq\">\n<div class=\"wp-block-column is-layout-flow wp-block-column-is-layout-flow\">\n<div class=\"wp-block-columns is-layout-flex wp-container-core-columns-is-layout-9d6595d7 wp-block-columns-is-layout-flex\">\n<div class=\"wp-block-column is-layout-flow wp-block-column-is-layout-flow\" style=\"flex-basis:24%\">\n<h2 class=\"wp-block-heading has-text-align-center has-extra-large-font-size\">F.A.Q<\/h2>\n\n\n\n<ul class=\"wp-block-list tab-faq-menu\">\n<li class=\"active-li\" style=\"text-transform:uppercase\">H\u00e9bergement<\/li>\n\n\n\n<li style=\"text-transform:uppercase\">Paiements<\/li>\n\n\n\n<li style=\"text-transform:uppercase\">Check-in | Check-out<\/li>\n\n\n\n<li style=\"text-transform:uppercase\">arriver <\/li>\n\n\n\n<li style=\"text-transform:uppercase\">at de l&rsquo;europe<\/li>\n<\/ul>\n<\/div>\n\n\n\n<div class=\"wp-block-column is-layout-flow wp-block-column-is-layout-flow\" style=\"flex-basis:76%\">\n<div class=\"schema-faq wp-block-yoast-faq-block\"><div class=\"schema-faq-section\" id=\"faq-question-1697826231715\"><strong class=\"schema-faq-question\">Disposez-vous de chambres avec balcon et quelles sont les cat\u00e9gories de chambres qui disposent d&rsquo;un balcon?<\/strong> <p class=\"schema-faq-answer\">Les Junior Suite River View Balcony, Deluxe Suite River View et Prestige Suite River View disposent d&rsquo;un balcon.<\/p> <\/div> <div class=\"schema-faq-section\" id=\"faq-question-1697827306389\"><strong class=\"schema-faq-question\"><strong>Les chambres sup\u00e9rieures peuvent-elles accueillir trois personnes ?<\/strong><\/strong> <p class=\"schema-faq-answer\">Pour le confort de nos h\u00f4tes, les chambres sup\u00e9rieures peuvent accueillir jusqu&rsquo;\u00e0 deux personnes. Les groupes de trois personnes sont les bienvenus dans nos suites, qui offrent plus d&rsquo;espace. <\/p> <\/div> <div class=\"schema-faq-section\" id=\"faq-question-1697826245421\"><strong class=\"schema-faq-question\">Si je r\u00e9serve une chambre avec balcon, celui-ci est-il garanti?<\/strong> <p class=\"schema-faq-answer\">Oui, si votre confirmation indique un type de chambre avec vue sur la rivi\u00e8re et balcon, cet avantage est garanti.<\/p> <\/div> <div class=\"schema-faq-section\" id=\"faq-question-1697827308476\"><strong class=\"schema-faq-question\"><strong>Quel est le type de chambres communicantes de l&rsquo;h\u00f4tel De L&rsquo;Europe ?<\/strong><\/strong> <p class=\"schema-faq-answer\">L&rsquo;h\u00f4tel dispose de plusieurs chambres qui peuvent \u00eatre reli\u00e9es entre elles, cr\u00e9ant ainsi un hall d&rsquo;entr\u00e9e combin\u00e9 priv\u00e9. Please contact our <a href=\"mailto:reservations@deleruope.com\" target=\"_blank\" rel=\"noreferrer noopener\">reservations@deleurope.co<\/a><a href=\"mailto:reservations@deleurope.com\" target=\"_blank\" rel=\"noreferrer noopener\">m<\/a> department for bookings.<\/p> <\/div> <div class=\"schema-faq-section\" id=\"faq-question-1706188440408\"><strong class=\"schema-faq-question\">Puis-je fumer dans la chambre ou sur le balcon?<\/strong> <p class=\"schema-faq-answer\">Il est interdit de fumer dans les chambres et \u00e0 l&rsquo;int\u00e9rieur de l&rsquo;h\u00f4tel. Les clients peuvent fumer \u00e0 l&rsquo;ext\u00e9rieur de l&rsquo;h\u00f4tel ou sur les balcons \u00e0 condition que la porte du balcon soit ferm\u00e9e. <\/p> <\/div> <div class=\"schema-faq-section\" id=\"faq-question-1706188861035\"><strong class=\"schema-faq-question\">Quel est le co\u00fbt du petit-d\u00e9jeuner pour une personne?<\/strong> <p class=\"schema-faq-answer\">Le prix du petit-d\u00e9jeuner est de 57 \u20ac par personne.<\/p> <\/div> <div class=\"schema-faq-section\" id=\"faq-question-1706188889187\"><strong class=\"schema-faq-question\">Est-il possible d&rsquo;avoir un lit suppl\u00e9mentaire dans la chambre?<\/strong> <p class=\"schema-faq-answer\">Oui, un lit suppl\u00e9mentaire peut \u00eatre fourni pour 95 \u20ac, petit d\u00e9jeuner compris et taxe de s\u00e9jour non comprise.<\/p> <\/div> <div class=\"schema-faq-section\" id=\"faq-question-1706188927586\"><strong class=\"schema-faq-question\">Toutes les chambres ont-elles une vue sur la rivi\u00e8re?<\/strong> <p class=\"schema-faq-answer\">Toutes les chambres n&rsquo;ont pas une vue sur la rivi\u00e8re, mais dans toutes les cat\u00e9gories de chambres (\u00e0 l&rsquo;exception de la cat\u00e9gorie sup\u00e9rieure), vous pouvez choisir une vue sur la rivi\u00e8re moyennant un suppl\u00e9ment, sous r\u00e9serve de disponibilit\u00e9.<\/p> <\/div> <\/div>\n\n\n\n<div class=\"schema-faq wp-block-yoast-faq-block\"><div class=\"schema-faq-section\" id=\"faq-question-1697827306389\"><strong class=\"schema-faq-question\">Comment puis-je modifier ou annuler ma r\u00e9servation?<\/strong> <p class=\"schema-faq-answer\">Pour annuler ou modifier une r\u00e9servation, veuillez nous contacter par courrier \u00e9lectronique ou par t\u00e9l\u00e9phone. L&rsquo;annulation est gratuite si elle est notifi\u00e9e avant 15 heures, un jour (24 heures) avant la date d&rsquo;arriv\u00e9e, \u00e0 l&rsquo;exclusion des tarifs non remboursables.<\/p> <\/div> <div class=\"schema-faq-section\" id=\"faq-question-1697826231715\"><strong class=\"schema-faq-question\">Pourquoi dois-je fournir les d\u00e9tails de ma carte de cr\u00e9dit?<\/strong> <p class=\"schema-faq-answer\">Les clients doivent saisir les informations relatives \u00e0 leur carte de cr\u00e9dit pour garantir leur r\u00e9servation. Un d\u00e9p\u00f4t pr\u00e9alable n&rsquo;est pas n\u00e9cessaire ; la carte de cr\u00e9dit ne sera d\u00e9bit\u00e9e qu&rsquo;en cas d&rsquo;annulation tardive.<\/p> <\/div> <div class=\"schema-faq-section\" id=\"faq-question-1697827308476\"><strong class=\"schema-faq-question\">Pourquoi est-ce que je re\u00e7ois un lien de paiement avant mon s\u00e9jour?<\/strong> <p class=\"schema-faq-answer\">Si vous avez r\u00e9serv\u00e9 un tarif non remboursable, nous envoyons un lien de paiement imm\u00e9diatement apr\u00e8s votre r\u00e9servation pour la confirmer. En effet, le taux offre une r\u00e9duction mais exige un paiement imm\u00e9diat. L&rsquo;annulation ou la modification n&rsquo;est pas possible sans frais. Le lien de paiement est valable 72 heures.<\/p> <\/div> <div class=\"schema-faq-section\" id=\"faq-question-1697826245421\"><strong class=\"schema-faq-question\">Quelle est la politique de paiement de De L&rsquo;Europe?<\/strong> <p class=\"schema-faq-answer\">Une garantie par carte de cr\u00e9dit est exig\u00e9e pour toute r\u00e9servation de chambre. \u00c0 l&rsquo;arriv\u00e9e, la carte peut faire l&rsquo;objet d&rsquo;une pr\u00e9-autorisation pour les frais de chambre et les frais accessoires, avec une pr\u00e9-autorisation maximale de 450 euros. Si vous payez en esp\u00e8ces \u00e0 l&rsquo;arriv\u00e9e, une caution de 150 euros par nuit (jusqu&rsquo;\u00e0 450 euros) est demand\u00e9e pour les nuits de chambre. La partie non utilis\u00e9e de la caution est rembours\u00e9e au moment du paiement. Les esp\u00e8ces et les principales cartes de cr\u00e9dit sont accept\u00e9es, Apple Pay \u00e9tant accept\u00e9 \u00e0 partir du 1er avril dans les points de vente F&amp;B et \u00e0 l&rsquo;h\u00f4tel.<\/p> <\/div> <\/div>\n\n\n\n<div class=\"schema-faq wp-block-yoast-faq-block\"><div class=\"schema-faq-section\" id=\"faq-question-1697827306389\"><strong class=\"schema-faq-question\">Est-il possible d&rsquo;arriver plus t\u00f4t ou de partir plus tard? Si oui, quels sont les co\u00fbts suppl\u00e9mentaires?<\/strong> <p class=\"schema-faq-answer\">Cette demande est bas\u00e9e sur la disponibilit\u00e9. Pour garantir un enregistrement anticip\u00e9, nous pouvons r\u00e9server la nuit pr\u00e9c\u00e9dant la date d&rsquo;arriv\u00e9e afin que les clients puissent acc\u00e9der \u00e0 leur chambre t\u00f4t le matin.<\/p> <\/div> <div class=\"schema-faq-section\" id=\"faq-question-1697826231715\"><strong class=\"schema-faq-question\">Quelles sont les heures d&rsquo;arriv\u00e9e et de d\u00e9part \u00e0 De L&rsquo;Europe?<\/strong> <p class=\"schema-faq-answer\">La chambre est disponible \u00e0 partir de 15 heures le jour de l&rsquo;arriv\u00e9e, et l&rsquo;heure de d\u00e9part est 12 heures le jour du d\u00e9part. Si vous souhaitez arriver plus t\u00f4t ou partir plus tard, il est possible de demander un enregistrement anticip\u00e9 ou un d\u00e9part tardif en fonction des disponibilit\u00e9s.<\/p> <\/div> <div class=\"schema-faq-section\" id=\"faq-question-1697827308476\"><strong class=\"schema-faq-question\">Puis-je laisser mes bagages pendant que je d\u00e9couvre Amsterdam ?<\/strong> <p class=\"schema-faq-answer\">Nous avons le plaisir d&rsquo;entreposer les bagages des clients de l&rsquo;h\u00f4tel dans notre salle \u00e0 bagages ferm\u00e9e \u00e0 cl\u00e9 avant et apr\u00e8s leur s\u00e9jour, ce qui leur permet d&rsquo;explorer pleinement Amsterdam. Veuillez noter qu&rsquo;aucune somme d&rsquo;argent, aucun document de valeur, aucun titre, aucun objet de valeur, aucun objet fragile ou p\u00e9rissable ne doit \u00eatre inclus dans les biens stock\u00e9s. Nous fournissons aux clients une \u00e9tiquette de bagage \u00e0 leur arriv\u00e9e afin de faciliter la r\u00e9cup\u00e9ration de leurs effets personnels.<\/p> <\/div> <\/div>\n\n\n\n<div class=\"schema-faq wp-block-yoast-faq-block\"><div class=\"schema-faq-section\" id=\"faq-question-1697827306389\"><strong class=\"schema-faq-question\">Existe-t-il un service de navette gratuit entre l&rsquo;a\u00e9roport et l&rsquo;h\u00f4tel?<\/strong> <p class=\"schema-faq-answer\">Nous n&rsquo;offrons pas de service de navette a\u00e9roport gratuit. Cependant, notre service de conciergerie peut aider les clients \u00e0 organiser un transport priv\u00e9.<\/p> <\/div> <div class=\"schema-faq-section\" id=\"faq-question-1697826231715\"><strong class=\"schema-faq-question\">De L&rsquo;Europe dispose-t-il d&rsquo;un service de transfert priv\u00e9 ?<\/strong> <p class=\"schema-faq-answer\">Laissez-nous nous occuper de votre transfert avec style gr\u00e2ce \u00e0 notre luxueuse berline. Organisez votre transfert priv\u00e9 en contactant notre \u00e9quipe de concierges \u00e0 l&rsquo;adresse <a href=\"mailto:Concierge@deleurope.com\" target=\"_blank\" rel=\"noreferrer noopener\">Concierge@deleurope.com<\/a>.<\/p> <\/div> <div class=\"schema-faq-section\" id=\"faq-question-1706191165865\"><strong class=\"schema-faq-question\">Doit-on r\u00e9server un parking \u00e0 l&rsquo;avance?<\/strong> <p class=\"schema-faq-answer\">Les r\u00e9servations de parking ne sont disponibles que pour les clients de l&rsquo;h\u00f4tel. Il est pr\u00e9f\u00e9rable de pr\u00e9venir \u00e0 l&rsquo;avance pour obtenir une place de parking.<\/p> <\/div> <div class=\"schema-faq-section\" id=\"faq-question-1706191215791\"><strong class=\"schema-faq-question\">Disposez-vous d&rsquo;un parking pour les clients internes et quel en est le co\u00fbt?<\/strong> <p class=\"schema-faq-answer\">Un parking est disponible pour les clients de l&rsquo;h\u00f4tel au prix de 75 euros par voiture et par jour.<\/p> <\/div> <div class=\"schema-faq-section\" id=\"faq-question-1706191234984\"><strong class=\"schema-faq-question\">Comment puis-je utiliser les transports publics pour me rendre \u00e0 l&rsquo;h\u00f4tel depuis l&rsquo;a\u00e9roport?<\/strong> <p class=\"schema-faq-answer\">Des trains circulent toutes les 15 minutes entre l&rsquo;a\u00e9roport et la gare centrale d&rsquo;Amsterdam. Ce trajet dure 17 minutes euros. Les billets de train peuvent \u00eatre obtenus aux distributeurs de billets situ\u00e9s dans le hall d&rsquo;arriv\u00e9e de l&rsquo;a\u00e9roport. Depuis la gare centrale d&rsquo;Amsterdam, le moyen le plus pratique est de prendre la toute nouvelle ligne de m\u00e9tro Nord-Sud (n\u00b0 52, arr\u00eat : Rokin) ou les tramways 4 et 24 (arr\u00eat : Muntplein). Le trajet de la gare centrale d&rsquo;Amsterdam \u00e0 l&rsquo;h\u00f4tel dure 10 minutes, dont 1 minute de marche.<\/p> <\/div> <\/div>\n\n\n\n<div class=\"schema-faq wp-block-yoast-faq-block\"><div class=\"schema-faq-section\" id=\"faq-question-1697827306389\"><strong class=\"schema-faq-question\">Quels sont les frais li\u00e9s \u00e0 la venue d&rsquo;un animal de compagnie?<\/strong> <p class=\"schema-faq-answer\">Les frais de nettoyage pour les animaux domestiques s&rsquo;\u00e9l\u00e8vent \u00e0 65 euros par jour et par animal.<\/p> <\/div> <div class=\"schema-faq-section\" id=\"faq-question-1697826231715\"><strong class=\"schema-faq-question\">Quelle est la politique \u00e0 l&rsquo;\u00e9gard des enfants \u00e0 De L&rsquo;Europe Amsterdam?<\/strong> <p class=\"schema-faq-answer\">Petit d\u00e9jeuner : Les enfants de 0 \u00e0 3 ans b\u00e9n\u00e9ficient d&rsquo;un petit-d\u00e9jeuner gratuit. Pour les enfants \u00e2g\u00e9s de 4 \u00e0 8 ans, le petit d\u00e9jeuner est disponible au prix de 26 \u20ac. Les clients \u00e2g\u00e9s de 9 ans et plus peuvent prendre le petit d\u00e9jeuner au tarif normal de 57 \u20ac.<br\/>Lit d&rsquo;appoint : De L&rsquo;Europe met gratuitement un lit d&rsquo;appoint \u00e0 la disposition des enfants jusqu&rsquo;\u00e0 12 ans. <\/p> <\/div> <div class=\"schema-faq-section\" id=\"faq-question-1697827308476\"><strong class=\"schema-faq-question\">Y a-t-il un acc\u00e8s pour les personnes handicap\u00e9es?<\/strong> <p class=\"schema-faq-answer\">L&rsquo;h\u00f4tel De L&rsquo;Europe Amsterdam est adapt\u00e9 aux fauteuils roulants, avec quatre ascenseurs dans l&rsquo;h\u00f4tel, un acc\u00e8s au spa pour les fauteuils roulants, et des logements accessibles avec des portes plus larges, des lavabos r\u00e9glables en hauteur et des mains courantes. Veuillez mentionner toute demande d&rsquo;accessibilit\u00e9 lors de votre r\u00e9servation.<\/p> <\/div> <div class=\"schema-faq-section\" id=\"faq-question-1706191165865\"><strong class=\"schema-faq-question\">De L&rsquo;Europe offre-t-elle des bons d&rsquo;achat?<\/strong> <p class=\"schema-faq-answer\">Oui, nous pouvons organiser des ch\u00e8ques-cadeaux personnalis\u00e9s pour De L&rsquo;Europe ainsi que pour nos sites. Rendez-vous \u00e0 notre r\u00e9ception\/conciergerie ou contactez-nous pour obtenir un ch\u00e8que-cadeau personnalis\u00e9.<\/p> <\/div> <div class=\"schema-faq-section\" id=\"faq-question-1706191215791\"><strong class=\"schema-faq-question\">Quelles sont les heures d&rsquo;ouverture de De L&rsquo;Europe Amsterdam?<\/strong> <p class=\"schema-faq-answer\">L&rsquo;h\u00f4tel De L&rsquo;Europe Amsterdam est ouvert 24 heures sur 24 et la r\u00e9ception est ouverte 24 heures sur 24 et 7 jours sur 7. Les restaurants et les bars de l&rsquo;h\u00f4tel De L&rsquo;Europe vous accueillent chaleureusement. Veuillez consulter le site web correspondant ou notre \u00e9quipe de concierges pour conna\u00eetre les heures d&rsquo;ouverture. <\/p> <\/div> <\/div>\n<\/div>\n<\/div>\n<\/div>\n<\/div>\n","protected":false},"excerpt":{"rendered":"<p>La r\u00e9sidence de la famille royale, notre h\u00e9bergement multi-pi\u00e8ces le plus exclusif et le plus vaste, offre une sensation exceptionnelle d&rsquo;espace, d&rsquo;intimit\u00e9 et de grandeur. Cet arrangement distingu\u00e9 comprend 4 suites. Le Penthouse, une chambre Premium Deluxe avec vue sur la rivi\u00e8re, une chambre Premium Deluxe avec lits jumeaux, et une chambre Deluxe, sont dispos\u00e9s [&hellip;]<\/p>\n","protected":false},"author":17,"featured_media":2907,"parent":2890,"menu_order":1,"comment_status":"closed","ping_status":"closed","template":"","meta":{"_acf_changed":false,"footnotes":""},"class_list":["post-2900","page","type-page","status-publish","has-post-thumbnail","hentry"],"acf":[],"yoast_head":"<!-- This site is optimized with the Yoast SEO plugin v27.3 - https:\/\/yoast.com\/product\/yoast-seo-wordpress\/ -->\n<title>R\u00e9sidence de la famille royale | Amsterdam | De L&#039;Europe<\/title>\n<meta name=\"description\" content=\"Faites l&#039;exp\u00e9rience d&#039;un luxe in\u00e9gal\u00e9 dans la vaste suite familiale de 4 chambres \u00e0 coucher de l&#039;h\u00f4tel De L&#039;Europe Amsterdam, qui offre une vue imprenable.\" \/>\n<meta name=\"robots\" content=\"index, follow, max-snippet:-1, max-image-preview:large, max-video-preview:-1\" \/>\n<link rel=\"canonical\" href=\"https:\/\/www.deleurope.com\/fr\/connexion-chambres-et-suites\/suite-penthouse-a-4-chambres\/\" \/>\n<meta property=\"og:locale\" content=\"fr_FR\" \/>\n<meta property=\"og:type\" content=\"article\" \/>\n<meta property=\"og:title\" content=\"R\u00e9sidence de la famille royale | Amsterdam | De L&#039;Europe\" \/>\n<meta property=\"og:description\" content=\"Faites l&#039;exp\u00e9rience d&#039;un luxe in\u00e9gal\u00e9 dans la vaste suite familiale de 4 chambres \u00e0 coucher de l&#039;h\u00f4tel De L&#039;Europe Amsterdam, qui offre une vue imprenable.\" \/>\n<meta property=\"og:url\" content=\"https:\/\/www.deleurope.com\/fr\/connexion-chambres-et-suites\/suite-penthouse-a-4-chambres\/\" \/>\n<meta property=\"og:site_name\" content=\"De L&#039;Europe Amsterdam\" \/>\n<meta property=\"article:modified_time\" content=\"2026-02-02T12:33:10+00:00\" \/>\n<meta property=\"og:image\" content=\"https:\/\/www.deleurope.com\/wp-content\/uploads\/2024\/01\/DLE_261121_42192.jpg\" \/>\n\t<meta property=\"og:image:width\" content=\"1680\" \/>\n\t<meta property=\"og:image:height\" content=\"820\" \/>\n\t<meta property=\"og:image:type\" content=\"image\/jpeg\" \/>\n<meta name=\"twitter:card\" content=\"summary_large_image\" \/>\n<meta name=\"twitter:label1\" content=\"Dur\u00e9e de lecture estim\u00e9e\" \/>\n\t<meta name=\"twitter:data1\" content=\"8 minutes\" \/>\n<script type=\"application\/ld+json\" class=\"yoast-schema-graph\">{\"@context\":\"https:\\\/\\\/schema.org\",\"@graph\":[{\"@type\":[\"WebPage\",\"FAQPage\"],\"@id\":\"https:\\\/\\\/www.deleurope.com\\\/fr\\\/connexion-chambres-et-suites\\\/suite-penthouse-a-4-chambres\\\/\",\"url\":\"https:\\\/\\\/www.deleurope.com\\\/fr\\\/connexion-chambres-et-suites\\\/suite-penthouse-a-4-chambres\\\/\",\"name\":\"R\u00e9sidence de la famille royale | Amsterdam | De L'Europe\",\"isPartOf\":{\"@id\":\"https:\\\/\\\/www.deleurope.com\\\/fr\\\/#website\"},\"primaryImageOfPage\":{\"@id\":\"https:\\\/\\\/www.deleurope.com\\\/fr\\\/connexion-chambres-et-suites\\\/suite-penthouse-a-4-chambres\\\/#primaryimage\"},\"image\":{\"@id\":\"https:\\\/\\\/www.deleurope.com\\\/fr\\\/connexion-chambres-et-suites\\\/suite-penthouse-a-4-chambres\\\/#primaryimage\"},\"thumbnailUrl\":\"https:\\\/\\\/www.deleurope.com\\\/wp-content\\\/uploads\\\/2024\\\/01\\\/DLE_261121_42192.jpg\",\"datePublished\":\"2024-01-21T15:42:26+00:00\",\"dateModified\":\"2026-02-02T12:33:10+00:00\",\"description\":\"Faites l'exp\u00e9rience d'un luxe in\u00e9gal\u00e9 dans la vaste suite familiale de 4 chambres \u00e0 coucher de l'h\u00f4tel De L'Europe Amsterdam, qui offre une vue imprenable.\",\"breadcrumb\":{\"@id\":\"https:\\\/\\\/www.deleurope.com\\\/fr\\\/connexion-chambres-et-suites\\\/suite-penthouse-a-4-chambres\\\/#breadcrumb\"},\"mainEntity\":[{\"@id\":\"https:\\\/\\\/www.deleurope.com\\\/fr\\\/connexion-chambres-et-suites\\\/suite-penthouse-a-4-chambres\\\/#faq-question-1697826231715\"},{\"@id\":\"https:\\\/\\\/www.deleurope.com\\\/fr\\\/connexion-chambres-et-suites\\\/suite-penthouse-a-4-chambres\\\/#faq-question-1697827306389\"},{\"@id\":\"https:\\\/\\\/www.deleurope.com\\\/fr\\\/connexion-chambres-et-suites\\\/suite-penthouse-a-4-chambres\\\/#faq-question-1697826245421\"},{\"@id\":\"https:\\\/\\\/www.deleurope.com\\\/fr\\\/connexion-chambres-et-suites\\\/suite-penthouse-a-4-chambres\\\/#faq-question-1697827308476\"},{\"@id\":\"https:\\\/\\\/www.deleurope.com\\\/fr\\\/connexion-chambres-et-suites\\\/suite-penthouse-a-4-chambres\\\/#faq-question-1706188440408\"},{\"@id\":\"https:\\\/\\\/www.deleurope.com\\\/fr\\\/connexion-chambres-et-suites\\\/suite-penthouse-a-4-chambres\\\/#faq-question-1706188861035\"},{\"@id\":\"https:\\\/\\\/www.deleurope.com\\\/fr\\\/connexion-chambres-et-suites\\\/suite-penthouse-a-4-chambres\\\/#faq-question-1706188889187\"},{\"@id\":\"https:\\\/\\\/www.deleurope.com\\\/fr\\\/connexion-chambres-et-suites\\\/suite-penthouse-a-4-chambres\\\/#faq-question-1706188927586\"},{\"@id\":\"https:\\\/\\\/www.deleurope.com\\\/fr\\\/connexion-chambres-et-suites\\\/suite-penthouse-a-4-chambres\\\/#faq-question-1697827306389\"},{\"@id\":\"https:\\\/\\\/www.deleurope.com\\\/fr\\\/connexion-chambres-et-suites\\\/suite-penthouse-a-4-chambres\\\/#faq-question-1697826231715\"},{\"@id\":\"https:\\\/\\\/www.deleurope.com\\\/fr\\\/connexion-chambres-et-suites\\\/suite-penthouse-a-4-chambres\\\/#faq-question-1697827308476\"},{\"@id\":\"https:\\\/\\\/www.deleurope.com\\\/fr\\\/connexion-chambres-et-suites\\\/suite-penthouse-a-4-chambres\\\/#faq-question-1697826245421\"},{\"@id\":\"https:\\\/\\\/www.deleurope.com\\\/fr\\\/connexion-chambres-et-suites\\\/suite-penthouse-a-4-chambres\\\/#faq-question-1697827306389\"},{\"@id\":\"https:\\\/\\\/www.deleurope.com\\\/fr\\\/connexion-chambres-et-suites\\\/suite-penthouse-a-4-chambres\\\/#faq-question-1697826231715\"},{\"@id\":\"https:\\\/\\\/www.deleurope.com\\\/fr\\\/connexion-chambres-et-suites\\\/suite-penthouse-a-4-chambres\\\/#faq-question-1697827308476\"},{\"@id\":\"https:\\\/\\\/www.deleurope.com\\\/fr\\\/connexion-chambres-et-suites\\\/suite-penthouse-a-4-chambres\\\/#faq-question-1697827306389\"},{\"@id\":\"https:\\\/\\\/www.deleurope.com\\\/fr\\\/connexion-chambres-et-suites\\\/suite-penthouse-a-4-chambres\\\/#faq-question-1697826231715\"},{\"@id\":\"https:\\\/\\\/www.deleurope.com\\\/fr\\\/connexion-chambres-et-suites\\\/suite-penthouse-a-4-chambres\\\/#faq-question-1706191165865\"},{\"@id\":\"https:\\\/\\\/www.deleurope.com\\\/fr\\\/connexion-chambres-et-suites\\\/suite-penthouse-a-4-chambres\\\/#faq-question-1706191215791\"},{\"@id\":\"https:\\\/\\\/www.deleurope.com\\\/fr\\\/connexion-chambres-et-suites\\\/suite-penthouse-a-4-chambres\\\/#faq-question-1706191234984\"},{\"@id\":\"https:\\\/\\\/www.deleurope.com\\\/fr\\\/connexion-chambres-et-suites\\\/suite-penthouse-a-4-chambres\\\/#faq-question-1697827306389\"},{\"@id\":\"https:\\\/\\\/www.deleurope.com\\\/fr\\\/connexion-chambres-et-suites\\\/suite-penthouse-a-4-chambres\\\/#faq-question-1697826231715\"},{\"@id\":\"https:\\\/\\\/www.deleurope.com\\\/fr\\\/connexion-chambres-et-suites\\\/suite-penthouse-a-4-chambres\\\/#faq-question-1697827308476\"},{\"@id\":\"https:\\\/\\\/www.deleurope.com\\\/fr\\\/connexion-chambres-et-suites\\\/suite-penthouse-a-4-chambres\\\/#faq-question-1706191165865\"},{\"@id\":\"https:\\\/\\\/www.deleurope.com\\\/fr\\\/connexion-chambres-et-suites\\\/suite-penthouse-a-4-chambres\\\/#faq-question-1706191215791\"}],\"inLanguage\":\"fr-FR\",\"potentialAction\":[{\"@type\":\"ReadAction\",\"target\":[\"https:\\\/\\\/www.deleurope.com\\\/fr\\\/connexion-chambres-et-suites\\\/suite-penthouse-a-4-chambres\\\/\"]}]},{\"@type\":\"ImageObject\",\"inLanguage\":\"fr-FR\",\"@id\":\"https:\\\/\\\/www.deleurope.com\\\/fr\\\/connexion-chambres-et-suites\\\/suite-penthouse-a-4-chambres\\\/#primaryimage\",\"url\":\"https:\\\/\\\/www.deleurope.com\\\/wp-content\\\/uploads\\\/2024\\\/01\\\/DLE_261121_42192.jpg\",\"contentUrl\":\"https:\\\/\\\/www.deleurope.com\\\/wp-content\\\/uploads\\\/2024\\\/01\\\/DLE_261121_42192.jpg\",\"width\":1680,\"height\":820},{\"@type\":\"BreadcrumbList\",\"@id\":\"https:\\\/\\\/www.deleurope.com\\\/fr\\\/connexion-chambres-et-suites\\\/suite-penthouse-a-4-chambres\\\/#breadcrumb\",\"itemListElement\":[{\"@type\":\"ListItem\",\"position\":1,\"name\":\"Home\",\"item\":\"https:\\\/\\\/www.deleurope.com\\\/fr\\\/\"},{\"@type\":\"ListItem\",\"position\":2,\"name\":\"Suites communicantes\",\"item\":\"https:\\\/\\\/www.deleurope.com\\\/fr\\\/connexion-chambres-et-suites\\\/\"},{\"@type\":\"ListItem\",\"position\":3,\"name\":\"La r\u00e9sidence de la famille royale\"}]},{\"@type\":\"WebSite\",\"@id\":\"https:\\\/\\\/www.deleurope.com\\\/fr\\\/#website\",\"url\":\"https:\\\/\\\/www.deleurope.com\\\/fr\\\/\",\"name\":\"De L&#039;Europe Amsterdam\",\"description\":\"Home of original Amsterdam luxury.\",\"potentialAction\":[{\"@type\":\"SearchAction\",\"target\":{\"@type\":\"EntryPoint\",\"urlTemplate\":\"https:\\\/\\\/www.deleurope.com\\\/fr\\\/?s={search_term_string}\"},\"query-input\":{\"@type\":\"PropertyValueSpecification\",\"valueRequired\":true,\"valueName\":\"search_term_string\"}}],\"inLanguage\":\"fr-FR\"},{\"@type\":\"Question\",\"@id\":\"https:\\\/\\\/www.deleurope.com\\\/fr\\\/connexion-chambres-et-suites\\\/suite-penthouse-a-4-chambres\\\/#faq-question-1697826231715\",\"position\":1,\"url\":\"https:\\\/\\\/www.deleurope.com\\\/fr\\\/connexion-chambres-et-suites\\\/suite-penthouse-a-4-chambres\\\/#faq-question-1697826231715\",\"name\":\"Disposez-vous de chambres avec balcon et quelles sont les cat\u00e9gories de chambres qui disposent d'un balcon?\",\"answerCount\":1,\"acceptedAnswer\":{\"@type\":\"Answer\",\"text\":\"Les Junior Suite River View Balcony, Deluxe Suite River View et Prestige Suite River View disposent d'un balcon.\",\"inLanguage\":\"fr-FR\"},\"inLanguage\":\"fr-FR\"},{\"@type\":\"Question\",\"@id\":\"https:\\\/\\\/www.deleurope.com\\\/fr\\\/connexion-chambres-et-suites\\\/suite-penthouse-a-4-chambres\\\/#faq-question-1697827306389\",\"position\":2,\"url\":\"https:\\\/\\\/www.deleurope.com\\\/fr\\\/connexion-chambres-et-suites\\\/suite-penthouse-a-4-chambres\\\/#faq-question-1697827306389\",\"name\":\"Les chambres sup\u00e9rieures peuvent-elles accueillir trois personnes ?\",\"answerCount\":1,\"acceptedAnswer\":{\"@type\":\"Answer\",\"text\":\"Pour le confort de nos h\u00f4tes, les chambres sup\u00e9rieures peuvent accueillir jusqu'\u00e0 deux personnes. Les groupes de trois personnes sont les bienvenus dans nos suites, qui offrent plus d'espace. \",\"inLanguage\":\"fr-FR\"},\"inLanguage\":\"fr-FR\"},{\"@type\":\"Question\",\"@id\":\"https:\\\/\\\/www.deleurope.com\\\/fr\\\/connexion-chambres-et-suites\\\/suite-penthouse-a-4-chambres\\\/#faq-question-1697826245421\",\"position\":3,\"url\":\"https:\\\/\\\/www.deleurope.com\\\/fr\\\/connexion-chambres-et-suites\\\/suite-penthouse-a-4-chambres\\\/#faq-question-1697826245421\",\"name\":\"Si je r\u00e9serve une chambre avec balcon, celui-ci est-il garanti?\",\"answerCount\":1,\"acceptedAnswer\":{\"@type\":\"Answer\",\"text\":\"Oui, si votre confirmation indique un type de chambre avec vue sur la rivi\u00e8re et balcon, cet avantage est garanti.\",\"inLanguage\":\"fr-FR\"},\"inLanguage\":\"fr-FR\"},{\"@type\":\"Question\",\"@id\":\"https:\\\/\\\/www.deleurope.com\\\/fr\\\/connexion-chambres-et-suites\\\/suite-penthouse-a-4-chambres\\\/#faq-question-1697827308476\",\"position\":4,\"url\":\"https:\\\/\\\/www.deleurope.com\\\/fr\\\/connexion-chambres-et-suites\\\/suite-penthouse-a-4-chambres\\\/#faq-question-1697827308476\",\"name\":\"Quel est le type de chambres communicantes de l'h\u00f4tel De L'Europe ?\",\"answerCount\":1,\"acceptedAnswer\":{\"@type\":\"Answer\",\"text\":\"L'h\u00f4tel dispose de plusieurs chambres qui peuvent \u00eatre reli\u00e9es entre elles, cr\u00e9ant ainsi un hall d'entr\u00e9e combin\u00e9 priv\u00e9. Please contact our <a href=\\\"mailto:reservations@deleruope.com\\\" target=\\\"_blank\\\" rel=\\\"noreferrer noopener\\\">reservations@deleurope.co<\\\/a><a href=\\\"mailto:reservations@deleurope.com\\\" target=\\\"_blank\\\" rel=\\\"noreferrer noopener\\\">m<\\\/a> department for bookings.\",\"inLanguage\":\"fr-FR\"},\"inLanguage\":\"fr-FR\"},{\"@type\":\"Question\",\"@id\":\"https:\\\/\\\/www.deleurope.com\\\/fr\\\/connexion-chambres-et-suites\\\/suite-penthouse-a-4-chambres\\\/#faq-question-1706188440408\",\"position\":5,\"url\":\"https:\\\/\\\/www.deleurope.com\\\/fr\\\/connexion-chambres-et-suites\\\/suite-penthouse-a-4-chambres\\\/#faq-question-1706188440408\",\"name\":\"Puis-je fumer dans la chambre ou sur le balcon?\",\"answerCount\":1,\"acceptedAnswer\":{\"@type\":\"Answer\",\"text\":\"Il est interdit de fumer dans les chambres et \u00e0 l'int\u00e9rieur de l'h\u00f4tel. Les clients peuvent fumer \u00e0 l'ext\u00e9rieur de l'h\u00f4tel ou sur les balcons \u00e0 condition que la porte du balcon soit ferm\u00e9e. \",\"inLanguage\":\"fr-FR\"},\"inLanguage\":\"fr-FR\"},{\"@type\":\"Question\",\"@id\":\"https:\\\/\\\/www.deleurope.com\\\/fr\\\/connexion-chambres-et-suites\\\/suite-penthouse-a-4-chambres\\\/#faq-question-1706188861035\",\"position\":6,\"url\":\"https:\\\/\\\/www.deleurope.com\\\/fr\\\/connexion-chambres-et-suites\\\/suite-penthouse-a-4-chambres\\\/#faq-question-1706188861035\",\"name\":\"Quel est le co\u00fbt du petit-d\u00e9jeuner pour une personne?\",\"answerCount\":1,\"acceptedAnswer\":{\"@type\":\"Answer\",\"text\":\"Le prix du petit-d\u00e9jeuner est de 57 \u20ac par personne.\",\"inLanguage\":\"fr-FR\"},\"inLanguage\":\"fr-FR\"},{\"@type\":\"Question\",\"@id\":\"https:\\\/\\\/www.deleurope.com\\\/fr\\\/connexion-chambres-et-suites\\\/suite-penthouse-a-4-chambres\\\/#faq-question-1706188889187\",\"position\":7,\"url\":\"https:\\\/\\\/www.deleurope.com\\\/fr\\\/connexion-chambres-et-suites\\\/suite-penthouse-a-4-chambres\\\/#faq-question-1706188889187\",\"name\":\"Est-il possible d'avoir un lit suppl\u00e9mentaire dans la chambre?\",\"answerCount\":1,\"acceptedAnswer\":{\"@type\":\"Answer\",\"text\":\"Oui, un lit suppl\u00e9mentaire peut \u00eatre fourni pour 95 \u20ac, petit d\u00e9jeuner compris et taxe de s\u00e9jour non comprise.\",\"inLanguage\":\"fr-FR\"},\"inLanguage\":\"fr-FR\"},{\"@type\":\"Question\",\"@id\":\"https:\\\/\\\/www.deleurope.com\\\/fr\\\/connexion-chambres-et-suites\\\/suite-penthouse-a-4-chambres\\\/#faq-question-1706188927586\",\"position\":8,\"url\":\"https:\\\/\\\/www.deleurope.com\\\/fr\\\/connexion-chambres-et-suites\\\/suite-penthouse-a-4-chambres\\\/#faq-question-1706188927586\",\"name\":\"Toutes les chambres ont-elles une vue sur la rivi\u00e8re?\",\"answerCount\":1,\"acceptedAnswer\":{\"@type\":\"Answer\",\"text\":\"Toutes les chambres n'ont pas une vue sur la rivi\u00e8re, mais dans toutes les cat\u00e9gories de chambres (\u00e0 l'exception de la cat\u00e9gorie sup\u00e9rieure), vous pouvez choisir une vue sur la rivi\u00e8re moyennant un suppl\u00e9ment, sous r\u00e9serve de disponibilit\u00e9.\",\"inLanguage\":\"fr-FR\"},\"inLanguage\":\"fr-FR\"},{\"@type\":\"Question\",\"@id\":\"https:\\\/\\\/www.deleurope.com\\\/fr\\\/connexion-chambres-et-suites\\\/suite-penthouse-a-4-chambres\\\/#faq-question-1697827306389\",\"position\":9,\"url\":\"https:\\\/\\\/www.deleurope.com\\\/fr\\\/connexion-chambres-et-suites\\\/suite-penthouse-a-4-chambres\\\/#faq-question-1697827306389\",\"name\":\"Comment puis-je modifier ou annuler ma r\u00e9servation?\",\"answerCount\":1,\"acceptedAnswer\":{\"@type\":\"Answer\",\"text\":\"Pour annuler ou modifier une r\u00e9servation, veuillez nous contacter par courrier \u00e9lectronique ou par t\u00e9l\u00e9phone. L'annulation est gratuite si elle est notifi\u00e9e avant 15 heures, un jour (24 heures) avant la date d'arriv\u00e9e, \u00e0 l'exclusion des tarifs non remboursables.\",\"inLanguage\":\"fr-FR\"},\"inLanguage\":\"fr-FR\"},{\"@type\":\"Question\",\"@id\":\"https:\\\/\\\/www.deleurope.com\\\/fr\\\/connexion-chambres-et-suites\\\/suite-penthouse-a-4-chambres\\\/#faq-question-1697826231715\",\"position\":10,\"url\":\"https:\\\/\\\/www.deleurope.com\\\/fr\\\/connexion-chambres-et-suites\\\/suite-penthouse-a-4-chambres\\\/#faq-question-1697826231715\",\"name\":\"Pourquoi dois-je fournir les d\u00e9tails de ma carte de cr\u00e9dit?\",\"answerCount\":1,\"acceptedAnswer\":{\"@type\":\"Answer\",\"text\":\"Les clients doivent saisir les informations relatives \u00e0 leur carte de cr\u00e9dit pour garantir leur r\u00e9servation. Un d\u00e9p\u00f4t pr\u00e9alable n'est pas n\u00e9cessaire ; la carte de cr\u00e9dit ne sera d\u00e9bit\u00e9e qu'en cas d'annulation tardive.\",\"inLanguage\":\"fr-FR\"},\"inLanguage\":\"fr-FR\"},{\"@type\":\"Question\",\"@id\":\"https:\\\/\\\/www.deleurope.com\\\/fr\\\/connexion-chambres-et-suites\\\/suite-penthouse-a-4-chambres\\\/#faq-question-1697827308476\",\"position\":11,\"url\":\"https:\\\/\\\/www.deleurope.com\\\/fr\\\/connexion-chambres-et-suites\\\/suite-penthouse-a-4-chambres\\\/#faq-question-1697827308476\",\"name\":\"Pourquoi est-ce que je re\u00e7ois un lien de paiement avant mon s\u00e9jour?\",\"answerCount\":1,\"acceptedAnswer\":{\"@type\":\"Answer\",\"text\":\"Si vous avez r\u00e9serv\u00e9 un tarif non remboursable, nous envoyons un lien de paiement imm\u00e9diatement apr\u00e8s votre r\u00e9servation pour la confirmer. En effet, le taux offre une r\u00e9duction mais exige un paiement imm\u00e9diat. L'annulation ou la modification n'est pas possible sans frais. Le lien de paiement est valable 72 heures.\",\"inLanguage\":\"fr-FR\"},\"inLanguage\":\"fr-FR\"},{\"@type\":\"Question\",\"@id\":\"https:\\\/\\\/www.deleurope.com\\\/fr\\\/connexion-chambres-et-suites\\\/suite-penthouse-a-4-chambres\\\/#faq-question-1697826245421\",\"position\":12,\"url\":\"https:\\\/\\\/www.deleurope.com\\\/fr\\\/connexion-chambres-et-suites\\\/suite-penthouse-a-4-chambres\\\/#faq-question-1697826245421\",\"name\":\"Quelle est la politique de paiement de De L'Europe?\",\"answerCount\":1,\"acceptedAnswer\":{\"@type\":\"Answer\",\"text\":\"Une garantie par carte de cr\u00e9dit est exig\u00e9e pour toute r\u00e9servation de chambre. \u00c0 l'arriv\u00e9e, la carte peut faire l'objet d'une pr\u00e9-autorisation pour les frais de chambre et les frais accessoires, avec une pr\u00e9-autorisation maximale de 450 euros. Si vous payez en esp\u00e8ces \u00e0 l'arriv\u00e9e, une caution de 150 euros par nuit (jusqu'\u00e0 450 euros) est demand\u00e9e pour les nuits de chambre. La partie non utilis\u00e9e de la caution est rembours\u00e9e au moment du paiement. Les esp\u00e8ces et les principales cartes de cr\u00e9dit sont accept\u00e9es, Apple Pay \u00e9tant accept\u00e9 \u00e0 partir du 1er avril dans les points de vente F&amp;B et \u00e0 l'h\u00f4tel.\",\"inLanguage\":\"fr-FR\"},\"inLanguage\":\"fr-FR\"},{\"@type\":\"Question\",\"@id\":\"https:\\\/\\\/www.deleurope.com\\\/fr\\\/connexion-chambres-et-suites\\\/suite-penthouse-a-4-chambres\\\/#faq-question-1697827306389\",\"position\":13,\"url\":\"https:\\\/\\\/www.deleurope.com\\\/fr\\\/connexion-chambres-et-suites\\\/suite-penthouse-a-4-chambres\\\/#faq-question-1697827306389\",\"name\":\"Est-il possible d'arriver plus t\u00f4t ou de partir plus tard? Si oui, quels sont les co\u00fbts suppl\u00e9mentaires?\",\"answerCount\":1,\"acceptedAnswer\":{\"@type\":\"Answer\",\"text\":\"Cette demande est bas\u00e9e sur la disponibilit\u00e9. Pour garantir un enregistrement anticip\u00e9, nous pouvons r\u00e9server la nuit pr\u00e9c\u00e9dant la date d'arriv\u00e9e afin que les clients puissent acc\u00e9der \u00e0 leur chambre t\u00f4t le matin.\",\"inLanguage\":\"fr-FR\"},\"inLanguage\":\"fr-FR\"},{\"@type\":\"Question\",\"@id\":\"https:\\\/\\\/www.deleurope.com\\\/fr\\\/connexion-chambres-et-suites\\\/suite-penthouse-a-4-chambres\\\/#faq-question-1697826231715\",\"position\":14,\"url\":\"https:\\\/\\\/www.deleurope.com\\\/fr\\\/connexion-chambres-et-suites\\\/suite-penthouse-a-4-chambres\\\/#faq-question-1697826231715\",\"name\":\"Quelles sont les heures d'arriv\u00e9e et de d\u00e9part \u00e0 De L'Europe?\",\"answerCount\":1,\"acceptedAnswer\":{\"@type\":\"Answer\",\"text\":\"La chambre est disponible \u00e0 partir de 15 heures le jour de l'arriv\u00e9e, et l'heure de d\u00e9part est 12 heures le jour du d\u00e9part. Si vous souhaitez arriver plus t\u00f4t ou partir plus tard, il est possible de demander un enregistrement anticip\u00e9 ou un d\u00e9part tardif en fonction des disponibilit\u00e9s.\",\"inLanguage\":\"fr-FR\"},\"inLanguage\":\"fr-FR\"},{\"@type\":\"Question\",\"@id\":\"https:\\\/\\\/www.deleurope.com\\\/fr\\\/connexion-chambres-et-suites\\\/suite-penthouse-a-4-chambres\\\/#faq-question-1697827308476\",\"position\":15,\"url\":\"https:\\\/\\\/www.deleurope.com\\\/fr\\\/connexion-chambres-et-suites\\\/suite-penthouse-a-4-chambres\\\/#faq-question-1697827308476\",\"name\":\"Puis-je laisser mes bagages pendant que je d\u00e9couvre Amsterdam ?\",\"answerCount\":1,\"acceptedAnswer\":{\"@type\":\"Answer\",\"text\":\"Nous avons le plaisir d'entreposer les bagages des clients de l'h\u00f4tel dans notre salle \u00e0 bagages ferm\u00e9e \u00e0 cl\u00e9 avant et apr\u00e8s leur s\u00e9jour, ce qui leur permet d'explorer pleinement Amsterdam. Veuillez noter qu'aucune somme d'argent, aucun document de valeur, aucun titre, aucun objet de valeur, aucun objet fragile ou p\u00e9rissable ne doit \u00eatre inclus dans les biens stock\u00e9s. Nous fournissons aux clients une \u00e9tiquette de bagage \u00e0 leur arriv\u00e9e afin de faciliter la r\u00e9cup\u00e9ration de leurs effets personnels.\",\"inLanguage\":\"fr-FR\"},\"inLanguage\":\"fr-FR\"},{\"@type\":\"Question\",\"@id\":\"https:\\\/\\\/www.deleurope.com\\\/fr\\\/connexion-chambres-et-suites\\\/suite-penthouse-a-4-chambres\\\/#faq-question-1697827306389\",\"position\":16,\"url\":\"https:\\\/\\\/www.deleurope.com\\\/fr\\\/connexion-chambres-et-suites\\\/suite-penthouse-a-4-chambres\\\/#faq-question-1697827306389\",\"name\":\"Existe-t-il un service de navette gratuit entre l'a\u00e9roport et l'h\u00f4tel?\",\"answerCount\":1,\"acceptedAnswer\":{\"@type\":\"Answer\",\"text\":\"Nous n'offrons pas de service de navette a\u00e9roport gratuit. Cependant, notre service de conciergerie peut aider les clients \u00e0 organiser un transport priv\u00e9.\",\"inLanguage\":\"fr-FR\"},\"inLanguage\":\"fr-FR\"},{\"@type\":\"Question\",\"@id\":\"https:\\\/\\\/www.deleurope.com\\\/fr\\\/connexion-chambres-et-suites\\\/suite-penthouse-a-4-chambres\\\/#faq-question-1697826231715\",\"position\":17,\"url\":\"https:\\\/\\\/www.deleurope.com\\\/fr\\\/connexion-chambres-et-suites\\\/suite-penthouse-a-4-chambres\\\/#faq-question-1697826231715\",\"name\":\"De L'Europe dispose-t-il d'un service de transfert priv\u00e9 ?\",\"answerCount\":1,\"acceptedAnswer\":{\"@type\":\"Answer\",\"text\":\"Laissez-nous nous occuper de votre transfert avec style gr\u00e2ce \u00e0 notre luxueuse berline. Organisez votre transfert priv\u00e9 en contactant notre \u00e9quipe de concierges \u00e0 l'adresse <a href=\\\"mailto:Concierge@deleurope.com\\\" target=\\\"_blank\\\" rel=\\\"noreferrer noopener\\\">Concierge@deleurope.com<\\\/a>.\",\"inLanguage\":\"fr-FR\"},\"inLanguage\":\"fr-FR\"},{\"@type\":\"Question\",\"@id\":\"https:\\\/\\\/www.deleurope.com\\\/fr\\\/connexion-chambres-et-suites\\\/suite-penthouse-a-4-chambres\\\/#faq-question-1706191165865\",\"position\":18,\"url\":\"https:\\\/\\\/www.deleurope.com\\\/fr\\\/connexion-chambres-et-suites\\\/suite-penthouse-a-4-chambres\\\/#faq-question-1706191165865\",\"name\":\"Doit-on r\u00e9server un parking \u00e0 l'avance?\",\"answerCount\":1,\"acceptedAnswer\":{\"@type\":\"Answer\",\"text\":\"Les r\u00e9servations de parking ne sont disponibles que pour les clients de l'h\u00f4tel. Il est pr\u00e9f\u00e9rable de pr\u00e9venir \u00e0 l'avance pour obtenir une place de parking.\",\"inLanguage\":\"fr-FR\"},\"inLanguage\":\"fr-FR\"},{\"@type\":\"Question\",\"@id\":\"https:\\\/\\\/www.deleurope.com\\\/fr\\\/connexion-chambres-et-suites\\\/suite-penthouse-a-4-chambres\\\/#faq-question-1706191215791\",\"position\":19,\"url\":\"https:\\\/\\\/www.deleurope.com\\\/fr\\\/connexion-chambres-et-suites\\\/suite-penthouse-a-4-chambres\\\/#faq-question-1706191215791\",\"name\":\"Disposez-vous d'un parking pour les clients internes et quel en est le co\u00fbt?\",\"answerCount\":1,\"acceptedAnswer\":{\"@type\":\"Answer\",\"text\":\"Un parking est disponible pour les clients de l'h\u00f4tel au prix de 75 euros par voiture et par jour.\",\"inLanguage\":\"fr-FR\"},\"inLanguage\":\"fr-FR\"},{\"@type\":\"Question\",\"@id\":\"https:\\\/\\\/www.deleurope.com\\\/fr\\\/connexion-chambres-et-suites\\\/suite-penthouse-a-4-chambres\\\/#faq-question-1706191234984\",\"position\":20,\"url\":\"https:\\\/\\\/www.deleurope.com\\\/fr\\\/connexion-chambres-et-suites\\\/suite-penthouse-a-4-chambres\\\/#faq-question-1706191234984\",\"name\":\"Comment puis-je utiliser les transports publics pour me rendre \u00e0 l'h\u00f4tel depuis l'a\u00e9roport?\",\"answerCount\":1,\"acceptedAnswer\":{\"@type\":\"Answer\",\"text\":\"Des trains circulent toutes les 15 minutes entre l'a\u00e9roport et la gare centrale d'Amsterdam. Ce trajet dure 17 minutes euros. Les billets de train peuvent \u00eatre obtenus aux distributeurs de billets situ\u00e9s dans le hall d'arriv\u00e9e de l'a\u00e9roport. Depuis la gare centrale d'Amsterdam, le moyen le plus pratique est de prendre la toute nouvelle ligne de m\u00e9tro Nord-Sud (n\u00b0 52, arr\u00eat : Rokin) ou les tramways 4 et 24 (arr\u00eat : Muntplein). Le trajet de la gare centrale d'Amsterdam \u00e0 l'h\u00f4tel dure 10 minutes, dont 1 minute de marche.\",\"inLanguage\":\"fr-FR\"},\"inLanguage\":\"fr-FR\"},{\"@type\":\"Question\",\"@id\":\"https:\\\/\\\/www.deleurope.com\\\/fr\\\/connexion-chambres-et-suites\\\/suite-penthouse-a-4-chambres\\\/#faq-question-1697827306389\",\"position\":21,\"url\":\"https:\\\/\\\/www.deleurope.com\\\/fr\\\/connexion-chambres-et-suites\\\/suite-penthouse-a-4-chambres\\\/#faq-question-1697827306389\",\"name\":\"Quels sont les frais li\u00e9s \u00e0 la venue d'un animal de compagnie?\",\"answerCount\":1,\"acceptedAnswer\":{\"@type\":\"Answer\",\"text\":\"Les frais de nettoyage pour les animaux domestiques s'\u00e9l\u00e8vent \u00e0 65 euros par jour et par animal.\",\"inLanguage\":\"fr-FR\"},\"inLanguage\":\"fr-FR\"},{\"@type\":\"Question\",\"@id\":\"https:\\\/\\\/www.deleurope.com\\\/fr\\\/connexion-chambres-et-suites\\\/suite-penthouse-a-4-chambres\\\/#faq-question-1697826231715\",\"position\":22,\"url\":\"https:\\\/\\\/www.deleurope.com\\\/fr\\\/connexion-chambres-et-suites\\\/suite-penthouse-a-4-chambres\\\/#faq-question-1697826231715\",\"name\":\"Quelle est la politique \u00e0 l'\u00e9gard des enfants \u00e0 De L'Europe Amsterdam?\",\"answerCount\":1,\"acceptedAnswer\":{\"@type\":\"Answer\",\"text\":\"Petit d\u00e9jeuner : Les enfants de 0 \u00e0 3 ans b\u00e9n\u00e9ficient d'un petit-d\u00e9jeuner gratuit. Pour les enfants \u00e2g\u00e9s de 4 \u00e0 8 ans, le petit d\u00e9jeuner est disponible au prix de 26 \u20ac. Les clients \u00e2g\u00e9s de 9 ans et plus peuvent prendre le petit d\u00e9jeuner au tarif normal de 57 \u20ac.<br>Lit d'appoint : De L'Europe met gratuitement un lit d'appoint \u00e0 la disposition des enfants jusqu'\u00e0 12 ans. \",\"inLanguage\":\"fr-FR\"},\"inLanguage\":\"fr-FR\"},{\"@type\":\"Question\",\"@id\":\"https:\\\/\\\/www.deleurope.com\\\/fr\\\/connexion-chambres-et-suites\\\/suite-penthouse-a-4-chambres\\\/#faq-question-1697827308476\",\"position\":23,\"url\":\"https:\\\/\\\/www.deleurope.com\\\/fr\\\/connexion-chambres-et-suites\\\/suite-penthouse-a-4-chambres\\\/#faq-question-1697827308476\",\"name\":\"Y a-t-il un acc\u00e8s pour les personnes handicap\u00e9es?\",\"answerCount\":1,\"acceptedAnswer\":{\"@type\":\"Answer\",\"text\":\"L'h\u00f4tel De L'Europe Amsterdam est adapt\u00e9 aux fauteuils roulants, avec quatre ascenseurs dans l'h\u00f4tel, un acc\u00e8s au spa pour les fauteuils roulants, et des logements accessibles avec des portes plus larges, des lavabos r\u00e9glables en hauteur et des mains courantes. Veuillez mentionner toute demande d'accessibilit\u00e9 lors de votre r\u00e9servation.\",\"inLanguage\":\"fr-FR\"},\"inLanguage\":\"fr-FR\"},{\"@type\":\"Question\",\"@id\":\"https:\\\/\\\/www.deleurope.com\\\/fr\\\/connexion-chambres-et-suites\\\/suite-penthouse-a-4-chambres\\\/#faq-question-1706191165865\",\"position\":24,\"url\":\"https:\\\/\\\/www.deleurope.com\\\/fr\\\/connexion-chambres-et-suites\\\/suite-penthouse-a-4-chambres\\\/#faq-question-1706191165865\",\"name\":\"De L'Europe offre-t-elle des bons d'achat?\",\"answerCount\":1,\"acceptedAnswer\":{\"@type\":\"Answer\",\"text\":\"Oui, nous pouvons organiser des ch\u00e8ques-cadeaux personnalis\u00e9s pour De L'Europe ainsi que pour nos sites. Rendez-vous \u00e0 notre r\u00e9ception\\\/conciergerie ou contactez-nous pour obtenir un ch\u00e8que-cadeau personnalis\u00e9.\",\"inLanguage\":\"fr-FR\"},\"inLanguage\":\"fr-FR\"},{\"@type\":\"Question\",\"@id\":\"https:\\\/\\\/www.deleurope.com\\\/fr\\\/connexion-chambres-et-suites\\\/suite-penthouse-a-4-chambres\\\/#faq-question-1706191215791\",\"position\":25,\"url\":\"https:\\\/\\\/www.deleurope.com\\\/fr\\\/connexion-chambres-et-suites\\\/suite-penthouse-a-4-chambres\\\/#faq-question-1706191215791\",\"name\":\"Quelles sont les heures d'ouverture de De L'Europe Amsterdam?\",\"answerCount\":1,\"acceptedAnswer\":{\"@type\":\"Answer\",\"text\":\"L'h\u00f4tel De L'Europe Amsterdam est ouvert 24 heures sur 24 et la r\u00e9ception est ouverte 24 heures sur 24 et 7 jours sur 7. Les restaurants et les bars de l'h\u00f4tel De L'Europe vous accueillent chaleureusement. Veuillez consulter le site web correspondant ou notre \u00e9quipe de concierges pour conna\u00eetre les heures d'ouverture. \",\"inLanguage\":\"fr-FR\"},\"inLanguage\":\"fr-FR\"}]}<\/script>\n<!-- \/ Yoast SEO plugin. -->","yoast_head_json":{"title":"R\u00e9sidence de la famille royale | Amsterdam | De L'Europe","description":"Faites l'exp\u00e9rience d'un luxe in\u00e9gal\u00e9 dans la vaste suite familiale de 4 chambres \u00e0 coucher de l'h\u00f4tel De L'Europe Amsterdam, qui offre une vue imprenable.","robots":{"index":"index","follow":"follow","max-snippet":"max-snippet:-1","max-image-preview":"max-image-preview:large","max-video-preview":"max-video-preview:-1"},"canonical":"https:\/\/www.deleurope.com\/fr\/connexion-chambres-et-suites\/suite-penthouse-a-4-chambres\/","og_locale":"fr_FR","og_type":"article","og_title":"R\u00e9sidence de la famille royale | Amsterdam | De L'Europe","og_description":"Faites l'exp\u00e9rience d'un luxe in\u00e9gal\u00e9 dans la vaste suite familiale de 4 chambres \u00e0 coucher de l'h\u00f4tel De L'Europe Amsterdam, qui offre une vue imprenable.","og_url":"https:\/\/www.deleurope.com\/fr\/connexion-chambres-et-suites\/suite-penthouse-a-4-chambres\/","og_site_name":"De L&#039;Europe Amsterdam","article_modified_time":"2026-02-02T12:33:10+00:00","og_image":[{"width":1680,"height":820,"url":"https:\/\/www.deleurope.com\/wp-content\/uploads\/2024\/01\/DLE_261121_42192.jpg","type":"image\/jpeg"}],"twitter_card":"summary_large_image","twitter_misc":{"Dur\u00e9e de lecture estim\u00e9e":"8 minutes"},"schema":{"@context":"https:\/\/schema.org","@graph":[{"@type":["WebPage","FAQPage"],"@id":"https:\/\/www.deleurope.com\/fr\/connexion-chambres-et-suites\/suite-penthouse-a-4-chambres\/","url":"https:\/\/www.deleurope.com\/fr\/connexion-chambres-et-suites\/suite-penthouse-a-4-chambres\/","name":"R\u00e9sidence de la famille royale | Amsterdam | De L'Europe","isPartOf":{"@id":"https:\/\/www.deleurope.com\/fr\/#website"},"primaryImageOfPage":{"@id":"https:\/\/www.deleurope.com\/fr\/connexion-chambres-et-suites\/suite-penthouse-a-4-chambres\/#primaryimage"},"image":{"@id":"https:\/\/www.deleurope.com\/fr\/connexion-chambres-et-suites\/suite-penthouse-a-4-chambres\/#primaryimage"},"thumbnailUrl":"https:\/\/www.deleurope.com\/wp-content\/uploads\/2024\/01\/DLE_261121_42192.jpg","datePublished":"2024-01-21T15:42:26+00:00","dateModified":"2026-02-02T12:33:10+00:00","description":"Faites l'exp\u00e9rience d'un luxe in\u00e9gal\u00e9 dans la vaste suite familiale de 4 chambres \u00e0 coucher de l'h\u00f4tel De L'Europe Amsterdam, qui offre une vue imprenable.","breadcrumb":{"@id":"https:\/\/www.deleurope.com\/fr\/connexion-chambres-et-suites\/suite-penthouse-a-4-chambres\/#breadcrumb"},"mainEntity":[{"@id":"https:\/\/www.deleurope.com\/fr\/connexion-chambres-et-suites\/suite-penthouse-a-4-chambres\/#faq-question-1697826231715"},{"@id":"https:\/\/www.deleurope.com\/fr\/connexion-chambres-et-suites\/suite-penthouse-a-4-chambres\/#faq-question-1697827306389"},{"@id":"https:\/\/www.deleurope.com\/fr\/connexion-chambres-et-suites\/suite-penthouse-a-4-chambres\/#faq-question-1697826245421"},{"@id":"https:\/\/www.deleurope.com\/fr\/connexion-chambres-et-suites\/suite-penthouse-a-4-chambres\/#faq-question-1697827308476"},{"@id":"https:\/\/www.deleurope.com\/fr\/connexion-chambres-et-suites\/suite-penthouse-a-4-chambres\/#faq-question-1706188440408"},{"@id":"https:\/\/www.deleurope.com\/fr\/connexion-chambres-et-suites\/suite-penthouse-a-4-chambres\/#faq-question-1706188861035"},{"@id":"https:\/\/www.deleurope.com\/fr\/connexion-chambres-et-suites\/suite-penthouse-a-4-chambres\/#faq-question-1706188889187"},{"@id":"https:\/\/www.deleurope.com\/fr\/connexion-chambres-et-suites\/suite-penthouse-a-4-chambres\/#faq-question-1706188927586"},{"@id":"https:\/\/www.deleurope.com\/fr\/connexion-chambres-et-suites\/suite-penthouse-a-4-chambres\/#faq-question-1697827306389"},{"@id":"https:\/\/www.deleurope.com\/fr\/connexion-chambres-et-suites\/suite-penthouse-a-4-chambres\/#faq-question-1697826231715"},{"@id":"https:\/\/www.deleurope.com\/fr\/connexion-chambres-et-suites\/suite-penthouse-a-4-chambres\/#faq-question-1697827308476"},{"@id":"https:\/\/www.deleurope.com\/fr\/connexion-chambres-et-suites\/suite-penthouse-a-4-chambres\/#faq-question-1697826245421"},{"@id":"https:\/\/www.deleurope.com\/fr\/connexion-chambres-et-suites\/suite-penthouse-a-4-chambres\/#faq-question-1697827306389"},{"@id":"https:\/\/www.deleurope.com\/fr\/connexion-chambres-et-suites\/suite-penthouse-a-4-chambres\/#faq-question-1697826231715"},{"@id":"https:\/\/www.deleurope.com\/fr\/connexion-chambres-et-suites\/suite-penthouse-a-4-chambres\/#faq-question-1697827308476"},{"@id":"https:\/\/www.deleurope.com\/fr\/connexion-chambres-et-suites\/suite-penthouse-a-4-chambres\/#faq-question-1697827306389"},{"@id":"https:\/\/www.deleurope.com\/fr\/connexion-chambres-et-suites\/suite-penthouse-a-4-chambres\/#faq-question-1697826231715"},{"@id":"https:\/\/www.deleurope.com\/fr\/connexion-chambres-et-suites\/suite-penthouse-a-4-chambres\/#faq-question-1706191165865"},{"@id":"https:\/\/www.deleurope.com\/fr\/connexion-chambres-et-suites\/suite-penthouse-a-4-chambres\/#faq-question-1706191215791"},{"@id":"https:\/\/www.deleurope.com\/fr\/connexion-chambres-et-suites\/suite-penthouse-a-4-chambres\/#faq-question-1706191234984"},{"@id":"https:\/\/www.deleurope.com\/fr\/connexion-chambres-et-suites\/suite-penthouse-a-4-chambres\/#faq-question-1697827306389"},{"@id":"https:\/\/www.deleurope.com\/fr\/connexion-chambres-et-suites\/suite-penthouse-a-4-chambres\/#faq-question-1697826231715"},{"@id":"https:\/\/www.deleurope.com\/fr\/connexion-chambres-et-suites\/suite-penthouse-a-4-chambres\/#faq-question-1697827308476"},{"@id":"https:\/\/www.deleurope.com\/fr\/connexion-chambres-et-suites\/suite-penthouse-a-4-chambres\/#faq-question-1706191165865"},{"@id":"https:\/\/www.deleurope.com\/fr\/connexion-chambres-et-suites\/suite-penthouse-a-4-chambres\/#faq-question-1706191215791"}],"inLanguage":"fr-FR","potentialAction":[{"@type":"ReadAction","target":["https:\/\/www.deleurope.com\/fr\/connexion-chambres-et-suites\/suite-penthouse-a-4-chambres\/"]}]},{"@type":"ImageObject","inLanguage":"fr-FR","@id":"https:\/\/www.deleurope.com\/fr\/connexion-chambres-et-suites\/suite-penthouse-a-4-chambres\/#primaryimage","url":"https:\/\/www.deleurope.com\/wp-content\/uploads\/2024\/01\/DLE_261121_42192.jpg","contentUrl":"https:\/\/www.deleurope.com\/wp-content\/uploads\/2024\/01\/DLE_261121_42192.jpg","width":1680,"height":820},{"@type":"BreadcrumbList","@id":"https:\/\/www.deleurope.com\/fr\/connexion-chambres-et-suites\/suite-penthouse-a-4-chambres\/#breadcrumb","itemListElement":[{"@type":"ListItem","position":1,"name":"Home","item":"https:\/\/www.deleurope.com\/fr\/"},{"@type":"ListItem","position":2,"name":"Suites communicantes","item":"https:\/\/www.deleurope.com\/fr\/connexion-chambres-et-suites\/"},{"@type":"ListItem","position":3,"name":"La r\u00e9sidence de la famille royale"}]},{"@type":"WebSite","@id":"https:\/\/www.deleurope.com\/fr\/#website","url":"https:\/\/www.deleurope.com\/fr\/","name":"De L&#039;Europe Amsterdam","description":"Home of original Amsterdam luxury.","potentialAction":[{"@type":"SearchAction","target":{"@type":"EntryPoint","urlTemplate":"https:\/\/www.deleurope.com\/fr\/?s={search_term_string}"},"query-input":{"@type":"PropertyValueSpecification","valueRequired":true,"valueName":"search_term_string"}}],"inLanguage":"fr-FR"},{"@type":"Question","@id":"https:\/\/www.deleurope.com\/fr\/connexion-chambres-et-suites\/suite-penthouse-a-4-chambres\/#faq-question-1697826231715","position":1,"url":"https:\/\/www.deleurope.com\/fr\/connexion-chambres-et-suites\/suite-penthouse-a-4-chambres\/#faq-question-1697826231715","name":"Disposez-vous de chambres avec balcon et quelles sont les cat\u00e9gories de chambres qui disposent d'un balcon?","answerCount":1,"acceptedAnswer":{"@type":"Answer","text":"Les Junior Suite River View Balcony, Deluxe Suite River View et Prestige Suite River View disposent d'un balcon.","inLanguage":"fr-FR"},"inLanguage":"fr-FR"},{"@type":"Question","@id":"https:\/\/www.deleurope.com\/fr\/connexion-chambres-et-suites\/suite-penthouse-a-4-chambres\/#faq-question-1697827306389","position":2,"url":"https:\/\/www.deleurope.com\/fr\/connexion-chambres-et-suites\/suite-penthouse-a-4-chambres\/#faq-question-1697827306389","name":"Les chambres sup\u00e9rieures peuvent-elles accueillir trois personnes ?","answerCount":1,"acceptedAnswer":{"@type":"Answer","text":"Pour le confort de nos h\u00f4tes, les chambres sup\u00e9rieures peuvent accueillir jusqu'\u00e0 deux personnes. Les groupes de trois personnes sont les bienvenus dans nos suites, qui offrent plus d'espace. ","inLanguage":"fr-FR"},"inLanguage":"fr-FR"},{"@type":"Question","@id":"https:\/\/www.deleurope.com\/fr\/connexion-chambres-et-suites\/suite-penthouse-a-4-chambres\/#faq-question-1697826245421","position":3,"url":"https:\/\/www.deleurope.com\/fr\/connexion-chambres-et-suites\/suite-penthouse-a-4-chambres\/#faq-question-1697826245421","name":"Si je r\u00e9serve une chambre avec balcon, celui-ci est-il garanti?","answerCount":1,"acceptedAnswer":{"@type":"Answer","text":"Oui, si votre confirmation indique un type de chambre avec vue sur la rivi\u00e8re et balcon, cet avantage est garanti.","inLanguage":"fr-FR"},"inLanguage":"fr-FR"},{"@type":"Question","@id":"https:\/\/www.deleurope.com\/fr\/connexion-chambres-et-suites\/suite-penthouse-a-4-chambres\/#faq-question-1697827308476","position":4,"url":"https:\/\/www.deleurope.com\/fr\/connexion-chambres-et-suites\/suite-penthouse-a-4-chambres\/#faq-question-1697827308476","name":"Quel est le type de chambres communicantes de l'h\u00f4tel De L'Europe ?","answerCount":1,"acceptedAnswer":{"@type":"Answer","text":"L'h\u00f4tel dispose de plusieurs chambres qui peuvent \u00eatre reli\u00e9es entre elles, cr\u00e9ant ainsi un hall d'entr\u00e9e combin\u00e9 priv\u00e9. Please contact our <a href=\"mailto:reservations@deleruope.com\" target=\"_blank\" rel=\"noreferrer noopener\">reservations@deleurope.co<\/a><a href=\"mailto:reservations@deleurope.com\" target=\"_blank\" rel=\"noreferrer noopener\">m<\/a> department for bookings.","inLanguage":"fr-FR"},"inLanguage":"fr-FR"},{"@type":"Question","@id":"https:\/\/www.deleurope.com\/fr\/connexion-chambres-et-suites\/suite-penthouse-a-4-chambres\/#faq-question-1706188440408","position":5,"url":"https:\/\/www.deleurope.com\/fr\/connexion-chambres-et-suites\/suite-penthouse-a-4-chambres\/#faq-question-1706188440408","name":"Puis-je fumer dans la chambre ou sur le balcon?","answerCount":1,"acceptedAnswer":{"@type":"Answer","text":"Il est interdit de fumer dans les chambres et \u00e0 l'int\u00e9rieur de l'h\u00f4tel. Les clients peuvent fumer \u00e0 l'ext\u00e9rieur de l'h\u00f4tel ou sur les balcons \u00e0 condition que la porte du balcon soit ferm\u00e9e. ","inLanguage":"fr-FR"},"inLanguage":"fr-FR"},{"@type":"Question","@id":"https:\/\/www.deleurope.com\/fr\/connexion-chambres-et-suites\/suite-penthouse-a-4-chambres\/#faq-question-1706188861035","position":6,"url":"https:\/\/www.deleurope.com\/fr\/connexion-chambres-et-suites\/suite-penthouse-a-4-chambres\/#faq-question-1706188861035","name":"Quel est le co\u00fbt du petit-d\u00e9jeuner pour une personne?","answerCount":1,"acceptedAnswer":{"@type":"Answer","text":"Le prix du petit-d\u00e9jeuner est de 57 \u20ac par personne.","inLanguage":"fr-FR"},"inLanguage":"fr-FR"},{"@type":"Question","@id":"https:\/\/www.deleurope.com\/fr\/connexion-chambres-et-suites\/suite-penthouse-a-4-chambres\/#faq-question-1706188889187","position":7,"url":"https:\/\/www.deleurope.com\/fr\/connexion-chambres-et-suites\/suite-penthouse-a-4-chambres\/#faq-question-1706188889187","name":"Est-il possible d'avoir un lit suppl\u00e9mentaire dans la chambre?","answerCount":1,"acceptedAnswer":{"@type":"Answer","text":"Oui, un lit suppl\u00e9mentaire peut \u00eatre fourni pour 95 \u20ac, petit d\u00e9jeuner compris et taxe de s\u00e9jour non comprise.","inLanguage":"fr-FR"},"inLanguage":"fr-FR"},{"@type":"Question","@id":"https:\/\/www.deleurope.com\/fr\/connexion-chambres-et-suites\/suite-penthouse-a-4-chambres\/#faq-question-1706188927586","position":8,"url":"https:\/\/www.deleurope.com\/fr\/connexion-chambres-et-suites\/suite-penthouse-a-4-chambres\/#faq-question-1706188927586","name":"Toutes les chambres ont-elles une vue sur la rivi\u00e8re?","answerCount":1,"acceptedAnswer":{"@type":"Answer","text":"Toutes les chambres n'ont pas une vue sur la rivi\u00e8re, mais dans toutes les cat\u00e9gories de chambres (\u00e0 l'exception de la cat\u00e9gorie sup\u00e9rieure), vous pouvez choisir une vue sur la rivi\u00e8re moyennant un suppl\u00e9ment, sous r\u00e9serve de disponibilit\u00e9.","inLanguage":"fr-FR"},"inLanguage":"fr-FR"},{"@type":"Question","@id":"https:\/\/www.deleurope.com\/fr\/connexion-chambres-et-suites\/suite-penthouse-a-4-chambres\/#faq-question-1697827306389","position":9,"url":"https:\/\/www.deleurope.com\/fr\/connexion-chambres-et-suites\/suite-penthouse-a-4-chambres\/#faq-question-1697827306389","name":"Comment puis-je modifier ou annuler ma r\u00e9servation?","answerCount":1,"acceptedAnswer":{"@type":"Answer","text":"Pour annuler ou modifier une r\u00e9servation, veuillez nous contacter par courrier \u00e9lectronique ou par t\u00e9l\u00e9phone. L'annulation est gratuite si elle est notifi\u00e9e avant 15 heures, un jour (24 heures) avant la date d'arriv\u00e9e, \u00e0 l'exclusion des tarifs non remboursables.","inLanguage":"fr-FR"},"inLanguage":"fr-FR"},{"@type":"Question","@id":"https:\/\/www.deleurope.com\/fr\/connexion-chambres-et-suites\/suite-penthouse-a-4-chambres\/#faq-question-1697826231715","position":10,"url":"https:\/\/www.deleurope.com\/fr\/connexion-chambres-et-suites\/suite-penthouse-a-4-chambres\/#faq-question-1697826231715","name":"Pourquoi dois-je fournir les d\u00e9tails de ma carte de cr\u00e9dit?","answerCount":1,"acceptedAnswer":{"@type":"Answer","text":"Les clients doivent saisir les informations relatives \u00e0 leur carte de cr\u00e9dit pour garantir leur r\u00e9servation. Un d\u00e9p\u00f4t pr\u00e9alable n'est pas n\u00e9cessaire ; la carte de cr\u00e9dit ne sera d\u00e9bit\u00e9e qu'en cas d'annulation tardive.","inLanguage":"fr-FR"},"inLanguage":"fr-FR"},{"@type":"Question","@id":"https:\/\/www.deleurope.com\/fr\/connexion-chambres-et-suites\/suite-penthouse-a-4-chambres\/#faq-question-1697827308476","position":11,"url":"https:\/\/www.deleurope.com\/fr\/connexion-chambres-et-suites\/suite-penthouse-a-4-chambres\/#faq-question-1697827308476","name":"Pourquoi est-ce que je re\u00e7ois un lien de paiement avant mon s\u00e9jour?","answerCount":1,"acceptedAnswer":{"@type":"Answer","text":"Si vous avez r\u00e9serv\u00e9 un tarif non remboursable, nous envoyons un lien de paiement imm\u00e9diatement apr\u00e8s votre r\u00e9servation pour la confirmer. En effet, le taux offre une r\u00e9duction mais exige un paiement imm\u00e9diat. L'annulation ou la modification n'est pas possible sans frais. Le lien de paiement est valable 72 heures.","inLanguage":"fr-FR"},"inLanguage":"fr-FR"},{"@type":"Question","@id":"https:\/\/www.deleurope.com\/fr\/connexion-chambres-et-suites\/suite-penthouse-a-4-chambres\/#faq-question-1697826245421","position":12,"url":"https:\/\/www.deleurope.com\/fr\/connexion-chambres-et-suites\/suite-penthouse-a-4-chambres\/#faq-question-1697826245421","name":"Quelle est la politique de paiement de De L'Europe?","answerCount":1,"acceptedAnswer":{"@type":"Answer","text":"Une garantie par carte de cr\u00e9dit est exig\u00e9e pour toute r\u00e9servation de chambre. \u00c0 l'arriv\u00e9e, la carte peut faire l'objet d'une pr\u00e9-autorisation pour les frais de chambre et les frais accessoires, avec une pr\u00e9-autorisation maximale de 450 euros. Si vous payez en esp\u00e8ces \u00e0 l'arriv\u00e9e, une caution de 150 euros par nuit (jusqu'\u00e0 450 euros) est demand\u00e9e pour les nuits de chambre. La partie non utilis\u00e9e de la caution est rembours\u00e9e au moment du paiement. Les esp\u00e8ces et les principales cartes de cr\u00e9dit sont accept\u00e9es, Apple Pay \u00e9tant accept\u00e9 \u00e0 partir du 1er avril dans les points de vente F&amp;B et \u00e0 l'h\u00f4tel.","inLanguage":"fr-FR"},"inLanguage":"fr-FR"},{"@type":"Question","@id":"https:\/\/www.deleurope.com\/fr\/connexion-chambres-et-suites\/suite-penthouse-a-4-chambres\/#faq-question-1697827306389","position":13,"url":"https:\/\/www.deleurope.com\/fr\/connexion-chambres-et-suites\/suite-penthouse-a-4-chambres\/#faq-question-1697827306389","name":"Est-il possible d'arriver plus t\u00f4t ou de partir plus tard? Si oui, quels sont les co\u00fbts suppl\u00e9mentaires?","answerCount":1,"acceptedAnswer":{"@type":"Answer","text":"Cette demande est bas\u00e9e sur la disponibilit\u00e9. Pour garantir un enregistrement anticip\u00e9, nous pouvons r\u00e9server la nuit pr\u00e9c\u00e9dant la date d'arriv\u00e9e afin que les clients puissent acc\u00e9der \u00e0 leur chambre t\u00f4t le matin.","inLanguage":"fr-FR"},"inLanguage":"fr-FR"},{"@type":"Question","@id":"https:\/\/www.deleurope.com\/fr\/connexion-chambres-et-suites\/suite-penthouse-a-4-chambres\/#faq-question-1697826231715","position":14,"url":"https:\/\/www.deleurope.com\/fr\/connexion-chambres-et-suites\/suite-penthouse-a-4-chambres\/#faq-question-1697826231715","name":"Quelles sont les heures d'arriv\u00e9e et de d\u00e9part \u00e0 De L'Europe?","answerCount":1,"acceptedAnswer":{"@type":"Answer","text":"La chambre est disponible \u00e0 partir de 15 heures le jour de l'arriv\u00e9e, et l'heure de d\u00e9part est 12 heures le jour du d\u00e9part. Si vous souhaitez arriver plus t\u00f4t ou partir plus tard, il est possible de demander un enregistrement anticip\u00e9 ou un d\u00e9part tardif en fonction des disponibilit\u00e9s.","inLanguage":"fr-FR"},"inLanguage":"fr-FR"},{"@type":"Question","@id":"https:\/\/www.deleurope.com\/fr\/connexion-chambres-et-suites\/suite-penthouse-a-4-chambres\/#faq-question-1697827308476","position":15,"url":"https:\/\/www.deleurope.com\/fr\/connexion-chambres-et-suites\/suite-penthouse-a-4-chambres\/#faq-question-1697827308476","name":"Puis-je laisser mes bagages pendant que je d\u00e9couvre Amsterdam ?","answerCount":1,"acceptedAnswer":{"@type":"Answer","text":"Nous avons le plaisir d'entreposer les bagages des clients de l'h\u00f4tel dans notre salle \u00e0 bagages ferm\u00e9e \u00e0 cl\u00e9 avant et apr\u00e8s leur s\u00e9jour, ce qui leur permet d'explorer pleinement Amsterdam. Veuillez noter qu'aucune somme d'argent, aucun document de valeur, aucun titre, aucun objet de valeur, aucun objet fragile ou p\u00e9rissable ne doit \u00eatre inclus dans les biens stock\u00e9s. Nous fournissons aux clients une \u00e9tiquette de bagage \u00e0 leur arriv\u00e9e afin de faciliter la r\u00e9cup\u00e9ration de leurs effets personnels.","inLanguage":"fr-FR"},"inLanguage":"fr-FR"},{"@type":"Question","@id":"https:\/\/www.deleurope.com\/fr\/connexion-chambres-et-suites\/suite-penthouse-a-4-chambres\/#faq-question-1697827306389","position":16,"url":"https:\/\/www.deleurope.com\/fr\/connexion-chambres-et-suites\/suite-penthouse-a-4-chambres\/#faq-question-1697827306389","name":"Existe-t-il un service de navette gratuit entre l'a\u00e9roport et l'h\u00f4tel?","answerCount":1,"acceptedAnswer":{"@type":"Answer","text":"Nous n'offrons pas de service de navette a\u00e9roport gratuit. Cependant, notre service de conciergerie peut aider les clients \u00e0 organiser un transport priv\u00e9.","inLanguage":"fr-FR"},"inLanguage":"fr-FR"},{"@type":"Question","@id":"https:\/\/www.deleurope.com\/fr\/connexion-chambres-et-suites\/suite-penthouse-a-4-chambres\/#faq-question-1697826231715","position":17,"url":"https:\/\/www.deleurope.com\/fr\/connexion-chambres-et-suites\/suite-penthouse-a-4-chambres\/#faq-question-1697826231715","name":"De L'Europe dispose-t-il d'un service de transfert priv\u00e9 ?","answerCount":1,"acceptedAnswer":{"@type":"Answer","text":"Laissez-nous nous occuper de votre transfert avec style gr\u00e2ce \u00e0 notre luxueuse berline. Organisez votre transfert priv\u00e9 en contactant notre \u00e9quipe de concierges \u00e0 l'adresse <a href=\"mailto:Concierge@deleurope.com\" target=\"_blank\" rel=\"noreferrer noopener\">Concierge@deleurope.com<\/a>.","inLanguage":"fr-FR"},"inLanguage":"fr-FR"},{"@type":"Question","@id":"https:\/\/www.deleurope.com\/fr\/connexion-chambres-et-suites\/suite-penthouse-a-4-chambres\/#faq-question-1706191165865","position":18,"url":"https:\/\/www.deleurope.com\/fr\/connexion-chambres-et-suites\/suite-penthouse-a-4-chambres\/#faq-question-1706191165865","name":"Doit-on r\u00e9server un parking \u00e0 l'avance?","answerCount":1,"acceptedAnswer":{"@type":"Answer","text":"Les r\u00e9servations de parking ne sont disponibles que pour les clients de l'h\u00f4tel. Il est pr\u00e9f\u00e9rable de pr\u00e9venir \u00e0 l'avance pour obtenir une place de parking.","inLanguage":"fr-FR"},"inLanguage":"fr-FR"},{"@type":"Question","@id":"https:\/\/www.deleurope.com\/fr\/connexion-chambres-et-suites\/suite-penthouse-a-4-chambres\/#faq-question-1706191215791","position":19,"url":"https:\/\/www.deleurope.com\/fr\/connexion-chambres-et-suites\/suite-penthouse-a-4-chambres\/#faq-question-1706191215791","name":"Disposez-vous d'un parking pour les clients internes et quel en est le co\u00fbt?","answerCount":1,"acceptedAnswer":{"@type":"Answer","text":"Un parking est disponible pour les clients de l'h\u00f4tel au prix de 75 euros par voiture et par jour.","inLanguage":"fr-FR"},"inLanguage":"fr-FR"},{"@type":"Question","@id":"https:\/\/www.deleurope.com\/fr\/connexion-chambres-et-suites\/suite-penthouse-a-4-chambres\/#faq-question-1706191234984","position":20,"url":"https:\/\/www.deleurope.com\/fr\/connexion-chambres-et-suites\/suite-penthouse-a-4-chambres\/#faq-question-1706191234984","name":"Comment puis-je utiliser les transports publics pour me rendre \u00e0 l'h\u00f4tel depuis l'a\u00e9roport?","answerCount":1,"acceptedAnswer":{"@type":"Answer","text":"Des trains circulent toutes les 15 minutes entre l'a\u00e9roport et la gare centrale d'Amsterdam. Ce trajet dure 17 minutes euros. Les billets de train peuvent \u00eatre obtenus aux distributeurs de billets situ\u00e9s dans le hall d'arriv\u00e9e de l'a\u00e9roport. Depuis la gare centrale d'Amsterdam, le moyen le plus pratique est de prendre la toute nouvelle ligne de m\u00e9tro Nord-Sud (n\u00b0 52, arr\u00eat : Rokin) ou les tramways 4 et 24 (arr\u00eat : Muntplein). Le trajet de la gare centrale d'Amsterdam \u00e0 l'h\u00f4tel dure 10 minutes, dont 1 minute de marche.","inLanguage":"fr-FR"},"inLanguage":"fr-FR"},{"@type":"Question","@id":"https:\/\/www.deleurope.com\/fr\/connexion-chambres-et-suites\/suite-penthouse-a-4-chambres\/#faq-question-1697827306389","position":21,"url":"https:\/\/www.deleurope.com\/fr\/connexion-chambres-et-suites\/suite-penthouse-a-4-chambres\/#faq-question-1697827306389","name":"Quels sont les frais li\u00e9s \u00e0 la venue d'un animal de compagnie?","answerCount":1,"acceptedAnswer":{"@type":"Answer","text":"Les frais de nettoyage pour les animaux domestiques s'\u00e9l\u00e8vent \u00e0 65 euros par jour et par animal.","inLanguage":"fr-FR"},"inLanguage":"fr-FR"},{"@type":"Question","@id":"https:\/\/www.deleurope.com\/fr\/connexion-chambres-et-suites\/suite-penthouse-a-4-chambres\/#faq-question-1697826231715","position":22,"url":"https:\/\/www.deleurope.com\/fr\/connexion-chambres-et-suites\/suite-penthouse-a-4-chambres\/#faq-question-1697826231715","name":"Quelle est la politique \u00e0 l'\u00e9gard des enfants \u00e0 De L'Europe Amsterdam?","answerCount":1,"acceptedAnswer":{"@type":"Answer","text":"Petit d\u00e9jeuner : Les enfants de 0 \u00e0 3 ans b\u00e9n\u00e9ficient d'un petit-d\u00e9jeuner gratuit. Pour les enfants \u00e2g\u00e9s de 4 \u00e0 8 ans, le petit d\u00e9jeuner est disponible au prix de 26 \u20ac. Les clients \u00e2g\u00e9s de 9 ans et plus peuvent prendre le petit d\u00e9jeuner au tarif normal de 57 \u20ac.<br>Lit d'appoint : De L'Europe met gratuitement un lit d'appoint \u00e0 la disposition des enfants jusqu'\u00e0 12 ans. ","inLanguage":"fr-FR"},"inLanguage":"fr-FR"},{"@type":"Question","@id":"https:\/\/www.deleurope.com\/fr\/connexion-chambres-et-suites\/suite-penthouse-a-4-chambres\/#faq-question-1697827308476","position":23,"url":"https:\/\/www.deleurope.com\/fr\/connexion-chambres-et-suites\/suite-penthouse-a-4-chambres\/#faq-question-1697827308476","name":"Y a-t-il un acc\u00e8s pour les personnes handicap\u00e9es?","answerCount":1,"acceptedAnswer":{"@type":"Answer","text":"L'h\u00f4tel De L'Europe Amsterdam est adapt\u00e9 aux fauteuils roulants, avec quatre ascenseurs dans l'h\u00f4tel, un acc\u00e8s au spa pour les fauteuils roulants, et des logements accessibles avec des portes plus larges, des lavabos r\u00e9glables en hauteur et des mains courantes. Veuillez mentionner toute demande d'accessibilit\u00e9 lors de votre r\u00e9servation.","inLanguage":"fr-FR"},"inLanguage":"fr-FR"},{"@type":"Question","@id":"https:\/\/www.deleurope.com\/fr\/connexion-chambres-et-suites\/suite-penthouse-a-4-chambres\/#faq-question-1706191165865","position":24,"url":"https:\/\/www.deleurope.com\/fr\/connexion-chambres-et-suites\/suite-penthouse-a-4-chambres\/#faq-question-1706191165865","name":"De L'Europe offre-t-elle des bons d'achat?","answerCount":1,"acceptedAnswer":{"@type":"Answer","text":"Oui, nous pouvons organiser des ch\u00e8ques-cadeaux personnalis\u00e9s pour De L'Europe ainsi que pour nos sites. Rendez-vous \u00e0 notre r\u00e9ception\/conciergerie ou contactez-nous pour obtenir un ch\u00e8que-cadeau personnalis\u00e9.","inLanguage":"fr-FR"},"inLanguage":"fr-FR"},{"@type":"Question","@id":"https:\/\/www.deleurope.com\/fr\/connexion-chambres-et-suites\/suite-penthouse-a-4-chambres\/#faq-question-1706191215791","position":25,"url":"https:\/\/www.deleurope.com\/fr\/connexion-chambres-et-suites\/suite-penthouse-a-4-chambres\/#faq-question-1706191215791","name":"Quelles sont les heures d'ouverture de De L'Europe Amsterdam?","answerCount":1,"acceptedAnswer":{"@type":"Answer","text":"L'h\u00f4tel De L'Europe Amsterdam est ouvert 24 heures sur 24 et la r\u00e9ception est ouverte 24 heures sur 24 et 7 jours sur 7. Les restaurants et les bars de l'h\u00f4tel De L'Europe vous accueillent chaleureusement. Veuillez consulter le site web correspondant ou notre \u00e9quipe de concierges pour conna\u00eetre les heures d'ouverture. ","inLanguage":"fr-FR"},"inLanguage":"fr-FR"}]}},"featured_image_src":"https:\/\/www.deleurope.com\/wp-content\/uploads\/2024\/01\/DLE_261121_42192-600x400.jpg","featured_image_src_square":"https:\/\/www.deleurope.com\/wp-content\/uploads\/2024\/01\/DLE_261121_42192-600x600.jpg","_links":{"self":[{"href":"https:\/\/www.deleurope.com\/fr\/wp-json\/wp\/v2\/pages\/2900","targetHints":{"allow":["GET"]}}],"collection":[{"href":"https:\/\/www.deleurope.com\/fr\/wp-json\/wp\/v2\/pages"}],"about":[{"href":"https:\/\/www.deleurope.com\/fr\/wp-json\/wp\/v2\/types\/page"}],"author":[{"embeddable":true,"href":"https:\/\/www.deleurope.com\/fr\/wp-json\/wp\/v2\/users\/17"}],"replies":[{"embeddable":true,"href":"https:\/\/www.deleurope.com\/fr\/wp-json\/wp\/v2\/comments?post=2900"}],"version-history":[{"count":0,"href":"https:\/\/www.deleurope.com\/fr\/wp-json\/wp\/v2\/pages\/2900\/revisions"}],"up":[{"embeddable":true,"href":"https:\/\/www.deleurope.com\/fr\/wp-json\/wp\/v2\/pages\/2890"}],"wp:featuredmedia":[{"embeddable":true,"href":"https:\/\/www.deleurope.com\/fr\/wp-json\/wp\/v2\/media\/2907"}],"wp:attachment":[{"href":"https:\/\/www.deleurope.com\/fr\/wp-json\/wp\/v2\/media?parent=2900"}],"curies":[{"name":"wp","href":"https:\/\/api.w.org\/{rel}","templated":true}]}}