{"id":3178,"date":"2024-01-15T14:21:28","date_gmt":"2024-01-15T14:21:28","guid":{"rendered":"https:\/\/www.deleurope.com\/chambres-et-suites\/suite-de-harpers-bazaar\/"},"modified":"2026-08-20T07:39:10","modified_gmt":"2026-08-20T07:39:10","slug":"suite-de-harpers-bazaar","status":"publish","type":"page","link":"https:\/\/www.deleurope.com\/fr\/hebergement\/suite-de-harpers-bazaar\/","title":{"rendered":"Suite de Harper&rsquo;s Bazaar"},"content":{"rendered":"\n<div class=\"wp-block-columns is-layout-flex wp-container-core-columns-is-layout-8f761849 wp-block-columns-is-layout-flex\">\n<div class=\"wp-block-column description-and-button is-layout-flow wp-block-column-is-layout-flow\">\n<p class=\"has-text-align-center rooms-description-white-box has-large-font-size wp-block-paragraph\">Promenez-vous dans l&rsquo;ambiance chaleureuse de la publication pionni\u00e8re Harper&rsquo;s Bazaar. Con\u00e7ue par la r\u00e9dactrice en chef Miluska van &lsquo;t Lam, cette suite est un v\u00e9ritable tour de force, rempli d&rsquo;objets tri\u00e9s sur le volet et de d\u00e9tails \u00e9l\u00e9gants. Tous incarnent le panache du magazine, m\u00ealant l&rsquo;art, la mode et de subtiles touches r\u00e9tro. D\u00e9couvrez les secrets de conception de Bazaar tout en profitant d&rsquo;un balcon priv\u00e9 avec vue sur l&rsquo;eau et le charme de l&rsquo;architecture hollandaise. <\/p>\n\n\n\n<div class=\"wp-block-buttons is-content-justification-center is-layout-flex wp-container-core-buttons-is-layout-fe48e5de wp-block-buttons-is-layout-flex\">\n<div class=\"wp-block-button is-style-outline book-now is-style-outline--1\"><a class=\"wp-block-button__link has-central-palette-7-color has-central-palette-1-background-color has-text-color has-background has-text-align-center wp-element-button\" href=\"#\/booking\/step-1?room=AFS\" style=\"border-radius:0px;text-transform:uppercase\">Book now<\/a><\/div>\n<\/div>\n<\/div>\n<\/div>\n\n<div class=\"wp-block-columns gallery-with-caption is-layout-flex wp-container-core-columns-is-layout-8f761849 wp-block-columns-is-layout-flex\">\n<div class=\"wp-block-column is-layout-flow wp-block-column-is-layout-flow\">\n<div class=\"wp-block-columns text-on-left wrap-2-columns eat-and-drink-cards top-border is-layout-flex wp-container-core-columns-is-layout-8f761849 wp-block-columns-is-layout-flex\" id=\"graziella\">\n<div class=\"wp-block-column is-vertically-aligned-center middle-align is-layout-flow wp-block-column-is-layout-flow\" style=\"flex-basis:50%\">\n<h2 class=\"wp-block-heading has-text-align-center has-extra-large-font-size\" style=\"text-transform:capitalize\">Exp\u00e9rience dans la suite<\/h2>\n\n\n\n<div class=\"wp-block-group\"><div class=\"wp-block-group__inner-container is-layout-constrained wp-block-group-is-layout-constrained\">\n<p class=\"has-text-align-center wp-block-paragraph\">Entrez dans le monde captivant de la mode, de la beaut\u00e9 et de la culture avec notre suite Harper&rsquo;s Bazaar, un havre inspir\u00e9 par l&rsquo;h\u00e9ritage de la c\u00e9l\u00e8bre publication aux Pays-Bas. D\u00e8s votre arriv\u00e9e, vous serez plong\u00e9 dans l&rsquo;\u00e9l\u00e9gance chic et la sophistication qui d\u00e9finissent la marque Harper&rsquo;s Bazaar. Orn\u00e9e d&rsquo;un d\u00e9cor \u00e9l\u00e9gant et d&rsquo;\u0153uvres d&rsquo;art, la suite offre un aper\u00e7u du monde glamour de la haute couture et de la sophistication culturelle. Laissez-vous s\u00e9duire par des \u00e9quipements qui c\u00e9l\u00e8brent l&rsquo;essence du Harper&rsquo;s Bazaar, des articles de toilette de cr\u00e9ateurs aux magazines de mode exclusifs qui pr\u00e9sentent les derni\u00e8res tendances et des informations d&rsquo;initi\u00e9s. Que vous soyez en qu\u00eate de d\u00e9tente ou d&rsquo;inspiration, la suite Harper&rsquo;s Bazaar vous promet une exp\u00e9rience inoubliable, m\u00ealant harmonieusement le luxe \u00e0 l&rsquo;attrait du monde de la mode et de la culture.    <\/p>\n<\/div><\/div>\n<\/div>\n\n\n\n<div class=\"wp-block-column slider-wrap padding-left-md is-layout-flow wp-block-column-is-layout-flow\" style=\"flex-basis:50%\">\n<figure class=\"wp-block-image size-full\"><img loading=\"lazy\" decoding=\"async\" width=\"1158\" height=\"1500\" src=\"https:\/\/www.deleurope.com\/wp-content\/uploads\/2024\/05\/Harpers-Bazaar-2.jpg\" alt=\"Harper's Bazaar Suite - De L'Europe Amsterdam\" class=\"wp-image-4860\" style=\"aspect-ratio:4\/3;object-fit:cover\" srcset=\"https:\/\/www.deleurope.com\/wp-content\/uploads\/2024\/05\/Harpers-Bazaar-2.jpg 1158w, https:\/\/www.deleurope.com\/wp-content\/uploads\/2024\/05\/Harpers-Bazaar-2-768x995.jpg 768w\" sizes=\"auto, (max-width: 1158px) 100vw, 1158px\" \/><\/figure>\n<\/div>\n<\/div>\n\n\n\n<div class=\"wp-block-columns columns_slider_text wrap-2-columns eat-and-drink-cards is-layout-flex wp-container-core-columns-is-layout-8f761849 wp-block-columns-is-layout-flex\" id=\"flore\">\n<div class=\"wp-block-column slider-wrap is-layout-flow wp-block-column-is-layout-flow\" style=\"flex-basis:50%\">\n<figure class=\"wp-block-image size-full\"><img loading=\"lazy\" decoding=\"async\" width=\"1158\" height=\"1500\" src=\"https:\/\/www.deleurope.com\/wp-content\/uploads\/2024\/05\/Harpers-Bazaar-1.jpg\" alt=\"Harper's Bazaar Suite - De L'Europe Amsterdam\" class=\"wp-image-4870\" style=\"aspect-ratio:4\/3;object-fit:cover\" srcset=\"https:\/\/www.deleurope.com\/wp-content\/uploads\/2024\/05\/Harpers-Bazaar-1.jpg 1158w, https:\/\/www.deleurope.com\/wp-content\/uploads\/2024\/05\/Harpers-Bazaar-1-768x995.jpg 768w\" sizes=\"auto, (max-width: 1158px) 100vw, 1158px\" \/><\/figure>\n<\/div>\n\n\n\n<div class=\"wp-block-column is-vertically-aligned-center middle-align is-layout-flow wp-block-column-is-layout-flow\" style=\"flex-basis:50%\">\n<h2 class=\"wp-block-heading has-text-align-center has-extra-large-font-size\" style=\"text-transform:capitalize\">Exp\u00e9rience en Out-Suite<\/h2>\n\n\n\n<div class=\"wp-block-group\"><div class=\"wp-block-group__inner-container is-layout-constrained wp-block-group-is-layout-constrained\">\n<p class=\"has-text-align-center wp-block-paragraph\">Harper\u2019s Bazaar vous d\u00e9voile une constellation de lieux incontournables qui incarnent le summum du style et de la sophistication. Ces destinations tri\u00e9es sur le volet, qu\u2019elles rel\u00e8vent de la mode, de l\u2019art ou de l\u2019art de vivre, refl\u00e8tent le go\u00fbt raffin\u00e9 du magazine. Des boutiques chics aux galeries d&rsquo;avant-garde, chaque lieu embl\u00e9matique incarne l&rsquo;essence m\u00eame de Harper\u2019s Bazaar, offrant un aper\u00e7u du paysage en constante \u00e9volution du raffinement culturel et de l&rsquo;\u00e9l\u00e9gance intemporelle. Dans l&rsquo;univers de Harper\u2019s Bazaar, ces lieux embl\u00e9matiques deviennent des carrefours anim\u00e9s o\u00f9 le rythme de la mode bat en harmonie avec celui de la vie contemporaine.   <\/p>\n<\/div><\/div>\n<\/div>\n<\/div>\n\n\n\n<div class=\"wp-block-carousel-slider-slider full-width-carousel\"><div class=\"carousel-slider-outer carousel-slider-outer-image-carousel carousel-slider-outer-1280\" style=\"--carousel-slider-nav-color:#f1f1f1;--carousel-slider-active-nav-color:#00d1b2;--carousel-slider-arrow-size:48px;--carousel-slider-bullet-size:10px\">\n<div id=\"&#039;id-1280\" class=\"carousel-slider carousel-slider-1280 arrows-visibility-hover dots-visibility-never arrows-outside dots-center dots-circle owl-carousel\" data-slide-type=\"image-carousel\" data-owl-settings='{\"nav\":true,\"dots\":false,\"slideBy\":1,\"stagePadding\":0,\"margin\":10,\"loop\":true,\"lazyLoad\":false,\"autoplay\":true,\"autoplayTimeout\":5000,\"autoplaySpeed\":500,\"autoplayHoverPause\":true,\"autoWidth\":false,\"items\":1}'>\n<div class=\"carousel-slider__item\">\n\t<img loading=\"lazy\" decoding=\"async\" width=\"1680\" height=\"820\" src=\"https:\/\/www.deleurope.com\/wp-content\/uploads\/2024\/01\/Harpers-Bazaar-Suite-De-LEurope-Amsterdam-1-1680x820.jpg\" class=\"attachment-gallery-single-room size-gallery-single-room\" alt=\"Harper&#039;s Bazaar Suite - De L&#039;Europe Amsterdam\" \/><\/a><\/div>\n\n<div class=\"carousel-slider__item\">\n\t<img loading=\"lazy\" decoding=\"async\" width=\"1680\" height=\"820\" src=\"https:\/\/www.deleurope.com\/wp-content\/uploads\/2024\/01\/Harpers-Bazaar-Suite-De-LEurope-Amsterdam-3-1680x820.jpg\" class=\"attachment-gallery-single-room size-gallery-single-room\" alt=\"Harper&#039;s Bazaar Suite - De L&#039;Europe Amsterdam\" \/><\/a><\/div>\n\n<div class=\"carousel-slider__item\">\n\t<img loading=\"lazy\" decoding=\"async\" width=\"1680\" height=\"820\" src=\"https:\/\/www.deleurope.com\/wp-content\/uploads\/2024\/01\/Harpers-Bazaar-Suite-De-LEurope-Amsterdam-4-1680x820.jpg\" class=\"attachment-gallery-single-room size-gallery-single-room\" alt=\"Harper&#039;s Bazaar Suite - De L&#039;Europe Amsterdam\" \/><\/a><\/div>\n\n<div class=\"carousel-slider__item\">\n\t<img loading=\"lazy\" decoding=\"async\" width=\"1680\" height=\"820\" src=\"https:\/\/www.deleurope.com\/wp-content\/uploads\/2024\/01\/Harpers-Bazaar-Suite-De-LEurope-Amsterdam-5-1680x820.jpg\" class=\"attachment-gallery-single-room size-gallery-single-room\" alt=\"Harper&#039;s Bazaar Suite - De L&#039;Europe Amsterdam\" \/><\/a><\/div>\n\n<div class=\"carousel-slider__item\">\n\t<img loading=\"lazy\" decoding=\"async\" width=\"1680\" height=\"820\" src=\"https:\/\/www.deleurope.com\/wp-content\/uploads\/2024\/01\/Harpers-Bazaar-Suite-De-LEurope-Amsterdam-6.jpg\" class=\"attachment-gallery-single-room size-gallery-single-room\" alt=\"Harper&#039;s Bazaar Suite - De L&#039;Europe Amsterdam\" srcset=\"https:\/\/www.deleurope.com\/wp-content\/uploads\/2024\/01\/Harpers-Bazaar-Suite-De-LEurope-Amsterdam-6.jpg 1680w, https:\/\/www.deleurope.com\/wp-content\/uploads\/2024\/01\/Harpers-Bazaar-Suite-De-LEurope-Amsterdam-6-768x375.jpg 768w, https:\/\/www.deleurope.com\/wp-content\/uploads\/2024\/01\/Harpers-Bazaar-Suite-De-LEurope-Amsterdam-6-1536x750.jpg 1536w\" sizes=\"auto, (max-width: 1680px) 100vw, 1680px\" \/><\/a><\/div>\n\n<div class=\"carousel-slider__item\">\n\t<img loading=\"lazy\" decoding=\"async\" width=\"1500\" height=\"820\" src=\"https:\/\/www.deleurope.com\/wp-content\/uploads\/2024\/05\/Sisters-Janssen-Suite-De-Leurope-Amsterdam-1-1500x820.jpg\" class=\"attachment-gallery-single-room size-gallery-single-room\" alt=\"\u2019t Huys bathroom featuring a luxurious bathtub and a double sink vanity with modern fixtures.\" \/><\/a><\/div>\n\n<\/div><!-- .carousel-slider-1280 -->\n<\/div><!-- .carousel-slider-outer-1280 -->\n<\/div>\n<\/div>\n<\/div>\n\n<div class=\"wp-block-columns image_left_text_bg_right wrap-2-columns is-layout-flex wp-container-core-columns-is-layout-8f761849 wp-block-columns-is-layout-flex\">\n<div class=\"wp-block-column slider-wrap is-layout-flow wp-block-column-is-layout-flow\" style=\"flex-basis:50%\">\n<figure class=\"wp-block-image size-full hide-on-mobile\"><img loading=\"lazy\" decoding=\"async\" width=\"1158\" height=\"1500\" src=\"https:\/\/www.deleurope.com\/wp-content\/uploads\/2024\/05\/Harpers-Bazaar-3.jpg\" alt=\"Harper's Bazaar Suite - De L'Europe Amsterdam\" class=\"wp-image-4865\" srcset=\"https:\/\/www.deleurope.com\/wp-content\/uploads\/2024\/05\/Harpers-Bazaar-3.jpg 1158w, https:\/\/www.deleurope.com\/wp-content\/uploads\/2024\/05\/Harpers-Bazaar-3-768x995.jpg 768w\" sizes=\"auto, (max-width: 1158px) 100vw, 1158px\" \/><\/figure>\n<\/div>\n\n\n\n<div class=\"wp-block-column is-vertically-aligned-center middle-align is-layout-flow wp-block-column-is-layout-flow\" style=\"flex-basis:50%\">\n<div class=\"wp-block-columns is-layout-flex wp-container-core-columns-is-layout-8f761849 wp-block-columns-is-layout-flex\">\n<div class=\"wp-block-column has-central-palette-4-background-color has-background is-layout-flow wp-block-column-is-layout-flow\">\n<h2 class=\"wp-block-heading has-text-align-center has-extra-large-font-size\">Room Amenities<\/h2>\n\n\n\n<ul class=\"wp-block-list\">\n<li>50 &#8211; 60 square metres<\/li>\n\n\n\n<li>Balcon priv\u00e9<\/li>\n\n\n\n<li>Organic COCO-MAT mattress<\/li>\n\n\n\n<li>Luxurious down bedding featuring various pillow choices<\/li>\n\n\n\n<li>Satin bed linens boasting a 400 thread count<\/li>\n\n\n\n<li>Plush terry towels and bathrobes for added comfort<\/li>\n\n\n\n<li>Diptyque bathroom amenities for a touch of indulgence<\/li>\n\n\n\n<li>Twice-daily housekeeping service to ensure a pristine environment<\/li>\n\n\n\n<li>In-room amenities include a Nespresso\u00ae coffee maker with complimentary pods and a stocked refrigerated bar<\/li>\n\n\n\n<li>Daily provision of complimentary bottle of water<\/li>\n\n\n\n<li>Safety deposit box equipped with an electric outlet for laptops<\/li>\n\n\n\n<li>Enjoy the warmth of a heated bathroom floor<\/li>\n\n\n\n<li>Complimentary high-speed Wi-Fi for seamless connectivity<\/li>\n<\/ul>\n<\/div>\n<\/div>\n<\/div>\n<\/div>\n\n<div class=\"wp-block-columns gallery-with-caption is-layout-flex wp-container-core-columns-is-layout-8f761849 wp-block-columns-is-layout-flex\">\n<div class=\"wp-block-column is-layout-flow wp-block-column-is-layout-flow\">\n<div class=\"wp-block-columns text-on-left wrap-2-columns eat-and-drink-cards top-border is-layout-flex wp-container-core-columns-is-layout-8f761849 wp-block-columns-is-layout-flex\" id=\"graziella\">\n<div class=\"wp-block-column is-vertically-aligned-center middle-align is-layout-flow wp-block-column-is-layout-flow\" style=\"flex-basis:50%\">\n<h2 class=\"wp-block-heading has-text-align-center has-extra-large-font-size\" style=\"text-transform:capitalize\">Vue sur la rivi\u00e8re<\/h2>\n\n\n\n<div class=\"wp-block-group\"><div class=\"wp-block-group__inner-container is-layout-constrained wp-block-group-is-layout-constrained\">\n<p class=\"has-text-align-center wp-block-paragraph\">Depuis la suite Harper\u2019s Bazaar de l\u2019h\u00f4tel De L\u2019Europe Amsterdam, sortez sur votre terrasse priv\u00e9e et d\u00e9couvrez une vue imprenable sur l\u2019Amstel. V\u00e9ritable havre de paix au c\u0153ur d\u2019Amsterdam, cet espace ext\u00e9rieur exclusif vous invite \u00e0 vous d\u00e9tendre en prenant votre caf\u00e9 du matin, \u00e0 admirer la vue sur la ville ou \u00e0 trinquer au coucher du soleil sur le fleuve. <\/p>\n<\/div><\/div>\n<\/div>\n\n\n\n<div class=\"wp-block-column slider-wrap padding-left-md is-layout-flow wp-block-column-is-layout-flow\" style=\"flex-basis:50%\">\n<figure class=\"wp-block-image size-full\"><img loading=\"lazy\" decoding=\"async\" width=\"2048\" height=\"1366\" src=\"https:\/\/www.deleurope.com\/wp-content\/uploads\/2025\/07\/Harpers-Bazaar-Suite-Balcony.png\" alt=\"Balcon avec les maisons historiques d'Amsterdam en arri&#xE8;re-plan\" class=\"wp-image-9052\" style=\"aspect-ratio:4\/3;object-fit:cover\" srcset=\"https:\/\/www.deleurope.com\/wp-content\/uploads\/2025\/07\/Harpers-Bazaar-Suite-Balcony.png 2048w, https:\/\/www.deleurope.com\/wp-content\/uploads\/2025\/07\/Harpers-Bazaar-Suite-Balcony-768x512.png 768w, https:\/\/www.deleurope.com\/wp-content\/uploads\/2025\/07\/Harpers-Bazaar-Suite-Balcony-1536x1025.png 1536w, https:\/\/www.deleurope.com\/wp-content\/uploads\/2025\/07\/Harpers-Bazaar-Suite-Balcony-600x400.png 600w\" sizes=\"auto, (max-width: 2048px) 100vw, 2048px\" \/><\/figure>\n<\/div>\n<\/div>\n<\/div>\n<\/div>\n\n<div class=\"wp-block-columns carousel-black-editable is-layout-flex wp-container-core-columns-is-layout-8f761849 wp-block-columns-is-layout-flex\">\n<div class=\"wp-block-column has-central-palette-1-background-color has-background is-layout-flow wp-block-column-is-layout-flow\">\n<h2 class=\"wp-block-heading has-text-align-center heading-ampersant big-space-bottom-top has-central-palette-7-color has-text-color has-extra-large-font-size\" style=\"text-transform:capitalize\">Staying at De L\u2019Europe\u2026<\/h2>\n\n\n\n<div class=\"wp-block-carousel-slider-slider\"><div class=\"carousel-slider-outer carousel-slider-outer-hero-banner-slider carousel-slider-outer-777\" style=\"--carousel-slider-nav-color:#f1f1f1;--carousel-slider-active-nav-color:#00d1b2;--carousel-slider-arrow-size:48px;--carousel-slider-bullet-size:10px\">\n<div id=\"&#039;id-777\" class=\"carousel-slider carousel-slider-777 arrows-visibility-always dots-visibility-never arrows-outside dots-center dots-circle owl-carousel\" data-slide-type=\"hero-banner-slider\" data-owl-settings='{\"nav\":true,\"dots\":false,\"slideBy\":1,\"stagePadding\":0,\"margin\":80,\"loop\":false,\"lazyLoad\":false,\"autoplay\":false,\"autoplayTimeout\":5000,\"autoplaySpeed\":500,\"autoplayHoverPause\":false,\"autoWidth\":false,\"responsive\":{\"300\":{\"items\":1},\"576\":{\"items\":1},\"768\":{\"items\":1},\"1024\":{\"items\":1},\"1280\":{\"items\":2},\"1536\":{\"items\":2}}}' data-animation=\"\">\n<div class=\"carousel-slider-hero__cell hero__cell-1\" style=\"--cell-height: \"><div id=\"slide-item-777-1\" class=\"carousel-slider-hero__cell__background\" style=\"background-position:center center;background-size:cover;background-image:url(https:\/\/www.deleurope.com\/wp-content\/uploads\/2023\/10\/2.png);background-color:rgba(0,0,0,0.6)\"><\/div><div class=\"carousel-slider-hero__cell__inner carousel-slider--h-position-center carousel-slider--v-position-middle carousel-slider--text-center\" style=\"padding-top:1rem;padding-right:1rem;padding-bottom:1rem;padding-left:1rem\"><div class=\"carousel-slider-hero__cell__content hidden\" style=\"max-width:100%\" data-animation=\"\"><div class=\"carousel-slider-hero__cell__heading\" style=\"--cs-heading-font-size:40px;--cs-heading-gutter:30px;--cs-heading-color:#ffffff\">Your culinary hub<\/div><div class=\"carousel-slider-hero__cell__description\" style=\"--cs-description-font-size:20px;--cs-description-gutter:30px;--cs-description-color:#ffffff\">Three of the city's finest restaurants under one roof: Michelin-starred Restaurant Flore, Brasserie Marie, and Trattoria Graziella.<\/div><div class=\"carousel-slider-hero__cell__buttons\"><span class=\"carousel-slider-hero__cell__button__one\" style=\"--cs-button-bg-color:#ffffff;--cs-button-color:#323232;--cs-button-border-width:3px;--cs-button-border-radius:0px\"><a class=\"button cs-hero-button cs-hero-button-1-1 cs-hero-button-stroke cs-hero-button-medium\" href=\"https:\/\/www.deleurope.com\/restaurants\/\" target=\"_self\">Read more<\/a><\/span><\/div><\/div><\/div><\/div>\n<div class=\"carousel-slider-hero__cell hero__cell-2\" style=\"--cell-height: \"><div id=\"slide-item-777-2\" class=\"carousel-slider-hero__cell__background\" style=\"background-position:center center;background-size:cover;background-image:url(https:\/\/www.deleurope.com\/wp-content\/uploads\/2025\/11\/De-LEurope-Amsterdam-Biologique-Recherche-2-3-1.png);background-color:rgba(0,0,0,0.6)\"><\/div><div class=\"carousel-slider-hero__cell__inner carousel-slider--h-position-center carousel-slider--v-position-middle carousel-slider--text-center\" style=\"padding-top:1rem;padding-right:1rem;padding-bottom:1rem;padding-left:1rem\"><div class=\"carousel-slider-hero__cell__background_overlay\" style=\"background-color: rgba(0,0,0,0.35);\"><\/div><div class=\"carousel-slider-hero__cell__content hidden\" style=\"max-width:100%\" data-animation=\"\"><div class=\"carousel-slider-hero__cell__heading\" style=\"--cs-heading-font-size:40px;--cs-heading-gutter:30px;--cs-heading-color:#ffffff\">Mind &amp; Body<\/div><div class=\"carousel-slider-hero__cell__description\" style=\"--cs-description-font-size:20px;--cs-description-gutter:30px;--cs-description-color:#ffffff\">Indulge in pampering by our wellness team and experience a range of luxurious treatments and exquisite skincare services.<\/div><div class=\"carousel-slider-hero__cell__buttons\"><span class=\"carousel-slider-hero__cell__button__one\" style=\"--cs-button-bg-color:#ffffff;--cs-button-color:#323232;--cs-button-border-width:3px;--cs-button-border-radius:0px\"><a class=\"button cs-hero-button cs-hero-button-2-1 cs-hero-button-stroke cs-hero-button-medium\" href=\"https:\/\/www.deleurope.com\/spa-wellness\/\" target=\"_self\">Read more<\/a><\/span><\/div><\/div><\/div><\/div>\n<div class=\"carousel-slider-hero__cell hero__cell-3\" style=\"--cell-height: \"><div id=\"slide-item-777-3\" class=\"carousel-slider-hero__cell__background\" style=\"background-position:center center;background-size:cover;background-image:url(https:\/\/www.deleurope.com\/wp-content\/uploads\/2024\/11\/Wine-Cellar-1.jpg);background-color:rgba(0,0,0,0.6)\"><\/div><div class=\"carousel-slider-hero__cell__inner carousel-slider--h-position-center carousel-slider--v-position-middle carousel-slider--text-center\" style=\"padding-top:1rem;padding-right:1rem;padding-bottom:1rem;padding-left:1rem\"><div class=\"carousel-slider-hero__cell__content hidden\" style=\"max-width:100%\" data-animation=\"\"><div class=\"carousel-slider-hero__cell__heading\" style=\"--cs-heading-font-size:40px;--cs-heading-gutter:30px;--cs-heading-color:#ffffff\">Wine Tastings<\/div><div class=\"carousel-slider-hero__cell__description\" style=\"--cs-description-font-size:20px;--cs-description-gutter:30px;--cs-description-color:#ffffff\">Step into a world of refined luxury with our exclusive private wine tasting &amp; cellar experience.<\/div><div class=\"carousel-slider-hero__cell__buttons\"><span class=\"carousel-slider-hero__cell__button__one\" style=\"--cs-button-bg-color:#ffffff;--cs-button-color:#323232;--cs-button-border-width:3px;--cs-button-border-radius:0px\"><a class=\"button cs-hero-button cs-hero-button-3-1 cs-hero-button-stroke cs-hero-button-medium\" href=\"https:\/\/www.deleurope.com\/restaurants\/wine-experience\/\" target=\"_self\">SEE MORE<\/a><\/span><\/div><\/div><\/div><\/div>\n<div class=\"carousel-slider-hero__cell hero__cell-4\" style=\"--cell-height: \"><div id=\"slide-item-777-4\" class=\"carousel-slider-hero__cell__background\" style=\"background-position:center center;background-size:cover;background-image:url(https:\/\/www.deleurope.com\/wp-content\/uploads\/2025\/10\/Afternoon-Tea-De-LEurope.png);background-color:rgba(0,0,0,0.6)\"><\/div><div class=\"carousel-slider-hero__cell__inner carousel-slider--h-position-center carousel-slider--v-position-middle carousel-slider--text-center\" style=\"padding-top:1rem;padding-right:1rem;padding-bottom:1rem;padding-left:1rem\"><div class=\"carousel-slider-hero__cell__content hidden\" style=\"max-width:100%\" data-animation=\"\"><div class=\"carousel-slider-hero__cell__heading\" style=\"--cs-heading-font-size:40px;--cs-heading-gutter:30px;--cs-heading-color:#ffffff\">Afternoon Tea<\/div><div class=\"carousel-slider-hero__cell__description\" style=\"--cs-description-font-size:20px;--cs-description-gutter:30px;--cs-description-color:#ffffff\">Indulge in a refined selection of sandwiches, artisan pastries, and sweets, expertly crafted by our pastry chefs.<\/div><div class=\"carousel-slider-hero__cell__buttons\"><span class=\"carousel-slider-hero__cell__button__one\" style=\"--cs-button-bg-color:#ffffff;--cs-button-color:#323232;--cs-button-border-width:3px;--cs-button-border-radius:0px\"><a class=\"button cs-hero-button cs-hero-button-4-1 cs-hero-button-stroke cs-hero-button-medium\" href=\"https:\/\/www.deleurope.com\/restaurants\/high-tea\/\" target=\"_self\">SEE MORE<\/a><\/span><\/div><\/div><\/div><\/div>\n<\/div><!-- .carousel-slider-777 -->\n<\/div><!-- .carousel-slider-outer-777 -->\n<\/div>\n<\/div>\n<\/div>\n\n<div class=\"wp-block-columns special-request contact-form is-layout-flex wp-container-core-columns-is-layout-8f761849 wp-block-columns-is-layout-flex\" id=\"enquire\">\n<div class=\"wp-block-column has-central-palette-11-background-color has-background is-layout-flow wp-block-column-is-layout-flow\">\n<h2 class=\"wp-block-heading has-text-align-center has-extra-large-font-size\">Plus d&rsquo;informations<\/h2>\n\n\n\n<p class=\"has-text-align-center wp-block-paragraph\">We are delighted to accommodate your special request. Your comfort is our priority, and we look forward to ensuring a pleasant experience for you. <\/p>\n\n\n\n<p class=\"wp-block-paragraph\"><\/p>\n\n\n\n<div class=\"wp-block-contact-form-7-contact-form-selector\">\n<div class=\"wpcf7 no-js\" id=\"wpcf7-f9406-o1\" lang=\"fr-FR\" dir=\"ltr\" data-wpcf7-id=\"9406\">\n<div class=\"screen-reader-response\"><p role=\"status\" aria-live=\"polite\" aria-atomic=\"true\"><\/p> <ul><\/ul><\/div>\n<form action=\"\/fr\/wp-json\/wp\/v2\/pages\/3178#wpcf7-f9406-o1\" method=\"post\" class=\"wpcf7-form init\" aria-label=\"Formulaire de contact\" novalidate=\"novalidate\" data-status=\"init\">\n<fieldset class=\"hidden-fields-container\"><input type=\"hidden\" name=\"_wpcf7\" value=\"9406\" \/><input type=\"hidden\" name=\"_wpcf7_version\" value=\"6.1.6\" \/><input type=\"hidden\" name=\"_wpcf7_locale\" value=\"fr_FR\" \/><input type=\"hidden\" name=\"_wpcf7_unit_tag\" value=\"wpcf7-f9406-o1\" \/><input type=\"hidden\" name=\"_wpcf7_container_post\" value=\"0\" \/><input type=\"hidden\" name=\"_wpcf7_posted_data_hash\" value=\"\" \/>\n<\/fieldset>\n<p><span class=\"wpcf7-form-control-wrap\" data-name=\"firstname\"><input size=\"40\" maxlength=\"400\" class=\"wpcf7-form-control wpcf7-text wpcf7-validates-as-required half\" aria-required=\"true\" aria-invalid=\"false\" placeholder=\"Pr\u00e9nom*\" value=\"\" type=\"text\" name=\"firstname\" \/><\/span><br \/>\n<span class=\"wpcf7-form-control-wrap\" data-name=\"lastname\"><input size=\"40\" maxlength=\"400\" class=\"wpcf7-form-control wpcf7-text wpcf7-validates-as-required half\" aria-required=\"true\" aria-invalid=\"false\" placeholder=\"Nom de famille*\" value=\"\" type=\"text\" name=\"lastname\" \/><\/span><br \/>\n<span class=\"wpcf7-form-control-wrap\" data-name=\"email\"><input size=\"40\" maxlength=\"400\" class=\"wpcf7-form-control wpcf7-email wpcf7-validates-as-required wpcf7-text wpcf7-validates-as-email half\" aria-required=\"true\" aria-invalid=\"false\" placeholder=\"Email*\" value=\"\" type=\"email\" name=\"email\" \/><\/span><br \/>\n<span class=\"wpcf7-form-control-wrap\" data-name=\"telephone\"><input size=\"40\" maxlength=\"400\" class=\"wpcf7-form-control wpcf7-tel wpcf7-validates-as-required wpcf7-text wpcf7-validates-as-tel half\" aria-required=\"true\" aria-invalid=\"false\" placeholder=\"T\u00e9l\u00e9phone*\" value=\"\" type=\"tel\" name=\"telephone\" \/><\/span><br \/>\n<span class=\"wpcf7-form-control-wrap\" data-name=\"country\"><input size=\"40\" maxlength=\"400\" class=\"wpcf7-form-control wpcf7-text half\" aria-invalid=\"false\" placeholder=\"Pays\" value=\"\" type=\"text\" name=\"country\" \/><\/span><br \/>\n<span class=\"wpcf7-form-control-wrap\" data-name=\"hearfromus\"><select class=\"wpcf7-form-control wpcf7-select wpcf7-validates-as-required half\" aria-required=\"true\" aria-invalid=\"false\" name=\"hearfromus\"><option value=\"Nature de la demande?*\">Nature de la demande?*<\/option><option value=\"R\u00e9servations\">R\u00e9servations<\/option><option value=\"Informations\">Informations<\/option><option value=\"Concierge\">Concierge<\/option><option value=\"Spa &amp; Wellness\">Spa &amp; Wellness<\/option><option value=\"Concept Store IN-HUYS\">Concept Store IN-HUYS<\/option><option value=\"Autres\">Autres<\/option><\/select><\/span><br \/>\n<span class=\"wpcf7-form-control-wrap\" data-name=\"textarea-723\"><textarea cols=\"40\" rows=\"10\" maxlength=\"2000\" class=\"wpcf7-form-control wpcf7-textarea full\" aria-invalid=\"false\" placeholder=\"Message\" name=\"textarea-723\"><\/textarea><\/span>\n<\/p>\n<p class=\"privacy-contact\">Ce site est prot\u00e9g\u00e9 par reCAPTCHA et la <a href=\"\/privacy-policy-2\/\">politique de confidentialit\u00e9<\/a> et les <a href=\"\/terms-conditions\/\">conditions de service de<\/a> Google s'appliquent.\n<\/p>\n<p><br \/>\n<input class=\"wpcf7-form-control wpcf7-submit has-spinner\" type=\"submit\" value=\"Envoyer la demande\" \/>\n<\/p><noscript>\n\t\t\t<div class=\"wpcf7-response-output wpcf7-spam-blocked\">Your browser does not support JavaScript!. Please enable javascript in your browser in order to get form work properly.<\/div>\n\t<\/noscript><script type='text\/javascript'>\n\n\t\t\t\t\t\tif(contactform === undefined){\n\t\t\t\t\t\t\tvar contactform = [];\n\t\t\t\t\t\t}\n\t\t\t\t\t\tvar innerVal = [9406,'mail_sent_ok','Merci pour votre message. Il a &eacute;t&eacute; envoy&eacute;.'];\n\t\t\t\t\t\tcontactform.push(innerVal);\n\t\t\t\t\t\tvar innerVal = [9406,'mail_sent_ng','Une erreur s\\&#039;est produite lors de l\\&#039;envoi de votre message. Veuillez r&eacute;essayer plus tard.'];\n\t\t\t\t\t\tcontactform.push(innerVal);\n\t\t\t\t\t\tvar innerVal = [9406,'validation_error','Un ou plusieurs champs comportent une erreur. Veuillez v&eacute;rifier et r&eacute;essayer.'];\n\t\t\t\t\t\tcontactform.push(innerVal);\n\t\t\t\t\t\tvar innerVal = [9406,'spam','Une erreur s\\&#039;est produite lors de l\\&#039;envoi de votre message. Veuillez r&eacute;essayer plus tard.'];\n\t\t\t\t\t\tcontactform.push(innerVal);\n\t\t\t\t\t\tvar innerVal = [9406,'accept_terms','Vous devez accepter les termes et conditions avant d\\&#039;envoyer votre message.'];\n\t\t\t\t\t\tcontactform.push(innerVal);\n\t\t\t\t\t\tvar innerVal = [9406,'invalid_required','Veuillez remplir ce champ.'];\n\t\t\t\t\t\tcontactform.push(innerVal);\n\t\t\t\t\t\tvar innerVal = [9406,'invalid_too_long','Ce champ a une entr&eacute;e trop longue.'];\n\t\t\t\t\t\tcontactform.push(innerVal);\n\t\t\t\t\t\tvar innerVal = [9406,'invalid_too_short','Ce champ a une entr&eacute;e trop courte.'];\n\t\t\t\t\t\tcontactform.push(innerVal);\n\t\t\t\t\t\tvar innerVal = [9406,'upload_failed','Une erreur inconnue s\\&#039;est produite lors du t&eacute;l&eacute;chargement du fichier.'];\n\t\t\t\t\t\tcontactform.push(innerVal);\n\t\t\t\t\t\tvar innerVal = [9406,'upload_file_type_invalid','Vous n\\&#039;&ecirc;tes pas autoris&eacute; &agrave; t&eacute;l&eacute;charger des fichiers de ce type.'];\n\t\t\t\t\t\tcontactform.push(innerVal);\n\t\t\t\t\t\tvar innerVal = [9406,'upload_file_too_large','Le fichier t&eacute;l&eacute;charg&eacute; est trop volumineux.'];\n\t\t\t\t\t\tcontactform.push(innerVal);\n\t\t\t\t\t\tvar innerVal = [9406,'upload_failed_php_error','Une erreur s\\&#039;est produite lors du t&eacute;l&eacute;chargement du fichier.'];\n\t\t\t\t\t\tcontactform.push(innerVal);\n\t\t\t\t\t\tvar innerVal = [9406,'invalid_date','Veuillez saisir une date au format AAAA-MM-JJ.'];\n\t\t\t\t\t\tcontactform.push(innerVal);\n\t\t\t\t\t\tvar innerVal = [9406,'date_too_early','Ce champ a une date trop pr&eacute;coce.'];\n\t\t\t\t\t\tcontactform.push(innerVal);\n\t\t\t\t\t\tvar innerVal = [9406,'date_too_late','Ce champ a une date trop tardive.'];\n\t\t\t\t\t\tcontactform.push(innerVal);\n\t\t\t\t\t\tvar innerVal = [9406,'invalid_number','Veuillez saisir un num&eacute;ro.'];\n\t\t\t\t\t\tcontactform.push(innerVal);\n\t\t\t\t\t\tvar innerVal = [9406,'number_too_small','Ce champ a un nombre trop petit.'];\n\t\t\t\t\t\tcontactform.push(innerVal);\n\t\t\t\t\t\tvar innerVal = [9406,'number_too_large','Ce champ a un nombre trop &eacute;lev&eacute;.'];\n\t\t\t\t\t\tcontactform.push(innerVal);\n\t\t\t\t\t\tvar innerVal = [9406,'quiz_answer_not_correct','La r&eacute;ponse au quiz est incorrecte.'];\n\t\t\t\t\t\tcontactform.push(innerVal);\n\t\t\t\t\t\tvar innerVal = [9406,'invalid_email','Veuillez saisir une adresse &eacute;lectronique.'];\n\t\t\t\t\t\tcontactform.push(innerVal);\n\t\t\t\t\t\tvar innerVal = [9406,'invalid_url','Veuillez saisir une URL.'];\n\t\t\t\t\t\tcontactform.push(innerVal);\n\t\t\t\t\t\tvar innerVal = [9406,'invalid_tel','Veuillez saisir un num&eacute;ro de t&eacute;l&eacute;phone.'];\n\t\t\t\t\t\tcontactform.push(innerVal);\n\t\t\t\t\t\tvar innerVal = [9406,'gdpr',''];\n\t\t\t\t\t\tcontactform.push(innerVal);\n\t\t\t\t\t\t<\/script><div class=\"wpcf7-response-output\" aria-hidden=\"true\"><\/div>\n<\/form>\n<\/div>\n<\/div>\n<\/div>\n<\/div>\n","protected":false},"excerpt":{"rendered":"<p>Promenez-vous dans l&rsquo;ambiance chaleureuse de la publication pionni\u00e8re Harper&rsquo;s Bazaar. Con\u00e7ue par la r\u00e9dactrice en chef Miluska van &lsquo;t Lam, cette suite est un v\u00e9ritable tour de force, rempli d&rsquo;objets tri\u00e9s sur le volet et de d\u00e9tails \u00e9l\u00e9gants. Tous incarnent le panache du magazine, m\u00ealant l&rsquo;art, la mode et de subtiles touches r\u00e9tro. D\u00e9couvrez les [&hellip;]<\/p>\n","protected":false},"author":6,"featured_media":3179,"parent":3156,"menu_order":1,"comment_status":"closed","ping_status":"closed","template":"","meta":{"_acf_changed":false,"footnotes":""},"class_list":["post-3178","page","type-page","status-publish","has-post-thumbnail","hentry"],"acf":[],"yoast_head":"<!-- This site is optimized with the Yoast SEO plugin v28.1 - https:\/\/yoast.com\/product\/yoast-seo-wordpress\/ -->\n<title>Harper&#039;s Bazaar Suite \u00e0 Amsterdam | De L&#039;Europe<\/title>\n<meta name=\"description\" content=\"Laissez-vous s\u00e9duire par l&#039;\u00e9l\u00e9gance de la suite Harper&#039;s Bazaar au De L&#039;Europe Amsterdam, dot\u00e9e d&#039;\u00e9quipements luxueux et d&#039;un matelas Coco-Mat. R\u00e9servez d\u00e8s aujourd&#039;hui.\" \/>\n<meta name=\"robots\" content=\"index, follow, max-snippet:-1, max-image-preview:large, max-video-preview:-1\" \/>\n<link rel=\"canonical\" href=\"https:\/\/www.deleurope.com\/fr\/hebergement\/suite-de-harpers-bazaar\/\" \/>\n<meta property=\"og:locale\" content=\"fr_FR\" \/>\n<meta property=\"og:type\" content=\"article\" \/>\n<meta property=\"og:title\" content=\"Harper&#039;s Bazaar Suite \u00e0 Amsterdam | De L&#039;Europe\" \/>\n<meta property=\"og:description\" content=\"Laissez-vous s\u00e9duire par l&#039;\u00e9l\u00e9gance de la suite Harper&#039;s Bazaar au De L&#039;Europe Amsterdam, dot\u00e9e d&#039;\u00e9quipements luxueux et d&#039;un matelas Coco-Mat. R\u00e9servez d\u00e8s aujourd&#039;hui.\" \/>\n<meta property=\"og:url\" content=\"https:\/\/www.deleurope.com\/fr\/hebergement\/suite-de-harpers-bazaar\/\" \/>\n<meta property=\"og:site_name\" content=\"De L&#039;Europe Amsterdam\" \/>\n<meta property=\"article:publisher\" content=\"https:\/\/www.facebook.com\/DeLEuropeAms\/\" \/>\n<meta property=\"article:modified_time\" content=\"2026-08-20T07:39:10+00:00\" \/>\n<meta property=\"og:image\" content=\"https:\/\/www.deleurope.com\/wp-content\/uploads\/2024\/01\/Harpers-Bazaar-Suite-De-Leurope-Amsterdam.jpg\" \/>\n\t<meta property=\"og:image:width\" content=\"1680\" \/>\n\t<meta property=\"og:image:height\" content=\"730\" \/>\n\t<meta property=\"og:image:type\" content=\"image\/jpeg\" \/>\n<meta name=\"twitter:card\" content=\"summary_large_image\" \/>\n<meta name=\"twitter:label1\" content=\"Dur\u00e9e de lecture estim\u00e9e\" \/>\n\t<meta name=\"twitter:data1\" content=\"8 minutes\" \/>\n<script type=\"application\/ld+json\" class=\"yoast-schema-graph\">{\"@context\":\"https:\\\/\\\/schema.org\",\"@graph\":[{\"@type\":\"WebPage\",\"@id\":\"https:\\\/\\\/www.deleurope.com\\\/fr\\\/hebergement\\\/suite-de-harpers-bazaar\\\/\",\"url\":\"https:\\\/\\\/www.deleurope.com\\\/fr\\\/hebergement\\\/suite-de-harpers-bazaar\\\/\",\"name\":\"Harper's Bazaar Suite \u00e0 Amsterdam | De L'Europe\",\"isPartOf\":{\"@id\":\"https:\\\/\\\/www.deleurope.com\\\/fr\\\/#website\"},\"primaryImageOfPage\":{\"@id\":\"https:\\\/\\\/www.deleurope.com\\\/fr\\\/hebergement\\\/suite-de-harpers-bazaar\\\/#primaryimage\"},\"image\":{\"@id\":\"https:\\\/\\\/www.deleurope.com\\\/fr\\\/hebergement\\\/suite-de-harpers-bazaar\\\/#primaryimage\"},\"thumbnailUrl\":\"https:\\\/\\\/www.deleurope.com\\\/wp-content\\\/uploads\\\/2024\\\/01\\\/Harpers-Bazaar-Suite-De-Leurope-Amsterdam.jpg\",\"datePublished\":\"2024-01-15T14:21:28+00:00\",\"dateModified\":\"2026-08-20T07:39:10+00:00\",\"description\":\"Laissez-vous s\u00e9duire par l'\u00e9l\u00e9gance de la suite Harper's Bazaar au De L'Europe Amsterdam, dot\u00e9e d'\u00e9quipements luxueux et d'un matelas Coco-Mat. R\u00e9servez d\u00e8s aujourd'hui.\",\"breadcrumb\":{\"@id\":\"https:\\\/\\\/www.deleurope.com\\\/fr\\\/hebergement\\\/suite-de-harpers-bazaar\\\/#breadcrumb\"},\"inLanguage\":\"fr-FR\",\"potentialAction\":[{\"@type\":\"ReadAction\",\"target\":[\"https:\\\/\\\/www.deleurope.com\\\/fr\\\/hebergement\\\/suite-de-harpers-bazaar\\\/\"]}]},{\"@type\":\"ImageObject\",\"inLanguage\":\"fr-FR\",\"@id\":\"https:\\\/\\\/www.deleurope.com\\\/fr\\\/hebergement\\\/suite-de-harpers-bazaar\\\/#primaryimage\",\"url\":\"https:\\\/\\\/www.deleurope.com\\\/wp-content\\\/uploads\\\/2024\\\/01\\\/Harpers-Bazaar-Suite-De-Leurope-Amsterdam.jpg\",\"contentUrl\":\"https:\\\/\\\/www.deleurope.com\\\/wp-content\\\/uploads\\\/2024\\\/01\\\/Harpers-Bazaar-Suite-De-Leurope-Amsterdam.jpg\",\"width\":1680,\"height\":730},{\"@type\":\"BreadcrumbList\",\"@id\":\"https:\\\/\\\/www.deleurope.com\\\/fr\\\/hebergement\\\/suite-de-harpers-bazaar\\\/#breadcrumb\",\"itemListElement\":[{\"@type\":\"ListItem\",\"position\":1,\"name\":\"Home\",\"item\":\"https:\\\/\\\/www.deleurope.com\\\/fr\\\/\"},{\"@type\":\"ListItem\",\"position\":2,\"name\":\"Chambres et suites\",\"item\":\"https:\\\/\\\/www.deleurope.com\\\/fr\\\/hebergement\\\/\"},{\"@type\":\"ListItem\",\"position\":3,\"name\":\"Suite de Harper&#8217;s Bazaar\"}]},{\"@type\":\"WebSite\",\"@id\":\"https:\\\/\\\/www.deleurope.com\\\/fr\\\/#website\",\"url\":\"https:\\\/\\\/www.deleurope.com\\\/fr\\\/\",\"name\":\"De L'Europe Amsterdam\",\"description\":\"Home of original Amsterdam luxury.\",\"publisher\":{\"@id\":\"https:\\\/\\\/www.deleurope.com\\\/fr\\\/#organization\"},\"potentialAction\":[{\"@type\":\"SearchAction\",\"target\":{\"@type\":\"EntryPoint\",\"urlTemplate\":\"https:\\\/\\\/www.deleurope.com\\\/fr\\\/?s={search_term_string}\"},\"query-input\":{\"@type\":\"PropertyValueSpecification\",\"valueRequired\":true,\"valueName\":\"search_term_string\"}}],\"inLanguage\":\"fr-FR\"},{\"@type\":\"Organization\",\"@id\":\"https:\\\/\\\/www.deleurope.com\\\/fr\\\/#organization\",\"name\":\"De L'Europe Amsterdam\",\"url\":\"https:\\\/\\\/www.deleurope.com\\\/fr\\\/\",\"logo\":{\"@type\":\"ImageObject\",\"inLanguage\":\"fr-FR\",\"@id\":\"https:\\\/\\\/www.deleurope.com\\\/fr\\\/#\\\/schema\\\/logo\\\/image\\\/\",\"url\":\"https:\\\/\\\/www.deleurope.com\\\/wp-content\\\/uploads\\\/2026\\\/07\\\/deleurope_crest_black_scaled75.png\",\"contentUrl\":\"https:\\\/\\\/www.deleurope.com\\\/wp-content\\\/uploads\\\/2026\\\/07\\\/deleurope_crest_black_scaled75.png\",\"width\":250,\"height\":253,\"caption\":\"De L'Europe Amsterdam\"},\"image\":{\"@id\":\"https:\\\/\\\/www.deleurope.com\\\/fr\\\/#\\\/schema\\\/logo\\\/image\\\/\"},\"sameAs\":[\"https:\\\/\\\/www.facebook.com\\\/DeLEuropeAms\\\/\",\"https:\\\/\\\/www.instagram.com\\\/deleuropeams\\\/\",\"https:\\\/\\\/www.linkedin.com\\\/company\\\/hotel-de-leurope\"]}]}<\/script>\n<!-- \/ Yoast SEO plugin. -->","yoast_head_json":{"title":"Harper's Bazaar Suite \u00e0 Amsterdam | De L'Europe","description":"Laissez-vous s\u00e9duire par l'\u00e9l\u00e9gance de la suite Harper's Bazaar au De L'Europe Amsterdam, dot\u00e9e d'\u00e9quipements luxueux et d'un matelas Coco-Mat. R\u00e9servez d\u00e8s aujourd'hui.","robots":{"index":"index","follow":"follow","max-snippet":"max-snippet:-1","max-image-preview":"max-image-preview:large","max-video-preview":"max-video-preview:-1"},"canonical":"https:\/\/www.deleurope.com\/fr\/hebergement\/suite-de-harpers-bazaar\/","og_locale":"fr_FR","og_type":"article","og_title":"Harper's Bazaar Suite \u00e0 Amsterdam | De L'Europe","og_description":"Laissez-vous s\u00e9duire par l'\u00e9l\u00e9gance de la suite Harper's Bazaar au De L'Europe Amsterdam, dot\u00e9e d'\u00e9quipements luxueux et d'un matelas Coco-Mat. R\u00e9servez d\u00e8s aujourd'hui.","og_url":"https:\/\/www.deleurope.com\/fr\/hebergement\/suite-de-harpers-bazaar\/","og_site_name":"De L&#039;Europe Amsterdam","article_publisher":"https:\/\/www.facebook.com\/DeLEuropeAms\/","article_modified_time":"2026-08-20T07:39:10+00:00","og_image":[{"width":1680,"height":730,"url":"https:\/\/www.deleurope.com\/wp-content\/uploads\/2024\/01\/Harpers-Bazaar-Suite-De-Leurope-Amsterdam.jpg","type":"image\/jpeg"}],"twitter_card":"summary_large_image","twitter_misc":{"Dur\u00e9e de lecture estim\u00e9e":"8 minutes"},"schema":{"@context":"https:\/\/schema.org","@graph":[{"@type":"WebPage","@id":"https:\/\/www.deleurope.com\/fr\/hebergement\/suite-de-harpers-bazaar\/","url":"https:\/\/www.deleurope.com\/fr\/hebergement\/suite-de-harpers-bazaar\/","name":"Harper's Bazaar Suite \u00e0 Amsterdam | De L'Europe","isPartOf":{"@id":"https:\/\/www.deleurope.com\/fr\/#website"},"primaryImageOfPage":{"@id":"https:\/\/www.deleurope.com\/fr\/hebergement\/suite-de-harpers-bazaar\/#primaryimage"},"image":{"@id":"https:\/\/www.deleurope.com\/fr\/hebergement\/suite-de-harpers-bazaar\/#primaryimage"},"thumbnailUrl":"https:\/\/www.deleurope.com\/wp-content\/uploads\/2024\/01\/Harpers-Bazaar-Suite-De-Leurope-Amsterdam.jpg","datePublished":"2024-01-15T14:21:28+00:00","dateModified":"2026-08-20T07:39:10+00:00","description":"Laissez-vous s\u00e9duire par l'\u00e9l\u00e9gance de la suite Harper's Bazaar au De L'Europe Amsterdam, dot\u00e9e d'\u00e9quipements luxueux et d'un matelas Coco-Mat. R\u00e9servez d\u00e8s aujourd'hui.","breadcrumb":{"@id":"https:\/\/www.deleurope.com\/fr\/hebergement\/suite-de-harpers-bazaar\/#breadcrumb"},"inLanguage":"fr-FR","potentialAction":[{"@type":"ReadAction","target":["https:\/\/www.deleurope.com\/fr\/hebergement\/suite-de-harpers-bazaar\/"]}]},{"@type":"ImageObject","inLanguage":"fr-FR","@id":"https:\/\/www.deleurope.com\/fr\/hebergement\/suite-de-harpers-bazaar\/#primaryimage","url":"https:\/\/www.deleurope.com\/wp-content\/uploads\/2024\/01\/Harpers-Bazaar-Suite-De-Leurope-Amsterdam.jpg","contentUrl":"https:\/\/www.deleurope.com\/wp-content\/uploads\/2024\/01\/Harpers-Bazaar-Suite-De-Leurope-Amsterdam.jpg","width":1680,"height":730},{"@type":"BreadcrumbList","@id":"https:\/\/www.deleurope.com\/fr\/hebergement\/suite-de-harpers-bazaar\/#breadcrumb","itemListElement":[{"@type":"ListItem","position":1,"name":"Home","item":"https:\/\/www.deleurope.com\/fr\/"},{"@type":"ListItem","position":2,"name":"Chambres et suites","item":"https:\/\/www.deleurope.com\/fr\/hebergement\/"},{"@type":"ListItem","position":3,"name":"Suite de Harper&#8217;s Bazaar"}]},{"@type":"WebSite","@id":"https:\/\/www.deleurope.com\/fr\/#website","url":"https:\/\/www.deleurope.com\/fr\/","name":"De L'Europe Amsterdam","description":"Home of original Amsterdam luxury.","publisher":{"@id":"https:\/\/www.deleurope.com\/fr\/#organization"},"potentialAction":[{"@type":"SearchAction","target":{"@type":"EntryPoint","urlTemplate":"https:\/\/www.deleurope.com\/fr\/?s={search_term_string}"},"query-input":{"@type":"PropertyValueSpecification","valueRequired":true,"valueName":"search_term_string"}}],"inLanguage":"fr-FR"},{"@type":"Organization","@id":"https:\/\/www.deleurope.com\/fr\/#organization","name":"De L'Europe Amsterdam","url":"https:\/\/www.deleurope.com\/fr\/","logo":{"@type":"ImageObject","inLanguage":"fr-FR","@id":"https:\/\/www.deleurope.com\/fr\/#\/schema\/logo\/image\/","url":"https:\/\/www.deleurope.com\/wp-content\/uploads\/2026\/07\/deleurope_crest_black_scaled75.png","contentUrl":"https:\/\/www.deleurope.com\/wp-content\/uploads\/2026\/07\/deleurope_crest_black_scaled75.png","width":250,"height":253,"caption":"De L'Europe Amsterdam"},"image":{"@id":"https:\/\/www.deleurope.com\/fr\/#\/schema\/logo\/image\/"},"sameAs":["https:\/\/www.facebook.com\/DeLEuropeAms\/","https:\/\/www.instagram.com\/deleuropeams\/","https:\/\/www.linkedin.com\/company\/hotel-de-leurope"]}]}},"featured_image_src":"https:\/\/www.deleurope.com\/wp-content\/uploads\/2024\/01\/Harpers-Bazaar-Suite-De-Leurope-Amsterdam-600x400.jpg","featured_image_src_square":"https:\/\/www.deleurope.com\/wp-content\/uploads\/2024\/01\/Harpers-Bazaar-Suite-De-Leurope-Amsterdam-600x600.jpg","_links":{"self":[{"href":"https:\/\/www.deleurope.com\/fr\/wp-json\/wp\/v2\/pages\/3178","targetHints":{"allow":["GET"]}}],"collection":[{"href":"https:\/\/www.deleurope.com\/fr\/wp-json\/wp\/v2\/pages"}],"about":[{"href":"https:\/\/www.deleurope.com\/fr\/wp-json\/wp\/v2\/types\/page"}],"author":[{"embeddable":true,"href":"https:\/\/www.deleurope.com\/fr\/wp-json\/wp\/v2\/users\/6"}],"replies":[{"embeddable":true,"href":"https:\/\/www.deleurope.com\/fr\/wp-json\/wp\/v2\/comments?post=3178"}],"version-history":[{"count":3,"href":"https:\/\/www.deleurope.com\/fr\/wp-json\/wp\/v2\/pages\/3178\/revisions"}],"predecessor-version":[{"id":14962,"href":"https:\/\/www.deleurope.com\/fr\/wp-json\/wp\/v2\/pages\/3178\/revisions\/14962"}],"up":[{"embeddable":true,"href":"https:\/\/www.deleurope.com\/fr\/wp-json\/wp\/v2\/pages\/3156"}],"wp:featuredmedia":[{"embeddable":true,"href":"https:\/\/www.deleurope.com\/fr\/wp-json\/wp\/v2\/media\/3179"}],"wp:attachment":[{"href":"https:\/\/www.deleurope.com\/fr\/wp-json\/wp\/v2\/media?parent=3178"}],"curies":[{"name":"wp","href":"https:\/\/api.w.org\/{rel}","templated":true}]}}