{"id":5021,"date":"2024-05-06T13:06:27","date_gmt":"2024-05-06T13:06:27","guid":{"rendered":"https:\/\/www.deleurope.com\/hebergement\/valerie-van-der-werff-suite\/"},"modified":"2026-04-24T12:52:54","modified_gmt":"2026-04-24T12:52:54","slug":"valerie-van-der-werff-suite","status":"publish","type":"page","link":"https:\/\/www.deleurope.com\/fr\/hebergement\/valerie-van-der-werff-suite\/","title":{"rendered":"Valerie Creative Agency Suite"},"content":{"rendered":"\n<div class=\"wp-block-columns is-layout-flex wp-container-core-columns-is-layout-9d6595d7 wp-block-columns-is-layout-flex\">\n<div class=\"wp-block-column description-and-button is-layout-flow wp-block-column-is-layout-flow\">\n\n\n\n\n<p class=\"has-text-align-center rooms-description-white-box has-large-font-size\">Amber tones, lush Linteloo bed linens and endless inspiration\u2014 enter the creative domain of Valerie van der Werff, magazine maven, image maker and designer. Bringing to life the dream interiors you\u2019ve admired in print, the space acts as a walk-through vision board. From a vintage Pastoe wall system by Cees Braakman to modern lighting by HK Living, its aesthetic nods to Dutch design across the ages. A place where cosiness meets style, stirring the imagination\u2014and doubling as a creative salon. Solo or in company, the generous convertible sofa bed ensures spacious comfort. In this inspiring suite, you\u2019re the cover story.<\/p>\n\n\n\n<div class=\"wp-block-buttons is-content-justification-center is-layout-flex wp-container-core-buttons-is-layout-16018d1d wp-block-buttons-is-layout-flex\">\n<div class=\"wp-block-button is-style-outline book-now is-style-outline--1\"><a class=\"wp-block-button__link has-central-palette-7-color has-central-palette-1-background-color has-text-color has-background has-text-align-center wp-element-button\" href=\"#\/booking\/step-1?room=J1S\" style=\"border-radius:0px;text-transform:uppercase\">Book now<\/a><\/div>\n<\/div>\n<\/div>\n<\/div>\n\n<div class=\"wp-block-columns text-on-left wrap-2-columns eat-and-drink-cards top-border is-layout-flex wp-container-core-columns-is-layout-9d6595d7 wp-block-columns-is-layout-flex\" id=\"VCA-GENERAL-INSUITE\">\n<div class=\"wp-block-column is-vertically-aligned-center middle-align is-layout-flow wp-block-column-is-layout-flow\" style=\"flex-basis:50%\">\n<h2 class=\"wp-block-heading has-text-align-center has-extra-large-font-size\" style=\"text-transform:capitalize\">Exp\u00e9rience in-suite<\/h2>\n\n\n\n<div class=\"wp-block-group\"><div class=\"wp-block-group__inner-container is-layout-constrained wp-block-group-is-layout-constrained\">\n<p class=\"has-text-align-center\">Decorated with tasteful furnishings and inspired by Valerie&rsquo;s discerning eye, the suite beckons you to explore the elegance and refinement associated with her brand. Whether you&rsquo;re browsing through carefully selected lifestyle magazines or immersing yourself in literature chosen by Valerie, each moment in the suite offers a window into her captivating world of publishing. Relax and unwind in the suite, experiencing first-hand the allure of both publishing and lifestyle, where every detail reflects Valerie van der Werff&rsquo;s impeccable taste and influence.<\/p>\n<\/div><\/div>\n<\/div>\n\n\n\n<div class=\"wp-block-column slider-wrap padding-left-md is-layout-flow wp-block-column-is-layout-flow\" style=\"flex-basis:50%\">\n<figure class=\"wp-block-image size-full\"><img loading=\"lazy\" decoding=\"async\" width=\"1500\" height=\"1943\" src=\"https:\/\/www.deleurope.com\/wp-content\/uploads\/2024\/05\/Valerie-Creative-Agency-Suite-De-LEurope-Amsterdam-5.jpg\" alt=\"Valerie Creative Agency Suite - De L'Europe Amsterdam \" class=\"wp-image-4705\" style=\"aspect-ratio:4\/3;object-fit:cover\" srcset=\"https:\/\/www.deleurope.com\/wp-content\/uploads\/2024\/05\/Valerie-Creative-Agency-Suite-De-LEurope-Amsterdam-5.jpg 1500w, https:\/\/www.deleurope.com\/wp-content\/uploads\/2024\/05\/Valerie-Creative-Agency-Suite-De-LEurope-Amsterdam-5-768x995.jpg 768w, https:\/\/www.deleurope.com\/wp-content\/uploads\/2024\/05\/Valerie-Creative-Agency-Suite-De-LEurope-Amsterdam-5-1186x1536.jpg 1186w\" sizes=\"auto, (max-width: 1500px) 100vw, 1500px\" \/><\/figure>\n<\/div>\n<\/div>\n\n<div class=\"wp-block-columns columns_slider_text wrap-2-columns eat-and-drink-cards is-layout-flex wp-container-core-columns-is-layout-9d6595d7 wp-block-columns-is-layout-flex\" id=\"VCAGENERAL-OUTSUITE\">\n<div class=\"wp-block-column slider-wrap is-layout-flow wp-block-column-is-layout-flow\" style=\"flex-basis:50%\">\n<figure class=\"wp-block-image size-full\"><img loading=\"lazy\" decoding=\"async\" width=\"500\" height=\"700\" src=\"https:\/\/www.deleurope.com\/wp-content\/uploads\/2026\/04\/De-LEurope-Amsterdam-Valerie-van-der-Werff-Suite-.jpg\" alt=\"&#xC9;l&#xE9;ments de design dans la suite Valerie van der Werff\" class=\"wp-image-13027\" style=\"aspect-ratio:4\/3;object-fit:cover\"\/><\/figure>\n<\/div>\n\n\n\n<div class=\"wp-block-column is-vertically-aligned-center middle-align is-layout-flow wp-block-column-is-layout-flow\" style=\"flex-basis:50%\">\n<h2 class=\"wp-block-heading has-text-align-center has-extra-large-font-size\" style=\"text-transform:capitalize\">Out-suite experience<\/h2>\n\n\n\n<div class=\"wp-block-group\"><div class=\"wp-block-group__inner-container is-layout-constrained wp-block-group-is-layout-constrained\">\n<p class=\"has-text-align-center\">Embark on a bespoke exploration of Amsterdam&rsquo;s lifestyle gems with Valerie van der Werff. Delve into the city&rsquo;s vibrant scene with a personalized &lsquo;Lifestyle Gems Tour&rsquo;, curated exclusively for those seeking unique experiences beyond the ordinary. Follow Valerie&rsquo;s expert guidance as she unveils secret hotspots nestled in charming alleys and corners, showcasing boutique shops, artisanal cafes, and serene retreats. With Valerie&rsquo;s insider knowledge and keen eye for extraordinary finds, this immersive journey promises to reveal the soul of Amsterdam&rsquo;s lifestyle, leaving you with unforgettable memories of delights discovered along the way.<\/p>\n<\/div><\/div>\n<\/div>\n<\/div>\n\n<div class=\"wp-block-columns gallery-with-caption is-layout-flex wp-container-core-columns-is-layout-9d6595d7 wp-block-columns-is-layout-flex\">\n<div class=\"wp-block-column is-layout-flow wp-block-column-is-layout-flow\">\n<div class=\"wp-block-carousel-slider-slider full-width-carousel\"><div class=\"carousel-slider-outer carousel-slider-outer-image-carousel carousel-slider-outer-4406\" style=\"--carousel-slider-nav-color:#f1f1f1;--carousel-slider-active-nav-color:#00d1b2;--carousel-slider-arrow-size:48px;--carousel-slider-bullet-size:10px\">\n<div id=\"&#039;id-4406\" class=\"carousel-slider carousel-slider-4406 arrows-visibility-hover dots-visibility-never arrows-outside dots-center dots-circle owl-carousel\" data-slide-type=\"image-carousel\" data-owl-settings='{\"nav\":true,\"dots\":false,\"slideBy\":1,\"stagePadding\":0,\"margin\":10,\"loop\":true,\"lazyLoad\":false,\"autoplay\":true,\"autoplayTimeout\":5000,\"autoplaySpeed\":500,\"autoplayHoverPause\":true,\"autoWidth\":false,\"items\":1}'>\n<div class=\"carousel-slider__item\">\n\t<img loading=\"lazy\" decoding=\"async\" width=\"1500\" height=\"820\" src=\"https:\/\/www.deleurope.com\/wp-content\/uploads\/2024\/05\/Sisters-Janssen-Suite-De-Leurope-Amsterdam-1-1500x820.jpg\" class=\"attachment-gallery-single-room size-gallery-single-room\" alt=\"\u2019t Huys bathroom featuring a luxurious bathtub and a double sink vanity with modern fixtures.\" \/><\/a><\/div>\n\n<div class=\"carousel-slider__item\">\n\t<img loading=\"lazy\" decoding=\"async\" width=\"1500\" height=\"820\" src=\"https:\/\/www.deleurope.com\/wp-content\/uploads\/2024\/05\/Valerie-Creative-Agency-Suite-De-LEurope-Amsterdam-1-1500x820.jpg\" class=\"attachment-gallery-single-room size-gallery-single-room\" alt=\"Office and desk set-up in the Valerie Creative Agency Suite at De L\u2019Europe Amsterdam, combining functionality\" \/><\/a><\/div>\n\n<div class=\"carousel-slider__item\">\n\t<img loading=\"lazy\" decoding=\"async\" width=\"1500\" height=\"820\" src=\"https:\/\/www.deleurope.com\/wp-content\/uploads\/2024\/05\/Valerie-Creative-Agency-Suite-De-LEurope-Amsterdam-6-1500x820.jpg\" class=\"attachment-gallery-single-room size-gallery-single-room\" alt=\"Valerie Creative Agency Suite at De L&#039;Europe Amsterdam, interior shot.\" \/><\/a><\/div>\n\n<\/div><!-- .carousel-slider-4406 -->\n<\/div><!-- .carousel-slider-outer-4406 -->\n<\/div>\n<\/div>\n<\/div>\n\n<div class=\"wp-block-columns image_left_text_bg_right wrap-2-columns is-layout-flex wp-container-core-columns-is-layout-9d6595d7 wp-block-columns-is-layout-flex\" id=\"amenities\">\n<div class=\"wp-block-column slider-wrap is-layout-flow wp-block-column-is-layout-flow\" style=\"flex-basis:50%\">\n<figure class=\"wp-block-image size-full hide-on-mobile\"><img loading=\"lazy\" decoding=\"async\" width=\"1500\" height=\"1943\" src=\"https:\/\/www.deleurope.com\/wp-content\/uploads\/2024\/05\/Valerie-Creative-Agency-Suite-De-LEurope-Amsterdam-8-1.jpg\" alt=\"Valerie Creative Agency Suite - De L'Europe Amsterdam \" class=\"wp-image-4715\" srcset=\"https:\/\/www.deleurope.com\/wp-content\/uploads\/2024\/05\/Valerie-Creative-Agency-Suite-De-LEurope-Amsterdam-8-1.jpg 1500w, https:\/\/www.deleurope.com\/wp-content\/uploads\/2024\/05\/Valerie-Creative-Agency-Suite-De-LEurope-Amsterdam-8-1-768x995.jpg 768w, https:\/\/www.deleurope.com\/wp-content\/uploads\/2024\/05\/Valerie-Creative-Agency-Suite-De-LEurope-Amsterdam-8-1-1186x1536.jpg 1186w\" sizes=\"auto, (max-width: 1500px) 100vw, 1500px\" \/><\/figure>\n<\/div>\n\n\n\n<div class=\"wp-block-column is-vertically-aligned-center middle-align is-layout-flow wp-block-column-is-layout-flow\" style=\"flex-basis:50%\">\n<div class=\"wp-block-columns is-layout-flex wp-container-core-columns-is-layout-9d6595d7 wp-block-columns-is-layout-flex\">\n<div class=\"wp-block-column has-central-palette-4-background-color has-background is-layout-flow wp-block-column-is-layout-flow\">\n<h2 class=\"wp-block-heading has-text-align-center has-extra-large-font-size\">Room Amenities<\/h2>\n\n\n\n<ul class=\"wp-block-list\">\n<li>30 &#8211; 40 square metres<\/li>\n\n\n\n<li>Organic COCO-MAT mattress<\/li>\n\n\n\n<li>Luxurious down bedding featuring various pillow choices<\/li>\n\n\n\n<li>Satin bed linens boasting a 400 thread count<\/li>\n\n\n\n<li>Plush terry towels and bathrobes for added comfort<\/li>\n\n\n\n<li>Diptyque bathroom amenities for a touch of indulgence<\/li>\n\n\n\n<li>Twice-daily housekeeping service to ensure a pristine environment<\/li>\n\n\n\n<li>In-room amenities include a Nespresso\u00ae coffee maker with complimentary pods and a stocked refrigerated bar<\/li>\n\n\n\n<li>Daily provision of complimentary bottle of water<\/li>\n\n\n\n<li>Safety deposit box equipped with an electric outlet for laptops<\/li>\n\n\n\n<li>Enjoy the warmth of a heated bathroom floor<\/li>\n\n\n\n<li>Complimentary high-speed Wi-Fi for seamless connectivity<\/li>\n<\/ul>\n<\/div>\n<\/div>\n<\/div>\n<\/div>\n\n<div class=\"wp-block-columns columns_slider_text wrap-2-columns eat-and-drink-cards is-layout-flex wp-container-core-columns-is-layout-9d6595d7 wp-block-columns-is-layout-flex\" id=\"VCAGENERAL-OUTSUITE\">\n<div class=\"wp-block-column slider-wrap is-layout-flow wp-block-column-is-layout-flow\" style=\"flex-basis:50%\">\n<figure class=\"wp-block-image size-full\"><img loading=\"lazy\" decoding=\"async\" width=\"500\" height=\"700\" src=\"https:\/\/www.deleurope.com\/wp-content\/uploads\/2026\/04\/De-LEurope-Amsterdam-Valerie-van-der-Werff-Suite-4.jpg\" alt=\"Photo de Valerie van der Werff Suite\" class=\"wp-image-13051\"\/><\/figure>\n<\/div>\n\n\n\n<div class=\"wp-block-column is-vertically-aligned-center middle-align is-layout-flow wp-block-column-is-layout-flow\" style=\"flex-basis:50%\">\n<h2 class=\"wp-block-heading has-text-align-center has-extra-large-font-size\" style=\"text-transform:capitalize\">\u00c0 propos de Val\u00e9rie<\/h2>\n\n\n\n<div class=\"wp-block-group\"><div class=\"wp-block-group__inner-container is-layout-constrained wp-block-group-is-layout-constrained\">\n<p class=\"has-text-align-center\">La suite Valerie Creative Agency s&rsquo;inspire de l&rsquo;univers imaginatif de la cr\u00e9atrice n\u00e9erlandaise Valerie van der Werff.<\/p>\n\n\n\n<p class=\"has-text-align-center\">Fondatrice de Valerie Creative Agency, Valerie est connue pour son esth\u00e9tique raffin\u00e9e et son approche intuitive de la narration. Son travail oscille sans peine entre la mode, la strat\u00e9gie de marque et la direction artistique, toujours guid\u00e9 par un sens aigu de l&rsquo;atmosph\u00e8re et de l&rsquo;\u00e9motion. Elle cr\u00e9e des mondes plut\u00f4t que des concepts, en \u00e9laborant des espaces qui semblent stratifi\u00e9s, expressifs et profond\u00e9ment personnels.  <\/p>\n<\/div><\/div>\n<\/div>\n<\/div>\n\n<p class=\"has-text-align-center rooms-description-white-box has-large-font-size\">S\u00e9journez dans une suite o\u00f9 la cr\u00e9ativit\u00e9 circule librement, o\u00f9 les id\u00e9es ont la possibilit\u00e9 d&rsquo;\u00e9voluer et o\u00f9 les collaborations telles que cette prise en charge se sentent tout \u00e0 fait \u00e0 leur place.<\/p>\n\n<div class=\"wp-block-buttons is-content-justification-center is-layout-flex wp-container-core-buttons-is-layout-16018d1d wp-block-buttons-is-layout-flex\">\n<div class=\"wp-block-button is-style-outline book-now is-style-outline--3\"><a class=\"wp-block-button__link has-central-palette-7-color has-central-palette-1-background-color has-text-color has-background has-text-align-center wp-element-button\" href=\"#\/booking\/step-1?room=J1S\" style=\"border-radius:0px;text-transform:uppercase\">Book now<\/a><\/div>\n<\/div>\n\n<div class=\"wp-block-columns special-request contact-form is-layout-flex wp-container-core-columns-is-layout-9d6595d7 wp-block-columns-is-layout-flex\" id=\"enquire\">\n<div class=\"wp-block-column has-central-palette-11-background-color has-background is-layout-flow wp-block-column-is-layout-flow\">\n<h2 class=\"wp-block-heading has-text-align-center has-extra-large-font-size\">Plus d&rsquo;informations<\/h2>\n\n\n\n<p class=\"has-text-align-center\">Vous pr\u00e9voyez une visite ou vous avez une demande particuli\u00e8re ? Envoyez-nous votre demande et notre \u00e9quipe de r\u00e9servation se fera un plaisir de vous aider. <\/p>\n\n\n\n<div class=\"wp-block-contact-form-7-contact-form-selector\">\n<div class=\"wpcf7 no-js\" id=\"wpcf7-f9406-o1\" lang=\"fr-FR\" dir=\"ltr\" data-wpcf7-id=\"9406\">\n<div class=\"screen-reader-response\"><p role=\"status\" aria-live=\"polite\" aria-atomic=\"true\"><\/p> <ul><\/ul><\/div>\n<form action=\"\/fr\/wp-json\/wp\/v2\/pages\/5021#wpcf7-f9406-o1\" method=\"post\" class=\"wpcf7-form init\" aria-label=\"Formulaire de contact\" novalidate=\"novalidate\" data-status=\"init\">\n<fieldset class=\"hidden-fields-container\"><input type=\"hidden\" name=\"_wpcf7\" value=\"9406\" \/><input type=\"hidden\" name=\"_wpcf7_version\" value=\"6.1.5\" \/><input type=\"hidden\" name=\"_wpcf7_locale\" value=\"fr_FR\" \/><input type=\"hidden\" name=\"_wpcf7_unit_tag\" value=\"wpcf7-f9406-o1\" \/><input type=\"hidden\" name=\"_wpcf7_container_post\" value=\"0\" \/><input type=\"hidden\" name=\"_wpcf7_posted_data_hash\" value=\"\" \/>\n<\/fieldset>\n<p><span class=\"wpcf7-form-control-wrap\" data-name=\"firstname\"><input size=\"40\" maxlength=\"400\" class=\"wpcf7-form-control wpcf7-text wpcf7-validates-as-required half\" aria-required=\"true\" aria-invalid=\"false\" placeholder=\"Pr\u00e9nom*\" value=\"\" type=\"text\" name=\"firstname\" \/><\/span><br \/>\n<span class=\"wpcf7-form-control-wrap\" data-name=\"lastname\"><input size=\"40\" maxlength=\"400\" class=\"wpcf7-form-control wpcf7-text wpcf7-validates-as-required half\" aria-required=\"true\" aria-invalid=\"false\" placeholder=\"Nom de famille*\" value=\"\" type=\"text\" name=\"lastname\" \/><\/span><br \/>\n<span class=\"wpcf7-form-control-wrap\" data-name=\"email\"><input size=\"40\" maxlength=\"400\" class=\"wpcf7-form-control wpcf7-email wpcf7-validates-as-required wpcf7-text wpcf7-validates-as-email half\" aria-required=\"true\" aria-invalid=\"false\" placeholder=\"Email*\" value=\"\" type=\"email\" name=\"email\" \/><\/span><br \/>\n<span class=\"wpcf7-form-control-wrap\" data-name=\"telephone\"><input size=\"40\" maxlength=\"400\" class=\"wpcf7-form-control wpcf7-tel wpcf7-validates-as-required wpcf7-text wpcf7-validates-as-tel half\" aria-required=\"true\" aria-invalid=\"false\" placeholder=\"T\u00e9l\u00e9phone*\" value=\"\" type=\"tel\" name=\"telephone\" \/><\/span><br \/>\n<span class=\"wpcf7-form-control-wrap\" data-name=\"country\"><input size=\"40\" maxlength=\"400\" class=\"wpcf7-form-control wpcf7-text half\" aria-invalid=\"false\" placeholder=\"Pays\" value=\"\" type=\"text\" name=\"country\" \/><\/span><br \/>\n<span class=\"wpcf7-form-control-wrap\" data-name=\"hearfromus\"><select class=\"wpcf7-form-control wpcf7-select wpcf7-validates-as-required half\" aria-required=\"true\" aria-invalid=\"false\" name=\"hearfromus\"><option value=\"Nature de la demande?*\">Nature de la demande?*<\/option><option value=\"R\u00e9servations\">R\u00e9servations<\/option><option value=\"Informations\">Informations<\/option><option value=\"Concierge\">Concierge<\/option><option value=\"Spa &amp; Wellness\">Spa &amp; Wellness<\/option><option value=\"Concept Store IN-HUYS\">Concept Store IN-HUYS<\/option><option value=\"Autres\">Autres<\/option><\/select><\/span><br \/>\n<span class=\"wpcf7-form-control-wrap\" data-name=\"textarea-723\"><textarea cols=\"40\" rows=\"10\" maxlength=\"2000\" class=\"wpcf7-form-control wpcf7-textarea full\" aria-invalid=\"false\" placeholder=\"Message\" name=\"textarea-723\"><\/textarea><\/span>\n<\/p>\n<p class=\"privacy-contact\">Ce site est prot\u00e9g\u00e9 par reCAPTCHA et la <a href=\"\/privacy-policy-2\/\">politique de confidentialit\u00e9<\/a> et les <a href=\"\/terms-conditions\/\">conditions de service de<\/a> Google s'appliquent.\n<\/p>\n<p><br \/>\n<input class=\"wpcf7-form-control wpcf7-submit has-spinner\" type=\"submit\" value=\"Envoyer la demande\" \/>\n<\/p><noscript>\n\t\t\t<div class=\"wpcf7-response-output wpcf7-spam-blocked\">Your browser does not support JavaScript!. Please enable javascript in your browser in order to get form work properly.<\/div>\n\t<\/noscript><script type='text\/javascript'>\n\n\t\t\t\t\t\tif(contactform === undefined){\n\t\t\t\t\t\t\tvar contactform = [];\n\t\t\t\t\t\t}\n\t\t\t\t\t\tvar innerVal = [9406,'mail_sent_ok','Merci pour votre message. Il a &eacute;t&eacute; envoy&eacute;.'];\n\t\t\t\t\t\tcontactform.push(innerVal);\n\t\t\t\t\t\tvar innerVal = [9406,'mail_sent_ng','Une erreur s\\&#039;est produite lors de l\\&#039;envoi de votre message. Veuillez r&eacute;essayer plus tard.'];\n\t\t\t\t\t\tcontactform.push(innerVal);\n\t\t\t\t\t\tvar innerVal = [9406,'validation_error','Un ou plusieurs champs comportent une erreur. Veuillez v&eacute;rifier et r&eacute;essayer.'];\n\t\t\t\t\t\tcontactform.push(innerVal);\n\t\t\t\t\t\tvar innerVal = [9406,'spam','Une erreur s\\&#039;est produite lors de l\\&#039;envoi de votre message. Veuillez r&eacute;essayer plus tard.'];\n\t\t\t\t\t\tcontactform.push(innerVal);\n\t\t\t\t\t\tvar innerVal = [9406,'accept_terms','Vous devez accepter les termes et conditions avant d\\&#039;envoyer votre message.'];\n\t\t\t\t\t\tcontactform.push(innerVal);\n\t\t\t\t\t\tvar innerVal = [9406,'invalid_required','Veuillez remplir ce champ.'];\n\t\t\t\t\t\tcontactform.push(innerVal);\n\t\t\t\t\t\tvar innerVal = [9406,'invalid_too_long','Ce champ a une entr&eacute;e trop longue.'];\n\t\t\t\t\t\tcontactform.push(innerVal);\n\t\t\t\t\t\tvar innerVal = [9406,'invalid_too_short','Ce champ a une entr&eacute;e trop courte.'];\n\t\t\t\t\t\tcontactform.push(innerVal);\n\t\t\t\t\t\tvar innerVal = [9406,'upload_failed','Une erreur inconnue s\\&#039;est produite lors du t&eacute;l&eacute;chargement du fichier.'];\n\t\t\t\t\t\tcontactform.push(innerVal);\n\t\t\t\t\t\tvar innerVal = [9406,'upload_file_type_invalid','Vous n\\&#039;&ecirc;tes pas autoris&eacute; &agrave; t&eacute;l&eacute;charger des fichiers de ce type.'];\n\t\t\t\t\t\tcontactform.push(innerVal);\n\t\t\t\t\t\tvar innerVal = [9406,'upload_file_too_large','Le fichier t&eacute;l&eacute;charg&eacute; est trop volumineux.'];\n\t\t\t\t\t\tcontactform.push(innerVal);\n\t\t\t\t\t\tvar innerVal = [9406,'upload_failed_php_error','Une erreur s\\&#039;est produite lors du t&eacute;l&eacute;chargement du fichier.'];\n\t\t\t\t\t\tcontactform.push(innerVal);\n\t\t\t\t\t\tvar innerVal = [9406,'invalid_date','Veuillez saisir une date au format AAAA-MM-JJ.'];\n\t\t\t\t\t\tcontactform.push(innerVal);\n\t\t\t\t\t\tvar innerVal = [9406,'date_too_early','Ce champ a une date trop pr&eacute;coce.'];\n\t\t\t\t\t\tcontactform.push(innerVal);\n\t\t\t\t\t\tvar innerVal = [9406,'date_too_late','Ce champ a une date trop tardive.'];\n\t\t\t\t\t\tcontactform.push(innerVal);\n\t\t\t\t\t\tvar innerVal = [9406,'invalid_number','Veuillez saisir un num&eacute;ro.'];\n\t\t\t\t\t\tcontactform.push(innerVal);\n\t\t\t\t\t\tvar innerVal = [9406,'number_too_small','Ce champ a un nombre trop petit.'];\n\t\t\t\t\t\tcontactform.push(innerVal);\n\t\t\t\t\t\tvar innerVal = [9406,'number_too_large','Ce champ a un nombre trop &eacute;lev&eacute;.'];\n\t\t\t\t\t\tcontactform.push(innerVal);\n\t\t\t\t\t\tvar innerVal = [9406,'quiz_answer_not_correct','La r&eacute;ponse au quiz est incorrecte.'];\n\t\t\t\t\t\tcontactform.push(innerVal);\n\t\t\t\t\t\tvar innerVal = [9406,'invalid_email','Veuillez saisir une adresse &eacute;lectronique.'];\n\t\t\t\t\t\tcontactform.push(innerVal);\n\t\t\t\t\t\tvar innerVal = [9406,'invalid_url','Veuillez saisir une URL.'];\n\t\t\t\t\t\tcontactform.push(innerVal);\n\t\t\t\t\t\tvar innerVal = [9406,'invalid_tel','Veuillez saisir un num&eacute;ro de t&eacute;l&eacute;phone.'];\n\t\t\t\t\t\tcontactform.push(innerVal);\n\t\t\t\t\t\tvar innerVal = [9406,'gdpr',''];\n\t\t\t\t\t\tcontactform.push(innerVal);\n\t\t\t\t\t\t<\/script><div class=\"wpcf7-response-output\" aria-hidden=\"true\"><\/div>\n<\/form>\n<\/div>\n<\/div>\n<\/div>\n<\/div>\n","protected":false},"excerpt":{"rendered":"<p>Amber tones, lush Linteloo bed linens and endless inspiration\u2014 enter the creative domain of Valerie van der Werff, magazine maven, image maker and designer. Bringing to life the dream interiors you\u2019ve admired in print, the space acts as a walk-through vision board. From a vintage Pastoe wall system by Cees Braakman to modern lighting by [&hellip;]<\/p>\n","protected":false},"author":6,"featured_media":13034,"parent":3156,"menu_order":11,"comment_status":"closed","ping_status":"closed","template":"","meta":{"_acf_changed":false,"footnotes":""},"class_list":["post-5021","page","type-page","status-publish","has-post-thumbnail","hentry"],"acf":[],"yoast_head":"<!-- This site is optimized with the Yoast SEO plugin v27.3 - https:\/\/yoast.com\/product\/yoast-seo-wordpress\/ -->\n<title>Valerie van der Werff Suite \u00e0 Amsterdam | De L&#039;Europe<\/title>\n<meta name=\"description\" content=\"D\u00e9tendez-vous dans la suite Valerie van der Werff au De L&#039;Europe Amsterdam, o\u00f9 le s\u00e9jour luxueux s&#039;inspire de l&#039;art de l&#039;\u00e9dition. R\u00e9servez aujourd&#039;hui..\" \/>\n<meta name=\"robots\" content=\"index, follow, max-snippet:-1, max-image-preview:large, max-video-preview:-1\" \/>\n<link rel=\"canonical\" href=\"https:\/\/www.deleurope.com\/fr\/hebergement\/valerie-van-der-werff-suite\/\" \/>\n<meta property=\"og:locale\" content=\"fr_FR\" \/>\n<meta property=\"og:type\" content=\"article\" \/>\n<meta property=\"og:title\" content=\"Valerie van der Werff Suite \u00e0 Amsterdam | De L&#039;Europe\" \/>\n<meta property=\"og:description\" content=\"D\u00e9tendez-vous dans la suite Valerie van der Werff au De L&#039;Europe Amsterdam, o\u00f9 le s\u00e9jour luxueux s&#039;inspire de l&#039;art de l&#039;\u00e9dition. R\u00e9servez aujourd&#039;hui..\" \/>\n<meta property=\"og:url\" content=\"https:\/\/www.deleurope.com\/fr\/hebergement\/valerie-van-der-werff-suite\/\" \/>\n<meta property=\"og:site_name\" content=\"De L&#039;Europe Amsterdam\" \/>\n<meta property=\"article:modified_time\" content=\"2026-04-24T12:52:54+00:00\" \/>\n<meta property=\"og:image\" content=\"https:\/\/www.deleurope.com\/wp-content\/uploads\/2026\/04\/Ontwerp-zonder-titel-6.jpg\" \/>\n\t<meta property=\"og:image:width\" content=\"1024\" \/>\n\t<meta property=\"og:image:height\" content=\"384\" \/>\n\t<meta property=\"og:image:type\" content=\"image\/jpeg\" \/>\n<meta name=\"twitter:card\" content=\"summary_large_image\" \/>\n<meta name=\"twitter:label1\" content=\"Dur\u00e9e de lecture estim\u00e9e\" \/>\n\t<meta name=\"twitter:data1\" content=\"3 minutes\" \/>\n<script type=\"application\/ld+json\" class=\"yoast-schema-graph\">{\"@context\":\"https:\\\/\\\/schema.org\",\"@graph\":[{\"@type\":\"WebPage\",\"@id\":\"https:\\\/\\\/www.deleurope.com\\\/fr\\\/hebergement\\\/valerie-van-der-werff-suite\\\/\",\"url\":\"https:\\\/\\\/www.deleurope.com\\\/fr\\\/hebergement\\\/valerie-van-der-werff-suite\\\/\",\"name\":\"Valerie van der Werff Suite \u00e0 Amsterdam | De L'Europe\",\"isPartOf\":{\"@id\":\"https:\\\/\\\/www.deleurope.com\\\/fr\\\/#website\"},\"primaryImageOfPage\":{\"@id\":\"https:\\\/\\\/www.deleurope.com\\\/fr\\\/hebergement\\\/valerie-van-der-werff-suite\\\/#primaryimage\"},\"image\":{\"@id\":\"https:\\\/\\\/www.deleurope.com\\\/fr\\\/hebergement\\\/valerie-van-der-werff-suite\\\/#primaryimage\"},\"thumbnailUrl\":\"https:\\\/\\\/www.deleurope.com\\\/wp-content\\\/uploads\\\/2026\\\/04\\\/Ontwerp-zonder-titel-6.jpg\",\"datePublished\":\"2024-05-06T13:06:27+00:00\",\"dateModified\":\"2026-04-24T12:52:54+00:00\",\"description\":\"D\u00e9tendez-vous dans la suite Valerie van der Werff au De L'Europe Amsterdam, o\u00f9 le s\u00e9jour luxueux s'inspire de l'art de l'\u00e9dition. R\u00e9servez aujourd'hui..\",\"breadcrumb\":{\"@id\":\"https:\\\/\\\/www.deleurope.com\\\/fr\\\/hebergement\\\/valerie-van-der-werff-suite\\\/#breadcrumb\"},\"inLanguage\":\"fr-FR\",\"potentialAction\":[{\"@type\":\"ReadAction\",\"target\":[\"https:\\\/\\\/www.deleurope.com\\\/fr\\\/hebergement\\\/valerie-van-der-werff-suite\\\/\"]}]},{\"@type\":\"ImageObject\",\"inLanguage\":\"fr-FR\",\"@id\":\"https:\\\/\\\/www.deleurope.com\\\/fr\\\/hebergement\\\/valerie-van-der-werff-suite\\\/#primaryimage\",\"url\":\"https:\\\/\\\/www.deleurope.com\\\/wp-content\\\/uploads\\\/2026\\\/04\\\/Ontwerp-zonder-titel-6.jpg\",\"contentUrl\":\"https:\\\/\\\/www.deleurope.com\\\/wp-content\\\/uploads\\\/2026\\\/04\\\/Ontwerp-zonder-titel-6.jpg\",\"width\":1024,\"height\":384,\"caption\":\"Bed in Valerie van der Werff Suite\"},{\"@type\":\"BreadcrumbList\",\"@id\":\"https:\\\/\\\/www.deleurope.com\\\/fr\\\/hebergement\\\/valerie-van-der-werff-suite\\\/#breadcrumb\",\"itemListElement\":[{\"@type\":\"ListItem\",\"position\":1,\"name\":\"Home\",\"item\":\"https:\\\/\\\/www.deleurope.com\\\/fr\\\/\"},{\"@type\":\"ListItem\",\"position\":2,\"name\":\"Chambres et suites\",\"item\":\"https:\\\/\\\/www.deleurope.com\\\/fr\\\/hebergement\\\/\"},{\"@type\":\"ListItem\",\"position\":3,\"name\":\"Valerie Creative Agency Suite\"}]},{\"@type\":\"WebSite\",\"@id\":\"https:\\\/\\\/www.deleurope.com\\\/fr\\\/#website\",\"url\":\"https:\\\/\\\/www.deleurope.com\\\/fr\\\/\",\"name\":\"De L&#039;Europe Amsterdam\",\"description\":\"Home of original Amsterdam luxury.\",\"potentialAction\":[{\"@type\":\"SearchAction\",\"target\":{\"@type\":\"EntryPoint\",\"urlTemplate\":\"https:\\\/\\\/www.deleurope.com\\\/fr\\\/?s={search_term_string}\"},\"query-input\":{\"@type\":\"PropertyValueSpecification\",\"valueRequired\":true,\"valueName\":\"search_term_string\"}}],\"inLanguage\":\"fr-FR\"}]}<\/script>\n<!-- \/ Yoast SEO plugin. -->","yoast_head_json":{"title":"Valerie van der Werff Suite \u00e0 Amsterdam | De L'Europe","description":"D\u00e9tendez-vous dans la suite Valerie van der Werff au De L'Europe Amsterdam, o\u00f9 le s\u00e9jour luxueux s'inspire de l'art de l'\u00e9dition. R\u00e9servez aujourd'hui..","robots":{"index":"index","follow":"follow","max-snippet":"max-snippet:-1","max-image-preview":"max-image-preview:large","max-video-preview":"max-video-preview:-1"},"canonical":"https:\/\/www.deleurope.com\/fr\/hebergement\/valerie-van-der-werff-suite\/","og_locale":"fr_FR","og_type":"article","og_title":"Valerie van der Werff Suite \u00e0 Amsterdam | De L'Europe","og_description":"D\u00e9tendez-vous dans la suite Valerie van der Werff au De L'Europe Amsterdam, o\u00f9 le s\u00e9jour luxueux s'inspire de l'art de l'\u00e9dition. R\u00e9servez aujourd'hui..","og_url":"https:\/\/www.deleurope.com\/fr\/hebergement\/valerie-van-der-werff-suite\/","og_site_name":"De L&#039;Europe Amsterdam","article_modified_time":"2026-04-24T12:52:54+00:00","og_image":[{"width":1024,"height":384,"url":"https:\/\/www.deleurope.com\/wp-content\/uploads\/2026\/04\/Ontwerp-zonder-titel-6.jpg","type":"image\/jpeg"}],"twitter_card":"summary_large_image","twitter_misc":{"Dur\u00e9e de lecture estim\u00e9e":"3 minutes"},"schema":{"@context":"https:\/\/schema.org","@graph":[{"@type":"WebPage","@id":"https:\/\/www.deleurope.com\/fr\/hebergement\/valerie-van-der-werff-suite\/","url":"https:\/\/www.deleurope.com\/fr\/hebergement\/valerie-van-der-werff-suite\/","name":"Valerie van der Werff Suite \u00e0 Amsterdam | De L'Europe","isPartOf":{"@id":"https:\/\/www.deleurope.com\/fr\/#website"},"primaryImageOfPage":{"@id":"https:\/\/www.deleurope.com\/fr\/hebergement\/valerie-van-der-werff-suite\/#primaryimage"},"image":{"@id":"https:\/\/www.deleurope.com\/fr\/hebergement\/valerie-van-der-werff-suite\/#primaryimage"},"thumbnailUrl":"https:\/\/www.deleurope.com\/wp-content\/uploads\/2026\/04\/Ontwerp-zonder-titel-6.jpg","datePublished":"2024-05-06T13:06:27+00:00","dateModified":"2026-04-24T12:52:54+00:00","description":"D\u00e9tendez-vous dans la suite Valerie van der Werff au De L'Europe Amsterdam, o\u00f9 le s\u00e9jour luxueux s'inspire de l'art de l'\u00e9dition. R\u00e9servez aujourd'hui..","breadcrumb":{"@id":"https:\/\/www.deleurope.com\/fr\/hebergement\/valerie-van-der-werff-suite\/#breadcrumb"},"inLanguage":"fr-FR","potentialAction":[{"@type":"ReadAction","target":["https:\/\/www.deleurope.com\/fr\/hebergement\/valerie-van-der-werff-suite\/"]}]},{"@type":"ImageObject","inLanguage":"fr-FR","@id":"https:\/\/www.deleurope.com\/fr\/hebergement\/valerie-van-der-werff-suite\/#primaryimage","url":"https:\/\/www.deleurope.com\/wp-content\/uploads\/2026\/04\/Ontwerp-zonder-titel-6.jpg","contentUrl":"https:\/\/www.deleurope.com\/wp-content\/uploads\/2026\/04\/Ontwerp-zonder-titel-6.jpg","width":1024,"height":384,"caption":"Bed in Valerie van der Werff Suite"},{"@type":"BreadcrumbList","@id":"https:\/\/www.deleurope.com\/fr\/hebergement\/valerie-van-der-werff-suite\/#breadcrumb","itemListElement":[{"@type":"ListItem","position":1,"name":"Home","item":"https:\/\/www.deleurope.com\/fr\/"},{"@type":"ListItem","position":2,"name":"Chambres et suites","item":"https:\/\/www.deleurope.com\/fr\/hebergement\/"},{"@type":"ListItem","position":3,"name":"Valerie Creative Agency Suite"}]},{"@type":"WebSite","@id":"https:\/\/www.deleurope.com\/fr\/#website","url":"https:\/\/www.deleurope.com\/fr\/","name":"De L&#039;Europe Amsterdam","description":"Home of original Amsterdam luxury.","potentialAction":[{"@type":"SearchAction","target":{"@type":"EntryPoint","urlTemplate":"https:\/\/www.deleurope.com\/fr\/?s={search_term_string}"},"query-input":{"@type":"PropertyValueSpecification","valueRequired":true,"valueName":"search_term_string"}}],"inLanguage":"fr-FR"}]}},"featured_image_src":"https:\/\/www.deleurope.com\/wp-content\/uploads\/2026\/04\/Ontwerp-zonder-titel-6-600x384.jpg","featured_image_src_square":"https:\/\/www.deleurope.com\/wp-content\/uploads\/2026\/04\/Ontwerp-zonder-titel-6-600x384.jpg","_links":{"self":[{"href":"https:\/\/www.deleurope.com\/fr\/wp-json\/wp\/v2\/pages\/5021","targetHints":{"allow":["GET"]}}],"collection":[{"href":"https:\/\/www.deleurope.com\/fr\/wp-json\/wp\/v2\/pages"}],"about":[{"href":"https:\/\/www.deleurope.com\/fr\/wp-json\/wp\/v2\/types\/page"}],"author":[{"embeddable":true,"href":"https:\/\/www.deleurope.com\/fr\/wp-json\/wp\/v2\/users\/6"}],"replies":[{"embeddable":true,"href":"https:\/\/www.deleurope.com\/fr\/wp-json\/wp\/v2\/comments?post=5021"}],"version-history":[{"count":2,"href":"https:\/\/www.deleurope.com\/fr\/wp-json\/wp\/v2\/pages\/5021\/revisions"}],"predecessor-version":[{"id":13061,"href":"https:\/\/www.deleurope.com\/fr\/wp-json\/wp\/v2\/pages\/5021\/revisions\/13061"}],"up":[{"embeddable":true,"href":"https:\/\/www.deleurope.com\/fr\/wp-json\/wp\/v2\/pages\/3156"}],"wp:featuredmedia":[{"embeddable":true,"href":"https:\/\/www.deleurope.com\/fr\/wp-json\/wp\/v2\/media\/13034"}],"wp:attachment":[{"href":"https:\/\/www.deleurope.com\/fr\/wp-json\/wp\/v2\/media?parent=5021"}],"curies":[{"name":"wp","href":"https:\/\/api.w.org\/{rel}","templated":true}]}}