{"id":6488,"date":"2024-12-02T12:03:52","date_gmt":"2024-12-02T12:03:52","guid":{"rendered":"https:\/\/www.deleurope.com\/restaurant-bars\/the-de-lapres-midi\/"},"modified":"2026-08-06T08:29:27","modified_gmt":"2026-08-06T08:29:27","slug":"the-de-lapres-midi","status":"publish","type":"page","link":"https:\/\/www.deleurope.com\/fr\/restaurant-bars\/the-de-lapres-midi\/","title":{"rendered":"High Tea \u00e0 Amsterdam"},"content":{"rendered":"\n<p class=\"has-text-align-center rooms-description-white-box has-large-font-size wp-block-paragraph\">D\u00e9couvrez l&rsquo;\u00ab Afternoon Tea \u00bb des s\u0153urs Janssen, une interpr\u00e9tation contemporaine du th\u00e9 classique de l&rsquo;apr\u00e8s-midi, o\u00f9 la tradition intemporelle rencontre la cr\u00e9ativit\u00e9 raffin\u00e9e des Pays-Bas. Inspir\u00e9 par leur univers artistique haut en couleur, chaque plat allie les saveurs raffin\u00e9es des Pays-Bas \u00e0 une cr\u00e9ativit\u00e9 contemporaine, des th\u00e9s glac\u00e9s sur mesure et des gla\u00e7ons artistiques aux p\u00e2tisseries artisanales, en passant par des r\u00e9interpr\u00e9tations ludiques des grands classiques. Ce th\u00e9 de l&rsquo;apr\u00e8s-midi en \u00e9dition limit\u00e9e rend hommage \u00e0 la communaut\u00e9 cr\u00e9ative et dynamique d&rsquo;Amsterdam, en vous offrant une exp\u00e9rience saisonni\u00e8re unique \u00e0 l&rsquo;h\u00f4tel De L&rsquo;Europe Amsterdam.  <\/p>\n\n<div class=\"wp-block-columns columns_slider_text wrap-2-columns eat-and-drink-cards top-border is-layout-flex wp-container-core-columns-is-layout-8f761849 wp-block-columns-is-layout-flex\" id=\"Weekend-Tradition\">\n<div class=\"wp-block-column slider-wrap is-layout-flow wp-block-column-is-layout-flow\" style=\"flex-basis:50%\">\n<figure class=\"wp-block-image size-full\"><img loading=\"lazy\" decoding=\"async\" width=\"700\" height=\"500\" src=\"https:\/\/www.deleurope.com\/wp-content\/uploads\/2026\/08\/Hotel-De-LEurope-Amsterdam-Afternoon-Tea-Sisters-Janssen-5.jpg\" alt=\"\" class=\"wp-image-14661\"\/><\/figure>\n<\/div>\n\n\n\n<div class=\"wp-block-column is-vertically-aligned-center middle-align is-layout-flow wp-block-column-is-layout-flow\" style=\"flex-basis:50%\">\n<h2 class=\"wp-block-heading has-text-align-center has-extra-large-font-size\" style=\"text-transform:capitalize\">Un go\u00fbter \u00e0 la n\u00e9erlandaise<\/h2>\n\n\n\n<div class=\"wp-block-group\"><div class=\"wp-block-group__inner-container is-layout-constrained wp-block-group-is-layout-constrained\">\n<p class=\"has-text-align-center wp-block-paragraph\">Laissez-vous s\u00e9duire par un th\u00e9 de l&rsquo;apr\u00e8s-midi de luxe \u00e0 Amsterdam, compos\u00e9 d&rsquo;une s\u00e9lection raffin\u00e9e de sandwichs, de p\u00e2tisseries artisanales et de douceurs faites maison, cr\u00e9\u00e9es par nos chefs p\u00e2tissiers experts. Ce \u00ab high tea \u00bb sur le th\u00e8me d&rsquo;Amsterdam, avec une touche n\u00e9erlandaise, est accompagn\u00e9 des meilleurs th\u00e9s en vrac, soigneusement s\u00e9lectionn\u00e9s pour mettre en valeur chaque saveur. Vous pouvez choisir de l&rsquo;agr\u00e9menter d&rsquo;une coupe de champagne Maison Ruinart ou de profiter d&rsquo;un accord sophistiqu\u00e9 sans alcool.  <\/p>\n\n\n\n<p class=\"has-text-align-center wp-block-paragraph\">D\u00e9tendez-vous dans notre cadre charmant surplombant l&rsquo;Amstel, o\u00f9 vous pourrez vous offrir un apr\u00e8s-midi de pur plaisir et profiter d&rsquo;un service irr\u00e9prochable.  <br\/><br\/>Lorsqu&rsquo;il fait beau et que les temp\u00e9ratures sont cl\u00e9mentes, ce th\u00e9 raffin\u00e9 est servi sur notre terrasse, ce qui vous permet de profiter en plein air d&rsquo;un cadre \u00e9l\u00e9gant et d&rsquo;une vue sur la rivi\u00e8re.<\/p>\n\n\n\n<div class=\"wp-block-group first-meal\"><div class=\"wp-block-group__inner-container is-layout-constrained wp-block-group-is-layout-constrained\">\n<p class=\"has-text-align-center wp-block-paragraph\">SERVIS LE SAMEDI ET LE DIMANCHE<\/p>\n<\/div><\/div>\n\n\n\n<div class=\"wp-block-buttons is-horizontal is-content-justification-center is-layout-flex wp-container-core-buttons-is-layout-7d812b4c wp-block-buttons-is-layout-flex\">\n<div class=\"wp-block-button is-style-outline is-style-outline--2\"><a class=\"wp-block-button__link has-central-palette-1-color has-text-color wp-element-button\" href=\"https:\/\/www.sevenrooms.com\/experiences\/loungenl\/afternoon-tea-6191539618201600\" style=\"border-radius:0px;text-transform:uppercase\" target=\"_blank\" rel=\"noreferrer noopener\">R\u00c9SERVER UNE TABLE<\/a><\/div>\n\n\n\n<div class=\"wp-block-button is-style-fill\"><a class=\"wp-block-button__link has-central-palette-1-color has-text-color wp-element-button\" href=\"https:\/\/online.flippingbook.com\/view\/1072646520\/2\" style=\"border-radius:0px;text-transform:uppercase\" target=\"_blank\" rel=\"noreferrer noopener\">le menu<\/a><\/div>\n<\/div>\n\n\n<\/div><\/div>\n<\/div>\n<\/div>\n\n<div class=\"wp-block-columns text-on-left wrap-2-columns eat-and-drink-cards is-layout-flex wp-container-core-columns-is-layout-8f761849 wp-block-columns-is-layout-flex\" id=\"smallest-huys\">\n<div class=\"wp-block-column is-vertically-aligned-center middle-align is-layout-flow wp-block-column-is-layout-flow\" style=\"flex-basis:50%\">\n<h2 class=\"wp-block-heading has-text-align-center has-extra-large-font-size\" style=\"text-transform:capitalize\">Inspir\u00e9 par les s\u0153urs Janssen<\/h2>\n\n\n\n<div class=\"wp-block-group\"><div class=\"wp-block-group__inner-container is-layout-constrained wp-block-group-is-layout-constrained\">\n<p class=\"has-text-align-center wp-block-paragraph\">Chaque plat a \u00e9t\u00e9 soigneusement con\u00e7u pour raconter une partie de leur histoire. D\u00e9couvrez des th\u00e9s glac\u00e9s sur mesure agr\u00e9ment\u00e9s de gla\u00e7ons artistiques inspir\u00e9s de la sculpture \u00ab The Body \u00bb et du motif embl\u00e9matique \u00ab Lips \u00bb des s\u0153urs, un rafra\u00eechissant \u00ab palate cleanser \u00bb faisant r\u00e9f\u00e9rence au design ludique de \u00ab Lollipop \u00bb, ainsi que des p\u00e2tisseries artisanales inspir\u00e9es de leurs \u0153uvres d\u2019art et de leur philosophie artistique. Parmi les cr\u00e9ations phares, citons une \u00ab Amsterdam Canal House \u00bb r\u00e9alis\u00e9e en chocolat Caramelia, inspir\u00e9e de l\u2019\u0153uvre \u00ab You Did It Boo \u00bb, ainsi que d\u2019\u00e9l\u00e9gants desserts, des scones tout juste sortis du four agr\u00e9ment\u00e9s de hagelslag \u00e0 la framboise, et des saveurs n\u00e9erlandaises raffin\u00e9es r\u00e9invent\u00e9es avec une touche contemporaine.  <\/p>\n\n\n\n<div class=\"wp-block-buttons is-horizontal is-content-justification-center is-layout-flex wp-container-core-buttons-is-layout-7d812b4c wp-block-buttons-is-layout-flex\">\n<div class=\"wp-block-button is-style-outline is-style-outline--4\"><a class=\"wp-block-button__link has-central-palette-1-color has-text-color wp-element-button\" href=\"https:\/\/www.sevenrooms.com\/experiences\/loungenl\/afternoon-tea-6191539618201600\" style=\"border-radius:0px;text-transform:uppercase\" target=\"_blank\" rel=\"noreferrer noopener\">R\u00c9SERVEZ VOTRE TH\u00c9 DE L&rsquo;APR\u00c8S-MIDI<\/a><\/div>\n<\/div>\n<\/div><\/div>\n<\/div>\n\n\n\n<div class=\"wp-block-column slider-wrap padding-left-md is-layout-flow wp-block-column-is-layout-flow\" style=\"flex-basis:50%\">\n<figure class=\"wp-block-image size-full\"><img loading=\"lazy\" decoding=\"async\" width=\"700\" height=\"500\" src=\"https:\/\/www.deleurope.com\/wp-content\/uploads\/2026\/08\/Hotel-De-LEurope-Amsterdam-Afternoon-Tea-Sisters-Janssen.jpg\" alt=\"\" class=\"wp-image-14666\" style=\"aspect-ratio:4\/3;object-fit:cover\"\/><\/figure>\n<\/div>\n<\/div>\n\n<div class=\"wp-block-columns columns_slider_text wrap-2-columns eat-and-drink-cards is-layout-flex wp-container-core-columns-is-layout-8f761849 wp-block-columns-is-layout-flex\" id=\"Gift-Cards\">\n<div class=\"wp-block-column slider-wrap is-layout-flow wp-block-column-is-layout-flow\" style=\"flex-basis:50%\">\n<figure class=\"wp-block-image size-full\"><img loading=\"lazy\" decoding=\"async\" width=\"750\" height=\"750\" src=\"https:\/\/www.deleurope.com\/wp-content\/uploads\/2026\/06\/De-LEurope-Amsterdam-Lounge-Afternoon-Tea.jpg\" alt=\"Un serveur verse du th&#xE9;\" class=\"wp-image-13845\" srcset=\"https:\/\/www.deleurope.com\/wp-content\/uploads\/2026\/06\/De-LEurope-Amsterdam-Lounge-Afternoon-Tea.jpg 750w, https:\/\/www.deleurope.com\/wp-content\/uploads\/2026\/06\/De-LEurope-Amsterdam-Lounge-Afternoon-Tea-150x150.jpg 150w, https:\/\/www.deleurope.com\/wp-content\/uploads\/2026\/06\/De-LEurope-Amsterdam-Lounge-Afternoon-Tea-600x600.jpg 600w\" sizes=\"auto, (max-width: 750px) 100vw, 750px\" \/><\/figure>\n<\/div>\n\n\n\n<div class=\"wp-block-column is-vertically-aligned-center middle-align is-layout-flow wp-block-column-is-layout-flow\" style=\"flex-basis:50%\">\n<h2 class=\"wp-block-heading has-text-align-center has-extra-large-font-size\" style=\"text-transform:capitalize\">Cartes-cadeaux<\/h2>\n\n\n\n<div class=\"wp-block-group\"><div class=\"wp-block-group__inner-container is-layout-constrained wp-block-group-is-layout-constrained\">\n<p class=\"has-text-align-center wp-block-paragraph\">Vous \u00eates \u00e0 la recherche d&rsquo;un cadeau attentionn\u00e9 pour une occasion sp\u00e9ciale ? Un bon cadeau pour un Afternoon Tea au De L&rsquo;Europe Amsterdam est l&rsquo;occasion id\u00e9ale de partager une exp\u00e9rience intemporelle dans un cadre embl\u00e9matique. Des d\u00e9licates bouch\u00e9es sal\u00e9es aux scones fra\u00eechement sortis du four, en passant par les p\u00e2tisseries exquises et les th\u00e9s de premi\u00e8re qualit\u00e9, chaque d\u00e9tail est soigneusement \u00e9labor\u00e9 pour cr\u00e9er un apr\u00e8s-midi m\u00e9morable.  <\/p>\n\n\n\n<p class=\"has-text-align-center wp-block-paragraph\">Qu&rsquo;il s&rsquo;agisse de c\u00e9l\u00e9brer un anniversaire, d&rsquo;exprimer sa gratitude ou simplement de surprendre quelqu&rsquo;un avec une g\u00e2terie luxueuse, un bon cadeau pour le th\u00e9 de l&rsquo;apr\u00e8s-midi permet au destinataire de profiter de l&rsquo;une des traditions les plus \u00e9l\u00e9gantes d&rsquo;Amsterdam, \u00e0 sa convenance.<\/p>\n\n\n\n<div class=\"wp-block-buttons is-horizontal is-content-justification-center is-layout-flex wp-container-core-buttons-is-layout-7d812b4c wp-block-buttons-is-layout-flex\">\n<div class=\"wp-block-button is-style-outline is-style-outline--5\"><a class=\"wp-block-button__link has-central-palette-1-color has-text-color wp-element-button\" href=\"https:\/\/vouchers.deleurope.com\/vouchers?categories=afternoon%2520tea&amp;utm_source=deleurope.com&amp;utm_medium=referral&amp;utm_campaign=afternoon_tea_gift_vouchers\" style=\"border-radius:0px;text-transform:uppercase\" target=\"_blank\" rel=\"noreferrer noopener\">CARTES CADEAUX  <\/a><\/div>\n<\/div>\n<\/div><\/div>\n<\/div>\n<\/div>\n\n<div class=\"wp-block-columns text-on-left wrap-2-columns eat-and-drink-cards is-layout-flex wp-container-core-columns-is-layout-8f761849 wp-block-columns-is-layout-flex\" id=\"events\">\n<div class=\"wp-block-column is-vertically-aligned-center middle-align is-layout-flow wp-block-column-is-layout-flow\" style=\"flex-basis:50%\">\n<h2 class=\"wp-block-heading has-text-align-center has-extra-large-font-size\" style=\"text-transform:capitalize\">\u00c9v\u00e9nements \u00e0 c\u00e9l\u00e9brer<\/h2>\n\n\n\n<div class=\"wp-block-group\"><div class=\"wp-block-group__inner-container is-layout-constrained wp-block-group-is-layout-constrained\">\n<p class=\"has-text-align-center wp-block-paragraph\">Vous cherchez le cadre id\u00e9al \u00e0 Amsterdam pour organiser une c\u00e9l\u00e9bration m\u00e9morable ? Que vous organisiez une \u00e9l\u00e9gante f\u00eate de b\u00e9b\u00e9, un anniversaire intime ou un \u00e9v\u00e9nement priv\u00e9 unique, notre exp\u00e9rience du th\u00e9 \u00e0 Amsterdam offre un m\u00e9lange id\u00e9al de charme et d&rsquo;indulgence. <\/p>\n\n\n\n<p class=\"has-text-align-center wp-block-paragraph\">Situ\u00e9 dans un espace magnifiquement am\u00e9nag\u00e9 au c\u0153ur de la ville, notre lieu est un choix recherch\u00e9 par ceux qui organisent des baby showers \u00e0 Amsterdam, des c\u00e9l\u00e9brations d&rsquo;anniversaire \u00e9l\u00e9gantes ou des rencontres d\u00e9tendues avec des \u00eatres chers. Notre high tea propose une s\u00e9lection de th\u00e9s fins, de d\u00e9licates p\u00e2tisseries et de d\u00e9lices sal\u00e9s, parfaits pour marquer les moments les plus doux de la vie. <\/p>\n\n\n\n<div class=\"wp-block-buttons is-horizontal is-content-justification-center is-layout-flex wp-container-core-buttons-is-layout-7d812b4c wp-block-buttons-is-layout-flex\">\n<div class=\"wp-block-button is-style-fill\"><a class=\"wp-block-button__link has-central-palette-1-color has-text-color has-text-align-center wp-element-button\" href=\"https:\/\/www.deleurope.com\/fr\/evenements\/\" style=\"border-radius:0px;text-transform:uppercase\">ESPACES D&rsquo;\u00c9V\u00c9NEMENT<\/a><\/div>\n\n\n\n<div class=\"wp-block-button is-style-outline is-style-outline--6\"><a class=\"wp-block-button__link has-central-palette-1-color has-text-color has-text-align-center wp-element-button\" href=\"#enquire\" style=\"border-radius:0px;text-transform:uppercase\">Plus d&rsquo;informations<\/a><\/div>\n<\/div>\n<\/div><\/div>\n<\/div>\n\n\n\n<div class=\"wp-block-column slider-wrap padding-left-md is-layout-flow wp-block-column-is-layout-flow\" style=\"flex-basis:50%\">\n<figure class=\"wp-block-image size-large\"><img loading=\"lazy\" decoding=\"async\" width=\"800\" height=\"600\" src=\"https:\/\/www.deleurope.com\/wp-content\/uploads\/2024\/07\/DLE_Interior_Events-_2020_166-1-800x600.jpg\" alt=\"\" class=\"wp-image-5257\" style=\"aspect-ratio:4\/3;object-fit:cover\" srcset=\"https:\/\/www.deleurope.com\/wp-content\/uploads\/2024\/07\/DLE_Interior_Events-_2020_166-1-800x600.jpg 800w, https:\/\/www.deleurope.com\/wp-content\/uploads\/2024\/07\/DLE_Interior_Events-_2020_166-1-400x300.jpg 400w\" sizes=\"auto, (max-width: 800px) 100vw, 800px\" \/><\/figure>\n<\/div>\n<\/div>\n\n<p class=\"has-text-align-center wp-block-paragraph\"><br\/>Bien que nous nous efforcions d&rsquo;accommoder une vari\u00e9t\u00e9 de pr\u00e9f\u00e9rences alimentaires, nous sommes au regret de vous informer que nous ne sommes pas en mesure de proposer des options sans lactose ou sans gluten pour notre th\u00e9 de l&rsquo;apr\u00e8s-midi.  <br\/>Nous vous remercions sinc\u00e8rement de votre compr\u00e9hension et esp\u00e9rons avoir le plaisir de vous accueillir dans l&rsquo;un de nos autres restaurants ou bars, o\u00f9 de telles options sont disponibles.<\/p>\n\n<div class=\"wp-block-columns special-request contact-form is-layout-flex wp-container-core-columns-is-layout-8f761849 wp-block-columns-is-layout-flex\" id=\"enquire\">\n<div class=\"wp-block-column has-central-palette-11-background-color has-background is-layout-flow wp-block-column-is-layout-flow\">\n<h2 class=\"wp-block-heading has-text-align-center has-extra-large-font-size\">Plus d&rsquo;informations<\/h2>\n\n\n\n<p class=\"has-text-align-center wp-block-paragraph\">Si vous avez des questions ou si vous souhaitez personnaliser votre exp\u00e9rience du th\u00e9 de l&rsquo;apr\u00e8s-midi \u00e0 Amsterdam, notre \u00e9quipe se fera un plaisir de vous aider.<\/p>\n\n\n\n<div class=\"wp-block-contact-form-7-contact-form-selector\">\n<div class=\"wpcf7 no-js\" id=\"wpcf7-f9406-o1\" lang=\"fr-FR\" dir=\"ltr\" data-wpcf7-id=\"9406\">\n<div class=\"screen-reader-response\"><p role=\"status\" aria-live=\"polite\" aria-atomic=\"true\"><\/p> <ul><\/ul><\/div>\n<form action=\"\/fr\/wp-json\/wp\/v2\/pages\/6488#wpcf7-f9406-o1\" method=\"post\" class=\"wpcf7-form init\" aria-label=\"Formulaire de contact\" novalidate=\"novalidate\" data-status=\"init\">\n<fieldset class=\"hidden-fields-container\"><input type=\"hidden\" name=\"_wpcf7\" value=\"9406\" \/><input type=\"hidden\" name=\"_wpcf7_version\" value=\"6.1.6\" \/><input type=\"hidden\" name=\"_wpcf7_locale\" value=\"fr_FR\" \/><input type=\"hidden\" name=\"_wpcf7_unit_tag\" value=\"wpcf7-f9406-o1\" \/><input type=\"hidden\" name=\"_wpcf7_container_post\" value=\"0\" \/><input type=\"hidden\" name=\"_wpcf7_posted_data_hash\" value=\"\" \/>\n<\/fieldset>\n<p><span class=\"wpcf7-form-control-wrap\" data-name=\"firstname\"><input size=\"40\" maxlength=\"400\" class=\"wpcf7-form-control wpcf7-text wpcf7-validates-as-required half\" aria-required=\"true\" aria-invalid=\"false\" placeholder=\"Pr\u00e9nom*\" value=\"\" type=\"text\" name=\"firstname\" \/><\/span><br \/>\n<span class=\"wpcf7-form-control-wrap\" data-name=\"lastname\"><input size=\"40\" maxlength=\"400\" class=\"wpcf7-form-control wpcf7-text wpcf7-validates-as-required half\" aria-required=\"true\" aria-invalid=\"false\" placeholder=\"Nom de famille*\" value=\"\" type=\"text\" name=\"lastname\" \/><\/span><br \/>\n<span class=\"wpcf7-form-control-wrap\" data-name=\"email\"><input size=\"40\" maxlength=\"400\" class=\"wpcf7-form-control wpcf7-email wpcf7-validates-as-required wpcf7-text wpcf7-validates-as-email half\" aria-required=\"true\" aria-invalid=\"false\" placeholder=\"Email*\" value=\"\" type=\"email\" name=\"email\" \/><\/span><br \/>\n<span class=\"wpcf7-form-control-wrap\" data-name=\"telephone\"><input size=\"40\" maxlength=\"400\" class=\"wpcf7-form-control wpcf7-tel wpcf7-validates-as-required wpcf7-text wpcf7-validates-as-tel half\" aria-required=\"true\" aria-invalid=\"false\" placeholder=\"T\u00e9l\u00e9phone*\" value=\"\" type=\"tel\" name=\"telephone\" \/><\/span><br \/>\n<span class=\"wpcf7-form-control-wrap\" data-name=\"country\"><input size=\"40\" maxlength=\"400\" class=\"wpcf7-form-control wpcf7-text half\" aria-invalid=\"false\" placeholder=\"Pays\" value=\"\" type=\"text\" name=\"country\" \/><\/span><br \/>\n<span class=\"wpcf7-form-control-wrap\" data-name=\"hearfromus\"><select class=\"wpcf7-form-control wpcf7-select wpcf7-validates-as-required half\" aria-required=\"true\" aria-invalid=\"false\" name=\"hearfromus\"><option value=\"Nature de la demande?*\">Nature de la demande?*<\/option><option value=\"R\u00e9servations\">R\u00e9servations<\/option><option value=\"Informations\">Informations<\/option><option value=\"Concierge\">Concierge<\/option><option value=\"Spa &amp; Wellness\">Spa &amp; Wellness<\/option><option value=\"Concept Store IN-HUYS\">Concept Store IN-HUYS<\/option><option value=\"Autres\">Autres<\/option><\/select><\/span><br \/>\n<span class=\"wpcf7-form-control-wrap\" data-name=\"textarea-723\"><textarea cols=\"40\" rows=\"10\" maxlength=\"2000\" class=\"wpcf7-form-control wpcf7-textarea full\" aria-invalid=\"false\" placeholder=\"Message\" name=\"textarea-723\"><\/textarea><\/span>\n<\/p>\n<p class=\"privacy-contact\">Ce site est prot\u00e9g\u00e9 par reCAPTCHA et la <a href=\"\/privacy-policy-2\/\">politique de confidentialit\u00e9<\/a> et les <a href=\"\/terms-conditions\/\">conditions de service de<\/a> Google s'appliquent.\n<\/p>\n<p><br \/>\n<input class=\"wpcf7-form-control wpcf7-submit has-spinner\" type=\"submit\" value=\"Envoyer la demande\" \/>\n<\/p><noscript>\n\t\t\t<div class=\"wpcf7-response-output wpcf7-spam-blocked\">Your browser does not support JavaScript!. Please enable javascript in your browser in order to get form work properly.<\/div>\n\t<\/noscript><script type='text\/javascript'>\n\n\t\t\t\t\t\tif(contactform === undefined){\n\t\t\t\t\t\t\tvar contactform = [];\n\t\t\t\t\t\t}\n\t\t\t\t\t\tvar innerVal = [9406,'mail_sent_ok','Merci pour votre message. Il a &eacute;t&eacute; envoy&eacute;.'];\n\t\t\t\t\t\tcontactform.push(innerVal);\n\t\t\t\t\t\tvar innerVal = [9406,'mail_sent_ng','Une erreur s\\&#039;est produite lors de l\\&#039;envoi de votre message. Veuillez r&eacute;essayer plus tard.'];\n\t\t\t\t\t\tcontactform.push(innerVal);\n\t\t\t\t\t\tvar innerVal = [9406,'validation_error','Un ou plusieurs champs comportent une erreur. Veuillez v&eacute;rifier et r&eacute;essayer.'];\n\t\t\t\t\t\tcontactform.push(innerVal);\n\t\t\t\t\t\tvar innerVal = [9406,'spam','Une erreur s\\&#039;est produite lors de l\\&#039;envoi de votre message. Veuillez r&eacute;essayer plus tard.'];\n\t\t\t\t\t\tcontactform.push(innerVal);\n\t\t\t\t\t\tvar innerVal = [9406,'accept_terms','Vous devez accepter les termes et conditions avant d\\&#039;envoyer votre message.'];\n\t\t\t\t\t\tcontactform.push(innerVal);\n\t\t\t\t\t\tvar innerVal = [9406,'invalid_required','Veuillez remplir ce champ.'];\n\t\t\t\t\t\tcontactform.push(innerVal);\n\t\t\t\t\t\tvar innerVal = [9406,'invalid_too_long','Ce champ a une entr&eacute;e trop longue.'];\n\t\t\t\t\t\tcontactform.push(innerVal);\n\t\t\t\t\t\tvar innerVal = [9406,'invalid_too_short','Ce champ a une entr&eacute;e trop courte.'];\n\t\t\t\t\t\tcontactform.push(innerVal);\n\t\t\t\t\t\tvar innerVal = [9406,'upload_failed','Une erreur inconnue s\\&#039;est produite lors du t&eacute;l&eacute;chargement du fichier.'];\n\t\t\t\t\t\tcontactform.push(innerVal);\n\t\t\t\t\t\tvar innerVal = [9406,'upload_file_type_invalid','Vous n\\&#039;&ecirc;tes pas autoris&eacute; &agrave; t&eacute;l&eacute;charger des fichiers de ce type.'];\n\t\t\t\t\t\tcontactform.push(innerVal);\n\t\t\t\t\t\tvar innerVal = [9406,'upload_file_too_large','Le fichier t&eacute;l&eacute;charg&eacute; est trop volumineux.'];\n\t\t\t\t\t\tcontactform.push(innerVal);\n\t\t\t\t\t\tvar innerVal = [9406,'upload_failed_php_error','Une erreur s\\&#039;est produite lors du t&eacute;l&eacute;chargement du fichier.'];\n\t\t\t\t\t\tcontactform.push(innerVal);\n\t\t\t\t\t\tvar innerVal = [9406,'invalid_date','Veuillez saisir une date au format AAAA-MM-JJ.'];\n\t\t\t\t\t\tcontactform.push(innerVal);\n\t\t\t\t\t\tvar innerVal = [9406,'date_too_early','Ce champ a une date trop pr&eacute;coce.'];\n\t\t\t\t\t\tcontactform.push(innerVal);\n\t\t\t\t\t\tvar innerVal = [9406,'date_too_late','Ce champ a une date trop tardive.'];\n\t\t\t\t\t\tcontactform.push(innerVal);\n\t\t\t\t\t\tvar innerVal = [9406,'invalid_number','Veuillez saisir un num&eacute;ro.'];\n\t\t\t\t\t\tcontactform.push(innerVal);\n\t\t\t\t\t\tvar innerVal = [9406,'number_too_small','Ce champ a un nombre trop petit.'];\n\t\t\t\t\t\tcontactform.push(innerVal);\n\t\t\t\t\t\tvar innerVal = [9406,'number_too_large','Ce champ a un nombre trop &eacute;lev&eacute;.'];\n\t\t\t\t\t\tcontactform.push(innerVal);\n\t\t\t\t\t\tvar innerVal = [9406,'quiz_answer_not_correct','La r&eacute;ponse au quiz est incorrecte.'];\n\t\t\t\t\t\tcontactform.push(innerVal);\n\t\t\t\t\t\tvar innerVal = [9406,'invalid_email','Veuillez saisir une adresse &eacute;lectronique.'];\n\t\t\t\t\t\tcontactform.push(innerVal);\n\t\t\t\t\t\tvar innerVal = [9406,'invalid_url','Veuillez saisir une URL.'];\n\t\t\t\t\t\tcontactform.push(innerVal);\n\t\t\t\t\t\tvar innerVal = [9406,'invalid_tel','Veuillez saisir un num&eacute;ro de t&eacute;l&eacute;phone.'];\n\t\t\t\t\t\tcontactform.push(innerVal);\n\t\t\t\t\t\tvar innerVal = [9406,'gdpr',''];\n\t\t\t\t\t\tcontactform.push(innerVal);\n\t\t\t\t\t\t<\/script><div class=\"wpcf7-response-output\" aria-hidden=\"true\"><\/div>\n<\/form>\n<\/div>\n<\/div>\n<\/div>\n<\/div>\n\n<div class=\"wp-block-columns carousel-black-editable is-layout-flex wp-container-core-columns-is-layout-8f761849 wp-block-columns-is-layout-flex\">\n<div class=\"wp-block-column has-central-palette-1-background-color has-background is-layout-flow wp-block-column-is-layout-flow\">\n<h2 class=\"wp-block-heading has-text-align-center heading-ampersant big-space-bottom-top has-central-palette-7-color has-text-color has-extra-large-font-size\" style=\"text-transform:capitalize\">Staying at De L\u2019Europe\u2026<\/h2>\n\n\n\n<div class=\"wp-block-carousel-slider-slider\"><div class=\"carousel-slider-outer carousel-slider-outer-hero-banner-slider carousel-slider-outer-777\" style=\"--carousel-slider-nav-color:#f1f1f1;--carousel-slider-active-nav-color:#00d1b2;--carousel-slider-arrow-size:48px;--carousel-slider-bullet-size:10px\">\n<div id=\"&#039;id-777\" class=\"carousel-slider carousel-slider-777 arrows-visibility-always dots-visibility-never arrows-outside dots-center dots-circle owl-carousel\" data-slide-type=\"hero-banner-slider\" data-owl-settings='{\"nav\":true,\"dots\":false,\"slideBy\":1,\"stagePadding\":0,\"margin\":80,\"loop\":false,\"lazyLoad\":false,\"autoplay\":false,\"autoplayTimeout\":5000,\"autoplaySpeed\":500,\"autoplayHoverPause\":false,\"autoWidth\":false,\"responsive\":{\"300\":{\"items\":1},\"576\":{\"items\":1},\"768\":{\"items\":1},\"1024\":{\"items\":1},\"1280\":{\"items\":2},\"1536\":{\"items\":2}}}' data-animation=\"\">\n<div class=\"carousel-slider-hero__cell hero__cell-1\" style=\"--cell-height: \"><div id=\"slide-item-777-1\" class=\"carousel-slider-hero__cell__background\" style=\"background-position:center center;background-size:cover;background-image:url(https:\/\/www.deleurope.com\/wp-content\/uploads\/2023\/10\/2.png);background-color:rgba(0,0,0,0.6)\"><\/div><div class=\"carousel-slider-hero__cell__inner carousel-slider--h-position-center carousel-slider--v-position-middle carousel-slider--text-center\" style=\"padding-top:1rem;padding-right:1rem;padding-bottom:1rem;padding-left:1rem\"><div class=\"carousel-slider-hero__cell__content hidden\" style=\"max-width:100%\" data-animation=\"\"><div class=\"carousel-slider-hero__cell__heading\" style=\"--cs-heading-font-size:40px;--cs-heading-gutter:30px;--cs-heading-color:#ffffff\">Your culinary hub<\/div><div class=\"carousel-slider-hero__cell__description\" style=\"--cs-description-font-size:20px;--cs-description-gutter:30px;--cs-description-color:#ffffff\">Three of the city's finest restaurants under one roof: Michelin-starred Restaurant Flore, Brasserie Marie, and Trattoria Graziella.<\/div><div class=\"carousel-slider-hero__cell__buttons\"><span class=\"carousel-slider-hero__cell__button__one\" style=\"--cs-button-bg-color:#ffffff;--cs-button-color:#323232;--cs-button-border-width:3px;--cs-button-border-radius:0px\"><a class=\"button cs-hero-button cs-hero-button-1-1 cs-hero-button-stroke cs-hero-button-medium\" href=\"https:\/\/www.deleurope.com\/restaurants\/\" target=\"_self\">Read more<\/a><\/span><\/div><\/div><\/div><\/div>\n<div class=\"carousel-slider-hero__cell hero__cell-2\" style=\"--cell-height: \"><div id=\"slide-item-777-2\" class=\"carousel-slider-hero__cell__background\" style=\"background-position:center center;background-size:cover;background-image:url(https:\/\/www.deleurope.com\/wp-content\/uploads\/2025\/11\/De-LEurope-Amsterdam-Biologique-Recherche-2-3-1.png);background-color:rgba(0,0,0,0.6)\"><\/div><div class=\"carousel-slider-hero__cell__inner carousel-slider--h-position-center carousel-slider--v-position-middle carousel-slider--text-center\" style=\"padding-top:1rem;padding-right:1rem;padding-bottom:1rem;padding-left:1rem\"><div class=\"carousel-slider-hero__cell__background_overlay\" style=\"background-color: rgba(0,0,0,0.35);\"><\/div><div class=\"carousel-slider-hero__cell__content hidden\" style=\"max-width:100%\" data-animation=\"\"><div class=\"carousel-slider-hero__cell__heading\" style=\"--cs-heading-font-size:40px;--cs-heading-gutter:30px;--cs-heading-color:#ffffff\">Mind &amp; Body<\/div><div class=\"carousel-slider-hero__cell__description\" style=\"--cs-description-font-size:20px;--cs-description-gutter:30px;--cs-description-color:#ffffff\">Indulge in pampering by our wellness team and experience a range of luxurious treatments and exquisite skincare services.<\/div><div class=\"carousel-slider-hero__cell__buttons\"><span class=\"carousel-slider-hero__cell__button__one\" style=\"--cs-button-bg-color:#ffffff;--cs-button-color:#323232;--cs-button-border-width:3px;--cs-button-border-radius:0px\"><a class=\"button cs-hero-button cs-hero-button-2-1 cs-hero-button-stroke cs-hero-button-medium\" href=\"https:\/\/www.deleurope.com\/spa-wellness\/\" target=\"_self\">Read more<\/a><\/span><\/div><\/div><\/div><\/div>\n<div class=\"carousel-slider-hero__cell hero__cell-3\" style=\"--cell-height: \"><div id=\"slide-item-777-3\" class=\"carousel-slider-hero__cell__background\" style=\"background-position:center center;background-size:cover;background-image:url(https:\/\/www.deleurope.com\/wp-content\/uploads\/2024\/11\/Wine-Cellar-1.jpg);background-color:rgba(0,0,0,0.6)\"><\/div><div class=\"carousel-slider-hero__cell__inner carousel-slider--h-position-center carousel-slider--v-position-middle carousel-slider--text-center\" style=\"padding-top:1rem;padding-right:1rem;padding-bottom:1rem;padding-left:1rem\"><div class=\"carousel-slider-hero__cell__content hidden\" style=\"max-width:100%\" data-animation=\"\"><div class=\"carousel-slider-hero__cell__heading\" style=\"--cs-heading-font-size:40px;--cs-heading-gutter:30px;--cs-heading-color:#ffffff\">Wine Tastings<\/div><div class=\"carousel-slider-hero__cell__description\" style=\"--cs-description-font-size:20px;--cs-description-gutter:30px;--cs-description-color:#ffffff\">Step into a world of refined luxury with our exclusive private wine tasting &amp; cellar experience.<\/div><div class=\"carousel-slider-hero__cell__buttons\"><span class=\"carousel-slider-hero__cell__button__one\" style=\"--cs-button-bg-color:#ffffff;--cs-button-color:#323232;--cs-button-border-width:3px;--cs-button-border-radius:0px\"><a class=\"button cs-hero-button cs-hero-button-3-1 cs-hero-button-stroke cs-hero-button-medium\" href=\"https:\/\/www.deleurope.com\/restaurants\/wine-experience\/\" target=\"_self\">SEE MORE<\/a><\/span><\/div><\/div><\/div><\/div>\n<div class=\"carousel-slider-hero__cell hero__cell-4\" style=\"--cell-height: \"><div id=\"slide-item-777-4\" class=\"carousel-slider-hero__cell__background\" style=\"background-position:center center;background-size:cover;background-image:url(https:\/\/www.deleurope.com\/wp-content\/uploads\/2025\/10\/Afternoon-Tea-De-LEurope.png);background-color:rgba(0,0,0,0.6)\"><\/div><div class=\"carousel-slider-hero__cell__inner carousel-slider--h-position-center carousel-slider--v-position-middle carousel-slider--text-center\" style=\"padding-top:1rem;padding-right:1rem;padding-bottom:1rem;padding-left:1rem\"><div class=\"carousel-slider-hero__cell__content hidden\" style=\"max-width:100%\" data-animation=\"\"><div class=\"carousel-slider-hero__cell__heading\" style=\"--cs-heading-font-size:40px;--cs-heading-gutter:30px;--cs-heading-color:#ffffff\">Afternoon Tea<\/div><div class=\"carousel-slider-hero__cell__description\" style=\"--cs-description-font-size:20px;--cs-description-gutter:30px;--cs-description-color:#ffffff\">Indulge in a refined selection of sandwiches, artisan pastries, and sweets, expertly crafted by our pastry chefs.<\/div><div class=\"carousel-slider-hero__cell__buttons\"><span class=\"carousel-slider-hero__cell__button__one\" style=\"--cs-button-bg-color:#ffffff;--cs-button-color:#323232;--cs-button-border-width:3px;--cs-button-border-radius:0px\"><a class=\"button cs-hero-button cs-hero-button-4-1 cs-hero-button-stroke cs-hero-button-medium\" href=\"https:\/\/www.deleurope.com\/restaurants\/high-tea\/\" target=\"_self\">SEE MORE<\/a><\/span><\/div><\/div><\/div><\/div>\n<\/div><!-- .carousel-slider-777 -->\n<\/div><!-- .carousel-slider-outer-777 -->\n<\/div>\n<\/div>\n<\/div>\n","protected":false},"excerpt":{"rendered":"<p>D\u00e9couvrez l&rsquo;\u00ab Afternoon Tea \u00bb des s\u0153urs Janssen, une interpr\u00e9tation contemporaine du th\u00e9 classique de l&rsquo;apr\u00e8s-midi, o\u00f9 la tradition intemporelle rencontre la cr\u00e9ativit\u00e9 raffin\u00e9e des Pays-Bas. Inspir\u00e9 par leur univers artistique haut en couleur, chaque plat allie les saveurs raffin\u00e9es des Pays-Bas \u00e0 une cr\u00e9ativit\u00e9 contemporaine, des th\u00e9s glac\u00e9s sur mesure et des gla\u00e7ons artistiques [&hellip;]<\/p>\n","protected":false},"author":17,"featured_media":14643,"parent":2936,"menu_order":0,"comment_status":"closed","ping_status":"closed","template":"","meta":{"_acf_changed":false,"footnotes":""},"class_list":["post-6488","page","type-page","status-publish","has-post-thumbnail","hentry"],"acf":[],"yoast_head":"<!-- This site is optimized with the Yoast SEO plugin v28.1 - https:\/\/yoast.com\/product\/yoast-seo-wordpress\/ -->\n<title>High Tea \u00e0 Amsterdam | H\u00f4tel De L&#039;Europe | Site officiel<\/title>\n<meta name=\"description\" content=\"D\u00e9couvrez notre exp\u00e9rience du th\u00e9 de l&#039;apr\u00e8s-midi \u00e0 Amsterdam avec une s\u00e9lection raffin\u00e9e de sandwichs et de p\u00e2tisseries pr\u00e9par\u00e9s par nos chefs p\u00e2tissiers.\" \/>\n<meta name=\"robots\" content=\"index, follow, max-snippet:-1, max-image-preview:large, max-video-preview:-1\" \/>\n<link rel=\"canonical\" href=\"https:\/\/www.deleurope.com\/fr\/restaurant-bars\/the-de-lapres-midi\/\" \/>\n<meta property=\"og:locale\" content=\"fr_FR\" \/>\n<meta property=\"og:type\" content=\"article\" \/>\n<meta property=\"og:title\" content=\"High Tea \u00e0 Amsterdam | H\u00f4tel De L&#039;Europe | Site officiel\" \/>\n<meta property=\"og:description\" content=\"D\u00e9couvrez notre exp\u00e9rience du th\u00e9 de l&#039;apr\u00e8s-midi \u00e0 Amsterdam avec une s\u00e9lection raffin\u00e9e de sandwichs et de p\u00e2tisseries pr\u00e9par\u00e9s par nos chefs p\u00e2tissiers.\" \/>\n<meta property=\"og:url\" content=\"https:\/\/www.deleurope.com\/fr\/restaurant-bars\/the-de-lapres-midi\/\" \/>\n<meta property=\"og:site_name\" content=\"De L&#039;Europe Amsterdam\" \/>\n<meta property=\"article:publisher\" content=\"https:\/\/www.facebook.com\/DeLEuropeAms\/\" \/>\n<meta property=\"article:modified_time\" content=\"2026-08-06T08:29:27+00:00\" \/>\n<meta property=\"og:image\" content=\"https:\/\/www.deleurope.com\/wp-content\/uploads\/2026\/08\/Hotel-De-LEurope-Amsterdam-Afternoon-Tea-Sisters-Janssen-1-1.jpg\" \/>\n\t<meta property=\"og:image:width\" content=\"700\" \/>\n\t<meta property=\"og:image:height\" content=\"500\" \/>\n\t<meta property=\"og:image:type\" content=\"image\/jpeg\" \/>\n<meta name=\"twitter:card\" content=\"summary_large_image\" \/>\n<meta name=\"twitter:label1\" content=\"Dur\u00e9e de lecture estim\u00e9e\" \/>\n\t<meta name=\"twitter:data1\" content=\"5 minutes\" \/>\n<script type=\"application\/ld+json\" class=\"yoast-schema-graph\">{\"@context\":\"https:\\\/\\\/schema.org\",\"@graph\":[{\"@type\":\"WebPage\",\"@id\":\"https:\\\/\\\/www.deleurope.com\\\/fr\\\/restaurant-bars\\\/the-de-lapres-midi\\\/\",\"url\":\"https:\\\/\\\/www.deleurope.com\\\/fr\\\/restaurant-bars\\\/the-de-lapres-midi\\\/\",\"name\":\"High Tea \u00e0 Amsterdam | H\u00f4tel De L'Europe | Site officiel\",\"isPartOf\":{\"@id\":\"https:\\\/\\\/www.deleurope.com\\\/fr\\\/#website\"},\"primaryImageOfPage\":{\"@id\":\"https:\\\/\\\/www.deleurope.com\\\/fr\\\/restaurant-bars\\\/the-de-lapres-midi\\\/#primaryimage\"},\"image\":{\"@id\":\"https:\\\/\\\/www.deleurope.com\\\/fr\\\/restaurant-bars\\\/the-de-lapres-midi\\\/#primaryimage\"},\"thumbnailUrl\":\"https:\\\/\\\/www.deleurope.com\\\/wp-content\\\/uploads\\\/2026\\\/08\\\/Hotel-De-LEurope-Amsterdam-Afternoon-Tea-Sisters-Janssen-1-1.jpg\",\"datePublished\":\"2024-12-02T12:03:52+00:00\",\"dateModified\":\"2026-08-06T08:29:27+00:00\",\"description\":\"D\u00e9couvrez notre exp\u00e9rience du th\u00e9 de l'apr\u00e8s-midi \u00e0 Amsterdam avec une s\u00e9lection raffin\u00e9e de sandwichs et de p\u00e2tisseries pr\u00e9par\u00e9s par nos chefs p\u00e2tissiers.\",\"breadcrumb\":{\"@id\":\"https:\\\/\\\/www.deleurope.com\\\/fr\\\/restaurant-bars\\\/the-de-lapres-midi\\\/#breadcrumb\"},\"inLanguage\":\"fr-FR\",\"potentialAction\":[{\"@type\":\"ReadAction\",\"target\":[\"https:\\\/\\\/www.deleurope.com\\\/fr\\\/restaurant-bars\\\/the-de-lapres-midi\\\/\"]}]},{\"@type\":\"ImageObject\",\"inLanguage\":\"fr-FR\",\"@id\":\"https:\\\/\\\/www.deleurope.com\\\/fr\\\/restaurant-bars\\\/the-de-lapres-midi\\\/#primaryimage\",\"url\":\"https:\\\/\\\/www.deleurope.com\\\/wp-content\\\/uploads\\\/2026\\\/08\\\/Hotel-De-LEurope-Amsterdam-Afternoon-Tea-Sisters-Janssen-1-1.jpg\",\"contentUrl\":\"https:\\\/\\\/www.deleurope.com\\\/wp-content\\\/uploads\\\/2026\\\/08\\\/Hotel-De-LEurope-Amsterdam-Afternoon-Tea-Sisters-Janssen-1-1.jpg\",\"width\":700,\"height\":500,\"caption\":\"Pastery Selection served on etagiere\"},{\"@type\":\"BreadcrumbList\",\"@id\":\"https:\\\/\\\/www.deleurope.com\\\/fr\\\/restaurant-bars\\\/the-de-lapres-midi\\\/#breadcrumb\",\"itemListElement\":[{\"@type\":\"ListItem\",\"position\":1,\"name\":\"Home\",\"item\":\"https:\\\/\\\/www.deleurope.com\\\/fr\\\/\"},{\"@type\":\"ListItem\",\"position\":2,\"name\":\"Eat &#038; Drink\",\"item\":\"https:\\\/\\\/www.deleurope.com\\\/fr\\\/restaurant-bars\\\/\"},{\"@type\":\"ListItem\",\"position\":3,\"name\":\"High Tea \u00e0 Amsterdam\"}]},{\"@type\":\"WebSite\",\"@id\":\"https:\\\/\\\/www.deleurope.com\\\/fr\\\/#website\",\"url\":\"https:\\\/\\\/www.deleurope.com\\\/fr\\\/\",\"name\":\"De L'Europe Amsterdam\",\"description\":\"Home of original Amsterdam luxury.\",\"publisher\":{\"@id\":\"https:\\\/\\\/www.deleurope.com\\\/fr\\\/#organization\"},\"potentialAction\":[{\"@type\":\"SearchAction\",\"target\":{\"@type\":\"EntryPoint\",\"urlTemplate\":\"https:\\\/\\\/www.deleurope.com\\\/fr\\\/?s={search_term_string}\"},\"query-input\":{\"@type\":\"PropertyValueSpecification\",\"valueRequired\":true,\"valueName\":\"search_term_string\"}}],\"inLanguage\":\"fr-FR\"},{\"@type\":\"Organization\",\"@id\":\"https:\\\/\\\/www.deleurope.com\\\/fr\\\/#organization\",\"name\":\"De L'Europe Amsterdam\",\"url\":\"https:\\\/\\\/www.deleurope.com\\\/fr\\\/\",\"logo\":{\"@type\":\"ImageObject\",\"inLanguage\":\"fr-FR\",\"@id\":\"https:\\\/\\\/www.deleurope.com\\\/fr\\\/#\\\/schema\\\/logo\\\/image\\\/\",\"url\":\"https:\\\/\\\/www.deleurope.com\\\/wp-content\\\/uploads\\\/2026\\\/07\\\/deleurope_crest_black_scaled75.png\",\"contentUrl\":\"https:\\\/\\\/www.deleurope.com\\\/wp-content\\\/uploads\\\/2026\\\/07\\\/deleurope_crest_black_scaled75.png\",\"width\":250,\"height\":253,\"caption\":\"De L'Europe Amsterdam\"},\"image\":{\"@id\":\"https:\\\/\\\/www.deleurope.com\\\/fr\\\/#\\\/schema\\\/logo\\\/image\\\/\"},\"sameAs\":[\"https:\\\/\\\/www.facebook.com\\\/DeLEuropeAms\\\/\",\"https:\\\/\\\/www.instagram.com\\\/deleuropeams\\\/\",\"https:\\\/\\\/www.linkedin.com\\\/company\\\/hotel-de-leurope\"]}]}<\/script>\n<!-- \/ Yoast SEO plugin. -->","yoast_head_json":{"title":"High Tea \u00e0 Amsterdam | H\u00f4tel De L'Europe | Site officiel","description":"D\u00e9couvrez notre exp\u00e9rience du th\u00e9 de l'apr\u00e8s-midi \u00e0 Amsterdam avec une s\u00e9lection raffin\u00e9e de sandwichs et de p\u00e2tisseries pr\u00e9par\u00e9s par nos chefs p\u00e2tissiers.","robots":{"index":"index","follow":"follow","max-snippet":"max-snippet:-1","max-image-preview":"max-image-preview:large","max-video-preview":"max-video-preview:-1"},"canonical":"https:\/\/www.deleurope.com\/fr\/restaurant-bars\/the-de-lapres-midi\/","og_locale":"fr_FR","og_type":"article","og_title":"High Tea \u00e0 Amsterdam | H\u00f4tel De L'Europe | Site officiel","og_description":"D\u00e9couvrez notre exp\u00e9rience du th\u00e9 de l'apr\u00e8s-midi \u00e0 Amsterdam avec une s\u00e9lection raffin\u00e9e de sandwichs et de p\u00e2tisseries pr\u00e9par\u00e9s par nos chefs p\u00e2tissiers.","og_url":"https:\/\/www.deleurope.com\/fr\/restaurant-bars\/the-de-lapres-midi\/","og_site_name":"De L&#039;Europe Amsterdam","article_publisher":"https:\/\/www.facebook.com\/DeLEuropeAms\/","article_modified_time":"2026-08-06T08:29:27+00:00","og_image":[{"width":700,"height":500,"url":"https:\/\/www.deleurope.com\/wp-content\/uploads\/2026\/08\/Hotel-De-LEurope-Amsterdam-Afternoon-Tea-Sisters-Janssen-1-1.jpg","type":"image\/jpeg"}],"twitter_card":"summary_large_image","twitter_misc":{"Dur\u00e9e de lecture estim\u00e9e":"5 minutes"},"schema":{"@context":"https:\/\/schema.org","@graph":[{"@type":"WebPage","@id":"https:\/\/www.deleurope.com\/fr\/restaurant-bars\/the-de-lapres-midi\/","url":"https:\/\/www.deleurope.com\/fr\/restaurant-bars\/the-de-lapres-midi\/","name":"High Tea \u00e0 Amsterdam | H\u00f4tel De L'Europe | Site officiel","isPartOf":{"@id":"https:\/\/www.deleurope.com\/fr\/#website"},"primaryImageOfPage":{"@id":"https:\/\/www.deleurope.com\/fr\/restaurant-bars\/the-de-lapres-midi\/#primaryimage"},"image":{"@id":"https:\/\/www.deleurope.com\/fr\/restaurant-bars\/the-de-lapres-midi\/#primaryimage"},"thumbnailUrl":"https:\/\/www.deleurope.com\/wp-content\/uploads\/2026\/08\/Hotel-De-LEurope-Amsterdam-Afternoon-Tea-Sisters-Janssen-1-1.jpg","datePublished":"2024-12-02T12:03:52+00:00","dateModified":"2026-08-06T08:29:27+00:00","description":"D\u00e9couvrez notre exp\u00e9rience du th\u00e9 de l'apr\u00e8s-midi \u00e0 Amsterdam avec une s\u00e9lection raffin\u00e9e de sandwichs et de p\u00e2tisseries pr\u00e9par\u00e9s par nos chefs p\u00e2tissiers.","breadcrumb":{"@id":"https:\/\/www.deleurope.com\/fr\/restaurant-bars\/the-de-lapres-midi\/#breadcrumb"},"inLanguage":"fr-FR","potentialAction":[{"@type":"ReadAction","target":["https:\/\/www.deleurope.com\/fr\/restaurant-bars\/the-de-lapres-midi\/"]}]},{"@type":"ImageObject","inLanguage":"fr-FR","@id":"https:\/\/www.deleurope.com\/fr\/restaurant-bars\/the-de-lapres-midi\/#primaryimage","url":"https:\/\/www.deleurope.com\/wp-content\/uploads\/2026\/08\/Hotel-De-LEurope-Amsterdam-Afternoon-Tea-Sisters-Janssen-1-1.jpg","contentUrl":"https:\/\/www.deleurope.com\/wp-content\/uploads\/2026\/08\/Hotel-De-LEurope-Amsterdam-Afternoon-Tea-Sisters-Janssen-1-1.jpg","width":700,"height":500,"caption":"Pastery Selection served on etagiere"},{"@type":"BreadcrumbList","@id":"https:\/\/www.deleurope.com\/fr\/restaurant-bars\/the-de-lapres-midi\/#breadcrumb","itemListElement":[{"@type":"ListItem","position":1,"name":"Home","item":"https:\/\/www.deleurope.com\/fr\/"},{"@type":"ListItem","position":2,"name":"Eat &#038; Drink","item":"https:\/\/www.deleurope.com\/fr\/restaurant-bars\/"},{"@type":"ListItem","position":3,"name":"High Tea \u00e0 Amsterdam"}]},{"@type":"WebSite","@id":"https:\/\/www.deleurope.com\/fr\/#website","url":"https:\/\/www.deleurope.com\/fr\/","name":"De L'Europe Amsterdam","description":"Home of original Amsterdam luxury.","publisher":{"@id":"https:\/\/www.deleurope.com\/fr\/#organization"},"potentialAction":[{"@type":"SearchAction","target":{"@type":"EntryPoint","urlTemplate":"https:\/\/www.deleurope.com\/fr\/?s={search_term_string}"},"query-input":{"@type":"PropertyValueSpecification","valueRequired":true,"valueName":"search_term_string"}}],"inLanguage":"fr-FR"},{"@type":"Organization","@id":"https:\/\/www.deleurope.com\/fr\/#organization","name":"De L'Europe Amsterdam","url":"https:\/\/www.deleurope.com\/fr\/","logo":{"@type":"ImageObject","inLanguage":"fr-FR","@id":"https:\/\/www.deleurope.com\/fr\/#\/schema\/logo\/image\/","url":"https:\/\/www.deleurope.com\/wp-content\/uploads\/2026\/07\/deleurope_crest_black_scaled75.png","contentUrl":"https:\/\/www.deleurope.com\/wp-content\/uploads\/2026\/07\/deleurope_crest_black_scaled75.png","width":250,"height":253,"caption":"De L'Europe Amsterdam"},"image":{"@id":"https:\/\/www.deleurope.com\/fr\/#\/schema\/logo\/image\/"},"sameAs":["https:\/\/www.facebook.com\/DeLEuropeAms\/","https:\/\/www.instagram.com\/deleuropeams\/","https:\/\/www.linkedin.com\/company\/hotel-de-leurope"]}]}},"featured_image_src":"https:\/\/www.deleurope.com\/wp-content\/uploads\/2026\/08\/Hotel-De-LEurope-Amsterdam-Afternoon-Tea-Sisters-Janssen-1-1-600x400.jpg","featured_image_src_square":"https:\/\/www.deleurope.com\/wp-content\/uploads\/2026\/08\/Hotel-De-LEurope-Amsterdam-Afternoon-Tea-Sisters-Janssen-1-1-600x500.jpg","_links":{"self":[{"href":"https:\/\/www.deleurope.com\/fr\/wp-json\/wp\/v2\/pages\/6488","targetHints":{"allow":["GET"]}}],"collection":[{"href":"https:\/\/www.deleurope.com\/fr\/wp-json\/wp\/v2\/pages"}],"about":[{"href":"https:\/\/www.deleurope.com\/fr\/wp-json\/wp\/v2\/types\/page"}],"author":[{"embeddable":true,"href":"https:\/\/www.deleurope.com\/fr\/wp-json\/wp\/v2\/users\/17"}],"replies":[{"embeddable":true,"href":"https:\/\/www.deleurope.com\/fr\/wp-json\/wp\/v2\/comments?post=6488"}],"version-history":[{"count":2,"href":"https:\/\/www.deleurope.com\/fr\/wp-json\/wp\/v2\/pages\/6488\/revisions"}],"predecessor-version":[{"id":14682,"href":"https:\/\/www.deleurope.com\/fr\/wp-json\/wp\/v2\/pages\/6488\/revisions\/14682"}],"up":[{"embeddable":true,"href":"https:\/\/www.deleurope.com\/fr\/wp-json\/wp\/v2\/pages\/2936"}],"wp:featuredmedia":[{"embeddable":true,"href":"https:\/\/www.deleurope.com\/fr\/wp-json\/wp\/v2\/media\/14643"}],"wp:attachment":[{"href":"https:\/\/www.deleurope.com\/fr\/wp-json\/wp\/v2\/media?parent=6488"}],"curies":[{"name":"wp","href":"https:\/\/api.w.org\/{rel}","templated":true}]}}