{"id":8763,"date":"2025-03-25T12:24:08","date_gmt":"2025-03-25T12:24:08","guid":{"rendered":"https:\/\/www.deleurope.com\/experiences-et-offres-uniques\/sejour-avec-20-de-reduction\/"},"modified":"2026-02-27T13:06:14","modified_gmt":"2026-02-27T13:06:14","slug":"sejour-avec-20-de-reduction","status":"publish","type":"page","link":"https:\/\/www.deleurope.com\/fr\/experiences-et-offres-uniques\/sejour-avec-20-de-reduction\/","title":{"rendered":"3 nuits \u00e0 Amsterdam"},"content":{"rendered":"\n<div class=\"wp-block-columns margin-bottom-none is-layout-flex wp-container-core-columns-is-layout-9d6595d7 wp-block-columns-is-layout-flex\">\n<div class=\"wp-block-column two-texts-intro with-cta is-layout-flow wp-block-column-is-layout-flow\">\n<h2 class=\"wp-block-heading has-text-align-center rooms-description-white-box two-texts-bigger header-bigger with-cta has-extra-large-font-size\">Une escapade de luxe<\/h2>\n\n\n\n<p class=\"has-text-align-center two-texts-smaller\">D\u00e9couvrez Amsterdam sous son jour le plus raffin\u00e9 avec un s\u00e9jour de trois nuits au De L&rsquo;Europe Amsterdam &#8211; o\u00f9 patrimoine, haute cuisine et service sur mesure se rencontrent le long de la rivi\u00e8re Amstel.<\/p>\n\n\n\n<p class=\"has-text-align-center two-texts-smaller\">Trois nuits, ce n&rsquo;est pas simplement un s\u00e9jour prolong\u00e9 en ville. C&rsquo;est une invitation \u00e0 s&rsquo;installer, \u00e0 explorer au-del\u00e0 des \u00e9vidences et \u00e0 d\u00e9couvrir Amsterdam sous l&rsquo;angle d&rsquo;un luxe tranquille. <\/p>\n\n\n\n<div class=\"wp-block-buttons is-content-justification-center is-layout-flex wp-container-core-buttons-is-layout-16018d1d wp-block-buttons-is-layout-flex\">\n<div class=\"wp-block-button is-style-outline book-now is-style-outline--1\"><a class=\"wp-block-button__link has-central-palette-7-color has-central-palette-1-background-color has-text-color has-background has-text-align-center wp-element-button\" href=\"\/3-nights-amsterdam\/#\/booking\/step-1\" style=\"border-radius:0px;text-transform:uppercase\">R\u00c9SERVEZ VOTRE S\u00c9JOUR<\/a><\/div>\n<\/div>\n<\/div>\n<\/div>\n\n<div class=\"wp-block-columns text-on-left wrap-2-columns eat-and-drink-cards top-border is-layout-flex wp-container-core-columns-is-layout-9d6595d7 wp-block-columns-is-layout-flex\" id=\"Three-nights-amsterdam\">\n<div class=\"wp-block-column is-vertically-aligned-center middle-align is-layout-flow wp-block-column-is-layout-flow\" style=\"flex-basis:50%\">\n<h2 class=\"wp-block-heading has-text-align-center has-extra-large-font-size\" style=\"text-transform:capitalize\">Une ville qui r\u00e9compense le temps<\/h2>\n\n\n\n<div class=\"wp-block-group\"><div class=\"wp-block-group__inner-container is-layout-constrained wp-block-group-is-layout-constrained\">\n<p class=\"has-text-align-center\">Amsterdam se d\u00e9voile progressivement. Le rythme des canaux, l&rsquo;intimit\u00e9 de ses mus\u00e9es et le caract\u00e8re de ses rues historiques sont mieux appr\u00e9ci\u00e9s lorsque l&rsquo;on a le temps de se promener sans programme. <\/p>\n\n\n\n<p class=\"has-text-align-center\">Depuis la position centrale de l&rsquo;h\u00f4tel, les sites culturels de la ville sont facilement accessibles. Les chefs-d&rsquo;\u0153uvre du Rijksmuseum et l&rsquo;\u00e9clat expressif du mus\u00e9e Van Gogh vous offrent des rencontres profondes.   <br\/><br\/>Notre concierge s&rsquo;occupe des guides priv\u00e9s et de l&rsquo;acc\u00e8s prioritaire, afin que chaque visite soit personnalis\u00e9e et non pas bond\u00e9e.<\/p>\n\n\n\n<div class=\"wp-block-buttons is-horizontal is-content-justification-center is-layout-flex wp-container-core-buttons-is-layout-499968f5 wp-block-buttons-is-layout-flex\">\n<div class=\"wp-block-button is-style-outline is-style-outline--2\"><a class=\"wp-block-button__link has-central-palette-1-color has-text-color has-text-align-center wp-element-button\" href=\"\/3-nights-amsterdam\/#\/booking\/step-1\" style=\"border-radius:0px;text-transform:uppercase\">R\u00c9SERVEZ VOTRE S\u00c9JOUR<\/a><\/div>\n<\/div>\n<\/div><\/div>\n<\/div>\n\n\n\n<div class=\"wp-block-column slider-wrap padding-left-md is-layout-flow wp-block-column-is-layout-flow\" style=\"flex-basis:50%\">\n<figure class=\"wp-block-image size-full\"><img loading=\"lazy\" decoding=\"async\" width=\"700\" height=\"500\" src=\"https:\/\/www.deleurope.com\/wp-content\/uploads\/2026\/02\/SEO-PAGE-SPRING.png\" alt=\"\" class=\"wp-image-12533\" style=\"aspect-ratio:4\/3;object-fit:cover\"\/><\/figure>\n<\/div>\n<\/div>\n\n<div class=\"wp-block-columns columns_slider_text wrap-2-columns eat-and-drink-cards is-layout-flex wp-container-core-columns-is-layout-9d6595d7 wp-block-columns-is-layout-flex\" id=\"tulip-season-amsterdam\">\n<div class=\"wp-block-column slider-wrap is-layout-flow wp-block-column-is-layout-flow\" style=\"flex-basis:50%\">\n<figure class=\"wp-block-image size-full\"><img loading=\"lazy\" decoding=\"async\" width=\"700\" height=\"500\" src=\"https:\/\/www.deleurope.com\/wp-content\/uploads\/2026\/02\/Ontwerp-zonder-titel.jpg\" alt=\"Pique-nique de printemps dans les champs de tulipes\" class=\"wp-image-12515\" style=\"aspect-ratio:4\/3;object-fit:cover\"\/><\/figure>\n<\/div>\n\n\n\n<div class=\"wp-block-column is-vertically-aligned-center middle-align is-layout-flow wp-block-column-is-layout-flow\" style=\"flex-basis:50%\">\n<h2 class=\"wp-block-heading has-text-align-center has-extra-large-font-size\" style=\"text-transform:none\">Saison des tulipes<\/h2>\n\n\n\n<p class=\"has-text-align-center\"><strong>THE NETHERLANDS IN BLOOM<\/strong><\/p>\n\n\n\n<div class=\"wp-block-group\"><div class=\"wp-block-group__inner-container is-layout-constrained wp-block-group-is-layout-constrained\">\n<p class=\"has-text-align-center\">Le printemps transforme les Pays-Bas en une toile vivante. De la fin du mois de mars au mois de mai, la campagne se pare de rubans de couleurs vibrantes lorsque les champs de tulipes atteignent leur pleine floraison. <\/p>\n\n\n\n<p class=\"has-text-align-center\">La visite du Keukenhof constitue une introduction spectaculaire, mais la v\u00e9ritable magie se trouve au-del\u00e0 des all\u00e9es principales.  <br\/><br\/>Notre concierge organise des voyages priv\u00e9s et des transferts avec chauffeur \u00e0 travers des paysages ruraux o\u00f9 les moulins \u00e0 vent ponctuent l&rsquo;horizon et o\u00f9 les fleurs s&rsquo;\u00e9tendent \u00e0 l&rsquo;infini.<\/p>\n\n\n\n<div class=\"wp-block-buttons is-horizontal is-content-justification-center is-layout-flex wp-container-core-buttons-is-layout-499968f5 wp-block-buttons-is-layout-flex\">\n<div class=\"wp-block-button is-style-outline is-style-outline--3\"><a class=\"wp-block-button__link has-central-palette-1-color has-text-color has-text-align-center wp-element-button\" href=\"\/3-nights-amsterdam\/#\/booking\/step-1\" style=\"border-radius:0px;text-transform:uppercase\">VOIR LA DISPONIBILIT\u00c9<\/a><\/div>\n<\/div>\n<\/div><\/div>\n<\/div>\n<\/div>\n\n<div class=\"wp-block-columns text-on-left wrap-2-columns eat-and-drink-cards is-layout-flex wp-container-core-columns-is-layout-9d6595d7 wp-block-columns-is-layout-flex\" id=\"bespoke-concierge-service\">\n<div class=\"wp-block-column is-vertically-aligned-center middle-align is-layout-flow wp-block-column-is-layout-flow\" style=\"flex-basis:50%\">\n<h2 class=\"wp-block-heading has-text-align-center has-extra-large-font-size\" style=\"text-transform:capitalize\">Service de conciergerie sur mesure<\/h2>\n\n\n\n<div class=\"wp-block-group\"><div class=\"wp-block-group__inner-container is-layout-constrained wp-block-group-is-layout-constrained\">\n<p class=\"has-text-align-center\">Chez De L&rsquo;Europe, notre \u00e9quipe de concierges Clefs d&rsquo;Or fa\u00e7onne chaque escapade de trois nuits avec pr\u00e9cision et cr\u00e9ativit\u00e9 : les visites de mus\u00e9es et les circuits touristiques deviennent des rencontres priv\u00e9es, les r\u00e9servations de restaurants se transforment en voyages culinaires et les excursions de shopping se d\u00e9roulent derri\u00e8re des portes closes.  <\/p>\n\n\n\n<p class=\"has-text-align-center\">Les occasions sp\u00e9ciales sont rehauss\u00e9es par des gestes subtils et inoubliables.<\/p>\n<\/div><\/div>\n<\/div>\n\n\n\n<div class=\"wp-block-column slider-wrap padding-left-md is-layout-flow wp-block-column-is-layout-flow\" style=\"flex-basis:50%\">\n<figure class=\"wp-block-image size-full\"><img loading=\"lazy\" decoding=\"async\" width=\"1500\" height=\"1943\" src=\"https:\/\/www.deleurope.com\/wp-content\/uploads\/2024\/05\/gloobles-10.jpg\" alt=\"D&#xE9;tail d'une carte affich&#xE9;e sur le mur de la Gloobles Suite &#xE0; De L'Europe Amsterdam, mettant en &#xE9;vidence la g&#xE9;ographie locale et l'int&#xE9;gration du design.\" class=\"wp-image-4385\" style=\"aspect-ratio:4\/3;object-fit:cover\" srcset=\"https:\/\/www.deleurope.com\/wp-content\/uploads\/2024\/05\/gloobles-10.jpg 1500w, https:\/\/www.deleurope.com\/wp-content\/uploads\/2024\/05\/gloobles-10-768x995.jpg 768w, https:\/\/www.deleurope.com\/wp-content\/uploads\/2024\/05\/gloobles-10-1186x1536.jpg 1186w\" sizes=\"auto, (max-width: 1500px) 100vw, 1500px\" \/><\/figure>\n<\/div>\n<\/div>\n\n<div class=\"wp-block-columns columns_slider_text wrap-2-columns eat-and-drink-cards is-layout-flex wp-container-core-columns-is-layout-9d6595d7 wp-block-columns-is-layout-flex\" id=\"restaurants\">\n<div class=\"wp-block-column slider-wrap is-layout-flow wp-block-column-is-layout-flow\" style=\"flex-basis:50%\">\n<div class=\"wp-block-carousel-slider-slider\"><div class=\"carousel-slider-outer carousel-slider-outer-image-carousel carousel-slider-outer-281\" style=\"--carousel-slider-nav-color:#f1f1f1;--carousel-slider-active-nav-color:#00d1b2;--carousel-slider-arrow-size:48px;--carousel-slider-bullet-size:10px\">\n<div id=\"&#039;id-281\" class=\"carousel-slider carousel-slider-281 arrows-visibility-always dots-visibility-never arrows-outside dots-center dots-circle owl-carousel\" data-slide-type=\"image-carousel\" data-owl-settings='{\"nav\":true,\"dots\":false,\"slideBy\":1,\"stagePadding\":0,\"margin\":10,\"loop\":false,\"lazyLoad\":true,\"autoplay\":false,\"autoplayTimeout\":5000,\"autoplaySpeed\":500,\"autoplayHoverPause\":false,\"autoWidth\":false,\"items\":1}'>\n<div class=\"carousel-slider__item\">\n\t<img class=\"owl-lazy\" data-src=\"https:\/\/www.deleurope.com\/wp-content\/uploads\/2023\/09\/Flore-Restaurant-1-800x566.png\" alt=\"Overview of Restaurant Flore\u2019s interior, highlighting the refined decor, intimate table settings, and warm ambiance, with the restaurant\u2019s logo as overlay\"><\/a><\/div>\n\n<div class=\"carousel-slider__item\">\n\t<img class=\"owl-lazy\" data-src=\"https:\/\/www.deleurope.com\/wp-content\/uploads\/2024\/02\/marie-brasserie-sur-leau-800x600.webp\" alt=\"marie\"><\/a><\/div>\n\n<div class=\"carousel-slider__item\">\n\t<img class=\"owl-lazy\" data-src=\"https:\/\/www.deleurope.com\/wp-content\/uploads\/2024\/02\/fredys-bar-800x600.webp\" alt=\"freddy\"><\/a><\/div>\n\n<div class=\"carousel-slider__item\">\n\t<img class=\"owl-lazy\" data-src=\"https:\/\/www.deleurope.com\/wp-content\/uploads\/2024\/02\/graziella-trattoria-800x600.webp\" alt=\"trattoria graziella\"><\/a><\/div>\n\n<div class=\"carousel-slider__item\">\n\t<img class=\"owl-lazy\" data-src=\"https:\/\/www.deleurope.com\/wp-content\/uploads\/2025\/01\/Chapter1896-800x640.png\" alt=\"Chapter 1896 Bar interior featuring stylish design and ambiance, with the bar\u2019s logo overlaid on the image.\"><\/a><\/div>\n\n<div class=\"carousel-slider__item\">\n\t<img class=\"owl-lazy\" data-src=\"https:\/\/www.deleurope.com\/wp-content\/uploads\/2023\/09\/De-LEurope-Amsterdam-High-Tea.png\" alt=\"De L&#039;Europe - Amsterdam High Tea - Selection of Sweets\"><\/a><\/div>\n\n<\/div><!-- .carousel-slider-281 -->\n<\/div><!-- .carousel-slider-outer-281 -->\n<\/div>\n<\/div>\n\n\n\n<div class=\"wp-block-column is-vertically-aligned-center middle-align is-layout-flow wp-block-column-is-layout-flow\" style=\"flex-basis:50%\">\n<h2 class=\"wp-block-heading has-text-align-center has-extra-large-font-size\" style=\"text-transform:none\">Restaurants<\/h2>\n\n\n\n<div class=\"wp-block-group\"><div class=\"wp-block-group__inner-container is-layout-constrained wp-block-group-is-layout-constrained\">\n<p class=\"has-text-align-center\">Tout au long de l&rsquo;ann\u00e9e, nos restaurants refl\u00e8tent les changements de saison, tant au niveau de l&rsquo;ambiance que de la saveur.  <\/p>\n\n\n\n<p class=\"has-text-align-center\">Au restaurant Flore, les menus \u00e9voluent au rythme de la nature, mettant en valeur les ingr\u00e9dients \u00e0 leur apog\u00e9e et les traduisant en expressions raffin\u00e9es et contemporaines.  <\/p>\n\n\n\n<p class=\"has-text-align-center\">Le long de l&rsquo;Amstel, la Brasserie Marie embrasse la saison avec d&rsquo;\u00e9l\u00e9gants classiques d&rsquo;inspiration fran\u00e7aise qui passent de l\u00e9gers et vibrants pendant les mois chauds \u00e0 riches et r\u00e9confortants \u00e0 mesure que l&rsquo;ann\u00e9e s&rsquo;\u00e9loigne. Pour les clients qui restent trois nuits, cette progression saisonni\u00e8re fait partie du voyage &#8211; chaque soir offre un go\u00fbt diff\u00e9rent d&rsquo;Amsterdam \u00e0 ce moment pr\u00e9cis. <\/p>\n\n\n\n<div class=\"wp-block-buttons is-horizontal is-content-justification-center is-layout-flex wp-container-core-buttons-is-layout-499968f5 wp-block-buttons-is-layout-flex\">\n<div class=\"wp-block-button is-style-outline is-style-outline--4\"><a class=\"wp-block-button__link has-central-palette-1-color has-text-color has-text-align-center wp-element-button\" href=\"https:\/\/www.deleurope.com\/fr\/restaurant-bars\/\" style=\"border-radius:0px;text-transform:uppercase\">EXPLORER LES RESTAURANTS<\/a><\/div>\n<\/div>\n<\/div><\/div>\n<\/div>\n<\/div>\n\n<div class=\"wp-block-columns text-on-left wrap-2-columns eat-and-drink-cards is-layout-flex wp-container-core-columns-is-layout-9d6595d7 wp-block-columns-is-layout-flex\" id=\"Amsterdam-three-night-stay\">\n<div class=\"wp-block-column is-vertically-aligned-center middle-align is-layout-flow wp-block-column-is-layout-flow\" style=\"flex-basis:50%\">\n<h2 class=\"wp-block-heading has-text-align-center has-extra-large-font-size\" style=\"text-transform:capitalize\">Amsterdam : un s\u00e9jour de trois nuits<\/h2>\n\n\n\n<div class=\"wp-block-group\"><div class=\"wp-block-group__inner-container is-layout-constrained wp-block-group-is-layout-constrained\">\n<p class=\"has-text-align-center\">Amsterdam a sa propre cadence. Le premier jour invite \u00e0 la d\u00e9couverte, le deuxi\u00e8me l&rsquo;approfondit et, le troisi\u00e8me, la ville devient famili\u00e8re, presque personnelle. <\/p>\n\n\n\n<p class=\"has-text-align-center\">Un s\u00e9jour de trois nuits cr\u00e9e un rythme naturel : la culture s&rsquo;\u00e9quilibre avec la d\u00e9tente, l&rsquo;exploration avec le plaisir. C&rsquo;est assez long pour d\u00e9couvrir les ic\u00f4nes tout en laissant de la place \u00e0 l&rsquo;inattendu. <\/p>\n\n\n\n<div class=\"wp-block-buttons is-horizontal is-content-justification-center is-layout-flex wp-container-core-buttons-is-layout-499968f5 wp-block-buttons-is-layout-flex\">\n<div class=\"wp-block-button is-style-outline is-style-outline--5\"><a class=\"wp-block-button__link has-central-palette-1-color has-text-color has-text-align-center wp-element-button\" href=\"https:\/\/www.deleurope.com\/fr\/hebergement\/\" style=\"border-radius:0px;text-transform:uppercase\">CHAMBRES ET SUITES<\/a><\/div>\n<\/div>\n<\/div><\/div>\n<\/div>\n\n\n\n<div class=\"wp-block-column slider-wrap padding-left-md is-layout-flow wp-block-column-is-layout-flow\" style=\"flex-basis:50%\">\n<figure class=\"wp-block-image size-full\"><img loading=\"lazy\" decoding=\"async\" width=\"1500\" height=\"1500\" src=\"https:\/\/www.deleurope.com\/wp-content\/uploads\/2024\/08\/Prestige-Suite.png\" alt=\"Lit plac&#xE9; pr&#xE8;s des portes de balcon qui offrent une vue d&#xE9;gag&#xE9;e sur la tour Munt.\" class=\"wp-image-5686\" style=\"aspect-ratio:4\/3;object-fit:cover\" srcset=\"https:\/\/www.deleurope.com\/wp-content\/uploads\/2024\/08\/Prestige-Suite.png 1500w, https:\/\/www.deleurope.com\/wp-content\/uploads\/2024\/08\/Prestige-Suite-150x150.png 150w, https:\/\/www.deleurope.com\/wp-content\/uploads\/2024\/08\/Prestige-Suite-768x768.png 768w, https:\/\/www.deleurope.com\/wp-content\/uploads\/2024\/08\/Prestige-Suite-600x600.png 600w\" sizes=\"auto, (max-width: 1500px) 100vw, 1500px\" \/><\/figure>\n<\/div>\n<\/div>\n\n<div class=\"wp-block-columns special-request contact-form is-layout-flex wp-container-core-columns-is-layout-9d6595d7 wp-block-columns-is-layout-flex\" id=\"enquire\">\n<div class=\"wp-block-column has-central-palette-11-background-color has-background is-layout-flow wp-block-column-is-layout-flow\">\n<h2 class=\"wp-block-heading has-text-align-center has-extra-large-font-size\">Plus d&rsquo;informations<\/h2>\n\n\n\n<p class=\"has-text-align-center\">Laissez notre \u00e9quipe s&rsquo;occuper de chaque d\u00e9tail de votre visite, en concevant une exp\u00e9rience amstellodamoise transparente et profond\u00e9ment personnelle, enti\u00e8rement adapt\u00e9e \u00e0 vos besoins.<\/p>\n\n\n\n<div class=\"wp-block-contact-form-7-contact-form-selector\">\n<div class=\"wpcf7 no-js\" id=\"wpcf7-f9406-o1\" lang=\"fr-FR\" dir=\"ltr\" data-wpcf7-id=\"9406\">\n<div class=\"screen-reader-response\"><p role=\"status\" aria-live=\"polite\" aria-atomic=\"true\"><\/p> <ul><\/ul><\/div>\n<form action=\"\/fr\/wp-json\/wp\/v2\/pages\/8763#wpcf7-f9406-o1\" method=\"post\" class=\"wpcf7-form init\" aria-label=\"Formulaire de contact\" novalidate=\"novalidate\" data-status=\"init\">\n<fieldset class=\"hidden-fields-container\"><input type=\"hidden\" name=\"_wpcf7\" value=\"9406\" \/><input type=\"hidden\" name=\"_wpcf7_version\" value=\"6.1.5\" \/><input type=\"hidden\" name=\"_wpcf7_locale\" value=\"fr_FR\" \/><input type=\"hidden\" name=\"_wpcf7_unit_tag\" value=\"wpcf7-f9406-o1\" \/><input type=\"hidden\" name=\"_wpcf7_container_post\" value=\"0\" \/><input type=\"hidden\" name=\"_wpcf7_posted_data_hash\" value=\"\" \/>\n<\/fieldset>\n<p><span class=\"wpcf7-form-control-wrap\" data-name=\"firstname\"><input size=\"40\" maxlength=\"400\" class=\"wpcf7-form-control wpcf7-text wpcf7-validates-as-required half\" aria-required=\"true\" aria-invalid=\"false\" placeholder=\"Pr\u00e9nom*\" value=\"\" type=\"text\" name=\"firstname\" \/><\/span><br \/>\n<span class=\"wpcf7-form-control-wrap\" data-name=\"lastname\"><input size=\"40\" maxlength=\"400\" class=\"wpcf7-form-control wpcf7-text wpcf7-validates-as-required half\" aria-required=\"true\" aria-invalid=\"false\" placeholder=\"Nom de famille*\" value=\"\" type=\"text\" name=\"lastname\" \/><\/span><br \/>\n<span class=\"wpcf7-form-control-wrap\" data-name=\"email\"><input size=\"40\" maxlength=\"400\" class=\"wpcf7-form-control wpcf7-email wpcf7-validates-as-required wpcf7-text wpcf7-validates-as-email half\" aria-required=\"true\" aria-invalid=\"false\" placeholder=\"Email*\" value=\"\" type=\"email\" name=\"email\" \/><\/span><br \/>\n<span class=\"wpcf7-form-control-wrap\" data-name=\"telephone\"><input size=\"40\" maxlength=\"400\" class=\"wpcf7-form-control wpcf7-tel wpcf7-validates-as-required wpcf7-text wpcf7-validates-as-tel half\" aria-required=\"true\" aria-invalid=\"false\" placeholder=\"T\u00e9l\u00e9phone*\" value=\"\" type=\"tel\" name=\"telephone\" \/><\/span><br \/>\n<span class=\"wpcf7-form-control-wrap\" data-name=\"country\"><input size=\"40\" maxlength=\"400\" class=\"wpcf7-form-control wpcf7-text half\" aria-invalid=\"false\" placeholder=\"Pays\" value=\"\" type=\"text\" name=\"country\" \/><\/span><br \/>\n<span class=\"wpcf7-form-control-wrap\" data-name=\"hearfromus\"><select class=\"wpcf7-form-control wpcf7-select wpcf7-validates-as-required half\" aria-required=\"true\" aria-invalid=\"false\" name=\"hearfromus\"><option value=\"Nature de la demande?*\">Nature de la demande?*<\/option><option value=\"R\u00e9servations\">R\u00e9servations<\/option><option value=\"Informations\">Informations<\/option><option value=\"Concierge\">Concierge<\/option><option value=\"Spa &amp; Wellness\">Spa &amp; Wellness<\/option><option value=\"Concept Store IN-HUYS\">Concept Store IN-HUYS<\/option><option value=\"Autres\">Autres<\/option><\/select><\/span><br \/>\n<span class=\"wpcf7-form-control-wrap\" data-name=\"textarea-723\"><textarea cols=\"40\" rows=\"10\" maxlength=\"2000\" class=\"wpcf7-form-control wpcf7-textarea full\" aria-invalid=\"false\" placeholder=\"Message\" name=\"textarea-723\"><\/textarea><\/span>\n<\/p>\n<p class=\"privacy-contact\">Ce site est prot\u00e9g\u00e9 par reCAPTCHA et la <a href=\"\/privacy-policy-2\/\">politique de confidentialit\u00e9<\/a> et les <a href=\"\/terms-conditions\/\">conditions de service de<\/a> Google s'appliquent.\n<\/p>\n<p><br \/>\n<input class=\"wpcf7-form-control wpcf7-submit has-spinner\" type=\"submit\" value=\"Envoyer la demande\" \/>\n<\/p><noscript>\n\t\t\t<div class=\"wpcf7-response-output wpcf7-spam-blocked\">Your browser does not support JavaScript!. Please enable javascript in your browser in order to get form work properly.<\/div>\n\t<\/noscript><script type='text\/javascript'>\n\n\t\t\t\t\t\tif(contactform === undefined){\n\t\t\t\t\t\t\tvar contactform = [];\n\t\t\t\t\t\t}\n\t\t\t\t\t\tvar innerVal = [9406,'mail_sent_ok','Merci pour votre message. Il a &eacute;t&eacute; envoy&eacute;.'];\n\t\t\t\t\t\tcontactform.push(innerVal);\n\t\t\t\t\t\tvar innerVal = [9406,'mail_sent_ng','Une erreur s\\&#039;est produite lors de l\\&#039;envoi de votre message. Veuillez r&eacute;essayer plus tard.'];\n\t\t\t\t\t\tcontactform.push(innerVal);\n\t\t\t\t\t\tvar innerVal = [9406,'validation_error','Un ou plusieurs champs comportent une erreur. Veuillez v&eacute;rifier et r&eacute;essayer.'];\n\t\t\t\t\t\tcontactform.push(innerVal);\n\t\t\t\t\t\tvar innerVal = [9406,'spam','Une erreur s\\&#039;est produite lors de l\\&#039;envoi de votre message. Veuillez r&eacute;essayer plus tard.'];\n\t\t\t\t\t\tcontactform.push(innerVal);\n\t\t\t\t\t\tvar innerVal = [9406,'accept_terms','Vous devez accepter les termes et conditions avant d\\&#039;envoyer votre message.'];\n\t\t\t\t\t\tcontactform.push(innerVal);\n\t\t\t\t\t\tvar innerVal = [9406,'invalid_required','Veuillez remplir ce champ.'];\n\t\t\t\t\t\tcontactform.push(innerVal);\n\t\t\t\t\t\tvar innerVal = [9406,'invalid_too_long','Ce champ a une entr&eacute;e trop longue.'];\n\t\t\t\t\t\tcontactform.push(innerVal);\n\t\t\t\t\t\tvar innerVal = [9406,'invalid_too_short','Ce champ a une entr&eacute;e trop courte.'];\n\t\t\t\t\t\tcontactform.push(innerVal);\n\t\t\t\t\t\tvar innerVal = [9406,'upload_failed','Une erreur inconnue s\\&#039;est produite lors du t&eacute;l&eacute;chargement du fichier.'];\n\t\t\t\t\t\tcontactform.push(innerVal);\n\t\t\t\t\t\tvar innerVal = [9406,'upload_file_type_invalid','Vous n\\&#039;&ecirc;tes pas autoris&eacute; &agrave; t&eacute;l&eacute;charger des fichiers de ce type.'];\n\t\t\t\t\t\tcontactform.push(innerVal);\n\t\t\t\t\t\tvar innerVal = [9406,'upload_file_too_large','Le fichier t&eacute;l&eacute;charg&eacute; est trop volumineux.'];\n\t\t\t\t\t\tcontactform.push(innerVal);\n\t\t\t\t\t\tvar innerVal = [9406,'upload_failed_php_error','Une erreur s\\&#039;est produite lors du t&eacute;l&eacute;chargement du fichier.'];\n\t\t\t\t\t\tcontactform.push(innerVal);\n\t\t\t\t\t\tvar innerVal = [9406,'invalid_date','Veuillez saisir une date au format AAAA-MM-JJ.'];\n\t\t\t\t\t\tcontactform.push(innerVal);\n\t\t\t\t\t\tvar innerVal = [9406,'date_too_early','Ce champ a une date trop pr&eacute;coce.'];\n\t\t\t\t\t\tcontactform.push(innerVal);\n\t\t\t\t\t\tvar innerVal = [9406,'date_too_late','Ce champ a une date trop tardive.'];\n\t\t\t\t\t\tcontactform.push(innerVal);\n\t\t\t\t\t\tvar innerVal = [9406,'invalid_number','Veuillez saisir un num&eacute;ro.'];\n\t\t\t\t\t\tcontactform.push(innerVal);\n\t\t\t\t\t\tvar innerVal = [9406,'number_too_small','Ce champ a un nombre trop petit.'];\n\t\t\t\t\t\tcontactform.push(innerVal);\n\t\t\t\t\t\tvar innerVal = [9406,'number_too_large','Ce champ a un nombre trop &eacute;lev&eacute;.'];\n\t\t\t\t\t\tcontactform.push(innerVal);\n\t\t\t\t\t\tvar innerVal = [9406,'quiz_answer_not_correct','La r&eacute;ponse au quiz est incorrecte.'];\n\t\t\t\t\t\tcontactform.push(innerVal);\n\t\t\t\t\t\tvar innerVal = [9406,'invalid_email','Veuillez saisir une adresse &eacute;lectronique.'];\n\t\t\t\t\t\tcontactform.push(innerVal);\n\t\t\t\t\t\tvar innerVal = [9406,'invalid_url','Veuillez saisir une URL.'];\n\t\t\t\t\t\tcontactform.push(innerVal);\n\t\t\t\t\t\tvar innerVal = [9406,'invalid_tel','Veuillez saisir un num&eacute;ro de t&eacute;l&eacute;phone.'];\n\t\t\t\t\t\tcontactform.push(innerVal);\n\t\t\t\t\t\tvar innerVal = [9406,'gdpr',''];\n\t\t\t\t\t\tcontactform.push(innerVal);\n\t\t\t\t\t\t<\/script><div class=\"wpcf7-response-output\" aria-hidden=\"true\"><\/div>\n<\/form>\n<\/div>\n<\/div>\n<\/div>\n<\/div>\n\n<div class=\"wp-block-columns special-request no-margins-mobile is-layout-flex wp-container-core-columns-is-layout-9d6595d7 wp-block-columns-is-layout-flex\" id=\"special\">\n<div class=\"wp-block-column has-central-palette-11-background-color has-background is-layout-flow wp-block-column-is-layout-flow\">\n<p class=\"has-text-align-center\"><strong>CONDITIONS G\u00c9N\u00c9RALES<\/strong><\/p>\n\n\n\n<ul class=\"wp-block-list\">\n<li>Les tarifs sont flexibles et incluent la TVA, mais pas la taxe municipale.  <\/li>\n\n\n\n<li>En outre, vous pourrez profiter d&rsquo;un petit d\u00e9jeuner continental gratuit pour deux personnes \u00e0 la Brasserie Marie.  <\/li>\n\n\n\n<li>Cette offre est soumise \u00e0 disponibilit\u00e9 et valable pour des s\u00e9jours jusqu&rsquo;au 31 d\u00e9cembre 2026.  <\/li>\n\n\n\n<li>Cette offre n&rsquo;est pas cumulable et ne peut \u00eatre combin\u00e9e avec d&rsquo;autres promotions, r\u00e9ductions ou tarifs sp\u00e9ciaux. Des dates d&rsquo;interdiction peuvent s&rsquo;appliquer. <\/li>\n\n\n\n<li>Des services suppl\u00e9mentaires de conciergerie ou de majordome peuvent \u00eatre propos\u00e9s moyennant un suppl\u00e9ment.<\/li>\n<\/ul>\n<\/div>\n<\/div>\n","protected":false},"excerpt":{"rendered":"<p>Une escapade de luxe D\u00e9couvrez Amsterdam sous son jour le plus raffin\u00e9 avec un s\u00e9jour de trois nuits au De L&rsquo;Europe Amsterdam &#8211; o\u00f9 patrimoine, haute cuisine et service sur mesure se rencontrent le long de la rivi\u00e8re Amstel. Trois nuits, ce n&rsquo;est pas simplement un s\u00e9jour prolong\u00e9 en ville. C&rsquo;est une invitation \u00e0 s&rsquo;installer, [&hellip;]<\/p>\n","protected":false},"author":17,"featured_media":3640,"parent":3148,"menu_order":1,"comment_status":"closed","ping_status":"closed","template":"","meta":{"_acf_changed":false,"footnotes":""},"class_list":["post-8763","page","type-page","status-publish","has-post-thumbnail","hentry"],"acf":[],"yoast_head":"<!-- This site is optimized with the Yoast SEO plugin v27.3 - https:\/\/yoast.com\/product\/yoast-seo-wordpress\/ -->\n<title>20% de votre s\u00e9jour | De L&#039;Europe Amsterdam | Offres et forfaits<\/title>\n<meta name=\"description\" content=\"Profitez d&#039;une r\u00e9duction exclusive de 20 % sur votre chambre au De L&#039;Europe Amsterdam. Profitez d&#039;un m\u00e9lange parfait de luxe dans le centre d&#039;Amsterdam.\" \/>\n<meta name=\"robots\" content=\"index, follow, max-snippet:-1, max-image-preview:large, max-video-preview:-1\" \/>\n<link rel=\"canonical\" href=\"https:\/\/www.deleurope.com\/fr\/experiences-et-offres-uniques\/sejour-avec-20-de-reduction\/\" \/>\n<meta property=\"og:locale\" content=\"fr_FR\" \/>\n<meta property=\"og:type\" content=\"article\" \/>\n<meta property=\"og:title\" content=\"20% de votre s\u00e9jour | De L&#039;Europe Amsterdam | Offres et forfaits\" \/>\n<meta property=\"og:description\" content=\"Profitez d&#039;une r\u00e9duction exclusive de 20 % sur votre chambre au De L&#039;Europe Amsterdam. Profitez d&#039;un m\u00e9lange parfait de luxe dans le centre d&#039;Amsterdam.\" \/>\n<meta property=\"og:url\" content=\"https:\/\/www.deleurope.com\/fr\/experiences-et-offres-uniques\/sejour-avec-20-de-reduction\/\" \/>\n<meta property=\"og:site_name\" content=\"De L&#039;Europe Amsterdam\" \/>\n<meta property=\"article:modified_time\" content=\"2026-02-27T13:06:14+00:00\" \/>\n<meta property=\"og:image\" content=\"https:\/\/www.deleurope.com\/wp-content\/uploads\/2024\/02\/KEUKENHOF.webp\" \/>\n\t<meta property=\"og:image:width\" content=\"1000\" \/>\n\t<meta property=\"og:image:height\" content=\"1500\" \/>\n\t<meta property=\"og:image:type\" content=\"image\/webp\" \/>\n<meta name=\"twitter:card\" content=\"summary_large_image\" \/>\n<meta name=\"twitter:label1\" content=\"Dur\u00e9e de lecture estim\u00e9e\" \/>\n\t<meta name=\"twitter:data1\" content=\"3 minutes\" \/>\n<script type=\"application\/ld+json\" class=\"yoast-schema-graph\">{\"@context\":\"https:\\\/\\\/schema.org\",\"@graph\":[{\"@type\":\"WebPage\",\"@id\":\"https:\\\/\\\/www.deleurope.com\\\/fr\\\/experiences-et-offres-uniques\\\/sejour-avec-20-de-reduction\\\/\",\"url\":\"https:\\\/\\\/www.deleurope.com\\\/fr\\\/experiences-et-offres-uniques\\\/sejour-avec-20-de-reduction\\\/\",\"name\":\"20% de votre s\u00e9jour | De L'Europe Amsterdam | Offres et forfaits\",\"isPartOf\":{\"@id\":\"https:\\\/\\\/www.deleurope.com\\\/fr\\\/#website\"},\"primaryImageOfPage\":{\"@id\":\"https:\\\/\\\/www.deleurope.com\\\/fr\\\/experiences-et-offres-uniques\\\/sejour-avec-20-de-reduction\\\/#primaryimage\"},\"image\":{\"@id\":\"https:\\\/\\\/www.deleurope.com\\\/fr\\\/experiences-et-offres-uniques\\\/sejour-avec-20-de-reduction\\\/#primaryimage\"},\"thumbnailUrl\":\"https:\\\/\\\/www.deleurope.com\\\/wp-content\\\/uploads\\\/2024\\\/02\\\/KEUKENHOF.webp\",\"datePublished\":\"2025-03-25T12:24:08+00:00\",\"dateModified\":\"2026-02-27T13:06:14+00:00\",\"description\":\"Profitez d'une r\u00e9duction exclusive de 20 % sur votre chambre au De L'Europe Amsterdam. Profitez d'un m\u00e9lange parfait de luxe dans le centre d'Amsterdam.\",\"breadcrumb\":{\"@id\":\"https:\\\/\\\/www.deleurope.com\\\/fr\\\/experiences-et-offres-uniques\\\/sejour-avec-20-de-reduction\\\/#breadcrumb\"},\"inLanguage\":\"fr-FR\",\"potentialAction\":[{\"@type\":\"ReadAction\",\"target\":[\"https:\\\/\\\/www.deleurope.com\\\/fr\\\/experiences-et-offres-uniques\\\/sejour-avec-20-de-reduction\\\/\"]}]},{\"@type\":\"ImageObject\",\"inLanguage\":\"fr-FR\",\"@id\":\"https:\\\/\\\/www.deleurope.com\\\/fr\\\/experiences-et-offres-uniques\\\/sejour-avec-20-de-reduction\\\/#primaryimage\",\"url\":\"https:\\\/\\\/www.deleurope.com\\\/wp-content\\\/uploads\\\/2024\\\/02\\\/KEUKENHOF.webp\",\"contentUrl\":\"https:\\\/\\\/www.deleurope.com\\\/wp-content\\\/uploads\\\/2024\\\/02\\\/KEUKENHOF.webp\",\"width\":1000,\"height\":1500,\"caption\":\"Yellow and White Tulips\"},{\"@type\":\"BreadcrumbList\",\"@id\":\"https:\\\/\\\/www.deleurope.com\\\/fr\\\/experiences-et-offres-uniques\\\/sejour-avec-20-de-reduction\\\/#breadcrumb\",\"itemListElement\":[{\"@type\":\"ListItem\",\"position\":1,\"name\":\"Home\",\"item\":\"https:\\\/\\\/www.deleurope.com\\\/fr\\\/\"},{\"@type\":\"ListItem\",\"position\":2,\"name\":\"Offres et paquets\",\"item\":\"https:\\\/\\\/www.deleurope.com\\\/fr\\\/experiences-et-offres-uniques\\\/\"},{\"@type\":\"ListItem\",\"position\":3,\"name\":\"3 nuits \u00e0 Amsterdam\"}]},{\"@type\":\"WebSite\",\"@id\":\"https:\\\/\\\/www.deleurope.com\\\/fr\\\/#website\",\"url\":\"https:\\\/\\\/www.deleurope.com\\\/fr\\\/\",\"name\":\"De L&#039;Europe Amsterdam\",\"description\":\"Home of original Amsterdam luxury.\",\"potentialAction\":[{\"@type\":\"SearchAction\",\"target\":{\"@type\":\"EntryPoint\",\"urlTemplate\":\"https:\\\/\\\/www.deleurope.com\\\/fr\\\/?s={search_term_string}\"},\"query-input\":{\"@type\":\"PropertyValueSpecification\",\"valueRequired\":true,\"valueName\":\"search_term_string\"}}],\"inLanguage\":\"fr-FR\"}]}<\/script>\n<!-- \/ Yoast SEO plugin. -->","yoast_head_json":{"title":"20% de votre s\u00e9jour | De L'Europe Amsterdam | Offres et forfaits","description":"Profitez d'une r\u00e9duction exclusive de 20 % sur votre chambre au De L'Europe Amsterdam. Profitez d'un m\u00e9lange parfait de luxe dans le centre d'Amsterdam.","robots":{"index":"index","follow":"follow","max-snippet":"max-snippet:-1","max-image-preview":"max-image-preview:large","max-video-preview":"max-video-preview:-1"},"canonical":"https:\/\/www.deleurope.com\/fr\/experiences-et-offres-uniques\/sejour-avec-20-de-reduction\/","og_locale":"fr_FR","og_type":"article","og_title":"20% de votre s\u00e9jour | De L'Europe Amsterdam | Offres et forfaits","og_description":"Profitez d'une r\u00e9duction exclusive de 20 % sur votre chambre au De L'Europe Amsterdam. Profitez d'un m\u00e9lange parfait de luxe dans le centre d'Amsterdam.","og_url":"https:\/\/www.deleurope.com\/fr\/experiences-et-offres-uniques\/sejour-avec-20-de-reduction\/","og_site_name":"De L&#039;Europe Amsterdam","article_modified_time":"2026-02-27T13:06:14+00:00","og_image":[{"width":1000,"height":1500,"url":"https:\/\/www.deleurope.com\/wp-content\/uploads\/2024\/02\/KEUKENHOF.webp","type":"image\/webp"}],"twitter_card":"summary_large_image","twitter_misc":{"Dur\u00e9e de lecture estim\u00e9e":"3 minutes"},"schema":{"@context":"https:\/\/schema.org","@graph":[{"@type":"WebPage","@id":"https:\/\/www.deleurope.com\/fr\/experiences-et-offres-uniques\/sejour-avec-20-de-reduction\/","url":"https:\/\/www.deleurope.com\/fr\/experiences-et-offres-uniques\/sejour-avec-20-de-reduction\/","name":"20% de votre s\u00e9jour | De L'Europe Amsterdam | Offres et forfaits","isPartOf":{"@id":"https:\/\/www.deleurope.com\/fr\/#website"},"primaryImageOfPage":{"@id":"https:\/\/www.deleurope.com\/fr\/experiences-et-offres-uniques\/sejour-avec-20-de-reduction\/#primaryimage"},"image":{"@id":"https:\/\/www.deleurope.com\/fr\/experiences-et-offres-uniques\/sejour-avec-20-de-reduction\/#primaryimage"},"thumbnailUrl":"https:\/\/www.deleurope.com\/wp-content\/uploads\/2024\/02\/KEUKENHOF.webp","datePublished":"2025-03-25T12:24:08+00:00","dateModified":"2026-02-27T13:06:14+00:00","description":"Profitez d'une r\u00e9duction exclusive de 20 % sur votre chambre au De L'Europe Amsterdam. Profitez d'un m\u00e9lange parfait de luxe dans le centre d'Amsterdam.","breadcrumb":{"@id":"https:\/\/www.deleurope.com\/fr\/experiences-et-offres-uniques\/sejour-avec-20-de-reduction\/#breadcrumb"},"inLanguage":"fr-FR","potentialAction":[{"@type":"ReadAction","target":["https:\/\/www.deleurope.com\/fr\/experiences-et-offres-uniques\/sejour-avec-20-de-reduction\/"]}]},{"@type":"ImageObject","inLanguage":"fr-FR","@id":"https:\/\/www.deleurope.com\/fr\/experiences-et-offres-uniques\/sejour-avec-20-de-reduction\/#primaryimage","url":"https:\/\/www.deleurope.com\/wp-content\/uploads\/2024\/02\/KEUKENHOF.webp","contentUrl":"https:\/\/www.deleurope.com\/wp-content\/uploads\/2024\/02\/KEUKENHOF.webp","width":1000,"height":1500,"caption":"Yellow and White Tulips"},{"@type":"BreadcrumbList","@id":"https:\/\/www.deleurope.com\/fr\/experiences-et-offres-uniques\/sejour-avec-20-de-reduction\/#breadcrumb","itemListElement":[{"@type":"ListItem","position":1,"name":"Home","item":"https:\/\/www.deleurope.com\/fr\/"},{"@type":"ListItem","position":2,"name":"Offres et paquets","item":"https:\/\/www.deleurope.com\/fr\/experiences-et-offres-uniques\/"},{"@type":"ListItem","position":3,"name":"3 nuits \u00e0 Amsterdam"}]},{"@type":"WebSite","@id":"https:\/\/www.deleurope.com\/fr\/#website","url":"https:\/\/www.deleurope.com\/fr\/","name":"De L&#039;Europe Amsterdam","description":"Home of original Amsterdam luxury.","potentialAction":[{"@type":"SearchAction","target":{"@type":"EntryPoint","urlTemplate":"https:\/\/www.deleurope.com\/fr\/?s={search_term_string}"},"query-input":{"@type":"PropertyValueSpecification","valueRequired":true,"valueName":"search_term_string"}}],"inLanguage":"fr-FR"}]}},"featured_image_src":"https:\/\/www.deleurope.com\/wp-content\/uploads\/2024\/02\/KEUKENHOF-600x400.webp","featured_image_src_square":"https:\/\/www.deleurope.com\/wp-content\/uploads\/2024\/02\/KEUKENHOF-600x600.webp","_links":{"self":[{"href":"https:\/\/www.deleurope.com\/fr\/wp-json\/wp\/v2\/pages\/8763","targetHints":{"allow":["GET"]}}],"collection":[{"href":"https:\/\/www.deleurope.com\/fr\/wp-json\/wp\/v2\/pages"}],"about":[{"href":"https:\/\/www.deleurope.com\/fr\/wp-json\/wp\/v2\/types\/page"}],"author":[{"embeddable":true,"href":"https:\/\/www.deleurope.com\/fr\/wp-json\/wp\/v2\/users\/17"}],"replies":[{"embeddable":true,"href":"https:\/\/www.deleurope.com\/fr\/wp-json\/wp\/v2\/comments?post=8763"}],"version-history":[{"count":5,"href":"https:\/\/www.deleurope.com\/fr\/wp-json\/wp\/v2\/pages\/8763\/revisions"}],"predecessor-version":[{"id":12567,"href":"https:\/\/www.deleurope.com\/fr\/wp-json\/wp\/v2\/pages\/8763\/revisions\/12567"}],"up":[{"embeddable":true,"href":"https:\/\/www.deleurope.com\/fr\/wp-json\/wp\/v2\/pages\/3148"}],"wp:featuredmedia":[{"embeddable":true,"href":"https:\/\/www.deleurope.com\/fr\/wp-json\/wp\/v2\/media\/3640"}],"wp:attachment":[{"href":"https:\/\/www.deleurope.com\/fr\/wp-json\/wp\/v2\/media?parent=8763"}],"curies":[{"name":"wp","href":"https:\/\/api.w.org\/{rel}","templated":true}]}}