{"id":2815,"date":"2024-01-15T11:34:12","date_gmt":"2024-01-15T11:34:12","guid":{"rendered":"https:\/\/deleurope.com\/aanbiedingen-pakketten\/voor-alle-kunst-en-cultuurliefhebbers\/"},"modified":"2024-03-07T14:55:54","modified_gmt":"2024-03-07T14:55:54","slug":"voor-alle-kunst-en-cultuurliefhebbers","status":"publish","type":"page","link":"https:\/\/www.deleurope.com\/nl\/arrangementen\/voor-alle-kunst-en-cultuurliefhebbers\/","title":{"rendered":"VOOR ALLE KUNST- EN CULTUURLIEFHEBBERS"},"content":{"rendered":"\n<div class=\"wp-block-columns margin-bottom-none is-layout-flex wp-container-core-columns-is-layout-9d6595d7 wp-block-columns-is-layout-flex\">\n<div class=\"wp-block-column two-texts-intro with-cta is-layout-flow wp-block-column-is-layout-flow\">\n<h2 class=\"wp-block-heading has-text-align-center rooms-description-white-box two-texts-bigger header-bigger with-cta has-extra-large-font-size\">ONTDEK ONS CULTUREEL PAKKET<\/h2>\n\n\n\n<p class=\"has-text-align-center\">De L&#8217;Europe presenteert het hele jaar door een cultureel pakket dat gasten uitnodigt om zich onder te dompelen in de rijke schakering van kunst, fotografie en design in Amsterdam. Dit pakket nodigt je uit om de geheimen van de kunst te ontsluieren en te genieten van luxe, zodat je bij elk verblijf een canvas van culturele wonderen cre\u00ebert. Duik in de betovering en laat de reis beginnen. <\/p>\n\n\n\n<p class=\"has-text-align-center\"><strong>Van 16 februari tot 9 juni 2024 omvat ons culturele arrangement een exclusief verblijf van 2 nachten, kaartjes voor de Frans Hals tentoonstelling in het Rijksmuseum en een speciale Frans Hals amenity.<\/strong><\/p>\n\n\n\n<div class=\"wp-block-buttons is-content-justification-center is-layout-flex wp-container-core-buttons-is-layout-16018d1d wp-block-buttons-is-layout-flex\">\n<div class=\"wp-block-button is-style-outline book-now is-style-outline--1\" style=\"text-transform:uppercase\"><a class=\"wp-block-button__link has-central-palette-7-color has-central-palette-1-background-color has-text-color has-background has-text-align-center wp-element-button\" href=\"#\/boeking\/stap-1?groep=SV\" style=\"border-radius:0px\" target=\"_blank\" rel=\"noreferrer noopener\">BOEK DEZE TIJDELIJKE AANBIEDING<\/a><\/div>\n<\/div>\n<\/div>\n<\/div>\n\n<div class=\"wp-block-columns top-border align-left-text text-on-left wrap-2-columns eat-and-drink-cards is-layout-flex wp-container-core-columns-is-layout-9d6595d7 wp-block-columns-is-layout-flex\" id=\"graziella\">\n<div class=\"wp-block-column is-vertically-aligned-center middle-align is-layout-flow wp-block-column-is-layout-flow\" style=\"flex-basis:40%\">\n<div class=\"wp-block-group\"><div class=\"wp-block-group__inner-container is-layout-constrained wp-block-group-is-layout-constrained\">\n<h1 class=\"wp-block-heading\">FRANS HALS, DE SCHILDER<\/h1>\n\n\n\n<p>De Frans Hals tentoonstelling is te zien in het Rijksmuseum van 16 februari tot 9 juni 2024.<\/p>\n\n\n\n<p>In zijn tijd viel Frans Hals op als een vernieuwend kunstenaar, die zich kon meten met schilders als Rembrandt in Nederland en Vel\u00e1zquez in Spanje. Hij werd erkend om zijn unieke stijl en was een veelgevraagd portrettist. Hij leverde niet alleen aan de welgestelde inwoners van Haarlem, maar ook aan klanten uit andere Nederlandse steden. Ondanks zijn aanvankelijke bekendheid raakte het werk van Hals in de 18e eeuw langzaam in de vergetelheid. <\/p>\n\n\n\n<p>Hij werd halverwege de 19e eeuw herontdekt door de Franse kunstcriticus Th\u00e9ophile Thor\u00e9-B\u00fcrger en werd samen met Vermeer en Rembrandt tot in de jaren 20 geprezen als onderdeel van de &#8216;grote drie&#8217; van de 17e-eeuwse Nederlandse schilderkunst. Na een periode van verminderde aandacht wil het Rijksmuseum Hals opnieuw introduceren bij een nieuwe generatie door zijn baanbrekende bijdragen te benadrukken.<\/p>\n<\/div><\/div>\n\n\n\n<div class=\"wp-block-buttons is-content-justification-center is-layout-flex wp-container-core-buttons-is-layout-16018d1d wp-block-buttons-is-layout-flex\">\n<div class=\"wp-block-button is-style-outline book-now is-style-outline--2\" style=\"text-transform:uppercase\"><a class=\"wp-block-button__link has-central-palette-7-color has-central-palette-1-background-color has-text-color has-background has-text-align-center wp-element-button\" href=\"https:\/\/www.rijksmuseum.nl\/en\/whats-on\/exhibitions\/frans-hals\" style=\"border-radius:0px\" target=\"_blank\" rel=\"noreferrer noopener\">LEER MEER<\/a><\/div>\n<\/div>\n<\/div>\n\n\n\n<div class=\"wp-block-column slider-wrap padding-left-md is-layout-flow wp-block-column-is-layout-flow\" style=\"flex-basis:60%\">\n<figure class=\"wp-block-image size-large\"><img loading=\"lazy\" decoding=\"async\" width=\"800\" height=\"547\" src=\"https:\/\/deleurope.com\/wp-content\/uploads\/2024\/01\/FRAN-HALS-800x547.jpg\" alt=\"\" class=\"wp-image-1259\"\/><\/figure>\n<\/div>\n<\/div>\n\n<div class=\"wp-block-columns no-border-top with-subheader image_left_text_bg_right wrap-2-columns is-layout-flex wp-container-core-columns-is-layout-9d6595d7 wp-block-columns-is-layout-flex\">\n<div class=\"wp-block-column slider-wrap is-layout-flow wp-block-column-is-layout-flow\" style=\"flex-basis:50%\">\n<figure class=\"wp-block-image size-large\"><img loading=\"lazy\" decoding=\"async\" width=\"800\" height=\"600\" src=\"https:\/\/deleurope.com\/wp-content\/uploads\/2024\/01\/Fran-hals-exibition-amsterdam-800x600.jpg\" alt=\"\" class=\"wp-image-1255\" srcset=\"https:\/\/www.deleurope.com\/wp-content\/uploads\/2024\/01\/Fran-hals-exibition-amsterdam-800x600.jpg 800w, https:\/\/www.deleurope.com\/wp-content\/uploads\/2024\/01\/Fran-hals-exibition-amsterdam-400x300.jpg 400w\" sizes=\"auto, (max-width: 800px) 100vw, 800px\" \/><\/figure>\n<\/div>\n\n\n\n<div class=\"wp-block-column is-vertically-aligned-center middle-align is-layout-flow wp-block-column-is-layout-flow\" style=\"flex-basis:50%\">\n<div class=\"wp-block-columns is-layout-flex wp-container-core-columns-is-layout-9d6595d7 wp-block-columns-is-layout-flex\">\n<div class=\"wp-block-column has-central-palette-4-background-color has-background is-layout-flow wp-block-column-is-layout-flow\">\n<h2 class=\"wp-block-heading has-text-align-center has-extra-large-font-size\">Inbegrepen<\/h2>\n\n\n\n<h4 class=\"wp-block-heading has-text-align-center\"> RIJKSMUSEUM FRANS HALS PAKKET<\/h4>\n\n\n\n<ul class=\"wp-block-list\">\n<li>5-Sterren accommodatie<\/li>\n\n\n\n<li>Heerlijk ontbijt<\/li>\n\n\n\n<li>The Frans Hals catalogus<\/li>\n\n\n\n<li>Vrije toegang tot de betoverende tentoonstelling<\/li>\n<\/ul>\n\n\n\n<div class=\"wp-block-buttons is-content-justification-center is-layout-flex wp-container-core-buttons-is-layout-16018d1d wp-block-buttons-is-layout-flex\">\n<div class=\"wp-block-button is-style-outline not-italic is-style-outline--3\" style=\"text-transform:uppercase\"><a class=\"wp-block-button__link wp-element-button\" href=\"#\/boeking\/stap-1?groep=SV\" style=\"border-radius:0px\" target=\"_blank\" rel=\"noreferrer noopener\">Beschikbaarheid controleren<\/a><\/div>\n<\/div>\n<\/div>\n<\/div>\n<\/div>\n<\/div>\n\n<div class=\"wp-block-columns margin-bottom-none is-layout-flex wp-container-core-columns-is-layout-9d6595d7 wp-block-columns-is-layout-flex\">\n<div class=\"wp-block-column two-texts-intro is-layout-flow wp-block-column-is-layout-flow\">\n<h2 class=\"wp-block-heading has-text-align-center rooms-description-white-box two-texts-bigger header-bigger has-extra-large-font-size\">TERMEN <strong>&amp;<\/strong> CONDITIES<\/h2>\n\n\n\n<p class=\"has-text-align-center two-texts-smaller\">De prijzen zijn flexibel, gebaseerd op een bezetting van twee personen. Tarieven zijn inclusief btw, exclusief toeristenbelasting. Deze aanbieding is boekbaar tot 9 juni 2024 en onder voorbehoud van beschikbaarheid is annuleren mogelijk tot 96 uur voor aankomst.<\/p>\n<\/div>\n<\/div>\n\n<div class=\"wp-block-columns block-with-centered-overlay no-margins is-layout-flex wp-container-core-columns-is-layout-9d6595d7 wp-block-columns-is-layout-flex\">\n<div class=\"wp-block-column is-layout-flow wp-block-column-is-layout-flow\">\n<div class=\"wp-block-cover\"><span aria-hidden=\"true\" class=\"wp-block-cover__background has-background-dim\"><\/span><img loading=\"lazy\" decoding=\"async\" width=\"1500\" height=\"1125\" class=\"wp-block-cover__image-background wp-image-1786\" alt=\"Het Rijksmuseum Amsterdam\" src=\"https:\/\/deleurope.com\/wp-content\/uploads\/2024\/01\/sten-rademaker-8VRl91VrExA-unsplash.jpg\" data-object-fit=\"cover\" srcset=\"https:\/\/www.deleurope.com\/wp-content\/uploads\/2024\/01\/sten-rademaker-8VRl91VrExA-unsplash.jpg 1500w, https:\/\/www.deleurope.com\/wp-content\/uploads\/2024\/01\/sten-rademaker-8VRl91VrExA-unsplash-400x300.jpg 400w, https:\/\/www.deleurope.com\/wp-content\/uploads\/2024\/01\/sten-rademaker-8VRl91VrExA-unsplash-800x600.jpg 800w, https:\/\/www.deleurope.com\/wp-content\/uploads\/2024\/01\/sten-rademaker-8VRl91VrExA-unsplash-768x576.jpg 768w\" sizes=\"auto, (max-width: 1500px) 100vw, 1500px\" \/><div class=\"wp-block-cover__inner-container is-layout-constrained wp-block-cover-is-layout-constrained\">\n<div class=\"wp-block-columns is-layout-flex wp-container-core-columns-is-layout-9d6595d7 wp-block-columns-is-layout-flex\">\n<div class=\"wp-block-column overlay-hero-middle has-central-palette-7-background-color has-background is-layout-flow wp-block-column-is-layout-flow\">\n<h2 class=\"wp-block-heading has-text-align-center has-central-palette-1-color has-text-color has-extra-large-font-size\">THE RIJKS<wbr>MUSEUM <\/wbr> <\/h2>\n\n\n\n<p class=\"has-text-align-center has-central-palette-1-color has-text-color\">Het Rijksmuseum in Amsterdam is een culturele schatkamer over het rijke artistieke erfgoed van Nederland. Dit iconische museum is een levendig uitstalraam van Nederlandse kunst en geschiedenis, met een uitgebreide collectie die eeuwen overspant. Van meesterwerken van beroemde Nederlandse schilders tot historische artefacten, het Rijksmuseum nodigt bezoekers uit voor een boeiende reis door de artistieke en culturele evolutie van het land. Dompel jezelf onder in de schoonheid en betekenis van Nederlandse kunst in het Rijksmuseum, een bestemming die zowel kunstliefhebbers als nieuwsgierige geesten aantrekt.<\/p>\n\n\n\n<div class=\"wp-block-buttons is-content-justification-center is-layout-flex wp-container-core-buttons-is-layout-16018d1d wp-block-buttons-is-layout-flex\">\n<div class=\"wp-block-button is-style-outline not-italic is-style-outline--4\" style=\"text-transform:uppercase\"><a class=\"wp-block-button__link has-central-palette-1-color has-text-color wp-element-button\" href=\"https:\/\/www.rijksmuseum.nl\/en\" style=\"border-radius:0px\" target=\"_blank\" rel=\"noreferrer noopener\">Ontdek meer<\/a><\/div>\n<\/div>\n<\/div>\n<\/div>\n<\/div><\/div>\n<\/div>\n<\/div>\n\n<div class=\"wp-block-columns special-request is-layout-flex wp-container-core-columns-is-layout-9d6595d7 wp-block-columns-is-layout-flex\">\n<div class=\"wp-block-column has-central-palette-11-background-color has-background is-layout-flow wp-block-column-is-layout-flow\">\n<h2 class=\"wp-block-heading has-text-align-center has-extra-large-font-size\">Speciaal verzoek<\/h2>\n\n\n\n<p class=\"has-text-align-center\">We komen graag tegemoet aan je speciale verzoek. Uw comfort is onze prioriteit en we kijken ernaar uit om u een prettige ervaring te bezorgen.<\/p>\n\n\n\n<div class=\"wp-block-buttons is-content-justification-center is-layout-flex wp-container-core-buttons-is-layout-16018d1d wp-block-buttons-is-layout-flex\">\n<div class=\"wp-block-button is-style-outline not-italic is-style-outline--5\" style=\"text-transform:uppercase\"><a class=\"wp-block-button__link wp-element-button\" href=\"mailto:reservations@deleurope.com\" style=\"border-radius:0px\" target=\"_blank\" rel=\"noreferrer noopener\">VRAAG<\/a><\/div>\n<\/div>\n<\/div>\n<\/div>\n","protected":false},"excerpt":{"rendered":"<p>ONTDEK ONS CULTUREEL PAKKET De L&#8217;Europe presenteert het hele jaar door een cultureel pakket dat gasten uitnodigt om zich onder te dompelen in de rijke schakering van kunst, fotografie en design in Amsterdam. Dit pakket nodigt je uit om de geheimen van de kunst te ontsluieren en te genieten van luxe, zodat je bij elk [&hellip;]<\/p>\n","protected":false},"author":17,"featured_media":2818,"parent":2781,"menu_order":3,"comment_status":"closed","ping_status":"closed","template":"","meta":{"_acf_changed":false,"footnotes":""},"class_list":["post-2815","page","type-page","status-publish","has-post-thumbnail","hentry"],"acf":[],"yoast_head":"<!-- This site is optimized with the Yoast SEO plugin v27.3 - https:\/\/yoast.com\/product\/yoast-seo-wordpress\/ -->\n<title>VOOR ALLE KUNST- EN CULTUURLIEFHEBBERS - De L&#039;Europe Amsterdam<\/title>\n<meta name=\"description\" content=\"Geniet van ons culturele Frans Hals arrangement, inclusief een exclusief verblijf van 2 nachten en kaartjes voor de tentoonstelling in het Rijksmuseum.\" \/>\n<meta name=\"robots\" content=\"index, follow, max-snippet:-1, max-image-preview:large, max-video-preview:-1\" \/>\n<link rel=\"canonical\" href=\"https:\/\/www.deleurope.com\/nl\/arrangementen\/voor-alle-kunst-en-cultuurliefhebbers\/\" \/>\n<meta property=\"og:locale\" content=\"nl_NL\" \/>\n<meta property=\"og:type\" content=\"article\" \/>\n<meta property=\"og:title\" content=\"VOOR ALLE KUNST- EN CULTUURLIEFHEBBERS - De L&#039;Europe Amsterdam\" \/>\n<meta property=\"og:description\" content=\"Geniet van ons culturele Frans Hals arrangement, inclusief een exclusief verblijf van 2 nachten en kaartjes voor de tentoonstelling in het Rijksmuseum.\" \/>\n<meta property=\"og:url\" content=\"https:\/\/www.deleurope.com\/nl\/arrangementen\/voor-alle-kunst-en-cultuurliefhebbers\/\" \/>\n<meta property=\"og:site_name\" content=\"De L&#039;Europe Amsterdam\" \/>\n<meta property=\"article:modified_time\" content=\"2024-03-07T14:55:54+00:00\" \/>\n<meta property=\"og:image\" content=\"https:\/\/www.deleurope.com\/wp-content\/uploads\/2024\/01\/Rijksmuseum-Frans-Hals-Exhibition-2.jpg\" \/>\n\t<meta property=\"og:image:width\" content=\"1680\" \/>\n\t<meta property=\"og:image:height\" content=\"730\" \/>\n\t<meta property=\"og:image:type\" content=\"image\/jpeg\" \/>\n<meta name=\"twitter:card\" content=\"summary_large_image\" \/>\n<meta name=\"twitter:label1\" content=\"Geschatte leestijd\" \/>\n\t<meta name=\"twitter:data1\" content=\"2 minuten\" \/>\n<script type=\"application\/ld+json\" class=\"yoast-schema-graph\">{\"@context\":\"https:\\\/\\\/schema.org\",\"@graph\":[{\"@type\":\"WebPage\",\"@id\":\"https:\\\/\\\/www.deleurope.com\\\/nl\\\/arrangementen\\\/voor-alle-kunst-en-cultuurliefhebbers\\\/\",\"url\":\"https:\\\/\\\/www.deleurope.com\\\/nl\\\/arrangementen\\\/voor-alle-kunst-en-cultuurliefhebbers\\\/\",\"name\":\"VOOR ALLE KUNST- EN CULTUURLIEFHEBBERS - De L&#039;Europe Amsterdam\",\"isPartOf\":{\"@id\":\"https:\\\/\\\/www.deleurope.com\\\/nl\\\/#website\"},\"primaryImageOfPage\":{\"@id\":\"https:\\\/\\\/www.deleurope.com\\\/nl\\\/arrangementen\\\/voor-alle-kunst-en-cultuurliefhebbers\\\/#primaryimage\"},\"image\":{\"@id\":\"https:\\\/\\\/www.deleurope.com\\\/nl\\\/arrangementen\\\/voor-alle-kunst-en-cultuurliefhebbers\\\/#primaryimage\"},\"thumbnailUrl\":\"https:\\\/\\\/www.deleurope.com\\\/wp-content\\\/uploads\\\/2024\\\/01\\\/Rijksmuseum-Frans-Hals-Exhibition-2.jpg\",\"datePublished\":\"2024-01-15T11:34:12+00:00\",\"dateModified\":\"2024-03-07T14:55:54+00:00\",\"description\":\"Geniet van ons culturele Frans Hals arrangement, inclusief een exclusief verblijf van 2 nachten en kaartjes voor de tentoonstelling in het Rijksmuseum.\",\"breadcrumb\":{\"@id\":\"https:\\\/\\\/www.deleurope.com\\\/nl\\\/arrangementen\\\/voor-alle-kunst-en-cultuurliefhebbers\\\/#breadcrumb\"},\"inLanguage\":\"nl-NL\",\"potentialAction\":[{\"@type\":\"ReadAction\",\"target\":[\"https:\\\/\\\/www.deleurope.com\\\/nl\\\/arrangementen\\\/voor-alle-kunst-en-cultuurliefhebbers\\\/\"]}]},{\"@type\":\"ImageObject\",\"inLanguage\":\"nl-NL\",\"@id\":\"https:\\\/\\\/www.deleurope.com\\\/nl\\\/arrangementen\\\/voor-alle-kunst-en-cultuurliefhebbers\\\/#primaryimage\",\"url\":\"https:\\\/\\\/www.deleurope.com\\\/wp-content\\\/uploads\\\/2024\\\/01\\\/Rijksmuseum-Frans-Hals-Exhibition-2.jpg\",\"contentUrl\":\"https:\\\/\\\/www.deleurope.com\\\/wp-content\\\/uploads\\\/2024\\\/01\\\/Rijksmuseum-Frans-Hals-Exhibition-2.jpg\",\"width\":1680,\"height\":730},{\"@type\":\"BreadcrumbList\",\"@id\":\"https:\\\/\\\/www.deleurope.com\\\/nl\\\/arrangementen\\\/voor-alle-kunst-en-cultuurliefhebbers\\\/#breadcrumb\",\"itemListElement\":[{\"@type\":\"ListItem\",\"position\":1,\"name\":\"Home\",\"item\":\"https:\\\/\\\/www.deleurope.com\\\/nl\\\/\"},{\"@type\":\"ListItem\",\"position\":2,\"name\":\"Aanbiedingen &amp; pakketten\",\"item\":\"https:\\\/\\\/www.deleurope.com\\\/nl\\\/arrangementen\\\/\"},{\"@type\":\"ListItem\",\"position\":3,\"name\":\"VOOR ALLE KUNST- EN CULTUURLIEFHEBBERS\"}]},{\"@type\":\"WebSite\",\"@id\":\"https:\\\/\\\/www.deleurope.com\\\/nl\\\/#website\",\"url\":\"https:\\\/\\\/www.deleurope.com\\\/nl\\\/\",\"name\":\"De L&#039;Europe Amsterdam\",\"description\":\"Home of original Amsterdam luxury.\",\"potentialAction\":[{\"@type\":\"SearchAction\",\"target\":{\"@type\":\"EntryPoint\",\"urlTemplate\":\"https:\\\/\\\/www.deleurope.com\\\/nl\\\/?s={search_term_string}\"},\"query-input\":{\"@type\":\"PropertyValueSpecification\",\"valueRequired\":true,\"valueName\":\"search_term_string\"}}],\"inLanguage\":\"nl-NL\"}]}<\/script>\n<!-- \/ Yoast SEO plugin. -->","yoast_head_json":{"title":"VOOR ALLE KUNST- EN CULTUURLIEFHEBBERS - De L&#039;Europe Amsterdam","description":"Geniet van ons culturele Frans Hals arrangement, inclusief een exclusief verblijf van 2 nachten en kaartjes voor de tentoonstelling in het Rijksmuseum.","robots":{"index":"index","follow":"follow","max-snippet":"max-snippet:-1","max-image-preview":"max-image-preview:large","max-video-preview":"max-video-preview:-1"},"canonical":"https:\/\/www.deleurope.com\/nl\/arrangementen\/voor-alle-kunst-en-cultuurliefhebbers\/","og_locale":"nl_NL","og_type":"article","og_title":"VOOR ALLE KUNST- EN CULTUURLIEFHEBBERS - De L&#039;Europe Amsterdam","og_description":"Geniet van ons culturele Frans Hals arrangement, inclusief een exclusief verblijf van 2 nachten en kaartjes voor de tentoonstelling in het Rijksmuseum.","og_url":"https:\/\/www.deleurope.com\/nl\/arrangementen\/voor-alle-kunst-en-cultuurliefhebbers\/","og_site_name":"De L&#039;Europe Amsterdam","article_modified_time":"2024-03-07T14:55:54+00:00","og_image":[{"width":1680,"height":730,"url":"https:\/\/www.deleurope.com\/wp-content\/uploads\/2024\/01\/Rijksmuseum-Frans-Hals-Exhibition-2.jpg","type":"image\/jpeg"}],"twitter_card":"summary_large_image","twitter_misc":{"Geschatte leestijd":"2 minuten"},"schema":{"@context":"https:\/\/schema.org","@graph":[{"@type":"WebPage","@id":"https:\/\/www.deleurope.com\/nl\/arrangementen\/voor-alle-kunst-en-cultuurliefhebbers\/","url":"https:\/\/www.deleurope.com\/nl\/arrangementen\/voor-alle-kunst-en-cultuurliefhebbers\/","name":"VOOR ALLE KUNST- EN CULTUURLIEFHEBBERS - De L&#039;Europe Amsterdam","isPartOf":{"@id":"https:\/\/www.deleurope.com\/nl\/#website"},"primaryImageOfPage":{"@id":"https:\/\/www.deleurope.com\/nl\/arrangementen\/voor-alle-kunst-en-cultuurliefhebbers\/#primaryimage"},"image":{"@id":"https:\/\/www.deleurope.com\/nl\/arrangementen\/voor-alle-kunst-en-cultuurliefhebbers\/#primaryimage"},"thumbnailUrl":"https:\/\/www.deleurope.com\/wp-content\/uploads\/2024\/01\/Rijksmuseum-Frans-Hals-Exhibition-2.jpg","datePublished":"2024-01-15T11:34:12+00:00","dateModified":"2024-03-07T14:55:54+00:00","description":"Geniet van ons culturele Frans Hals arrangement, inclusief een exclusief verblijf van 2 nachten en kaartjes voor de tentoonstelling in het Rijksmuseum.","breadcrumb":{"@id":"https:\/\/www.deleurope.com\/nl\/arrangementen\/voor-alle-kunst-en-cultuurliefhebbers\/#breadcrumb"},"inLanguage":"nl-NL","potentialAction":[{"@type":"ReadAction","target":["https:\/\/www.deleurope.com\/nl\/arrangementen\/voor-alle-kunst-en-cultuurliefhebbers\/"]}]},{"@type":"ImageObject","inLanguage":"nl-NL","@id":"https:\/\/www.deleurope.com\/nl\/arrangementen\/voor-alle-kunst-en-cultuurliefhebbers\/#primaryimage","url":"https:\/\/www.deleurope.com\/wp-content\/uploads\/2024\/01\/Rijksmuseum-Frans-Hals-Exhibition-2.jpg","contentUrl":"https:\/\/www.deleurope.com\/wp-content\/uploads\/2024\/01\/Rijksmuseum-Frans-Hals-Exhibition-2.jpg","width":1680,"height":730},{"@type":"BreadcrumbList","@id":"https:\/\/www.deleurope.com\/nl\/arrangementen\/voor-alle-kunst-en-cultuurliefhebbers\/#breadcrumb","itemListElement":[{"@type":"ListItem","position":1,"name":"Home","item":"https:\/\/www.deleurope.com\/nl\/"},{"@type":"ListItem","position":2,"name":"Aanbiedingen &amp; pakketten","item":"https:\/\/www.deleurope.com\/nl\/arrangementen\/"},{"@type":"ListItem","position":3,"name":"VOOR ALLE KUNST- EN CULTUURLIEFHEBBERS"}]},{"@type":"WebSite","@id":"https:\/\/www.deleurope.com\/nl\/#website","url":"https:\/\/www.deleurope.com\/nl\/","name":"De L&#039;Europe Amsterdam","description":"Home of original Amsterdam luxury.","potentialAction":[{"@type":"SearchAction","target":{"@type":"EntryPoint","urlTemplate":"https:\/\/www.deleurope.com\/nl\/?s={search_term_string}"},"query-input":{"@type":"PropertyValueSpecification","valueRequired":true,"valueName":"search_term_string"}}],"inLanguage":"nl-NL"}]}},"featured_image_src":"https:\/\/www.deleurope.com\/wp-content\/uploads\/2024\/01\/Rijksmuseum-Frans-Hals-Exhibition-2-600x400.jpg","featured_image_src_square":"https:\/\/www.deleurope.com\/wp-content\/uploads\/2024\/01\/Rijksmuseum-Frans-Hals-Exhibition-2-600x600.jpg","_links":{"self":[{"href":"https:\/\/www.deleurope.com\/nl\/wp-json\/wp\/v2\/pages\/2815","targetHints":{"allow":["GET"]}}],"collection":[{"href":"https:\/\/www.deleurope.com\/nl\/wp-json\/wp\/v2\/pages"}],"about":[{"href":"https:\/\/www.deleurope.com\/nl\/wp-json\/wp\/v2\/types\/page"}],"author":[{"embeddable":true,"href":"https:\/\/www.deleurope.com\/nl\/wp-json\/wp\/v2\/users\/17"}],"replies":[{"embeddable":true,"href":"https:\/\/www.deleurope.com\/nl\/wp-json\/wp\/v2\/comments?post=2815"}],"version-history":[{"count":0,"href":"https:\/\/www.deleurope.com\/nl\/wp-json\/wp\/v2\/pages\/2815\/revisions"}],"up":[{"embeddable":true,"href":"https:\/\/www.deleurope.com\/nl\/wp-json\/wp\/v2\/pages\/2781"}],"wp:featuredmedia":[{"embeddable":true,"href":"https:\/\/www.deleurope.com\/nl\/wp-json\/wp\/v2\/media\/2818"}],"wp:attachment":[{"href":"https:\/\/www.deleurope.com\/nl\/wp-json\/wp\/v2\/media?parent=2815"}],"curies":[{"name":"wp","href":"https:\/\/api.w.org\/{rel}","templated":true}]}}