{"id":3581,"date":"2024-01-15T13:04:55","date_gmt":"2024-01-15T13:04:55","guid":{"rendered":"https:\/\/www.deleurope.com\/accommodatie\/privesuite\/"},"modified":"2024-05-14T16:00:11","modified_gmt":"2024-05-14T16:00:11","slug":"salle-privee-suite","status":"publish","type":"page","link":"https:\/\/www.deleurope.com\/nl\/accommodatie\/salle-privee-suite\/","title":{"rendered":"Salle Priv\u00e9 Suite"},"content":{"rendered":"\n<div class=\"wp-block-columns is-layout-flex wp-container-core-columns-is-layout-9d6595d7 wp-block-columns-is-layout-flex\">\n<div class=\"wp-block-column description-and-button is-layout-flow wp-block-column-is-layout-flow\">\n<p class=\"has-text-align-center rooms-description-white-box has-large-font-size\">Dompel onder in de wereld van het luxe design- en parfumhuis tijdens een verblijf in de SALLE PRIV\u00c9E Suite. Tijdloosheid en nostalgie komen samen in deze zorgvuldig uitgebalanceerde ruimte, waar reflectie, strakke lijnen, mid-century design, kunst en levendige kleuren samenkomen.<\/p>\n\n\n\n<div class=\"wp-block-buttons is-content-justification-center is-layout-flex wp-container-core-buttons-is-layout-16018d1d wp-block-buttons-is-layout-flex\">\n<div class=\"wp-block-button\"><a class=\"wp-block-button__link has-central-palette-7-color has-central-palette-1-background-color has-text-color has-background wp-element-button\" href=\"#\/booking\/step-1?room=AHS\" style=\"border-radius:0px\">BOEK NU<\/a><\/div>\n<\/div>\n<\/div>\n<\/div>\n\n<div class=\"wp-block-columns gallery-with-caption is-layout-flex wp-container-core-columns-is-layout-9d6595d7 wp-block-columns-is-layout-flex\">\n<div class=\"wp-block-column is-layout-flow wp-block-column-is-layout-flow\">\n<div class=\"wp-block-columns text-on-left wrap-2-columns eat-and-drink-cards top-border is-layout-flex wp-container-core-columns-is-layout-9d6595d7 wp-block-columns-is-layout-flex\" id=\"graziella\">\n<div class=\"wp-block-column is-vertically-aligned-center middle-align is-layout-flow wp-block-column-is-layout-flow\" style=\"flex-basis:50%\">\n<h2 class=\"wp-block-heading has-text-align-center has-extra-large-font-size\" style=\"text-transform:capitalize\">In-Suite Experience<\/h2>\n\n\n\n<div class=\"wp-block-group\"><div class=\"wp-block-group__inner-container is-layout-constrained wp-block-group-is-layout-constrained\">\n<p class=\"has-text-align-center\">Ervaar luxe op zijn best in de SALLE PRIV\u00c9E Suite, waar elk detail is ontworpen om je zintuigen te verwennen. Bij het betreden van dit luxe toevluchtsoord word je begroet door een verscheidenheid aan geuren die elk hun eigen sfeer cre\u00ebren. . Maak een reis langs alle geuren van SALLE PRIV\u00c9E, elk doordrenkt met elegantie en allure. Om je ervaring te verrijken, heeft SALLE PRIV\u00c9E muziekafspeellijsten samengesteld die perfect passen bij elke geur, waardoor je volledig wordt ondergedompeld in ontspanning. En wanneer het tijd is om afscheid te nemen, zorgen we ervoor dat de magie blijft voortleven door je een volledige fles van je favoriete SALLE PRIV\u00c9E geur mee naar huis te geven.<\/p>\n<\/div><\/div>\n<\/div>\n\n\n\n<div class=\"wp-block-column slider-wrap padding-left-md is-layout-flow wp-block-column-is-layout-flow\" style=\"flex-basis:50%\">\n<figure class=\"wp-block-image size-large\"><img loading=\"lazy\" decoding=\"async\" width=\"800\" height=\"600\" src=\"https:\/\/www.deleurope.com\/wp-content\/uploads\/2024\/05\/Salle-Privee-Suite-5-800x600.jpg\" alt=\"Salle Priv&#xE9; Suite - De L'Europe Amsterdam\" class=\"wp-image-4758\" style=\"aspect-ratio:4\/3;object-fit:cover\" srcset=\"https:\/\/www.deleurope.com\/wp-content\/uploads\/2024\/05\/Salle-Privee-Suite-5-800x600.jpg 800w, https:\/\/www.deleurope.com\/wp-content\/uploads\/2024\/05\/Salle-Privee-Suite-5-400x300.jpg 400w\" sizes=\"auto, (max-width: 800px) 100vw, 800px\" \/><\/figure>\n<\/div>\n<\/div>\n\n\n\n<div class=\"wp-block-columns columns_slider_text wrap-2-columns eat-and-drink-cards is-layout-flex wp-container-core-columns-is-layout-9d6595d7 wp-block-columns-is-layout-flex\" id=\"flore\">\n<div class=\"wp-block-column slider-wrap is-layout-flow wp-block-column-is-layout-flow\" style=\"flex-basis:50%\">\n<figure class=\"wp-block-image size-large\"><img loading=\"lazy\" decoding=\"async\" width=\"800\" height=\"600\" src=\"https:\/\/www.deleurope.com\/wp-content\/uploads\/2024\/05\/Salle-Privee-Suite-7-800x600.jpg\" alt=\"Salle Priv&#xE9; Suite - De L'Europe Amsterdam\" class=\"wp-image-4763\" style=\"aspect-ratio:4\/3;object-fit:cover\" srcset=\"https:\/\/www.deleurope.com\/wp-content\/uploads\/2024\/05\/Salle-Privee-Suite-7-800x600.jpg 800w, https:\/\/www.deleurope.com\/wp-content\/uploads\/2024\/05\/Salle-Privee-Suite-7-400x300.jpg 400w\" sizes=\"auto, (max-width: 800px) 100vw, 800px\" \/><\/figure>\n<\/div>\n\n\n\n<div class=\"wp-block-column is-vertically-aligned-center middle-align is-layout-flow wp-block-column-is-layout-flow\" style=\"flex-basis:50%\">\n<h2 class=\"wp-block-heading has-text-align-center has-extra-large-font-size\" style=\"text-transform:capitalize\">Out-suite ervaring<\/h2>\n\n\n\n<div class=\"wp-block-group\"><div class=\"wp-block-group__inner-container is-layout-constrained wp-block-group-is-layout-constrained\">\n<p class=\"has-text-align-center\">Geniet van een geurende reis door een bezoek te brengen aan de SALLE PRIV\u00c9E boetiek in Amsterdam Zuid, gelegen aan de Jacob Obrechtstraat 19A, waar SALLE PRIV\u00c9E speciaal voor jou een unieke geurbeleving kan samenstellen. Het deskundige personeel van SALLE PRIV\u00c9E staat klaar om je door onze &#8216;garderobe van parfums&#8217; te leiden en je te helpen de perfecte geur te ontdekken die past bij jouw individuele smaak en voorkeuren. Laat je onderdompelen in de wereld van SALLE PRIV\u00c9E en laat ons een zintuiglijk avontuur op maat samenstellen dat de ideale geur voor jouw kenmerkende stijl zal onthullen. Bij SALLE PRIV\u00c9E is parfum nauw verbonden met emotioneel comfort en zelfvertrouwen. Ze geloven dat een parfumcollectie een verzameling van diverse momenten en stemmingen vertegenwoordigt.<\/p>\n<\/div><\/div>\n<\/div>\n<\/div>\n\n\n\n<div class=\"wp-block-carousel-slider-slider full-width-carousel\"><div class=\"carousel-slider-outer carousel-slider-outer-image-carousel carousel-slider-outer-1252\" style=\"--carousel-slider-nav-color:#f1f1f1;--carousel-slider-active-nav-color:#00d1b2;--carousel-slider-arrow-size:48px;--carousel-slider-bullet-size:10px\">\n<div id=\"&#039;id-1252\" class=\"carousel-slider carousel-slider-1252 arrows-visibility-hover dots-visibility-never arrows-outside dots-center dots-circle owl-carousel\" data-slide-type=\"image-carousel\" data-owl-settings='{\"nav\":true,\"dots\":false,\"slideBy\":1,\"stagePadding\":0,\"margin\":10,\"loop\":true,\"lazyLoad\":false,\"autoplay\":true,\"autoplayTimeout\":5000,\"autoplaySpeed\":500,\"autoplayHoverPause\":true,\"autoWidth\":false,\"items\":1}'>\n<div class=\"carousel-slider__item\">\n\t<img loading=\"lazy\" decoding=\"async\" width=\"1680\" height=\"820\" src=\"https:\/\/www.deleurope.com\/wp-content\/uploads\/2024\/01\/Salle-Privee-Suite-De-Leurope-Amsterdam-5-1680x820.jpg\" class=\"attachment-gallery-single-room size-gallery-single-room\" alt=\"Salle Priv\u00e9e Suite - &#039;t Huys - De L&#039;Europe Amsterdam\" \/><\/a><\/div>\n\n<div class=\"carousel-slider__item\">\n\t<img loading=\"lazy\" decoding=\"async\" width=\"1680\" height=\"820\" src=\"https:\/\/www.deleurope.com\/wp-content\/uploads\/2024\/01\/Salle-Privee-Suite-De-Leurope-Amsterdam-4-1680x820.jpg\" class=\"attachment-gallery-single-room size-gallery-single-room\" alt=\"Salle Priv\u00e9e Suite - Bedroom - De L&#039;Europe Amsterdam\" \/><\/a><\/div>\n\n<div class=\"carousel-slider__item\">\n\t<img loading=\"lazy\" decoding=\"async\" width=\"1500\" height=\"820\" src=\"https:\/\/www.deleurope.com\/wp-content\/uploads\/2024\/05\/Sisters-Janssen-Suite-De-Leurope-Amsterdam-1-1500x820.jpg\" class=\"attachment-gallery-single-room size-gallery-single-room\" alt=\"\u2019t Huys bathroom featuring a luxurious bathtub and a double sink vanity with modern fixtures.\" \/><\/a><\/div>\n\n<\/div><!-- .carousel-slider-1252 -->\n<\/div><!-- .carousel-slider-outer-1252 -->\n<\/div>\n<\/div>\n<\/div>\n\n<div class=\"wp-block-columns image_left_text_bg_right wrap-2-columns is-layout-flex wp-container-core-columns-is-layout-9d6595d7 wp-block-columns-is-layout-flex\">\n<div class=\"wp-block-column slider-wrap is-layout-flow wp-block-column-is-layout-flow\" style=\"flex-basis:50%\">\n<figure class=\"wp-block-image size-full hide-on-mobile\"><img loading=\"lazy\" decoding=\"async\" width=\"2000\" height=\"1333\" src=\"https:\/\/www.deleurope.com\/wp-content\/uploads\/2024\/05\/Salle-Privee-Suite-Secundair-1.jpg\" alt=\"Salle Priv&#xE9; Suite - De L'Europe Amsterdam\" class=\"wp-image-4769\" srcset=\"https:\/\/www.deleurope.com\/wp-content\/uploads\/2024\/05\/Salle-Privee-Suite-Secundair-1.jpg 2000w, https:\/\/www.deleurope.com\/wp-content\/uploads\/2024\/05\/Salle-Privee-Suite-Secundair-1-768x512.jpg 768w, https:\/\/www.deleurope.com\/wp-content\/uploads\/2024\/05\/Salle-Privee-Suite-Secundair-1-1536x1024.jpg 1536w, https:\/\/www.deleurope.com\/wp-content\/uploads\/2024\/05\/Salle-Privee-Suite-Secundair-1-600x400.jpg 600w\" sizes=\"auto, (max-width: 2000px) 100vw, 2000px\" \/><\/figure>\n<\/div>\n\n\n\n<div class=\"wp-block-column is-vertically-aligned-center middle-align is-layout-flow wp-block-column-is-layout-flow\" style=\"flex-basis:50%\">\n<div class=\"wp-block-columns is-layout-flex wp-container-core-columns-is-layout-9d6595d7 wp-block-columns-is-layout-flex\">\n<div class=\"wp-block-column has-central-palette-4-background-color has-background is-layout-flow wp-block-column-is-layout-flow\">\n<h2 class=\"wp-block-heading has-text-align-center has-extra-large-font-size\">Room Amenities<\/h2>\n\n\n\n<ul class=\"wp-block-list\">\n<li>40 &#8211; 50 m2<\/li>\n\n\n\n<li>100% natuurlijk COCO-MAT matras en bed<\/li>\n\n\n\n<li>Luxe donzen beddengoed met verschillende kussenkeuzes<\/li>\n\n\n\n<li>Satijnen beddengoed met 400 garen<\/li>\n\n\n\n<li>Pluche badstof handdoeken en badjassen<\/li>\n\n\n\n<li>Badkamervoorzieningen van Diptyque<\/li>\n\n\n\n<li>Twee keer per dag schoonmaakservice<\/li>\n\n\n\n<li>Nespresso\u00ae-koffiezetapparaat met gratis pods en een gevulde koelkast op de kamer<\/li>\n\n\n\n<li>Dagelijks gratis gebotteld water<\/li>\n\n\n\n<li>Kluisje met laptopvriendelijk stopcontact<\/li>\n\n\n\n<li>Warme badkamervloeren<\/li>\n\n\n\n<li>Gratis snelle WiFi<\/li>\n<\/ul>\n<\/div>\n<\/div>\n<\/div>\n<\/div>\n\n<div class=\"wp-block-columns carousel-black-editable is-layout-flex wp-container-core-columns-is-layout-9d6595d7 wp-block-columns-is-layout-flex\">\n<div class=\"wp-block-column has-central-palette-1-background-color has-background is-layout-flow wp-block-column-is-layout-flow\">\n<h2 class=\"wp-block-heading has-text-align-center heading-ampersant big-space-bottom-top has-central-palette-7-color has-text-color has-extra-large-font-size\" style=\"text-transform:capitalize\">Verblijven in De L&#8217;Europe\u2026<\/h2>\n\n\n\n<div class=\"wp-block-carousel-slider-slider\"><div class=\"carousel-slider-outer carousel-slider-outer-hero-banner-slider carousel-slider-outer-777\" style=\"--carousel-slider-nav-color:#f1f1f1;--carousel-slider-active-nav-color:#00d1b2;--carousel-slider-arrow-size:48px;--carousel-slider-bullet-size:10px\">\n<div id=\"&#039;id-777\" class=\"carousel-slider carousel-slider-777 arrows-visibility-always dots-visibility-never arrows-outside dots-center dots-circle owl-carousel\" data-slide-type=\"hero-banner-slider\" data-owl-settings='{\"nav\":true,\"dots\":false,\"slideBy\":1,\"stagePadding\":0,\"margin\":80,\"loop\":false,\"lazyLoad\":false,\"autoplay\":false,\"autoplayTimeout\":5000,\"autoplaySpeed\":500,\"autoplayHoverPause\":false,\"autoWidth\":false,\"responsive\":{\"300\":{\"items\":1},\"576\":{\"items\":1},\"768\":{\"items\":1},\"1024\":{\"items\":1},\"1280\":{\"items\":2},\"1536\":{\"items\":2}}}' data-animation=\"\">\n<div class=\"carousel-slider-hero__cell hero__cell-1\" style=\"--cell-height: \"><div id=\"slide-item-777-1\" class=\"carousel-slider-hero__cell__background\" style=\"background-position:center center;background-size:cover;background-image:url(https:\/\/www.deleurope.com\/wp-content\/uploads\/2023\/10\/2.png);background-color:rgba(0,0,0,0.6)\"><\/div><div class=\"carousel-slider-hero__cell__inner carousel-slider--h-position-center carousel-slider--v-position-middle carousel-slider--text-center\" style=\"padding-top:1rem;padding-right:1rem;padding-bottom:1rem;padding-left:1rem\"><div class=\"carousel-slider-hero__cell__content hidden\" style=\"max-width:100%\" data-animation=\"\"><div class=\"carousel-slider-hero__cell__heading\" style=\"--cs-heading-font-size:40px;--cs-heading-gutter:30px;--cs-heading-color:#ffffff\">Your culinary hub<\/div><div class=\"carousel-slider-hero__cell__description\" style=\"--cs-description-font-size:20px;--cs-description-gutter:30px;--cs-description-color:#ffffff\">Three of the city's finest restaurants under one roof: Michelin-starred restaurant Flore, brasserie Marie, and trattoria Graziella.<\/div><div class=\"carousel-slider-hero__cell__buttons\"><span class=\"carousel-slider-hero__cell__button__one\" style=\"--cs-button-bg-color:#ffffff;--cs-button-color:#323232;--cs-button-border-width:3px;--cs-button-border-radius:0px\"><a class=\"button cs-hero-button cs-hero-button-1-1 cs-hero-button-stroke cs-hero-button-medium\" href=\"https:\/\/www.deleurope.com\/restaurants\/\" target=\"_self\">Read more<\/a><\/span><\/div><\/div><\/div><\/div>\n<div class=\"carousel-slider-hero__cell hero__cell-2\" style=\"--cell-height: \"><div id=\"slide-item-777-2\" class=\"carousel-slider-hero__cell__background\" style=\"background-position:center center;background-size:cover;background-image:url(https:\/\/www.deleurope.com\/wp-content\/uploads\/2025\/11\/De-LEurope-Amsterdam-Biologique-Recherche-2-3-1.png);background-color:rgba(0,0,0,0.6)\"><\/div><div class=\"carousel-slider-hero__cell__inner carousel-slider--h-position-center carousel-slider--v-position-middle carousel-slider--text-center\" style=\"padding-top:1rem;padding-right:1rem;padding-bottom:1rem;padding-left:1rem\"><div class=\"carousel-slider-hero__cell__background_overlay\" style=\"background-color: rgba(0,0,0,0.35);\"><\/div><div class=\"carousel-slider-hero__cell__content hidden\" style=\"max-width:100%\" data-animation=\"\"><div class=\"carousel-slider-hero__cell__heading\" style=\"--cs-heading-font-size:40px;--cs-heading-gutter:30px;--cs-heading-color:#ffffff\">Mind &amp; Body<\/div><div class=\"carousel-slider-hero__cell__description\" style=\"--cs-description-font-size:20px;--cs-description-gutter:30px;--cs-description-color:#ffffff\">Indulge in pampering by our wellness team and experience a range of luxurious treatments and exquisite skincare services.<\/div><div class=\"carousel-slider-hero__cell__buttons\"><span class=\"carousel-slider-hero__cell__button__one\" style=\"--cs-button-bg-color:#ffffff;--cs-button-color:#323232;--cs-button-border-width:3px;--cs-button-border-radius:0px\"><a class=\"button cs-hero-button cs-hero-button-2-1 cs-hero-button-stroke cs-hero-button-medium\" href=\"https:\/\/www.deleurope.com\/spa-wellness\/\" target=\"_self\">Read more<\/a><\/span><\/div><\/div><\/div><\/div>\n<div class=\"carousel-slider-hero__cell hero__cell-3\" style=\"--cell-height: \"><div id=\"slide-item-777-3\" class=\"carousel-slider-hero__cell__background\" style=\"background-position:center center;background-size:cover;background-image:url(https:\/\/www.deleurope.com\/wp-content\/uploads\/2024\/11\/Wine-Cellar-1.jpg);background-color:rgba(0,0,0,0.6)\"><\/div><div class=\"carousel-slider-hero__cell__inner carousel-slider--h-position-center carousel-slider--v-position-middle carousel-slider--text-center\" style=\"padding-top:1rem;padding-right:1rem;padding-bottom:1rem;padding-left:1rem\"><div class=\"carousel-slider-hero__cell__content hidden\" style=\"max-width:100%\" data-animation=\"\"><div class=\"carousel-slider-hero__cell__heading\" style=\"--cs-heading-font-size:40px;--cs-heading-gutter:30px;--cs-heading-color:#ffffff\">Wine Tastings<\/div><div class=\"carousel-slider-hero__cell__description\" style=\"--cs-description-font-size:20px;--cs-description-gutter:30px;--cs-description-color:#ffffff\">Step into a world of refined luxury with our exclusive private wine tasting &amp; cellar experience.<\/div><div class=\"carousel-slider-hero__cell__buttons\"><span class=\"carousel-slider-hero__cell__button__one\" style=\"--cs-button-bg-color:#ffffff;--cs-button-color:#323232;--cs-button-border-width:3px;--cs-button-border-radius:0px\"><a class=\"button cs-hero-button cs-hero-button-3-1 cs-hero-button-stroke cs-hero-button-medium\" href=\"https:\/\/www.deleurope.com\/restaurants\/wine-experience\/\" target=\"_self\">SEE MORE<\/a><\/span><\/div><\/div><\/div><\/div>\n<div class=\"carousel-slider-hero__cell hero__cell-4\" style=\"--cell-height: \"><div id=\"slide-item-777-4\" class=\"carousel-slider-hero__cell__background\" style=\"background-position:center center;background-size:cover;background-image:url(https:\/\/www.deleurope.com\/wp-content\/uploads\/2025\/10\/Afternoon-Tea-De-LEurope.png);background-color:rgba(0,0,0,0.6)\"><\/div><div class=\"carousel-slider-hero__cell__inner carousel-slider--h-position-center carousel-slider--v-position-middle carousel-slider--text-center\" style=\"padding-top:1rem;padding-right:1rem;padding-bottom:1rem;padding-left:1rem\"><div class=\"carousel-slider-hero__cell__content hidden\" style=\"max-width:100%\" data-animation=\"\"><div class=\"carousel-slider-hero__cell__heading\" style=\"--cs-heading-font-size:40px;--cs-heading-gutter:30px;--cs-heading-color:#ffffff\">Afternoon Tea<\/div><div class=\"carousel-slider-hero__cell__description\" style=\"--cs-description-font-size:20px;--cs-description-gutter:30px;--cs-description-color:#ffffff\">Indulge in a refined selection of sandwiches, artisan pastries, and sweets, expertly crafted by our pastry chefs.<\/div><div class=\"carousel-slider-hero__cell__buttons\"><span class=\"carousel-slider-hero__cell__button__one\" style=\"--cs-button-bg-color:#ffffff;--cs-button-color:#323232;--cs-button-border-width:3px;--cs-button-border-radius:0px\"><a class=\"button cs-hero-button cs-hero-button-4-1 cs-hero-button-stroke cs-hero-button-medium\" href=\"https:\/\/www.deleurope.com\/restaurants\/high-tea\/\" target=\"_self\">SEE MORE<\/a><\/span><\/div><\/div><\/div><\/div>\n<\/div><!-- .carousel-slider-777 -->\n<\/div><!-- .carousel-slider-outer-777 -->\n<\/div>\n<\/div>\n<\/div>\n\n<div class=\"wp-block-columns special-request is-layout-flex wp-container-core-columns-is-layout-9d6595d7 wp-block-columns-is-layout-flex\">\n<div class=\"wp-block-column has-central-palette-11-background-color has-background is-layout-flow wp-block-column-is-layout-flow\">\n<h2 class=\"wp-block-heading has-text-align-center has-extra-large-font-size\">Speciaal verzoek<\/h2>\n\n\n\n<p class=\"has-text-align-center\">Graag assisteren we je bij je speciale verzoek. Uw comfort staat voorop, en we kijken ernaar uit om te zorgen voor een aangename ervaring voor u.<\/p>\n\n\n\n<div class=\"wp-block-buttons is-content-justification-center is-layout-flex wp-container-core-buttons-is-layout-16018d1d wp-block-buttons-is-layout-flex\">\n<div class=\"wp-block-button is-style-outline not-italic is-style-outline--1\" style=\"text-transform:uppercase\"><a class=\"wp-block-button__link wp-element-button\" href=\"mailto:reservations@deleurope.com\" style=\"border-radius:0px\" target=\"_blank\" rel=\"noreferrer noopener\">INFORMATIE AANVRAGEN<\/a><\/div>\n<\/div>\n<\/div>\n<\/div>\n","protected":false},"excerpt":{"rendered":"<p>Dompel onder in de wereld van het luxe design- en parfumhuis tijdens een verblijf in de SALLE PRIV\u00c9E Suite. Tijdloosheid en nostalgie komen samen in deze zorgvuldig uitgebalanceerde ruimte, waar reflectie, strakke lijnen, mid-century design, kunst en levendige kleuren samenkomen. In-Suite Experience Ervaar luxe op zijn best in de SALLE PRIV\u00c9E Suite, waar elk detail [&hellip;]<\/p>\n","protected":false},"author":2,"featured_media":2760,"parent":2749,"menu_order":5,"comment_status":"closed","ping_status":"closed","template":"single-room-template.php","meta":{"_acf_changed":false,"footnotes":""},"class_list":["post-3581","page","type-page","status-publish","has-post-thumbnail","hentry"],"acf":[],"yoast_head":"<!-- This site is optimized with the Yoast SEO plugin v27.3 - https:\/\/yoast.com\/product\/yoast-seo-wordpress\/ -->\n<title>Salle Priv\u00e9 Suite - De L&#039;Europe Amsterdam<\/title>\n<meta name=\"description\" content=\"Dompel onder in de wereld van het luxe design- en parfumhuis tijdens een verblijf in de SALLE PRIV\u00c9E Suite.\" \/>\n<meta name=\"robots\" content=\"index, follow, max-snippet:-1, max-image-preview:large, max-video-preview:-1\" \/>\n<link rel=\"canonical\" href=\"https:\/\/www.deleurope.com\/nl\/accommodatie\/salle-privee-suite\/\" \/>\n<meta property=\"og:locale\" content=\"nl_NL\" \/>\n<meta property=\"og:type\" content=\"article\" \/>\n<meta property=\"og:title\" content=\"Salle Priv\u00e9 Suite - De L&#039;Europe Amsterdam\" \/>\n<meta property=\"og:description\" content=\"Dompel onder in de wereld van het luxe design- en parfumhuis tijdens een verblijf in de SALLE PRIV\u00c9E Suite.\" \/>\n<meta property=\"og:url\" content=\"https:\/\/www.deleurope.com\/nl\/accommodatie\/salle-privee-suite\/\" \/>\n<meta property=\"og:site_name\" content=\"De L&#039;Europe Amsterdam\" \/>\n<meta property=\"article:modified_time\" content=\"2024-05-14T16:00:11+00:00\" \/>\n<meta property=\"og:image\" content=\"https:\/\/www.deleurope.com\/wp-content\/uploads\/2024\/01\/Salle-Privee-Suite-De-Leurope-Amsterdam-5.jpg\" \/>\n\t<meta property=\"og:image:width\" content=\"1680\" \/>\n\t<meta property=\"og:image:height\" content=\"1119\" \/>\n\t<meta property=\"og:image:type\" content=\"image\/jpeg\" \/>\n<meta name=\"twitter:card\" content=\"summary_large_image\" \/>\n<meta name=\"twitter:label1\" content=\"Geschatte leestijd\" \/>\n\t<meta name=\"twitter:data1\" content=\"7 minuten\" \/>\n<script type=\"application\/ld+json\" class=\"yoast-schema-graph\">{\"@context\":\"https:\\\/\\\/schema.org\",\"@graph\":[{\"@type\":\"WebPage\",\"@id\":\"https:\\\/\\\/www.deleurope.com\\\/nl\\\/accommodatie\\\/salle-privee-suite\\\/\",\"url\":\"https:\\\/\\\/www.deleurope.com\\\/nl\\\/accommodatie\\\/salle-privee-suite\\\/\",\"name\":\"Salle Priv\u00e9 Suite - De L&#039;Europe Amsterdam\",\"isPartOf\":{\"@id\":\"https:\\\/\\\/www.deleurope.com\\\/nl\\\/#website\"},\"primaryImageOfPage\":{\"@id\":\"https:\\\/\\\/www.deleurope.com\\\/nl\\\/accommodatie\\\/salle-privee-suite\\\/#primaryimage\"},\"image\":{\"@id\":\"https:\\\/\\\/www.deleurope.com\\\/nl\\\/accommodatie\\\/salle-privee-suite\\\/#primaryimage\"},\"thumbnailUrl\":\"https:\\\/\\\/www.deleurope.com\\\/wp-content\\\/uploads\\\/2024\\\/01\\\/Salle-Privee-Suite-De-Leurope-Amsterdam-5.jpg\",\"datePublished\":\"2024-01-15T13:04:55+00:00\",\"dateModified\":\"2024-05-14T16:00:11+00:00\",\"description\":\"Dompel onder in de wereld van het luxe design- en parfumhuis tijdens een verblijf in de SALLE PRIV\u00c9E Suite.\",\"breadcrumb\":{\"@id\":\"https:\\\/\\\/www.deleurope.com\\\/nl\\\/accommodatie\\\/salle-privee-suite\\\/#breadcrumb\"},\"inLanguage\":\"nl-NL\",\"potentialAction\":[{\"@type\":\"ReadAction\",\"target\":[\"https:\\\/\\\/www.deleurope.com\\\/nl\\\/accommodatie\\\/salle-privee-suite\\\/\"]}]},{\"@type\":\"ImageObject\",\"inLanguage\":\"nl-NL\",\"@id\":\"https:\\\/\\\/www.deleurope.com\\\/nl\\\/accommodatie\\\/salle-privee-suite\\\/#primaryimage\",\"url\":\"https:\\\/\\\/www.deleurope.com\\\/wp-content\\\/uploads\\\/2024\\\/01\\\/Salle-Privee-Suite-De-Leurope-Amsterdam-5.jpg\",\"contentUrl\":\"https:\\\/\\\/www.deleurope.com\\\/wp-content\\\/uploads\\\/2024\\\/01\\\/Salle-Privee-Suite-De-Leurope-Amsterdam-5.jpg\",\"width\":1680,\"height\":1119,\"caption\":\"Salle Priv\u00e9e Suite - De L'Europe Amsterdam\"},{\"@type\":\"BreadcrumbList\",\"@id\":\"https:\\\/\\\/www.deleurope.com\\\/nl\\\/accommodatie\\\/salle-privee-suite\\\/#breadcrumb\",\"itemListElement\":[{\"@type\":\"ListItem\",\"position\":1,\"name\":\"Home\",\"item\":\"https:\\\/\\\/www.deleurope.com\\\/nl\\\/\"},{\"@type\":\"ListItem\",\"position\":2,\"name\":\"Kamers &amp; Suites\",\"item\":\"https:\\\/\\\/www.deleurope.com\\\/nl\\\/accommodatie\\\/\"},{\"@type\":\"ListItem\",\"position\":3,\"name\":\"Salle Priv\u00e9 Suite\"}]},{\"@type\":\"WebSite\",\"@id\":\"https:\\\/\\\/www.deleurope.com\\\/nl\\\/#website\",\"url\":\"https:\\\/\\\/www.deleurope.com\\\/nl\\\/\",\"name\":\"De L&#039;Europe Amsterdam\",\"description\":\"Home of original Amsterdam luxury.\",\"potentialAction\":[{\"@type\":\"SearchAction\",\"target\":{\"@type\":\"EntryPoint\",\"urlTemplate\":\"https:\\\/\\\/www.deleurope.com\\\/nl\\\/?s={search_term_string}\"},\"query-input\":{\"@type\":\"PropertyValueSpecification\",\"valueRequired\":true,\"valueName\":\"search_term_string\"}}],\"inLanguage\":\"nl-NL\"}]}<\/script>\n<!-- \/ Yoast SEO plugin. -->","yoast_head_json":{"title":"Salle Priv\u00e9 Suite - De L&#039;Europe Amsterdam","description":"Dompel onder in de wereld van het luxe design- en parfumhuis tijdens een verblijf in de SALLE PRIV\u00c9E Suite.","robots":{"index":"index","follow":"follow","max-snippet":"max-snippet:-1","max-image-preview":"max-image-preview:large","max-video-preview":"max-video-preview:-1"},"canonical":"https:\/\/www.deleurope.com\/nl\/accommodatie\/salle-privee-suite\/","og_locale":"nl_NL","og_type":"article","og_title":"Salle Priv\u00e9 Suite - De L&#039;Europe Amsterdam","og_description":"Dompel onder in de wereld van het luxe design- en parfumhuis tijdens een verblijf in de SALLE PRIV\u00c9E Suite.","og_url":"https:\/\/www.deleurope.com\/nl\/accommodatie\/salle-privee-suite\/","og_site_name":"De L&#039;Europe Amsterdam","article_modified_time":"2024-05-14T16:00:11+00:00","og_image":[{"width":1680,"height":1119,"url":"https:\/\/www.deleurope.com\/wp-content\/uploads\/2024\/01\/Salle-Privee-Suite-De-Leurope-Amsterdam-5.jpg","type":"image\/jpeg"}],"twitter_card":"summary_large_image","twitter_misc":{"Geschatte leestijd":"7 minuten"},"schema":{"@context":"https:\/\/schema.org","@graph":[{"@type":"WebPage","@id":"https:\/\/www.deleurope.com\/nl\/accommodatie\/salle-privee-suite\/","url":"https:\/\/www.deleurope.com\/nl\/accommodatie\/salle-privee-suite\/","name":"Salle Priv\u00e9 Suite - De L&#039;Europe Amsterdam","isPartOf":{"@id":"https:\/\/www.deleurope.com\/nl\/#website"},"primaryImageOfPage":{"@id":"https:\/\/www.deleurope.com\/nl\/accommodatie\/salle-privee-suite\/#primaryimage"},"image":{"@id":"https:\/\/www.deleurope.com\/nl\/accommodatie\/salle-privee-suite\/#primaryimage"},"thumbnailUrl":"https:\/\/www.deleurope.com\/wp-content\/uploads\/2024\/01\/Salle-Privee-Suite-De-Leurope-Amsterdam-5.jpg","datePublished":"2024-01-15T13:04:55+00:00","dateModified":"2024-05-14T16:00:11+00:00","description":"Dompel onder in de wereld van het luxe design- en parfumhuis tijdens een verblijf in de SALLE PRIV\u00c9E Suite.","breadcrumb":{"@id":"https:\/\/www.deleurope.com\/nl\/accommodatie\/salle-privee-suite\/#breadcrumb"},"inLanguage":"nl-NL","potentialAction":[{"@type":"ReadAction","target":["https:\/\/www.deleurope.com\/nl\/accommodatie\/salle-privee-suite\/"]}]},{"@type":"ImageObject","inLanguage":"nl-NL","@id":"https:\/\/www.deleurope.com\/nl\/accommodatie\/salle-privee-suite\/#primaryimage","url":"https:\/\/www.deleurope.com\/wp-content\/uploads\/2024\/01\/Salle-Privee-Suite-De-Leurope-Amsterdam-5.jpg","contentUrl":"https:\/\/www.deleurope.com\/wp-content\/uploads\/2024\/01\/Salle-Privee-Suite-De-Leurope-Amsterdam-5.jpg","width":1680,"height":1119,"caption":"Salle Priv\u00e9e Suite - De L'Europe Amsterdam"},{"@type":"BreadcrumbList","@id":"https:\/\/www.deleurope.com\/nl\/accommodatie\/salle-privee-suite\/#breadcrumb","itemListElement":[{"@type":"ListItem","position":1,"name":"Home","item":"https:\/\/www.deleurope.com\/nl\/"},{"@type":"ListItem","position":2,"name":"Kamers &amp; Suites","item":"https:\/\/www.deleurope.com\/nl\/accommodatie\/"},{"@type":"ListItem","position":3,"name":"Salle Priv\u00e9 Suite"}]},{"@type":"WebSite","@id":"https:\/\/www.deleurope.com\/nl\/#website","url":"https:\/\/www.deleurope.com\/nl\/","name":"De L&#039;Europe Amsterdam","description":"Home of original Amsterdam luxury.","potentialAction":[{"@type":"SearchAction","target":{"@type":"EntryPoint","urlTemplate":"https:\/\/www.deleurope.com\/nl\/?s={search_term_string}"},"query-input":{"@type":"PropertyValueSpecification","valueRequired":true,"valueName":"search_term_string"}}],"inLanguage":"nl-NL"}]}},"featured_image_src":"https:\/\/www.deleurope.com\/wp-content\/uploads\/2024\/01\/Salle-Privee-Suite-De-Leurope-Amsterdam-5-600x400.jpg","featured_image_src_square":"https:\/\/www.deleurope.com\/wp-content\/uploads\/2024\/01\/Salle-Privee-Suite-De-Leurope-Amsterdam-5-600x600.jpg","_links":{"self":[{"href":"https:\/\/www.deleurope.com\/nl\/wp-json\/wp\/v2\/pages\/3581","targetHints":{"allow":["GET"]}}],"collection":[{"href":"https:\/\/www.deleurope.com\/nl\/wp-json\/wp\/v2\/pages"}],"about":[{"href":"https:\/\/www.deleurope.com\/nl\/wp-json\/wp\/v2\/types\/page"}],"author":[{"embeddable":true,"href":"https:\/\/www.deleurope.com\/nl\/wp-json\/wp\/v2\/users\/2"}],"replies":[{"embeddable":true,"href":"https:\/\/www.deleurope.com\/nl\/wp-json\/wp\/v2\/comments?post=3581"}],"version-history":[{"count":0,"href":"https:\/\/www.deleurope.com\/nl\/wp-json\/wp\/v2\/pages\/3581\/revisions"}],"up":[{"embeddable":true,"href":"https:\/\/www.deleurope.com\/nl\/wp-json\/wp\/v2\/pages\/2749"}],"wp:featuredmedia":[{"embeddable":true,"href":"https:\/\/www.deleurope.com\/nl\/wp-json\/wp\/v2\/media\/2760"}],"wp:attachment":[{"href":"https:\/\/www.deleurope.com\/nl\/wp-json\/wp\/v2\/media?parent=3581"}],"curies":[{"name":"wp","href":"https:\/\/api.w.org\/{rel}","templated":true}]}}